{"id":12580,"date":"2018-09-05T08:09:12","date_gmt":"2018-09-05T08:09:12","guid":{"rendered":"https:\/\/template2.orthopediste-lausanne.ch\/arthrose-de-la-hanche\/"},"modified":"2026-03-18T07:54:28","modified_gmt":"2026-03-18T07:54:28","slug":"hip-osteoarthritis","status":"publish","type":"page","link":"https:\/\/template2.orthopediste-lausanne.ch\/en\/hip-osteoarthritis\/","title":{"rendered":"Hip osteoarthritis"},"content":{"rendered":"\t\t<div data-elementor-type=\"wp-page\" data-elementor-id=\"12580\" class=\"elementor elementor-12580\" data-elementor-post-type=\"page\">\n\t\t\t\t        <section class=\"elementor-section elementor-top-section elementor-element elementor-element-afeb4a2 elementor-section-stretched elementor-section-boxed elementor-section-height-default elementor-section-height-default pxl-row-scroll-none pxl-zoom-point-false pxl-section-overflow-visible pxl-section-fix-none pxl-bg-color-none pxl-section-overlay-none\" data-id=\"afeb4a2\" data-element_type=\"section\" data-e-type=\"section\" data-settings=\"{&quot;stretch_section&quot;:&quot;section-stretched&quot;}\">\n\n                \n                <div class=\"elementor-container elementor-column-gap-extended \">\n                <div class=\"elementor-column elementor-col-100 elementor-top-column elementor-element elementor-element-5f34add pxl-column-none\" data-id=\"5f34add\" data-element_type=\"column\" data-e-type=\"column\" data-settings=\"{&quot;background_background&quot;:&quot;classic&quot;}\">\r\n        <div class=\"elementor-widget-wrap elementor-element-populated\">\r\n                                <div class=\"elementor-background-overlay\"><\/div>\r\n         \r\n                <section class=\"elementor-section elementor-inner-section elementor-element elementor-element-c1456d8 elementor-section-content-bottom elementor-section-boxed elementor-section-height-default elementor-section-height-default pxl-row-scroll-none pxl-zoom-point-false pxl-section-overflow-visible pxl-section-fix-none pxl-bg-color-none pxl-section-overlay-none\" data-id=\"c1456d8\" data-element_type=\"section\" data-e-type=\"section\">\n\n                \n                <div class=\"elementor-container elementor-column-gap-extended \">\n                <div class=\"elementor-column elementor-col-50 elementor-inner-column elementor-element elementor-element-7408779 pxl-column-none pxl-column-overflow-hidden-no\" data-id=\"7408779\" data-element_type=\"column\" data-e-type=\"column\">\r\n        <div class=\"elementor-widget-wrap elementor-element-populated\">\r\n                     \r\n        \t\t<div class=\"elementor-element elementor-element-fa5a1a1 elementor-widget__width-auto elementor-widget elementor-widget-pxl_breadcrumb\" data-id=\"fa5a1a1\" data-element_type=\"widget\" data-e-type=\"widget\" data-widget_type=\"pxl_breadcrumb.default\">\n\t\t\t\t<div class=\"elementor-widget-container\">\n\t\t\t\t\t<div class=\"pxl-breadcrumb-wrap\">\n\t<ul class=\"pxl-breadcrumb\"><li><span class=\"breadcrumb-entry\">Accueil<\/span><\/li><\/ul><\/div>\t\t\t\t<\/div>\n\t\t\t\t<\/div>\n\t\t            <\/div>\r\n        <\/div>\r\n                <div class=\"elementor-column elementor-col-50 elementor-inner-column elementor-element elementor-element-b52e9e6 elementor-hidden-desktop elementor-hidden-tablet elementor-hidden-mobile pxl-column-none pxl-column-overflow-hidden-no\" data-id=\"b52e9e6\" data-element_type=\"column\" data-e-type=\"column\">\r\n        <div class=\"elementor-widget-wrap\">\r\n                     \r\n                    <\/div>\r\n        <\/div>\r\n        \t\t\t<\/div>\n\t\t<\/section>\n\t\t            <\/div>\r\n        <\/div>\r\n        \t\t\t<\/div>\n\t\t<\/section>\n\t\t        <section class=\"elementor-section elementor-top-section elementor-element elementor-element-43908ab2 elementor-section-stretched section_1 elementor-section-boxed elementor-section-height-default elementor-section-height-default pxl-row-scroll-none pxl-zoom-point-false pxl-section-overflow-visible pxl-section-fix-none pxl-bg-color-none pxl-section-overlay-none\" data-id=\"43908ab2\" data-element_type=\"section\" data-e-type=\"section\" data-settings=\"{&quot;stretch_section&quot;:&quot;section-stretched&quot;,&quot;background_background&quot;:&quot;classic&quot;}\">\n\n                \n                <div class=\"elementor-container elementor-column-gap-extended \">\n                <div class=\"elementor-column elementor-col-100 elementor-top-column elementor-element elementor-element-13dc1100 pxl-column-none\" data-id=\"13dc1100\" data-element_type=\"column\" data-e-type=\"column\" data-settings=\"{&quot;background_background&quot;:&quot;gradient&quot;}\">\r\n        <div class=\"elementor-widget-wrap elementor-element-populated\">\r\n                                <div class=\"elementor-background-overlay\"><\/div>\r\n         \r\n                <section class=\"elementor-section elementor-inner-section elementor-element elementor-element-a3f6f83 elementor-section-content-bottom section_2 elementor-section-boxed elementor-section-height-default elementor-section-height-default pxl-row-scroll-none pxl-zoom-point-false pxl-section-overflow-visible pxl-section-fix-none pxl-bg-color-none pxl-section-overlay-none\" data-id=\"a3f6f83\" data-element_type=\"section\" data-e-type=\"section\">\n\n                \n                <div class=\"elementor-container elementor-column-gap-extended \">\n                <div class=\"elementor-column elementor-col-50 elementor-inner-column elementor-element elementor-element-1197ce96 pxl-column-none pxl-column-overflow-hidden-no\" data-id=\"1197ce96\" data-element_type=\"column\" data-e-type=\"column\">\r\n        <div class=\"elementor-widget-wrap elementor-element-populated\">\r\n                     \r\n        \t\t<div class=\"elementor-element elementor-element-32e5ebbb elementor-widget__width-auto elementor-widget elementor-widget-pxl_heading\" data-id=\"32e5ebbb\" data-element_type=\"widget\" data-e-type=\"widget\" data-widget_type=\"pxl_heading.default\">\n\t\t\t\t<div class=\"elementor-widget-container\">\n\t\t\t\t\t\n<div id=\"pxl-pxl_heading-32e5ebbb-1419\" class=\"pxl-heading px-sub-title-default-style \">\n\t<div class=\"pxl-heading--inner\">\n\t\t\n\t\t<h1 class=\"pxl-item--title style-default  highlight-default \" data-wow-delay=\"ms\">\n\t\t\t\t\tArthrose de la hanche\t\n\t\t\t\n\t\t<\/h1>\n\t\t\n\t<\/div>\n<\/div>\t\t\t\t<\/div>\n\t\t\t\t<\/div>\n\t\t            <\/div>\r\n        <\/div>\r\n                <div class=\"elementor-column elementor-col-50 elementor-inner-column elementor-element elementor-element-78675f63 pxl-column-none pxl-column-overflow-hidden-no\" data-id=\"78675f63\" data-element_type=\"column\" data-e-type=\"column\">\r\n        <div class=\"elementor-widget-wrap elementor-element-populated\">\r\n                     \r\n        \t\t<div class=\"elementor-element elementor-element-6a937dfe Zone_anatomique elementor-hidden-desktop elementor-hidden-tablet elementor-hidden-mobile elementor-widget elementor-widget-pxl_text_editor\" data-id=\"6a937dfe\" data-element_type=\"widget\" data-e-type=\"widget\" data-widget_type=\"pxl_text_editor.default\">\n\t\t\t\t<div class=\"elementor-widget-container\">\n\t\t\t\t\t<div class=\"pxl-text-editor default\">\n\t<div class=\"pxl-item--inner  ft-gt\" data-wow-delay=\"ms\">\n\t\t<p>Hanche<\/p>\t\t\n\t<\/div>\n<\/div>\t\t\t\t<\/div>\n\t\t\t\t<\/div>\n\t\t            <\/div>\r\n        <\/div>\r\n        \t\t\t<\/div>\n\t\t<\/section>\n\t\t            <\/div>\r\n        <\/div>\r\n        \t\t\t<\/div>\n\t\t<\/section>\n\t\t        <section class=\"elementor-section elementor-top-section elementor-element elementor-element-74781b20 elementor-section-stretched pxl-row-scroll-fixed section_4 elementor-section-boxed elementor-section-height-default elementor-section-height-default pxl-zoom-point-false pxl-section-overflow-visible pxl-section-fix-none pxl-bg-color-none pxl-section-overlay-none\" data-id=\"74781b20\" data-element_type=\"section\" data-e-type=\"section\" data-settings=\"{&quot;stretch_section&quot;:&quot;section-stretched&quot;,&quot;background_background&quot;:&quot;classic&quot;}\">\n\n                \n                <div class=\"elementor-container elementor-column-gap-extended \">\n                <div class=\"elementor-column elementor-col-50 elementor-top-column elementor-element elementor-element-2a25e33b pxl-column-none pxl-column-overflow-hidden-no\" data-id=\"2a25e33b\" data-element_type=\"column\" data-e-type=\"column\">\r\n        <div class=\"elementor-widget-wrap elementor-element-populated\">\r\n                     \r\n                <section class=\"elementor-section elementor-inner-section elementor-element elementor-element-5806357 elementor-section-boxed elementor-section-height-default elementor-section-height-default pxl-row-scroll-none pxl-zoom-point-false pxl-section-overflow-visible pxl-section-fix-none pxl-bg-color-none pxl-section-overlay-none\" data-id=\"5806357\" data-element_type=\"section\" data-e-type=\"section\" data-settings=\"{&quot;background_background&quot;:&quot;classic&quot;}\">\n\n                \n                <div class=\"elementor-container elementor-column-gap-extended \">\n                <div class=\"elementor-column elementor-col-100 elementor-inner-column elementor-element elementor-element-035a71b pxl-column-none pxl-column-overflow-hidden-no\" data-id=\"035a71b\" data-element_type=\"column\" data-e-type=\"column\">\r\n        <div class=\"elementor-widget-wrap elementor-element-populated\">\r\n                     \r\n        \t\t<div class=\"elementor-element elementor-element-ed6f326 ft-gt elementor-widget elementor-widget-pxl_heading\" data-id=\"ed6f326\" data-element_type=\"widget\" data-e-type=\"widget\" data-widget_type=\"pxl_heading.default\">\n\t\t\t\t<div class=\"elementor-widget-container\">\n\t\t\t\t\t\n<div id=\"pxl-pxl_heading-ed6f326-2079\" class=\"pxl-heading px-sub-title-default-style \">\n\t<div class=\"pxl-heading--inner\">\n\t\t\n\t\t<h3 class=\"pxl-item--title style-default  highlight-default pxl-split-text split-in-fade\" data-wow-delay=\"ms\">\n\t\t\t\t\tQu&#8217;est-ce que l&#8217;arthrose?\t\n\t\t\t\n\t\t<\/h3>\n\t\t\n\t<\/div>\n<\/div>\t\t\t\t<\/div>\n\t\t\t\t<\/div>\n\t\t\t\t<div class=\"elementor-element elementor-element-941a27c elementor-widget elementor-widget-text-editor\" data-id=\"941a27c\" data-element_type=\"widget\" data-e-type=\"widget\" data-widget_type=\"text-editor.default\">\n\t\t\t\t\t\t\t\t\t<p>C\u2019est l\u2019usure progressive du cartilage jusqu\u2019\u00e0 la mise \u00e0 nu des surfaces osseuses. Il en r\u00e9sulte un frottement rugueux entre os qui s\u2019accompagne de douleurs et enflamme la hanche. L&#8217;articulation s\u2019enraidit petit \u00e0 petit et les douleurs r\u00e9duisent graduellement le p\u00e9rim\u00e8tre de marche. \u00c0 un stade \u00e9volu\u00e9, cette situation entra\u00eene un risque accru de chutes et limite l\u2019autonomie du patient.<\/p><p>L\u2019\u00e9volution naturelle de l\u2019arthrose non trait\u00e9e aboutit \u00e0 une d\u00e9formation permanente de la hanche qui modifie la posture de l\u2019ensemble du corps. Ce processus est irr\u00e9versible.<\/p>\t\t\t\t\t\t\t\t<\/div>\n\t\t            <\/div>\r\n        <\/div>\r\n        \t\t\t<\/div>\n\t\t<\/section>\n\t\t\t\t<div class=\"elementor-element elementor-element-32d0cefd Video_principale elementor-widget elementor-widget-video\" data-id=\"32d0cefd\" data-element_type=\"widget\" data-e-type=\"widget\" data-settings=\"{&quot;youtube_url&quot;:&quot;https:\\\/\\\/www.youtube.com\\\/watch?v=5cXXZfiCQVk&quot;,&quot;lazy_load&quot;:&quot;yes&quot;,&quot;video_type&quot;:&quot;youtube&quot;,&quot;controls&quot;:&quot;yes&quot;}\" data-widget_type=\"video.default\">\n\t\t\t\t\t\t\t<div class=\"elementor-wrapper elementor-open-inline\">\n\t\t\t<div class=\"elementor-video\"><\/div>\t\t<\/div>\n\t\t\t\t\t\t<\/div>\n\t\t<div class=\"elementor-element elementor-element-7c05d816 e-con-full section_4_bro e-flex e-con e-child \" data-id=\"7c05d816\" data-element_type=\"container\" data-e-type=\"container\" data-settings=\"{&quot;background_background&quot;:&quot;classic&quot;}\"><div class=\"elementor-element elementor-element-52ccab58 e-con-full e-flex e-con e-child \" data-id=\"52ccab58\" data-element_type=\"container\" data-e-type=\"container\">\t\t<div class=\"elementor-element elementor-element-3c0eef1c Section_1_Sous_1_Titre elementor-widget elementor-widget-heading\" data-id=\"3c0eef1c\" data-element_type=\"widget\" data-e-type=\"widget\" data-settings=\"{&quot;_animation&quot;:&quot;none&quot;}\" data-widget_type=\"heading.default\">\n\t\t\t\t\t<h4 class=\"elementor-heading-title elementor-size-default\">Brochure d'information m\u00e9dicale\n<\/h4>\t\t\t\t<\/div>\n\t\t\t\t<div class=\"elementor-element elementor-element-45fd7d29 Section_1_Contenu elementor-widget elementor-widget-text-editor\" data-id=\"45fd7d29\" data-element_type=\"widget\" data-e-type=\"widget\" data-widget_type=\"text-editor.default\">\n\t\t\t\t\t\t\t\t\t<p>D\u00e9couvrez notre brochure d&#8217;information \u00e0 destination des patients.<\/p>\t\t\t\t\t\t\t\t<\/div>\n\t\t\t\t<div class=\"elementor-element elementor-element-199e0baa elementor-align-left ft-gt pxl-icon-list  elementor-widget__width-initial elementor-widget elementor-widget-pxl_button\" data-id=\"199e0baa\" data-element_type=\"widget\" data-e-type=\"widget\" data-widget_type=\"pxl_button.default\">\n\t\t\t\t<div class=\"elementor-widget-container\">\n\t\t\t\t\t<div id=\"pxl-pxl_button-199e0baa-5175\" class=\"pxl-button pxl-atc-link \" data-wow-delay=\"ms\">\r\n    <a href=\"https:\/\/www.medicol.ch\/med\/images\/maladies\/arthrose_de_la_hanche\/L_arthrose_de_la_hanche.pdf\" class=\"btn  btn-glossy btn-default  inline pxl-icon--right\" data-wow-delay=\"ms\" data-target=\".pxl-page-popup-template-0\" target=\"_blank\" rel=\"noopener\">\r\n                    <i aria-hidden=\"true\" class=\"flaticon flaticon-next\"><\/i>                        <span class=\"pxl--btn-text\" data-text=\"Voir la brochure\">\r\n                        Voir la brochure        <\/span>\r\n    <\/a>\r\n<\/div>\t\t\t\t<\/div>\n\t\t\t\t<\/div>\n\t\t\t\t<\/div>\r\n\t\t<div class=\"elementor-element elementor-element-4c63481f e-con-full e-flex e-con e-child \" data-id=\"4c63481f\" data-element_type=\"container\" data-e-type=\"container\">\t\t<div class=\"elementor-element elementor-element-6aeec753 section_4_image_bro elementor-widget elementor-widget-image\" data-id=\"6aeec753\" data-element_type=\"widget\" data-e-type=\"widget\" data-widget_type=\"image.default\">\n\t\t\t\t\t\t\t\t\t\t\t\t\t\t\t\t<a href=\"https:\/\/www.medicol.ch\/med\/images\/maladies\/arthrose_de_la_hanche\/L_arthrose_de_la_hanche.pdf\" target=\"_blank\" rel=\"noopener\">\n\t\t\t\t\t\t\t<img fetchpriority=\"high\" decoding=\"async\" width=\"728\" height=\"1024\" src=\"https:\/\/template2.orthopediste-lausanne.ch\/wp-content\/uploads\/2025\/12\/L_arthrose_de_la_hanche_brochure-13-1-728x1024.jpg\" class=\"attachment-large size-large wp-image-15297\" alt=\"\" srcset=\"https:\/\/template2.orthopediste-lausanne.ch\/wp-content\/uploads\/2025\/12\/L_arthrose_de_la_hanche_brochure-13-1-728x1024.jpg 728w, https:\/\/template2.orthopediste-lausanne.ch\/wp-content\/uploads\/2025\/12\/L_arthrose_de_la_hanche_brochure-13-1-213x300.jpg 213w, https:\/\/template2.orthopediste-lausanne.ch\/wp-content\/uploads\/2025\/12\/L_arthrose_de_la_hanche_brochure-13-1-768x1080.jpg 768w, https:\/\/template2.orthopediste-lausanne.ch\/wp-content\/uploads\/2025\/12\/L_arthrose_de_la_hanche_brochure-13-1-505x710.jpg 505w, https:\/\/template2.orthopediste-lausanne.ch\/wp-content\/uploads\/2025\/12\/L_arthrose_de_la_hanche_brochure-13-1.jpg 834w\" sizes=\"(max-width: 728px) 100vw, 728px\" \/>\t\t\t\t\t\t\t\t<\/a>\n\t\t\t\t\t\t\t\t\t\t\t\t\t\t\t<\/div>\n\t\t\t\t<\/div>\r\n\t\t\t\t<\/div>\r\n\t\t\t\t<div class=\"elementor-element elementor-element-58f69016 Section_3_Titre elementor-widget elementor-widget-heading\" data-id=\"58f69016\" data-element_type=\"widget\" data-e-type=\"widget\" data-settings=\"{&quot;_animation&quot;:&quot;none&quot;}\" data-widget_type=\"heading.default\">\n\t\t\t\t\t<h3 class=\"elementor-heading-title elementor-size-default\">Quelles en sont les cons\u00e9quences?<\/h3>\t\t\t\t<\/div>\n\t\t\t\t<div class=\"elementor-element elementor-element-7131c356 Section_2_Contenu elementor-widget elementor-widget-text-editor\" data-id=\"7131c356\" data-element_type=\"widget\" data-e-type=\"widget\" data-widget_type=\"text-editor.default\">\n\t\t\t\t\t\t\t\t\t<p>La hanche est raide et laisse de moins en moins de r\u00e9pit entre les pouss\u00e9es douloureuses. La boiterie est fr\u00e9quente. La raideur devient handicapante dans certaines activit\u00e9s de la vie quotidienne, comme le chaussage par exemple.<br><br>Les douleurs se situent en g\u00e9n\u00e9ral dans le pli de l\u2019aine et la fesse mais descendent parfois vers le genou et peuvent mimer des douleurs de genou. La fa\u00e7on de se tenir et de marcher n\u2019est plus la m\u00eame. D\u2019autres articulations subissent le manque de mobilit\u00e9 de la hanche et souffrent \u00e0 leur tour comme le genou et le bas du dos.<\/p>\t\t\t\t\t\t\t\t<\/div>\n\t\t\t\t<div class=\"elementor-element elementor-element-69084d11 Section_3_Titre elementor-widget elementor-widget-heading\" data-id=\"69084d11\" data-element_type=\"widget\" data-e-type=\"widget\" data-settings=\"{&quot;_animation&quot;:&quot;none&quot;}\" data-widget_type=\"heading.default\">\n\t\t\t\t\t<h3 class=\"elementor-heading-title elementor-size-default\">Quels examens faut-il faire?<\/h3>\t\t\t\t<\/div>\n\t\t\t\t<div class=\"elementor-element elementor-element-7c05ea5f Section_2_Contenu elementor-widget elementor-widget-text-editor\" data-id=\"7c05ea5f\" data-element_type=\"widget\" data-e-type=\"widget\" data-widget_type=\"text-editor.default\">\n\t\t\t\t\t\t\t\t\t<p>Un examen clinique par un chirurgien orthop\u00e9diste et un bilan radiologique suffisent dans la plupart des cas. Des examens compl\u00e9mentaires, tels qu\u2019un scanner ou une I.R.M., peuvent \u00eatre utiles pour confirmer le diagnostic ou planifier la chirurgie.<\/p>\t\t\t\t\t\t\t\t<\/div>\n\t\t\t\t<div class=\"elementor-element elementor-element-333cb09f Section_3_Titre elementor-widget elementor-widget-heading\" data-id=\"333cb09f\" data-element_type=\"widget\" data-e-type=\"widget\" data-settings=\"{&quot;_animation&quot;:&quot;none&quot;}\" data-widget_type=\"heading.default\">\n\t\t\t\t\t<h2 class=\"elementor-heading-title elementor-size-default\">Les traitements m\u00e9dicaux<\/h2>\t\t\t\t<\/div>\n\t\t\t\t<div class=\"elementor-element elementor-element-7dba666d Section_2_Contenu elementor-widget elementor-widget-text-editor\" data-id=\"7dba666d\" data-element_type=\"widget\" data-e-type=\"widget\" data-widget_type=\"text-editor.default\">\n\t\t\t\t\t\t\t\t\t<p>Pour traiter les douleurs, les m\u00e9dicaments antalgiques, les anti-inflammatoires, les infiltrations (injections dans l\u2019articulation) et la physioth\u00e9rapie peuvent apporter un soulagement plus ou moins durable.<br \/>En cas d&#8217;arthrose avanc\u00e9e, le b\u00e9n\u00e9fice de ces mesures est souvent transitoire.<\/p>\t\t\t\t\t\t\t\t<\/div>\n\t\t\t\t<div class=\"elementor-element elementor-element-4694fcf8 Section_3_Titre elementor-widget elementor-widget-heading\" data-id=\"4694fcf8\" data-element_type=\"widget\" data-e-type=\"widget\" data-settings=\"{&quot;_animation&quot;:&quot;none&quot;}\" data-widget_type=\"heading.default\">\n\t\t\t\t\t<h3 class=\"elementor-heading-title elementor-size-default\">Le traitement chirurgical\n<\/h3>\t\t\t\t<\/div>\n\t\t\t\t<div class=\"elementor-element elementor-element-5e9b19c7 Section_2_Contenu elementor-widget elementor-widget-text-editor\" data-id=\"5e9b19c7\" data-element_type=\"widget\" data-e-type=\"widget\" data-widget_type=\"text-editor.default\">\n\t\t\t\t\t\t\t\t\t<p>Selon l\u2019importance des douleurs et du handicap caus\u00e9s par l\u2019arthrose, le chirurgien vous proposera la mise en place d\u2019une proth\u00e8se de la hanche. La d\u00e9cision de proc\u00e9der \u00e0 cette intervention chirurgicale est le fruit d\u2019une r\u00e9flexion conjointe entre le patient et le chirurgien.<br \/><br \/>Votre chirurgien choisira la proth\u00e8se qui convient le mieux \u00e0 votre anatomie et \u00e0 votre style de vie.<\/p>\t\t\t\t\t\t\t\t<\/div>\n\t\t\t\t<div class=\"elementor-element elementor-element-70c5931c Section_3_Titre elementor-widget elementor-widget-heading\" data-id=\"70c5931c\" data-element_type=\"widget\" data-e-type=\"widget\" data-settings=\"{&quot;_animation&quot;:&quot;none&quot;}\" data-widget_type=\"heading.default\">\n\t\t\t\t\t<h2 class=\"elementor-heading-title elementor-size-default\">Proth\u00e8se de hanche<\/h2>\t\t\t\t<\/div>\n\t\t\t\t<div class=\"elementor-element elementor-element-6ff3535f Section_3_Titre elementor-widget elementor-widget-heading\" data-id=\"6ff3535f\" data-element_type=\"widget\" data-e-type=\"widget\" data-settings=\"{&quot;_animation&quot;:&quot;none&quot;}\" data-widget_type=\"heading.default\">\n\t\t\t\t\t<h3 class=\"elementor-heading-title elementor-size-default\">Qu'est-ce qu'une proth\u00e8se de hanche?<\/h3>\t\t\t\t<\/div>\n\t\t\t\t<div class=\"elementor-element elementor-element-2c7579d1 Section_2_Contenu elementor-widget elementor-widget-text-editor\" data-id=\"2c7579d1\" data-element_type=\"widget\" data-e-type=\"widget\" data-widget_type=\"text-editor.default\">\n\t\t\t\t\t\t\t\t\t<p>Le principe d&#8217;une proth\u00e8se de hanche est de remplacer l&#8217;articulation malade par des implants m\u00e9talliques. L\u2019un dans le f\u00e9mur (la tige) et l\u2019autre dans le bassin (le cotyle). La jonction entre ces deux implants (couple de frottement) est assur\u00e9e par une bille en m\u00e9tal ou en c\u00e9ramique et un insert en poly\u00e9thyl\u00e8ne ou en c\u00e9ramique.<br>Gr\u00e2ce \u00e0 l&#8217;am\u00e9lioration des mat\u00e9riaux et \u00e0 l\u2019\u00e9volution des techniques op\u00e9ratoires, les proth\u00e8ses de hanche pos\u00e9es actuellement ont une esp\u00e9rance de vie de plusieurs d\u00e9cennies.<br><br><\/p>\t\t\t\t\t\t\t\t<\/div>\n\t\t\t\t<div class=\"elementor-element elementor-element-3b38ea40 Section_3_Titre elementor-widget elementor-widget-heading\" data-id=\"3b38ea40\" data-element_type=\"widget\" data-e-type=\"widget\" data-settings=\"{&quot;_animation&quot;:&quot;none&quot;}\" data-widget_type=\"heading.default\">\n\t\t\t\t\t<h3 class=\"elementor-heading-title elementor-size-default\">L'anesth\u00e9sie\n<\/h3>\t\t\t\t<\/div>\n\t\t\t\t<div class=\"elementor-element elementor-element-776ffd16 Section_2_Contenu elementor-widget elementor-widget-text-editor\" data-id=\"776ffd16\" data-element_type=\"widget\" data-e-type=\"widget\" data-widget_type=\"text-editor.default\">\n\t\t\t\t\t\t\t\t\t<p>Vous aurez rendez-vous avec un des m\u00e9decins anesth\u00e9sistes de la clinique avant l\u2019op\u00e9ration. Vous pourrez discuter et d\u00e9cider avec lui du type d\u2019anesth\u00e9sie qui vous sera propos\u00e9 le jour de votre op\u00e9ration. Votre m\u00e9decin traitant l\u2019aura pr\u00e9alablement renseign\u00e9 sur votre \u00e9tat de sant\u00e9. Si n\u00e9cessaire, le bilan sera compl\u00e9t\u00e9 par d\u2019autres examens (prise de sang, \u00e9lectrocardiogramme).<br><br><\/p>\t\t\t\t\t\t\t\t<\/div>\n\t\t\t\t<div class=\"elementor-element elementor-element-691b6961 Section_3_Titre elementor-widget elementor-widget-heading\" data-id=\"691b6961\" data-element_type=\"widget\" data-e-type=\"widget\" data-settings=\"{&quot;_animation&quot;:&quot;none&quot;}\" data-widget_type=\"heading.default\">\n\t\t\t\t\t<h3 class=\"elementor-heading-title elementor-size-default\">L'op\u00e9ration proprement dite\n\n<\/h3>\t\t\t\t<\/div>\n\t\t\t\t<div class=\"elementor-element elementor-element-3c5fc806 Section_2_Contenu elementor-widget elementor-widget-text-editor\" data-id=\"3c5fc806\" data-element_type=\"widget\" data-e-type=\"widget\" data-widget_type=\"text-editor.default\">\n\t\t\t\t\t\t\t\t\t<p>L\u2019incision mesure une douzaine de centim\u00e8tres et se situe \u00e0 l\u2019avant de la cuisse (voie ant\u00e9rieure) ou sur le c\u00f4t\u00e9 en direction de la fesse (voie post\u00e9rieure). Une fois l\u2019articulation expos\u00e9e, le chirurgien sectionne le col f\u00e9moral \u00e0 l\u2019aide d\u2019une scie. Cette coupe osseuse est r\u00e9alis\u00e9e \u00e0 une hauteur pr\u00e9cise selon une planification pr\u00e9alable. Une fois la t\u00eate du f\u00e9mur r\u00e9s\u00e9qu\u00e9e, on acc\u00e8de \u00e0 la cavit\u00e9 cotylo\u00efdienne du bassin. Le cartilage ab\u00eem\u00e9 de cette derni\u00e8re est alors retir\u00e9 \u00e0 l\u2019aide de fraises h\u00e9misph\u00e9riques pour pr\u00e9parer l\u2019implantation de la cupule dans le cotyle.<br>Le chirurgien va ensuite pr\u00e9parer la cavit\u00e9 du f\u00e9mur avec des r\u00e2pes de diff\u00e9rentes tailles jusqu\u2019\u00e0 obtenir une stabilit\u00e9 satisfaisante. Apr\u00e8s avoir contr\u00f4l\u00e9 la mobilit\u00e9 et la stabilit\u00e9 de l\u2019articulation avec des implants provisoires, il met en place les implants d\u00e9finitifs et r\u00e9duit l\u2019articulation. L&#8217;articulation est ensuite abondamment lav\u00e9e puis toutes les structures sont referm\u00e9es.<br>Il est possible qu\u2019un redon (petit tuyau) soit mis en place pour drainer la zone op\u00e9r\u00e9e. Enfin, pour la cicatrice, un fil (r\u00e9sorbable ou non r\u00e9sorbable) ou des agrafes peuvent \u00eatre utilis\u00e9s selon les habitudes du chirurgien.<br><br><\/p>\t\t\t\t\t\t\t\t<\/div>\n\t\t\t\t<div class=\"elementor-element elementor-element-15b9f433 Section_3_Titre elementor-widget elementor-widget-heading\" data-id=\"15b9f433\" data-element_type=\"widget\" data-e-type=\"widget\" data-settings=\"{&quot;_animation&quot;:&quot;none&quot;}\" data-widget_type=\"heading.default\">\n\t\t\t\t\t<h3 class=\"elementor-heading-title elementor-size-default\">Douleurs\n\n\n<\/h3>\t\t\t\t<\/div>\n\t\t\t\t<div class=\"elementor-element elementor-element-afac15a Section_2_Contenu elementor-widget elementor-widget-text-editor\" data-id=\"afac15a\" data-element_type=\"widget\" data-e-type=\"widget\" data-widget_type=\"text-editor.default\">\n\t\t\t\t\t\t\t\t\t<p>Les douleurs li\u00e9es \u00e0 l\u2019arthrose disparaissent relativement rapidement apr\u00e8s l\u2019intervention. Il est possible d\u2019avoir encore un peu mal \u00e0 des endroits pr\u00e9cis, surtout si la hanche \u00e9tait tr\u00e8s raide et ab\u00eem\u00e9e avant l\u2019op\u00e9ration. Ces douleurs sont en g\u00e9n\u00e9ral li\u00e9es aux muscles et tendons qui entourent l\u2019articulation et finissent par dispara\u00eetre.<br><br><\/p>\t\t\t\t\t\t\t\t<\/div>\n\t\t\t\t<div class=\"elementor-element elementor-element-34d25615 Section_3_Titre elementor-widget elementor-widget-heading\" data-id=\"34d25615\" data-element_type=\"widget\" data-e-type=\"widget\" data-settings=\"{&quot;_animation&quot;:&quot;none&quot;}\" data-widget_type=\"heading.default\">\n\t\t\t\t\t<h3 class=\"elementor-heading-title elementor-size-default\">R\u00e9sultats attendus\n\n\n<\/h3>\t\t\t\t<\/div>\n\t\t\t\t<div class=\"elementor-element elementor-element-712e5774 Section_2_Contenu elementor-widget elementor-widget-text-editor\" data-id=\"712e5774\" data-element_type=\"widget\" data-e-type=\"widget\" data-widget_type=\"text-editor.default\">\n\t\t\t\t\t\t\t\t\t<p>Les principaux b\u00e9n\u00e9fices que l&#8217;on peut esp\u00e9rer apr\u00e8s cette op\u00e9ration sont de ne plus avoir mal et de pouvoir remarcher librement. Il faut quand m\u00eame quelques mois pour r\u00e9cup\u00e9rer une mobilit\u00e9 compl\u00e8te et pouvoir \u00eatre \u00e0 l\u2019aise \u00e0 la marche en toute situation. En revanche, il est possible de marcher \u00e0 plat d\u00e8s le lendemain en s\u2019appuyant sur la hanche, et on peut en principe se lib\u00e9rer des cannes apr\u00e8s quelques semaines.<br>Notre recommandation est de vous donner une p\u00e9riode de convalescence de 2 \u00e0 3 mois. M\u00eame si tout peut aller plus vite, une hanche op\u00e9r\u00e9e doit \u00eatre m\u00e9nag\u00e9e. Adaptez vos loisirs, \u00e9vitez les sports violents et les travaux de force pour en profiter le plus longtemps possible. La reprise du travail varie en fonction de l\u2019\u00e2ge et de la profession.<br>L\u2019id\u00e9al est de finir par oublier que la hanche a \u00e9t\u00e9 op\u00e9r\u00e9e.<br><br><\/p>\t\t\t\t\t\t\t\t<\/div>\n\t\t\t\t<div class=\"elementor-element elementor-element-73fc33dd Section_3_Titre elementor-widget elementor-widget-heading\" data-id=\"73fc33dd\" data-element_type=\"widget\" data-e-type=\"widget\" data-settings=\"{&quot;_animation&quot;:&quot;none&quot;}\" data-widget_type=\"heading.default\">\n\t\t\t\t\t<h3 class=\"elementor-heading-title elementor-size-default\">Le suivi \n\n\n<\/h3>\t\t\t\t<\/div>\n\t\t\t\t<div class=\"elementor-element elementor-element-229eeeb8 Section_2_Contenu elementor-widget elementor-widget-text-editor\" data-id=\"229eeeb8\" data-element_type=\"widget\" data-e-type=\"widget\" data-widget_type=\"text-editor.default\">\n\t\t\t\t\t\t\t\t\t<p>Il faut suivre rigoureusement les consignes de votre chirurgien. Allez aux diff\u00e9rents rendez-vous qu\u2019il vous propose, passez les examens de contr\u00f4le (radiographies). C\u2019est important. On peut ainsi surveiller l\u2019\u00e9volution de votre hanche, adapter le traitement et v\u00e9rifier que la proth\u00e8se tient bien dans l\u2019os.<\/p>\t\t\t\t\t\t\t\t<\/div>\n\t\t\t\t<div class=\"elementor-element elementor-element-54c20ee elementor-widget elementor-widget-image\" data-id=\"54c20ee\" data-element_type=\"widget\" data-e-type=\"widget\" data-widget_type=\"image.default\">\n\t\t\t\t\t\t\t\t\t\t\t\t\t\t\t\t<a href=\"https:\/\/www.medicol.ch\/med\/images\/maladies\/traitement.jpg\" data-elementor-open-lightbox=\"yes\" data-e-action-hash=\"#elementor-action%3Aaction%3Dlightbox%26settings%3DW10%3D\" target=\"_blank\" rel=\"noopener\">\n\t\t\t\t\t\t\t<img decoding=\"async\" src=\"https:\/\/www.medicol.ch\/med\/images\/maladies\/traitement.jpg\" title=\"\" alt=\"\" loading=\"lazy\" \/>\t\t\t\t\t\t\t\t<\/a>\n\t\t\t\t\t\t\t\t\t\t\t\t\t\t\t<\/div>\n\t\t\t\t<div class=\"elementor-element elementor-element-53e4a010 Section_3_Titre elementor-widget elementor-widget-heading\" data-id=\"53e4a010\" data-element_type=\"widget\" data-e-type=\"widget\" data-settings=\"{&quot;_animation&quot;:&quot;none&quot;}\" data-widget_type=\"heading.default\">\n\t\t\t\t\t<h2 class=\"elementor-heading-title elementor-size-default\">Risques et complications<\/h2>\t\t\t\t<\/div>\n\t\t\t\t<div class=\"elementor-element elementor-element-3cd63294 Section_3_Titre elementor-widget elementor-widget-heading\" data-id=\"3cd63294\" data-element_type=\"widget\" data-e-type=\"widget\" data-settings=\"{&quot;_animation&quot;:&quot;none&quot;}\" data-widget_type=\"heading.default\">\n\t\t\t\t\t<h3 class=\"elementor-heading-title elementor-size-default\">Infections\n<\/h3>\t\t\t\t<\/div>\n\t\t\t\t<div class=\"elementor-element elementor-element-7f485f22 Section_2_Contenu elementor-widget elementor-widget-text-editor\" data-id=\"7f485f22\" data-element_type=\"widget\" data-e-type=\"widget\" data-widget_type=\"text-editor.default\">\n\t\t\t\t\t\t\t\t\t<p>Le risque le plus redout\u00e9 en chirurgie proth\u00e9tique est l\u2019infection de la proth\u00e8se. Des proc\u00e9dures sont mises en place pour minimiser ce risque au maximum durant la p\u00e9riode pr\u00e9-, per- et post-op\u00e9ratoire.<br>Pour diminuer le risque infectieux, il faut absolument v\u00e9rifier avant l\u2019op\u00e9ration qu\u2019il n\u2019y a pas d\u2019infection latente (dentaire, cutan\u00e9e, urinaire, par exemple).<br><br><\/p>\t\t\t\t\t\t\t\t<\/div>\n\t\t\t\t<div class=\"elementor-element elementor-element-6cd629ff Section_3_Titre elementor-widget elementor-widget-heading\" data-id=\"6cd629ff\" data-element_type=\"widget\" data-e-type=\"widget\" data-settings=\"{&quot;_animation&quot;:&quot;none&quot;}\" data-widget_type=\"heading.default\">\n\t\t\t\t\t<h3 class=\"elementor-heading-title elementor-size-default\">Tromboses veineuses\n<\/h3>\t\t\t\t<\/div>\n\t\t\t\t<div class=\"elementor-element elementor-element-44d9c12f Section_2_Contenu elementor-widget elementor-widget-text-editor\" data-id=\"44d9c12f\" data-element_type=\"widget\" data-e-type=\"widget\" data-widget_type=\"text-editor.default\">\n\t\t\t\t\t\t\t\t\t<p>La pr\u00e9vention du risque de thrombose ou d\u2019embolie pulmonaire est syst\u00e9matique apr\u00e8s toute op\u00e9ration de proth\u00e8se du membre inf\u00e9rieur.<br>En fonction de votre \u00e9tat de sant\u00e9 et de vos facteurs de risque, le chirurgien adaptera le traitement pour une pr\u00e9vention optimale.<br>L\u2019apparition d\u2019\u00e9ventuels sympt\u00f4mes est surveill\u00e9e par le personnel de soins et lors des diff\u00e9rentes consultations de suivi.<br><br><\/p>\t\t\t\t\t\t\t\t<\/div>\n\t\t\t\t<div class=\"elementor-element elementor-element-491b1e95 Section_3_Titre elementor-widget elementor-widget-heading\" data-id=\"491b1e95\" data-element_type=\"widget\" data-e-type=\"widget\" data-settings=\"{&quot;_animation&quot;:&quot;none&quot;}\" data-widget_type=\"heading.default\">\n\t\t\t\t\t<h3 class=\"elementor-heading-title elementor-size-default\">H\u00e9matomes\n<\/h3>\t\t\t\t<\/div>\n\t\t\t\t<div class=\"elementor-element elementor-element-61e41e3b Section_2_Contenu elementor-widget elementor-widget-text-editor\" data-id=\"61e41e3b\" data-element_type=\"widget\" data-e-type=\"widget\" data-widget_type=\"text-editor.default\">\n\t\t\t\t\t\t\t\t\t<p>L\u2019ecchymose est habituelle mais un h\u00e9matome peut appara\u00eetre parfois sur la cuisse et occasionner des douleurs. Dans la majorit\u00e9 des cas le sang se r\u00e9sorbe progressivement et cette situation ne n\u00e9cessite pas de prise en charge particuli\u00e8re en dehors de l\u2019application de glace.<br><br><\/p>\t\t\t\t\t\t\t\t<\/div>\n\t\t\t\t<div class=\"elementor-element elementor-element-990de5d Section_3_Titre elementor-widget elementor-widget-heading\" data-id=\"990de5d\" data-element_type=\"widget\" data-e-type=\"widget\" data-settings=\"{&quot;_animation&quot;:&quot;none&quot;}\" data-widget_type=\"heading.default\">\n\t\t\t\t\t<h3 class=\"elementor-heading-title elementor-size-default\">L\u00e9sions vasculaires ou nerveuses\n<\/h3>\t\t\t\t<\/div>\n\t\t\t\t<div class=\"elementor-element elementor-element-715fed0c Section_2_Contenu elementor-widget elementor-widget-text-editor\" data-id=\"715fed0c\" data-element_type=\"widget\" data-e-type=\"widget\" data-widget_type=\"text-editor.default\">\n\t\t\t\t\t\t\t\t\t<p>Les risques de l\u00e9sion vasculaire ou nerveuse, bien qu\u2019anecdotiques, sont inh\u00e9rents \u00e0 toute op\u00e9ration de la hanche. Une diminution de la sensibilit\u00e9 du pourtour de la cicatrice parfois peut \u00eatre constat\u00e9e et dispara\u00eet habituellement en quelques semaines.<br><br><\/p>\t\t\t\t\t\t\t\t<\/div>\n\t\t\t\t<div class=\"elementor-element elementor-element-630c6066 Section_3_Titre elementor-widget elementor-widget-heading\" data-id=\"630c6066\" data-element_type=\"widget\" data-e-type=\"widget\" data-settings=\"{&quot;_animation&quot;:&quot;none&quot;}\" data-widget_type=\"heading.default\">\n\t\t\t\t\t<h3 class=\"elementor-heading-title elementor-size-default\">An\u00e9mie post-op\u00e9ratoire\n<\/h3>\t\t\t\t<\/div>\n\t\t\t\t<div class=\"elementor-element elementor-element-29bb3c92 Section_2_Contenu elementor-widget elementor-widget-text-editor\" data-id=\"29bb3c92\" data-element_type=\"widget\" data-e-type=\"widget\" data-widget_type=\"text-editor.default\">\n\t\t\t\t\t\t\t\t\t<p>Des pertes de sang significatives peuvent survenir et doivent parfois \u00eatre compens\u00e9es. Aujourd\u2019hui on dispose en salle d\u2019op\u00e9ration d\u2019un syst\u00e8me de r\u00e9cup\u00e9ration sanguine (Cell Saver). Le recours \u00e0 une transfusion sanguine autre que votre propre sang est ainsi peu fr\u00e9quent.<br><br><\/p>\t\t\t\t\t\t\t\t<\/div>\n\t\t\t\t<div class=\"elementor-element elementor-element-6214be26 Section_3_Titre elementor-widget elementor-widget-heading\" data-id=\"6214be26\" data-element_type=\"widget\" data-e-type=\"widget\" data-settings=\"{&quot;_animation&quot;:&quot;none&quot;}\" data-widget_type=\"heading.default\">\n\t\t\t\t\t<h3 class=\"elementor-heading-title elementor-size-default\">Luxation \n<\/h3>\t\t\t\t<\/div>\n\t\t\t\t<div class=\"elementor-element elementor-element-2bcf3b13 Section_2_Contenu elementor-widget elementor-widget-text-editor\" data-id=\"2bcf3b13\" data-element_type=\"widget\" data-e-type=\"widget\" data-widget_type=\"text-editor.default\">\n\t\t\t\t\t\t\t\t\tToute proth\u00e8se implant\u00e9e comporte un risque de luxation. Ce risque diminue apr\u00e8s 6 semaines, et c\u2019est le temps qu\u2019il faut compter pour que les tissus soient bien cicatris\u00e9s. Cette complication est devenue rare gr\u00e2ce \u00e0 l\u2019am\u00e9lioration des techniques et \u00e0 l\u2019\u00e9volution des implants, Les mouvements et positions \u00e0 \u00e9viter vous seront expliqu\u00e9s par le chirurgien et les physioth\u00e9rapeutes de la clinique. \t\t\t\t\t\t\t\t<\/div>\n\t\t\t\t<div class=\"elementor-element elementor-element-6ff69af8 Section_3_Titre elementor-widget elementor-widget-heading\" data-id=\"6ff69af8\" data-element_type=\"widget\" data-e-type=\"widget\" data-settings=\"{&quot;_animation&quot;:&quot;none&quot;}\" data-widget_type=\"heading.default\">\n\t\t\t\t\t<h3 class=\"elementor-heading-title elementor-size-default\">Longueur de jambe\n<\/h3>\t\t\t\t<\/div>\n\t\t\t\t<div class=\"elementor-element elementor-element-32c01947 Section_2_Contenu elementor-widget elementor-widget-text-editor\" data-id=\"32c01947\" data-element_type=\"widget\" data-e-type=\"widget\" data-widget_type=\"text-editor.default\">\n\t\t\t\t\t\t\t\t\tUne diff\u00e9rence de longueur des membres inf\u00e9rieurs peut exister parfois dans les cas o\u00f9 il est n\u00e9cessaire de mettre une plus grande tension musculaire pour garantir la stabilit\u00e9 de l\u2019articulation ou pour corriger une diff\u00e9rence pr\u00e9existante.\nLe patient peut \u00e9galement percevoir une modification de l\u2019angle du pas. \t\t\t\t\t\t\t\t<\/div>\n\t\t\t\t<div class=\"elementor-element elementor-element-40291fe6 Section_3_Titre elementor-widget elementor-widget-heading\" data-id=\"40291fe6\" data-element_type=\"widget\" data-e-type=\"widget\" data-settings=\"{&quot;_animation&quot;:&quot;none&quot;}\" data-widget_type=\"heading.default\">\n\t\t\t\t\t<h3 class=\"elementor-heading-title elementor-size-default\">Fracture \n<\/h3>\t\t\t\t<\/div>\n\t\t\t\t<div class=\"elementor-element elementor-element-66fe8cba Section_2_Contenu elementor-widget elementor-widget-text-editor\" data-id=\"66fe8cba\" data-element_type=\"widget\" data-e-type=\"widget\" data-widget_type=\"text-editor.default\">\n\t\t\t\t\t\t\t\t\tLe risque de fracture n\u2019est pas plus \u00e9lev\u00e9 chez les patients porteurs de proth\u00e8ses. En revanche, en cas de fracture, les cons\u00e9quences peuvent \u00eatre plus importantes et parfois n\u00e9cessiter le changement d\u2019une partie de la proth\u00e8se. \t\t\t\t\t\t\t\t<\/div>\n\t\t\t\t<div class=\"elementor-element elementor-element-244d40b6 Section_3_Titre elementor-widget elementor-widget-heading\" data-id=\"244d40b6\" data-element_type=\"widget\" data-e-type=\"widget\" data-settings=\"{&quot;_animation&quot;:&quot;none&quot;}\" data-widget_type=\"heading.default\">\n\t\t\t\t\t<h3 class=\"elementor-heading-title elementor-size-default\">Usure et descellement \n<\/h3>\t\t\t\t<\/div>\n\t\t\t\t<div class=\"elementor-element elementor-element-21c2e046 Section_2_Contenu elementor-widget elementor-widget-text-editor\" data-id=\"21c2e046\" data-element_type=\"widget\" data-e-type=\"widget\" data-widget_type=\"text-editor.default\">\n\t\t\t\t\t\t\t\t\tLes proth\u00e8ses peuvent s\u2019user et ne plus tenir parfaitement, ce qui oblige parfois \u00e0 les changer. N\u00e9anmoins, le taux de r\u00e9ussite de ce type d\u2019intervention s\u2019est consid\u00e9rablement am\u00e9lior\u00e9 au fil du temps gr\u00e2ce \u00e0 l\u2019\u00e9volution des implants, \u00e0 la qualit\u00e9 des mat\u00e9riaux utilis\u00e9s et \u00e0 l\u2019am\u00e9lioration des techniques chirurgicales. L&#8217;usure des proth\u00e8ses de hanche pos\u00e9es actuellement est de moins en moins perceptible et, en l&#8217;absence de probl\u00e8mes techniques, la proth\u00e8se est con\u00e7ue pour durer toute la vie sans \u00eatre chang\u00e9e. \t\t\t\t\t\t\t\t<\/div>\n\t\t\t\t<div class=\"elementor-element elementor-element-7cd2de0a Section_3_Titre elementor-widget elementor-widget-heading\" data-id=\"7cd2de0a\" data-element_type=\"widget\" data-e-type=\"widget\" data-settings=\"{&quot;_animation&quot;:&quot;none&quot;}\" data-widget_type=\"heading.default\">\n\t\t\t\t\t<h2 class=\"elementor-heading-title elementor-size-default\">Sp\u00e9cificit\u00e9s Medicol\n<\/h2>\t\t\t\t<\/div>\n\t\t\t\t<div class=\"elementor-element elementor-element-3349706c Section_3_Titre elementor-widget elementor-widget-heading\" data-id=\"3349706c\" data-element_type=\"widget\" data-e-type=\"widget\" data-settings=\"{&quot;_animation&quot;:&quot;none&quot;}\" data-widget_type=\"heading.default\">\n\t\t\t\t\t<h3 class=\"elementor-heading-title elementor-size-default\">Plannification 2D et 3D\n\n<\/h3>\t\t\t\t<\/div>\n\t\t\t\t<div class=\"elementor-element elementor-element-23599d78 Section_2_Contenu elementor-widget elementor-widget-text-editor\" data-id=\"23599d78\" data-element_type=\"widget\" data-e-type=\"widget\" data-widget_type=\"text-editor.default\">\n\t\t\t\t\t\t\t\t\t<p>Avant l\u2019intervention, votre chirurgien fera r\u00e9aliser des radiographies et un scanner pour planifier votre proth\u00e8se gr\u00e2ce \u00e0 un logiciel d\u00e9di\u00e9. La planification se fait en 2D et \u00e9galement en 3D, ce qui permet, par une planification pr\u00e9cise de mieux anticiper les \u00e9ventuelles difficult\u00e9s de la chirurgie et de choisir la taille ad\u00e9quate des implants. Le but est de placer la proth\u00e8se en se rapprochant le plus possible de l\u2019anatomie originelle de la hanche pour chaque patient.<br><br><\/p>\t\t\t\t\t\t\t\t<\/div>\n\t\t\t\t<div class=\"elementor-element elementor-element-4473636e Section_3_Titre elementor-widget elementor-widget-heading\" data-id=\"4473636e\" data-element_type=\"widget\" data-e-type=\"widget\" data-settings=\"{&quot;_animation&quot;:&quot;none&quot;}\" data-widget_type=\"heading.default\">\n\t\t\t\t\t<h3 class=\"elementor-heading-title elementor-size-default\">Proth\u00e8se sur mesure\n\n<\/h3>\t\t\t\t<\/div>\n\t\t\t\t<div class=\"elementor-element elementor-element-6b18f8b7 Section_2_Contenu elementor-widget elementor-widget-text-editor\" data-id=\"6b18f8b7\" data-element_type=\"widget\" data-e-type=\"widget\" data-widget_type=\"text-editor.default\">\n\t\t\t\t\t\t\t\t\t<p>Dans la majorit\u00e9 des cas, il n\u2019y a pas d\u2019int\u00e9r\u00eat \u00e0 produire une proth\u00e8se sur mesure. Gr\u00e2ce \u00e0 la planification 3D, une proth\u00e8se de s\u00e9rie va s\u2019adapter parfaitement \u00e0 l\u2019anatomie du patient, et il en existe une grande vari\u00e9t\u00e9.<br>Cependant, dans de rares cas, la planification d\u2019une proth\u00e8se standard est impossible, notamment en cas de malformation ou d\u2019anatomie inhabituelle ou encore apr\u00e8s une ancienne fracture ayant modifi\u00e9 la forme de l\u2019os. On propose alors la fabrication d\u2019une proth\u00e8se sur mesure parfaitement adapt\u00e9e au f\u00e9mur du patient. Ce proc\u00e9d\u00e9, r\u00e9serv\u00e9 \u00e0 une minorit\u00e9 de patients, est relativement co\u00fbteux.<br><br><\/p>\t\t\t\t\t\t\t\t<\/div>\n\t\t\t\t<div class=\"elementor-element elementor-element-7b5e6058 Section_3_Titre elementor-widget elementor-widget-heading\" data-id=\"7b5e6058\" data-element_type=\"widget\" data-e-type=\"widget\" data-settings=\"{&quot;_animation&quot;:&quot;none&quot;}\" data-widget_type=\"heading.default\">\n\t\t\t\t\t<h3 class=\"elementor-heading-title elementor-size-default\">Chirurgie robotique et intelligence artificielle\n\n<\/h3>\t\t\t\t<\/div>\n\t\t\t\t<div class=\"elementor-element elementor-element-70bccc3f Section_2_Contenu elementor-widget elementor-widget-text-editor\" data-id=\"70bccc3f\" data-element_type=\"widget\" data-e-type=\"widget\" data-widget_type=\"text-editor.default\">\n\t\t\t\t\t\t\t\t\t<p>La chirurgie robotique et l\u2019intelligence artificielle int\u00e8grent progressivement les blocs op\u00e9ratoires. Actuellement, les robots en orthop\u00e9die ont pour but d\u2019am\u00e9liorer la pr\u00e9cision du geste afin que la r\u00e9alisation de la chirurgie corresponde le plus possible \u00e0 ce qui a \u00e9t\u00e9 planifi\u00e9. Ces technologies progressent \u00e0 grande vitesse et il est ind\u00e9niable qu&#8217;\u00e0 l&#8217;avenir, elles feront partie int\u00e9grante de la chirurgie, ce qui n\u2019est pas le cas encore aujourd\u2019hui.<br>Nos chirurgiens se forment actuellement au maniement des robots en orthop\u00e9die.<br><br><\/p>\t\t\t\t\t\t\t\t<\/div>\n\t\t\t\t<div class=\"elementor-element elementor-element-4b2f0093 Section_3_Titre elementor-widget elementor-widget-heading\" data-id=\"4b2f0093\" data-element_type=\"widget\" data-e-type=\"widget\" data-settings=\"{&quot;_animation&quot;:&quot;none&quot;}\" data-widget_type=\"heading.default\">\n\t\t\t\t\t<h3 class=\"elementor-heading-title elementor-size-default\">Retour au sport\n\n<\/h3>\t\t\t\t<\/div>\n\t\t\t\t<div class=\"elementor-element elementor-element-215ea806 Section_2_Contenu elementor-widget elementor-widget-text-editor\" data-id=\"215ea806\" data-element_type=\"widget\" data-e-type=\"widget\" data-widget_type=\"text-editor.default\">\n\t\t\t\t\t\t\t\t\t<p>Nous accordons une place tr\u00e8s importante au retour \u00e0 la vie active, et notamment au retour au sport, apr\u00e8s la mise en place d\u2019une proth\u00e8se.<br>Durant la phase de r\u00e9habilitation, il convient d\u2019adapter les activit\u00e9s au rythme de votre propre progression. Chaque individu est diff\u00e9rent et il est inutile de trop sch\u00e9matiser la reprise des activit\u00e9s. Dans un premier temps, il faut surtout r\u00e9cup\u00e9rer une d\u00e9marche harmonieuse, \u00e9quilibr\u00e9e et sans boiterie.<br>Une fois que vous aurez r\u00e9cup\u00e9r\u00e9 une marche normale avec une position bien droite du haut du corps et un bon balancement des bras, vous serez \u00e0 l\u2019aise pour descendre les escaliers sans vous tenir. C\u2019est alors que vous serez en mesure de reprendre vos activit\u00e9s sportives ou de loisirs.<br>Il faut commencer par ce que vous aimez et savez bien faire. Les activit\u00e9s douces peuvent \u00eatre reprises rapidement et, au fur et \u00e0 mesure que vous prenez confiance, il est possible d\u2019envisager d\u2019autres activit\u00e9s, surtout si vous les pratiquiez avant l\u2019op\u00e9ration.<br>Les sports avec de forts impacts ou n\u00e9cessitant de grandes amplitudes articulaires doivent \u00eatre \u00e9vit\u00e9s en tous les cas dans les premiers mois. \u00c0 terme, quand la proth\u00e8se est bien int\u00e9gr\u00e9e dans l\u2019os, il n\u2019y a en principe pas de restriction si la hanche est bien contr\u00f4l\u00e9e par la musculature (r\u00e9cup\u00e9ration proprioceptive).<br>Parlez-en \u00e0 votre chirurgien pour avoir son conseil.<br><br><\/p>\t\t\t\t\t\t\t\t<\/div>\n\t\t\t\t<div class=\"elementor-element elementor-element-3ca0dcf5 Section_3_Titre elementor-widget elementor-widget-heading\" data-id=\"3ca0dcf5\" data-element_type=\"widget\" data-e-type=\"widget\" data-settings=\"{&quot;_animation&quot;:&quot;none&quot;}\" data-widget_type=\"heading.default\">\n\t\t\t\t\t<h3 class=\"elementor-heading-title elementor-size-default\">Prise en charge et suivi\n\n<\/h3>\t\t\t\t<\/div>\n\t\t\t\t<div class=\"elementor-element elementor-element-4397ce84 Section_2_Contenu elementor-widget elementor-widget-text-editor\" data-id=\"4397ce84\" data-element_type=\"widget\" data-e-type=\"widget\" data-widget_type=\"text-editor.default\">\n\t\t\t\t\t\t\t\t\t<p>Apr\u00e8s la consultation du chirurgien, vous serez re\u00e7u en consultation de pr\u00e9-hospitalisation par un m\u00e9decin-assistant pour discuter des informations re\u00e7ues, v\u00e9rifier que tout soit bien organis\u00e9, que le bilan de sant\u00e9 pr\u00e9-op\u00e9ratoire est complet avec la liste des m\u00e9dicaments, etc&#8230;<br>Vous pourrez encore poser toutes vos questions lors de cet entretien.<br>Pour documenter nos r\u00e9sultats, nous utilisons des questionnaires et des scores r\u00e9f\u00e9renc\u00e9s qui sont consign\u00e9s dans votre dossier. Le recueil de ces donn\u00e9es a pour but d\u2019\u00e9valuer la qualit\u00e9 de la prise en charge et votre indice de satisfaction.<br>La proth\u00e8se est \u00e9galement enregistr\u00e9e dans le registre SIRIS (registre f\u00e9d\u00e9ral des implants).<br><br><\/p>\t\t\t\t\t\t\t\t<\/div>\n\t\t\t\t<div class=\"elementor-element elementor-element-2a618e28 Section_3_Titre elementor-widget elementor-widget-heading\" data-id=\"2a618e28\" data-element_type=\"widget\" data-e-type=\"widget\" data-settings=\"{&quot;_animation&quot;:&quot;none&quot;}\" data-widget_type=\"heading.default\">\n\t\t\t\t\t<h2 class=\"elementor-heading-title elementor-size-default\">Questions fr\u00e9quentes<\/h2>\t\t\t\t<\/div>\n\t\t\t\t<div class=\"elementor-element elementor-element-773c756d faq_pathologie elementor-widget-mobile__width-inherit elementor-widget elementor-widget-pxl_accordion\" data-id=\"773c756d\" data-element_type=\"widget\" data-e-type=\"widget\" data-widget_type=\"pxl_accordion.default\">\n\t\t\t\t<div class=\"elementor-widget-container\">\n\t\t\t\t\t    <div class=\"pxl-accordion pxl-accordion1 style1 \" data-wow-delay=\"ms\">\r\n                    <div class=\"pxl--item  active \">\r\n                                \r\n                <h5 class=\"pxl-accordion--title\" data-target=\"#pxl_accordion-773c756d-4391-98960d6\">\r\n                                <span class=\"pxl-title--text pxl-pr-20\">Combien de temps dure l\u2019op\u00e9ration?<\/span>\r\n\r\n                <i class=\"pxl-icon--plus pxl-r-9\"><\/i> \r\n\r\n                \r\n                <\/h5>\r\n                <div id=\"pxl_accordion-773c756d-4391-98960d6\" class=\"pxl-accordion--content\" style=\"display: block;\">\r\n                    Environ 1h30 \u00e0 2h00<br \/>\n                <\/div>\r\n                                            <\/div>\r\n                    <div class=\"pxl--item   \">\r\n                                \r\n                <h5 class=\"pxl-accordion--title\" data-target=\"#pxl_accordion-773c756d-4391-f5ba80f\">\r\n                                <span class=\"pxl-title--text pxl-pr-20\">Quelle est la dur\u00e9e de vie des proth\u00e8ses?<\/span>\r\n\r\n                <i class=\"pxl-icon--plus pxl-r-9\"><\/i> \r\n\r\n                \r\n                <\/h5>\r\n                <div id=\"pxl_accordion-773c756d-4391-f5ba80f\" class=\"pxl-accordion--content\" >\r\n                    Actuellement on peut parler d\u2019un taux de survie d\u2019implants sup\u00e9rieur \u00e0 90% apr\u00e8s 20 ans.<br \/>\n                <\/div>\r\n                                            <\/div>\r\n                    <div class=\"pxl--item   \">\r\n                                \r\n                <h5 class=\"pxl-accordion--title\" data-target=\"#pxl_accordion-773c756d-4391-e1b7c4f\">\r\n                                <span class=\"pxl-title--text pxl-pr-20\">En quoi la proth\u00e8se est faite?<\/span>\r\n\r\n                <i class=\"pxl-icon--plus pxl-r-9\"><\/i> \r\n\r\n                \r\n                <\/h5>\r\n                <div id=\"pxl_accordion-773c756d-4391-e1b7c4f\" class=\"pxl-accordion--content\" >\r\n                    G\u00e9n\u00e9ralement les implants non ciment\u00e9s sont constitu\u00e9s de titane \u00e0 la jonction proth\u00e8se\/os et le titane est trait\u00e9 de mani\u00e8re \u00e0 pouvoir favoriser la repousse osseuse qui assure la fixation d\u00e9finitive de l\u2019implant. Les implants ciment\u00e9s sont en chrome cobalt.<br \/>\n                <\/div>\r\n                                            <\/div>\r\n                    <div class=\"pxl--item   \">\r\n                                \r\n                <h5 class=\"pxl-accordion--title\" data-target=\"#pxl_accordion-773c756d-4391-69cbd4e\">\r\n                                <span class=\"pxl-title--text pxl-pr-20\">Quelle est la longueur de l\u2019incision n\u00e9cessaire \u00e0 l\u2019implantation d\u2019une proth\u00e8se de hanche?<\/span>\r\n\r\n                <i class=\"pxl-icon--plus pxl-r-9\"><\/i> \r\n\r\n                \r\n                <\/h5>\r\n                <div id=\"pxl_accordion-773c756d-4391-69cbd4e\" class=\"pxl-accordion--content\" >\r\n                    La longueur d\u00e9pend g\u00e9n\u00e9ralement de la voie d\u2019abord utilis\u00e9e, elle mesure de 8 \u00e0 14 cm. La hanche peut \u00eatre abord\u00e9e par voie ant\u00e9rieure ou post\u00e9rieure, ant\u00e9ro-lat\u00e9rale ou post\u00e9ro-lat\u00e9rale. Le choix de la voie d\u2019abord d\u00e9pend avant tout de la morphologie osseuse de la hanche et des habitudes du chirurgien.<br \/>\n                <\/div>\r\n                                            <\/div>\r\n                    <div class=\"pxl--item   \">\r\n                                \r\n                <h5 class=\"pxl-accordion--title\" data-target=\"#pxl_accordion-773c756d-4391-3e685f7\">\r\n                                <span class=\"pxl-title--text pxl-pr-20\">Quand puis-je commencer \u00e0 conduire?<\/span>\r\n\r\n                <i class=\"pxl-icon--plus pxl-r-9\"><\/i> \r\n\r\n                \r\n                <\/h5>\r\n                <div id=\"pxl_accordion-773c756d-4391-3e685f7\" class=\"pxl-accordion--content\" >\r\n                    La conduite est autoris\u00e9e pour une voiture automatique d\u00e8s le 10\u00e8me jour post-op\u00e9ratoire si c\u2019est la hanche gauche qui a \u00e9t\u00e9 op\u00e9r\u00e9e. Pour une voiture normale, un d\u00e9lai de 3 semaines est n\u00e9cessaire pour la hanche gauche. Pour la hanche droite, \u00e0 la fin de la 4\u00e8me semaine. La conduite n\u2019est toutefois autoris\u00e9e que lorsqu\u2019il existe un excellent contr\u00f4le du membre inf\u00e9rieur permettant de \u00abplanter\u00bb sur les freins si n\u00e9cessaire sans se poser de questions.<br \/>\n                <\/div>\r\n                                            <\/div>\r\n                    <div class=\"pxl--item   \">\r\n                                \r\n                <h5 class=\"pxl-accordion--title\" data-target=\"#pxl_accordion-773c756d-4391-5fa2efb\">\r\n                                <span class=\"pxl-title--text pxl-pr-20\">Combien de temps dois-je garder les cannes?<\/span>\r\n\r\n                <i class=\"pxl-icon--plus pxl-r-9\"><\/i> \r\n\r\n                \r\n                <\/h5>\r\n                <div id=\"pxl_accordion-773c756d-4391-5fa2efb\" class=\"pxl-accordion--content\" >\r\n                    Il est important de r\u00e9cup\u00e9rer une d\u00e9marche harmonieuse sans boiterie avec un pas sym\u00e9trique et un bon maintien de la charni\u00e8re lombo-pelvienne. A cet effet il convient de garder les cannes jusqu\u2019\u00e0 ce qu\u2019il vous soit possible de marcher normalement c\"est-\u00e0-dire 4 \u00e0 7 semaines en moyenne.<br \/>\n                <\/div>\r\n                                            <\/div>\r\n                    <div class=\"pxl--item   \">\r\n                                \r\n                <h5 class=\"pxl-accordion--title\" data-target=\"#pxl_accordion-773c756d-4391-e495c59\">\r\n                                <span class=\"pxl-title--text pxl-pr-20\">Est-ce que je vais \u00ab sonner \u00bb en passant dans les a\u00e9roports?<\/span>\r\n\r\n                <i class=\"pxl-icon--plus pxl-r-9\"><\/i> \r\n\r\n                \r\n                <\/h5>\r\n                <div id=\"pxl_accordion-773c756d-4391-e495c59\" class=\"pxl-accordion--content\" >\r\n                    Oui g\u00e9n\u00e9ralement s\u2019agissant d\u2019un implant m\u00e9tallique assez massif il est d\u00e9tectable au portillon de l\u2019a\u00e9roport et nous vous remettrons \u00e0 cet effet une carte de porteur d\u2019implant.<br \/>\n                <\/div>\r\n                                            <\/div>\r\n                    <div class=\"pxl--item   \">\r\n                                \r\n                <h5 class=\"pxl-accordion--title\" data-target=\"#pxl_accordion-773c756d-4391-6690467\">\r\n                                <span class=\"pxl-title--text pxl-pr-20\">Dois-je prendre des antibiotiques quand je vais chez le dentiste?<\/span>\r\n\r\n                <i class=\"pxl-icon--plus pxl-r-9\"><\/i> \r\n\r\n                \r\n                <\/h5>\r\n                <div id=\"pxl_accordion-773c756d-4391-6690467\" class=\"pxl-accordion--content\" >\r\n                    Une pr\u00e9vention antibiotique peut parfois \u00eatre recommand\u00e9e lors de nettoyage dentaire extensif ou en cas d\u2019abc\u00e8s dentaire. Pour les autres traitements, il convient de juger de cas en cas l\u2019indication \u00e0 la prophylaxie antibiotique.<br \/>\n                <\/div>\r\n                                            <\/div>\r\n                    <div class=\"pxl--item   \">\r\n                                \r\n                <h5 class=\"pxl-accordion--title\" data-target=\"#pxl_accordion-773c756d-4391-339cc8c\">\r\n                                <span class=\"pxl-title--text pxl-pr-20\">Quand pourrai-je recommencer \u00e0 faire du sport?<\/span>\r\n\r\n                <i class=\"pxl-icon--plus pxl-r-9\"><\/i> \r\n\r\n                \r\n                <\/h5>\r\n                <div id=\"pxl_accordion-773c756d-4391-339cc8c\" class=\"pxl-accordion--content\" >\r\n                    La reprise d\u2019une activit\u00e9 sportive doit s\u2019effectuer de mani\u00e8re progressive. La reprise d\u2019une activit\u00e9 telle que le nordic walking, le ski de fond ou la marche rapide est possible d\u00e8s la 6\u00e8me semaine ; la reprise du ski, du tennis ou du golf apr\u00e8s trois mois. Une activit\u00e9 comme la course \u00e0 pied n\u2019est pas recommand\u00e9e.<br \/>\n                <\/div>\r\n                                            <\/div>\r\n                    <div class=\"pxl--item   \">\r\n                                \r\n                <h5 class=\"pxl-accordion--title\" data-target=\"#pxl_accordion-773c756d-4391-0e1dac1\">\r\n                                <span class=\"pxl-title--text pxl-pr-20\">Combien de temps dure une proth\u00e8se?<\/span>\r\n\r\n                <i class=\"pxl-icon--plus pxl-r-9\"><\/i> \r\n\r\n                \r\n                <\/h5>\r\n                <div id=\"pxl_accordion-773c756d-4391-0e1dac1\" class=\"pxl-accordion--content\" >\r\n                    Actuellement, si l\u2019on se r\u00e9f\u00e8re \u00e0 la litt\u00e9rature m\u00e9dicale orthop\u00e9dique la dur\u00e9e des implants d\u00e9passe largement 20 voire 30 ans (taux de survie d\u2019implant de plus de 95% \u00e0 15 ans).<br \/>\n                <\/div>\r\n                                            <\/div>\r\n                    <div class=\"pxl--item   \">\r\n                                \r\n                <h5 class=\"pxl-accordion--title\" data-target=\"#pxl_accordion-773c756d-4391-3f9a9de\">\r\n                                <span class=\"pxl-title--text pxl-pr-20\">Quels sont les mouvements qui sont interdits?<\/span>\r\n\r\n                <i class=\"pxl-icon--plus pxl-r-9\"><\/i> \r\n\r\n                \r\n                <\/h5>\r\n                <div id=\"pxl_accordion-773c756d-4391-3f9a9de\" class=\"pxl-accordion--content\" >\r\n                    En fonction de la voie d\u2019abord, il convient d\u2019\u00e9viter certaines attitudes qui peuvent pr\u00e9disposer \u00e0 des ph\u00e9nom\u00e8nes d\u2019instabilit\u00e9. En cas d\u2019abord post\u00e9rieur, il convient de conserver toujours une distance entre les deux genoux en particulier en se relevant d\u2019un si\u00e8ge bas. Si en position assise on doit ramasser quelque chose parterre il convient de le faire en passant les bras entre les jambes et non de c\u00f4t\u00e9. Enfin il n\u2019est pas recommand\u00e9 de croiser les jambes.<br \/>\n                <\/div>\r\n                                            <\/div>\r\n                    <div class=\"pxl--item   \">\r\n                                \r\n                <h5 class=\"pxl-accordion--title\" data-target=\"#pxl_accordion-773c756d-4391-2440e02\">\r\n                                <span class=\"pxl-title--text pxl-pr-20\">Est- ce que je peux avoir une vie sexuelle normale?<\/span>\r\n\r\n                <i class=\"pxl-icon--plus pxl-r-9\"><\/i> \r\n\r\n                \r\n                <\/h5>\r\n                <div id=\"pxl_accordion-773c756d-4391-2440e02\" class=\"pxl-accordion--content\" >\r\n                    L\u2019implantation de la proth\u00e8se totale a montr\u00e9 qu\u2019elle apporte une am\u00e9lioration de la qualit\u00e9 de vie y compris sexuellement. Il convient simplement d\u2019\u00e9viter les positions d\u2019extr\u00eame flexion et de garder toujours une distance entre les deux genoux.<br \/>\n                <\/div>\r\n                                            <\/div>\r\n            <\/div>\r\n    \t\t\t\t<\/div>\n\t\t\t\t<\/div>\n\t\t            <\/div>\r\n        <\/div>\r\n                <div class=\"elementor-column elementor-col-50 elementor-top-column elementor-element elementor-element-6572967d pxl-column-sticky pxl-column-overflow-hidden-no\" data-id=\"6572967d\" data-element_type=\"column\" data-e-type=\"column\">\r\n        <div class=\"elementor-widget-wrap elementor-element-populated\">\r\n                     \r\n                <section class=\"elementor-section elementor-inner-section elementor-element elementor-element-2273bed1 section_4_colonne_d_bloc_1 elementor-section-boxed elementor-section-height-default elementor-section-height-default pxl-row-scroll-none pxl-zoom-point-false pxl-section-overflow-visible pxl-section-fix-none pxl-bg-color-none pxl-section-overlay-none\" data-id=\"2273bed1\" data-element_type=\"section\" data-e-type=\"section\" data-settings=\"{&quot;background_background&quot;:&quot;classic&quot;}\">\n\n                \n                <div class=\"elementor-container elementor-column-gap-default \">\n                <div class=\"elementor-column elementor-col-100 elementor-inner-column elementor-element elementor-element-6bc4c526 section_4_colonne_d_bloc_1 pxl-column-none pxl-column-overflow-hidden-no\" data-id=\"6bc4c526\" data-element_type=\"column\" data-e-type=\"column\" data-settings=\"{&quot;background_background&quot;:&quot;classic&quot;}\">\r\n        <div class=\"elementor-widget-wrap elementor-element-populated\">\r\n                     \r\n        \t\t<div class=\"elementor-element elementor-element-f3bef7b elementor-toc--content-ellipsis elementor-widget__width-inherit section_4_colonne_d_bloc_1_TOC elementor-toc--minimized-on-tablet elementor-widget elementor-widget-table-of-contents\" data-id=\"f3bef7b\" data-element_type=\"widget\" data-e-type=\"widget\" data-settings=\"{&quot;headings_by_tags&quot;:[&quot;h2&quot;],&quot;exclude_headings_by_selector&quot;:[],&quot;marker_view&quot;:&quot;bullets&quot;,&quot;no_headings_message&quot;:&quot;No headings were found on this page.&quot;,&quot;collapse_subitems&quot;:&quot;yes&quot;,&quot;icon&quot;:{&quot;value&quot;:&quot;&quot;,&quot;library&quot;:&quot;&quot;},&quot;minimize_box&quot;:&quot;yes&quot;,&quot;minimized_on&quot;:&quot;tablet&quot;,&quot;hierarchical_view&quot;:&quot;yes&quot;,&quot;min_height&quot;:{&quot;unit&quot;:&quot;px&quot;,&quot;size&quot;:&quot;&quot;,&quot;sizes&quot;:[]},&quot;min_height_tablet&quot;:{&quot;unit&quot;:&quot;px&quot;,&quot;size&quot;:&quot;&quot;,&quot;sizes&quot;:[]},&quot;min_height_mobile&quot;:{&quot;unit&quot;:&quot;px&quot;,&quot;size&quot;:&quot;&quot;,&quot;sizes&quot;:[]}}\" data-widget_type=\"table-of-contents.default\">\n\t\t\t\t\t\t\t\t\t<div class=\"elementor-toc__header\">\n\t\t\t\t\t\t<h4 class=\"elementor-toc__header-title\">\n\t\t\t\tSommaire\t\t\t<\/h4>\n\t\t\t\t\t\t\t\t\t\t<div class=\"elementor-toc__toggle-button elementor-toc__toggle-button--expand\" role=\"button\" tabindex=\"0\" aria-controls=\"elementor-toc__f3bef7b\" aria-expanded=\"true\" aria-label=\"Ouvrir la table des mati\u00e8res\"><i aria-hidden=\"true\" class=\"fas fa-chevron-down\"><\/i><\/div>\n\t\t\t\t<div class=\"elementor-toc__toggle-button elementor-toc__toggle-button--collapse\" role=\"button\" tabindex=\"0\" aria-controls=\"elementor-toc__f3bef7b\" aria-expanded=\"true\" aria-label=\"Fermer la table des mati\u00e8res\"><i aria-hidden=\"true\" class=\"fas fa-chevron-up\"><\/i><\/div>\n\t\t\t\t\t<\/div>\n\t\t\t\t<div id=\"elementor-toc__f3bef7b\" class=\"elementor-toc__body elementor-toc__list-items--collapsible\">\n\t\t\t<div class=\"elementor-toc__spinner-container\">\n\t\t\t\t<i class=\"elementor-toc__spinner eicon-animation-spin eicon-loading\" aria-hidden=\"true\"><\/i>\t\t\t<\/div>\n\t\t<\/div>\n\t\t\t\t\t\t<\/div>\n\t\t            <\/div>\r\n        <\/div>\r\n        \t\t\t<\/div>\n\t\t<\/section>\n\t\t\t\t<div class=\"elementor-element elementor-element-1228122 elementor-widget elementor-widget-shortcode\" data-id=\"1228122\" data-element_type=\"widget\" data-e-type=\"widget\" data-widget_type=\"shortcode.default\">\n\t\t\t\t\t\t\t<div class=\"elementor-shortcode\">\t\t<div data-elementor-type=\"section\" data-elementor-id=\"18317\" class=\"elementor elementor-18317\" data-elementor-post-type=\"elementor_library\">\n\t\t\t        <section class=\"elementor-section elementor-inner-section elementor-element elementor-element-129a4856 section_4_colonne_d_bloc_2 elementor-section-boxed elementor-section-height-default elementor-section-height-default pxl-row-scroll-none pxl-zoom-point-false pxl-section-overflow-visible pxl-section-fix-none pxl-bg-color-none pxl-section-overlay-none\" data-id=\"129a4856\" data-element_type=\"section\" data-e-type=\"section\" data-settings=\"{&quot;background_background&quot;:&quot;classic&quot;}\">\n\n                \n                <div class=\"elementor-container elementor-column-gap-default \">\n                <div class=\"elementor-column elementor-col-100 elementor-inner-column elementor-element elementor-element-211c6366 section_4_colonne_d_bloc_2 pxl-column-none pxl-column-overflow-hidden-no\" data-id=\"211c6366\" data-element_type=\"column\" data-e-type=\"column\" data-settings=\"{&quot;background_background&quot;:&quot;classic&quot;}\">\r\n        <div class=\"elementor-widget-wrap elementor-element-populated\">\r\n                     \r\n        \t\t<div class=\"elementor-element elementor-element-2fd71dc1 elementor-hidden-desktop elementor-hidden-tablet elementor-hidden-mobile elementor-widget elementor-widget-image\" data-id=\"2fd71dc1\" data-element_type=\"widget\" data-e-type=\"widget\" data-widget_type=\"image.default\">\n\t\t\t\t\t\t\t\t\t\t\t\t\t\t\t<img decoding=\"async\" width=\"400\" height=\"52\" src=\"https:\/\/template2.orthopediste-lausanne.ch\/wp-content\/uploads\/2024\/10\/logo_coo_v2.png\" class=\"attachment-large size-large wp-image-23936\" alt=\"Centre Orthop\u00e9dique d&apos;Ouchy \u00e0 Lausanne\" srcset=\"https:\/\/template2.orthopediste-lausanne.ch\/wp-content\/uploads\/2024\/10\/logo_coo_v2.png 400w, https:\/\/template2.orthopediste-lausanne.ch\/wp-content\/uploads\/2024\/10\/logo_coo_v2-300x39.png 300w, https:\/\/template2.orthopediste-lausanne.ch\/wp-content\/uploads\/2024\/10\/logo_coo_v2-18x2.png 18w\" sizes=\"(max-width: 400px) 100vw, 400px\" \/>\t\t\t\t\t\t\t\t\t\t\t\t\t\t\t<\/div>\n\t\t\t\t<div class=\"elementor-element elementor-element-908bdf9 elementor-widget elementor-widget-heading\" data-id=\"908bdf9\" data-element_type=\"widget\" data-e-type=\"widget\" data-widget_type=\"heading.default\">\n\t\t\t\t\t<h2 class=\"elementor-heading-title elementor-size-default\">Besoin d'un avis m\u00e9dical?<\/h2>\t\t\t\t<\/div>\n\t\t\t\t<div class=\"elementor-element elementor-element-40a030e elementor-widget elementor-widget-heading\" data-id=\"40a030e\" data-element_type=\"widget\" data-e-type=\"widget\" data-widget_type=\"heading.default\">\n\t\t\t\t\t<h2 class=\"elementor-heading-title elementor-size-default\">Les m\u00e9decins du Centre Orthop\u00e9dique d'Ouchy sont \u00e0 votre disposition<\/h2>\t\t\t\t<\/div>\n\t\t\t\t<div class=\"elementor-element elementor-element-56bff6d8 elementor-widget elementor-widget-pxl_icon_box\" data-id=\"56bff6d8\" data-element_type=\"widget\" data-e-type=\"widget\" data-widget_type=\"pxl_icon_box.default\">\n\t\t\t\t<div class=\"elementor-widget-container\">\n\t\t\t\t\t<div class=\"pxl-icon-box pxl-icon-box1 style-1 ani3 \" data-wow-delay=\"ms\">\r\n    <div class=\"pxl-item--inner\">\r\n        \r\n                            <div class=\"pxl-item--icon\">\r\n                                    <svg xmlns=\"http:\/\/www.w3.org\/2000\/svg\" width=\"32\" height=\"32\" fill=\"#000000\" viewBox=\"0 0 256 256\"><path d=\"M128,64a40,40,0,1,0,40,40A40,40,0,0,0,128,64Zm0,64a24,24,0,1,1,24-24A24,24,0,0,1,128,128Zm0-112a88.1,88.1,0,0,0-88,88c0,31.4,14.51,64.68,42,96.25a254.19,254.19,0,0,0,41.45,38.3,8,8,0,0,0,9.18,0A254.19,254.19,0,0,0,174,200.25c27.45-31.57,42-64.85,42-96.25A88.1,88.1,0,0,0,128,16Zm0,206c-16.53-13-72-60.75-72-118a72,72,0,0,1,144,0C200,161.23,144.53,209,128,222Z\"><\/path><\/svg>                                <\/div>\r\n                        <div class=\"pxl-item--meta\">\r\n            <p class=\"pxl-item--title el-empty\">\r\n                             <a >\r\n                        Adresse                             <\/a>\r\n                        <\/p>\r\n            <div class=\"pxl-item--description el-empty\">Avenue d\u2019Ouchy 41<br>\n1006 Lausanne<\/div>\r\n        <\/div>\r\n    <\/div>\r\n<\/div>\t\t\t\t<\/div>\n\t\t\t\t<\/div>\n\t\t\t\t<div class=\"elementor-element elementor-element-c915315 elementor-widget elementor-widget-pxl_icon_box\" data-id=\"c915315\" data-element_type=\"widget\" data-e-type=\"widget\" data-widget_type=\"pxl_icon_box.default\">\n\t\t\t\t<div class=\"elementor-widget-container\">\n\t\t\t\t\t<div class=\"pxl-icon-box pxl-icon-box1 style-1 ani3 \" data-wow-delay=\"ms\">\r\n    <div class=\"pxl-item--inner\">\r\n        \r\n                            <div class=\"pxl-item--icon\">\r\n                                    <svg xmlns=\"http:\/\/www.w3.org\/2000\/svg\" width=\"32\" height=\"32\" fill=\"#000000\" viewBox=\"0 0 256 256\"><path d=\"M168,112a8,8,0,0,1-8,8H96a8,8,0,0,1,0-16h64A8,8,0,0,1,168,112Zm-8,24H96a8,8,0,0,0,0,16h64a8,8,0,0,0,0-16Zm72-12A100.11,100.11,0,0,1,132,224H47.67A15.69,15.69,0,0,1,32,208.33V124a100,100,0,0,1,200,0Zm-16,0a84,84,0,0,0-168,0v84h84A84.09,84.09,0,0,0,216,124Z\"><\/path><\/svg>                                <\/div>\r\n                        <div class=\"pxl-item--meta\">\r\n            <p class=\"pxl-item--title el-empty\">\r\n                             <a >\r\n                        Contact                             <\/a>\r\n                        <\/p>\r\n            <div class=\"pxl-item--description el-empty\"><a href=\"mailto:centre@medicol.ch\">centre@medicol.ch<\/a><br>\n+41 21 510 33 48<\/div>\r\n        <\/div>\r\n    <\/div>\r\n<\/div>\t\t\t\t<\/div>\n\t\t\t\t<\/div>\n\t\t\t\t<div class=\"elementor-element elementor-element-8ba6f6e ft-gt elementor-widget elementor-widget-pxl_button\" data-id=\"8ba6f6e\" data-element_type=\"widget\" data-e-type=\"widget\" data-widget_type=\"pxl_button.default\">\n\t\t\t\t<div class=\"elementor-widget-container\">\n\t\t\t\t\t<div id=\"pxl-pxl_button-8ba6f6e-7852\" class=\"pxl-button pxl-atc-link \" data-wow-delay=\"ms\">\r\n    <a href=\"https:\/\/www.centre-ortho.ch\/consultation\/\" class=\"btn  btn-glossy btn-default  full pxl-icon--right\" data-wow-delay=\"ms\" data-target=\".pxl-page-popup-template-0\" target=\"_blank\" rel=\"noopener\">\r\n                    <svg xmlns=\"http:\/\/www.w3.org\/2000\/svg\" viewBox=\"0 0 24 24\" width=\"512\" style=\"transform:scalex(-1);height:auto;\" data-name=\"Layer 2\"><path d=\"m22 11h-17.586l5.293-5.293a1 1 0 1 0 -1.414-1.414l-7 7a1 1 0 0 0 0 1.414l7 7a1 1 0 0 0 1.414-1.414l-5.293-5.293h17.586a1 1 0 0 0 0-2z\"><\/path><\/svg>                        <span class=\"pxl--btn-text\" data-text=\"Prendre rendez-vous\">\r\n                        Prendre rendez-vous        <\/span>\r\n    <\/a>\r\n<\/div>\t\t\t\t<\/div>\n\t\t\t\t<\/div>\n\t\t            <\/div>\r\n        <\/div>\r\n        \t\t\t<\/div>\n\t\t<\/section>\n\t\t\t\t<\/div>\n\t\t<\/div>\n\t\t\t\t\t\t<\/div>\n\t\t            <\/div>\r\n        <\/div>\r\n        \t\t\t<\/div>\n\t\t<\/section>\n\t\t        <section class=\"elementor-section elementor-top-section elementor-element elementor-element-137fb64a elementor-section-boxed elementor-section-height-default elementor-section-height-default pxl-row-scroll-none pxl-zoom-point-false pxl-section-overflow-visible pxl-section-fix-none pxl-bg-color-none pxl-section-overlay-none\" data-id=\"137fb64a\" data-element_type=\"section\" data-e-type=\"section\" data-settings=\"{&quot;background_background&quot;:&quot;classic&quot;}\">\n\n                \n                <div class=\"elementor-container elementor-column-gap-default \">\n                <div class=\"elementor-column elementor-col-100 elementor-top-column elementor-element elementor-element-471c0d9f pxl-column-none pxl-column-overflow-hidden-no\" data-id=\"471c0d9f\" data-element_type=\"column\" data-e-type=\"column\">\r\n        <div class=\"elementor-widget-wrap elementor-element-populated\">\r\n                     \r\n        \t\t<div class=\"elementor-element elementor-element-1a26b910 Section_3_Titre elementor-widget elementor-widget-heading\" data-id=\"1a26b910\" data-element_type=\"widget\" data-e-type=\"widget\" data-settings=\"{&quot;_animation&quot;:&quot;none&quot;}\" data-widget_type=\"heading.default\">\n\t\t\t\t\t<h3 class=\"elementor-heading-title elementor-size-default\">En savoir plus en vid\u00e9os <\/h3>\t\t\t\t<\/div>\n\t\t\t\t<div class=\"elementor-element elementor-element-7a46cba6 Video_Associee_PAT e-tabs-view-vertical elementor-layout-end elementor-widget elementor-widget-video-playlist\" data-id=\"7a46cba6\" data-element_type=\"widget\" data-e-type=\"widget\" data-settings=\"{&quot;playlist_title&quot;:&quot;Vid\\u00e9os Medicol&quot;,&quot;tabs&quot;:[{&quot;_id&quot;:&quot;86c4a51&quot;,&quot;youtube_url&quot;:&quot;https:\\\/\\\/www.youtube.com\\\/watch?v=jjPhAKiFOoM&quot;,&quot;vimeo_url&quot;:null,&quot;title&quot;:&quot;Dr J\\u00e9r\\u00e9mie Gozzo - Lunch Meeting 13 septembre 2024&quot;,&quot;duration&quot;:&quot;17:44&quot;,&quot;thumbnail&quot;:{&quot;url&quot;:&quot;https:\\\/\\\/img.youtube.com\\\/vi\\\/jjPhAKiFOoM\\\/maxresdefault.jpg&quot;,&quot;id&quot;:&quot;&quot;,&quot;size&quot;:&quot;&quot;},&quot;type&quot;:&quot;youtube&quot;,&quot;is_external_url&quot;:null,&quot;hosted_url&quot;:null,&quot;external_url&quot;:null,&quot;section_html_tag&quot;:null,&quot;video_html_tag&quot;:&quot;h4&quot;,&quot;inner_tab_is_content_visible&quot;:&quot;&quot;,&quot;inner_tab_content_1&quot;:null,&quot;inner_tab_content_2&quot;:null},{&quot;_id&quot;:&quot;d73f1fe&quot;,&quot;youtube_url&quot;:&quot;https:\\\/\\\/www.youtube.com\\\/watch?v=IZmUGlrbL_g&quot;,&quot;vimeo_url&quot;:null,&quot;title&quot;:&quot;Planification 3D en pratique et perspectives - Dr Jacques Vallotton&quot;,&quot;duration&quot;:&quot;18:06&quot;,&quot;thumbnail&quot;:{&quot;url&quot;:&quot;https:\\\/\\\/img.youtube.com\\\/vi\\\/IZmUGlrbL_g\\\/maxresdefault.jpg&quot;,&quot;id&quot;:&quot;&quot;,&quot;size&quot;:&quot;&quot;},&quot;type&quot;:&quot;youtube&quot;,&quot;is_external_url&quot;:null,&quot;hosted_url&quot;:null,&quot;external_url&quot;:null,&quot;section_html_tag&quot;:null,&quot;video_html_tag&quot;:&quot;h4&quot;,&quot;inner_tab_is_content_visible&quot;:&quot;&quot;,&quot;inner_tab_content_1&quot;:null,&quot;inner_tab_content_2&quot;:null},{&quot;_id&quot;:&quot;95129d9&quot;,&quot;youtube_url&quot;:&quot;https:\\\/\\\/www.youtube.com\\\/watch?v=dNW-kl1k5KA&quot;,&quot;vimeo_url&quot;:null,&quot;title&quot;:&quot;Rachis et PTH: implications et intrications - Prof. Pascal Kouyoumdjian&quot;,&quot;duration&quot;:&quot;25:37&quot;,&quot;thumbnail&quot;:{&quot;url&quot;:&quot;https:\\\/\\\/img.youtube.com\\\/vi\\\/dNW-kl1k5KA\\\/maxresdefault.jpg&quot;,&quot;id&quot;:&quot;&quot;,&quot;size&quot;:&quot;&quot;},&quot;type&quot;:&quot;youtube&quot;,&quot;is_external_url&quot;:null,&quot;hosted_url&quot;:null,&quot;external_url&quot;:null,&quot;section_html_tag&quot;:null,&quot;video_html_tag&quot;:&quot;h4&quot;,&quot;inner_tab_is_content_visible&quot;:&quot;&quot;,&quot;inner_tab_content_1&quot;:null,&quot;inner_tab_content_2&quot;:null},{&quot;_id&quot;:&quot;a9c1b4d&quot;,&quot;youtube_url&quot;:&quot;https:\\\/\\\/www.youtube.com\\\/watch?v=urlrraIEDJk&quot;,&quot;vimeo_url&quot;:null,&quot;title&quot;:&quot;PTH: quelle voie d&#039;abord? - Dr Hadrien Stolz&quot;,&quot;duration&quot;:&quot;11:49&quot;,&quot;thumbnail&quot;:{&quot;url&quot;:&quot;https:\\\/\\\/img.youtube.com\\\/vi\\\/urlrraIEDJk\\\/maxresdefault.jpg&quot;,&quot;id&quot;:&quot;&quot;,&quot;size&quot;:&quot;&quot;},&quot;type&quot;:&quot;youtube&quot;,&quot;is_external_url&quot;:null,&quot;hosted_url&quot;:null,&quot;external_url&quot;:null,&quot;section_html_tag&quot;:null,&quot;video_html_tag&quot;:&quot;h4&quot;,&quot;inner_tab_is_content_visible&quot;:&quot;&quot;,&quot;inner_tab_content_1&quot;:null,&quot;inner_tab_content_2&quot;:null},{&quot;_id&quot;:&quot;a05f362&quot;,&quot;youtube_url&quot;:&quot;https:\\\/\\\/www.youtube.com\\\/watch?v=8XDvn-DRQpg&quot;,&quot;vimeo_url&quot;:null,&quot;title&quot;:&quot;PTH: la mode des tiges courtes - Dr Jacques Vallotton&quot;,&quot;duration&quot;:&quot;9:55&quot;,&quot;thumbnail&quot;:{&quot;url&quot;:&quot;https:\\\/\\\/img.youtube.com\\\/vi\\\/8XDvn-DRQpg\\\/maxresdefault.jpg&quot;,&quot;id&quot;:&quot;&quot;,&quot;size&quot;:&quot;&quot;},&quot;type&quot;:&quot;youtube&quot;,&quot;is_external_url&quot;:null,&quot;hosted_url&quot;:null,&quot;external_url&quot;:null,&quot;section_html_tag&quot;:null,&quot;video_html_tag&quot;:&quot;h4&quot;,&quot;inner_tab_is_content_visible&quot;:&quot;&quot;,&quot;inner_tab_content_1&quot;:null,&quot;inner_tab_content_2&quot;:null},{&quot;_id&quot;:&quot;3f8e1bd&quot;,&quot;youtube_url&quot;:&quot;https:\\\/\\\/www.youtube.com\\\/watch?v=jRP6m7fV0gI&quot;,&quot;vimeo_url&quot;:null,&quot;title&quot;:&quot;Place de la robotique dans les PTH - Prof. Pascal Kouyoumdjian&quot;,&quot;duration&quot;:&quot;27:14&quot;,&quot;thumbnail&quot;:{&quot;url&quot;:&quot;https:\\\/\\\/img.youtube.com\\\/vi\\\/jRP6m7fV0gI\\\/maxresdefault.jpg&quot;,&quot;id&quot;:&quot;&quot;,&quot;size&quot;:&quot;&quot;},&quot;type&quot;:&quot;youtube&quot;,&quot;is_external_url&quot;:null,&quot;hosted_url&quot;:null,&quot;external_url&quot;:null,&quot;section_html_tag&quot;:null,&quot;video_html_tag&quot;:&quot;h4&quot;,&quot;inner_tab_is_content_visible&quot;:&quot;&quot;,&quot;inner_tab_content_1&quot;:null,&quot;inner_tab_content_2&quot;:null},{&quot;_id&quot;:&quot;55887bc&quot;,&quot;youtube_url&quot;:&quot;https:\\\/\\\/www.youtube.com\\\/watch?v=OOwb8MNoHg8&quot;,&quot;vimeo_url&quot;:null,&quot;title&quot;:&quot;D\\u00e9membrement des douleurs de hanche en pathologie sportive - Dr Guillaume Muff&quot;,&quot;duration&quot;:&quot;33:42&quot;,&quot;thumbnail&quot;:{&quot;url&quot;:&quot;https:\\\/\\\/img.youtube.com\\\/vi\\\/OOwb8MNoHg8\\\/maxresdefault.jpg&quot;,&quot;id&quot;:&quot;&quot;,&quot;size&quot;:&quot;&quot;},&quot;type&quot;:&quot;youtube&quot;,&quot;is_external_url&quot;:null,&quot;hosted_url&quot;:null,&quot;external_url&quot;:null,&quot;section_html_tag&quot;:null,&quot;video_html_tag&quot;:&quot;h4&quot;,&quot;inner_tab_is_content_visible&quot;:&quot;&quot;,&quot;inner_tab_content_1&quot;:null,&quot;inner_tab_content_2&quot;:null},{&quot;_id&quot;:&quot;980e827&quot;,&quot;youtube_url&quot;:&quot;https:\\\/\\\/www.youtube.com\\\/watch?v=c6KGB8Ffx3c&quot;,&quot;vimeo_url&quot;:null,&quot;title&quot;:&quot;Reprise du sport apr\\u00e8s une proth\\u00e8se totale de hanche - Dr Guy Messerli - Symposium M\\u00e9dico-sportif&quot;,&quot;duration&quot;:&quot;16:49&quot;,&quot;thumbnail&quot;:{&quot;url&quot;:&quot;https:\\\/\\\/img.youtube.com\\\/vi\\\/c6KGB8Ffx3c\\\/maxresdefault.jpg&quot;,&quot;id&quot;:&quot;&quot;,&quot;size&quot;:&quot;&quot;},&quot;type&quot;:&quot;youtube&quot;,&quot;is_external_url&quot;:null,&quot;hosted_url&quot;:null,&quot;external_url&quot;:null,&quot;section_html_tag&quot;:null,&quot;video_html_tag&quot;:&quot;h4&quot;,&quot;inner_tab_is_content_visible&quot;:&quot;&quot;,&quot;inner_tab_content_1&quot;:null,&quot;inner_tab_content_2&quot;:null},{&quot;_id&quot;:&quot;e143e86&quot;,&quot;youtube_url&quot;:&quot;https:\\\/\\\/www.youtube.com\\\/watch?v=ovuw4AreG7k&quot;,&quot;vimeo_url&quot;:null,&quot;title&quot;:&quot;PTH chez les patients jeunes - Dr Panayiotis Christofilopoulos - Symposium M\\u00e9dico-sportif&quot;,&quot;duration&quot;:&quot;21:01&quot;,&quot;thumbnail&quot;:{&quot;url&quot;:&quot;https:\\\/\\\/img.youtube.com\\\/vi\\\/ovuw4AreG7k\\\/maxresdefault.jpg&quot;,&quot;id&quot;:&quot;&quot;,&quot;size&quot;:&quot;&quot;},&quot;type&quot;:&quot;youtube&quot;,&quot;is_external_url&quot;:null,&quot;hosted_url&quot;:null,&quot;external_url&quot;:null,&quot;section_html_tag&quot;:null,&quot;video_html_tag&quot;:&quot;h4&quot;,&quot;inner_tab_is_content_visible&quot;:&quot;&quot;,&quot;inner_tab_content_1&quot;:null,&quot;inner_tab_content_2&quot;:null},{&quot;_id&quot;:&quot;33a2253&quot;,&quot;youtube_url&quot;:&quot;https:\\\/\\\/www.youtube.com\\\/watch?v=Fig7FvLrldo&quot;,&quot;vimeo_url&quot;:null,&quot;title&quot;:&quot;L&#039;arthrose chez les jeunes patients sportifs - Glen Monnard - Symposium M\\u00e9dico-sportif&quot;,&quot;duration&quot;:&quot;21:33&quot;,&quot;thumbnail&quot;:{&quot;url&quot;:&quot;https:\\\/\\\/img.youtube.com\\\/vi\\\/Fig7FvLrldo\\\/maxresdefault.jpg&quot;,&quot;id&quot;:&quot;&quot;,&quot;size&quot;:&quot;&quot;},&quot;type&quot;:&quot;youtube&quot;,&quot;is_external_url&quot;:null,&quot;hosted_url&quot;:null,&quot;external_url&quot;:null,&quot;section_html_tag&quot;:null,&quot;video_html_tag&quot;:&quot;h4&quot;,&quot;inner_tab_is_content_visible&quot;:&quot;&quot;,&quot;inner_tab_content_1&quot;:null,&quot;inner_tab_content_2&quot;:null},{&quot;_id&quot;:&quot;87e796b&quot;,&quot;youtube_url&quot;:&quot;https:\\\/\\\/www.youtube.com\\\/watch?v=GtDXu-koeBE&quot;,&quot;vimeo_url&quot;:null,&quot;title&quot;:&quot;Arthrose de la hanche, chirurgie par voie ant\\u00e9rieure mini-invasive&quot;,&quot;duration&quot;:&quot;1:09:38&quot;,&quot;thumbnail&quot;:{&quot;url&quot;:&quot;https:\\\/\\\/img.youtube.com\\\/vi\\\/GtDXu-koeBE\\\/maxresdefault.jpg&quot;,&quot;id&quot;:&quot;&quot;,&quot;size&quot;:&quot;&quot;},&quot;type&quot;:&quot;youtube&quot;,&quot;is_external_url&quot;:null,&quot;hosted_url&quot;:null,&quot;external_url&quot;:null,&quot;section_html_tag&quot;:null,&quot;video_html_tag&quot;:&quot;h4&quot;,&quot;inner_tab_is_content_visible&quot;:&quot;&quot;,&quot;inner_tab_content_1&quot;:null,&quot;inner_tab_content_2&quot;:null},{&quot;_id&quot;:&quot;fafb54d&quot;,&quot;youtube_url&quot;:&quot;https:\\\/\\\/www.youtube.com\\\/watch?v=_musT2vGGc8&quot;,&quot;vimeo_url&quot;:null,&quot;title&quot;:&quot;\\u00c9clairage - L&#039;arthrose de la hanche par la Prof. Brigitte Jolles-Haeberli&quot;,&quot;duration&quot;:&quot;30:55&quot;,&quot;thumbnail&quot;:{&quot;url&quot;:&quot;https:\\\/\\\/img.youtube.com\\\/vi\\\/_musT2vGGc8\\\/maxresdefault.jpg&quot;,&quot;id&quot;:&quot;&quot;,&quot;size&quot;:&quot;&quot;},&quot;type&quot;:&quot;youtube&quot;,&quot;is_external_url&quot;:null,&quot;hosted_url&quot;:null,&quot;external_url&quot;:null,&quot;section_html_tag&quot;:null,&quot;video_html_tag&quot;:&quot;h4&quot;,&quot;inner_tab_is_content_visible&quot;:&quot;&quot;,&quot;inner_tab_content_1&quot;:null,&quot;inner_tab_content_2&quot;:null}],&quot;inner_tab_title_1&quot;:&quot;R\\u00e9sum\\u00e9&quot;,&quot;inner_tab_title_2&quot;:&quot;M\\u00e9decins &quot;,&quot;inner_tab_is_content_collapsible&quot;:&quot;collapsible&quot;,&quot;inner_tab_collapsible_height&quot;:{&quot;unit&quot;:&quot;px&quot;,&quot;size&quot;:&quot;&quot;,&quot;sizes&quot;:[]},&quot;inner_tab_collapsible_height_tablet&quot;:{&quot;unit&quot;:&quot;px&quot;,&quot;size&quot;:&quot;&quot;,&quot;sizes&quot;:[]},&quot;inner_tab_collapsible_height_mobile&quot;:{&quot;unit&quot;:&quot;px&quot;,&quot;size&quot;:&quot;&quot;,&quot;sizes&quot;:[]}}\" data-widget_type=\"video-playlist.default\">\n\t\t\t\t\t\n\t\t<div class=\"e-tabs\" role=\"region\" aria-labelledby=\"e-playlist-7a46cba6\">\n\t\t\t<div class=\"e-tabs-main-area\">\n\t\t\t\t<div class=\"e-tabs-wrapper\">\n\t\t\t\t\t<div class=\"e-tabs-header\">\n\t\t\t\t\t\t<h4 class=\"e-tabs-title\" id=\"e-playlist-7a46cba6\">Vid\u00e9os Medicol<\/h4>\n\t\t\t\t\t\t<div class=\"e-tabs-header-right-side\">\n\t\t\t\t\t\t\t\t\t\t\t\t\t\t\t<span class=\"e-tabs-videos-count\">12 Vid\u00e9os<\/span>\n\t\t\t\t\t\t\t\t\t\t\t\t\t\t<i aria-hidden=\"true\" class=\"e-tabs-toggle-videos-display-button rotate-down eicon-caret-down\"><\/i>\t\t\t\t\t\t<\/div>\n\t\t\t\t\t<\/div>\n\t\t\t\t\t<div class=\"e-tabs-items-wrapper\">\n\t\t\t\t\t\t<div class=\"e-tabs-items\" role=\"tablist\">\n\t\t\t\t\t\t\t\t\t\t\t\t\t\t\t\t\t\t\t\t\t\t\t\t<div id=\"e-tab-title-2051\" class=\"e-tab-title e-tab-desktop-title\" aria-selected=\"true\" data-tab=\"1\" role=\"tab\" tabindex=\"0\" aria-controls=\"e-tab-content-2051\">\n\t\t\t\t\t\t\t\t\t\t\t\t\t\t\t\t\t\t\t\t\t<div class=\"e-tab-thumbnail\">\n\t\t\t\t\t\t\t\t\t\t\t\t\t\t\t\t\t\t\t\t\t\t\t\t\t<img decoding=\"async\" src=\"https:\/\/img.youtube.com\/vi\/jjPhAKiFOoM\/maxresdefault.jpg\" alt=\"Dr J\u00e9r\u00e9mie Gozzo - Lunch Meeting 13 septembre 2024\" loading=\"lazy\" \/>\n\t\t\t\t\t\t\t\t\t\t\t\t\t\t\t\t\t\t\t\t\t\t\t\t<span class=\"icon-play\"><i aria-hidden=\"true\" class=\"fas fa-play-circle\"><\/i><\/span>\n\t\t\t\t\t\t\t\t\t\t\t\t<span class=\"icon-watched\"><i aria-hidden=\"true\" class=\"fas fa-check-circle\"><\/i><\/span>\n\t\t\t\t\t\t\t\t\t\t\t<\/div>\n\t\t\t\t\t\t\t\t\t\t\t\t\t\t\t\t\t\t\t\t<h4 class=\"e-tab-title-text\">\n\t\t\t\t\t\t\t\t\t\t\t<button type=\"button\">Dr J\u00e9r\u00e9mie Gozzo - Lunch Meeting 13 septembre 2024<\/button>\n\t\t\t\t\t\t\t\t\t\t<\/h4>\n\t\t\t\t\t\t\t\t\t\t\t\t\t\t\t\t\t\t\t\t\t<span class=\"e-tab-duration\">17:44<\/span>\n\t\t\t\t\t\t\t\t\t\t\t\t\t\t\t\t\t\t\t<\/div>\n\t\t\t\t\t\t\t\t\t\t\t\t\t\t\t\t\t\t\t\t\t\t\t\t\t\t\t\t\t\t\t\t<div id=\"e-tab-title-2052\" class=\"e-tab-title e-tab-desktop-title\" aria-selected=\"false\" data-tab=\"2\" role=\"tab\" tabindex=\"-1\" aria-controls=\"e-tab-content-2052\">\n\t\t\t\t\t\t\t\t\t\t\t\t\t\t\t\t\t\t\t\t\t<div class=\"e-tab-thumbnail\">\n\t\t\t\t\t\t\t\t\t\t\t\t\t\t\t\t\t\t\t\t\t\t\t\t\t<img decoding=\"async\" src=\"https:\/\/img.youtube.com\/vi\/IZmUGlrbL_g\/maxresdefault.jpg\" alt=\"Planification 3D en pratique et perspectives - Dr Jacques Vallotton\" loading=\"lazy\" \/>\n\t\t\t\t\t\t\t\t\t\t\t\t\t\t\t\t\t\t\t\t\t\t\t\t<span class=\"icon-play\"><i aria-hidden=\"true\" class=\"fas fa-play-circle\"><\/i><\/span>\n\t\t\t\t\t\t\t\t\t\t\t\t<span class=\"icon-watched\"><i aria-hidden=\"true\" class=\"fas fa-check-circle\"><\/i><\/span>\n\t\t\t\t\t\t\t\t\t\t\t<\/div>\n\t\t\t\t\t\t\t\t\t\t\t\t\t\t\t\t\t\t\t\t<h4 class=\"e-tab-title-text\">\n\t\t\t\t\t\t\t\t\t\t\t<button type=\"button\">Planification 3D en pratique et perspectives - Dr Jacques Vallotton<\/button>\n\t\t\t\t\t\t\t\t\t\t<\/h4>\n\t\t\t\t\t\t\t\t\t\t\t\t\t\t\t\t\t\t\t\t\t<span class=\"e-tab-duration\">18:06<\/span>\n\t\t\t\t\t\t\t\t\t\t\t\t\t\t\t\t\t\t\t<\/div>\n\t\t\t\t\t\t\t\t\t\t\t\t\t\t\t\t\t\t\t\t\t\t\t\t\t\t\t\t\t\t\t\t<div id=\"e-tab-title-2053\" class=\"e-tab-title e-tab-desktop-title\" aria-selected=\"false\" data-tab=\"3\" role=\"tab\" tabindex=\"-1\" aria-controls=\"e-tab-content-2053\">\n\t\t\t\t\t\t\t\t\t\t\t\t\t\t\t\t\t\t\t\t\t<div class=\"e-tab-thumbnail\">\n\t\t\t\t\t\t\t\t\t\t\t\t\t\t\t\t\t\t\t\t\t\t\t\t\t<img decoding=\"async\" src=\"https:\/\/img.youtube.com\/vi\/dNW-kl1k5KA\/maxresdefault.jpg\" alt=\"Rachis et PTH: implications et intrications - Prof. Pascal Kouyoumdjian\" loading=\"lazy\" \/>\n\t\t\t\t\t\t\t\t\t\t\t\t\t\t\t\t\t\t\t\t\t\t\t\t<span class=\"icon-play\"><i aria-hidden=\"true\" class=\"fas fa-play-circle\"><\/i><\/span>\n\t\t\t\t\t\t\t\t\t\t\t\t<span class=\"icon-watched\"><i aria-hidden=\"true\" class=\"fas fa-check-circle\"><\/i><\/span>\n\t\t\t\t\t\t\t\t\t\t\t<\/div>\n\t\t\t\t\t\t\t\t\t\t\t\t\t\t\t\t\t\t\t\t<h4 class=\"e-tab-title-text\">\n\t\t\t\t\t\t\t\t\t\t\t<button type=\"button\">Rachis et PTH: implications et intrications - Prof. Pascal Kouyoumdjian<\/button>\n\t\t\t\t\t\t\t\t\t\t<\/h4>\n\t\t\t\t\t\t\t\t\t\t\t\t\t\t\t\t\t\t\t\t\t<span class=\"e-tab-duration\">25:37<\/span>\n\t\t\t\t\t\t\t\t\t\t\t\t\t\t\t\t\t\t\t<\/div>\n\t\t\t\t\t\t\t\t\t\t\t\t\t\t\t\t\t\t\t\t\t\t\t\t\t\t\t\t\t\t\t\t<div id=\"e-tab-title-2054\" class=\"e-tab-title e-tab-desktop-title\" aria-selected=\"false\" data-tab=\"4\" role=\"tab\" tabindex=\"-1\" aria-controls=\"e-tab-content-2054\">\n\t\t\t\t\t\t\t\t\t\t\t\t\t\t\t\t\t\t\t\t\t<div class=\"e-tab-thumbnail\">\n\t\t\t\t\t\t\t\t\t\t\t\t\t\t\t\t\t\t\t\t\t\t\t\t\t<img decoding=\"async\" src=\"https:\/\/img.youtube.com\/vi\/urlrraIEDJk\/maxresdefault.jpg\" alt=\"PTH: quelle voie d&#039;abord? - Dr Hadrien Stolz\" loading=\"lazy\" \/>\n\t\t\t\t\t\t\t\t\t\t\t\t\t\t\t\t\t\t\t\t\t\t\t\t<span class=\"icon-play\"><i aria-hidden=\"true\" class=\"fas fa-play-circle\"><\/i><\/span>\n\t\t\t\t\t\t\t\t\t\t\t\t<span class=\"icon-watched\"><i aria-hidden=\"true\" class=\"fas fa-check-circle\"><\/i><\/span>\n\t\t\t\t\t\t\t\t\t\t\t<\/div>\n\t\t\t\t\t\t\t\t\t\t\t\t\t\t\t\t\t\t\t\t<h4 class=\"e-tab-title-text\">\n\t\t\t\t\t\t\t\t\t\t\t<button type=\"button\">PTH: quelle voie d'abord? - Dr Hadrien Stolz<\/button>\n\t\t\t\t\t\t\t\t\t\t<\/h4>\n\t\t\t\t\t\t\t\t\t\t\t\t\t\t\t\t\t\t\t\t\t<span class=\"e-tab-duration\">11:49<\/span>\n\t\t\t\t\t\t\t\t\t\t\t\t\t\t\t\t\t\t\t<\/div>\n\t\t\t\t\t\t\t\t\t\t\t\t\t\t\t\t\t\t\t\t\t\t\t\t\t\t\t\t\t\t\t\t<div id=\"e-tab-title-2055\" class=\"e-tab-title e-tab-desktop-title\" aria-selected=\"false\" data-tab=\"5\" role=\"tab\" tabindex=\"-1\" aria-controls=\"e-tab-content-2055\">\n\t\t\t\t\t\t\t\t\t\t\t\t\t\t\t\t\t\t\t\t\t<div class=\"e-tab-thumbnail\">\n\t\t\t\t\t\t\t\t\t\t\t\t\t\t\t\t\t\t\t\t\t\t\t\t\t<img decoding=\"async\" src=\"https:\/\/img.youtube.com\/vi\/8XDvn-DRQpg\/maxresdefault.jpg\" alt=\"PTH: la mode des tiges courtes - Dr Jacques Vallotton\" loading=\"lazy\" \/>\n\t\t\t\t\t\t\t\t\t\t\t\t\t\t\t\t\t\t\t\t\t\t\t\t<span class=\"icon-play\"><i aria-hidden=\"true\" class=\"fas fa-play-circle\"><\/i><\/span>\n\t\t\t\t\t\t\t\t\t\t\t\t<span class=\"icon-watched\"><i aria-hidden=\"true\" class=\"fas fa-check-circle\"><\/i><\/span>\n\t\t\t\t\t\t\t\t\t\t\t<\/div>\n\t\t\t\t\t\t\t\t\t\t\t\t\t\t\t\t\t\t\t\t<h4 class=\"e-tab-title-text\">\n\t\t\t\t\t\t\t\t\t\t\t<button type=\"button\">PTH: la mode des tiges courtes - Dr Jacques Vallotton<\/button>\n\t\t\t\t\t\t\t\t\t\t<\/h4>\n\t\t\t\t\t\t\t\t\t\t\t\t\t\t\t\t\t\t\t\t\t<span class=\"e-tab-duration\">9:55<\/span>\n\t\t\t\t\t\t\t\t\t\t\t\t\t\t\t\t\t\t\t<\/div>\n\t\t\t\t\t\t\t\t\t\t\t\t\t\t\t\t\t\t\t\t\t\t\t\t\t\t\t\t\t\t\t\t<div id=\"e-tab-title-2056\" class=\"e-tab-title e-tab-desktop-title\" aria-selected=\"false\" data-tab=\"6\" role=\"tab\" tabindex=\"-1\" aria-controls=\"e-tab-content-2056\">\n\t\t\t\t\t\t\t\t\t\t\t\t\t\t\t\t\t\t\t\t\t<div class=\"e-tab-thumbnail\">\n\t\t\t\t\t\t\t\t\t\t\t\t\t\t\t\t\t\t\t\t\t\t\t\t\t<img decoding=\"async\" src=\"https:\/\/img.youtube.com\/vi\/jRP6m7fV0gI\/maxresdefault.jpg\" alt=\"Place de la robotique dans les PTH - Prof. Pascal Kouyoumdjian\" loading=\"lazy\" \/>\n\t\t\t\t\t\t\t\t\t\t\t\t\t\t\t\t\t\t\t\t\t\t\t\t<span class=\"icon-play\"><i aria-hidden=\"true\" class=\"fas fa-play-circle\"><\/i><\/span>\n\t\t\t\t\t\t\t\t\t\t\t\t<span class=\"icon-watched\"><i aria-hidden=\"true\" class=\"fas fa-check-circle\"><\/i><\/span>\n\t\t\t\t\t\t\t\t\t\t\t<\/div>\n\t\t\t\t\t\t\t\t\t\t\t\t\t\t\t\t\t\t\t\t<h4 class=\"e-tab-title-text\">\n\t\t\t\t\t\t\t\t\t\t\t<button type=\"button\">Place de la robotique dans les PTH - Prof. Pascal Kouyoumdjian<\/button>\n\t\t\t\t\t\t\t\t\t\t<\/h4>\n\t\t\t\t\t\t\t\t\t\t\t\t\t\t\t\t\t\t\t\t\t<span class=\"e-tab-duration\">27:14<\/span>\n\t\t\t\t\t\t\t\t\t\t\t\t\t\t\t\t\t\t\t<\/div>\n\t\t\t\t\t\t\t\t\t\t\t\t\t\t\t\t\t\t\t\t\t\t\t\t\t\t\t\t\t\t\t\t<div id=\"e-tab-title-2057\" class=\"e-tab-title e-tab-desktop-title\" aria-selected=\"false\" data-tab=\"7\" role=\"tab\" tabindex=\"-1\" aria-controls=\"e-tab-content-2057\">\n\t\t\t\t\t\t\t\t\t\t\t\t\t\t\t\t\t\t\t\t\t<div class=\"e-tab-thumbnail\">\n\t\t\t\t\t\t\t\t\t\t\t\t\t\t\t\t\t\t\t\t\t\t\t\t\t<img decoding=\"async\" src=\"https:\/\/img.youtube.com\/vi\/OOwb8MNoHg8\/maxresdefault.jpg\" alt=\"D\u00e9membrement des douleurs de hanche en pathologie sportive - Dr Guillaume Muff\" loading=\"lazy\" \/>\n\t\t\t\t\t\t\t\t\t\t\t\t\t\t\t\t\t\t\t\t\t\t\t\t<span class=\"icon-play\"><i aria-hidden=\"true\" class=\"fas fa-play-circle\"><\/i><\/span>\n\t\t\t\t\t\t\t\t\t\t\t\t<span class=\"icon-watched\"><i aria-hidden=\"true\" class=\"fas fa-check-circle\"><\/i><\/span>\n\t\t\t\t\t\t\t\t\t\t\t<\/div>\n\t\t\t\t\t\t\t\t\t\t\t\t\t\t\t\t\t\t\t\t<h4 class=\"e-tab-title-text\">\n\t\t\t\t\t\t\t\t\t\t\t<button type=\"button\">D\u00e9membrement des douleurs de hanche en pathologie sportive - Dr Guillaume Muff<\/button>\n\t\t\t\t\t\t\t\t\t\t<\/h4>\n\t\t\t\t\t\t\t\t\t\t\t\t\t\t\t\t\t\t\t\t\t<span class=\"e-tab-duration\">33:42<\/span>\n\t\t\t\t\t\t\t\t\t\t\t\t\t\t\t\t\t\t\t<\/div>\n\t\t\t\t\t\t\t\t\t\t\t\t\t\t\t\t\t\t\t\t\t\t\t\t\t\t\t\t\t\t\t\t<div id=\"e-tab-title-2058\" class=\"e-tab-title e-tab-desktop-title\" aria-selected=\"false\" data-tab=\"8\" role=\"tab\" tabindex=\"-1\" aria-controls=\"e-tab-content-2058\">\n\t\t\t\t\t\t\t\t\t\t\t\t\t\t\t\t\t\t\t\t\t<div class=\"e-tab-thumbnail\">\n\t\t\t\t\t\t\t\t\t\t\t\t\t\t\t\t\t\t\t\t\t\t\t\t\t<img decoding=\"async\" src=\"https:\/\/img.youtube.com\/vi\/c6KGB8Ffx3c\/maxresdefault.jpg\" alt=\"Reprise du sport apr\u00e8s une proth\u00e8se totale de hanche - Dr Guy Messerli - Symposium M\u00e9dico-sportif\" loading=\"lazy\" \/>\n\t\t\t\t\t\t\t\t\t\t\t\t\t\t\t\t\t\t\t\t\t\t\t\t<span class=\"icon-play\"><i aria-hidden=\"true\" class=\"fas fa-play-circle\"><\/i><\/span>\n\t\t\t\t\t\t\t\t\t\t\t\t<span class=\"icon-watched\"><i aria-hidden=\"true\" class=\"fas fa-check-circle\"><\/i><\/span>\n\t\t\t\t\t\t\t\t\t\t\t<\/div>\n\t\t\t\t\t\t\t\t\t\t\t\t\t\t\t\t\t\t\t\t<h4 class=\"e-tab-title-text\">\n\t\t\t\t\t\t\t\t\t\t\t<button type=\"button\">Reprise du sport apr\u00e8s une proth\u00e8se totale de hanche - Dr Guy Messerli - Symposium M\u00e9dico-sportif<\/button>\n\t\t\t\t\t\t\t\t\t\t<\/h4>\n\t\t\t\t\t\t\t\t\t\t\t\t\t\t\t\t\t\t\t\t\t<span class=\"e-tab-duration\">16:49<\/span>\n\t\t\t\t\t\t\t\t\t\t\t\t\t\t\t\t\t\t\t<\/div>\n\t\t\t\t\t\t\t\t\t\t\t\t\t\t\t\t\t\t\t\t\t\t\t\t\t\t\t\t\t\t\t\t<div id=\"e-tab-title-2059\" class=\"e-tab-title e-tab-desktop-title\" aria-selected=\"false\" data-tab=\"9\" role=\"tab\" tabindex=\"-1\" aria-controls=\"e-tab-content-2059\">\n\t\t\t\t\t\t\t\t\t\t\t\t\t\t\t\t\t\t\t\t\t<div class=\"e-tab-thumbnail\">\n\t\t\t\t\t\t\t\t\t\t\t\t\t\t\t\t\t\t\t\t\t\t\t\t\t<img decoding=\"async\" src=\"https:\/\/img.youtube.com\/vi\/ovuw4AreG7k\/maxresdefault.jpg\" alt=\"PTH chez les patients jeunes - Dr Panayiotis Christofilopoulos - Symposium M\u00e9dico-sportif\" loading=\"lazy\" \/>\n\t\t\t\t\t\t\t\t\t\t\t\t\t\t\t\t\t\t\t\t\t\t\t\t<span class=\"icon-play\"><i aria-hidden=\"true\" class=\"fas fa-play-circle\"><\/i><\/span>\n\t\t\t\t\t\t\t\t\t\t\t\t<span class=\"icon-watched\"><i aria-hidden=\"true\" class=\"fas fa-check-circle\"><\/i><\/span>\n\t\t\t\t\t\t\t\t\t\t\t<\/div>\n\t\t\t\t\t\t\t\t\t\t\t\t\t\t\t\t\t\t\t\t<h4 class=\"e-tab-title-text\">\n\t\t\t\t\t\t\t\t\t\t\t<button type=\"button\">PTH chez les patients jeunes - Dr Panayiotis Christofilopoulos - Symposium M\u00e9dico-sportif<\/button>\n\t\t\t\t\t\t\t\t\t\t<\/h4>\n\t\t\t\t\t\t\t\t\t\t\t\t\t\t\t\t\t\t\t\t\t<span class=\"e-tab-duration\">21:01<\/span>\n\t\t\t\t\t\t\t\t\t\t\t\t\t\t\t\t\t\t\t<\/div>\n\t\t\t\t\t\t\t\t\t\t\t\t\t\t\t\t\t\t\t\t\t\t\t\t\t\t\t\t\t\t\t\t<div id=\"e-tab-title-20510\" class=\"e-tab-title e-tab-desktop-title\" aria-selected=\"false\" data-tab=\"10\" role=\"tab\" tabindex=\"-1\" aria-controls=\"e-tab-content-20510\">\n\t\t\t\t\t\t\t\t\t\t\t\t\t\t\t\t\t\t\t\t\t<div class=\"e-tab-thumbnail\">\n\t\t\t\t\t\t\t\t\t\t\t\t\t\t\t\t\t\t\t\t\t\t\t\t\t<img decoding=\"async\" src=\"https:\/\/img.youtube.com\/vi\/Fig7FvLrldo\/maxresdefault.jpg\" alt=\"L&#039;arthrose chez les jeunes patients sportifs - Glen Monnard - Symposium M\u00e9dico-sportif\" loading=\"lazy\" \/>\n\t\t\t\t\t\t\t\t\t\t\t\t\t\t\t\t\t\t\t\t\t\t\t\t<span class=\"icon-play\"><i aria-hidden=\"true\" class=\"fas fa-play-circle\"><\/i><\/span>\n\t\t\t\t\t\t\t\t\t\t\t\t<span class=\"icon-watched\"><i aria-hidden=\"true\" class=\"fas fa-check-circle\"><\/i><\/span>\n\t\t\t\t\t\t\t\t\t\t\t<\/div>\n\t\t\t\t\t\t\t\t\t\t\t\t\t\t\t\t\t\t\t\t<h4 class=\"e-tab-title-text\">\n\t\t\t\t\t\t\t\t\t\t\t<button type=\"button\">L'arthrose chez les jeunes patients sportifs - Glen Monnard - Symposium M\u00e9dico-sportif<\/button>\n\t\t\t\t\t\t\t\t\t\t<\/h4>\n\t\t\t\t\t\t\t\t\t\t\t\t\t\t\t\t\t\t\t\t\t<span class=\"e-tab-duration\">21:33<\/span>\n\t\t\t\t\t\t\t\t\t\t\t\t\t\t\t\t\t\t\t<\/div>\n\t\t\t\t\t\t\t\t\t\t\t\t\t\t\t\t\t\t\t\t\t\t\t\t\t\t\t\t\t\t\t\t<div id=\"e-tab-title-20511\" class=\"e-tab-title e-tab-desktop-title\" aria-selected=\"false\" data-tab=\"11\" role=\"tab\" tabindex=\"-1\" aria-controls=\"e-tab-content-20511\">\n\t\t\t\t\t\t\t\t\t\t\t\t\t\t\t\t\t\t\t\t\t<div class=\"e-tab-thumbnail\">\n\t\t\t\t\t\t\t\t\t\t\t\t\t\t\t\t\t\t\t\t\t\t\t\t\t<img decoding=\"async\" src=\"https:\/\/img.youtube.com\/vi\/GtDXu-koeBE\/maxresdefault.jpg\" alt=\"Arthrose de la hanche, chirurgie par voie ant\u00e9rieure mini-invasive\" loading=\"lazy\" \/>\n\t\t\t\t\t\t\t\t\t\t\t\t\t\t\t\t\t\t\t\t\t\t\t\t<span class=\"icon-play\"><i aria-hidden=\"true\" class=\"fas fa-play-circle\"><\/i><\/span>\n\t\t\t\t\t\t\t\t\t\t\t\t<span class=\"icon-watched\"><i aria-hidden=\"true\" class=\"fas fa-check-circle\"><\/i><\/span>\n\t\t\t\t\t\t\t\t\t\t\t<\/div>\n\t\t\t\t\t\t\t\t\t\t\t\t\t\t\t\t\t\t\t\t<h4 class=\"e-tab-title-text\">\n\t\t\t\t\t\t\t\t\t\t\t<button type=\"button\">Arthrose de la hanche, chirurgie par voie ant\u00e9rieure mini-invasive<\/button>\n\t\t\t\t\t\t\t\t\t\t<\/h4>\n\t\t\t\t\t\t\t\t\t\t\t\t\t\t\t\t\t\t\t\t\t<span class=\"e-tab-duration\">1:09:38<\/span>\n\t\t\t\t\t\t\t\t\t\t\t\t\t\t\t\t\t\t\t<\/div>\n\t\t\t\t\t\t\t\t\t\t\t\t\t\t\t\t\t\t\t\t\t\t\t\t\t\t\t\t\t\t\t\t<div id=\"e-tab-title-20512\" class=\"e-tab-title e-tab-desktop-title\" aria-selected=\"false\" data-tab=\"12\" role=\"tab\" tabindex=\"-1\" aria-controls=\"e-tab-content-20512\">\n\t\t\t\t\t\t\t\t\t\t\t\t\t\t\t\t\t\t\t\t\t<div class=\"e-tab-thumbnail\">\n\t\t\t\t\t\t\t\t\t\t\t\t\t\t\t\t\t\t\t\t\t\t\t\t\t<img decoding=\"async\" src=\"https:\/\/img.youtube.com\/vi\/_musT2vGGc8\/maxresdefault.jpg\" alt=\"\u00c9clairage - L&#039;arthrose de la hanche par la Prof. Brigitte Jolles-Haeberli\" loading=\"lazy\" \/>\n\t\t\t\t\t\t\t\t\t\t\t\t\t\t\t\t\t\t\t\t\t\t\t\t<span class=\"icon-play\"><i aria-hidden=\"true\" class=\"fas fa-play-circle\"><\/i><\/span>\n\t\t\t\t\t\t\t\t\t\t\t\t<span class=\"icon-watched\"><i aria-hidden=\"true\" class=\"fas fa-check-circle\"><\/i><\/span>\n\t\t\t\t\t\t\t\t\t\t\t<\/div>\n\t\t\t\t\t\t\t\t\t\t\t\t\t\t\t\t\t\t\t\t<h4 class=\"e-tab-title-text\">\n\t\t\t\t\t\t\t\t\t\t\t<button type=\"button\">\u00c9clairage - L'arthrose de la hanche par la Prof. Brigitte Jolles-Haeberli<\/button>\n\t\t\t\t\t\t\t\t\t\t<\/h4>\n\t\t\t\t\t\t\t\t\t\t\t\t\t\t\t\t\t\t\t\t\t<span class=\"e-tab-duration\">30:55<\/span>\n\t\t\t\t\t\t\t\t\t\t\t\t\t\t\t\t\t\t\t<\/div>\n\t\t\t\t\t\t\t\t\t\t\t\t\t\t\t\t\t\t\t\t\t<\/div>\n\t\t\t\t\t\t<div class=\"shadow shadow-top\" aria-hidden=\"true\"><\/div>\n\t\t\t\t\t\t<div class=\"shadow shadow-bottom\" aria-hidden=\"true\"><\/div>\n\t\t\t\t\t<\/div>\n\t\t\t\t<\/div>\n\n\t\t\t\t<div class=\"e-tabs-content-wrapper\" role=\"tablist\" aria-orientation=\"vertical\">\n\t\t\t\t\t\t\t\t\t\t\t<div id=\"e-tab-content-2051\" class=\"e-tab-content elementor-clearfix\" data-tab=\"1\" role=\"tabpanel\" aria-labelledby=\"e-tab-title-2051\" tabindex=\"0\" data-video-url=\"https:\/\/www.youtube.com\/watch?v=jjPhAKiFOoM\" data-video-type=\"youtube\" data-video-title=\"Dr J\u00e9r\u00e9mie Gozzo - Lunch Meeting 13 septembre 2024\" data-video-duration=\"17:44\">\n\t\t\t\t\t\t\t<div><\/div>\n\t\t\t\t\t\t\t\t\t\t\t\t\t<\/div>\n\t\t\t\t\t\t\t\t\t\t\t<div id=\"e-tab-content-2052\" class=\"e-tab-content elementor-clearfix\" data-tab=\"2\" role=\"tabpanel\" aria-labelledby=\"e-tab-title-2052\" tabindex=\"0\" data-video-url=\"https:\/\/www.youtube.com\/watch?v=IZmUGlrbL_g\" data-video-type=\"youtube\" data-video-title=\"Planification 3D en pratique et perspectives - Dr Jacques Vallotton\" data-video-duration=\"18:06\" hidden=\"hidden\">\n\t\t\t\t\t\t\t<div><\/div>\n\t\t\t\t\t\t\t\t\t\t\t\t\t<\/div>\n\t\t\t\t\t\t\t\t\t\t\t<div id=\"e-tab-content-2053\" class=\"e-tab-content elementor-clearfix\" data-tab=\"3\" role=\"tabpanel\" aria-labelledby=\"e-tab-title-2053\" tabindex=\"0\" data-video-url=\"https:\/\/www.youtube.com\/watch?v=dNW-kl1k5KA\" data-video-type=\"youtube\" data-video-title=\"Rachis et PTH: implications et intrications - Prof. Pascal Kouyoumdjian\" data-video-duration=\"25:37\" hidden=\"hidden\">\n\t\t\t\t\t\t\t<div><\/div>\n\t\t\t\t\t\t\t\t\t\t\t\t\t<\/div>\n\t\t\t\t\t\t\t\t\t\t\t<div id=\"e-tab-content-2054\" class=\"e-tab-content elementor-clearfix\" data-tab=\"4\" role=\"tabpanel\" aria-labelledby=\"e-tab-title-2054\" tabindex=\"0\" data-video-url=\"https:\/\/www.youtube.com\/watch?v=urlrraIEDJk\" data-video-type=\"youtube\" data-video-title=\"PTH: quelle voie d&#039;abord? - Dr Hadrien Stolz\" data-video-duration=\"11:49\" hidden=\"hidden\">\n\t\t\t\t\t\t\t<div><\/div>\n\t\t\t\t\t\t\t\t\t\t\t\t\t<\/div>\n\t\t\t\t\t\t\t\t\t\t\t<div id=\"e-tab-content-2055\" class=\"e-tab-content elementor-clearfix\" data-tab=\"5\" role=\"tabpanel\" aria-labelledby=\"e-tab-title-2055\" tabindex=\"0\" data-video-url=\"https:\/\/www.youtube.com\/watch?v=8XDvn-DRQpg\" data-video-type=\"youtube\" data-video-title=\"PTH: la mode des tiges courtes - Dr Jacques Vallotton\" data-video-duration=\"9:55\" hidden=\"hidden\">\n\t\t\t\t\t\t\t<div><\/div>\n\t\t\t\t\t\t\t\t\t\t\t\t\t<\/div>\n\t\t\t\t\t\t\t\t\t\t\t<div id=\"e-tab-content-2056\" class=\"e-tab-content elementor-clearfix\" data-tab=\"6\" role=\"tabpanel\" aria-labelledby=\"e-tab-title-2056\" tabindex=\"0\" data-video-url=\"https:\/\/www.youtube.com\/watch?v=jRP6m7fV0gI\" data-video-type=\"youtube\" data-video-title=\"Place de la robotique dans les PTH - Prof. Pascal Kouyoumdjian\" data-video-duration=\"27:14\" hidden=\"hidden\">\n\t\t\t\t\t\t\t<div><\/div>\n\t\t\t\t\t\t\t\t\t\t\t\t\t<\/div>\n\t\t\t\t\t\t\t\t\t\t\t<div id=\"e-tab-content-2057\" class=\"e-tab-content elementor-clearfix\" data-tab=\"7\" role=\"tabpanel\" aria-labelledby=\"e-tab-title-2057\" tabindex=\"0\" data-video-url=\"https:\/\/www.youtube.com\/watch?v=OOwb8MNoHg8\" data-video-type=\"youtube\" data-video-title=\"D\u00e9membrement des douleurs de hanche en pathologie sportive - Dr Guillaume Muff\" data-video-duration=\"33:42\" hidden=\"hidden\">\n\t\t\t\t\t\t\t<div><\/div>\n\t\t\t\t\t\t\t\t\t\t\t\t\t<\/div>\n\t\t\t\t\t\t\t\t\t\t\t<div id=\"e-tab-content-2058\" class=\"e-tab-content elementor-clearfix\" data-tab=\"8\" role=\"tabpanel\" aria-labelledby=\"e-tab-title-2058\" tabindex=\"0\" data-video-url=\"https:\/\/www.youtube.com\/watch?v=c6KGB8Ffx3c\" data-video-type=\"youtube\" data-video-title=\"Reprise du sport apr\u00e8s une proth\u00e8se totale de hanche - Dr Guy Messerli - Symposium M\u00e9dico-sportif\" data-video-duration=\"16:49\" hidden=\"hidden\">\n\t\t\t\t\t\t\t<div><\/div>\n\t\t\t\t\t\t\t\t\t\t\t\t\t<\/div>\n\t\t\t\t\t\t\t\t\t\t\t<div id=\"e-tab-content-2059\" class=\"e-tab-content elementor-clearfix\" data-tab=\"9\" role=\"tabpanel\" aria-labelledby=\"e-tab-title-2059\" tabindex=\"0\" data-video-url=\"https:\/\/www.youtube.com\/watch?v=ovuw4AreG7k\" data-video-type=\"youtube\" data-video-title=\"PTH chez les patients jeunes - Dr Panayiotis Christofilopoulos - Symposium M\u00e9dico-sportif\" data-video-duration=\"21:01\" hidden=\"hidden\">\n\t\t\t\t\t\t\t<div><\/div>\n\t\t\t\t\t\t\t\t\t\t\t\t\t<\/div>\n\t\t\t\t\t\t\t\t\t\t\t<div id=\"e-tab-content-20510\" class=\"e-tab-content elementor-clearfix\" data-tab=\"10\" role=\"tabpanel\" aria-labelledby=\"e-tab-title-20510\" tabindex=\"0\" data-video-url=\"https:\/\/www.youtube.com\/watch?v=Fig7FvLrldo\" data-video-type=\"youtube\" data-video-title=\"L&#039;arthrose chez les jeunes patients sportifs - Glen Monnard - Symposium M\u00e9dico-sportif\" data-video-duration=\"21:33\" hidden=\"hidden\">\n\t\t\t\t\t\t\t<div><\/div>\n\t\t\t\t\t\t\t\t\t\t\t\t\t<\/div>\n\t\t\t\t\t\t\t\t\t\t\t<div id=\"e-tab-content-20511\" class=\"e-tab-content elementor-clearfix\" data-tab=\"11\" role=\"tabpanel\" aria-labelledby=\"e-tab-title-20511\" tabindex=\"0\" data-video-url=\"https:\/\/www.youtube.com\/watch?v=GtDXu-koeBE\" data-video-type=\"youtube\" data-video-title=\"Arthrose de la hanche, chirurgie par voie ant\u00e9rieure mini-invasive\" data-video-duration=\"1:09:38\" hidden=\"hidden\">\n\t\t\t\t\t\t\t<div><\/div>\n\t\t\t\t\t\t\t\t\t\t\t\t\t<\/div>\n\t\t\t\t\t\t\t\t\t\t\t<div id=\"e-tab-content-20512\" class=\"e-tab-content elementor-clearfix\" data-tab=\"12\" role=\"tabpanel\" aria-labelledby=\"e-tab-title-20512\" tabindex=\"0\" data-video-url=\"https:\/\/www.youtube.com\/watch?v=_musT2vGGc8\" data-video-type=\"youtube\" data-video-title=\"\u00c9clairage - L&#039;arthrose de la hanche par la Prof. Brigitte Jolles-Haeberli\" data-video-duration=\"30:55\" hidden=\"hidden\">\n\t\t\t\t\t\t\t<div><\/div>\n\t\t\t\t\t\t\t\t\t\t\t\t\t<\/div>\n\t\t\t\t\t\t\t\t\t<\/div>\n\t\t\t<\/div>\n\n\t\t\t<div class=\"e-tabs-inner-tabs\" >\n\t\t\t\t\t\t\t\t\t\t\t\t\t\t\t\t\t\t\t\t\t\t\t\t\t\t\t\t\t\t\t\t\t\t\t\t\t\t\t\t\t\t\t\t\t\t\t\t\t\t\t\t\t\t\t\t\t\t\t\t\t\t\t\t\t\t\t\t\t\t\t\t\t\t\t\t\t\t\t\t\t\t\t\t\t\t\t\t\t\t\t\t\t\t\t\t\t\t\t\t\t\t\t\t\t\t\t\t\t\t\t\t\t\t\t<\/div>\n\t\t<\/div>\n\t\t\t\t\t\t<\/div>\n\t\t            <\/div>\r\n        <\/div>\r\n        \t\t\t<\/div>\n\t\t<\/section>\n\t\t        <section class=\"elementor-section elementor-top-section elementor-element elementor-element-ce28b5f elementor-section-boxed elementor-section-height-default elementor-section-height-default pxl-row-scroll-none pxl-zoom-point-false pxl-section-overflow-visible pxl-section-fix-none pxl-bg-color-none pxl-section-overlay-none\" data-id=\"ce28b5f\" data-element_type=\"section\" data-e-type=\"section\" data-settings=\"{&quot;background_background&quot;:&quot;classic&quot;}\">\n\n                \n                <div class=\"elementor-container elementor-column-gap-default \">\n                <div class=\"elementor-column elementor-col-100 elementor-top-column elementor-element elementor-element-cd79c3d pxl-column-none pxl-column-overflow-hidden-no\" data-id=\"cd79c3d\" data-element_type=\"column\" data-e-type=\"column\">\r\n        <div class=\"elementor-widget-wrap elementor-element-populated\">\r\n                     \r\n        \t\t<div class=\"elementor-element elementor-element-00b3a42 Section_3_Titre elementor-widget elementor-widget-heading\" data-id=\"00b3a42\" data-element_type=\"widget\" data-e-type=\"widget\" data-settings=\"{&quot;_animation&quot;:&quot;none&quot;}\" data-widget_type=\"heading.default\">\n\t\t\t\t\t<h3 class=\"elementor-heading-title elementor-size-default\">Contacter un de nos sp\u00e9cialistes sur le sujet<\/h3>\t\t\t\t<\/div>\n\t\t\t\t<div class=\"elementor-element elementor-element-480bafc elementor-widget elementor-widget-shortcode\" data-id=\"480bafc\" data-element_type=\"widget\" data-e-type=\"widget\" data-widget_type=\"shortcode.default\">\n\t\t\t\t\t\t\t<div class=\"elementor-shortcode\">\t\t<div data-elementor-type=\"section\" data-elementor-id=\"27830\" class=\"elementor elementor-27830\" data-elementor-post-type=\"elementor_library\">\n\t\t\t        <section class=\"elementor-section elementor-inner-section elementor-element elementor-element-40d3f010 elementor-section-boxed elementor-section-height-default elementor-section-height-default pxl-row-scroll-none pxl-zoom-point-false pxl-section-overflow-visible pxl-section-fix-none pxl-bg-color-none pxl-section-overlay-none\" data-id=\"40d3f010\" data-element_type=\"section\" data-e-type=\"section\" data-settings=\"{&quot;background_background&quot;:&quot;classic&quot;}\" style=\"padding-left: calc( (100% - 1310px)\/2);\">\n\n                \n                <div class=\"elementor-container elementor-column-gap-default \">\n                <div class=\"elementor-column elementor-col-50 elementor-inner-column elementor-element elementor-element-bc1b4d4 pxl-column-none pxl-column-overflow-hidden-no\" data-id=\"bc1b4d4\" data-element_type=\"column\" data-e-type=\"column\" data-settings=\"{&quot;background_background&quot;:&quot;classic&quot;}\">\r\n        <div class=\"elementor-widget-wrap elementor-element-populated\">\r\n                     \r\n        \t\t<div class=\"elementor-element elementor-element-7dbd93ba elementor-widget elementor-widget-pxl_heading\" data-id=\"7dbd93ba\" data-element_type=\"widget\" data-e-type=\"widget\" data-widget_type=\"pxl_heading.default\">\n\t\t\t\t<div class=\"elementor-widget-container\">\n\t\t\t\t\t\n<div id=\"pxl-pxl_heading-7dbd93ba-5908\" class=\"pxl-heading px-sub-title-default-style \">\n\t<div class=\"pxl-heading--inner\">\n\t\t\n\t\t<h3 class=\"pxl-item--title style-default  highlight-default \" data-wow-delay=\"ms\">\n\t\t\t\t\tCentre Orthop\u00e9dique d&#8217;Ouchy\t\n\t\t\t\n\t\t<\/h3>\n\t\t\n\t<\/div>\n<\/div>\t\t\t\t<\/div>\n\t\t\t\t<\/div>\n\t\t\t\t<div class=\"elementor-element elementor-element-5cc4b9e1 elementor-widget elementor-widget-pxl_text_editor\" data-id=\"5cc4b9e1\" data-element_type=\"widget\" data-e-type=\"widget\" data-widget_type=\"pxl_text_editor.default\">\n\t\t\t\t<div class=\"elementor-widget-container\">\n\t\t\t\t\t<div class=\"pxl-text-editor default\">\n\t<div class=\"pxl-item--inner  \" data-wow-delay=\"ms\">\n\t\t<p>Consultations m\u00e9dicales sp\u00e9cialis\u00e9es en orthop\u00e9die et traumatologie au coeur de Lausanne<\/p>\t\t\n\t<\/div>\n<\/div>\t\t\t\t<\/div>\n\t\t\t\t<\/div>\n\t\t<div class=\"elementor-element elementor-element-68d8235b e-flex e-con-boxed e-con e-parent \" data-id=\"68d8235b\" data-element_type=\"container\" data-e-type=\"container\">\t\t\t<div class=\"e-con-inner\">\r\n\t\t\t\t<div class=\"elementor-element elementor-element-659288b4 elementor-align-left ft-gt  elementor-widget__width-auto elementor-widget elementor-widget-pxl_button\" data-id=\"659288b4\" data-element_type=\"widget\" data-e-type=\"widget\" data-widget_type=\"pxl_button.default\">\n\t\t\t\t<div class=\"elementor-widget-container\">\n\t\t\t\t\t<div id=\"pxl-pxl_button-659288b4-9260\" class=\"pxl-button pxl-atc-link \" data-wow-delay=\"ms\">\r\n    <a href=\"tel:+41215103348\" class=\"btn  btn-glossy btn-default  inline pxl-icon--left\" data-wow-delay=\"ms\" data-target=\".pxl-page-popup-template-0\">\r\n                    <i aria-hidden=\"true\" class=\"fas fa-phone-alt\"><\/i>                        <span class=\"pxl--btn-text\" data-text=\"+41 21 510 33 48\">\r\n                        +41 21 510 33 48        <\/span>\r\n    <\/a>\r\n<\/div>\t\t\t\t<\/div>\n\t\t\t\t<\/div>\n\t\t\t\t<div class=\"elementor-element elementor-element-29264382 elementor-align-left ft-gt  elementor-widget__width-auto elementor-widget elementor-widget-pxl_button\" data-id=\"29264382\" data-element_type=\"widget\" data-e-type=\"widget\" data-widget_type=\"pxl_button.default\">\n\t\t\t\t<div class=\"elementor-widget-container\">\n\t\t\t\t\t<div id=\"pxl-pxl_button-29264382-7904\" class=\"pxl-button pxl-atc-link \" data-wow-delay=\"ms\">\r\n    <a href=\"\/service\/centre-de-formation\/\" class=\"btn  btn-glossy btn-default  inline pxl-icon--right\" data-wow-delay=\"ms\" data-target=\".pxl-page-popup-template-0\">\r\n                    <i aria-hidden=\"true\" class=\"flaticon flaticon-next\"><\/i>                        <span class=\"pxl--btn-text\" data-text=\"En savoir plus\">\r\n                        En savoir plus        <\/span>\r\n    <\/a>\r\n<\/div>\t\t\t\t<\/div>\n\t\t\t\t<\/div>\n\t\t\t\t\t<\/div>\r\n\t\t\t\t<\/div>\r\n\t\t            <\/div>\r\n        <\/div>\r\n                <div class=\"elementor-column elementor-col-50 elementor-inner-column elementor-element elementor-element-ee3b29c pxl-column-none pxl-column-overflow-hidden-no\" data-id=\"ee3b29c\" data-element_type=\"column\" data-e-type=\"column\">\r\n        <div class=\"elementor-widget-wrap\">\r\n                     \r\n                    <\/div>\r\n        <\/div>\r\n        \t\t\t<\/div>\n\t\t<\/section>\n\t\t\t\t<\/div>\n\t\t<\/div>\n\t\t\t\t\t\t<\/div>\n\t\t            <\/div>\r\n        <\/div>\r\n        \t\t\t<\/div>\n\t\t<\/section>\n\t\t\t\t<\/div>\n\t\t","protected":false},"excerpt":{"rendered":"<p>Accueil Arthrose de la hanche Hanche Qu&#8217;est-ce que l&#8217;arthrose? C\u2019est l\u2019usure progressive du cartilage jusqu\u2019\u00e0 la mise \u00e0 nu des surfaces osseuses. Il en r\u00e9sulte un frottement rugueux entre os qui s\u2019accompagne de douleurs et enflamme la hanche. L&#8217;articulation s\u2019enraidit petit \u00e0 petit et les douleurs r\u00e9duisent graduellement le p\u00e9rim\u00e8tre de marche. \u00c0 un stade [&hellip;]<\/p>\n","protected":false},"author":1,"featured_media":12574,"parent":0,"menu_order":0,"comment_status":"closed","ping_status":"closed","template":"","meta":{"_acf_changed":false,"inline_featured_image":false,"footnotes":""},"categories":[82],"tags":[],"class_list":["post-12580","page","type-page","status-publish","has-post-thumbnail","hentry","category-hanche"],"acf":[],"_links":{"self":[{"href":"https:\/\/template2.orthopediste-lausanne.ch\/en\/wp-json\/wp\/v2\/pages\/12580","targetHints":{"allow":["GET"]}}],"collection":[{"href":"https:\/\/template2.orthopediste-lausanne.ch\/en\/wp-json\/wp\/v2\/pages"}],"about":[{"href":"https:\/\/template2.orthopediste-lausanne.ch\/en\/wp-json\/wp\/v2\/types\/page"}],"author":[{"embeddable":true,"href":"https:\/\/template2.orthopediste-lausanne.ch\/en\/wp-json\/wp\/v2\/users\/1"}],"replies":[{"embeddable":true,"href":"https:\/\/template2.orthopediste-lausanne.ch\/en\/wp-json\/wp\/v2\/comments?post=12580"}],"version-history":[{"count":0,"href":"https:\/\/template2.orthopediste-lausanne.ch\/en\/wp-json\/wp\/v2\/pages\/12580\/revisions"}],"wp:featuredmedia":[{"embeddable":true,"href":"https:\/\/template2.orthopediste-lausanne.ch\/en\/wp-json\/wp\/v2\/media\/12574"}],"wp:attachment":[{"href":"https:\/\/template2.orthopediste-lausanne.ch\/en\/wp-json\/wp\/v2\/media?parent=12580"}],"wp:term":[{"taxonomy":"category","embeddable":true,"href":"https:\/\/template2.orthopediste-lausanne.ch\/en\/wp-json\/wp\/v2\/categories?post=12580"},{"taxonomy":"post_tag","embeddable":true,"href":"https:\/\/template2.orthopediste-lausanne.ch\/en\/wp-json\/wp\/v2\/tags?post=12580"}],"curies":[{"name":"wp","href":"https:\/\/api.w.org\/{rel}","templated":true}]}}