{"id":12624,"date":"2018-10-08T08:04:03","date_gmt":"2018-10-08T08:04:03","guid":{"rendered":"https:\/\/template2.orthopediste-lausanne.ch\/hernie-discale-lombaire\/"},"modified":"2026-03-18T07:56:14","modified_gmt":"2026-03-18T07:56:14","slug":"lumbar-disc-herniation","status":"publish","type":"page","link":"https:\/\/template2.orthopediste-lausanne.ch\/en\/lumbar-disc-herniation\/","title":{"rendered":"Lumbar disc herniation"},"content":{"rendered":"\t\t<div data-elementor-type=\"wp-page\" data-elementor-id=\"12624\" class=\"elementor elementor-12624\" data-elementor-post-type=\"page\">\n\t\t\t\t        <section class=\"elementor-section elementor-top-section elementor-element elementor-element-9c9181b elementor-section-stretched elementor-section-boxed elementor-section-height-default elementor-section-height-default pxl-row-scroll-none pxl-zoom-point-false pxl-section-overflow-visible pxl-section-fix-none pxl-bg-color-none pxl-section-overlay-none\" data-id=\"9c9181b\" data-element_type=\"section\" data-e-type=\"section\" data-settings=\"{&quot;stretch_section&quot;:&quot;section-stretched&quot;}\">\n\n                \n                <div class=\"elementor-container elementor-column-gap-extended \">\n                <div class=\"elementor-column elementor-col-100 elementor-top-column elementor-element elementor-element-a8d80c1 pxl-column-none\" data-id=\"a8d80c1\" data-element_type=\"column\" data-e-type=\"column\" data-settings=\"{&quot;background_background&quot;:&quot;classic&quot;}\">\r\n        <div class=\"elementor-widget-wrap elementor-element-populated\">\r\n                                <div class=\"elementor-background-overlay\"><\/div>\r\n         \r\n                <section class=\"elementor-section elementor-inner-section elementor-element elementor-element-6ceb691 elementor-section-content-bottom elementor-section-boxed elementor-section-height-default elementor-section-height-default pxl-row-scroll-none pxl-zoom-point-false pxl-section-overflow-visible pxl-section-fix-none pxl-bg-color-none pxl-section-overlay-none\" data-id=\"6ceb691\" data-element_type=\"section\" data-e-type=\"section\">\n\n                \n                <div class=\"elementor-container elementor-column-gap-extended \">\n                <div class=\"elementor-column elementor-col-50 elementor-inner-column elementor-element elementor-element-b54c333 pxl-column-none pxl-column-overflow-hidden-no\" data-id=\"b54c333\" data-element_type=\"column\" data-e-type=\"column\">\r\n        <div class=\"elementor-widget-wrap elementor-element-populated\">\r\n                     \r\n        \t\t<div class=\"elementor-element elementor-element-e622154 elementor-widget__width-auto elementor-widget elementor-widget-pxl_breadcrumb\" data-id=\"e622154\" data-element_type=\"widget\" data-e-type=\"widget\" data-widget_type=\"pxl_breadcrumb.default\">\n\t\t\t\t<div class=\"elementor-widget-container\">\n\t\t\t\t\t<div class=\"pxl-breadcrumb-wrap\">\n\t<ul class=\"pxl-breadcrumb\"><li><span class=\"breadcrumb-entry\">Accueil<\/span><\/li><\/ul><\/div>\t\t\t\t<\/div>\n\t\t\t\t<\/div>\n\t\t            <\/div>\r\n        <\/div>\r\n                <div class=\"elementor-column elementor-col-50 elementor-inner-column elementor-element elementor-element-d7ecd99 elementor-hidden-desktop elementor-hidden-tablet elementor-hidden-mobile pxl-column-none pxl-column-overflow-hidden-no\" data-id=\"d7ecd99\" data-element_type=\"column\" data-e-type=\"column\">\r\n        <div class=\"elementor-widget-wrap\">\r\n                     \r\n                    <\/div>\r\n        <\/div>\r\n        \t\t\t<\/div>\n\t\t<\/section>\n\t\t            <\/div>\r\n        <\/div>\r\n        \t\t\t<\/div>\n\t\t<\/section>\n\t\t        <section class=\"elementor-section elementor-top-section elementor-element elementor-element-6754c1f3 elementor-section-stretched section_1 elementor-section-boxed elementor-section-height-default elementor-section-height-default pxl-row-scroll-none pxl-zoom-point-false pxl-section-overflow-visible pxl-section-fix-none pxl-bg-color-none pxl-section-overlay-none\" data-id=\"6754c1f3\" data-element_type=\"section\" data-e-type=\"section\" data-settings=\"{&quot;stretch_section&quot;:&quot;section-stretched&quot;,&quot;background_background&quot;:&quot;classic&quot;}\">\n\n                \n                <div class=\"elementor-container elementor-column-gap-extended \">\n                <div class=\"elementor-column elementor-col-100 elementor-top-column elementor-element elementor-element-2ebe7604 pxl-column-none\" data-id=\"2ebe7604\" data-element_type=\"column\" data-e-type=\"column\" data-settings=\"{&quot;background_background&quot;:&quot;gradient&quot;}\">\r\n        <div class=\"elementor-widget-wrap elementor-element-populated\">\r\n                                <div class=\"elementor-background-overlay\"><\/div>\r\n         \r\n                <section class=\"elementor-section elementor-inner-section elementor-element elementor-element-321dbd54 elementor-section-content-bottom section_2 elementor-section-boxed elementor-section-height-default elementor-section-height-default pxl-row-scroll-none pxl-zoom-point-false pxl-section-overflow-visible pxl-section-fix-none pxl-bg-color-none pxl-section-overlay-none\" data-id=\"321dbd54\" data-element_type=\"section\" data-e-type=\"section\">\n\n                \n                <div class=\"elementor-container elementor-column-gap-extended \">\n                <div class=\"elementor-column elementor-col-50 elementor-inner-column elementor-element elementor-element-43200423 pxl-column-none pxl-column-overflow-hidden-no\" data-id=\"43200423\" data-element_type=\"column\" data-e-type=\"column\">\r\n        <div class=\"elementor-widget-wrap elementor-element-populated\">\r\n                     \r\n        \t\t<div class=\"elementor-element elementor-element-5f9d4ac3 elementor-widget__width-auto elementor-widget elementor-widget-pxl_heading\" data-id=\"5f9d4ac3\" data-element_type=\"widget\" data-e-type=\"widget\" data-widget_type=\"pxl_heading.default\">\n\t\t\t\t<div class=\"elementor-widget-container\">\n\t\t\t\t\t\n<div id=\"pxl-pxl_heading-5f9d4ac3-9617\" class=\"pxl-heading px-sub-title-default-style \">\n\t<div class=\"pxl-heading--inner\">\n\t\t\n\t\t<h1 class=\"pxl-item--title style-default  highlight-default \" data-wow-delay=\"ms\">\n\t\t\t\t\tHernie discale lombaire\t\n\t\t\t\n\t\t<\/h1>\n\t\t\n\t<\/div>\n<\/div>\t\t\t\t<\/div>\n\t\t\t\t<\/div>\n\t\t            <\/div>\r\n        <\/div>\r\n                <div class=\"elementor-column elementor-col-50 elementor-inner-column elementor-element elementor-element-73f3777b pxl-column-none pxl-column-overflow-hidden-no\" data-id=\"73f3777b\" data-element_type=\"column\" data-e-type=\"column\">\r\n        <div class=\"elementor-widget-wrap elementor-element-populated\">\r\n                     \r\n        \t\t<div class=\"elementor-element elementor-element-7d0314b1 Zone_anatomique elementor-hidden-desktop elementor-hidden-tablet elementor-hidden-mobile elementor-widget elementor-widget-pxl_text_editor\" data-id=\"7d0314b1\" data-element_type=\"widget\" data-e-type=\"widget\" data-widget_type=\"pxl_text_editor.default\">\n\t\t\t\t<div class=\"elementor-widget-container\">\n\t\t\t\t\t<div class=\"pxl-text-editor default\">\n\t<div class=\"pxl-item--inner  ft-gt\" data-wow-delay=\"ms\">\n\t\tHernie discale lombaire\t\t\n\t<\/div>\n<\/div>\t\t\t\t<\/div>\n\t\t\t\t<\/div>\n\t\t            <\/div>\r\n        <\/div>\r\n        \t\t\t<\/div>\n\t\t<\/section>\n\t\t            <\/div>\r\n        <\/div>\r\n        \t\t\t<\/div>\n\t\t<\/section>\n\t\t        <section class=\"elementor-section elementor-top-section elementor-element elementor-element-7a0c2b8 elementor-section-stretched pxl-row-scroll-fixed section_4 elementor-section-boxed elementor-section-height-default elementor-section-height-default pxl-zoom-point-false pxl-section-overflow-visible pxl-section-fix-none pxl-bg-color-none pxl-section-overlay-none\" data-id=\"7a0c2b8\" data-element_type=\"section\" data-e-type=\"section\" data-settings=\"{&quot;stretch_section&quot;:&quot;section-stretched&quot;,&quot;background_background&quot;:&quot;classic&quot;}\">\n\n                \n                <div class=\"elementor-container elementor-column-gap-extended \">\n                <div class=\"elementor-column elementor-col-50 elementor-top-column elementor-element elementor-element-57814b4a pxl-column-none pxl-column-overflow-hidden-no\" data-id=\"57814b4a\" data-element_type=\"column\" data-e-type=\"column\">\r\n        <div class=\"elementor-widget-wrap elementor-element-populated\">\r\n                     \r\n                <section class=\"elementor-section elementor-inner-section elementor-element elementor-element-b6a9002 elementor-section-boxed elementor-section-height-default elementor-section-height-default pxl-row-scroll-none pxl-zoom-point-false pxl-section-overflow-visible pxl-section-fix-none pxl-bg-color-none pxl-section-overlay-none\" data-id=\"b6a9002\" data-element_type=\"section\" data-e-type=\"section\" data-settings=\"{&quot;background_background&quot;:&quot;classic&quot;}\">\n\n                \n                <div class=\"elementor-container elementor-column-gap-extended \">\n                <div class=\"elementor-column elementor-col-100 elementor-inner-column elementor-element elementor-element-7abf4c9 pxl-column-none pxl-column-overflow-hidden-no\" data-id=\"7abf4c9\" data-element_type=\"column\" data-e-type=\"column\">\r\n        <div class=\"elementor-widget-wrap elementor-element-populated\">\r\n                     \r\n        \t\t<div class=\"elementor-element elementor-element-d00e80f ft-gt elementor-widget elementor-widget-pxl_heading\" data-id=\"d00e80f\" data-element_type=\"widget\" data-e-type=\"widget\" data-widget_type=\"pxl_heading.default\">\n\t\t\t\t<div class=\"elementor-widget-container\">\n\t\t\t\t\t\n<div id=\"pxl-pxl_heading-d00e80f-5146\" class=\"pxl-heading px-sub-title-default-style \">\n\t<div class=\"pxl-heading--inner\">\n\t\t\n\t\t<h3 class=\"pxl-item--title style-default  highlight-default pxl-split-text split-in-fade\" data-wow-delay=\"ms\">\n\t\t\t\t\tIntroduction\t\n\t\t\t\n\t\t<\/h3>\n\t\t\n\t<\/div>\n<\/div>\t\t\t\t<\/div>\n\t\t\t\t<\/div>\n\t\t\t\t<div class=\"elementor-element elementor-element-a61b550 elementor-widget elementor-widget-pxl_text_editor\" data-id=\"a61b550\" data-element_type=\"widget\" data-e-type=\"widget\" data-widget_type=\"pxl_text_editor.default\">\n\t\t\t\t<div class=\"elementor-widget-container\">\n\t\t\t\t\t<div class=\"pxl-text-editor default\">\n\t<div class=\"pxl-item--inner  ft-gt\" data-wow-delay=\"ms\">\n\t\tLa colonne vert\u00e9brale constitue la structure centrale du dos, reliant la t\u00eate et la partie sup\u00e9rieure de notre corps au bassin et aux membres inf\u00e9rieurs. Elle est form\u00e9e d\u2019un empilement de vert\u00e8bres 7 cervicales (1), 12 dorsales (2), 5 lombaires (3) et le sacrum (4) entre lesquelles on trouve des disques (7), sortes d\u2019amortisseurs. La colonne vert\u00e9brale abrite un tunnel, le canal rachidien (6), dans lequel passe les structures nerveuses (5) faisant communiquer notre corps avec le cerveau. Les muscles, les tendons et les ligaments rattach\u00e9s \u00e0 la colonne vert\u00e9brale agissent comme les haubans d\u2019un m\u00e2t de bateau, nous permettant ainsi de nous tenir debout et de mobiliser notre dos.\t\t\n\t<\/div>\n<\/div>\t\t\t\t<\/div>\n\t\t\t\t<\/div>\n\t\t            <\/div>\r\n        <\/div>\r\n        \t\t\t<\/div>\n\t\t<\/section>\n\t\t\t\t<div class=\"elementor-element elementor-element-69da0e83 Video_principale elementor-widget elementor-widget-video\" data-id=\"69da0e83\" data-element_type=\"widget\" data-e-type=\"widget\" data-settings=\"{&quot;youtube_url&quot;:&quot;https:\\\/\\\/www.youtube.com\\\/embed\\\/TUwBc_bLz5Q?rel=0&amp;showinfo=0&quot;,&quot;lazy_load&quot;:&quot;yes&quot;,&quot;video_type&quot;:&quot;youtube&quot;,&quot;controls&quot;:&quot;yes&quot;}\" data-widget_type=\"video.default\">\n\t\t\t\t\t\t\t<div class=\"elementor-wrapper elementor-open-inline\">\n\t\t\t<div class=\"elementor-video\"><\/div>\t\t<\/div>\n\t\t\t\t\t\t<\/div>\n\t\t<div class=\"elementor-element elementor-element-5a29a9e0 e-con-full section_4_bro elementor-hidden-desktop elementor-hidden-tablet elementor-hidden-mobile e-flex e-con e-child \" data-id=\"5a29a9e0\" data-element_type=\"container\" data-e-type=\"container\" data-settings=\"{&quot;background_background&quot;:&quot;classic&quot;}\"><div class=\"elementor-element elementor-element-4d228204 e-con-full e-flex e-con e-child \" data-id=\"4d228204\" data-element_type=\"container\" data-e-type=\"container\">\t\t<div class=\"elementor-element elementor-element-f9c4e43 Section_1_Sous_1_Titre elementor-widget elementor-widget-heading\" data-id=\"f9c4e43\" data-element_type=\"widget\" data-e-type=\"widget\" data-settings=\"{&quot;_animation&quot;:&quot;none&quot;}\" data-widget_type=\"heading.default\">\n\t\t\t\t\t<h4 class=\"elementor-heading-title elementor-size-default\">##Section_1_Sous_1_Titre##\n<\/h4>\t\t\t\t<\/div>\n\t\t\t\t<div class=\"elementor-element elementor-element-5b6893fe Section_1_Contenu elementor-widget elementor-widget-text-editor\" data-id=\"5b6893fe\" data-element_type=\"widget\" data-e-type=\"widget\" data-widget_type=\"text-editor.default\">\n\t\t\t\t\t\t\t\t\t<p>##Section_1_Contenu##<\/p>\t\t\t\t\t\t\t\t<\/div>\n\t\t\t\t<div class=\"elementor-element elementor-element-150001ef elementor-align-left ft-gt pxl-icon-list  elementor-widget__width-initial elementor-widget elementor-widget-pxl_button\" data-id=\"150001ef\" data-element_type=\"widget\" data-e-type=\"widget\" data-widget_type=\"pxl_button.default\">\n\t\t\t\t<div class=\"elementor-widget-container\">\n\t\t\t\t\t<div id=\"pxl-pxl_button-150001ef-3517\" class=\"pxl-button pxl-atc-link \" data-wow-delay=\"ms\">\r\n    <a href=\"##Brochure_PDF##\" class=\"btn  btn-glossy btn-default  inline pxl-icon--right\" data-wow-delay=\"ms\" data-target=\".pxl-page-popup-template-0\">\r\n                    <i aria-hidden=\"true\" class=\"flaticon flaticon-next\"><\/i>                        <span class=\"pxl--btn-text\" data-text=\"Voir la brochure\">\r\n                        Voir la brochure        <\/span>\r\n    <\/a>\r\n<\/div>\t\t\t\t<\/div>\n\t\t\t\t<\/div>\n\t\t\t\t<\/div>\r\n\t\t<div class=\"elementor-element elementor-element-9ed5548 e-con-full e-flex e-con e-child \" data-id=\"9ed5548\" data-element_type=\"container\" data-e-type=\"container\">\t\t<div class=\"elementor-element elementor-element-268acae2 section_4_image_bro elementor-widget elementor-widget-image\" data-id=\"268acae2\" data-element_type=\"widget\" data-e-type=\"widget\" data-widget_type=\"image.default\">\n\t\t\t\t\t\t\t\t\t\t\t\t\t\t\t<img fetchpriority=\"high\" decoding=\"async\" width=\"728\" height=\"1024\" src=\"https:\/\/template2.orthopediste-lausanne.ch\/wp-content\/uploads\/2025\/12\/L_arthrose_de_la_hanche_brochure-13-1-728x1024.jpg\" class=\"attachment-large size-large wp-image-15297\" alt=\"\" srcset=\"https:\/\/template2.orthopediste-lausanne.ch\/wp-content\/uploads\/2025\/12\/L_arthrose_de_la_hanche_brochure-13-1-728x1024.jpg 728w, https:\/\/template2.orthopediste-lausanne.ch\/wp-content\/uploads\/2025\/12\/L_arthrose_de_la_hanche_brochure-13-1-213x300.jpg 213w, https:\/\/template2.orthopediste-lausanne.ch\/wp-content\/uploads\/2025\/12\/L_arthrose_de_la_hanche_brochure-13-1-768x1080.jpg 768w, https:\/\/template2.orthopediste-lausanne.ch\/wp-content\/uploads\/2025\/12\/L_arthrose_de_la_hanche_brochure-13-1-505x710.jpg 505w, https:\/\/template2.orthopediste-lausanne.ch\/wp-content\/uploads\/2025\/12\/L_arthrose_de_la_hanche_brochure-13-1.jpg 834w\" sizes=\"(max-width: 728px) 100vw, 728px\" \/>\t\t\t\t\t\t\t\t\t\t\t\t\t\t\t<\/div>\n\t\t\t\t<\/div>\r\n\t\t\t\t<\/div>\r\n\t\t\t\t<div class=\"elementor-element elementor-element-e4f894b Section_3_Titre elementor-widget elementor-widget-heading\" data-id=\"e4f894b\" data-element_type=\"widget\" data-e-type=\"widget\" data-settings=\"{&quot;_animation&quot;:&quot;none&quot;}\" data-widget_type=\"heading.default\">\n\t\t\t\t\t<h2 class=\"elementor-heading-title elementor-size-default\">Anatomie<\/h2>\t\t\t\t<\/div>\n\t\t\t\t<div class=\"elementor-element elementor-element-7a521387 elementor-widget elementor-widget-image\" data-id=\"7a521387\" data-element_type=\"widget\" data-e-type=\"widget\" data-widget_type=\"image.default\">\n\t\t\t\t\t\t\t\t\t\t\t\t\t\t\t\t<a href=\"https:\/\/www.medicol.ch\/med\/images\/maladies\/hernie_discale_lombaire\/hernie_discale_lombaire_2.jpg\" data-elementor-open-lightbox=\"yes\" data-e-action-hash=\"#elementor-action%3Aaction%3Dlightbox%26settings%3DW10%3D\" target=\"_blank\" rel=\"noopener\">\n\t\t\t\t\t\t\t<img decoding=\"async\" src=\"https:\/\/www.medicol.ch\/med\/images\/maladies\/hernie_discale_lombaire\/hernie_discale_lombaire_2.jpg\" title=\"\" alt=\"\" loading=\"lazy\" \/>\t\t\t\t\t\t\t\t<\/a>\n\t\t\t\t\t\t\t\t\t\t\t\t\t\t\t<\/div>\n\t\t\t\t<div class=\"elementor-element elementor-element-a7651b4 Section_2_Contenu elementor-widget elementor-widget-text-editor\" data-id=\"a7651b4\" data-element_type=\"widget\" data-e-type=\"widget\" data-widget_type=\"text-editor.default\">\n\t\t\t\t\t\t\t\t\t<p>La colonne lombaire est la partie basse de notre dos et comprend 5 vert\u00e8bres (lombaires). Ces vert\u00e8bres sont constitu\u00e9es \u00e0 l\u2019avant, d\u2019un corps vert\u00e9bral et \u00e0 l\u2019arri\u00e8re d\u2019un arc vert\u00e9bral qui entoure le canal rachidien et les structures nerveuses. Des fen\u00eatres lat\u00e9rales (trous de conjugaison) permettent aux nerfs de sortir du canal rachidien pour aller innerver nos jambes.<\/p><p>Les disques sont plac\u00e9s entre les corps vert\u00e9braux et fonctionnent comme une sorte d\u2019amortisseur entre les vert\u00e8bres. Ils sont form\u00e9s d\u2019un anneau fibreux \u00e9lastique et tr\u00e8s r\u00e9sistant, au centre duquel on trouve une boule de mat\u00e9riel g\u00e9latineux (noyau pulpeux). C\u2019est gr\u00e2ce \u00e0 l\u2019\u00e9lasticit\u00e9 de l\u2019anneau que le noyau peut se d\u00e9former en fonction des contraintes auquel il est soumis (mouvements du corps, charge axiale ou verticale, r\u00e9sistance contre effort). Le disque et les 2 vert\u00e8bres sus et sous-jacentes forment une unit\u00e9 fonctionnelle que l\u2019on appelle le segment vert\u00e9bral.<\/p><p>Les vert\u00e8bres bougent les unes sur les autres au niveau du disque en avant et au niveau de 2 articulations (facettes articulaires) en arri\u00e8re. De faibles mouvements, de l\u2019ordre de 3 \u00e0 5\u00b0 par segment, sont possibles dans toutes les directions (flexion-extension, flexion lat\u00e9rale des 2 c\u00f4t\u00e9s, rotation \u00e0 droite et \u00e0 gauche). En prenant en consid\u00e9ration toute la colonne lombaire, les mouvements sont donc de l\u2019ordre de 15 \u00e0 20\u00b0 dans chaque direction, selon l\u2019\u00e2ge et la flexibilit\u00e9 du patient m\u00eame. La majeure partie de la mobilit\u00e9 que l\u2019on croit avoir lieu au niveau de notre dos se fait en r\u00e9alit\u00e9 au niveau de nos hanches.<\/p>\t\t\t\t\t\t\t\t<\/div>\n\t\t\t\t<div class=\"elementor-element elementor-element-6f51d4b0 elementor-widget elementor-widget-image\" data-id=\"6f51d4b0\" data-element_type=\"widget\" data-e-type=\"widget\" data-widget_type=\"image.default\">\n\t\t\t\t\t\t\t\t\t\t\t\t\t\t\t\t<a href=\"https:\/\/www.medicol.ch\/med\/images\/maladies\/hernie_discale_lombaire\/hernie_discale_lombaire_3.jpg\" data-elementor-open-lightbox=\"yes\" data-e-action-hash=\"#elementor-action%3Aaction%3Dlightbox%26settings%3DW10%3D\" target=\"_blank\" rel=\"noopener\">\n\t\t\t\t\t\t\t<img decoding=\"async\" src=\"https:\/\/www.medicol.ch\/med\/images\/maladies\/hernie_discale_lombaire\/hernie_discale_lombaire_3.jpg\" title=\"\" alt=\"\" loading=\"lazy\" \/>\t\t\t\t\t\t\t\t<\/a>\n\t\t\t\t\t\t\t\t\t\t\t\t\t\t\t<\/div>\n\t\t\t\t<div class=\"elementor-element elementor-element-64ce6615 Section_3_Titre elementor-widget elementor-widget-heading\" data-id=\"64ce6615\" data-element_type=\"widget\" data-e-type=\"widget\" data-settings=\"{&quot;_animation&quot;:&quot;none&quot;}\" data-widget_type=\"heading.default\">\n\t\t\t\t\t<h2 class=\"elementor-heading-title elementor-size-default\">Signes &amp; sympt\u00f4mes<\/h2>\t\t\t\t<\/div>\n\t\t\t\t<div class=\"elementor-element elementor-element-570d5ec6 Section_2_Contenu elementor-widget elementor-widget-text-editor\" data-id=\"570d5ec6\" data-element_type=\"widget\" data-e-type=\"widget\" data-widget_type=\"text-editor.default\">\n\t\t\t\t\t\t\t\t\t<p>Typiquement, le patient se plaindra de douleurs vives dans une jambe (sciatique) et parfois dans le bas du dos. Lors de compression nerveuse importante, la sciatique peut \u00eatre associ\u00e9e \u00e0 une sensation de fourmillements, \u00e0 une diminution de la sensibilit\u00e9, voire \u00e0 une faiblesse dans la m\u00eame jambe (d\u00e9ficits neurologiques).<br><br>La douleur est habituellement plus importante en position assise ou debout, diminu\u00e9e en position couch\u00e9e, les jambes l\u00e9g\u00e8rement pli\u00e9es.<br><br>Dans de tr\u00e8s rares cas le patient pourra pr\u00e9senter une incontinence (surtout pertes des urines). Ceci repr\u00e9sente une urgence chirurgicale et le malade devra consulter imm\u00e9diatement.<\/p>\t\t\t\t\t\t\t\t<\/div>\n\t\t\t\t<div class=\"elementor-element elementor-element-1f1c1c62 Section_3_Titre elementor-widget elementor-widget-heading\" data-id=\"1f1c1c62\" data-element_type=\"widget\" data-e-type=\"widget\" data-settings=\"{&quot;_animation&quot;:&quot;none&quot;}\" data-widget_type=\"heading.default\">\n\t\t\t\t\t<h2 class=\"elementor-heading-title elementor-size-default\">Qu'est-ce que c'est?<\/h2>\t\t\t\t<\/div>\n\t\t\t\t<div class=\"elementor-element elementor-element-11dc575b Section_2_Contenu elementor-widget elementor-widget-text-editor\" data-id=\"11dc575b\" data-element_type=\"widget\" data-e-type=\"widget\" data-widget_type=\"text-editor.default\">\n\t\t\t\t\t\t\t\t\t<p>Une l\u00e9sion de l\u2019anneau discal (d\u00e9chirure) peut g\u00e9n\u00e9rer un bombement du disque (protrusion discale), voire, dans les cas graves, la sortie d\u2019un fragment de disque \u00e0 l\u2019int\u00e9rieur du tunnel des nerfs (hernie discale).<br><br>Selon le volume de la hernie, il peut y avoir compression des \u00e9l\u00e9ments nerveux passant dans le canal rachidien entra\u00eenant ainsi des douleurs dans la jambe (sciatique).<\/p>\t\t\t\t\t\t\t\t<\/div>\n\t\t\t\t<div class=\"elementor-element elementor-element-7bd880eb Section_3_Titre elementor-widget elementor-widget-heading\" data-id=\"7bd880eb\" data-element_type=\"widget\" data-e-type=\"widget\" data-settings=\"{&quot;_animation&quot;:&quot;none&quot;}\" data-widget_type=\"heading.default\">\n\t\t\t\t\t<h2 class=\"elementor-heading-title elementor-size-default\">Facteurs de risques<\/h2>\t\t\t\t<\/div>\n\t\t\t\t<div class=\"elementor-element elementor-element-17e62dc6 Section_2_Contenu elementor-widget elementor-widget-text-editor\" data-id=\"17e62dc6\" data-element_type=\"widget\" data-e-type=\"widget\" data-widget_type=\"text-editor.default\">\n\t\t\t\t\t\t\t\t\t<p>Soulever de gros poids sans positionner correctement le dos et la colonne lombaire.<br><br>Certains mouvements violents de rotation, de flexion-extension du dos.<br><br>Certaines activit\u00e9s sportives excessives exerc\u00e9es sans la pr\u00e9paration ad\u00e9quate peuvent mettre en danger la structure discale et occasionner une l\u00e9sion du disque voire une hernie discale ou encore aggraver ou d\u00e9compenser une arthrose lombaire d\u00e9j\u00e0 pr\u00e9sente.<\/p>\t\t\t\t\t\t\t\t<\/div>\n\t\t\t\t<div class=\"elementor-element elementor-element-67b85db7 Section_3_Titre elementor-widget elementor-widget-heading\" data-id=\"67b85db7\" data-element_type=\"widget\" data-e-type=\"widget\" data-settings=\"{&quot;_animation&quot;:&quot;none&quot;}\" data-widget_type=\"heading.default\">\n\t\t\t\t\t<h2 class=\"elementor-heading-title elementor-size-default\">Depistage &amp; Diagnostic<\/h2>\t\t\t\t<\/div>\n\t\t\t\t<div class=\"elementor-element elementor-element-2262b199 Section_2_Contenu elementor-widget elementor-widget-text-editor\" data-id=\"2262b199\" data-element_type=\"widget\" data-e-type=\"widget\" data-widget_type=\"text-editor.default\">\n\t\t\t\t\t\t\t\t\t<p>L\u2019examen m\u00e9dical portera sur l\u2019historique de la douleur, l\u2019examen du dos et surtout celui des jambes. L\u2019examen du fonctionnement des nerfs (examen neurologique) est essentiel.<br><br>L\u2019\u00e9valuation du patient pourra n\u00e9cessiter de radiographies standards, d\u2019un CT-Scan ou d\u2019un examen IRM (de nos jours, le meilleur des examens pour bien identifier une hernie discale et son rapport avec les \u00e9l\u00e9ments nerveux).<\/p>\t\t\t\t\t\t\t\t<\/div>\n\t\t\t\t<div class=\"elementor-element elementor-element-2db6f570 Section_3_Titre elementor-widget elementor-widget-heading\" data-id=\"2db6f570\" data-element_type=\"widget\" data-e-type=\"widget\" data-settings=\"{&quot;_animation&quot;:&quot;none&quot;}\" data-widget_type=\"heading.default\">\n\t\t\t\t\t<h2 class=\"elementor-heading-title elementor-size-default\">Traitements<\/h2>\t\t\t\t<\/div>\n\t\t\t\t<div class=\"elementor-element elementor-element-209043ef Section_3_Titre elementor-widget elementor-widget-heading\" data-id=\"209043ef\" data-element_type=\"widget\" data-e-type=\"widget\" data-settings=\"{&quot;_animation&quot;:&quot;none&quot;}\" data-widget_type=\"heading.default\">\n\t\t\t\t\t<h3 class=\"elementor-heading-title elementor-size-default\">Auto traitement\n<\/h3>\t\t\t\t<\/div>\n\t\t\t\t<div class=\"elementor-element elementor-element-295d8dcc Section_2_Contenu elementor-widget elementor-widget-text-editor\" data-id=\"295d8dcc\" data-element_type=\"widget\" data-e-type=\"widget\" data-widget_type=\"text-editor.default\">\n\t\t\t\t\t\t\t\t\t<p>En l\u2019absence de d\u00e9ficit neurologique (perte de sensibilit\u00e9, faiblesse musculaire, incontinence urinaire), le malade peut entreprendre son traitement:<\/p><ul><li>Diminution de l\u2019activit\u00e9 physique, repos<\/li><li>Position couch\u00e9e, un coussin sous les genoux<\/li><li>M\u00e9dicaments anti-douleurs et anti-inflammatoires en vente libre<\/li><\/ul>\t\t\t\t\t\t\t\t<\/div>\n\t\t\t\t<div class=\"elementor-element elementor-element-409d7e73 Section_3_Titre elementor-widget elementor-widget-heading\" data-id=\"409d7e73\" data-element_type=\"widget\" data-e-type=\"widget\" data-settings=\"{&quot;_animation&quot;:&quot;none&quot;}\" data-widget_type=\"heading.default\">\n\t\t\t\t\t<h3 class=\"elementor-heading-title elementor-size-default\">Traitements m\u00e9dicaux\n<\/h3>\t\t\t\t<\/div>\n\t\t\t\t<div class=\"elementor-element elementor-element-1555a9f1 Section_2_Contenu elementor-widget elementor-widget-text-editor\" data-id=\"1555a9f1\" data-element_type=\"widget\" data-e-type=\"widget\" data-widget_type=\"text-editor.default\">\n\t\t\t\t\t\t\t\t\t<p>Dans la majorit\u00e9 des cas (90%), la sciatique diminuera, voire dispara\u00eetra spontan\u00e9ment dans les 6 \u00e0 12 semaines et le traitement initial sera dirig\u00e9 vers la r\u00e9duction des plaintes afin de maintenir ou r\u00e9cup\u00e9rer l\u2019activit\u00e9 physique du patient. Seuls 10 \u00e0 20% des patients pr\u00e9sentant une sciatique sur hernie discale n\u00e9cessiteront d\u2019un traitement chirurgical.<br \/><br \/><\/p><ol><li>Traitement conservateur (modification de l\u2019activit\u00e9 physique, traitement m\u00e9dicamenteux, anti-douleurs et anti-inflammatoires, physioth\u00e9rapies)?<\/li><li>Infiltrations \u00e9pidurales?<\/li><li>Traitement chirurgical (microdiscectomie lombaire)<br \/>La seule indication absolue pour un traitement chirurgical est le d\u00e9veloppement de dommages nerveux significatifs tels qu\u2019une paralysie soudaine ou la progression de la d\u00e9t\u00e9rioration neurologique (aggravation de la faiblesse musculaire, perte de sensibilit\u00e9 ou du contr\u00f4le de la vessie ou de la fonction intestinale. Toutes les autres indications sont relatives et d\u00e9pendent de la dur\u00e9e et de la s\u00e9v\u00e9rit\u00e9 des sympt\u00f4mes.<br \/>En l\u2019absence de d\u00e9ficit neurologique important (perte de sensibilit\u00e9, faiblesse musculaire), on commencera habituellement par un traitement non chirurgical. L\u2019activit\u00e9 physique du patient devra \u00eatre modifi\u00e9e en rapport avec ses plaintes, la douleur devra \u00eatre apais\u00e9e par le repos et les m\u00e9dicaments anti-douleurs, anti-inflammatoires et \u00e9ventuellement par de faibles doses de cortisone. Un traitement de physioth\u00e9rapie devra \u00eatre entrepris. Une s\u00e9rie d\u2019infiltrations \u00e9pidurales pourra \u00eatre indiqu\u00e9e afin de maximaliser ce traitement. Dans la vaste majorit\u00e9 des cas, ce traitement am\u00e8nera \u00e0 une diminution progressive, voire \u00e0 une disparition des plaintes dans les semaines suivantes.<br \/>Dans les cas de sciatique importante sur hernie discale, r\u00e9sistante au traitement non chirurgical, la microdiscectomie a d\u00e9montr\u00e9 une efficacit\u00e9 certaine, mais sans pour autant garantir la disparition compl\u00e8te de la symptomatologie. Le traitement chirurgical est d\u00e9crit comme plus efficace dans le traitement de la sciatique, moins efficace pour le mal de dos.<br \/>Autant apr\u00e8s un traitement non chirurgical qu\u2019apr\u00e8s une microdiscectomie, une r\u00e9cidive de hernie discale est toujours possible.<\/li><\/ol>\t\t\t\t\t\t\t\t<\/div>\n\t\t\t\t<div class=\"elementor-element elementor-element-1a418fa9 Section_3_Titre elementor-widget elementor-widget-heading\" data-id=\"1a418fa9\" data-element_type=\"widget\" data-e-type=\"widget\" data-settings=\"{&quot;_animation&quot;:&quot;none&quot;}\" data-widget_type=\"heading.default\">\n\t\t\t\t\t<h3 class=\"elementor-heading-title elementor-size-default\">Nos m\u00e9thodes pr\u00e9f\u00e9r\u00e9es\n<\/h3>\t\t\t\t<\/div>\n\t\t\t\t<div class=\"elementor-element elementor-element-2ec4356c Section_2_Contenu elementor-widget elementor-widget-text-editor\" data-id=\"2ec4356c\" data-element_type=\"widget\" data-e-type=\"widget\" data-widget_type=\"text-editor.default\">\n\t\t\t\t\t\t\t\t\t<p><strong>Traitement conservateur<\/strong><br \/>En l\u2019absence de d\u00e9ficit neurologique (perte de sensibilit\u00e9, faiblesse musculaire, perte urinaire), on commencera toujours par une prise en charge non chirurgicale (repos, m\u00e9dicaments, physioth\u00e9rapie).<br \/><br \/><strong>Infiltration \u00e9pidurale ou p\u00e9ridurale<\/strong><br \/>Afin d\u2019accro\u00eetre l\u2019effet anti-inflammatoire au niveau des structures nerveuses comprim\u00e9es, on peut envisager une infiltration \u00e9pidurale. Cette intervention est pratiqu\u00e9e en anesth\u00e9sie locale. Sous contr\u00f4le radiologique, on introduit une aiguille jusqu\u2019au contact des nerfs (dans l\u2019espace p\u00e9ridural) o\u00f9 l\u2019on d\u00e9pose de faibles quantit\u00e9s de cortisone qui auront alors un effet anti-inflammatoire maximalis\u00e9. Ces infiltrations sont pratiqu\u00e9es de fa\u00e7on ambulatoire, le patient pouvant rentrer \u00e0 domicile apr\u00e8s une p\u00e9riode de contr\u00f4le d\u2019environ 1 heure.<br \/><br \/>En cas d\u2019am\u00e9lioration des plaintes, l\u2019infiltration pourra \u00eatre r\u00e9p\u00e9t\u00e9e \u00e0 une intervalle que le m\u00e9decin devra d\u00e9finir (3 \u00e0 6 semaines).<br \/><br \/><strong>Microdiscectomie lombaire<\/strong><br \/>La r\u00e9section partielle du disque effectu\u00e9e sous contr\u00f4le microscopique (microdiscectomie) est l\u2019op\u00e9ration que l\u2019on effectue habituellement dans le cas de hernie discale lombaire. Cette intervention chirurgicale est effectu\u00e9e en anesth\u00e9sie g\u00e9n\u00e9rale \u00e0 travers une petite incision d\u2019environ 2-3 cm dans le bas de votre dos. L\u2019emplacement de l\u2019incision cutan\u00e9e est d\u00e9termin\u00e9 par une radiographie que l\u2019on fait avant de commencer l\u2019intervention. Les muscles qui recouvrent la colonne vert\u00e9brale sont ensuite \u00e9cart\u00e9s pour permettre l\u2019ouverture du canal rachidien livrant passage aux nerfs. En d\u00e9pla\u00e7ant soigneusement les structures nerveuses, le chirurgien a ainsi acc\u00e8s au disque malade. Les fragments de disque contenus dans l&#8217; hernie discale sont retir\u00e9s pour lib\u00e9rer les nerfs pr\u00e9c\u00e9demment comprim\u00e9s. Cette op\u00e9ration ne n\u00e9cessite pas de transfusion de sang.<br \/><br \/><strong>Apr\u00e8s l\u2019op\u00e9ration<\/strong><br \/>En sortant de salle d\u2019op\u00e9ration (vous \u00eates r\u00e9veill\u00e9), vous allez passer quelques heures en salle de r\u00e9veil. Vous \u00eates sous la responsabilit\u00e9 de votre anesth\u00e9siste qui veillera au traitement anti-douleurs. Tout sera entrepris pour que vous soyez le plus confortable possible et garder vos douleurs sous contr\u00f4le. Vous serez allong\u00e9 sur le dos avec la possibilit\u00e9 selon votre d\u00e9sir que le personnel soignant vous tourne sur le c\u00f4t\u00e9.<br \/><br \/>D\u00e8s que vous serez suffisamment bien r\u00e9veill\u00e9, le m\u00e9decin anesth\u00e9siste va autoriser votre transfert de la salle de r\u00e9veil \u00e0 votre chambre.<br \/><br \/><\/p>\t\t\t\t\t\t\t\t<\/div>\n\t\t\t\t<div class=\"elementor-element elementor-element-5fb4ec03 elementor-widget elementor-widget-image\" data-id=\"5fb4ec03\" data-element_type=\"widget\" data-e-type=\"widget\" data-widget_type=\"image.default\">\n\t\t\t\t\t\t\t\t\t\t\t\t\t\t\t\t<a href=\"https:\/\/www.medicol.ch\/med\/images\/maladies\/chirurgie.jpg\" data-elementor-open-lightbox=\"yes\" data-e-action-hash=\"#elementor-action%3Aaction%3Dlightbox%26settings%3DW10%3D\" target=\"_blank\" rel=\"noopener\">\n\t\t\t\t\t\t\t<img decoding=\"async\" src=\"https:\/\/www.medicol.ch\/med\/images\/maladies\/chirurgie.jpg\" title=\"\" alt=\"\" loading=\"lazy\" \/>\t\t\t\t\t\t\t\t<\/a>\n\t\t\t\t\t\t\t\t\t\t\t\t\t\t\t<\/div>\n\t\t\t\t<div class=\"elementor-element elementor-element-542ed5d9 Section_3_Titre elementor-widget elementor-widget-heading\" data-id=\"542ed5d9\" data-element_type=\"widget\" data-e-type=\"widget\" data-settings=\"{&quot;_animation&quot;:&quot;none&quot;}\" data-widget_type=\"heading.default\">\n\t\t\t\t\t<h2 class=\"elementor-heading-title elementor-size-default\">Chirurgie\n<\/h2>\t\t\t\t<\/div>\n\t\t\t\t<div class=\"elementor-element elementor-element-323ac85f Section_3_Titre elementor-widget elementor-widget-heading\" data-id=\"323ac85f\" data-element_type=\"widget\" data-e-type=\"widget\" data-settings=\"{&quot;_animation&quot;:&quot;none&quot;}\" data-widget_type=\"heading.default\">\n\t\t\t\t\t<h3 class=\"elementor-heading-title elementor-size-default\">Pr\u00e9paration \u00e0 la chirurgie\n\n<\/h3>\t\t\t\t<\/div>\n\t\t\t\t<div class=\"elementor-element elementor-element-13f8e904 Section_2_Contenu elementor-widget elementor-widget-text-editor\" data-id=\"13f8e904\" data-element_type=\"widget\" data-e-type=\"widget\" data-widget_type=\"text-editor.default\">\n\t\t\t\t\t\t\t\t\t<p>Nous serons en communication permanente avec votre m\u00e9decin de famille pour discuter et proc\u00e9der \u00e0 la meilleure option th\u00e9rapeutique pour vous.<br \/><br \/>Une fois que l\u2019indication op\u00e9ratoire a \u00e9t\u00e9 pos\u00e9e et agend\u00e9e, vous recevrez une lettre de convocation de la Clinique Bois-Cerf contenant des informations concernant:<br \/><br \/><strong>Consultation de pr\u00e9-hospitalisation<\/strong><br \/>Avant votre s\u00e9jour hospitalier, vous serez vu en consultation par un de nos m\u00e9decins anesth\u00e9sistes afin d\u2019\u00e9valuer votre \u00e9tat de sant\u00e9, effectuer les examens n\u00e9cessaires (bilan sanguin, radiographie des poumons, \u00e9lectrocardiogramme) et discuter du d\u00e9roulement de l\u2019anesth\u00e9sie qui sera une narcose g\u00e9n\u00e9rale.<br \/><br \/>Quel jour et \u00e0 quelle heure se pr\u00e9senter \u00e0 l\u2019accueil de la Clinique Bois-Cerf (\u00e7a peut \u00eatre la veille ou le jour m\u00eame de l\u2019intervention).<br \/><br \/><strong>S\u00e9jour hospitalier<\/strong><br \/><br \/>Ce qu\u2019il faut apporter avec vous:<\/p><ul><li>Vos affaires personnelles<\/li><li>Lecteur de musique<\/li><li>Vos m\u00e9dicaments personnels (si vous suivez un traitement \u00e0 domicile)<\/li><li>Votre optimisme et votre \u00e9nergie \u2026\u2026. nous nous occuperons du reste<\/li><\/ul><p>A votre arriv\u00e9e en clinique, apr\u00e8s vous \u00eatre acquitt\u00e9 des t\u00e2ches administratives, vous serez pris en charge par les h\u00f4tesses pour vous accompagner dans votre chambre. Le personnel soignant prendra soin de vous afin de bien vous installer. Certains examens peuvent encore \u00eatre n\u00e9cessaires car demand\u00e9s par vos m\u00e9decins. Des soins de peau (d\u00e9sinfection) vont \u00eatre pratiqu\u00e9s au niveau de la future plaie op\u00e9ratoire.<br \/><br \/>Vous recevrez la visite de votre chirurgien et de l\u2019anesth\u00e9siste (visites pr\u00e9-op\u00e9ratoires). Une physioth\u00e9rapeute passera pour vous instruire quant aux exercices respiratoires et \u00e0 la fa\u00e7on de vous bouger dans le lit et de vous lever apr\u00e8s l\u2019intervention.<br \/><br \/>En principe, l\u2019intervention chirurgicale sera effectu\u00e9e \u00e0 l\u2019heure qui vous aura \u00e9t\u00e9 communiqu\u00e9e auparavant par votre chirurgien. Comme jadis l\u2019op\u00e9ration se d\u00e9roule en anesth\u00e9sie g\u00e9n\u00e9rale.<br \/><br \/>Votre m\u00e9decin anesth\u00e9siste va pr\u00e9voir une pr\u00e9m\u00e9dication une heure avant l\u2019op\u00e9ration et si n\u00e9cessaire le soir d\u2019avant afin de vous d\u00e9tendre et diminuer ainsi le stress li\u00e9 \u00e0 l\u2019intervention.<br \/><br \/>Des visites sont en principe autoris\u00e9es en salle de r\u00e9veil (une heure environ apr\u00e8s votre sortie de salle d\u2019op\u00e9ration, une seule personne) et de fa\u00e7on libre dans votre chambre d\u2019h\u00f4pital.<br \/><br \/><\/p>\t\t\t\t\t\t\t\t<\/div>\n\t\t\t\t<div class=\"elementor-element elementor-element-73408195 Section_3_Titre elementor-widget elementor-widget-heading\" data-id=\"73408195\" data-element_type=\"widget\" data-e-type=\"widget\" data-settings=\"{&quot;_animation&quot;:&quot;none&quot;}\" data-widget_type=\"heading.default\">\n\t\t\t\t\t<h3 class=\"elementor-heading-title elementor-size-default\">R\u00e9cup\u00e9ration\n\n<\/h3>\t\t\t\t<\/div>\n\t\t\t\t<div class=\"elementor-element elementor-element-30da07f6 Section_2_Contenu elementor-widget elementor-widget-text-editor\" data-id=\"30da07f6\" data-element_type=\"widget\" data-e-type=\"widget\" data-widget_type=\"text-editor.default\">\n\t\t\t\t\t\t\t\t\t<p>Le patient sera lev\u00e9 et mobilis\u00e9 \u00e0 partir du jour m\u00eame de l\u2019op\u00e9ration ou le jour suivant, sous la surveillance de son physioth\u00e9rapeute ou du personnel soignant. Une douche est autoris\u00e9e au 2\u00e8me jour postop\u00e9ratoire, d\u00e8s que le patient est sans drain et sans perfusion. Le drain aspiratif est retir\u00e9 apr\u00e8s 24-48h apr\u00e8s l\u2019op\u00e9ration. Pendant l\u2019hospitalisation, les physioth\u00e9rapeutes apprendront au patient des exercices de r\u00e9habilitation et comment ex\u00e9cuter correctement les t\u00e2ches de la vie courante. Le port d\u2019un corset lombaire \u00e9lastique est recommand\u00e9 pendant 3 \u00e0 6 semaines selon l\u2019intervention subie. L\u2019hospitalisation est habituellement de 2 \u00e0 5 jours et d\u00e9pend des progr\u00e8s du patient et de sa situation \u00e0 domicile. De 6 \u00e0 7 jours pour les patients n\u00e9cessitant une fixation vert\u00e9brale.<br><br>Les douleurs \u00e0 la fesse et \u00e0 la jambe (sciatique) sont habituellement bien soulag\u00e9es apr\u00e8s l\u2019op\u00e9ration. Une certaine g\u00eane, douleur de dos est toujours pr\u00e9sente apr\u00e8s l\u2019op\u00e9ration et diminuera progressivement avec la gu\u00e9rison de la musculature.<br><br>Un contr\u00f4le de la plaie op\u00e9ratoire peut \u00eatre n\u00e9cessaire 10 jours environ apr\u00e8s l\u2019op\u00e9ration (\u00e9ventuellement ablation des fils).<br>D\u00e8s votre retour \u00e0 domicile, il faudra mener une vie tranquille (vous \u00eates en convalescence). Il faudra pr\u00eater attention \u00e0 la plaie op\u00e9ratoire (selon les instructions re\u00e7ues pendant votre hospitalisation).<br><br>Pendant les 2 \u00e0 3 premi\u00e8res semaines, il faudra \u00e9viter les positions assises trop basses (sofa, fauteuil), \u00e9viter les efforts physiques (t\u00e2ches m\u00e9nag\u00e8res) et de soulever \/ porter des objets lourds.<br><br>Un contr\u00f4le clinique est pr\u00e9vu environ 3 semaines apr\u00e8s l\u2019intervention afin de pr\u00e9voir les suites (m\u00e9dicaments, physioth\u00e9rapie, reprise de l\u2019activit\u00e9, arr\u00eat de travail, etc.).<br><br>Un programme de r\u00e9habilitation en physioth\u00e9rapie va \u00eatre entrepris 2 \u00e0 3 semaines apr\u00e8s l\u2019op\u00e9ration, g\u00e9n\u00e9ralement apr\u00e8s la premi\u00e8re visite m\u00e9dicale. La physioth\u00e9rapie est ax\u00e9e sur une r\u00e9cup\u00e9ration de la fonction musculaire et le renforcement de la ceinture abdominale, des exercices de souplesse (\u00e9longation neurom\u00e9ning\u00e9e) et la mobilisation progressive de la charni\u00e8re lombo-pelvienne. Ce programme peut se d\u00e9rouler \u00e0 sec, parfois avec l\u2019auxiliaire de la piscine.<br><br>Le taux de gu\u00e9rison d\u00e9pend de chaque patient, et habituellement vous n\u00e9cessiterez d\u2019un arr\u00eat de travail de 2 \u00e0 6 semaines. La conduite d\u2019une voiture pourra se faire d\u00e8s que vous pourrez vous asseoir confortablement et sans douleur, g\u00e9n\u00e9ralement 2 \u00e0 3 semaines apr\u00e8s l\u2019intervention.<br><br>90% des patients obtiennent un bon soulagement de leurs douleurs de sciatique avec ce genre d\u2019op\u00e9ration. Il y a par contre environ 5% de cas qui pr\u00e9sentera une r\u00e9cidive de hernie discale au m\u00eame endroit ainsi qu\u2019environ 5% de patients qui d\u00e9veloppera des douleurs de dos chroniques, sur une d\u00e9g\u00e9n\u00e9rescence progressive du disque (voir lombalgie).<br><br><\/p>\t\t\t\t\t\t\t\t<\/div>\n\t\t\t\t<div class=\"elementor-element elementor-element-51c379d7 Section_3_Titre elementor-widget elementor-widget-heading\" data-id=\"51c379d7\" data-element_type=\"widget\" data-e-type=\"widget\" data-settings=\"{&quot;_animation&quot;:&quot;none&quot;}\" data-widget_type=\"heading.default\">\n\t\t\t\t\t<h3 class=\"elementor-heading-title elementor-size-default\">Risques possibles\n\n<\/h3>\t\t\t\t<\/div>\n\t\t\t\t<div class=\"elementor-element elementor-element-76f9e331 Section_2_Contenu elementor-widget elementor-widget-text-editor\" data-id=\"76f9e331\" data-element_type=\"widget\" data-e-type=\"widget\" data-widget_type=\"text-editor.default\">\n\t\t\t\t\t\t\t\t\t<p>L\u2019op\u00e9ration \u00e9tant men\u00e9e en anesth\u00e9sie g\u00e9n\u00e9rale, le patient peut pr\u00e9senter tous les risques associ\u00e9s \u00e0 cette technique, sp\u00e9cialement si son \u00e9tat g\u00e9n\u00e9ral n\u2019est pas optimal (allergie aux m\u00e9dicaments, probl\u00e8mes cardio-pulmonaires, r\u00e9naux, m\u00e9taboliques, etc..). Le taux de ces complications est bas et sera discut\u00e9 avec l\u2019anesth\u00e9siste.<br \/><br \/><strong>Infection<\/strong><br \/>Lors de toute op\u00e9ration, le risque de d\u00e9velopper une infection existe, complication heureusement rare (moins de 0.5%).<br \/><br \/><strong>L\u00e9sions nerveuses<\/strong><br \/>Etant donn\u00e9 que le chirurgien entre en contact avec les structures nerveuses passant dans le canal rachidien, une l\u00e9sion des nerfs peut toujours \u00eatre possible, m\u00eame avec l\u2019utilisation d\u2019un microscope op\u00e9ratoire. D\u2019apr\u00e8s la litt\u00e9rature m\u00e9dicale sp\u00e9cialis\u00e9e, ce risque est d\u2019environ 1%.<br \/><br \/><strong>Plaie durem\u00e9rienne\/fistule<\/strong><br \/>A l\u2019int\u00e9rieur du canal rachidien les nerfs sont entour\u00e9s par une membrane (dure m\u00e8re). Une petite br\u00e8che de cette enveloppe peut se produire lors de l\u2019intervention et la manipulation des nerfs que le chirurgien doit faire (1-2%). La br\u00e8che sera r\u00e9par\u00e9e pendant l\u2019op\u00e9ration. Dans de tr\u00e8s rares cas, la br\u00e8che pourra r\u00e9cidiver et s\u2019accompagner par une fuite de liquide rachidien (fistule) pouvant n\u00e9cessiter une r\u00e9op\u00e9ration.<br \/><br \/><\/p>\t\t\t\t\t\t\t\t<\/div>\n\t\t\t\t<div class=\"elementor-element elementor-element-722da1a7 Section_3_Titre elementor-widget elementor-widget-heading\" data-id=\"722da1a7\" data-element_type=\"widget\" data-e-type=\"widget\" data-settings=\"{&quot;_animation&quot;:&quot;none&quot;}\" data-widget_type=\"heading.default\">\n\t\t\t\t\t<h2 class=\"elementor-heading-title elementor-size-default\">Questions fr\u00e9quentes<\/h2>\t\t\t\t<\/div>\n\t\t\t\t<div class=\"elementor-element elementor-element-de92846 faq_pathologie elementor-widget-mobile__width-inherit elementor-widget elementor-widget-pxl_accordion\" data-id=\"de92846\" data-element_type=\"widget\" data-e-type=\"widget\" data-widget_type=\"pxl_accordion.default\">\n\t\t\t\t<div class=\"elementor-widget-container\">\n\t\t\t\t\t    <div class=\"pxl-accordion pxl-accordion1 style1 \" data-wow-delay=\"ms\">\r\n                    <div class=\"pxl--item  active \">\r\n                                \r\n                <h5 class=\"pxl-accordion--title\" data-target=\"#pxl_accordion-de92846-3044-98960d6\">\r\n                                <span class=\"pxl-title--text pxl-pr-20\">Combien de temps dure l\u2019op\u00e9ration?<\/span>\r\n\r\n                <i class=\"pxl-icon--plus pxl-r-9\"><\/i> \r\n\r\n                \r\n                <\/h5>\r\n                <div id=\"pxl_accordion-de92846-3044-98960d6\" class=\"pxl-accordion--content\" style=\"display: block;\">\r\n                    Environ 1 h 30.<br \/>\n                <\/div>\r\n                                            <\/div>\r\n                    <div class=\"pxl--item   \">\r\n                                \r\n                <h5 class=\"pxl-accordion--title\" data-target=\"#pxl_accordion-de92846-3044-f5ba80f\">\r\n                                <span class=\"pxl-title--text pxl-pr-20\">O\u00f9 est la cicatrice?<\/span>\r\n\r\n                <i class=\"pxl-icon--plus pxl-r-9\"><\/i> \r\n\r\n                \r\n                <\/h5>\r\n                <div id=\"pxl_accordion-de92846-3044-f5ba80f\" class=\"pxl-accordion--content\" >\r\n                    Derri\u00e8re, sur la ligne m\u00e9diane, en regard de la localisation de la hernie.<br \/>\n                <\/div>\r\n                                            <\/div>\r\n                    <div class=\"pxl--item   \">\r\n                                \r\n                <h5 class=\"pxl-accordion--title\" data-target=\"#pxl_accordion-de92846-3044-e1b7c4f\">\r\n                                <span class=\"pxl-title--text pxl-pr-20\">Quelle est la longueur de l\u2019incision?<\/span>\r\n\r\n                <i class=\"pxl-icon--plus pxl-r-9\"><\/i> \r\n\r\n                \r\n                <\/h5>\r\n                <div id=\"pxl_accordion-de92846-3044-e1b7c4f\" class=\"pxl-accordion--content\" >\r\n                    2-3 cm (un peu plus pour les patients ob\u00e8ses).<br \/>\n                <\/div>\r\n                                            <\/div>\r\n                    <div class=\"pxl--item   \">\r\n                                \r\n                <h5 class=\"pxl-accordion--title\" data-target=\"#pxl_accordion-de92846-3044-69cbd4e\">\r\n                                <span class=\"pxl-title--text pxl-pr-20\">L\u2019op\u00e9ration est-elle possible en endormant que les jambes (anesth\u00e9sie p\u00e9ridurale)?<\/span>\r\n\r\n                <i class=\"pxl-icon--plus pxl-r-9\"><\/i> \r\n\r\n                \r\n                <\/h5>\r\n                <div id=\"pxl_accordion-de92846-3044-69cbd4e\" class=\"pxl-accordion--content\" >\r\n                    Non, l\u2019op\u00e9ration se fait en anesth\u00e9sie g\u00e9n\u00e9rale.<br \/>\n                <\/div>\r\n                                            <\/div>\r\n                    <div class=\"pxl--item   \">\r\n                                \r\n                <h5 class=\"pxl-accordion--title\" data-target=\"#pxl_accordion-de92846-3044-3e685f7\">\r\n                                <span class=\"pxl-title--text pxl-pr-20\">En sortant de salle d\u2019op\u00e9ration, je vais \u00eatre couch\u00e9 sur le ventre?<\/span>\r\n\r\n                <i class=\"pxl-icon--plus pxl-r-9\"><\/i> \r\n\r\n                \r\n                <\/h5>\r\n                <div id=\"pxl_accordion-de92846-3044-3e685f7\" class=\"pxl-accordion--content\" >\r\n                    Non, vous allez \u00eatre couch\u00e9 sur le dos.<br \/>\n                <\/div>\r\n                                            <\/div>\r\n                    <div class=\"pxl--item   \">\r\n                                \r\n                <h5 class=\"pxl-accordion--title\" data-target=\"#pxl_accordion-de92846-3044-5fa2efb\">\r\n                                <span class=\"pxl-title--text pxl-pr-20\">Combien de jours vais-je rester en Clinique?<\/span>\r\n\r\n                <i class=\"pxl-icon--plus pxl-r-9\"><\/i> \r\n\r\n                \r\n                <\/h5>\r\n                <div id=\"pxl_accordion-de92846-3044-5fa2efb\" class=\"pxl-accordion--content\" >\r\n                    2 \u00e0 5 jours, selon l\u2019\u00e9volution.<br \/>\n                <\/div>\r\n                                            <\/div>\r\n                    <div class=\"pxl--item   \">\r\n                                \r\n                <h5 class=\"pxl-accordion--title\" data-target=\"#pxl_accordion-de92846-3044-e495c59\">\r\n                                <span class=\"pxl-title--text pxl-pr-20\">Est-ce que je vais avoir tr\u00e8s mal apr\u00e8s l\u2019op\u00e9ration?<\/span>\r\n\r\n                <i class=\"pxl-icon--plus pxl-r-9\"><\/i> \r\n\r\n                \r\n                <\/h5>\r\n                <div id=\"pxl_accordion-de92846-3044-e495c59\" class=\"pxl-accordion--content\" >\r\n                    Tout va \u00eatre mis en \u0153uvre pour diminuer la douleur et faire que le patient soit le plus confortable possible.<br \/>\n                <\/div>\r\n                                            <\/div>\r\n                    <div class=\"pxl--item   \">\r\n                                \r\n                <h5 class=\"pxl-accordion--title\" data-target=\"#pxl_accordion-de92846-3044-6690467\">\r\n                                <span class=\"pxl-title--text pxl-pr-20\">Quand puis-je recommencer \u00e0 conduire ma voiture?<\/span>\r\n\r\n                <i class=\"pxl-icon--plus pxl-r-9\"><\/i> \r\n\r\n                \r\n                <\/h5>\r\n                <div id=\"pxl_accordion-de92846-3044-6690467\" class=\"pxl-accordion--content\" >\r\n                    2 \u00e0 3 semaines apr\u00e8s l\u2019op\u00e9ration.<br \/>\n                <\/div>\r\n                                            <\/div>\r\n                    <div class=\"pxl--item   \">\r\n                                \r\n                <h5 class=\"pxl-accordion--title\" data-target=\"#pxl_accordion-de92846-3044-339cc8c\">\r\n                                <span class=\"pxl-title--text pxl-pr-20\">Apr\u00e8s une infiltration p\u00e9ridurale, quand peut-on reprendre son activit\u00e9 physique?<\/span>\r\n\r\n                <i class=\"pxl-icon--plus pxl-r-9\"><\/i> \r\n\r\n                \r\n                <\/h5>\r\n                <div id=\"pxl_accordion-de92846-3044-339cc8c\" class=\"pxl-accordion--content\" >\r\n                    Apr\u00e8s une infiltration, le patient sera gard\u00e9 en observation \u00e0 la clinique pendant une p\u00e9riode de 30 \u00e0 60 minutes apr\u00e8s laquelle il pourra regagner son domicile et reprendre une activit\u00e9 normale.<br \/>\n                <\/div>\r\n                                            <\/div>\r\n                    <div class=\"pxl--item   \">\r\n                                \r\n                <h5 class=\"pxl-accordion--title\" data-target=\"#pxl_accordion-de92846-3044-0e1dac1\">\r\n                                <span class=\"pxl-title--text pxl-pr-20\">Faut-il craindre l\u2019utilisation de cortisone lors de l\u2019infiltration p\u00e9ridurale?<\/span>\r\n\r\n                <i class=\"pxl-icon--plus pxl-r-9\"><\/i> \r\n\r\n                \r\n                <\/h5>\r\n                <div id=\"pxl_accordion-de92846-3044-0e1dac1\" class=\"pxl-accordion--content\" >\r\n                    L\u2019avantage de ces infiltrations est de pourvoir d\u00e9poser de faibles quantit\u00e9s de m\u00e9dicament, de cortisone, dans un point bien pr\u00e9cis et avoir ainsi une haute concentration du m\u00e9dicament l\u00e0 o\u00f9 il est n\u00e9cessaire. Il y aura par contre une infime diffusion de cortisone dans l\u2019organisme ce qui \u00e9vite tous les effets secondaires rattach\u00e9s \u00e0 ce produit. Seul les patients diab\u00e9tiques devront alerter leur m\u00e9decin ; le diab\u00e8te pouvant \u00eatre l\u00e9g\u00e8rement d\u00e9stabilis\u00e9 pendant quelques jours.<br \/>\n                <\/div>\r\n                                            <\/div>\r\n                    <div class=\"pxl--item   \">\r\n                                \r\n                <h5 class=\"pxl-accordion--title\" data-target=\"#pxl_accordion-de92846-3044-3f9a9de\">\r\n                                <span class=\"pxl-title--text pxl-pr-20\">Est-ce qu\u2019il existe des risques de r\u00e9cidive (refaire une sciatique)?<\/span>\r\n\r\n                <i class=\"pxl-icon--plus pxl-r-9\"><\/i> \r\n\r\n                \r\n                <\/h5>\r\n                <div id=\"pxl_accordion-de92846-3044-3f9a9de\" class=\"pxl-accordion--content\" >\r\n                    Pour tous les traitements utilis\u00e9s, il existe toujours le risque d\u2019avoir une r\u00e9cidive de sciatique. M\u00eame apr\u00e8s un traitement chirurgical avec microdiscectomie, la r\u00e9cidive existe et elle est chiffr\u00e9e dans la litt\u00e9rature sp\u00e9cialis\u00e9e \u00e0 environ 5%.<br \/>\n                <\/div>\r\n                                            <\/div>\r\n                    <div class=\"pxl--item   \">\r\n                                \r\n                <h5 class=\"pxl-accordion--title\" data-target=\"#pxl_accordion-de92846-3044-2440e02\">\r\n                                <span class=\"pxl-title--text pxl-pr-20\">Est-ce que toutes mes douleurs vont dispara\u00eetre apr\u00e8s l\u2019op\u00e9ration?<\/span>\r\n\r\n                <i class=\"pxl-icon--plus pxl-r-9\"><\/i> \r\n\r\n                \r\n                <\/h5>\r\n                <div id=\"pxl_accordion-de92846-3044-2440e02\" class=\"pxl-accordion--content\" >\r\n                    Les fortes douleurs pr\u00e9sentes dans la jambe sont g\u00e9n\u00e9ralement bien diminu\u00e9es voire \u00e9limin\u00e9es apr\u00e8s l\u2019intervention chirurgicale sans pour autant que l\u2019on puisse formuler une garantie absolue. Si le patient pr\u00e9sente par contre des douleurs dans le membre inf\u00e9rieur associ\u00e9es \u00e0 des douleurs de dos, ces derni\u00e8res peuvent ne pas \u00eatre influenc\u00e9es par l\u2019op\u00e9ration.<br \/>\n                <\/div>\r\n                                            <\/div>\r\n                    <div class=\"pxl--item   \">\r\n                                \r\n                <h5 class=\"pxl-accordion--title\" data-target=\"#pxl_accordion-de92846-3044-18a4aff\">\r\n                                <span class=\"pxl-title--text pxl-pr-20\">Si je continue \u00e0 avoir mal apr\u00e8s l\u2019op\u00e9ration, est-ce qu\u2019il y a encore quelque chose que l\u2019on puisse faire?<\/span>\r\n\r\n                <i class=\"pxl-icon--plus pxl-r-9\"><\/i> \r\n\r\n                \r\n                <\/h5>\r\n                <div id=\"pxl_accordion-de92846-3044-18a4aff\" class=\"pxl-accordion--content\" >\r\n                    Dans la vaste majorit\u00e9 des patients, la douleur dans le membre inf\u00e9rieur (sciatique) diminue fortement d\u2019intensit\u00e9 apr\u00e8s l\u2019op\u00e9ration. Il se peut que des douleurs de dos puissent par contre persister voire s\u2019aggraver apr\u00e8s l\u2019op\u00e9ration. Dans ces cas, si la douleur est particuli\u00e8rement p\u00e9nible, des op\u00e9rations plus radicales avec la r\u00e9section compl\u00e8te du disque douloureux peuvent \u00eatre envisag\u00e9es (voir Lombalgie).                <\/div>\r\n                                            <\/div>\r\n                    <div class=\"pxl--item   \">\r\n                                \r\n                <h5 class=\"pxl-accordion--title\" data-target=\"#pxl_accordion-de92846-3044-ba3bc94\">\r\n                                <span class=\"pxl-title--text pxl-pr-20\">En cas de r\u00e9cidive de sciatique, est-ce qu\u2019il y a encore quelque chose que l\u2019on puisse faire?<\/span>\r\n\r\n                <i class=\"pxl-icon--plus pxl-r-9\"><\/i> \r\n\r\n                \r\n                <\/h5>\r\n                <div id=\"pxl_accordion-de92846-3044-ba3bc94\" class=\"pxl-accordion--content\" >\r\n                    Lors d\u2019une r\u00e9cidive de hernie discale, on passera de nouveau par le m\u00eame sch\u00e9ma th\u00e9rapeutique, soit traitement conservateur, infiltrations, \u00e9ventuellement une op\u00e9ration. En cas d\u2019intervention chirurgicale, le chirurgien devra opter entre refaire une microdiscectomie, parfois l\u2019associer avec la mise en place d\u2019un espaceur inter\u00e9pineux ou passer \u00e0 des interventions plus radicales avec la r\u00e9section du disque trop malade en l\u2019associant \u00e0 une spondylod\u00e8se (voirt sciatique)                 <\/div>\r\n                                            <\/div>\r\n            <\/div>\r\n    \t\t\t\t<\/div>\n\t\t\t\t<\/div>\n\t\t            <\/div>\r\n        <\/div>\r\n                <div class=\"elementor-column elementor-col-50 elementor-top-column elementor-element elementor-element-510f670 pxl-column-sticky pxl-column-overflow-hidden-no\" data-id=\"510f670\" data-element_type=\"column\" data-e-type=\"column\">\r\n        <div class=\"elementor-widget-wrap elementor-element-populated\">\r\n                     \r\n                <section class=\"elementor-section elementor-inner-section elementor-element elementor-element-390cf996 section_4_colonne_d_bloc_1 elementor-section-boxed elementor-section-height-default elementor-section-height-default pxl-row-scroll-none pxl-zoom-point-false pxl-section-overflow-visible pxl-section-fix-none pxl-bg-color-none pxl-section-overlay-none\" data-id=\"390cf996\" data-element_type=\"section\" data-e-type=\"section\" data-settings=\"{&quot;background_background&quot;:&quot;classic&quot;}\">\n\n                \n                <div class=\"elementor-container elementor-column-gap-default \">\n                <div class=\"elementor-column elementor-col-100 elementor-inner-column elementor-element elementor-element-6050157b section_4_colonne_d_bloc_1 pxl-column-none pxl-column-overflow-hidden-no\" data-id=\"6050157b\" data-element_type=\"column\" data-e-type=\"column\" data-settings=\"{&quot;background_background&quot;:&quot;classic&quot;}\">\r\n        <div class=\"elementor-widget-wrap elementor-element-populated\">\r\n                     \r\n        \t\t<div class=\"elementor-element elementor-element-6ca0d838 elementor-toc--content-ellipsis elementor-widget__width-inherit section_4_colonne_d_bloc_1_TOC elementor-toc--minimized-on-tablet elementor-widget elementor-widget-table-of-contents\" data-id=\"6ca0d838\" data-element_type=\"widget\" data-e-type=\"widget\" data-settings=\"{&quot;headings_by_tags&quot;:[&quot;h2&quot;],&quot;exclude_headings_by_selector&quot;:[],&quot;marker_view&quot;:&quot;bullets&quot;,&quot;no_headings_message&quot;:&quot;No headings were found on this page.&quot;,&quot;collapse_subitems&quot;:&quot;yes&quot;,&quot;icon&quot;:{&quot;value&quot;:&quot;&quot;,&quot;library&quot;:&quot;&quot;},&quot;minimize_box&quot;:&quot;yes&quot;,&quot;minimized_on&quot;:&quot;tablet&quot;,&quot;hierarchical_view&quot;:&quot;yes&quot;,&quot;min_height&quot;:{&quot;unit&quot;:&quot;px&quot;,&quot;size&quot;:&quot;&quot;,&quot;sizes&quot;:[]},&quot;min_height_tablet&quot;:{&quot;unit&quot;:&quot;px&quot;,&quot;size&quot;:&quot;&quot;,&quot;sizes&quot;:[]},&quot;min_height_mobile&quot;:{&quot;unit&quot;:&quot;px&quot;,&quot;size&quot;:&quot;&quot;,&quot;sizes&quot;:[]}}\" data-widget_type=\"table-of-contents.default\">\n\t\t\t\t\t\t\t\t\t<div class=\"elementor-toc__header\">\n\t\t\t\t\t\t<h4 class=\"elementor-toc__header-title\">\n\t\t\t\tSommaire\t\t\t<\/h4>\n\t\t\t\t\t\t\t\t\t\t<div class=\"elementor-toc__toggle-button elementor-toc__toggle-button--expand\" role=\"button\" tabindex=\"0\" aria-controls=\"elementor-toc__6ca0d838\" aria-expanded=\"true\" aria-label=\"Ouvrir la table des mati\u00e8res\"><i aria-hidden=\"true\" class=\"fas fa-chevron-down\"><\/i><\/div>\n\t\t\t\t<div class=\"elementor-toc__toggle-button elementor-toc__toggle-button--collapse\" role=\"button\" tabindex=\"0\" aria-controls=\"elementor-toc__6ca0d838\" aria-expanded=\"true\" aria-label=\"Fermer la table des mati\u00e8res\"><i aria-hidden=\"true\" class=\"fas fa-chevron-up\"><\/i><\/div>\n\t\t\t\t\t<\/div>\n\t\t\t\t<div id=\"elementor-toc__6ca0d838\" class=\"elementor-toc__body elementor-toc__list-items--collapsible\">\n\t\t\t<div class=\"elementor-toc__spinner-container\">\n\t\t\t\t<i class=\"elementor-toc__spinner eicon-animation-spin eicon-loading\" aria-hidden=\"true\"><\/i>\t\t\t<\/div>\n\t\t<\/div>\n\t\t\t\t\t\t<\/div>\n\t\t            <\/div>\r\n        <\/div>\r\n        \t\t\t<\/div>\n\t\t<\/section>\n\t\t\t\t<div class=\"elementor-element elementor-element-44d7b6f elementor-widget elementor-widget-shortcode\" data-id=\"44d7b6f\" data-element_type=\"widget\" data-e-type=\"widget\" data-widget_type=\"shortcode.default\">\n\t\t\t\t\t\t\t<div class=\"elementor-shortcode\">\t\t<div data-elementor-type=\"section\" data-elementor-id=\"18317\" class=\"elementor elementor-18317\" data-elementor-post-type=\"elementor_library\">\n\t\t\t        <section class=\"elementor-section elementor-inner-section elementor-element elementor-element-129a4856 section_4_colonne_d_bloc_2 elementor-section-boxed elementor-section-height-default elementor-section-height-default pxl-row-scroll-none pxl-zoom-point-false pxl-section-overflow-visible pxl-section-fix-none pxl-bg-color-none pxl-section-overlay-none\" data-id=\"129a4856\" data-element_type=\"section\" data-e-type=\"section\" data-settings=\"{&quot;background_background&quot;:&quot;classic&quot;}\">\n\n                \n                <div class=\"elementor-container elementor-column-gap-default \">\n                <div class=\"elementor-column elementor-col-100 elementor-inner-column elementor-element elementor-element-211c6366 section_4_colonne_d_bloc_2 pxl-column-none pxl-column-overflow-hidden-no\" data-id=\"211c6366\" data-element_type=\"column\" data-e-type=\"column\" data-settings=\"{&quot;background_background&quot;:&quot;classic&quot;}\">\r\n        <div class=\"elementor-widget-wrap elementor-element-populated\">\r\n                     \r\n        \t\t<div class=\"elementor-element elementor-element-2fd71dc1 elementor-hidden-desktop elementor-hidden-tablet elementor-hidden-mobile elementor-widget elementor-widget-image\" data-id=\"2fd71dc1\" data-element_type=\"widget\" data-e-type=\"widget\" data-widget_type=\"image.default\">\n\t\t\t\t\t\t\t\t\t\t\t\t\t\t\t<img decoding=\"async\" width=\"400\" height=\"52\" src=\"https:\/\/template2.orthopediste-lausanne.ch\/wp-content\/uploads\/2024\/10\/logo_coo_v2.png\" class=\"attachment-large size-large wp-image-23936\" alt=\"Centre Orthop\u00e9dique d&apos;Ouchy \u00e0 Lausanne\" srcset=\"https:\/\/template2.orthopediste-lausanne.ch\/wp-content\/uploads\/2024\/10\/logo_coo_v2.png 400w, https:\/\/template2.orthopediste-lausanne.ch\/wp-content\/uploads\/2024\/10\/logo_coo_v2-300x39.png 300w, https:\/\/template2.orthopediste-lausanne.ch\/wp-content\/uploads\/2024\/10\/logo_coo_v2-18x2.png 18w\" sizes=\"(max-width: 400px) 100vw, 400px\" \/>\t\t\t\t\t\t\t\t\t\t\t\t\t\t\t<\/div>\n\t\t\t\t<div class=\"elementor-element elementor-element-908bdf9 elementor-widget elementor-widget-heading\" data-id=\"908bdf9\" data-element_type=\"widget\" data-e-type=\"widget\" data-widget_type=\"heading.default\">\n\t\t\t\t\t<h2 class=\"elementor-heading-title elementor-size-default\">Besoin d'un avis m\u00e9dical?<\/h2>\t\t\t\t<\/div>\n\t\t\t\t<div class=\"elementor-element elementor-element-40a030e elementor-widget elementor-widget-heading\" data-id=\"40a030e\" data-element_type=\"widget\" data-e-type=\"widget\" data-widget_type=\"heading.default\">\n\t\t\t\t\t<h2 class=\"elementor-heading-title elementor-size-default\">Les m\u00e9decins du Centre Orthop\u00e9dique d'Ouchy sont \u00e0 votre disposition<\/h2>\t\t\t\t<\/div>\n\t\t\t\t<div class=\"elementor-element elementor-element-56bff6d8 elementor-widget elementor-widget-pxl_icon_box\" data-id=\"56bff6d8\" data-element_type=\"widget\" data-e-type=\"widget\" data-widget_type=\"pxl_icon_box.default\">\n\t\t\t\t<div class=\"elementor-widget-container\">\n\t\t\t\t\t<div class=\"pxl-icon-box pxl-icon-box1 style-1 ani3 \" data-wow-delay=\"ms\">\r\n    <div class=\"pxl-item--inner\">\r\n        \r\n                            <div class=\"pxl-item--icon\">\r\n                                    <svg xmlns=\"http:\/\/www.w3.org\/2000\/svg\" width=\"32\" height=\"32\" fill=\"#000000\" viewBox=\"0 0 256 256\"><path d=\"M128,64a40,40,0,1,0,40,40A40,40,0,0,0,128,64Zm0,64a24,24,0,1,1,24-24A24,24,0,0,1,128,128Zm0-112a88.1,88.1,0,0,0-88,88c0,31.4,14.51,64.68,42,96.25a254.19,254.19,0,0,0,41.45,38.3,8,8,0,0,0,9.18,0A254.19,254.19,0,0,0,174,200.25c27.45-31.57,42-64.85,42-96.25A88.1,88.1,0,0,0,128,16Zm0,206c-16.53-13-72-60.75-72-118a72,72,0,0,1,144,0C200,161.23,144.53,209,128,222Z\"><\/path><\/svg>                                <\/div>\r\n                        <div class=\"pxl-item--meta\">\r\n            <p class=\"pxl-item--title el-empty\">\r\n                             <a >\r\n                        Adresse                             <\/a>\r\n                        <\/p>\r\n            <div class=\"pxl-item--description el-empty\">Avenue d\u2019Ouchy 41<br>\n1006 Lausanne<\/div>\r\n        <\/div>\r\n    <\/div>\r\n<\/div>\t\t\t\t<\/div>\n\t\t\t\t<\/div>\n\t\t\t\t<div class=\"elementor-element elementor-element-c915315 elementor-widget elementor-widget-pxl_icon_box\" data-id=\"c915315\" data-element_type=\"widget\" data-e-type=\"widget\" data-widget_type=\"pxl_icon_box.default\">\n\t\t\t\t<div class=\"elementor-widget-container\">\n\t\t\t\t\t<div class=\"pxl-icon-box pxl-icon-box1 style-1 ani3 \" data-wow-delay=\"ms\">\r\n    <div class=\"pxl-item--inner\">\r\n        \r\n                            <div class=\"pxl-item--icon\">\r\n                                    <svg xmlns=\"http:\/\/www.w3.org\/2000\/svg\" width=\"32\" height=\"32\" fill=\"#000000\" viewBox=\"0 0 256 256\"><path d=\"M168,112a8,8,0,0,1-8,8H96a8,8,0,0,1,0-16h64A8,8,0,0,1,168,112Zm-8,24H96a8,8,0,0,0,0,16h64a8,8,0,0,0,0-16Zm72-12A100.11,100.11,0,0,1,132,224H47.67A15.69,15.69,0,0,1,32,208.33V124a100,100,0,0,1,200,0Zm-16,0a84,84,0,0,0-168,0v84h84A84.09,84.09,0,0,0,216,124Z\"><\/path><\/svg>                                <\/div>\r\n                        <div class=\"pxl-item--meta\">\r\n            <p class=\"pxl-item--title el-empty\">\r\n                             <a >\r\n                        Contact                             <\/a>\r\n                        <\/p>\r\n            <div class=\"pxl-item--description el-empty\"><a href=\"mailto:centre@medicol.ch\">centre@medicol.ch<\/a><br>\n+41 21 510 33 48<\/div>\r\n        <\/div>\r\n    <\/div>\r\n<\/div>\t\t\t\t<\/div>\n\t\t\t\t<\/div>\n\t\t\t\t<div class=\"elementor-element elementor-element-8ba6f6e ft-gt elementor-widget elementor-widget-pxl_button\" data-id=\"8ba6f6e\" data-element_type=\"widget\" data-e-type=\"widget\" data-widget_type=\"pxl_button.default\">\n\t\t\t\t<div class=\"elementor-widget-container\">\n\t\t\t\t\t<div id=\"pxl-pxl_button-8ba6f6e-1321\" class=\"pxl-button pxl-atc-link \" data-wow-delay=\"ms\">\r\n    <a href=\"https:\/\/www.centre-ortho.ch\/consultation\/\" class=\"btn  btn-glossy btn-default  full pxl-icon--right\" data-wow-delay=\"ms\" data-target=\".pxl-page-popup-template-0\" target=\"_blank\" rel=\"noopener\">\r\n                    <svg xmlns=\"http:\/\/www.w3.org\/2000\/svg\" viewBox=\"0 0 24 24\" width=\"512\" style=\"transform:scalex(-1);height:auto;\" data-name=\"Layer 2\"><path d=\"m22 11h-17.586l5.293-5.293a1 1 0 1 0 -1.414-1.414l-7 7a1 1 0 0 0 0 1.414l7 7a1 1 0 0 0 1.414-1.414l-5.293-5.293h17.586a1 1 0 0 0 0-2z\"><\/path><\/svg>                        <span class=\"pxl--btn-text\" data-text=\"Prendre rendez-vous\">\r\n                        Prendre rendez-vous        <\/span>\r\n    <\/a>\r\n<\/div>\t\t\t\t<\/div>\n\t\t\t\t<\/div>\n\t\t            <\/div>\r\n        <\/div>\r\n        \t\t\t<\/div>\n\t\t<\/section>\n\t\t\t\t<\/div>\n\t\t<\/div>\n\t\t\t\t\t\t<\/div>\n\t\t            <\/div>\r\n        <\/div>\r\n        \t\t\t<\/div>\n\t\t<\/section>\n\t\t        <section class=\"elementor-section elementor-top-section elementor-element elementor-element-42fd0ece elementor-hidden-desktop elementor-hidden-tablet elementor-hidden-mobile elementor-section-boxed elementor-section-height-default elementor-section-height-default pxl-row-scroll-none pxl-zoom-point-false pxl-section-overflow-visible pxl-section-fix-none pxl-bg-color-none pxl-section-overlay-none\" data-id=\"42fd0ece\" data-element_type=\"section\" data-e-type=\"section\" data-settings=\"{&quot;background_background&quot;:&quot;classic&quot;}\">\n\n                \n                <div class=\"elementor-container elementor-column-gap-default \">\n                <div class=\"elementor-column elementor-col-100 elementor-top-column elementor-element elementor-element-6dfe2b22 pxl-column-none pxl-column-overflow-hidden-no\" data-id=\"6dfe2b22\" data-element_type=\"column\" data-e-type=\"column\">\r\n        <div class=\"elementor-widget-wrap elementor-element-populated\">\r\n                     \r\n        \t\t<div class=\"elementor-element elementor-element-6aa64e23 Section_3_Titre elementor-widget elementor-widget-heading\" data-id=\"6aa64e23\" data-element_type=\"widget\" data-e-type=\"widget\" data-settings=\"{&quot;_animation&quot;:&quot;none&quot;}\" data-widget_type=\"heading.default\">\n\t\t\t\t\t<h2 class=\"elementor-heading-title elementor-size-default\">En savoir plus en vid\u00e9os <\/h2>\t\t\t\t<\/div>\n\t\t\t\t<div class=\"elementor-element elementor-element-360c326f Video_Associee_PAT e-tabs-view-vertical elementor-layout-end elementor-widget elementor-widget-video-playlist\" data-id=\"360c326f\" data-element_type=\"widget\" data-e-type=\"widget\" data-settings=\"{&quot;playlist_title&quot;:&quot;Vid\\u00e9os Medicol&quot;,&quot;tabs&quot;:[],&quot;inner_tab_title_1&quot;:&quot;R\\u00e9sum\\u00e9&quot;,&quot;inner_tab_title_2&quot;:&quot;M\\u00e9decins &quot;,&quot;inner_tab_is_content_collapsible&quot;:&quot;collapsible&quot;,&quot;inner_tab_collapsible_height&quot;:{&quot;unit&quot;:&quot;px&quot;,&quot;size&quot;:&quot;&quot;,&quot;sizes&quot;:[]},&quot;inner_tab_collapsible_height_tablet&quot;:{&quot;unit&quot;:&quot;px&quot;,&quot;size&quot;:&quot;&quot;,&quot;sizes&quot;:[]},&quot;inner_tab_collapsible_height_mobile&quot;:{&quot;unit&quot;:&quot;px&quot;,&quot;size&quot;:&quot;&quot;,&quot;sizes&quot;:[]}}\" data-widget_type=\"video-playlist.default\">\n\t\t\t\t\t\n\t\t<div class=\"e-tabs\" role=\"region\" aria-labelledby=\"e-playlist-360c326f\">\n\t\t\t<div class=\"e-tabs-main-area\">\n\t\t\t\t<div class=\"e-tabs-wrapper\">\n\t\t\t\t\t<div class=\"e-tabs-header\">\n\t\t\t\t\t\t<h4 class=\"e-tabs-title\" id=\"e-playlist-360c326f\">Vid\u00e9os Medicol<\/h4>\n\t\t\t\t\t\t<div class=\"e-tabs-header-right-side\">\n\t\t\t\t\t\t\t\t\t\t\t\t\t\t\t<span class=\"e-tabs-videos-count\">0 Vid\u00e9os<\/span>\n\t\t\t\t\t\t\t\t\t\t\t\t\t\t<i aria-hidden=\"true\" class=\"e-tabs-toggle-videos-display-button rotate-down eicon-caret-down\"><\/i>\t\t\t\t\t\t<\/div>\n\t\t\t\t\t<\/div>\n\t\t\t\t\t<div class=\"e-tabs-items-wrapper\">\n\t\t\t\t\t\t<div class=\"e-tabs-items\" role=\"tablist\">\n\t\t\t\t\t\t\t\t\t\t\t\t\t<\/div>\n\t\t\t\t\t\t<div class=\"shadow shadow-top\" aria-hidden=\"true\"><\/div>\n\t\t\t\t\t\t<div class=\"shadow shadow-bottom\" aria-hidden=\"true\"><\/div>\n\t\t\t\t\t<\/div>\n\t\t\t\t<\/div>\n\n\t\t\t\t<div class=\"e-tabs-content-wrapper\" role=\"tablist\" aria-orientation=\"vertical\">\n\t\t\t\t\t\t\t\t\t<\/div>\n\t\t\t<\/div>\n\n\t\t\t<div class=\"e-tabs-inner-tabs\" >\n\t\t\t\t\t\t\t<\/div>\n\t\t<\/div>\n\t\t\t\t\t\t<\/div>\n\t\t            <\/div>\r\n        <\/div>\r\n        \t\t\t<\/div>\n\t\t<\/section>\n\t\t        <section class=\"elementor-section elementor-top-section elementor-element elementor-element-505bdcc elementor-section-boxed elementor-section-height-default elementor-section-height-default pxl-row-scroll-none pxl-zoom-point-false pxl-section-overflow-visible pxl-section-fix-none pxl-bg-color-none pxl-section-overlay-none\" data-id=\"505bdcc\" data-element_type=\"section\" data-e-type=\"section\" data-settings=\"{&quot;background_background&quot;:&quot;classic&quot;}\">\n\n                \n                <div class=\"elementor-container elementor-column-gap-default \">\n                <div class=\"elementor-column elementor-col-100 elementor-top-column elementor-element elementor-element-312687b pxl-column-none pxl-column-overflow-hidden-no\" data-id=\"312687b\" data-element_type=\"column\" data-e-type=\"column\">\r\n        <div class=\"elementor-widget-wrap elementor-element-populated\">\r\n                     \r\n        \t\t<div class=\"elementor-element elementor-element-ffe7aa2 Section_3_Titre elementor-widget elementor-widget-heading\" data-id=\"ffe7aa2\" data-element_type=\"widget\" data-e-type=\"widget\" data-settings=\"{&quot;_animation&quot;:&quot;none&quot;}\" data-widget_type=\"heading.default\">\n\t\t\t\t\t<h3 class=\"elementor-heading-title elementor-size-default\">Contacter un de nos sp\u00e9cialistes sur le sujet<\/h3>\t\t\t\t<\/div>\n\t\t\t\t<div class=\"elementor-element elementor-element-f318651 elementor-widget elementor-widget-shortcode\" data-id=\"f318651\" data-element_type=\"widget\" data-e-type=\"widget\" data-widget_type=\"shortcode.default\">\n\t\t\t\t\t\t\t<div class=\"elementor-shortcode\">\t\t<div data-elementor-type=\"section\" data-elementor-id=\"27830\" class=\"elementor elementor-27830\" data-elementor-post-type=\"elementor_library\">\n\t\t\t        <section class=\"elementor-section elementor-inner-section elementor-element elementor-element-40d3f010 elementor-section-boxed elementor-section-height-default elementor-section-height-default pxl-row-scroll-none pxl-zoom-point-false pxl-section-overflow-visible pxl-section-fix-none pxl-bg-color-none pxl-section-overlay-none\" data-id=\"40d3f010\" data-element_type=\"section\" data-e-type=\"section\" data-settings=\"{&quot;background_background&quot;:&quot;classic&quot;}\" style=\"padding-left: calc( (100% - 1310px)\/2);\">\n\n                \n                <div class=\"elementor-container elementor-column-gap-default \">\n                <div class=\"elementor-column elementor-col-50 elementor-inner-column elementor-element elementor-element-bc1b4d4 pxl-column-none pxl-column-overflow-hidden-no\" data-id=\"bc1b4d4\" data-element_type=\"column\" data-e-type=\"column\" data-settings=\"{&quot;background_background&quot;:&quot;classic&quot;}\">\r\n        <div class=\"elementor-widget-wrap elementor-element-populated\">\r\n                     \r\n        \t\t<div class=\"elementor-element elementor-element-7dbd93ba elementor-widget elementor-widget-pxl_heading\" data-id=\"7dbd93ba\" data-element_type=\"widget\" data-e-type=\"widget\" data-widget_type=\"pxl_heading.default\">\n\t\t\t\t<div class=\"elementor-widget-container\">\n\t\t\t\t\t\n<div id=\"pxl-pxl_heading-7dbd93ba-1360\" class=\"pxl-heading px-sub-title-default-style \">\n\t<div class=\"pxl-heading--inner\">\n\t\t\n\t\t<h3 class=\"pxl-item--title style-default  highlight-default \" data-wow-delay=\"ms\">\n\t\t\t\t\tCentre Orthop\u00e9dique d&#8217;Ouchy\t\n\t\t\t\n\t\t<\/h3>\n\t\t\n\t<\/div>\n<\/div>\t\t\t\t<\/div>\n\t\t\t\t<\/div>\n\t\t\t\t<div class=\"elementor-element elementor-element-5cc4b9e1 elementor-widget elementor-widget-pxl_text_editor\" data-id=\"5cc4b9e1\" data-element_type=\"widget\" data-e-type=\"widget\" data-widget_type=\"pxl_text_editor.default\">\n\t\t\t\t<div class=\"elementor-widget-container\">\n\t\t\t\t\t<div class=\"pxl-text-editor default\">\n\t<div class=\"pxl-item--inner  \" data-wow-delay=\"ms\">\n\t\t<p>Consultations m\u00e9dicales sp\u00e9cialis\u00e9es en orthop\u00e9die et traumatologie au coeur de Lausanne<\/p>\t\t\n\t<\/div>\n<\/div>\t\t\t\t<\/div>\n\t\t\t\t<\/div>\n\t\t<div class=\"elementor-element elementor-element-68d8235b e-flex e-con-boxed e-con e-parent \" data-id=\"68d8235b\" data-element_type=\"container\" data-e-type=\"container\">\t\t\t<div class=\"e-con-inner\">\r\n\t\t\t\t<div class=\"elementor-element elementor-element-659288b4 elementor-align-left ft-gt  elementor-widget__width-auto elementor-widget elementor-widget-pxl_button\" data-id=\"659288b4\" data-element_type=\"widget\" data-e-type=\"widget\" data-widget_type=\"pxl_button.default\">\n\t\t\t\t<div class=\"elementor-widget-container\">\n\t\t\t\t\t<div id=\"pxl-pxl_button-659288b4-3305\" class=\"pxl-button pxl-atc-link \" data-wow-delay=\"ms\">\r\n    <a href=\"tel:+41215103348\" class=\"btn  btn-glossy btn-default  inline pxl-icon--left\" data-wow-delay=\"ms\" data-target=\".pxl-page-popup-template-0\">\r\n                    <i aria-hidden=\"true\" class=\"fas fa-phone-alt\"><\/i>                        <span class=\"pxl--btn-text\" data-text=\"+41 21 510 33 48\">\r\n                        +41 21 510 33 48        <\/span>\r\n    <\/a>\r\n<\/div>\t\t\t\t<\/div>\n\t\t\t\t<\/div>\n\t\t\t\t<div class=\"elementor-element elementor-element-29264382 elementor-align-left ft-gt  elementor-widget__width-auto elementor-widget elementor-widget-pxl_button\" data-id=\"29264382\" data-element_type=\"widget\" data-e-type=\"widget\" data-widget_type=\"pxl_button.default\">\n\t\t\t\t<div class=\"elementor-widget-container\">\n\t\t\t\t\t<div id=\"pxl-pxl_button-29264382-3110\" class=\"pxl-button pxl-atc-link \" data-wow-delay=\"ms\">\r\n    <a href=\"\/service\/centre-de-formation\/\" class=\"btn  btn-glossy btn-default  inline pxl-icon--right\" data-wow-delay=\"ms\" data-target=\".pxl-page-popup-template-0\">\r\n                    <i aria-hidden=\"true\" class=\"flaticon flaticon-next\"><\/i>                        <span class=\"pxl--btn-text\" data-text=\"En savoir plus\">\r\n                        En savoir plus        <\/span>\r\n    <\/a>\r\n<\/div>\t\t\t\t<\/div>\n\t\t\t\t<\/div>\n\t\t\t\t\t<\/div>\r\n\t\t\t\t<\/div>\r\n\t\t            <\/div>\r\n        <\/div>\r\n                <div class=\"elementor-column elementor-col-50 elementor-inner-column elementor-element elementor-element-ee3b29c pxl-column-none pxl-column-overflow-hidden-no\" data-id=\"ee3b29c\" data-element_type=\"column\" data-e-type=\"column\">\r\n        <div class=\"elementor-widget-wrap\">\r\n                     \r\n                    <\/div>\r\n        <\/div>\r\n        \t\t\t<\/div>\n\t\t<\/section>\n\t\t\t\t<\/div>\n\t\t<\/div>\n\t\t\t\t\t\t<\/div>\n\t\t            <\/div>\r\n        <\/div>\r\n        \t\t\t<\/div>\n\t\t<\/section>\n\t\t\t\t<\/div>\n\t\t","protected":false},"excerpt":{"rendered":"<p>Accueil Hernie discale lombaire Hernie discale lombaire Introduction La colonne vert\u00e9brale constitue la structure centrale du dos, reliant la t\u00eate et la partie sup\u00e9rieure de notre corps au bassin et aux membres inf\u00e9rieurs. Elle est form\u00e9e d\u2019un empilement de vert\u00e8bres 7 cervicales (1), 12 dorsales (2), 5 lombaires (3) et le sacrum (4) entre lesquelles [&hellip;]<\/p>\n","protected":false},"author":1,"featured_media":12623,"parent":0,"menu_order":15,"comment_status":"closed","ping_status":"closed","template":"","meta":{"_acf_changed":false,"inline_featured_image":false,"footnotes":""},"categories":[85,94],"tags":[],"class_list":["post-12624","page","type-page","status-publish","has-post-thumbnail","hentry","category-dos","category-hernie-discale-lombaire"],"acf":[],"_links":{"self":[{"href":"https:\/\/template2.orthopediste-lausanne.ch\/en\/wp-json\/wp\/v2\/pages\/12624","targetHints":{"allow":["GET"]}}],"collection":[{"href":"https:\/\/template2.orthopediste-lausanne.ch\/en\/wp-json\/wp\/v2\/pages"}],"about":[{"href":"https:\/\/template2.orthopediste-lausanne.ch\/en\/wp-json\/wp\/v2\/types\/page"}],"author":[{"embeddable":true,"href":"https:\/\/template2.orthopediste-lausanne.ch\/en\/wp-json\/wp\/v2\/users\/1"}],"replies":[{"embeddable":true,"href":"https:\/\/template2.orthopediste-lausanne.ch\/en\/wp-json\/wp\/v2\/comments?post=12624"}],"version-history":[{"count":0,"href":"https:\/\/template2.orthopediste-lausanne.ch\/en\/wp-json\/wp\/v2\/pages\/12624\/revisions"}],"wp:featuredmedia":[{"embeddable":true,"href":"https:\/\/template2.orthopediste-lausanne.ch\/en\/wp-json\/wp\/v2\/media\/12623"}],"wp:attachment":[{"href":"https:\/\/template2.orthopediste-lausanne.ch\/en\/wp-json\/wp\/v2\/media?parent=12624"}],"wp:term":[{"taxonomy":"category","embeddable":true,"href":"https:\/\/template2.orthopediste-lausanne.ch\/en\/wp-json\/wp\/v2\/categories?post=12624"},{"taxonomy":"post_tag","embeddable":true,"href":"https:\/\/template2.orthopediste-lausanne.ch\/en\/wp-json\/wp\/v2\/tags?post=12624"}],"curies":[{"name":"wp","href":"https:\/\/api.w.org\/{rel}","templated":true}]}}