{"id":12826,"date":"2018-09-04T14:04:53","date_gmt":"2018-09-04T14:04:53","guid":{"rendered":"https:\/\/template2.orthopediste-lausanne.ch\/programme-de-formation-postgraduee\/"},"modified":"2025-12-03T07:41:24","modified_gmt":"2025-12-03T07:41:24","slug":"postgraduate-training-program","status":"publish","type":"page","link":"https:\/\/template2.orthopediste-lausanne.ch\/en\/postgraduate-training-program\/","title":{"rendered":"Postgraduate training program"},"content":{"rendered":"<section>\n<div class=\"container\">\n  <\/div>\n<\/section>\n<section class=\"savoir-plus\">\n<div class=\"container\">\n<div class=\"row p-t-150\">\n<h2 class=\"center barre\">\n      Training managers<br \/>\n    <\/h2>\n<div class=\"col-xs-12\">\n<p class=\"center\">\n At Medicol, Dr. Jacques Vallotton and Dr. Patrick Vienne prioritize the transmission of their knowledge to ensure the future of medicine within the postgraduate training program in orthopedic surgery and musculoskeletal trauma. Physicians in training can thus benefit from the expertise acquired by Dr. Patrick Vienne in Lucerne, where he directed the training of resident physicians, as well as the significant knowledge acquired by Dr. Jacques Vallotton in orthopedic surgery and scientific research in his areas of expertise.<br \/>\nThe Ouchy Orthopedic Centre, developed in partnership between Medicol and Hirslanden, was recognized in 2018 as an ISFM training establishment in category C. Currently, Medicol has four doctors in training, including two in specialist training in orthopedics.\n        <\/p>\n<\/p><\/div>\n<\/p><\/div>\n<div class=\"row p-b-150 p-t-50\">\n<div class=\"col-xs-12 col-sm-6 col-lg-4 col-lg-offset-1\">\n     <img decoding=\"async\" src=\"images\/vienne_profil.jpg\" style=\"width:100%;\" \/> <\/p>\n<h3>\n                    Dr. Patrick Vienne, Co-Director of Medical Affairs and Training<br \/>\n                  <\/h3>\n<\/p><\/div>\n<div class=\"col-xs-12 col-sm-6 col-lg-4 col-lg-offset-2\">\n     <img decoding=\"async\" src=\"images\/vallotton_profil.jpg\" style=\"width:100%;\" \/> <\/p>\n<h3>\n                   Dr. Jacques Vallotton, Co-Director of Medical Affairs and Training<br \/>\n                 <\/h3>\n<\/p><\/div>\n<\/p><\/div>\n<\/p><\/div>\n<\/section>\n<section class=\"savoir-plus white\">\n<div class=\"container\">\n<div class=\"row p-tb-150\">\n<h2 class=\"center barre\">\n     Medical trainers<br \/>\n    <\/h2>\n<p>  {loadmodule mod_minitekwall,medecins formation page}\n  <\/p><\/div>\n<\/p><\/div>\n<\/section>\n<section>\n<\/section>\n<p><!--\n\n<section>\n\n\n<div class=\"container\">\n    \n\n<div class=\"row p-t-150\">\n      \n\n<h2 class=\"center barre\">\n        Articles et pr\u00e9sentations r\u00e9alis\u00e9s<br \/> par les m\u00e9decins en formation\n      <\/h2>\n\n\n      \n\n<p class=\"center p-b-20\">\n        Lors des colloques hebdomadaires, les m\u00e9decins en formation encadr\u00e9s par leur m\u00e9decin formateur pr\u00e9sentent une probl\u00e9matique sp\u00e9cifique et en discute avec les autres sp\u00e9cialistes afin d'approfondir leur connaissance dans le domaine. Ci-dessous, nous vous pr\u00e9sentons quelques articles et pr\u00e9sentations \u00e9labor\u00e9s dans ce cadre par les m\u00e9decins en formation.\n      <\/p>\n\n\n      \n\n<div class=\"formation_grid\">\n        \n                 \n\n<div class=\"box-white\">\n          <a href=\"images\/formations\/presentations\/Reeducation_LCA.pdf\" target=\"_blank\"><img decoding=\"async\" src=\"images\/genou_xl.jpg\" alt=\"genou\" \/><\/a>\n            \n\n<div class=\"box-white-padding\">\n              \n\n<div class=\"box-white-text\">\n                \n\n<h3>\n                 <a href=\"images\/formations\/presentations\/Reeducation_LCA.pdf\" target=\"_blank\">\n             R\u00e9\u00e9ducation apr\u00e8s plastie du LCA\n                <\/a>\n              <\/h3>\n\n\n              \n\n<p>\n                31.08.2021 | Colloque de formation\n              <\/p>\n\n\n              <a href=\"index.php?Itemid=2232&lang=fr-FR\" class=\"formation_thumb\"><img decoding=\"async\" src=\"images\/joufflineau\/joufflineau_profil.jpg\" \/><span>Dr Simon Joufflineau<\/span><\/a>\n              <\/div>\n\n\n              <a href=\"images\/formations\/presentations\/Reeducation_LCA.pdf\" target=\"_blank\" class=\"btn-round btn-round-blue btn-block\"><i class=\"fa fa-download\"><\/i> T\u00e9l\u00e9charger la pr\u00e9sentation<\/a>\n            <\/div>\n\n\n        <\/div>\n\n\n\n        \n           \n\n<div class=\"box-white\">\n          <a href=\"images\/formations\/presentations\/Syndrome_de_loge_chronique.pdf\" target=\"_blank\"><img decoding=\"async\" src=\"images\/pied_xl.jpg\" alt=\"Pied\" \/><\/a>\n            \n\n<div class=\"box-white-padding\">\n              \n\n<div class=\"box-white-text\">\n                \n\n<h3>\n                 <a href=\"images\/formations\/presentations\/Syndrome_de_loge_chronique.pdf\" target=\"_blank\">\n          Syndrome de loge chronique\n                <\/a>\n              <\/h3>\n\n\n              \n\n<p>\n                24.08.2021 | Colloque de formation\n              <\/p>\n\n\n              <a href=\"index.php?Itemid=2269&lang=fr-FR\" class=\"formation_thumb\"><img decoding=\"async\" src=\"images\/fragniere\/fragniere_profil.jpg\" \/><span>Dr Nicolas Fragni\u00e8re<\/span><\/a>\n              <\/div>\n\n\n              <a href=\"images\/formations\/presentations\/Syndrome_de_loge_chronique.pdf\" target=\"_blank\" class=\"btn-round btn-round-blue btn-block\"><i class=\"fa fa-download\"><\/i> T\u00e9l\u00e9charger la pr\u00e9sentation<\/a>\n            <\/div>\n\n\n        <\/div>\n\n\n        \n               \n\n<div class=\"box-white\">\n          <a href=\"images\/formations\/presentations\/Presentation_sur_les_fractures_de_ESH.pdf\" target=\"_blank\"><img decoding=\"async\" src=\"images\/epaule_xl.jpg\" alt=\"\u00c9paule\" \/><\/a>\n            \n\n<div class=\"box-white-padding\">\n              \n\n<div class=\"box-white-text\">\n                \n\n<h3>\n                 <a href=\"images\/formations\/presentations\/Presentation_sur_les_fractures_de_ESH.pdf\" target=\"_blank\">\n            Les fractures de l\u2019extr\u00e9mit\u00e9 proximale de l\u2019hum\u00e9rus. Toutes les op\u00e9rer?\n                <\/a>\n              <\/h3>\n\n\n              \n\n<p>\n                06.07.2021 | Colloque de formation\n              <\/p>\n\n\n              <a href=\"index.php?Itemid=2242&lang=fr-FR\" class=\"formation_thumb\"><img decoding=\"async\" src=\"images\/glanz\/glanz_profil.jpg\" \/><span>Dr Ludovic Glanz<\/span><\/a>\n              <\/div>\n\n\n              <a href=\"images\/formations\/presentations\/Presentation_sur_les_fractures_de_ESH.pdf\" target=\"_blank\" class=\"btn-round btn-round-blue btn-block\"><i class=\"fa fa-download\"><\/i> T\u00e9l\u00e9charger la pr\u00e9sentation<\/a>\n            <\/div>\n\n\n        <\/div>\n\n\n        \n                  \n\n<div class=\"box-white\">\n          <a href=\"images\/formations\/presentations\/Syndrome_de_loge_aigu_du_pied.pdf\" target=\"_blank\"><img decoding=\"async\" src=\"images\/pied_xl.jpg\" alt=\"Pied\" \/><\/a>\n            \n\n<div class=\"box-white-padding\">\n              \n\n<div class=\"box-white-text\">\n                \n\n<h3>\n                 <a href=\"images\/formations\/presentations\/Syndrome_de_loge_aigu_du_pied.pdf\" target=\"_blank\">\n          Le syndrome de loge du pied\n                <\/a>\n              <\/h3>\n\n\n              \n\n<p>\n                01.06.2021 | Colloque de formation\n              <\/p>\n\n\n              <a href=\"index.php?Itemid=2269&lang=fr-FR\" class=\"formation_thumb\"><img decoding=\"async\" src=\"images\/fragniere\/fragniere_profil.jpg\" \/><span>Dr Nicolas Fragni\u00e8re<\/span><\/a>\n              <\/div>\n\n\n              <a href=\"images\/formations\/presentations\/Syndrome_de_loge_aigu_du_pied.pdf\" target=\"_blank\" class=\"btn-round btn-round-blue btn-block\"><i class=\"fa fa-download\"><\/i> T\u00e9l\u00e9charger la pr\u00e9sentation<\/a>\n            <\/div>\n\n\n        <\/div>\n\n\n        \n           \n\n<div class=\"box-white\">\n          <a href=\"images\/formations\/presentations\/lesion_IJ.pdf\" target=\"_blank\"><img decoding=\"async\" src=\"images\/genou_xl.jpg\" alt=\"genou\" \/><\/a>\n            \n\n<div class=\"box-white-padding\">\n              \n\n<div class=\"box-white-text\">\n                \n\n<h3>\n                 <a href=\"images\/formations\/presentations\/lesion_IJ.pdf\" target=\"_blank\">\n             L\u00e9sions proximales des ischio-jambiers\n                <\/a>\n              <\/h3>\n\n\n              \n\n<p>\n                11.05.2021 | Colloque de formation\n              <\/p>\n\n\n              <a href=\"index.php?Itemid=2232&lang=fr-FR\" class=\"formation_thumb\"><img decoding=\"async\" src=\"images\/joufflineau\/joufflineau_profil.jpg\" \/><span>Dr Simon Joufflineau<\/span><\/a>\n              <\/div>\n\n\n              <a href=\"images\/formations\/presentations\/lesion_IJ.pdf\" target=\"_blank\" class=\"btn-round btn-round-blue btn-block\"><i class=\"fa fa-download\"><\/i> T\u00e9l\u00e9charger la pr\u00e9sentation<\/a>\n            <\/div>\n\n\n        <\/div>\n\n\n\n            \n\n<div class=\"box-white\">\n          <a href=\"images\/formations\/presentations\/elbow_instability.pdf\" target=\"_blank\"><img decoding=\"async\" src=\"images\/epaule_xl.jpg\" alt=\"\u00c9paule\" \/><\/a>\n            \n\n<div class=\"box-white-padding\">\n              \n\n<div class=\"box-white-text\">\n                \n\n<h3>\n                 <a href=\"images\/formations\/presentations\/elbow_instability.pdf\" target=\"_blank\">\n            Instabilit\u00e9s du coude\n                <\/a>\n              <\/h3>\n\n\n              \n\n<p>\n                04.05.2021 | Colloque de formation\n              <\/p>\n\n\n              <a href=\"index.php?Itemid=2242&lang=fr-FR\" class=\"formation_thumb\"><img decoding=\"async\" src=\"images\/glanz\/glanz_profil.jpg\" \/><span>Dr Ludovic Glanz<\/span><\/a>\n              <\/div>\n\n\n              <a href=\"images\/formations\/presentations\/elbow_instability.pdf\" target=\"_blank\" class=\"btn-round btn-round-blue btn-block\"><i class=\"fa fa-download\"><\/i> T\u00e9l\u00e9charger la pr\u00e9sentation<\/a>\n            <\/div>\n\n\n        <\/div>\n\n\n        \n        \n        \n                 \n\n<div class=\"box-white\">\n          <a href=\"images\/formations\/presentations\/Presentation_sarcome_medicol.pdf\" target=\"_blank\"><img decoding=\"async\" src=\"images\/hanche_xl.jpg\" alt=\"\" \/><\/a>\n            \n\n<div class=\"box-white-padding\">\n              \n\n<div class=\"box-white-text\">\n                \n\n<h3>\n                 <a href=\"images\/formations\/presentations\/Presentation_sarcome_medicol.pdf\" target=\"_blank\">\n            Sarcomes des tissus mous\n                <\/a>\n              <\/h3>\n\n\n              \n\n<p>\n                27.04.2021 | Colloque de formation\n              <\/p>\n\n\n              <span>Dr Morattel<\/span>\n              <\/div>\n\n\n              <a href=\"images\/formations\/presentations\/Presentation_sarcome_medicol.pdf\" target=\"_blank\" class=\"btn-round btn-round-blue btn-block\"><i class=\"fa fa-download\"><\/i> T\u00e9l\u00e9charger la pr\u00e9sentation<\/a>\n            <\/div>\n\n\n        <\/div>\n\n\n       \n          \n\n<div class=\"box-white\">\n          <a href=\"images\/formations\/presentations\/Presentation_20.04.21.pdf\" target=\"_blank\"><img decoding=\"async\" src=\"images\/pied_xl.jpg\" alt=\"Pied\" \/><\/a>\n            \n\n<div class=\"box-white-padding\">\n              \n\n<div class=\"box-white-text\">\n                \n\n<h3>\n                 <a href=\"images\/formations\/presentations\/Presentation_20.04.21.pdf\" target=\"_blank\">\n           Arthrose de la premi\u00e8re articulation m\u00e9tatarso-phalangienne\n                <\/a>\n              <\/h3>\n\n\n              \n\n<p>\n                20.04.2021 | Colloque de formation\n              <\/p>\n\n\n              <a href=\"index.php?Itemid=2269&lang=fr-FR\" class=\"formation_thumb\"><img decoding=\"async\" src=\"images\/fragniere\/fragniere_profil.jpg\" \/><span>Dr Nicolas Fragni\u00e8re<\/span><\/a>\n              <\/div>\n\n\n              <a href=\"images\/formations\/presentations\/Presentation_20.04.21.pdf\" target=\"_blank\" class=\"btn-round btn-round-blue btn-block\"><i class=\"fa fa-download\"><\/i> T\u00e9l\u00e9charger la pr\u00e9sentation<\/a>\n            <\/div>\n\n\n        <\/div>\n\n\n        \n                   \n\n<div class=\"box-white\">\n          <a href=\"images\/formations\/presentations\/voies_hanche.pdf\" target=\"_blank\"><img decoding=\"async\" src=\"images\/genou_xl.jpg\" alt=\"genou\" \/><\/a>\n            \n\n<div class=\"box-white-padding\">\n              \n\n<div class=\"box-white-text\">\n                \n\n<h3>\n                 <a href=\"images\/formations\/presentations\/voies_hanche.pdf\" target=\"_blank\">\n             Voie post\u00e9rieure vs voie ant\u00e9rieure\n                <\/a>\n              <\/h3>\n\n\n              \n\n<p>\n                13.04.2021 | Colloque de formation\n              <\/p>\n\n\n              <a href=\"index.php?Itemid=2232&lang=fr-FR\" class=\"formation_thumb\"><img decoding=\"async\" src=\"images\/joufflineau\/joufflineau_profil.jpg\" \/><span>Dr Simon Joufflineau<\/span><\/a>\n              <\/div>\n\n\n              <a href=\"images\/formations\/presentations\/voies_hanche.pdf\" target=\"_blank\" class=\"btn-round btn-round-blue btn-block\"><i class=\"fa fa-download\"><\/i> T\u00e9l\u00e9charger la pr\u00e9sentation<\/a>\n            <\/div>\n\n\n        <\/div>\n\n\n        \n          \n\n<div class=\"box-white\">\n          <a href=\"images\/formations\/presentations\/elbow_instability.pdf\" target=\"_blank\"><img decoding=\"async\" src=\"images\/epaule_xl.jpg\" alt=\"\u00c9paule\" \/><\/a>\n            \n\n<div class=\"box-white-padding\">\n              \n\n<div class=\"box-white-text\">\n                \n\n<h3>\n                 <a href=\"images\/formations\/presentations\/elbow_instability.pdf\" target=\"_blank\">\n            Coiffe des rotateurs: du diagnostic au traitement\n                <\/a>\n              <\/h3>\n\n\n              \n\n<p>\n                16.03.2021 | Colloque de formation\n              <\/p>\n\n\n              <a href=\"index.php?Itemid=2242&lang=fr-FR\" class=\"formation_thumb\"><img decoding=\"async\" src=\"images\/glanz\/glanz_profil.jpg\" \/><span>Dr Ludovic Glanz<\/span><\/a>\n              <\/div>\n\n\n              <a href=\"images\/formations\/presentations\/elbow_instability.pdf\" target=\"_blank\" class=\"btn-round btn-round-blue btn-block\"><i class=\"fa fa-download\"><\/i> T\u00e9l\u00e9charger la pr\u00e9sentation<\/a>\n            <\/div>\n\n\n        <\/div>\n\n\n        \n           \n\n<div class=\"box-white\">\n          <a href=\"images\/formations\/presentations\/2021_LBP-TDA.pdf\" target=\"_blank\"><img decoding=\"async\" src=\"images\/dos_xl.jpg\" alt=\"Dos\" \/><\/a>\n            \n\n<div class=\"box-white-padding\">\n              \n\n<div class=\"box-white-text\">\n                \n\n<h3>\n                 <a href=\"images\/formations\/presentations\/2021_LBP-TDA.pdf\" target=\"_blank\">\n           Discogenic LBP - Total Disc Arthroplasthy\n                <\/a>\n              <\/h3>\n\n\n              \n\n<p>\n                09.03.2021 | Colloque de formation\n              <\/p>\n\n\n              <a href=\"index.php?Itemid=1647\" class=\"formation_thumb\"><img decoding=\"async\" src=\"https:\/\/template2.orthopediste-lausanne.ch\/wp-content\/uploads\/2018\/09\/marchesi_profil.jpg\" \/><span>Prof. Dante Marchesi<\/span><\/a>\n              <\/div>\n\n\n              <a href=\"images\/formations\/presentations\/2021_LBP-TDA.pdf\" target=\"_blank\" class=\"btn-round btn-round-blue btn-block\"><i class=\"fa fa-download\"><\/i> T\u00e9l\u00e9charger la pr\u00e9sentation<\/a>\n            <\/div>\n\n\n        <\/div>\n\n\n        \n                  \n\n<div class=\"box-white\">\n          <a href=\"images\/formations\/presentations\/lesions_of_the_abductors_in_the_hip.pdf\" target=\"_blank\"><img decoding=\"async\" src=\"images\/hanche_xl.jpg\" alt=\"Genou\" \/><\/a>\n            \n\n<div class=\"box-white-padding\">\n              \n\n<div class=\"box-white-text\">\n                \n\n<h3>\n                 <a href=\"images\/formations\/presentations\/lesions_of_the_abductors_in_the_hip.pdf\" target=\"_blank\">\n             Hip Abductor Insufficiency\n                <\/a>\n              <\/h3>\n\n\n              \n\n<p>\n                02.03.2021 | Colloque de formation\n              <\/p>\n\n\n              <a href=\"index.php?Itemid=2198&lang=fr-FR\" class=\"formation_thumb\"><img decoding=\"async\" src=\"images\/al-mayahi\/al-mayahi.jpg\" \/><span>Dr Mohamed Al-Mayahi<\/span><\/a>\n              <\/div>\n\n\n              <a href=\"images\/formations\/presentations\/lesions_of_the_abductors_in_the_hip.pdf\" target=\"_blank\" class=\"btn-round btn-round-blue btn-block\"><i class=\"fa fa-download\"><\/i> T\u00e9l\u00e9charger la pr\u00e9sentation<\/a>\n            <\/div>\n\n\n        <\/div>\n\n\n        \n                   \n\n<div class=\"box-white\">\n          <a href=\"images\/formations\/presentations\/presentation_24.02.pdf\" target=\"_blank\"><img decoding=\"async\" src=\"images\/genou_xl.jpg\" alt=\"Genou\" \/><\/a>\n            \n\n<div class=\"box-white-padding\">\n              \n\n<div class=\"box-white-text\">\n                \n\n<h3>\n                 <a href=\"images\/formations\/presentations\/presentation_24.02.pdf\" target=\"_blank\">\n             Boiterie neurologique\n                <\/a>\n              <\/h3>\n\n\n              \n\n<p>\n                23.02.2021 | Colloque de formation\n              <\/p>\n\n\n              <a href=\"index.php?Itemid=2197&lang=fr-FR\" class=\"formation_thumb\"><img decoding=\"async\" src=\"images\/olden\/olden_profil.jpg\" \/><span>Dr Olden<\/span><\/a>\n              <\/div>\n\n\n              <a href=\"images\/formations\/presentations\/presentation_24.02.pdf\" target=\"_blank\" class=\"btn-round btn-round-blue btn-block\"><i class=\"fa fa-download\"><\/i> T\u00e9l\u00e9charger la pr\u00e9sentation<\/a>\n            <\/div>\n\n\n        <\/div>\n\n\n        \n           \n\n<div class=\"box-white\">\n          <a href=\"images\/formations\/presentations\/PTG_alignement_3.pdf\" target=\"_blank\"><img decoding=\"async\" src=\"images\/genou_xl.jpg\" alt=\"genou\" \/><\/a>\n            \n\n<div class=\"box-white-padding\">\n              \n\n<div class=\"box-white-text\">\n                \n\n<h3>\n                 <a href=\"images\/formations\/presentations\/PTG_alignement_3.pdf\" target=\"_blank\">\n             L\u2019 alignement dans la proth\u00e8se totale du genou\n                <\/a>\n              <\/h3>\n\n\n              \n\n<p>\n                16.02.2021 | Colloque de formation\n              <\/p>\n\n\n              <a href=\"index.php?Itemid=2232&lang=fr-FR\" class=\"formation_thumb\"><img decoding=\"async\" src=\"images\/joufflineau\/joufflineau_profil.jpg\" \/><span>Dr Simon Joufflineau<\/span><\/a>\n              <\/div>\n\n\n              <a href=\"images\/formations\/presentations\/PTG_alignement_3.pdf\" target=\"_blank\" class=\"btn-round btn-round-blue btn-block\"><i class=\"fa fa-download\"><\/i> T\u00e9l\u00e9charger la pr\u00e9sentation<\/a>\n            <\/div>\n\n\n        <\/div>\n\n\n        \n                       \n\n<div class=\"box-white\">\n                  <a href=\"images\/formations\/presentations\/Arthrose_cheville_medicol.pdf\" target=\"_blank\"><img decoding=\"async\" src=\"images\/pied_xl.jpg\" alt=\"\" \/><\/a>\n            \n\n<div class=\"box-white-padding\">\n              \n\n<div class=\"box-white-text\">\n                \n\n<h3>\n                <a href=\"images\/formations\/presentations\/Arthrose_cheville_medicol.pdf\" target=\"_blank\">\n               Arthrose de la cheville\n                <\/a>\n              <\/h3>\n\n\n              \n\n<p>\n               09.02.2021 | Colloque de formation\n              <\/p>\n\n\n              <a href=\"index.php?Itemid=1662&lang=fr-FR\" class=\"formation_thumb\"><img decoding=\"async\" src=\"https:\/\/template2.orthopediste-lausanne.ch\/wp-content\/uploads\/2018\/09\/cisse_profil.jpg\" \/><span>Dr Ciss\u00e9<\/span><\/a>\n              <\/div>\n\n\n              <a href=\"images\/formations\/presentations\/Arthrose_cheville_medicol.pdf\" class=\"btn-round btn-round-blue btn-block\"><i class=\"fa fa-download\"><\/i> T\u00e9l\u00e9charger la pr\u00e9sentation<\/a>\n            <\/div>\n\n\n        <\/div>\n\n\n        \n           \n\n<div class=\"box-white\">\n          <a href=\"images\/formations\/presentations\/presentation_SPT_26.1.2021.pdf\" target=\"_blank\"><img decoding=\"async\" src=\"images\/epaule_xl.jpg\" alt=\"\u00c9paule\" \/><\/a>\n            \n\n<div class=\"box-white-padding\">\n              \n\n<div class=\"box-white-text\">\n                \n\n<h3>\n                 <a href=\"images\/formations\/presentations\/presentation_SPT_26.1.2021.pdf\" target=\"_blank\">\n            Syndrome de Parsonage Turner\n                <\/a>\n              <\/h3>\n\n\n              \n\n<p>\n                26.01.2021 | Colloque de formation\n              <\/p>\n\n\n              <a href=\"index.php?Itemid=2242&lang=fr-FR\" class=\"formation_thumb\"><img decoding=\"async\" src=\"images\/glanz\/glanz_profil.jpg\" \/><span>Dr Ludovic Glanz<\/span><\/a>\n              <\/div>\n\n\n              <a href=\"images\/formations\/presentations\/presentation_SPT_26.1.2021.pdf\" target=\"_blank\" class=\"btn-round btn-round-blue btn-block\"><i class=\"fa fa-download\"><\/i> T\u00e9l\u00e9charger la pr\u00e9sentation<\/a>\n            <\/div>\n\n\n        <\/div>\n\n\n        \n          \n\n<div class=\"box-white\">\n          <a href=\"images\/formations\/presentations\/coxodynies_B._Morattel.pdf\" target=\"_blank\"><img decoding=\"async\" src=\"images\/hanche_xl.jpg\" alt=\"\" \/><\/a>\n            \n\n<div class=\"box-white-padding\">\n              \n\n<div class=\"box-white-text\">\n                \n\n<h3>\n                 <a href=\"images\/formations\/presentations\/coxodynies_B._Morattel.pdf\" target=\"_blank\">\n             Coxodynies\n                <\/a>\n              <\/h3>\n\n\n              \n\n<p>\n                21.01.2021 | Colloque de formation\n              <\/p>\n\n\n              <span>Dr Morattel<\/span>\n              <\/div>\n\n\n              <a href=\"images\/formations\/presentations\/coxodynies_B._Morattel.pdf\" target=\"_blank\" class=\"btn-round btn-round-blue btn-block\"><i class=\"fa fa-download\"><\/i> T\u00e9l\u00e9charger la pr\u00e9sentation<\/a>\n            <\/div>\n\n\n        <\/div>\n\n\n        \n           \n\n<div class=\"box-white\">\n          <a href=\"images\/formations\/presentations\/2021_deformations.pdf\" target=\"_blank\"><img decoding=\"async\" src=\"images\/dos_xl.jpg\" alt=\"Dos\" \/><\/a>\n            \n\n<div class=\"box-white-padding\">\n              \n\n<div class=\"box-white-text\">\n                \n\n<h3>\n                 <a href=\"images\/formations\/presentations\/2021_deformations.pdf\" target=\"_blank\">\n            D\u00e9formations Rachidiennes\n                <\/a>\n              <\/h3>\n\n\n              \n\n<p>\n                12.01.2021 | Colloque de formation\n              <\/p>\n\n\n              <a href=\"index.php?Itemid=1647\" class=\"formation_thumb\"><img decoding=\"async\" src=\"https:\/\/template2.orthopediste-lausanne.ch\/wp-content\/uploads\/2018\/09\/marchesi_profil.jpg\" \/><span>Prof. Dante Marchesi<\/span><\/a>\n              <\/div>\n\n\n              <a href=\"images\/formations\/presentations\/2021_deformations.pdf\" target=\"_blank\" class=\"btn-round btn-round-blue btn-block\"><i class=\"fa fa-download\"><\/i> T\u00e9l\u00e9charger la pr\u00e9sentation<\/a>\n            <\/div>\n\n\n        <\/div>\n\n\n        \n                       \n\n<div class=\"box-white\">\n          <a href=\"images\/formations\/presentations\/femoral_offset.pdf\" target=\"_blank\"><img decoding=\"async\" src=\"images\/hanche_xl.jpg\" alt=\"Hanche\" \/><\/a>\n            \n\n<div class=\"box-white-padding\">\n              \n\n<div class=\"box-white-text\">\n                \n\n<h3>\n                 <a href=\"images\/formations\/presentations\/femoral_offset.pdf\" target=\"_blank\">\n             Femoral offset: general remarks and definitions\n                <\/a>\n              <\/h3>\n\n\n              \n\n<p>\n                05.01.2021 | Colloque de formation\n              <\/p>\n\n\n              <a href=\"index.php?Itemid=2198&lang=fr-FR\" class=\"formation_thumb\"><img decoding=\"async\" src=\"images\/al-mayahi\/al-mayahi.jpg\" \/><span>Dr Mohamed Al-Mayahi<\/span><\/a>\n              <\/div>\n\n\n              <a href=\"images\/formations\/presentations\/femoral_offset.pdf\" target=\"_blank\" class=\"btn-round btn-round-blue btn-block\"><i class=\"fa fa-download\"><\/i> T\u00e9l\u00e9charger la pr\u00e9sentation<\/a>\n            <\/div>\n\n\n        <\/div>\n\n\n        \n        \n           \n\n<div class=\"box-white\">\n          <a href=\"images\/formations\/presentations\/colloque_15.12.20.pdf\" target=\"_blank\"><img decoding=\"async\" src=\"images\/hanche_xl.jpg\" alt=\"hanche\" \/><\/a>\n            \n\n<div class=\"box-white-padding\">\n              \n\n<div class=\"box-white-text\">\n                \n\n<h3>\n                 <a href=\"images\/formations\/presentations\/colloque_15.12.20.pdf\" target=\"_blank\">\n             Cas clinique\n                <\/a>\n              <\/h3>\n\n\n              \n\n<p>\n                15.12.2020 | Colloque de formation\n              <\/p>\n\n\n              <a href=\"index.php?Itemid=2232&lang=fr-FR\" class=\"formation_thumb\"><img decoding=\"async\" src=\"images\/joufflineau\/joufflineau_profil.jpg\" \/><span>Dr Simon Joufflineau<\/span><\/a>\n              <\/div>\n\n\n              <a href=\"images\/formations\/presentations\/colloque_15.12.20.pdf\" target=\"_blank\" class=\"btn-round btn-round-blue btn-block\"><i class=\"fa fa-download\"><\/i> T\u00e9l\u00e9charger la pr\u00e9sentation<\/a>\n            <\/div>\n\n\n        <\/div>\n\n\n        \n        \n                 \n\n<div class=\"box-white\">\n          <a href=\"images\/formations\/presentations\/08.12.2020_Instabilit\u00e9_fonctionnelle_AB.pdf\" target=\"_blank\"><img decoding=\"async\" src=\"images\/epaule_xl.jpg\" alt=\"\" \/><\/a>\n            \n\n<div class=\"box-white-padding\">\n              \n\n<div class=\"box-white-text\">\n                \n\n<h3>\n                 <a href=\"images\/formations\/presentations\/08.12.2020_Instabilit\u00e9_fonctionnelle_AB.pdf\" target=\"_blank\">\n             Instabilit\u00e9 fonctionnelle de l'\u00e9paule\n                <\/a>\n              <\/h3>\n\n\n              \n\n<p>\n                08.12.2020 | Colloque de formation\n              <\/p>\n\n\n              <a href=\"index.php?Itemid=2196&lang=fr-FR\" class=\"formation_thumb\"><img decoding=\"async\" src=\"images\/barbato\/barbato_profil.jpg\" \/><span>Dr Barbato<\/span><\/a>\n              <\/div>\n\n\n              <a href=\"images\/formations\/presentations\/08.12.2020_Instabilit\u00e9_fonctionnelle_AB.pdf\" target=\"_blank\" class=\"btn-round btn-round-blue btn-block\"><i class=\"fa fa-download\"><\/i> T\u00e9l\u00e9charger la pr\u00e9sentation<\/a>\n            <\/div>\n\n\n        <\/div>\n\n\n        \n               \n\n<div class=\"box-white\">\n                  <a href=\"images\/formations\/presentations\/Instabilite_laterale_de_l_arriere_pied.pdf\" target=\"_blank\"><img decoding=\"async\" src=\"images\/pied_xl.jpg\" alt=\"\" \/><\/a>\n            \n\n<div class=\"box-white-padding\">\n              \n\n<div class=\"box-white-text\">\n                \n\n<h3>\n                <a href=\"images\/formations\/presentations\/Instabilite_laterale_de_l_arriere_pied.pdf\" target=\"_blank\">\n                Pes cavo varus et Instabilit\u00e9 lat\u00e9rale de l\u2019arri\u00e8re pied\n                <\/a>\n              <\/h3>\n\n\n              \n\n<p>\n               03.11.2020 | Colloque de formation\n              <\/p>\n\n\n              <a href=\"index.php?Itemid=1662&lang=fr-FR\" class=\"formation_thumb\"><img decoding=\"async\" src=\"https:\/\/template2.orthopediste-lausanne.ch\/wp-content\/uploads\/2018\/09\/cisse_profil.jpg\" \/><span>Dr Ciss\u00e9<\/span><\/a>\n              <\/div>\n\n\n              <a href=\"images\/formations\/presentations\/Instabilite_laterale_de_l_arriere_pied.pdf\" class=\"btn-round btn-round-blue btn-block\"><i class=\"fa fa-download\"><\/i> T\u00e9l\u00e9charger la pr\u00e9sentation<\/a>\n            <\/div>\n\n\n        <\/div>\n\n\n        \n          \n\n<div class=\"box-white\">\n          <a href=\"images\/formations\/presentations\/27.10.2020_Disjonction_AC_AB.pdf\" target=\"_blank\"><img decoding=\"async\" src=\"images\/epaule_xl.jpg\" alt=\"\" \/><\/a>\n            \n\n<div class=\"box-white-padding\">\n              \n\n<div class=\"box-white-text\">\n                \n\n<h3>\n                 <a href=\"images\/formations\/presentations\/27.10.2020_Disjonction_AC_AB.pdf\" target=\"_blank\">\n             Disjonction acromio-claviculaire\n                <\/a>\n              <\/h3>\n\n\n              \n\n<p>\n                27.10.2020 | Colloque de formation\n              <\/p>\n\n\n              <a href=\"index.php?Itemid=2196&lang=fr-FR\" class=\"formation_thumb\"><img decoding=\"async\" src=\"images\/barbato\/barbato_profil.jpg\" \/><span>Dr Barbato<\/span><\/a>\n              <\/div>\n\n\n              <a href=\"images\/formations\/presentations\/27.10.2020_Disjonction_AC_AB.pdf\" target=\"_blank\" class=\"btn-round btn-round-blue btn-block\"><i class=\"fa fa-download\"><\/i> T\u00e9l\u00e9charger la pr\u00e9sentation<\/a>\n            <\/div>\n\n\n        <\/div>\n\n\n        \n          \n\n<div class=\"box-white\">\n          <a href=\"images\/formations\/presentations\/lesions_de_la_rampe_meniscale-1.pdf\" target=\"_blank\"><img decoding=\"async\" src=\"images\/genou_xl.jpg\" alt=\"Genou\" \/><\/a>\n            \n\n<div class=\"box-white-padding\">\n              \n\n<div class=\"box-white-text\">\n                \n\n<h3>\n                 <a href=\"images\/formations\/presentations\/lesions_de_la_rampe_meniscale-1.pdf\" target=\"_blank\">\n             L\u00e9sions de la rampe m\u00e9niscale\n                <\/a>\n              <\/h3>\n\n\n              \n\n<p>\n                06.10.2020 | Colloque de formation\n              <\/p>\n\n\n              <a href=\"index.php?Itemid=2198&lang=fr-FR\" class=\"formation_thumb\"><img decoding=\"async\" src=\"images\/al-mayahi\/al-mayahi.jpg\" \/><span>Dr Mohamed Al-Mayahi<\/span><\/a>\n              <\/div>\n\n\n              <a href=\"images\/formations\/presentations\/lesions_de_la_rampe_meniscale-1.pdf\" target=\"_blank\" class=\"btn-round btn-round-blue btn-block\"><i class=\"fa fa-download\"><\/i> T\u00e9l\u00e9charger la pr\u00e9sentation<\/a>\n            <\/div>\n\n\n        <\/div>\n\n\n        \n           \n\n<div class=\"box-white\">\n          <a href=\"images\/formations\/presentations\/Presentation_25.08.2020.pdf\" target=\"_blank\"><img decoding=\"async\" src=\"images\/genou_xl.jpg\" alt=\"\" \/><\/a>\n            \n\n<div class=\"box-white-padding\">\n              \n\n<div class=\"box-white-text\">\n                \n\n<h3>\n                 <a href=\"images\/formations\/presentations\/Presentation_25.08.2020.pdf\" target=\"_blank\">\n             Biom\u00e9canique de la marche lors d'une insuffisance chronique du LCA et sa r\u00e9paration\n                <\/a>\n              <\/h3>\n\n\n              \n\n<p>\n                29.09.2020 | Colloque de formation\n              <\/p>\n\n\n              <a href=\"index.php?Itemid=2197&lang=fr-FR\" class=\"formation_thumb\"><img decoding=\"async\" src=\"images\/olden\/olden_profil.jpg\" \/><span>Dr Olden<\/span><\/a>\n              <\/div>\n\n\n              <a href=\"images\/formations\/presentations\/Presentation_25.08.2020.pdf\" target=\"_blank\" class=\"btn-round btn-round-blue btn-block\"><i class=\"fa fa-download\"><\/i> T\u00e9l\u00e9charger la pr\u00e9sentation<\/a>\n            <\/div>\n\n\n              \n        <\/div>\n\n\n        \n                       \n\n<div class=\"box-white\">\n                  <a href=\"images\/formations\/presentations\/presentationSchafer_Steve_reparation.pdf\" target=\"_blank\"><img decoding=\"async\" src=\"images\/pied_xl.jpg\" alt=\"\" \/><\/a>\n            \n\n<div class=\"box-white-padding\">\n              \n\n<div class=\"box-white-text\">\n                \n\n<h3>\n                <a href=\"images\/formations\/presentations\/presentationSchafer_Steve_reparation.pdf\" target=\"_blank\">\n                Une entorse compliqu\u00e9e\n                <\/a>\n              <\/h3>\n\n\n              \n\n<p>\n               22.09.2020 | Colloque de formation\n              <\/p>\n\n\n              <a href=\"index.php?Itemid=1662&lang=fr-FR\" class=\"formation_thumb\"><img decoding=\"async\" src=\"https:\/\/template2.orthopediste-lausanne.ch\/wp-content\/uploads\/2018\/09\/cisse_profil.jpg\" \/><span>Dr Ciss\u00e9<\/span><\/a>\n              <\/div>\n\n\n              <a href=\"images\/formations\/presentations\/presentationSchafer_Steve_reparation.pdf\" class=\"btn-round btn-round-blue btn-block\"><i class=\"fa fa-download\"><\/i> T\u00e9l\u00e9charger la pr\u00e9sentation<\/a>\n            <\/div>\n\n\n        <\/div>\n\n\n        \n        \n                        \n\n<div class=\"box-white\">\n          <a href=\"images\/formations\/presentations\/15.09.2020_Conflit_epaule_AB.pdf\" target=\"_blank\"><img decoding=\"async\" src=\"images\/epaule_xl.jpg\" alt=\"\" \/><\/a>\n            \n\n<div class=\"box-white-padding\">\n              \n\n<div class=\"box-white-text\">\n                \n\n<h3>\n                 <a href=\"images\/formations\/presentations\/15.09.2020_Conflit_epaule_AB.pdf\" target=\"_blank\">\n              Le conflit post\u00e9ro-sup\u00e9rieure de l'\u00e9paule\n                <\/a>\n              <\/h3>\n\n\n              \n\n<p>\n                15.09.2020 | Colloque de formation\n              <\/p>\n\n\n              <a href=\"index.php?Itemid=2196&lang=fr-FR\" class=\"formation_thumb\"><img decoding=\"async\" src=\"images\/barbato\/barbato_profil.jpg\" \/><span>Dr Barbato<\/span><\/a>\n              <\/div>\n\n\n              <a href=\"images\/formations\/presentations\/15.09.2020_Conflit_epaule_AB.pdf\" target=\"_blank\" class=\"btn-round btn-round-blue btn-block\"><i class=\"fa fa-download\"><\/i> T\u00e9l\u00e9charger la pr\u00e9sentation<\/a>\n            <\/div>\n\n\n        <\/div>\n\n\n        \n          \n\n<div class=\"box-white\">\n          <a href=\"images\/formations\/presentations\/lesion_de_racine_meniscale-1.pdf\" target=\"_blank\"><img decoding=\"async\" src=\"images\/genou_xl.jpg\" alt=\"\" \/><\/a>\n            \n\n<div class=\"box-white-padding\">\n              \n\n<div class=\"box-white-text\">\n                \n\n<h3>\n                 <a href=\"images\/formations\/presentations\/lesion_de_racine_meniscale-1.pdf\" target=\"_blank\">\n             D\u00e9chirure de la racine m\u00e9niscale\n                <\/a>\n              <\/h3>\n\n\n              \n\n<p>\n                08.09.2020 | Colloque de formation\n              <\/p>\n\n\n              <a href=\"index.php?Itemid=2198&lang=fr-FR\" class=\"formation_thumb\"><img decoding=\"async\" src=\"images\/al-mayahi\/al-mayahi.jpg\" \/><span>Dr Mohamed Al-Mayahi<\/span><\/a>\n              <\/div>\n\n\n              <a href=\"images\/formations\/presentations\/lesion_de_racine_meniscale-1.pdf\" target=\"_blank\" class=\"btn-round btn-round-blue btn-block\"><i class=\"fa fa-download\"><\/i> T\u00e9l\u00e9charger la pr\u00e9sentation<\/a>\n            <\/div>\n\n\n        <\/div>\n\n\n        \n        \n\n<div class=\"box-white\">\n                  <a href=\"images\/formations\/presentations\/Journal_club_07.07.pdf\" target=\"_blank\"><img decoding=\"async\" src=\"images\/pied_xl.jpg\" alt=\"\" \/><\/a>\n            \n\n<div class=\"box-white-padding\">\n              \n\n<div class=\"box-white-text\">\n                \n\n<h3>\n                <a href=\"images\/formations\/presentations\/Journal_club_07.07.pdf\" target=\"_blank\">\n                Journal club: Return to Sports and Physical Activities After First Metatarsophalangeal Joint Arthrodesis in Young Patients\n                <\/a>\n              <\/h3>\n\n\n              \n\n<p>\n               07.07.2020 | Colloque de formation\n              <\/p>\n\n\n              <a href=\"index.php?Itemid=1662&lang=fr-FR\" class=\"formation_thumb\"><img decoding=\"async\" src=\"https:\/\/template2.orthopediste-lausanne.ch\/wp-content\/uploads\/2018\/09\/cisse_profil.jpg\" \/><span>Dr Ciss\u00e9<\/span><\/a>\n              <\/div>\n\n\n              <a href=\"images\/formations\/presentations\/Journal_club_07.07.pdf\" class=\"btn-round btn-round-blue btn-block\"><i class=\"fa fa-download\"><\/i> T\u00e9l\u00e9charger la pr\u00e9sentation<\/a>\n            <\/div>\n\n\n        <\/div>\n\n\n        \n          \n\n<div class=\"box-white\">\n          <a href=\"images\/formations\/presentations\/Presentation2..2.pdf\" target=\"_blank\"><img decoding=\"async\" src=\"images\/genou_xl.jpg\" alt=\"\" \/><\/a>\n            \n\n<div class=\"box-white-padding\">\n              \n\n<div class=\"box-white-text\">\n                \n\n<h3>\n                 <a href=\"images\/formations\/presentations\/Presentation2..2.pdf\" target=\"_blank\">\n             Transplantation allogreffe m\u00e9niscale\n                <\/a>\n              <\/h3>\n\n\n              \n\n<p>\n                30.06.2020 | Colloque de formation\n              <\/p>\n\n\n              <a href=\"index.php?Itemid=2198&lang=fr-FR\" class=\"formation_thumb\"><img decoding=\"async\" src=\"images\/al-mayahi\/al-mayahi.jpg\" \/><span>Dr Mohamed Al-Mayahi<\/span><\/a>\n              <\/div>\n\n\n              <a href=\"images\/formations\/presentations\/Presentation2..2.pdf\" target=\"_blank\" class=\"btn-round btn-round-blue btn-block\"><i class=\"fa fa-download\"><\/i> T\u00e9l\u00e9charger la pr\u00e9sentation<\/a>\n            <\/div>\n\n\n        <\/div>\n\n\n        \n                \n\n<div class=\"box-white\">\n          <a href=\"images\/formations\/presentations\/Case_report_23.06.pdf\" target=\"_blank\"><img decoding=\"async\" src=\"images\/genou_xl.jpg\" alt=\"\" \/><\/a>\n            \n\n<div class=\"box-white-padding\">\n              \n\n<div class=\"box-white-text\">\n                \n\n<h3>\n                 <a href=\"images\/formations\/presentations\/Case_report_23.06.pdf\" target=\"_blank\">\n               Case report: Cause rare de douleurs post\u00e9ro-externes s\/p PTG de type ROCC \n                <\/a>\n              <\/h3>\n\n\n              \n\n<p>\n                23.06.2020 | Colloque de formation\n              <\/p>\n\n\n              <a href=\"index.php?Itemid=2197&lang=fr-FR\" class=\"formation_thumb\"><img decoding=\"async\" src=\"images\/olden\/olden_profil.jpg\" \/><span>Dr Olden<\/span><\/a>\n              <\/div>\n\n\n              <a href=\"images\/formations\/presentations\/Case_report_23.06.pdf\" target=\"_blank\" class=\"btn-round btn-round-blue btn-block\"><i class=\"fa fa-download\"><\/i> T\u00e9l\u00e9charger la pr\u00e9sentation<\/a>\n            <\/div>\n\n \n        <\/div>\n\n\n        \n         \n\n<div class=\"box-white\">\n          <a href=\"images\/formations\/presentations\/Arthrofibrose_genou_post_plastie_LCA.pdf\" target=\"_blank\"><img decoding=\"async\" src=\"images\/genou_xl.jpg\" alt=\"\" \/><\/a>\n            \n\n<div class=\"box-white-padding\">\n              \n\n<div class=\"box-white-text\">\n                \n\n<h3>\n                 <a href=\"images\/formations\/presentations\/Arthrofibrose_genou_post_plastie_LCA.pdf\" target=\"_blank\">\n             Arthrofibrose post op\u00e9ratoire du genou notions de base\n                <\/a>\n              <\/h3>\n\n\n              \n\n<p>\n                16.06.2020 | Colloque de formation\n              <\/p>\n\n\n              <a href=\"index.php?Itemid=2198&lang=fr-FR\" class=\"formation_thumb\"><img decoding=\"async\" src=\"images\/al-mayahi\/al-mayahi.jpg\" \/><span>Dr Mohamed Al-Mayahi<\/span><\/a>\n              <\/div>\n\n\n              <a href=\"images\/formations\/presentations\/Arthrofibrose_genou_post_plastie_LCA.pdf\" target=\"_blank\" class=\"btn-round btn-round-blue btn-block\"><i class=\"fa fa-download\"><\/i> T\u00e9l\u00e9charger la pr\u00e9sentation<\/a>\n            <\/div>\n\n\n        <\/div>\n\n\n        \n        \n\n<div class=\"box-white\">\n          <a href=\"images\/formations\/presentations\/02.06.2020_Journal_Club_fractures_humerus_AB.pdf\" target=\"_blank\"><img decoding=\"async\" src=\"images\/epaule_xl.jpg\" alt=\"\" \/><\/a>\n            \n\n<div class=\"box-white-padding\">\n              \n\n<div class=\"box-white-text\">\n                \n\n<h3>\n                 <a href=\"images\/formations\/presentations\/02.06.2020_Journal_Club_fractures_humerus_AB.pdf\" target=\"_blank\">\n               Journal club: Fractures hume\u0301rus AB\n                <\/a>\n              <\/h3>\n\n\n              \n\n<p>\n                02.06.2020 | Colloque de formation\n              <\/p>\n\n\n              <a href=\"index.php?Itemid=2196&lang=fr-FR\" class=\"formation_thumb\"><img decoding=\"async\" src=\"images\/barbato\/barbato_profil.jpg\" \/> <span>Dr Barbato<\/span><\/a>\n              <\/div>\n\n\n              <a href=\"images\/formations\/presentations\/02.06.2020_Journal_Club_fractures_humerus_AB.pdf\" target=\"_blank\" class=\"btn-round btn-round-blue btn-block\"><i class=\"fa fa-download\"><\/i> T\u00e9l\u00e9charger la pr\u00e9sentation<\/a>\n            <\/div>\n\n\n              \n        <\/div>\n\n\n        \n               \n\n<div class=\"box-white\">\n                 <a href=\"images\/formations\/presentations\/02.06.2020_Cas_clinique_Masse_omoplate_AB.pdf\" target=\"_blank\"><img decoding=\"async\" src=\"images\/epaule_xl.jpg\" alt=\"\" \/><\/a>\n            \n\n<div class=\"box-white-padding\">\n              \n\n<div class=\"box-white-text\">\n                \n\n<h3>\n                <a href=\"images\/formations\/presentations\/02.06.2020_Cas_clinique_Masse_omoplate_AB.pdf\" target=\"_blank\">\n               Cas clinique: Masse omoplate AB\n                <\/a>\n              <\/h3>\n\n\n              \n\n<p>\n                02.06.2020 | Colloque de formation\n              <\/p>\n\n\n              <a href=\"index.php?Itemid=2196&lang=fr-FR\" class=\"formation_thumb\"><img decoding=\"async\" src=\"images\/barbato\/barbato_profil.jpg\" \/> <span>Dr Barbato<\/span><\/a>\n              <\/div>\n\n\n              <a href=\"images\/formations\/presentations\/02.06.2020_Cas_clinique_Masse_omoplate_AB.pdf\" target=\"_blank\" class=\"btn-round btn-round-blue btn-block\"><i class=\"fa fa-download\"><\/i> T\u00e9l\u00e9charger la pr\u00e9sentation<\/a>\n            <\/div>\n\n\n        <\/div>\n\n\n        \n        \n\n<div class=\"box-white\">\n                 <a href=\"images\/formations\/presentations\/26.05.2020_Cas_clinique_Lesion_chronique_non_operee_des_ischio-jambiers_MM.pdf\" target=\"_blank\"><img decoding=\"async\" src=\"images\/genou_xl.jpg\" alt=\"\" \/><\/a>\n            \n\n<div class=\"box-white-padding\">\n              \n\n<div class=\"box-white-text\">\n                \n\n<h3>\n                <a href=\"images\/formations\/presentations\/26.05.2020_Cas_clinique_Lesion_chronique_non_operee_des_ischio-jambiers_MM.pdf\" target=\"_blank\">\n               Cas choisi: L\u00e9sion chronique non op\u00e9r\u00e9e des ischio-jambiers\n                <\/a>\n              <\/h3>\n\n\n              \n\n<p>\n                26.05.2020 | Colloque de formation\n              <\/p>\n\n\n              <a href=\"index.php?Itemid=1873&lang=fr-FR\" class=\"formation_thumb\"><img decoding=\"async\" src=\"https:\/\/template2.orthopediste-lausanne.ch\/wp-content\/uploads\/2018\/09\/manero_profil.jpg\" \/> <span>Dr Manero<\/span><\/a>\n              <\/div>\n\n\n              <a href=\"images\/formations\/presentations\/26.05.2020_Cas_clinique_Lesion_chronique_non_operee_des_ischio-jambiers_MM.pdf\" target=\"_blank\" class=\"btn-round btn-round-blue btn-block\"><i class=\"fa fa-download\"><\/i> T\u00e9l\u00e9charger la pr\u00e9sentation<\/a>\n            <\/div>\n\n\n        <\/div>\n\n\n        \n       \n\n<div class=\"box-white\">\n         <a href=\"images\/formations\/presentations\/20.02.2020_Syndrome_Femoro_Patelaire_MM.pdf\" target=\"_blank\"><img decoding=\"async\" src=\"images\/genou_xl.jpg\" alt=\"\" \/><\/a>\n            \n\n<div class=\"box-white-padding\">\n              \n\n<div class=\"box-white-text\">\n              \n\n<h3>\n                <a href=\"images\/formations\/presentations\/20.02.2020_Syndrome_Femoro_Patelaire_MM.pdf\" target=\"_blank\">\n               Syndrome F\u00e9moro-patellaire\n                <\/a>\n              <\/h3>\n\n\n              \n\n<p>\n                20.02.2020 | Colloque de formation\n              <\/p>\n\n\n              <a href=\"index.php?Itemid=1873&lang=fr-FR\" class=\"formation_thumb\"><img decoding=\"async\" src=\"https:\/\/template2.orthopediste-lausanne.ch\/wp-content\/uploads\/2018\/09\/manero_profil.jpg\" \/> <span>Dr Manero<\/span><\/a>\n              <\/div>\n\n\n              <a href=\"images\/formations\/presentations\/20.02.2020_Syndrome_Femoro_Patelaire_MM.pdf\" target=\"_blank\" class=\"btn-round btn-round-blue btn-block\"><i class=\"fa fa-download\"><\/i> T\u00e9l\u00e9charger la pr\u00e9sentation<\/a>\n            <\/div>\n\n\n        <\/div>\n\n\n        \n        \n\n<div class=\"box-white\">\n          <a href=\"images\/formations\/presentations\/13.02.2020_Journal_Club_Biomechanics_TO.pdf\" target=\"_blank\"><img decoding=\"async\" src=\"images\/genou_xl.jpg\" alt=\"\" \/><\/a>\n           \n\n<div class=\"box-white-padding\">\n             \n\n<div class=\"box-white-text\">\n               \n\n<h3>\n                <a href=\"images\/formations\/presentations\/13.02.2020_Journal_Club_Biomechanics_TO.pdf\" target=\"_blank\">\n                Biomechanics\n                <\/a>\n              <\/h3>\n\n\n              \n\n<p>\n                13.02.2020 | Colloque de formation\n              <\/p>\n\n\n              <a href=\"index.php?Itemid=2197&lang=fr-FR\" class=\"formation_thumb\"><img decoding=\"async\" src=\"images\/olden\/olden_profil.jpg\" \/><span>Dr Olden<\/span><\/a>\n             <\/div>\n\n\n              <a href=\"images\/formations\/presentations\/13.02.2020_Journal_Club_Biomechanics_TO.pdf\" class=\"btn-round btn-round-blue btn-block\"><i class=\"fa fa-download\"><\/i> T\u00e9l\u00e9charger la pr\u00e9sentation<\/a>\n            <\/div>\n\n\n        <\/div>\n\n\n        \n                \n\n<div class=\"box-white\">\n                  <a href=\"images\/formations\/presentations\/13.02.2020_Journal club_AC.pdf\" target=\"_blank\"><img decoding=\"async\" src=\"images\/pied_xl.jpg\" alt=\"\" \/><\/a>\n            \n\n<div class=\"box-white-padding\">\n              \n\n<div class=\"box-white-text\">\n                \n\n<h3>\n                <a href=\"images\/formations\/presentations\/13.02.2020_Journal club_AC.pdf\" target=\"_blank\">\n                Journal club: AC\n                <\/a>\n              <\/h3>\n\n\n              \n\n<p>\n                13.02.2020 | Colloque de formation\n              <\/p>\n\n\n              <a href=\"index.php?Itemid=1662&lang=fr-FR\" class=\"formation_thumb\"><img decoding=\"async\" src=\"https:\/\/template2.orthopediste-lausanne.ch\/wp-content\/uploads\/2018\/09\/cisse_profil.jpg\" \/><span>Dr Ciss\u00e9<\/span><\/a>\n              <\/div>\n\n\n              <a href=\"images\/formations\/presentations\/13.02.2020_Journal club_AC.pdf\" class=\"btn-round btn-round-blue btn-block\"><i class=\"fa fa-download\"><\/i> T\u00e9l\u00e9charger la pr\u00e9sentation<\/a>\n            <\/div>\n\n\n        <\/div>\n\n\n        \n          \n\n<div class=\"box-white\">\n            <a href=\"images\/formations\/presentations\/23.01.2020_Cas_clinique_suture coiffe_ AB.pdf\" target=\"_blank\"><img decoding=\"async\" src=\"images\/epaule_xl.jpg\" alt=\"\" \/><\/a>\n            \n\n<div class=\"box-white-padding\">\n              \n\n<div class=\"box-white-text\">\n                \n\n<h3>\n                <a href=\"images\/formations\/presentations\/23.01.2020_Cas_clinique_suture coiffe_ AB.pdf\" target=\"_blank\">\n                Cas clinique: Suture coiffe AB\n                <\/a>\n              <\/h3>\n\n\n              \n\n<p>\n                23.01.2020 | Colloque de formation\n              <\/p>\n\n\n              <a href=\"index.php?Itemid=2196&lang=fr-FR\" class=\"formation_thumb\"><img decoding=\"async\" src=\"images\/barbato\/barbato_profil.jpg\" \/> <span>Dr Barbato<\/span><\/a>\n              <\/div>\n\n\n              <a href=\"images\/formations\/presentations\/23.01.2020_Cas_clinique_suture coiffe_ AB.pdf\" target=\"_blank\" class=\"btn-round btn-round-blue btn-block\"><i class=\"fa fa-download\"><\/i> T\u00e9l\u00e9charger la pr\u00e9sentation<\/a>\n            <\/div>\n\n\n        <\/div>\n\n\n        \n                \n\n<div class=\"box-white\">\n                  <a href=\"images\/formations\/presentations\/23.01.2020_Cas_clinique_OSTEOMA OSTEOIDE_ MM.pdf\" target=\"_blank\"><img decoding=\"async\" src=\"images\/genou_xl.jpg\" alt=\"\" \/><\/a>\n            \n\n<div class=\"box-white-padding\">\n              \n\n<div class=\"box-white-text\">\n               \n\n<h3>\n                <a href=\"images\/formations\/presentations\/23.01.2020_Cas_clinique_OSTEOMA OSTEOIDE_ MM.pdf\" target=\"_blank\">\n                Cas choisi: Osteoma osteo\u00efde\n                <\/a>\n              <\/h3>\n\n\n              \n\n<p>\n                23.01.2020 | Colloque de formation\n              <\/p>\n\n\n              <a href=\"index.php?Itemid=1873&lang=fr-FR\" class=\"formation_thumb\"><img decoding=\"async\" src=\"https:\/\/template2.orthopediste-lausanne.ch\/wp-content\/uploads\/2018\/09\/manero_profil.jpg\" \/> <span>Dr Manero<\/span><\/a>\n              <\/div>\n\n\n              <a href=\"images\/formations\/presentations\/23.01.2020_Cas_clinique_OSTEOMA OSTEOIDE_ MM.pdf\" target=\"_blank\" class=\"btn-round btn-round-blue btn-block\"><i class=\"fa fa-download\"><\/i> T\u00e9l\u00e9charger la pr\u00e9sentation<\/a>\n            <\/div>\n\n\n        <\/div>\n\n\n        \n      <\/div>\n\n\n      \n  <\/div>\n\n\n  <\/div>\n\n\n<\/section>\n\n--><\/p>","protected":false},"excerpt":{"rendered":"<p>Responsables de formation Au sein de Medicol, les Dr Jacques Vallotton et Dr Patrick Vienne donne la priorit\u00e9 \u00e0 la transmission de leurs connaissances pour assurer la rel\u00e8ve m\u00e9dicale dans le cadre de la formation postgradu\u00e9e en chirurgie orthop\u00e9dique et traumatologie de l\u2019appareil locomoteur. Les m\u00e9decins en formation peuvent ainsi b\u00e9n\u00e9ficier d&#8217;une expertise acquise par [&hellip;]<\/p>\n","protected":false},"author":1,"featured_media":0,"parent":0,"menu_order":74,"comment_status":"closed","ping_status":"closed","template":"","meta":{"_acf_changed":false,"inline_featured_image":false,"footnotes":""},"categories":[268],"tags":[],"class_list":["post-12826","page","type-page","status-publish","hentry","category-joomla"],"acf":[],"_links":{"self":[{"href":"https:\/\/template2.orthopediste-lausanne.ch\/en\/wp-json\/wp\/v2\/pages\/12826","targetHints":{"allow":["GET"]}}],"collection":[{"href":"https:\/\/template2.orthopediste-lausanne.ch\/en\/wp-json\/wp\/v2\/pages"}],"about":[{"href":"https:\/\/template2.orthopediste-lausanne.ch\/en\/wp-json\/wp\/v2\/types\/page"}],"author":[{"embeddable":true,"href":"https:\/\/template2.orthopediste-lausanne.ch\/en\/wp-json\/wp\/v2\/users\/1"}],"replies":[{"embeddable":true,"href":"https:\/\/template2.orthopediste-lausanne.ch\/en\/wp-json\/wp\/v2\/comments?post=12826"}],"version-history":[{"count":0,"href":"https:\/\/template2.orthopediste-lausanne.ch\/en\/wp-json\/wp\/v2\/pages\/12826\/revisions"}],"wp:attachment":[{"href":"https:\/\/template2.orthopediste-lausanne.ch\/en\/wp-json\/wp\/v2\/media?parent=12826"}],"wp:term":[{"taxonomy":"category","embeddable":true,"href":"https:\/\/template2.orthopediste-lausanne.ch\/en\/wp-json\/wp\/v2\/categories?post=12826"},{"taxonomy":"post_tag","embeddable":true,"href":"https:\/\/template2.orthopediste-lausanne.ch\/en\/wp-json\/wp\/v2\/tags?post=12826"}],"curies":[{"name":"wp","href":"https:\/\/api.w.org\/{rel}","templated":true}]}}