{"id":12929,"date":"2023-03-31T12:44:18","date_gmt":"2023-03-31T12:44:18","guid":{"rendered":"https:\/\/template2.orthopediste-lausanne.ch\/functionnal-hallux-limitus-a-new-paradygm\/"},"modified":"2025-12-03T07:40:33","modified_gmt":"2025-12-03T07:40:33","slug":"functional-hallux-limitus-a-new-paradygm","status":"publish","type":"page","link":"https:\/\/template2.orthopediste-lausanne.ch\/en\/functional-hallux-limitus-a-new-paradygm\/","title":{"rendered":"Functional Hallux Limitus: a new paradygm"},"content":{"rendered":"<section>\n<div class=\"congres-full\" style=\"background-image: url(\/med\/images\/evenements\/congres_2023\/bg_congres_page.jpg)\">\n<div class=\"bouton-congres-full\">\n           <img fetchpriority=\"high\" decoding=\"async\" class=\"size-full wp-image-12928\" src=\"https:\/\/template2.orthopediste-lausanne.ch\/wp-content\/uploads\/2023\/03\/logo_congres_2023_eng.png\" width=\"1001\" height=\"223\" srcset=\"https:\/\/template2.orthopediste-lausanne.ch\/wp-content\/uploads\/2023\/03\/logo_congres_2023_eng.png 1001w, https:\/\/template2.orthopediste-lausanne.ch\/wp-content\/uploads\/2023\/03\/logo_congres_2023_eng-300x67.png 300w, https:\/\/template2.orthopediste-lausanne.ch\/wp-content\/uploads\/2023\/03\/logo_congres_2023_eng-768x171.png 768w\" sizes=\"(max-width: 1001px) 100vw, 1001px\" \/><br \/>\n     <!-- <a class=\"btn btn-round btn-round-full-blue m-t-50 link-bottom js-scrollTo\" href=\"index.php?Itemid=2532&lang=en-GB\" role=\"button\" style=\"padding:18px 60px;\">Registration<\/a>--><\/p>\n<p>      <a href=\"#tarif\" class=\"btn btn-round btn-round-full-blue btn-full m-t-30 link-bottom js-scrollTo disabled\" role=\"button\">Full<\/a>\n    <\/div>\n<\/p><\/div>\n<p>  <!--\n\n\n<div class=\"evenement-intro\">\n  \n\n\n<div class=\"evenement-bg\">\n <a href=\"index.php?Itemid=2158&lang=fr-FR\"><i class=\"fa fa-play-circle\"><\/i><span>LIVE<\/span><\/a>\n <a href=\"https:\/\/www.medicol.ch\/med\/index.php\/fr\/toutes-les-videos\/itemlist\/filter?searchword5=Congr%C3%A8s+Medicol&amp;searchword10=Chirurgie+de+l%27%C3%A9paule%3A+de+l%27arthroscopie+%C3%A0+la+proth%C3%A8se&amp;moduleId=369&amp;Itemid=1731\" alt=\"Voir la rediffusion de l&#039;\u00e9v\u00e8nement\" target=\"_blank\" rel=\"noopener\"><i class=\"fa fa-play-circle\"><\/i>\n\n<div>Voir les vid\u00e9os<\/div>\n\n\n    \n    <\/a>\n  <img decoding=\"async\" class=\" size-full wp-image-12912\" src=\"https:\/\/template2.orthopediste-lausanne.ch\/wp-content\/uploads\/2023\/03\/congres_2023_home.jpg\" width=\"1155\" height=\"1034\" srcset=\"https:\/\/template2.orthopediste-lausanne.ch\/wp-content\/uploads\/2023\/03\/congres_2023_home.jpg 1155w, https:\/\/template2.orthopediste-lausanne.ch\/wp-content\/uploads\/2023\/03\/congres_2023_home-300x269.jpg 300w, https:\/\/template2.orthopediste-lausanne.ch\/wp-content\/uploads\/2023\/03\/congres_2023_home-1024x917.jpg 1024w, https:\/\/template2.orthopediste-lausanne.ch\/wp-content\/uploads\/2023\/03\/congres_2023_home-768x688.jpg 768w, https:\/\/template2.orthopediste-lausanne.ch\/wp-content\/uploads\/2023\/03\/congres_2023_home-793x710.jpg 793w\" sizes=\"(max-width: 1155px) 100vw, 1155px\" \/><\/div>\n\n\n\n\n\n<div class=\"evenement-box\">\n\n\n<div class=\"evenement-intro-text\">\n\n\n<h4>Congr&egrave;s Medicol<\/h4>\n\n\n\n\n\n<h1>Hallux Limitus Fonctionnel: un nouveau paradigme<\/h1>\n\n\n<span><i class=\"pe-lg pe-7s-date\"><\/i>Vendredi 31 mars 2023 de 7h50 \u00e0 18h00<\/span> <span><i class=\"pe-lg pe-7s-map-marker\"><\/i> Mus\u00e9e Olympique, Lausanne<\/span>\n<a href=\"#tarif\" class=\"btn btn-round btn-round-full-blue btn-full m-t-30 link-bottom js-scrollTo disabled\" role=\"button\">Complet<\/a>\n  <a href=\"#tarif\" class=\"btn btn-round btn-round-full-blue btn-full m-t-30 link-bottom js-scrollTo disabled\" role=\"button\">Inscription prochainement<\/a>\n <a class=\"btn btn-round btn-round-full-blue m-t-30 link-bottom js-scrollTo\" href=\"index.php?Itemid=2481&lang=fr-FR\" role=\"button\">Inscription<\/a>\n  \n  <a class=\"center link-bottom js-scrollTo p-t-20\" href=\"#plus\">En savoir plus<\/a><\/div>\n\n\n<\/div>\n\n\n \n  \n<\/div>\n\n\n--><br \/>\n<\/section>\n<section>\n<div class=\"container\">\n<div style=\"display:flex;padding:20px;justify-content:center;align-items:center;\">\n    <img decoding=\"async\" src=\"images\/evenements\/congres_2023\/flag_france.png\" style=\"max-width:50px;max-height:50px;margin:10px;\" \/><br \/>\n    <img decoding=\"async\" src=\"images\/evenements\/congres_2023\/flag_uk.png\" style=\"max-width:50px;max-height:50px;margin:10px;\" \/><\/p>\n<h6 class=\"center\" style=\"font-size:24px;margin:10px;font-weight:700;text-transform:uppercase;\">\n Simultaneous translation French \/ English<br \/>\n  <\/h6>\n<\/p><\/div>\n<\/p><\/div>\n<\/section>\n<p><!--\n\n\n<section class=\"grey logo-top\">\n  \n\n<div class=\"container\">\n    \n    \n\n<div class=\"row p-tb-50\">\n  \n\n<div class=\"col-xs-6 col-lg-6\">\n    <a href=\"https:\/\/www.hirslanden.ch\/fr\/clinique-bois-cerf\/home.html\" target=\"_blank\" rel=\"noopener\"><img decoding=\"async\" alt=\"Hirslanden\" src=\"images\/logo\/logo_hirslanden_BC.png\" \/><\/a>\n  <\/div>\n\n\n    \n\n<div class=\"col-xs-6 col-lg-6\">\n   <a href=\"https:\/\/www.arthrex.com\/\" target=\"_blank\" rel=\"noopener\"><img decoding=\"async\" alt=\"Arthrex\" src=\"images\/logo\/logo_arthrex.png\" \/><\/a>\n  <\/div>\n\n\n  <\/div>\n\n\n    \n  <\/div>\n\n\n\n<\/section>\n\n\n--><\/p>\n<p><!--\n\n<section>\n\n\n<div class=\"container\">\n\n\n<div class=\"p-tb-80 center\">\n\n\n<div class=\"animation-trigger\">\n\n\n<h2 style=\"margin-bottom:0; padding-bottom: 20px;\">\nVous avez un acc&egrave;s live streaming?<\/h2>\n\n\n\n\n\n<p>Cliquez sur le lien ci-dessous puis connectez-vous pour avoir acc&egrave;s &agrave; la page streaming du congr&egrave;s 2019.<\/p>\n\n\n<a class=\"btn-round btn-round-blue m-t-20\" href=\"index.php?Itemid=2158&lang=fr-FR\">Regardez en direct<\/a><\/div>\n\n\n<\/div>\n\n\n<\/div>\n\n\n<\/section>\n\n--><\/p>\n<section class=\"grey evenement-intro\" id=\"plus\">\n<div class=\"container\">\n<div class=\"row p-b-150 p-t-50\">\n<div>\n<div class=\"col-xs-12 col-sm-8 col-md-7 col-lg-7\">\n<div>\n<h4>Introduction<\/h4>\n<h2 class=\"barre-l\">Medicol Congress 2023<\/h2>\n<p>  We invite you to the Olympic Museum in Lausanne for a Congress with an innovative theme: Hallux Limitus Functionel (HLF). Thanks to the support of the French Association of Foot Surgery (AFCP) and its president Dr. Barbara Piclet, we have this year the pleasure and honor to welcome a large panel of European specialists who will share their experience on this little or poorly known subject. <\/p>\n<p>HLF is an often undiagnosed clinical entity despite its involvement in a range of painful physical problems that are not limited to the foot. Balance and performance are affected as well as early wear and tear of certain joints or the occurrence of knee or ankle sprains.<\/p>\n<p>The treatment of HLF involves several specialists from complementary fields in a therapeutic and preventive approach. While conservative treatment is always proposed as a first-line treatment, surgical treatment gives good results thanks to highly functional arthroscopic surgery. Confirmed specialists will present the different approaches and propose solutions appropriate to each person&#039;s practice.  <\/p>\n<p>From anthropology to treatment in the practice, we invite you to take an original journey around this pathology through interactive exchanges. An international round table will close the event with the presentation of numerous selected cases.\n<\/p>\n<\/div>\n<\/div>\n<div class=\"col-xs-12 col-sm-4 col-md-4 col-md-offset-1  col-lg-4 col-lg-offset-1\">\n<div class=\"\">\n<div class=\"white box\">\n<h2 class=\"barre-l\">Training points<\/h2>\n<p>Swiss orthopedics: <span class=\"bold\">4 points<\/span><br \/>\nPhysioswiss: <span class=\"bold\">7 points<\/span><br \/>\nSGPMR\/SSMPR: <span class=\"bold\">6 points<\/span><br \/>\nSGR\/SSR (Rheumatology): <span class=\"bold\">6 points<\/span><br \/>\nSGAIM\/SSMIG: <span class=\"bold\">4 points<\/span><br \/>\nSEMS: <span class=\"bold\">3 points<\/span>\n<\/p>\n<\/div>\n<\/div>\n<\/div>\n<\/div>\n<\/div>\n<\/div>\n<\/section>\n<section class=\"programme grey\" id=\"prog\">\n<div class=\"container\">\n<div class=\"animation-trigger\">\n<h2 class=\"center barre animation animated fade-out fade-in\">Program<\/h2>\n<\/div>\n<div class=\"row\">\n<div class=\"col-xs-12 col-sm-11 col-sm-offset-1 col-md-9 col-md-offset-3 col-lg-8 col-lg-offset-3 animation-trigger\">\n<div class=\"box box-border animation animated fade-out fade-in\">\n<div class=\"box-conf-light\" style=\"padding: 0 0 20px 0;\"><span class=\"box-time\">07:50 \u2013 08:20<\/span><\/p>\n<h3>Welcome and coffee<\/h3>\n<\/div>\n<div class=\"box-conf-light\"><span class=\"box-time\">08:20 \u2013 08:30<\/span><\/p>\n<h3>Introduction<\/h3>\n<\/div>\n<\/div>\n<\/div>\n<\/div>\n<div class=\"row animation-trigger\">\n<div class=\"hidden-xs col-sm-1 col-md-2 col-md-offset-1 col-lg-2 col-lg-offset-1 animation animated delay-05s fade-out fade-in\">\n<div class=\"timeline\"><span>SESSION 1 <\/span><\/div>\n<\/div>\n<div class=\"col-xs-12 col-sm-11 col-md-9 col-lg-8 animation animated fade-out fade-in\">\n<div class=\"box white\">\n<div class=\"box-titre\">\n<h4>Session 1<\/h4>\n<h5>FUNCTIONAL HALLUX LIMITUS<\/h5>\n<p><span class=\"box-speaker\">Moderator: MD Barbara Piclet, Marseilles<\/span><\/div>\n<div class=\"box-conf\"><span class=\"box-time\">08:30 \u2013 08:40<\/span><\/p>\n<h3>Anthropology<\/h3>\n<p><span class=\"box-speaker\">MD Jacques Vallotton, Lausanne<\/span><\/div>\n<div class=\"box-conf\"><span class=\"box-time\">08:40 \u2013 08:50<\/span><\/p>\n<h3>Anatomy<\/h3>\n<p>  <span class=\"box-speaker\">Prof. Beat Riederer, Lausanne<\/span><\/div>\n<div class=\"box-conf\"><span class=\"box-time\">08:50 \u2013 09:00<\/span><\/p>\n<h3>Biomechanics and implications in gait<\/h3>\n<p><span class=\"box-speaker\">MD Jacques Vallotton, Lausanne<\/span><\/div>\n<div class=\"box-conf\"><span class=\"box-time\">09:00 \u2013 09:10<\/span><\/p>\n<h3>Clinical diagnosis<\/h3>\n<p><span class=\"box-speaker\">MD Delphine Amsellem, Marseilles<\/span><\/div>\n<div class=\"box-conf\"><span class=\"box-time\">09:10 \u2013 09:20<\/span><\/p>\n<h3>Medical imaging<\/h3>\n<p><span class=\"box-speaker\">Dr. Olivier Leluc and Dr. Lo\u00efc Colleter, Marseilles<\/span><\/div>\n<div class=\"box-conf\"><span class=\"box-time\">09:20 \u2013 09:30<\/span><\/p>\n<h3>Gait analysis and podiatric examination<\/h3>\n<p><span class=\"box-speaker\">MD Theresa Olden, Fribourg<\/span><\/div>\n<\/div>\n<\/div>\n<\/div>\n<div class=\"row animation-trigger\">\n<div class=\"hidden-xs col-sm-1 col-md-2 col-md-offset-1 col-lg-2 col-lg-offset-1 animation delay-05s animated fade-out fade-in\">\n<div class=\"timeline\"><span>SESSION 2 <\/span><\/div>\n<\/div>\n<div class=\"col-xs-12 col-sm-11 col-md-9 col-lg-8 animation animated fade-out fade-in p-t-20\">\n<div class=\"box white\">\n<div class=\"box-titre\">\n<h4>session 2<\/h4>\n<h5>Conservative treatment<\/h5>\n<p><span class=\"box-speaker\">Moderator: MD Jacques Vallotton, Lausanne<\/span><\/div>\n<div class=\"box-conf\"><span class=\"box-time\">09:35 \u2013 09:45<\/span><\/p>\n<h3>Physiotherapy<\/h3>\n<p><span class=\"box-speaker\">David Suleau, Lausanne<\/span><\/div>\n<div class=\"box-conf\"><span class=\"box-time\">09:45 \u2013 09:55<\/span><\/p>\n<h3>Podologic evaluation and care<\/h3>\n<p><span class=\"box-speaker\">Vinciane Dobbelaere, Lausanne<\/span><\/div>\n<div class=\"box-conf\"><span class=\"box-time\">09:55 \u2013 10:05<\/span><\/p>\n<h3>Osteopathy for children and adults<\/h3>\n<p><span class=\"box-speaker\">Gabrielle Piclet, Marseilles<\/span><\/div>\n<div class=\"box-conf\"><span class=\"box-time\">10:05 \u2013 10:15<\/span><\/p>\n<h3>Insoles: new concept<\/h3>\n<p><span class=\"box-speaker\">MD Jacques Vallotton, Lausanne<\/span><\/div>\n<div class=\"box-conf\"><span class=\"box-time\">10:15 \u2013 10:30<\/span><\/p>\n<h3>Discussion<\/h3>\n<\/div>\n<\/div>\n<\/div>\n<\/div>\n<div class=\"row animation-trigger\">\n<div class=\"col-xs-12 col-sm-11 col-sm-offset-1 col-md-9 col-md-offset-3 col-lg-8 col-lg-offset-3 animation animated fade-out fade-in\">\n<div class=\"box box-border\">\n<div class=\"box-conf-light\"><span class=\"box-time\">10:30 \u2013 11:00<\/span><\/p>\n<h3>Break<\/h3>\n<\/div>\n<\/div>\n<\/div>\n<\/div>\n<div class=\"row animation-trigger\">\n<div class=\"hidden-xs col-sm-1 col-md-2 col-md-offset-1 col-lg-2 col-lg-offset-1 animation animated delay-05s fade-out fade-in\">\n<div class=\"timeline\"><span>SESSION 3 <\/span><\/div>\n<\/div>\n<div class=\"col-xs-12 col-sm-11 col-md-9 col-lg-8 animation animated fade-out fade-in\">\n<div class=\"box white\">\n<div class=\"box-titre\">\n<h4>sessions 3<\/h4>\n<h5>Surgical treatment<\/h5>\n<p><span class=\"box-speaker\">Moderator: Prof. Thomas Bauer, Paris<\/span><\/div>\n<div class=\"box-conf\"><span class=\"box-time\">11:10 \u2013 11:25<\/span><\/p>\n<h3>Various surgical situations in video<\/h3>\n<p><span class=\"box-speaker\">MD Jacques Vallotton, Lausanne<\/span><\/div>\n<div class=\"box-conf\"><span class=\"box-time\">11:25 \u2013 11:40<\/span><\/p>\n<h3>Indications<\/h3>\n<p><span class=\"box-speaker\">MD Barbara Piclet, Marseille and MD Gythe Bulstra, Amsterdam<br \/>\n<\/span><\/div>\n<div class=\"box-conf\"><span class=\"box-time\">11:40 \u2013 11:55<\/span><\/p>\n<h3>Tips and tricks and other procedures<\/h3>\n<p><span class=\"box-speaker\">MD Gythe Bulstra, Amsterdam<\/span><\/div>\n<div class=\"box-conf\"><span class=\"box-time\">11:55 \u2013 12:15<\/span><\/p>\n<h3>Our experience in Marseilles and Nantes<\/h3>\n<p><span class=\"box-speaker\">MD Marianne H\u00e9lix-Giordanino, Marseilles, MD Solenne Frey, Marseilles and MD Ronny Lopes, Nantes<\/span><\/div>\n<div class=\"box-conf\"><span class=\"box-time\">12:15 \u2013 12:45<\/span><\/p>\n<h3>Discussion<\/h3>\n<\/div>\n<\/div>\n<\/div>\n<\/div>\n<div class=\"row animation-trigger\">\n<div class=\"col-xs-12 col-sm-11 col-sm-offset-1 col-md-9 col-md-offset-3 col-lg-8 col-lg-offset-3 animation animated fade-out fade-in\">\n<div class=\"box box-border\">\n<div class=\"box-conf-light\"><span class=\"box-time\">12:45 \u2013 14:15<\/span><\/p>\n<h3>Lunch<\/h3>\n<\/div>\n<\/div>\n<\/div>\n<\/div>\n<div class=\"row animation-trigger\">\n<div class=\"hidden-xs col-sm-1 col-md-2 col-md-offset-1 col-lg-2 col-lg-offset-1 animation animated delay-05s fade-out fade-in\">\n<div class=\"timeline\"><span>SESSION 4 <\/span><\/div>\n<\/div>\n<div class=\"col-xs-12 col-sm-11 col-md-9 col-lg-8 animation animated fade-out fade-in\">\n<div class=\"box white\">\n<div class=\"box-titre\">\n<h4>session 4<\/h4>\n<h5>FHL implications in other pathologies<\/h5>\n<p><span class=\"box-speaker\">Moderators: MD Solenne Frey and MD Matthieu Ollivier, Marseilles<\/span><\/div>\n<div class=\"box-conf\"><span class=\"box-time\">14:25 \u2013 14:35<\/span><\/p>\n<h3>Anterior knee pain<\/h3>\n<p><span class=\"box-speaker\">MD Matthieu Olivier, Marseilles<\/span><\/div>\n<div class=\"box-conf\"><span class=\"box-time\">14:35 \u2013 14:45<\/span><\/p>\n<h3>Gastrocnemius shortness<\/h3>\n<p><span class=\"box-speaker\">MD Pierre Barouk, Bordeaux<\/span><\/div>\n<div class=\"box-conf\"><span class=\"box-time\">14:45 \u2013 15:05<\/span><\/p>\n<h3>Inankle instability<\/h3>\n<p><span class=\"box-speaker\">MD Thomas Bauer, Paris and MD Ronny Lopes, Nantes<\/span><\/div>\n<div class=\"box-conf\"><span class=\"box-time\">15:05 \u2013 15:15<\/span><\/p>\n<h3>Overuse tendinopathies<\/h3>\n<p><span class=\"box-speaker\">MD Nils Reymond, Geneva<\/span><\/div>\n<div class=\"box-conf\"><span class=\"box-time\">15:15 \u2013 15:25<\/span><\/p>\n<h3>Hallux rigidus<\/h3>\n<p><span class=\"box-speaker\">MD Barbara Piclet, Marseilles<\/span><\/div>\n<div class=\"box-conf\"><span class=\"box-time\">15:25 \u2013 15:45<\/span><\/p>\n<h3>Discussion<\/h3>\n<\/div>\n<\/div>\n<\/div>\n<\/div>\n<div class=\"row animation-trigger\">\n<div class=\"col-xs-12 col-sm-11 col-sm-offset-1 col-md-9 col-md-offset-3 col-lg-8 col-lg-offset-3 animation animated fade-out fade-in\">\n<div class=\"box box-border\">\n<div class=\"box-conf-light\"><span class=\"box-time\">15:45 \u2013 16:05<\/span><\/p>\n<h3>Break<\/h3>\n<\/div>\n<\/div>\n<\/div>\n<\/div>\n<div class=\"row animation-trigger\">\n<div class=\"hidden-xs col-sm-1 col-md-2 col-md-offset-1 col-lg-2 col-lg-offset-1 animation animated delay-05s fade-out fade-in\">\n<div class=\"timeline\"><span>SESSION 5 <\/span><\/div>\n<\/div>\n<div class=\"col-xs-12 col-sm-11 col-md-9 col-lg-8 animation animated fade-out fade-in\">\n<div class=\"box white\">\n<div class=\"box-titre\">\n<h4>session 5<\/h4>\n<h5>Round table: guidelines for managed care<\/h5>\n<p><span class=\"box-speaker\">Moderators: MD Barbara Piclet, MD Jacques Vallotton and Vinciane Dobbelaere<\/span><\/div>\n<div class=\"box-conf\"><span class=\"box-time\">16:15 \u2013 17:30<\/span><\/p>\n<h3>Clinical case: \u201cExperience base medicine\u201d, complications<\/h3>\n<\/div>\n<div class=\"box-conf\"><span class=\"box-time\">17:30 \u2013 18:00<\/span><\/p>\n<h3>FHL study group: upcoming and ongoing projects<\/h3>\n<p><span class=\"box-speaker\">MD Barbara Piclet and MD Jacques Vallotton<\/span><\/div>\n<\/div>\n<\/div>\n<\/div>\n<div class=\"row p-b-150 animation-trigger\">\n<div class=\"col-xs-12 col-sm-11 col-sm-offset-1 col-md-9 col-md-offset-3 col-lg-8 col-lg-offset-3 animation animated fade-out fade-in\">\n<div class=\"box box-border\">\n<div class=\"box-conf-light\"><span class=\"box-time\">18:00<\/span><\/p>\n<h3>Closing message<\/h3>\n<\/div>\n<\/div>\n<\/div>\n<\/div>\n<\/div>\n<\/section>\n<p><!--\n\n\n<section class=\"intervenants\">\n  \n\n<div class=\"container\">\n\n\n<div class=\"p-tb-150\">\n  \n\n<div class=\"animation-trigger\">\n\n\n<h2 class=\"center barre animation animated fade-out fade-in\">\n  Intervenants\n  <\/h2>\n\n\n    \n\n<div class=\"animation animated delay-05s fade-out fade-in\">\n    {loadmodule mod_minitekwall,congr\u00e8s 2023}\n      <\/div>\n\n\n    <\/div>\n\n\n      <\/div>\n\n\n  <\/div>\n\n\n<\/section>\n\n\n--><br \/>\n<!--\n\n\n<section class=\"intervenants\">\n  \n\n<div class=\"container\">\n\n\n<div class=\"p-b-150\">\n  \n\n<div class=\"animation-trigger\">\n\n\n<h2 class=\"center barre animation animated fade-out fade-in\">\n Comit\u00e9 et organisation\n  <\/h2>\n\n\n    \n\n<div class=\"animation animated delay-05s fade-out fade-in\">\n    {loadmodule mod_minitekwall,congr\u00e8s 2019 orga}\n      <\/div>\n\n\n    <\/div>\n\n\n      <\/div>\n\n\n  <\/div>\n\n\n<\/section>\n\n\n--><\/p>\n<section class=\"relative\">\n<div class=\"text-lieu\">Olympic Museum<\/div>\n<div class=\"container\">\n<div class=\"row p-t-100 p-b-80\">\n<div class=\"animation-trigger\">\n<div class=\"col-xs-12 col-sm-5 col-md-5 col-lg-5 animation animated fade-out fade-in\">\n<h2 class=\"barre-l\">Rental<\/h2>\n<p>\n  Located on the shores of Lake Geneva, facing the French Alps, the Olympic Museum enjoys an exceptional location in the port and tourist district of Ouchy. We will welcome you in the conference room with all the necessary equipment and comfort. The Port d&#039;Ouchy car park and the M2 metro stop are about 400 meters away.<\/p>\n<p><a href=\"https:\/\/olympics.com\/musee\" target=\"_blank\" rel=\"noopener\">Learn more<\/a><\/p>\n<\/div>\n<div class=\"col-xs-12 col-lg-6 col-lg-offset-1 ontop animation animated fade-out fade-in\"><\/div>\n<\/div>\n<\/div>\n<\/div>\n<div class=\"container-fluid\">\n<div class=\"col-xs-12 col-sm-12 col-md-6 col-md-offset-6 col-lg-5 col-lg-offset-7 animation-trigger\">\n<div class=\"relative animation animated delay-05s fade-out fade-in\" style=\"z-index:999;\">\n<div class=\"img-lieu\"><img decoding=\"async\" src=\"images\/evenements\/Parc_03.jpg\" \/><\/div>\n<\/div>\n<\/div>\n<div class=\"row animation-trigger\">\n<div class=\"map animation animated fade-out fade-in\"><iframe allowfullscreen=\"\" frameborder=\"0\" height=\"600\" src=\"https:\/\/www.google.com\/maps\/embed?pb=!1m18!1m12!1m3!1d2745.96857706386!2d6.631899216251388!3d46.508732379127125!2m3!1f0!2f0!3f0!3m2!1i1024!2i768!4f13.1!3m3!1m2!1s0x478c2fc8976b645d%3A0x2851087c97373a28!2sLe+Mus%C3%A9e+Olympique!5e0!3m2!1sfr!2sch!4v1537870062104\" style=\"border:0\" width=\"100%\"><\/iframe><\/div>\n<\/div>\n<\/div>\n<\/section>\n<section><!--\n\n<div class=\"container\">\n\n\n<div class=\"row p-t-150\">\n\n\n<div class=\"col-xs-12 col-sm-12 col-md-8 col-md-offset-2 col-lg-8 col-lg-offset-2\">\n\n\n<h2 class=\"center barre\">Acc&egrave;s<\/h2>\n\n\n\n\n\n<p><strong>En voiture:<\/strong><br \/>\nPour vous garer, nous vous conseillons le <a href=\"https:\/\/goo.gl\/maps\/SQNLTYC2BU12\" target=\"_blank\" rel=\"noopener\">Parking de Bellerive<\/a> &agrave; 10 minutes &agrave; pied ou <a href=\"https:\/\/template2.orthopediste-lausanne.ch\/wp-content\/uploads\/2019\/02\/plan_grand.gif\" target=\"_blank\">les parkings le long de l&rsquo;Avenue Pierre-de-Coubertin<\/a>.<\/p>\n\n\n\n\n\n<p><strong>En transports publics:<\/strong><br \/>\nBus TL no 1 depuis la gare CFF de Lausanne, direction Maladi&egrave;re, arr&ecirc;t Bateli&egrave;re.<br \/>\nBus TL no 2 depuis St-Fran&ccedil;ois, direction Maladi&egrave;re, arr&ecirc;t Th&eacute;&acirc;tre de Vidy.<br \/>\n<a href=\"https:\/\/www.t-l.ch\" target=\"_blank\" rel=\"noopener\">Horaires et tarifs ici<\/a><\/p>\n\n\n<\/div>\n\n\n<\/div>\n\n\n<\/div>\n\n--><\/section>\n<section class=\"sponsors grey\">\n<div class=\"container\">\n<div class=\"p-tb-80\">\n<div class=\"animation-trigger\">\n<h2 class=\"center barre animation animated fade-out fade-in\">Sponsors<\/h2>\n<\/div>\n<div class=\"animation-trigger sponsors-bloc\">\n<div class=\"row\">\n<div class=\"col-xs-12 animation animated fade-out fade-in\">\n<h4>Partners<\/h4>\n<\/div>\n<\/div>\n<div class=\"row\">\n<div class=\"col-xs-12 col-sm-6 col-md-3 col-lg-3 animation animated fade-out fade-in\"><a href=\"https:\/\/www.hirslanden.ch\/fr\/clinique-bois-cerf\/home.html\" target=\"_blank\" rel=\"noopener\"><img decoding=\"async\" alt=\"Hirslanden\" src=\"images\/logo\/logo_hirslanden_BC.png\" \/><\/a><\/div>\n<div class=\"col-xs-12 col-sm-6 col-md-3 col-lg-3 animation animated fade-out fade-in\"><a href=\"https:\/\/www.centre-ortho.ch\" target=\"_blank\" rel=\"noopener\"><img decoding=\"async\" alt=\"Ouchy Orthopedic Center\" src=\"images\/logo\/logo_coo.png\" \/><\/a><\/div>\n<div class=\"col-xs-12 col-sm-6 col-md-3 col-lg-3 animation animated fade-out fade-in\"><a href=\"https:\/\/esska-specialitydays.org\/\" target=\"_blank\" rel=\"noopener\"><img decoding=\"async\" alt=\"ESSKA\" src=\"images\/logo\/logo_esska.png\" \/><\/a><\/div>\n<\/div>\n<\/div>\n<div class=\"animation-trigger sponsors-bloc\">\n<div class=\"row\">\n<div class=\"col-xs-12 animation animated fade-out fade-in\">\n<h4>Gold Sponsors<\/h4>\n<\/div>\n<\/div>\n<div class=\"row\">\n<div class=\"col-xs-12 col-sm-6 col-md-3 col-lg-3 animation animated delay-05s fade-out fade-in\"><a href=\"https:\/\/www.medacta.com\/\" target=\"_blank\" rel=\"noopener\"><img decoding=\"async\" alt=\"Medacta\" src=\"images\/logo\/logo_medacta.png\" \/><\/a><\/div>\n<div class=\"col-xs-12 col-sm-6 col-md-3 col-lg-3 animation animated delay-05s fade-out fade-in\"><a href=\"https:\/\/www.viatris.com\" target=\"_blank\" rel=\"noopener\"><img decoding=\"async\" alt=\"Viatris\" src=\"images\/logo\/logo_viatris.png\" \/><\/a><\/div>\n<\/div>\n<\/div>\n<div class=\"animation-trigger sponsors-bloc\">\n<div class=\"row\">\n<div class=\"col-xs-12 animation animated fade-out fade-in\">\n<h4>Silver Sponsors<\/h4>\n<\/div>\n<\/div>\n<div class=\"row\">\n<div class=\"col-xs-12 col-sm-6 col-md-3 col-lg-3 animation animated delay-1s fade-out fade-in\"><a href=\"https:\/\/drossapharm.ch\/\" target=\"_blank\" rel=\"noopener\"><img decoding=\"async\" alt=\"Drossapharm\" src=\"images\/logo\/logo_drossapharm.png\" \/><\/a><\/div>\n<div class=\"col-xs-12 col-sm-6 col-md-3 col-lg-3 animation animated delay-1s fade-out fade-in\"><a href=\"https:\/\/www.novastep-ortho.com\/\" target=\"_blank\" rel=\"noopener\"><img decoding=\"async\" alt=\"Novastep\" src=\"images\/logo\/logo_novastep.png\" \/><\/a><\/div>\n<div class=\"col-xs-12 col-sm-6 col-md-3 col-lg-3 animation animated delay-1s fade-out fade-in\"><a href=\"https:\/\/www.rehatec.ch\/fr\/\" target=\"_blank\" rel=\"noopener\"><img decoding=\"async\" alt=\"Rehatec\" src=\"images\/logo\/logo_rehatec.png\" \/><\/a><\/div>\n<div class=\"col-xs-12 col-sm-6 col-md-3 col-lg-3 animation animated delay-1s fade-out fade-in\"><a href=\"https:\/\/www.smith-nephew.com\/\" target=\"_blank\" rel=\"noopener\"><img decoding=\"async\" alt=\"Smith and nephew\" src=\"images\/logo\/logo_smith_and_nephew.png\" \/><\/a><\/div>\n<\/div>\n<div class=\"row\">\n<div class=\"col-xs-12 col-sm-6 col-md-3 col-lg-3 animation animated delay-1s fade-out fade-in\"><a href=\"https:\/\/www.swiss-alp-health.ch\" target=\"_blank\" rel=\"noopener\"><img decoding=\"async\" alt=\"Rehatec\" src=\"images\/logo\/logo_swiss_alp_health.png\" \/><\/a><\/div>\n<div class=\"col-xs-12 col-sm-6 col-md-3 col-lg-3 animation animated delay-1s fade-out fade-in\"><a href=\"https:\/\/www.trbchemedica.ch\/fr\/\" target=\"_blank\" rel=\"noopener\"><img decoding=\"async\" alt=\"TRB\" src=\"images\/logo\/logo_trb_full.png\" \/><\/a><\/div>\n<\/p><\/div>\n<\/div>\n<\/div>\n<\/div>\n<\/section>\n<section class=\"tarif\" id=\"tarif\">\n<div class=\"container\">\n<div class=\"row p-tb-150\">\n<div class=\"col-xs-12 col-sm-12 col-md-8 col-md-offset-2 col-lg-8 col-lg-offset-2\">\n<h2 class=\"center barre\">Registration and fees<\/h2>\n<div class=\"inscription center\">\n<div class=\"alert alert-danger\" role=\"alert\">\n<p class=\"center\">\n        Registration is closed, all places have been allocated.\n      <\/p>\n<\/p><\/div>\n<p>  <!--  \n\n<div class=\"alert alert-danger\" role=\"alert\">\n            \n\n<p class=\"center\">\n        \u00c9v\u00e9nement termin\u00e9\n      <\/p>\n\n\n        <\/div>\n\n--><br \/>\n<!--\n\n<div class=\"alert alert-info\" role=\"alert\">\n\n\n<p class=\"center\">Inscription prochainement<\/p>\n\n\n<\/div>\n\n--><\/p>\n<p><!-- <a href=\"index.php?Itemid=2532&lang=en-GB\" class=\"btn-round btn-round-blue btn-full-width\">Registration<\/a>--><\/p><\/div>\n<\/div>\n<\/div>\n<\/div>\n<\/section>","protected":false},"excerpt":{"rendered":"<p>Full Simultaneous translation French \/ English Introduction Medicol Congress 2023 We invite you to the Olympic Museum in Lausanne for a Congress with an innovative theme: Hallux Limitus Fonctionnel (HLF). Thanks to the support of the French Association of Foot Surgery (AFCP) and its president Dr. Barbara Piclet, we have this year the pleasure and [&hellip;]<\/p>\n","protected":false},"author":1,"featured_media":0,"parent":0,"menu_order":3,"comment_status":"closed","ping_status":"closed","template":"","meta":{"_acf_changed":false,"inline_featured_image":false,"footnotes":""},"categories":[268],"tags":[],"class_list":["post-12929","page","type-page","status-publish","hentry","category-joomla"],"acf":[],"_links":{"self":[{"href":"https:\/\/template2.orthopediste-lausanne.ch\/en\/wp-json\/wp\/v2\/pages\/12929","targetHints":{"allow":["GET"]}}],"collection":[{"href":"https:\/\/template2.orthopediste-lausanne.ch\/en\/wp-json\/wp\/v2\/pages"}],"about":[{"href":"https:\/\/template2.orthopediste-lausanne.ch\/en\/wp-json\/wp\/v2\/types\/page"}],"author":[{"embeddable":true,"href":"https:\/\/template2.orthopediste-lausanne.ch\/en\/wp-json\/wp\/v2\/users\/1"}],"replies":[{"embeddable":true,"href":"https:\/\/template2.orthopediste-lausanne.ch\/en\/wp-json\/wp\/v2\/comments?post=12929"}],"version-history":[{"count":0,"href":"https:\/\/template2.orthopediste-lausanne.ch\/en\/wp-json\/wp\/v2\/pages\/12929\/revisions"}],"wp:attachment":[{"href":"https:\/\/template2.orthopediste-lausanne.ch\/en\/wp-json\/wp\/v2\/media?parent=12929"}],"wp:term":[{"taxonomy":"category","embeddable":true,"href":"https:\/\/template2.orthopediste-lausanne.ch\/en\/wp-json\/wp\/v2\/categories?post=12929"},{"taxonomy":"post_tag","embeddable":true,"href":"https:\/\/template2.orthopediste-lausanne.ch\/en\/wp-json\/wp\/v2\/tags?post=12929"}],"curies":[{"name":"wp","href":"https:\/\/api.w.org\/{rel}","templated":true}]}}