{"id":15198,"date":"2025-12-09T09:27:29","date_gmt":"2025-12-09T09:27:29","guid":{"rendered":"https:\/\/template2.orthopediste-lausanne.ch\/?page_id=15198"},"modified":"2026-03-18T08:03:50","modified_gmt":"2026-03-18T08:03:50","slug":"knee-osteoarthritis","status":"publish","type":"page","link":"https:\/\/template2.orthopediste-lausanne.ch\/en\/knee-osteoarthritis\/","title":{"rendered":"Knee osteoarthritis"},"content":{"rendered":"\t\t<div data-elementor-type=\"wp-page\" data-elementor-id=\"15198\" class=\"elementor elementor-15198\" data-elementor-post-type=\"page\">\n\t\t\t\t        <section class=\"elementor-section elementor-top-section elementor-element elementor-element-ca4402f elementor-section-stretched elementor-section-boxed elementor-section-height-default elementor-section-height-default pxl-row-scroll-none pxl-zoom-point-false pxl-section-overflow-visible pxl-section-fix-none pxl-bg-color-none pxl-section-overlay-none\" data-id=\"ca4402f\" data-element_type=\"section\" data-e-type=\"section\" data-settings=\"{&quot;stretch_section&quot;:&quot;section-stretched&quot;}\">\n\n                \n                <div class=\"elementor-container elementor-column-gap-extended \">\n                <div class=\"elementor-column elementor-col-100 elementor-top-column elementor-element elementor-element-9c216e3 pxl-column-none\" data-id=\"9c216e3\" data-element_type=\"column\" data-e-type=\"column\" data-settings=\"{&quot;background_background&quot;:&quot;classic&quot;}\">\r\n        <div class=\"elementor-widget-wrap elementor-element-populated\">\r\n                                <div class=\"elementor-background-overlay\"><\/div>\r\n         \r\n                <section class=\"elementor-section elementor-inner-section elementor-element elementor-element-5add063 elementor-section-content-bottom elementor-section-boxed elementor-section-height-default elementor-section-height-default pxl-row-scroll-none pxl-zoom-point-false pxl-section-overflow-visible pxl-section-fix-none pxl-bg-color-none pxl-section-overlay-none\" data-id=\"5add063\" data-element_type=\"section\" data-e-type=\"section\">\n\n                \n                <div class=\"elementor-container elementor-column-gap-extended \">\n                <div class=\"elementor-column elementor-col-50 elementor-inner-column elementor-element elementor-element-5a770f3 pxl-column-none pxl-column-overflow-hidden-no\" data-id=\"5a770f3\" data-element_type=\"column\" data-e-type=\"column\">\r\n        <div class=\"elementor-widget-wrap elementor-element-populated\">\r\n                     \r\n        \t\t<div class=\"elementor-element elementor-element-a604f93 elementor-widget__width-auto elementor-widget elementor-widget-pxl_breadcrumb\" data-id=\"a604f93\" data-element_type=\"widget\" data-e-type=\"widget\" data-widget_type=\"pxl_breadcrumb.default\">\n\t\t\t\t<div class=\"elementor-widget-container\">\n\t\t\t\t\t<div class=\"pxl-breadcrumb-wrap\">\n\t<ul class=\"pxl-breadcrumb\"><li><span class=\"breadcrumb-entry\">Accueil<\/span><\/li><\/ul><\/div>\t\t\t\t<\/div>\n\t\t\t\t<\/div>\n\t\t            <\/div>\r\n        <\/div>\r\n                <div class=\"elementor-column elementor-col-50 elementor-inner-column elementor-element elementor-element-e1c28b9 elementor-hidden-desktop elementor-hidden-tablet elementor-hidden-mobile pxl-column-none pxl-column-overflow-hidden-no\" data-id=\"e1c28b9\" data-element_type=\"column\" data-e-type=\"column\">\r\n        <div class=\"elementor-widget-wrap\">\r\n                     \r\n                    <\/div>\r\n        <\/div>\r\n        \t\t\t<\/div>\n\t\t<\/section>\n\t\t            <\/div>\r\n        <\/div>\r\n        \t\t\t<\/div>\n\t\t<\/section>\n\t\t        <section class=\"elementor-section elementor-top-section elementor-element elementor-element-44bbf40f elementor-section-stretched section_1 elementor-section-boxed elementor-section-height-default elementor-section-height-default pxl-row-scroll-none pxl-zoom-point-false pxl-section-overflow-visible pxl-section-fix-none pxl-bg-color-none pxl-section-overlay-none\" data-id=\"44bbf40f\" data-element_type=\"section\" data-e-type=\"section\" data-settings=\"{&quot;stretch_section&quot;:&quot;section-stretched&quot;,&quot;background_background&quot;:&quot;classic&quot;}\">\n\n                \n                <div class=\"elementor-container elementor-column-gap-extended \">\n                <div class=\"elementor-column elementor-col-100 elementor-top-column elementor-element elementor-element-1a996da6 pxl-column-none\" data-id=\"1a996da6\" data-element_type=\"column\" data-e-type=\"column\" data-settings=\"{&quot;background_background&quot;:&quot;gradient&quot;}\">\r\n        <div class=\"elementor-widget-wrap elementor-element-populated\">\r\n                                <div class=\"elementor-background-overlay\"><\/div>\r\n         \r\n                <section class=\"elementor-section elementor-inner-section elementor-element elementor-element-54c12bb7 elementor-section-content-bottom section_2 elementor-section-boxed elementor-section-height-default elementor-section-height-default pxl-row-scroll-none pxl-zoom-point-false pxl-section-overflow-visible pxl-section-fix-none pxl-bg-color-none pxl-section-overlay-none\" data-id=\"54c12bb7\" data-element_type=\"section\" data-e-type=\"section\">\n\n                \n                <div class=\"elementor-container elementor-column-gap-extended \">\n                <div class=\"elementor-column elementor-col-50 elementor-inner-column elementor-element elementor-element-5b8af589 pxl-column-none pxl-column-overflow-hidden-no\" data-id=\"5b8af589\" data-element_type=\"column\" data-e-type=\"column\">\r\n        <div class=\"elementor-widget-wrap elementor-element-populated\">\r\n                     \r\n        \t\t<div class=\"elementor-element elementor-element-7d860783 elementor-widget__width-auto elementor-widget elementor-widget-pxl_heading\" data-id=\"7d860783\" data-element_type=\"widget\" data-e-type=\"widget\" data-widget_type=\"pxl_heading.default\">\n\t\t\t\t<div class=\"elementor-widget-container\">\n\t\t\t\t\t\n<div id=\"pxl-pxl_heading-7d860783-8737\" class=\"pxl-heading px-sub-title-default-style \">\n\t<div class=\"pxl-heading--inner\">\n\t\t\n\t\t<h1 class=\"pxl-item--title style-default  highlight-default \" data-wow-delay=\"ms\">\n\t\t\t\t\tArthrose du genou\t\n\t\t\t\n\t\t<\/h1>\n\t\t\n\t<\/div>\n<\/div>\t\t\t\t<\/div>\n\t\t\t\t<\/div>\n\t\t            <\/div>\r\n        <\/div>\r\n                <div class=\"elementor-column elementor-col-50 elementor-inner-column elementor-element elementor-element-1bef4669 pxl-column-none pxl-column-overflow-hidden-no\" data-id=\"1bef4669\" data-element_type=\"column\" data-e-type=\"column\">\r\n        <div class=\"elementor-widget-wrap elementor-element-populated\">\r\n                     \r\n        \t\t<div class=\"elementor-element elementor-element-57f90815 Zone_anatomique elementor-hidden-desktop elementor-hidden-tablet elementor-hidden-mobile elementor-widget elementor-widget-pxl_text_editor\" data-id=\"57f90815\" data-element_type=\"widget\" data-e-type=\"widget\" data-widget_type=\"pxl_text_editor.default\">\n\t\t\t\t<div class=\"elementor-widget-container\">\n\t\t\t\t\t<div class=\"pxl-text-editor default\">\n\t<div class=\"pxl-item--inner  ft-gt\" data-wow-delay=\"ms\">\n\t\t<p>Genou<\/p>\t\t\n\t<\/div>\n<\/div>\t\t\t\t<\/div>\n\t\t\t\t<\/div>\n\t\t            <\/div>\r\n        <\/div>\r\n        \t\t\t<\/div>\n\t\t<\/section>\n\t\t            <\/div>\r\n        <\/div>\r\n        \t\t\t<\/div>\n\t\t<\/section>\n\t\t        <section class=\"elementor-section elementor-top-section elementor-element elementor-element-27f05542 elementor-section-stretched pxl-row-scroll-fixed section_4 elementor-section-boxed elementor-section-height-default elementor-section-height-default pxl-zoom-point-false pxl-section-overflow-visible pxl-section-fix-none pxl-bg-color-none pxl-section-overlay-none\" data-id=\"27f05542\" data-element_type=\"section\" data-e-type=\"section\" data-settings=\"{&quot;stretch_section&quot;:&quot;section-stretched&quot;,&quot;background_background&quot;:&quot;classic&quot;}\">\n\n                \n                <div class=\"elementor-container elementor-column-gap-extended \">\n                <div class=\"elementor-column elementor-col-50 elementor-top-column elementor-element elementor-element-5a22c2a2 pxl-column-none pxl-column-overflow-hidden-no\" data-id=\"5a22c2a2\" data-element_type=\"column\" data-e-type=\"column\">\r\n        <div class=\"elementor-widget-wrap elementor-element-populated\">\r\n                     \r\n                <section class=\"elementor-section elementor-inner-section elementor-element elementor-element-7f1a5e4 elementor-section-boxed elementor-section-height-default elementor-section-height-default pxl-row-scroll-none pxl-zoom-point-false pxl-section-overflow-visible pxl-section-fix-none pxl-bg-color-none pxl-section-overlay-none\" data-id=\"7f1a5e4\" data-element_type=\"section\" data-e-type=\"section\" data-settings=\"{&quot;background_background&quot;:&quot;classic&quot;}\">\n\n                \n                <div class=\"elementor-container elementor-column-gap-extended \">\n                <div class=\"elementor-column elementor-col-100 elementor-inner-column elementor-element elementor-element-8afbdf3 pxl-column-none pxl-column-overflow-hidden-no\" data-id=\"8afbdf3\" data-element_type=\"column\" data-e-type=\"column\">\r\n        <div class=\"elementor-widget-wrap elementor-element-populated\">\r\n                     \r\n        \t\t<div class=\"elementor-element elementor-element-d1246ff ft-gt elementor-widget elementor-widget-pxl_heading\" data-id=\"d1246ff\" data-element_type=\"widget\" data-e-type=\"widget\" data-widget_type=\"pxl_heading.default\">\n\t\t\t\t<div class=\"elementor-widget-container\">\n\t\t\t\t\t\n<div id=\"pxl-pxl_heading-d1246ff-1558\" class=\"pxl-heading px-sub-title-default-style \">\n\t<div class=\"pxl-heading--inner\">\n\t\t\n\t\t<h3 class=\"pxl-item--title style-default  highlight-default pxl-split-text split-in-fade\" data-wow-delay=\"ms\">\n\t\t\t\t\tIntroduction\t\n\t\t\t\n\t\t<\/h3>\n\t\t\n\t<\/div>\n<\/div>\t\t\t\t<\/div>\n\t\t\t\t<\/div>\n\t\t\t\t<div class=\"elementor-element elementor-element-ec5abfb elementor-widget elementor-widget-pxl_text_editor\" data-id=\"ec5abfb\" data-element_type=\"widget\" data-e-type=\"widget\" data-widget_type=\"pxl_text_editor.default\">\n\t\t\t\t<div class=\"elementor-widget-container\">\n\t\t\t\t\t<div class=\"pxl-text-editor default\">\n\t<div class=\"pxl-item--inner  ft-gt\" data-wow-delay=\"ms\">\n\t\tLe genou englobe deux articulations distinctes: une articulation condylienne \u00abportante\u00bb constitu\u00e9e par le f\u00e9mur et le tibia divis\u00e9e en deux compartiments interne et externe et une articulation trochl\u00e9enne constitu\u00e9e par la rotule et le f\u00e9mur, la rotule \u00e9tant ce qu\u2019on appelle un os s\u00e9samo\u00efde soit un os inclus dans un tendon (ici le tendon du quadriceps). Cette articulation sert de guide \u00e0 l\u2019appareil extenseur du genou et potentialise la force du muscle quadriceps situ\u00e9 \u00e0 la face ant\u00e9rieure de la cuisse.\t\t\n\t<\/div>\n<\/div>\t\t\t\t<\/div>\n\t\t\t\t<\/div>\n\t\t            <\/div>\r\n        <\/div>\r\n        \t\t\t<\/div>\n\t\t<\/section>\n\t\t\t\t<div class=\"elementor-element elementor-element-770ac41f Video_principale elementor-widget elementor-widget-video\" data-id=\"770ac41f\" data-element_type=\"widget\" data-e-type=\"widget\" data-settings=\"{&quot;youtube_url&quot;:&quot;https:\\\/\\\/www.youtube.com\\\/watch?v=cNfuxRc4TWQ&quot;,&quot;lazy_load&quot;:&quot;yes&quot;,&quot;video_type&quot;:&quot;youtube&quot;,&quot;controls&quot;:&quot;yes&quot;}\" data-widget_type=\"video.default\">\n\t\t\t\t\t\t\t<div class=\"elementor-wrapper elementor-open-inline\">\n\t\t\t<div class=\"elementor-video\"><\/div>\t\t<\/div>\n\t\t\t\t\t\t<\/div>\n\t\t<div class=\"elementor-element elementor-element-4f7d480b e-con-full section_4_bro e-flex e-con e-child \" data-id=\"4f7d480b\" data-element_type=\"container\" data-e-type=\"container\" data-settings=\"{&quot;background_background&quot;:&quot;classic&quot;}\"><div class=\"elementor-element elementor-element-6191a110 e-con-full e-flex e-con e-child \" data-id=\"6191a110\" data-element_type=\"container\" data-e-type=\"container\">\t\t<div class=\"elementor-element elementor-element-72b5e50 Section_1_Sous_1_Titre elementor-widget elementor-widget-heading\" data-id=\"72b5e50\" data-element_type=\"widget\" data-e-type=\"widget\" data-settings=\"{&quot;_animation&quot;:&quot;none&quot;}\" data-widget_type=\"heading.default\">\n\t\t\t\t\t<h4 class=\"elementor-heading-title elementor-size-default\">Brochure d'information m\u00e9dicale\n<\/h4>\t\t\t\t<\/div>\n\t\t\t\t<div class=\"elementor-element elementor-element-60bafed Section_1_Contenu elementor-widget elementor-widget-text-editor\" data-id=\"60bafed\" data-element_type=\"widget\" data-e-type=\"widget\" data-widget_type=\"text-editor.default\">\n\t\t\t\t\t\t\t\t\t<p>D\u00e9couvrez notre brochure d&#8217;information \u00e0 destination des patients.<\/p>\t\t\t\t\t\t\t\t<\/div>\n\t\t\t\t<div class=\"elementor-element elementor-element-3130148a elementor-align-left ft-gt pxl-icon-list  elementor-widget__width-initial elementor-widget elementor-widget-pxl_button\" data-id=\"3130148a\" data-element_type=\"widget\" data-e-type=\"widget\" data-widget_type=\"pxl_button.default\">\n\t\t\t\t<div class=\"elementor-widget-container\">\n\t\t\t\t\t<div id=\"pxl-pxl_button-3130148a-4780\" class=\"pxl-button pxl-atc-link \" data-wow-delay=\"ms\">\r\n    <a href=\"https:\/\/www.medicol.ch\/med\/images\/maladies\/arthrose_du_genou\/L_arthrose_du_genou.pdf\" class=\"btn  btn-glossy btn-default  inline pxl-icon--right\" data-wow-delay=\"ms\" data-target=\".pxl-page-popup-template-0\" target=\"_blank\" rel=\"noopener\">\r\n                    <i aria-hidden=\"true\" class=\"flaticon flaticon-next\"><\/i>                        <span class=\"pxl--btn-text\" data-text=\"Voir la brochure\">\r\n                        Voir la brochure        <\/span>\r\n    <\/a>\r\n<\/div>\t\t\t\t<\/div>\n\t\t\t\t<\/div>\n\t\t\t\t<\/div>\r\n\t\t<div class=\"elementor-element elementor-element-748b3567 e-con-full e-flex e-con e-child \" data-id=\"748b3567\" data-element_type=\"container\" data-e-type=\"container\">\t\t<div class=\"elementor-element elementor-element-3606d0ed section_4_image_bro elementor-widget elementor-widget-image\" data-id=\"3606d0ed\" data-element_type=\"widget\" data-e-type=\"widget\" data-widget_type=\"image.default\">\n\t\t\t\t\t\t\t\t\t\t\t\t\t\t\t<img decoding=\"async\" src=\"https:\/\/www.medicol.ch\/med\/images\/maladies\/arthrose_du_genou\/L_arthrose_du_genou_brochure.jpg\" title=\"\" alt=\"\" loading=\"lazy\" \/>\t\t\t\t\t\t\t\t\t\t\t\t\t\t\t<\/div>\n\t\t\t\t<\/div>\r\n\t\t\t\t<\/div>\r\n\t\t\t\t<div class=\"elementor-element elementor-element-790269ee Section_3_Titre elementor-widget elementor-widget-heading\" data-id=\"790269ee\" data-element_type=\"widget\" data-e-type=\"widget\" data-settings=\"{&quot;_animation&quot;:&quot;none&quot;}\" data-widget_type=\"heading.default\">\n\t\t\t\t\t<h2 class=\"elementor-heading-title elementor-size-default\">Anatomie<\/h2>\t\t\t\t<\/div>\n\t\t\t\t<div class=\"elementor-element elementor-element-5219332a elementor-widget elementor-widget-image\" data-id=\"5219332a\" data-element_type=\"widget\" data-e-type=\"widget\" data-widget_type=\"image.default\">\n\t\t\t\t\t\t\t\t\t\t\t\t\t\t\t\t<a href=\"https:\/\/www.medicol.ch\/med\/images\/maladies\/arthrose_du_genou\/arthrose_du_genou_1.jpg\" data-elementor-open-lightbox=\"yes\" data-e-action-hash=\"#elementor-action%3Aaction%3Dlightbox%26settings%3DW10%3D\" target=\"_blank\" rel=\"noopener\">\n\t\t\t\t\t\t\t<img decoding=\"async\" src=\"https:\/\/www.medicol.ch\/med\/images\/maladies\/arthrose_du_genou\/arthrose_du_genou_1.jpg\" title=\"\" alt=\"\" loading=\"lazy\" \/>\t\t\t\t\t\t\t\t<\/a>\n\t\t\t\t\t\t\t\t\t\t\t\t\t\t\t<\/div>\n\t\t\t\t<div class=\"elementor-element elementor-element-488161c5 Section_2_Contenu elementor-widget elementor-widget-text-editor\" data-id=\"488161c5\" data-element_type=\"widget\" data-e-type=\"widget\" data-widget_type=\"text-editor.default\">\n\t\t\t\t\t\t\t\t\t<p>(1)F\u00e9mur, (2) Rotule (Patella) (3)Compartiment Femoro Tibial Externe. (4)Compartiment Femoro Tibial Interne (5)Tibia. (6)Peron\u00e9.<br \/><br \/>A l\u2019int\u00e9rieur de l\u2019articulation, les os sont recouverts de cartilage, tissu tr\u00e8s lisse et souple qui favorise le glissement des surfaces articulaires l\u2019une sur l\u2019autre et en m\u00eame temps amortit les impacts. L\u2019appareil ligamentaire du genou stabilise l\u2019articulation et contr\u00f4le le mouvement articulaire ; il est compos\u00e9 des ligaments crois\u00e9s au centre de l\u2019articulation et des ligaments lat\u00e9raux en p\u00e9riph\u00e9rie.<br \/><br \/>Les m\u00e9nisques sont constitu\u00e9s de fibro-cartilage. Fix\u00e9s \u00e0 la capsule mais n\u00e9anmoins mobiles, leur r\u00f4le est stabilisateur, amortisseur et \u00e9galement lubrificateur des surfaces cartilagineuses. Le m\u00e9nisque interne a un aspect en croissant alors que le m\u00e9nisque externe, plus \u00e9pais, a un aspect plut\u00f4t en disque.<\/p>\t\t\t\t\t\t\t\t<\/div>\n\t\t\t\t<div class=\"elementor-element elementor-element-ab0375b Section_3_Titre elementor-widget elementor-widget-heading\" data-id=\"ab0375b\" data-element_type=\"widget\" data-e-type=\"widget\" data-settings=\"{&quot;_animation&quot;:&quot;none&quot;}\" data-widget_type=\"heading.default\">\n\t\t\t\t\t<h2 class=\"elementor-heading-title elementor-size-default\">Signes &amp; sympt\u00f4mes<\/h2>\t\t\t\t<\/div>\n\t\t\t\t<div class=\"elementor-element elementor-element-6c33e787 Section_2_Contenu elementor-widget elementor-widget-text-editor\" data-id=\"6c33e787\" data-element_type=\"widget\" data-e-type=\"widget\" data-widget_type=\"text-editor.default\">\n\t\t\t\t\t\t\t\t\t<p>La douleur est le principal sympt\u00f4me de l\u2019arthrose. La disparition du cartilage entra\u00eene graduellement un contact os sur os qui est \u00e0 l\u2019origine des douleurs. Celles-ci peuvent \u00eatre localis\u00e9es \u00e0 un endroit pr\u00e9cis du genou ou au contraire toucher toute l\u2019articulation. La survenue des douleurs peut \u00eatre brutale ou progressive. Souvent matinales, parfois nocturnes, les douleurs sont g\u00e9n\u00e9ralement aggrav\u00e9es par la marche en particulier \u00e0 la descente et peuvent avoir un caract\u00e8re m\u00e9t\u00e9o-d\u00e9pendant.<br \/><br \/>D\u2019autres sympt\u00f4mes peuvent \u00eatre pr\u00e9sents sous forme:<\/p><ul><li>d\u2019un \u00e9panchement,<\/li><li>d\u2019une boiterie,<\/li><li>de blocages ou<\/li><li>de crochages.<\/li><\/ul><p>En raison des l\u00e9sions articulaires, une limitation de la mobilit\u00e9 du genou appara\u00eet progressivement.<br \/><br \/>En pr\u00e9sence d\u2019une douleur persistante du genou, un examen m\u00e9dical est n\u00e9cessaire pour en \u00e9claircir l\u2019origine et \u00e9tablir le pronostic. Dans certains cas la douleur du genou peut \u00eatre r\u00e9f\u00e9r\u00e9e \u00e0 un probl\u00e8me de hanche.<\/p>\t\t\t\t\t\t\t\t<\/div>\n\t\t\t\t<div class=\"elementor-element elementor-element-b703c15 Section_3_Titre elementor-widget elementor-widget-heading\" data-id=\"b703c15\" data-element_type=\"widget\" data-e-type=\"widget\" data-settings=\"{&quot;_animation&quot;:&quot;none&quot;}\" data-widget_type=\"heading.default\">\n\t\t\t\t\t<h2 class=\"elementor-heading-title elementor-size-default\">Qu'est-ce que c'est?<\/h2>\t\t\t\t<\/div>\n\t\t\t\t<div class=\"elementor-element elementor-element-3214ec1a Section_2_Contenu elementor-widget elementor-widget-text-editor\" data-id=\"3214ec1a\" data-element_type=\"widget\" data-e-type=\"widget\" data-widget_type=\"text-editor.default\">\n\t\t\t\t\t\t\t\t\t<p>L\u2019arthrose correspond \u00e0 une usure du cartilage qui petit \u00e0 petit met \u00e0 nu les surfaces osseuses. Le contact os sur os est responsable des sympt\u00f4mes.<br><br>Progressivement l\u2019architecture interne du genou va se modifier avec apparition de becs osseux, crevasses, kystes et irr\u00e9gularit\u00e9s de surface g\u00e9n\u00e9rant douleurs, crochages ou l\u00e2chages du genou et une limitation progressive du p\u00e9rim\u00e8tre de marche accompagn\u00e9e d\u2019une limitation graduelle de la mobilit\u00e9 articulaire.<br><br>L\u2019arthrose peut co-exister \u00e0 des l\u00e9sions ligamentaires ou m\u00e9niscales, int\u00e9resser une partie ou toute l\u2019articulation, \u00eatre en rapport avec une affection rhumatologique, d\u00e9couler d\u2019une morphologie des membres inf\u00e9rieurs en parenth\u00e8se ou en Y qui d\u00e9s\u00e9quilibre la r\u00e9partition du poids, \u00eatre de nature post-traumatique apr\u00e8s fracture ou \u00eatre li\u00e9es au surpoids.<\/p>\t\t\t\t\t\t\t\t<\/div>\n\t\t\t\t<div class=\"elementor-element elementor-element-39be13d7 Section_3_Titre elementor-widget elementor-widget-heading\" data-id=\"39be13d7\" data-element_type=\"widget\" data-e-type=\"widget\" data-settings=\"{&quot;_animation&quot;:&quot;none&quot;}\" data-widget_type=\"heading.default\">\n\t\t\t\t\t<h2 class=\"elementor-heading-title elementor-size-default\">Facteurs de risques<\/h2>\t\t\t\t<\/div>\n\t\t\t\t<div class=\"elementor-element elementor-element-39776e62 Section_2_Contenu elementor-widget elementor-widget-text-editor\" data-id=\"39776e62\" data-element_type=\"widget\" data-e-type=\"widget\" data-widget_type=\"text-editor.default\">\n\t\t\t\t\t\t\t\t\t<p>Certains facteurs tels que le surpoids, les s\u00e9quelles d\u2019accidents ou d\u2019op\u00e9rations ou des facteurs h\u00e9r\u00e9ditaires peuvent pr\u00e9disposer \u00e0 l\u2019arthrose. D\u2019autres causes sont bien d\u00e9finies telles que:<br \/><br \/><strong>La polyarthrite rhumato\u00efde<\/strong><br \/>Maladie auto-immune qui par une inflammation de l\u2019articulation entra\u00eene une destruction progressive du cartilage. G\u00e9n\u00e9ralement, plusieurs articulations sont concern\u00e9es et la maladie \u00e9volue par pouss\u00e9es successives.<br \/><br \/><strong>La n\u00e9crose osseuse<\/strong><br \/>Les troubles vasculaires art\u00e9riels localis\u00e9s peuvent entra\u00eener l\u2019effondrement d\u2019une partie du tissu osseux ou des d\u00e9formations kystiques \u00e0 l\u2019origine d\u2019une incongruence articulaire qui \u00e9volue vers l\u2019arthrose.<br \/><br \/><strong>La dysplasie f\u00e9morale trochl\u00e9enne ou l\u2019hypoplasie du condyle externe<\/strong><br \/><br \/>Certaines morphologies osseuses pr\u00e9disposent \u00e0 l\u2019arthrose de m\u00eame que certaines constitutions morphologiques comme par exemple des membres inf\u00e9rieurs en O ou en X.<br \/><br \/><strong>L\u2019arthrose d\u2019origine post-traumatique<\/strong><br \/>Apr\u00e8s fracture des plateaux tibiaux ou des condyles, apr\u00e8s l\u00e9sions ligamentaires en particulier des ligaments crois\u00e9s ou intervention sur les m\u00e9nisques.<\/p>\t\t\t\t\t\t\t\t<\/div>\n\t\t\t\t<div class=\"elementor-element elementor-element-33824937 Section_3_Titre elementor-widget elementor-widget-heading\" data-id=\"33824937\" data-element_type=\"widget\" data-e-type=\"widget\" data-settings=\"{&quot;_animation&quot;:&quot;none&quot;}\" data-widget_type=\"heading.default\">\n\t\t\t\t\t<h2 class=\"elementor-heading-title elementor-size-default\">Depistage &amp; Diagnostic<\/h2>\t\t\t\t<\/div>\n\t\t\t\t<div class=\"elementor-element elementor-element-2de8636b Section_2_Contenu elementor-widget elementor-widget-text-editor\" data-id=\"2de8636b\" data-element_type=\"widget\" data-e-type=\"widget\" data-widget_type=\"text-editor.default\">\n\t\t\t\t\t\t\t\t\t<p>En cas de douleurs persistantes associ\u00e9es \u00e0 une limitation graduelle du p\u00e9rim\u00e8tre de marche ou \u00e0 une restriction de la mobilit\u00e9 du genou, il convient de proc\u00e9der \u00e0 un examen clinique et \u00e0 un bilan radiologique standard du genou. Cet examen permet g\u00e9n\u00e9ralement de mettre en \u00e9vidence les l\u00e9sions arthrosiques visibles sous forme de becs osseux et \u00e9galement sous forme d\u2019un pincement de l\u2019espace articulaire synonyme d\u2019un amincissement ou de la disparition du cartilage. Dans les stades pr\u00e9coces d\u2019arthrose, l\u2019imagerie par r\u00e9sonance magn\u00e9tique permet de faire un bilan pr\u00e9cis des l\u00e9sions cartilagineuses et aussi de mettre en \u00e9vidence d\u2019\u00e9ventuelles l\u00e9sions sur les ligaments ou les m\u00e9nisques.<\/p>\t\t\t\t\t\t\t\t<\/div>\n\t\t\t\t<div class=\"elementor-element elementor-element-2b5ea176 elementor-widget elementor-widget-image\" data-id=\"2b5ea176\" data-element_type=\"widget\" data-e-type=\"widget\" data-widget_type=\"image.default\">\n\t\t\t\t\t\t\t\t\t\t\t\t\t\t\t\t<a href=\"https:\/\/template2.orthopediste-lausanne.ch\/wp-content\/uploads\/2025\/12\/placeholder-385.png\" data-elementor-open-lightbox=\"yes\" data-e-action-hash=\"#elementor-action%3Aaction%3Dlightbox%26settings%3DeyJpZCI6MTYxMjEsInVybCI6ZmFsc2V9\">\n\t\t\t\t\t\t\t<img decoding=\"async\" src=\"https:\/\/template2.orthopediste-lausanne.ch\/wp-content\/uploads\/2025\/12\/placeholder-385.png\" title=\"\" alt=\"\" loading=\"lazy\" \/>\t\t\t\t\t\t\t\t<\/a>\n\t\t\t\t\t\t\t\t\t\t\t\t\t\t\t<\/div>\n\t\t\t\t<div class=\"elementor-element elementor-element-14f0a77 Section_3_Titre elementor-widget elementor-widget-heading\" data-id=\"14f0a77\" data-element_type=\"widget\" data-e-type=\"widget\" data-settings=\"{&quot;_animation&quot;:&quot;none&quot;}\" data-widget_type=\"heading.default\">\n\t\t\t\t\t<h2 class=\"elementor-heading-title elementor-size-default\">Traitements<\/h2>\t\t\t\t<\/div>\n\t\t\t\t<div class=\"elementor-element elementor-element-324c1dee Section_3_Titre elementor-widget elementor-widget-heading\" data-id=\"324c1dee\" data-element_type=\"widget\" data-e-type=\"widget\" data-settings=\"{&quot;_animation&quot;:&quot;none&quot;}\" data-widget_type=\"heading.default\">\n\t\t\t\t\t<h3 class=\"elementor-heading-title elementor-size-default\">Auto traitement\n<\/h3>\t\t\t\t<\/div>\n\t\t\t\t<div class=\"elementor-element elementor-element-97261fd Section_2_Contenu elementor-widget elementor-widget-text-editor\" data-id=\"97261fd\" data-element_type=\"widget\" data-e-type=\"widget\" data-widget_type=\"text-editor.default\">\n\t\t\t\t\t\t\t\t\t<p>En cas d\u2019arthrose, les douleurs du genou r\u00e9agissent habituellement bien aux anti-inflammatoires et \u00e0 l\u2019utilisation de cannes anglaises pour soulager l\u2019appui. L\u2019application locale de glace peut s\u2019av\u00e9rer b\u00e9n\u00e9fique de m\u00eame que certains exercices d\u2019\u00e9tirements visant en particulier \u00e0 r\u00e9cup\u00e9rer l\u2019extension compl\u00e8te du genou. Il convient d\u2019adapter les activit\u00e9s de loisirs en \u00e9vitant des marches prolong\u00e9es surtout dans les d\u00e9clivit\u00e9s, d\u2019\u00e9viter les sports de contact ou en pivot et s\u2019en tenir \u00e0 des activit\u00e9s telles que le v\u00e9lo, l\u2019aquagym ou le nordic walking.<br><br>En cas de persistance des douleurs ou si celles-ci sont r\u00e9fractaires aux traitements instaur\u00e9s et au m\u00e9nagement de l\u2019articulation, il convient de consulter pour faire un bilan pr\u00e9cis des d\u00e9g\u00e2ts.<br><br><\/p>\t\t\t\t\t\t\t\t<\/div>\n\t\t\t\t<div class=\"elementor-element elementor-element-26bb5bed Section_3_Titre elementor-widget elementor-widget-heading\" data-id=\"26bb5bed\" data-element_type=\"widget\" data-e-type=\"widget\" data-settings=\"{&quot;_animation&quot;:&quot;none&quot;}\" data-widget_type=\"heading.default\">\n\t\t\t\t\t<h3 class=\"elementor-heading-title elementor-size-default\">Traitements m\u00e9dicaux\n<\/h3>\t\t\t\t<\/div>\n\t\t\t\t<div class=\"elementor-element elementor-element-5087a38f Section_2_Contenu elementor-widget elementor-widget-text-editor\" data-id=\"5087a38f\" data-element_type=\"widget\" data-e-type=\"widget\" data-widget_type=\"text-editor.default\">\n\t\t\t\t\t\t\t\t\t<p>Les anti-inflammatoires ont g\u00e9n\u00e9ralement un bon effet sur les douleurs surtout \u00e0 un stade pr\u00e9coce de l\u2019arthrose. Certaines substances comme l\u2019acide hyaluronique peuvent \u00e9galement \u00eatre utilis\u00e9es en injection intra-articulaire et apporter un soulagement transitoire qui peut durer plusieurs mois. Un traitement physioth\u00e9rapeutique ou ost\u00e9opathique bien conduit, un r\u00e9gime alimentaire en cas de surpoids ou l\u2019adaptation des activit\u00e9s de loisirs et sportives permettent souvent d\u2019am\u00e9liorer les sympt\u00f4mes et les performances \u00e0 la marche.<br \/><br \/>S\u2019agissant d\u2019une articulation portante, les mesures cit\u00e9es ci-dessus ne suffisent pas dans bien des cas \u00e0 soulager durablement les douleurs et des mesures chirurgicales doivent alors \u00eatre envisag\u00e9es sous forme d\u2019une ost\u00e9otomie de r\u00e9axation du membre inf\u00e9rieur ou d\u2019une arthroplastie du genou, partielle ou totale.<br \/><br \/><strong>Ost\u00e9otomie de valgisation du tibia<\/strong><br \/>Dans certains cas, les d\u00e9g\u00e2ts articulaires sont limit\u00e9s \u00e0 un des compartiments du genou. Le plus souvent il s\u2019agit d\u2019une arthrose du compartiment interne qui survient chez des patients pr\u00e9sentant une morphologie de genoux en parenth\u00e8ses ou dans un contexte d\u2019op\u00e9ration ant\u00e9rieure sous forme de r\u00e9section du m\u00e9nisque interne ou de l\u00e9sions du ligament crois\u00e9 ant\u00e9rieur. Cette forme d\u2019arthrose s\u2019observe surtout chez des patients actifs de 50 \u00e0 65 ans et le surpoids joue un r\u00f4le aggravant. L\u2019ost\u00e9otomie de valgisation a pour but de corriger l\u2019axe du membre inf\u00e9rieur afin d\u2019obtenir une meilleure r\u00e9partition de la charge sur l\u2019ensemble du genou. Cette ost\u00e9otomie correctrice du tibia peut \u00eatre r\u00e9alis\u00e9e par soustraction externe ou par addition interne. La correction est planifi\u00e9e d\u2019apr\u00e8s le bilan radiologique et est g\u00e9n\u00e9ralement comprise entre 5 et 15\u00b0.<br \/><br \/><strong>La proth\u00e8se totale du genou<\/strong><br \/>L\u2019arthroplastie totale du genou consiste \u00e0 remplacer les surfaces articulaires par des implants ayant une conformation anatomique aussi proche que possible avec le genou normal et articul\u00e9s entre eux par le biais d\u2019un espaceur en poly\u00e9thyl\u00e8ne. Ce resurfa\u00e7age articulaire est tr\u00e8s efficace sur les douleurs et permet g\u00e9n\u00e9ralement au patient de r\u00e9cup\u00e9rer une bonne fonction articulaire et de bonnes performances \u00e0 la marche.<br \/><br \/><strong>La proth\u00e8se partielle du genou<\/strong><br \/>La proth\u00e8se partielle consiste \u00e0 ne remplacer qu\u2019une partie de l\u2019articulation: l\u2019articulation f\u00e9moro-tibiale interne, f\u00e9moro-tibiale externe, f\u00e9moro-patellaire. Cette op\u00e9ration est indiqu\u00e9e quand un seul des compartiments articulaires est atteint par l\u2019arthrose et que certaines conditions sont pr\u00e9sentes : bonne mobilit\u00e9 articulaire, ligaments intacts et absence de surpoids.<br \/><br \/>Le succ\u00e8s du traitement chirurgical d\u00e9pend en grande partie de l\u2019indication et il conviendra pour chaque cas d\u2019envisager les diff\u00e9rentes possibilit\u00e9s chirurgicales et de choisir la plus appropri\u00e9e \u00e0 chacun en disposant de tous les \u00e9l\u00e9ments n\u00e9cessaires: bilan clinique, bilan de marche, bilan radiologique, bilan de l\u2019\u00e9tat g\u00e9n\u00e9ral et des autres articulations.<br \/><br \/><\/p>\t\t\t\t\t\t\t\t<\/div>\n\t\t\t\t<div class=\"elementor-element elementor-element-7d0aeb7c Section_3_Titre elementor-widget elementor-widget-heading\" data-id=\"7d0aeb7c\" data-element_type=\"widget\" data-e-type=\"widget\" data-settings=\"{&quot;_animation&quot;:&quot;none&quot;}\" data-widget_type=\"heading.default\">\n\t\t\t\t\t<h3 class=\"elementor-heading-title elementor-size-default\">Nos m\u00e9thodes pr\u00e9f\u00e9r\u00e9es\n<\/h3>\t\t\t\t<\/div>\n\t\t\t\t<div class=\"elementor-element elementor-element-57c06e1d Section_2_Contenu elementor-widget elementor-widget-text-editor\" data-id=\"57c06e1d\" data-element_type=\"widget\" data-e-type=\"widget\" data-widget_type=\"text-editor.default\">\n\t\t\t\t\t\t\t\t\t<p>Les trois op\u00e9rations les plus pratiqu\u00e9es en cas d\u2019arthrose du genou sont: l\u2019ost\u00e9otomie tibiale de valgisation, la proth\u00e8se uni-compartimentaire f\u00e9moro-tibiale et la proth\u00e8se totale du genou.<\/p><p><strong>Ost\u00e9otomie tibiale de valgisation:<\/strong><br \/>Cette intervention consiste \u00e0 modifier l\u2019axe du tibia pour corriger l\u2019axe m\u00e9canique et obtenir ainsi une meilleure r\u00e9partition de la charge sur l\u2019ensemble du genou. Cette op\u00e9ration est pratiqu\u00e9e g\u00e9n\u00e9ralement sous forme d\u2019une ost\u00e9otomie d\u2019ouverture : le tibia est ouvert sur le versant interne et on introduit une cale osseuse pr\u00e9lev\u00e9e sur la cr\u00eate tibiale homolat\u00e9rale \u00e0 laquelle on donne l\u2019\u00e9paisseur voulue sur la base du calcul de la correction souhait\u00e9e. Cette ouverture interne est ensuite stabilis\u00e9e par une plaque. La r\u00e9habilitation postop\u00e9ratoire consiste en une r\u00e9cup\u00e9ration graduelle de la mobilit\u00e9 du genou assortie \u00e0 une mise en charge progressive sur 6 semaines en partant \u00e0 20 kg de poids. Apr\u00e8s un bilan radiologique \u00e0 6 semaines, la mise en charge compl\u00e8te est g\u00e9n\u00e9ralement autoris\u00e9e et les cannes peuvent \u00eatre abandonn\u00e9es une fois que la boiterie a disparu.<\/p><p><strong>La proth\u00e8se uni-compartimentaire f\u00e9moro-tibiale:<\/strong><\/p>\t\t\t\t\t\t\t\t<\/div>\n\t\t\t\t<div class=\"elementor-element elementor-element-222fa3c3 Video_principale elementor-widget elementor-widget-video\" data-id=\"222fa3c3\" data-element_type=\"widget\" data-e-type=\"widget\" data-settings=\"{&quot;youtube_url&quot;:&quot;https:\\\/\\\/www.youtube.com\\\/watch?v=-cOaYpS3DPk&quot;,&quot;lazy_load&quot;:&quot;yes&quot;,&quot;video_type&quot;:&quot;youtube&quot;,&quot;controls&quot;:&quot;yes&quot;}\" data-widget_type=\"video.default\">\n\t\t\t\t\t\t\t<div class=\"elementor-wrapper elementor-open-inline\">\n\t\t\t<div class=\"elementor-video\"><\/div>\t\t<\/div>\n\t\t\t\t\t\t<\/div>\n\t\t\t\t<div class=\"elementor-element elementor-element-1705aa68 Section_2_Contenu elementor-widget elementor-widget-text-editor\" data-id=\"1705aa68\" data-element_type=\"widget\" data-e-type=\"widget\" data-widget_type=\"text-editor.default\">\n\t\t\t\t\t\t\t\t\t<p>Cette intervention consiste \u00e0 ne remplacer qu\u2019une partie de l\u2019articulation portante sur le versant interne ou externe de la f\u00e9moro-tibiale. Pour ce faire, on proc\u00e8de par une courte incision au resurfa\u00e7age du condyle interne ou externe et \u00e0 la mise en place d\u2019un patin m\u00e9tallique tibial ciment\u00e9 dans l\u2019os. Une pi\u00e8ce en poly\u00e9thyl\u00e8ne mobile ou fixe est ensuite ins\u00e9r\u00e9e entre les deux \u00e9l\u00e9ments. Les indications \u00e0 un tel traitement chirurgical sont limit\u00e9es \u00e0 une atteinte arthrosique localis\u00e9e du genou. Le surpoids, les d\u00e9fauts d\u2019axe importants, une l\u00e9sion ligamentaire du pivot central ou une atteinte concomitante de la hanche contre-indiquent ce type de proc\u00e9dure.<\/p><p>La proth\u00e8se totale du genou:<br \/>Cette intervention consiste \u00e0 remplacer l\u2019articulation compl\u00e8te du genou mais certaines proth\u00e8ses autorisent la conservation de la rotule dans son \u00e9tat naturel. Plusieurs types d\u2019implants existent \u00e0 plateau fixe ou mobile, \u00e0 came ou sans came, contraint ou non contraint, ciment\u00e9 ou non ciment\u00e9 et l\u2019indication \u00e0 poser tel ou tel implant est discut\u00e9e en fonction de diff\u00e9rents crit\u00e8res : degr\u00e9 de l\u2019arthrose, l\u00e9sions ligamentaires associ\u00e9es, l\u00e9sions articulaires concomitantes du membre inf\u00e9rieur, \u00e2ge, poids, \u00e9tat g\u00e9n\u00e9ral, etc\u2026<\/p><p>Dans la plupart des cas, nous optons pour des proth\u00e8ses non contraintes, non ciment\u00e9es et favorisant le non remplacement proth\u00e9tique de la rotule par une conformation adapt\u00e9e du f\u00e9mur et la pr\u00e9sence d\u2019un plateau mobile.<\/p>\t\t\t\t\t\t\t\t<\/div>\n\t\t\t\t<div class=\"elementor-element elementor-element-187ecd25 Section_3_Titre elementor-widget elementor-widget-heading\" data-id=\"187ecd25\" data-element_type=\"widget\" data-e-type=\"widget\" data-settings=\"{&quot;_animation&quot;:&quot;none&quot;}\" data-widget_type=\"heading.default\">\n\t\t\t\t\t<h2 class=\"elementor-heading-title elementor-size-default\">Chirurgie\n<\/h2>\t\t\t\t<\/div>\n\t\t\t\t<div class=\"elementor-element elementor-element-3cf53d Section_3_Titre elementor-widget elementor-widget-heading\" data-id=\"3cf53d\" data-element_type=\"widget\" data-e-type=\"widget\" data-settings=\"{&quot;_animation&quot;:&quot;none&quot;}\" data-widget_type=\"heading.default\">\n\t\t\t\t\t<h3 class=\"elementor-heading-title elementor-size-default\">Pr\u00e9paration \u00e0 la chirurgie\n\n<\/h3>\t\t\t\t<\/div>\n\t\t\t\t<div class=\"elementor-element elementor-element-6eafa3ee Section_2_Contenu elementor-widget elementor-widget-text-editor\" data-id=\"6eafa3ee\" data-element_type=\"widget\" data-e-type=\"widget\" data-widget_type=\"text-editor.default\">\n\t\t\t\t\t\t\t\t\t<p><strong>Participation de votre m\u00e9decin de famille<\/strong><br \/>Nous serons en communication permanente avec votre m\u00e9decin de famille pour discuter et proc\u00e9der \u00e0 la meilleure option th\u00e9rapeutique pour vous. Une fois que l&#8221;indication \u00e0 une chirurgie a \u00e9t\u00e9 pos\u00e9e, votre m\u00e9decin organisera les examens n\u00e9cessaires pour compl\u00e9ter l&#8217;\u00e9valuation pr\u00e9op\u00e9ratoire de l&#8217;anesth\u00e9siste.<br \/><br \/>Vous recevrez une lettre de convocation de la Clinique Bois-Cerf avec des informations concernant:<br \/><br \/><strong>Consultation de pr\u00e9 anesth\u00e9sie<\/strong><br \/>Avant la chirurgie, vous serez vu par un de nos m\u00e9decins anesth\u00e9sistes qui vous questionnera au sujet de vos ant\u00e9c\u00e9dents m\u00e9dicaux, avant de proc\u00e9der \u00e0 un examen clinique. Vous pourrez alors discuter des diff\u00e9rentes m\u00e9thodes disponibles et choisir la plus adapt\u00e9e pour votre cas sp\u00e9cifique (anesth\u00e9sie g\u00e9n\u00e9rale, anesth\u00e9sie p\u00e9ridurale, rachianesth\u00e9sie, anesth\u00e9sie veineuse r\u00e9gionale, blocs tronculaires, anesth\u00e9sie combin\u00e9e)<br \/><br \/>&#8211; Quel jour et \u00e0 quelle heure se pr\u00e9senter \u00e0 l\u2019accueil de la Clinique Bois-Cerf, \u00e7a peut \u00eatre la veille ou le jour m\u00eame de l\u2019intervention.<br \/><br \/><strong>Chirurgie<\/strong><br \/><br \/>Ce qu\u2019il faut apporter avec vous:<\/p><ul><li>Vos affaires personnelles<\/li><li>De la lecture si vous aimez lire<\/li><li>Lecteur de musique<\/li><li>Vos m\u00e9dicaments personnels (si vous suivez un traitement \u00e0 domicile)<\/li><li>Votre optimisme et votre \u00e9nergie \u2026\u2026. nous nous occuperons du reste<\/li><\/ul><p><strong>Contr\u00f4le de la douleur apr\u00e8s l\u2019op\u00e9ration<\/strong><br \/>LA DOULEUR APRES L&#8217;OPERATION N&#8217;EST PAS ADMISSIBLE POUR NOUS.<br \/>La nuit pr\u00e9c\u00e9dent votre chirurgie ainsi que dans l&#8217;heure avant votre anesth\u00e9sie, vous recevrez une pr\u00e9m\u00e9dication (vous recevrez un comprim\u00e9 qui vous aidera \u00e0 vous d\u00e9tendre). La strat\u00e9gie anesth\u00e9sique sera sp\u00e9cifiquement con\u00e7ue en fonction de votre \u00e9tat de sant\u00e9, de vos souhaits et du type d&#8217;intervention chirurgicale, dans le but de vous garantir l&#8217;absence de douleur au r\u00e9veil et pendant la r\u00e9\u00e9ducation.<br \/><br \/>Repos au lit et de la glace seront de bons alli\u00e9s pendant les premiers jours. Notre \u00e9quipe \u00e9valuera soigneusement la pr\u00e9sence et l&#8217;intensit\u00e9 de la douleur avec vous 24Hrs\/24hrs et adaptera le traitement en cons\u00e9quence.<br \/><br \/><\/p>\t\t\t\t\t\t\t\t<\/div>\n\t\t\t\t<div class=\"elementor-element elementor-element-5ca25199 Section_3_Titre elementor-widget elementor-widget-heading\" data-id=\"5ca25199\" data-element_type=\"widget\" data-e-type=\"widget\" data-settings=\"{&quot;_animation&quot;:&quot;none&quot;}\" data-widget_type=\"heading.default\">\n\t\t\t\t\t<h3 class=\"elementor-heading-title elementor-size-default\">R\u00e9cup\u00e9ration\n\n<\/h3>\t\t\t\t<\/div>\n\t\t\t\t<div class=\"elementor-element elementor-element-214c6551 Section_2_Contenu elementor-widget elementor-widget-text-editor\" data-id=\"214c6551\" data-element_type=\"widget\" data-e-type=\"widget\" data-widget_type=\"text-editor.default\">\n\t\t\t\t\t\t\t\t\t<p>Salle de r\u00e9veil<\/p><ul><li>Contr\u00f4le de la douleur.<\/li><li>R\u00e9cup\u00e9ration sanguine dans les drains et restitution du sang perdu.<\/li><li>Adaptation locale de glace.<\/li><li>Adaptation de chaussons gonflables dont le but est de faciliter le retour veineux et de pr\u00e9venir une complication thrombo- embolique.<\/li><li>Petits mouvements du genou et des chevilles.<\/li><\/ul><p>Le premier jour post-op\u00e9ratoire<\/p><ul><li>Contraction active du muscle du mollet et si possible de la cuisse.<\/li><li>Mobilisation du genou sur attelle motoris\u00e9e.<\/li><li>Poursuite du port des chaussons gonflables.<\/li><li>Exercices globaux de mobilisation et de tonification.<\/li><\/ul><p>Deuxi\u00e8me jour post-op\u00e9ratoire<\/p><ul><li>Premier lev\u00e9 en appui selon douleurs, la charge compl\u00e8te \u00e9tant autoris\u00e9e.<\/li><li>Poursuite des exercices de renforcement musculaire en particulier pour la cuisse, mobilisation active et passive du genou, postures en flexion et extension, assouplissement et drainages.<\/li><li>Le port de l\u2019attelle velcro est maintenu jusqu\u2019\u00e0 contr\u00f4le actif de l\u2019extension du genou.<\/li><li>Changement du pansement ablation des drains et mise en place d\u2019un pansement imperm\u00e9able.<\/li><li>Poursuite de l\u2019application locale de glace 6 fois par jour pendant 15 minutes.<\/li><\/ul><p>Troisi\u00e8me jour post-op\u00e9ratoire<\/p><ul><li>Marche dans le corridor.<\/li><li>Premi\u00e8re douche.<\/li><li>Poursuite des activit\u00e9s de physioth\u00e9rapie, de mobilisation et de renforcement musculaire.<\/li><\/ul><p>Quatri\u00e8me jour post-op\u00e9ratoire<\/p><ul><li>R\u00e9cup\u00e9ration de l\u2019ind\u00e9pendance avec entra\u00eenement des transferts et poursuite des exercices actifs et passifs du genou.<\/li><li>D\u00e9but de la marche dans les escaliers.<\/li><li>Repas en position assise \u00e0 table.<\/li><\/ul><p><strong>Cinqui\u00e8me jour post-op\u00e9ratoire<\/strong><br \/>L\u2019extension active du genou est maintenant possible et la marche peut s\u2019effectuer habituellement sans attelle.<br \/>Les activit\u00e9s de mobilisation peuvent \u00eatre exerc\u00e9es en dehors des s\u00e9ances de physioth\u00e9rapie.<br \/>Exercices en piscine possible en fonction de l\u2019\u00e9volution de la cicatrisation.<br \/>Contr\u00f4le de l\u2019inflammation et poursuite des exercices de mobilisation.<br \/><br \/>Un retour \u00e0 la maison est possible d\u00e8s le 6\u00e8me jour si l\u2019autonomie \u00e0 la marche est suffisante et si le programme de r\u00e9habilitation et les exercices \u00e0 faire \u00e0 la maison ont bien \u00e9t\u00e9 compris et entra\u00een\u00e9s.<br \/><br \/>En quittant la clinique, vous devez \u00eatre \u00e0 m\u00eame de poursuivre la pr\u00e9vention thrombo-embolique par injections sous-cutan\u00e9es, avoir les rendez-vous pour vos s\u00e9ances de physioth\u00e9rapie, poss\u00e9der l\u2019aide n\u00e9cessaire \u00e0 domicile, \u00eatre inform\u00e9 sur la m\u00e9dication \u00e0 suivre, avoir l\u2019ordonnance pour aller chercher vos m\u00e9dicaments en pharmacie et avoir votre rendez-vous pour l\u2019ablation des agrafes chez votre chirurgien.<br \/><br \/><strong>R\u00e9habilitation apr\u00e8s votre s\u00e9jour en clinique<\/strong><br \/>Il est essentiel de r\u00e9cup\u00e9rer une d\u00e9marche ais\u00e9e sans boiterie et pour cela il faut s\u2019encourager \u00e0 marcher en ext\u00e9rieur. D\u00e8s les premiers jours \u00e0 domicile, il convient de ne pas garder la station assise prolong\u00e9e trop longtemps et de s\u2019organiser pour faire chaque jour plusieurs exercices le matin et une s\u00e9ance l\u2019apr\u00e8s-midi d\u2019environ une heure chacune. Les exercices sont planifi\u00e9s au pr\u00e9alable avec votre physioth\u00e9rapeute durant votre s\u00e9jour en clinique.<br \/><br \/>Il convient de garder les cannes suffisamment longtemps pour effacer compl\u00e8tement la boiterie et pr\u00e9venir les risques de chutes. Le sevrage s\u2019effectue habituellement entre 5 et 8 semaines pour une proth\u00e8se totale du genou, entre 3 et 6 semaines pour une proth\u00e8se partielle. Les exercices de maintien visant \u00e0 contr\u00f4ler la position du bassin en station debout sont tr\u00e8s importants de m\u00eame que le balancement des bras \u00e0 la marche. L\u2019application locale de glace ou le massage-drainage du genou sont \u00e9galement des appoints utiles pour favoriser l\u2019\u00e9volution sur le plan local.<br \/><br \/><\/p>\t\t\t\t\t\t\t\t<\/div>\n\t\t\t\t<div class=\"elementor-element elementor-element-5522e0fa Section_3_Titre elementor-widget elementor-widget-heading\" data-id=\"5522e0fa\" data-element_type=\"widget\" data-e-type=\"widget\" data-settings=\"{&quot;_animation&quot;:&quot;none&quot;}\" data-widget_type=\"heading.default\">\n\t\t\t\t\t<h3 class=\"elementor-heading-title elementor-size-default\">Risques possibles\n\n<\/h3>\t\t\t\t<\/div>\n\t\t\t\t<div class=\"elementor-element elementor-element-4b90bfab Section_2_Contenu elementor-widget elementor-widget-text-editor\" data-id=\"4b90bfab\" data-element_type=\"widget\" data-e-type=\"widget\" data-widget_type=\"text-editor.default\">\n\t\t\t\t\t\t\t\t\t<p><strong>L\u2019infection<\/strong><br \/>L\u2019infection est toujours une complication redoutable en chirurgie orthop\u00e9dique mais heureusement tr\u00e8s rare (inf\u00e9rieure \u00e0 0.5%) dans la proth\u00e9tique de hanche. Des mesures particuli\u00e8res sont prises pour limiter au maximum ces risques qui sont : l\u2019antibioth\u00e9rapie syst\u00e9matique pr\u00e9op\u00e9ratoire et post-op\u00e9ratoire imm\u00e9diate, des salles d\u2019op\u00e9rations munies d\u2019un flux laminaire \u00e0 haut d\u00e9bit, une \u00e9quipe chirurgicale entra\u00een\u00e9e et routini\u00e8re de l\u2019orthop\u00e9die, une pr\u00e9paration optimale de la peau et une \u00e9valuation soigneuse de votre \u00e9tat de sant\u00e9. Certaines infections ont \u00e9t\u00e9 d\u00e9crites des mois ou des ann\u00e9es apr\u00e8s l\u2019intervention en raison de diss\u00e9mination par le sang de bact\u00e9ries provenant de foyers infectieux \u00e0 distance de type dentaire ou urinaire. Une prophylaxie est parfois n\u00e9cessaire lors de certains traitements en particulier dentaires pour minimiser ce type de complications.<\/p><p>En cas de fi\u00e8vre ou de rougeurs locales apparaissant au cours de votre intervention une fois que vous serez rentr\u00e9 \u00e0 domicile, vous devez appeler votre chirurgien sans d\u00e9lai.<\/p><p><strong>Thrombose veineuse et embolie pulmonaire<\/strong><br \/>Il s\u2019agit d\u2019une complication connue dans le cadre de la chirurgie proth\u00e9tique de la hanche et du genou. Le traitement pr\u00e9ventif de ces complications consiste \u00e0 recevoir une prophylaxie par anti-coagulants (h\u00e9parine \u00e0 bas poids mol\u00e9culaire en injection sous-cutan\u00e9e durant la p\u00e9riode pr\u00e9- et post-op\u00e9ratoire, environ 3 semaines). Des chaussons gonflables sont utilis\u00e9s en phase postop\u00e9ratoire pour augmenter activement le retour veineux lorsque vous \u00eates alit\u00e9s. Ces chaussons se gonflent alternativement sous la plante de chaque pied et sont utilis\u00e9s durant les 48 premi\u00e8res heures apr\u00e8s l\u2019intervention.<\/p><p>Vous \u00eates \u00e9galement encourag\u00e9 durant votre s\u00e9jour et cela d\u00e8s le premier jour post-op\u00e9ratoire \u00e0 faire certains exercices visant \u00e0 stimuler le retour veineux en particulier par des mouvements de la cheville et du pied dans le but de mettre en tension les muscles du mollet. L\u2019\u00e9tat de vos veines sera \u00e9valu\u00e9 avant votre d\u00e9part de la clinique par un examen dupplex par ultrasons. Cet examen nous renseigne sur la perm\u00e9abilit\u00e9 de vos veines et la pr\u00e9sence ou non d\u2019un \u00e9ventuel caillot (thrombose). La prophylaxie anti-thrombotique est adapt\u00e9e en fonction du r\u00e9sultat de cet examen et \u00e9galement en fonction des risques de chacun (h\u00e9r\u00e9dit\u00e9, ob\u00e9sit\u00e9, ant\u00e9c\u00e9dents de thrombose).<\/p><p>Si vous pr\u00e9sentez des douleurs au mollet ou un aspect tendu de celui-ci \u00e0 domicile durant la phase post-op\u00e9ratoire, vous devez appeler votre chirurgien sans d\u00e9lai.<\/p><p><strong>L\u2019embolie pulmonaire<\/strong><br \/>C\u2019est une complication qui d\u00e9coule de la migration d\u2019un caillot d\u2019une veine p\u00e9riph\u00e9rique aux poumons. Il s\u2019agit d\u2019une complication rare mais en pr\u00e9sence de difficult\u00e9s respiratoires, vous devez appeler votre chirurgien sans d\u00e9lai.<\/p><p><strong>Saignements<\/strong><br \/>Durant votre op\u00e9ration et le moment pass\u00e9 en salle de r\u00e9veil, le sang que vous avez perdu est r\u00e9colt\u00e9 puis vous est retransfus\u00e9. Cette m\u00e9thode permet le plus souvent de ne pas avoir recours aux transfusions sanguines apr\u00e8s l\u2019intervention.<\/p><p>Dans certains cas, on peut avoir recours \u00e0 l\u2019autotransfusion (pr\u00e9l\u00e8vement sanguin 4 semaines avant l\u2019intervention) ou \u00e0 l\u2019\u00e9rythropo\u00ef\u00e9tine. Les indications sont toutefois rarissimes (maladies du sang, croyance religieuse, etc).<\/p><p>D\u2019autres complications moins fr\u00e9quentes sont possibles comme des l\u00e9sions nerveuses par \u00e9tirement du nerf sciatique, migration ou descellement des implants, in\u00e9galit\u00e9 de longueur, etc.<\/p><p>Mieux vaut pr\u00e9venir que gu\u00e9rir: une bonne pr\u00e9paration de votre part et un chirurgien attentif constituent les meilleurs atouts pour le succ\u00e8s de votre op\u00e9ration sans complication.<\/p>\t\t\t\t\t\t\t\t<\/div>\n\t\t\t\t<div class=\"elementor-element elementor-element-f4e265 Section_3_Titre elementor-widget elementor-widget-heading\" data-id=\"f4e265\" data-element_type=\"widget\" data-e-type=\"widget\" data-settings=\"{&quot;_animation&quot;:&quot;none&quot;}\" data-widget_type=\"heading.default\">\n\t\t\t\t\t<h2 class=\"elementor-heading-title elementor-size-default\">Questions fr\u00e9quentes<\/h2>\t\t\t\t<\/div>\n\t\t\t\t<div class=\"elementor-element elementor-element-46a583f1 faq_pathologie elementor-widget-mobile__width-inherit elementor-widget elementor-widget-pxl_accordion\" data-id=\"46a583f1\" data-element_type=\"widget\" data-e-type=\"widget\" data-widget_type=\"pxl_accordion.default\">\n\t\t\t\t<div class=\"elementor-widget-container\">\n\t\t\t\t\t    <div class=\"pxl-accordion pxl-accordion1 style1 \" data-wow-delay=\"ms\">\r\n                    <div class=\"pxl--item  active \">\r\n                                \r\n                <h5 class=\"pxl-accordion--title\" data-target=\"#pxl_accordion-46a583f1-2218-98960d6\">\r\n                                <span class=\"pxl-title--text pxl-pr-20\">Combien de temps dure l\u2019op\u00e9ration?<\/span>\r\n\r\n                <i class=\"pxl-icon--plus pxl-r-9\"><\/i> \r\n\r\n                \r\n                <\/h5>\r\n                <div id=\"pxl_accordion-46a583f1-2218-98960d6\" class=\"pxl-accordion--content\" style=\"display: block;\">\r\n                    Environ 1h30 \u00e0 2h00<br \/>\n                <\/div>\r\n                                            <\/div>\r\n                    <div class=\"pxl--item   \">\r\n                                \r\n                <h5 class=\"pxl-accordion--title\" data-target=\"#pxl_accordion-46a583f1-2218-f5ba80f\">\r\n                                <span class=\"pxl-title--text pxl-pr-20\">En quoi la proth\u00e8se est faite?<\/span>\r\n\r\n                <i class=\"pxl-icon--plus pxl-r-9\"><\/i> \r\n\r\n                \r\n                <\/h5>\r\n                <div id=\"pxl_accordion-46a583f1-2218-f5ba80f\" class=\"pxl-accordion--content\" >\r\n                    Diff\u00e9rents types de mat\u00e9riel peuvent \u00eatre utilis\u00e9s en fonction du type d\u2019implant. Les surfaces de contact sont g\u00e9n\u00e9ralement en chrome\/cobalt\/molybd\u00e8ne sur les implants m\u00e9talliques ou en oxynium. Le composant interm\u00e9diaire est constitu\u00e9 de poly\u00e9thyl\u00e8ne. Dans les implants non ciment\u00e9s, la surface de contact entre l\u2019implant m\u00e9tallique et l\u2019os est constitu\u00e9 de Titane poreux recouvert g\u00e9n\u00e9ralement d\u2019hydroxyapatite, substance utilis\u00e9e pour son effet ost\u00e9o-inducteur.<br \/>\n                <\/div>\r\n                                            <\/div>\r\n                    <div class=\"pxl--item   \">\r\n                                \r\n                <h5 class=\"pxl-accordion--title\" data-target=\"#pxl_accordion-46a583f1-2218-e1b7c4f\">\r\n                                <span class=\"pxl-title--text pxl-pr-20\">Est-ce que je vais \u00absonner\u00bb en passant dans les a\u00e9roports?<\/span>\r\n\r\n                <i class=\"pxl-icon--plus pxl-r-9\"><\/i> \r\n\r\n                \r\n                <\/h5>\r\n                <div id=\"pxl_accordion-46a583f1-2218-e1b7c4f\" class=\"pxl-accordion--content\" >\r\n                    Oui g\u00e9n\u00e9ralement s\u2019agissant d\u2019un implant m\u00e9tallique assez massif il est d\u00e9tectable au portillon de l\u2019a\u00e9roport et nous vous remettrons \u00e0 cet effet une carte de porteur d\u2019implant.<br \/>\n                <\/div>\r\n                                            <\/div>\r\n                    <div class=\"pxl--item   \">\r\n                                \r\n                <h5 class=\"pxl-accordion--title\" data-target=\"#pxl_accordion-46a583f1-2218-69cbd4e\">\r\n                                <span class=\"pxl-title--text pxl-pr-20\">Dois-je prendre des antibiotiques quand je vais chez le dentiste?<\/span>\r\n\r\n                <i class=\"pxl-icon--plus pxl-r-9\"><\/i> \r\n\r\n                \r\n                <\/h5>\r\n                <div id=\"pxl_accordion-46a583f1-2218-69cbd4e\" class=\"pxl-accordion--content\" >\r\n                    Une pr\u00e9vention antibiotique peut parfois \u00eatre recommand\u00e9e lors de nettoyage dentaire extensif ou en cas d\u2019abc\u00e8s dentaire. Pour les autres traitements, il convient de juger de cas en cas l\u2019indication \u00e0 la prophylaxie antibiotique.<br \/>\n                <\/div>\r\n                                            <\/div>\r\n                    <div class=\"pxl--item   \">\r\n                                \r\n                <h5 class=\"pxl-accordion--title\" data-target=\"#pxl_accordion-46a583f1-2218-3e685f7\">\r\n                                <span class=\"pxl-title--text pxl-pr-20\">Quand pourrai-je recommencer \u00e0 faire du sport?<\/span>\r\n\r\n                <i class=\"pxl-icon--plus pxl-r-9\"><\/i> \r\n\r\n                \r\n                <\/h5>\r\n                <div id=\"pxl_accordion-46a583f1-2218-3e685f7\" class=\"pxl-accordion--content\" >\r\n                    La reprise d\u2019une activit\u00e9 sportive doit s\u2019effectuer de mani\u00e8re progressive. La reprise d\u2019une activit\u00e9 telle que le nordic walking, le ski de fond ou la marche rapide est possible d\u00e8s la 6\u00e8me semaine; la reprise du ski, du tennis ou du golf apr\u00e8s trois mois. Une activit\u00e9 comme la course \u00e0 pied n\u2019est pas recommand\u00e9e.<br \/>\n                <\/div>\r\n                                            <\/div>\r\n                    <div class=\"pxl--item   \">\r\n                                \r\n                <h5 class=\"pxl-accordion--title\" data-target=\"#pxl_accordion-46a583f1-2218-5fa2efb\">\r\n                                <span class=\"pxl-title--text pxl-pr-20\">Quand puis-je commencer \u00e0 conduire?<\/span>\r\n\r\n                <i class=\"pxl-icon--plus pxl-r-9\"><\/i> \r\n\r\n                \r\n                <\/h5>\r\n                <div id=\"pxl_accordion-46a583f1-2218-5fa2efb\" class=\"pxl-accordion--content\" >\r\n                    La conduite est autoris\u00e9e pour une voiture automatique d\u00e8s le 10\u00e8me jour post-op\u00e9ratoire si c\u2019est le genou gauche qui a \u00e9t\u00e9 op\u00e9r\u00e9. Pour une voiture normale, un d\u00e9lai de 3 semaines est n\u00e9cessaire pour le genou gauche. Pour le genou droit, \u00e0 la fin de la 6\u00e8me semaine. La conduite n\u2019est toutefois autoris\u00e9e que lorsqu\u2019il existe un excellent contr\u00f4le du membre inf\u00e9rieur permettant de \u00abplanter\u00bb sur les freins si n\u00e9cessaire sans se poser de questions.<br \/>\n                <\/div>\r\n                                            <\/div>\r\n                    <div class=\"pxl--item   \">\r\n                                \r\n                <h5 class=\"pxl-accordion--title\" data-target=\"#pxl_accordion-46a583f1-2218-e495c59\">\r\n                                <span class=\"pxl-title--text pxl-pr-20\">Combien de temps dois-je garder les cannes?<\/span>\r\n\r\n                <i class=\"pxl-icon--plus pxl-r-9\"><\/i> \r\n\r\n                \r\n                <\/h5>\r\n                <div id=\"pxl_accordion-46a583f1-2218-e495c59\" class=\"pxl-accordion--content\" >\r\n                    Il est important de r\u00e9cup\u00e9rer une d\u00e9marche harmonieuse sans boiterie avec un pas sym\u00e9trique et un bon maintien de la charni\u00e8re lombo-pelvienne. A cet effet il convient de garder les cannes jusqu\u2019\u00e0 ce qu\u2019il vous soit possible de marcher normalement c'est-\u00e0-dire 4 \u00e0 7 semaines en moyenne.<br \/>\n                <\/div>\r\n                                            <\/div>\r\n                    <div class=\"pxl--item   \">\r\n                                \r\n                <h5 class=\"pxl-accordion--title\" data-target=\"#pxl_accordion-46a583f1-2218-6690467\">\r\n                                <span class=\"pxl-title--text pxl-pr-20\">Combien de temps dure une proth\u00e8se?<\/span>\r\n\r\n                <i class=\"pxl-icon--plus pxl-r-9\"><\/i> \r\n\r\n                \r\n                <\/h5>\r\n                <div id=\"pxl_accordion-46a583f1-2218-6690467\" class=\"pxl-accordion--content\" >\r\n                    Actuellement, si l\u2019on se r\u00e9f\u00e8re \u00e0 la litt\u00e9rature m\u00e9dicale orthop\u00e9dique la dur\u00e9e des implants d\u00e9passe largement 20 voire 30 ans (taux de survie d\u2019implant de plus de 95% \u00e0 15 ans).<br \/>\n                <\/div>\r\n                                            <\/div>\r\n                    <div class=\"pxl--item   \">\r\n                                \r\n                <h5 class=\"pxl-accordion--title\" data-target=\"#pxl_accordion-46a583f1-2218-339cc8c\">\r\n                                <span class=\"pxl-title--text pxl-pr-20\">Quand pourrai-je prendre une douche?<\/span>\r\n\r\n                <i class=\"pxl-icon--plus pxl-r-9\"><\/i> \r\n\r\n                \r\n                <\/h5>\r\n                <div id=\"pxl_accordion-46a583f1-2218-339cc8c\" class=\"pxl-accordion--content\" >\r\n                    G\u00e9n\u00e9ralement d\u00e8s le 3\u00e8me jour postop\u00e9ratoire.<br \/>\n                <\/div>\r\n                                            <\/div>\r\n            <\/div>\r\n    \t\t\t\t<\/div>\n\t\t\t\t<\/div>\n\t\t            <\/div>\r\n        <\/div>\r\n                <div class=\"elementor-column elementor-col-50 elementor-top-column elementor-element elementor-element-215cd199 pxl-column-sticky pxl-column-overflow-hidden-no\" data-id=\"215cd199\" data-element_type=\"column\" data-e-type=\"column\">\r\n        <div class=\"elementor-widget-wrap elementor-element-populated\">\r\n                     \r\n                <section class=\"elementor-section elementor-inner-section elementor-element elementor-element-4bfc665 section_4_colonne_d_bloc_1 elementor-section-boxed elementor-section-height-default elementor-section-height-default pxl-row-scroll-none pxl-zoom-point-false pxl-section-overflow-visible pxl-section-fix-none pxl-bg-color-none pxl-section-overlay-none\" data-id=\"4bfc665\" data-element_type=\"section\" data-e-type=\"section\" data-settings=\"{&quot;background_background&quot;:&quot;classic&quot;}\">\n\n                \n                <div class=\"elementor-container elementor-column-gap-default \">\n                <div class=\"elementor-column elementor-col-100 elementor-inner-column elementor-element elementor-element-5bb07db7 section_4_colonne_d_bloc_1 pxl-column-none pxl-column-overflow-hidden-no\" data-id=\"5bb07db7\" data-element_type=\"column\" data-e-type=\"column\" data-settings=\"{&quot;background_background&quot;:&quot;classic&quot;}\">\r\n        <div class=\"elementor-widget-wrap elementor-element-populated\">\r\n                     \r\n        \t\t<div class=\"elementor-element elementor-element-740abb5f elementor-toc--content-ellipsis elementor-widget__width-inherit section_4_colonne_d_bloc_1_TOC elementor-toc--minimized-on-tablet elementor-widget elementor-widget-table-of-contents\" data-id=\"740abb5f\" data-element_type=\"widget\" data-e-type=\"widget\" data-settings=\"{&quot;headings_by_tags&quot;:[&quot;h2&quot;],&quot;exclude_headings_by_selector&quot;:[],&quot;marker_view&quot;:&quot;bullets&quot;,&quot;no_headings_message&quot;:&quot;No headings were found on this page.&quot;,&quot;collapse_subitems&quot;:&quot;yes&quot;,&quot;icon&quot;:{&quot;value&quot;:&quot;&quot;,&quot;library&quot;:&quot;&quot;},&quot;minimize_box&quot;:&quot;yes&quot;,&quot;minimized_on&quot;:&quot;tablet&quot;,&quot;hierarchical_view&quot;:&quot;yes&quot;,&quot;min_height&quot;:{&quot;unit&quot;:&quot;px&quot;,&quot;size&quot;:&quot;&quot;,&quot;sizes&quot;:[]},&quot;min_height_tablet&quot;:{&quot;unit&quot;:&quot;px&quot;,&quot;size&quot;:&quot;&quot;,&quot;sizes&quot;:[]},&quot;min_height_mobile&quot;:{&quot;unit&quot;:&quot;px&quot;,&quot;size&quot;:&quot;&quot;,&quot;sizes&quot;:[]}}\" data-widget_type=\"table-of-contents.default\">\n\t\t\t\t\t\t\t\t\t<div class=\"elementor-toc__header\">\n\t\t\t\t\t\t<h4 class=\"elementor-toc__header-title\">\n\t\t\t\tSommaire\t\t\t<\/h4>\n\t\t\t\t\t\t\t\t\t\t<div class=\"elementor-toc__toggle-button elementor-toc__toggle-button--expand\" role=\"button\" tabindex=\"0\" aria-controls=\"elementor-toc__740abb5f\" aria-expanded=\"true\" aria-label=\"Open table of contents\"><i aria-hidden=\"true\" class=\"fas fa-chevron-down\"><\/i><\/div>\n\t\t\t\t<div class=\"elementor-toc__toggle-button elementor-toc__toggle-button--collapse\" role=\"button\" tabindex=\"0\" aria-controls=\"elementor-toc__740abb5f\" aria-expanded=\"true\" aria-label=\"Close table of contents\"><i aria-hidden=\"true\" class=\"fas fa-chevron-up\"><\/i><\/div>\n\t\t\t\t\t<\/div>\n\t\t\t\t<div id=\"elementor-toc__740abb5f\" class=\"elementor-toc__body elementor-toc__list-items--collapsible\">\n\t\t\t<div class=\"elementor-toc__spinner-container\">\n\t\t\t\t<i class=\"elementor-toc__spinner eicon-animation-spin eicon-loading\" aria-hidden=\"true\"><\/i>\t\t\t<\/div>\n\t\t<\/div>\n\t\t\t\t\t\t<\/div>\n\t\t            <\/div>\r\n        <\/div>\r\n        \t\t\t<\/div>\n\t\t<\/section>\n\t\t\t\t<div class=\"elementor-element elementor-element-62010ac elementor-widget elementor-widget-shortcode\" data-id=\"62010ac\" data-element_type=\"widget\" data-e-type=\"widget\" data-widget_type=\"shortcode.default\">\n\t\t\t\t\t\t\t<div class=\"elementor-shortcode\">\t\t<div data-elementor-type=\"section\" data-elementor-id=\"18317\" class=\"elementor elementor-18317\" data-elementor-post-type=\"elementor_library\">\n\t\t\t        <section class=\"elementor-section elementor-inner-section elementor-element elementor-element-129a4856 section_4_colonne_d_bloc_2 elementor-section-boxed elementor-section-height-default elementor-section-height-default pxl-row-scroll-none pxl-zoom-point-false pxl-section-overflow-visible pxl-section-fix-none pxl-bg-color-none pxl-section-overlay-none\" data-id=\"129a4856\" data-element_type=\"section\" data-e-type=\"section\" data-settings=\"{&quot;background_background&quot;:&quot;classic&quot;}\">\n\n                \n                <div class=\"elementor-container elementor-column-gap-default \">\n                <div class=\"elementor-column elementor-col-100 elementor-inner-column elementor-element elementor-element-211c6366 section_4_colonne_d_bloc_2 pxl-column-none pxl-column-overflow-hidden-no\" data-id=\"211c6366\" data-element_type=\"column\" data-e-type=\"column\" data-settings=\"{&quot;background_background&quot;:&quot;classic&quot;}\">\r\n        <div class=\"elementor-widget-wrap elementor-element-populated\">\r\n                     \r\n        \t\t<div class=\"elementor-element elementor-element-2fd71dc1 elementor-hidden-desktop elementor-hidden-tablet elementor-hidden-mobile elementor-widget elementor-widget-image\" data-id=\"2fd71dc1\" data-element_type=\"widget\" data-e-type=\"widget\" data-widget_type=\"image.default\">\n\t\t\t\t\t\t\t\t\t\t\t\t\t\t\t<img decoding=\"async\" width=\"400\" height=\"52\" src=\"https:\/\/template2.orthopediste-lausanne.ch\/wp-content\/uploads\/2024\/10\/logo_coo_v2.png\" class=\"attachment-large size-large wp-image-23936\" alt=\"Centre Orthop\u00e9dique d&apos;Ouchy \u00e0 Lausanne\" srcset=\"https:\/\/template2.orthopediste-lausanne.ch\/wp-content\/uploads\/2024\/10\/logo_coo_v2.png 400w, https:\/\/template2.orthopediste-lausanne.ch\/wp-content\/uploads\/2024\/10\/logo_coo_v2-300x39.png 300w, https:\/\/template2.orthopediste-lausanne.ch\/wp-content\/uploads\/2024\/10\/logo_coo_v2-18x2.png 18w\" sizes=\"(max-width: 400px) 100vw, 400px\" \/>\t\t\t\t\t\t\t\t\t\t\t\t\t\t\t<\/div>\n\t\t\t\t<div class=\"elementor-element elementor-element-908bdf9 elementor-widget elementor-widget-heading\" data-id=\"908bdf9\" data-element_type=\"widget\" data-e-type=\"widget\" data-widget_type=\"heading.default\">\n\t\t\t\t\t<h2 class=\"elementor-heading-title elementor-size-default\">Besoin d'un avis m\u00e9dical?<\/h2>\t\t\t\t<\/div>\n\t\t\t\t<div class=\"elementor-element elementor-element-40a030e elementor-widget elementor-widget-heading\" data-id=\"40a030e\" data-element_type=\"widget\" data-e-type=\"widget\" data-widget_type=\"heading.default\">\n\t\t\t\t\t<h2 class=\"elementor-heading-title elementor-size-default\">Les m\u00e9decins du Centre Orthop\u00e9dique d'Ouchy sont \u00e0 votre disposition<\/h2>\t\t\t\t<\/div>\n\t\t\t\t<div class=\"elementor-element elementor-element-56bff6d8 elementor-widget elementor-widget-pxl_icon_box\" data-id=\"56bff6d8\" data-element_type=\"widget\" data-e-type=\"widget\" data-widget_type=\"pxl_icon_box.default\">\n\t\t\t\t<div class=\"elementor-widget-container\">\n\t\t\t\t\t<div class=\"pxl-icon-box pxl-icon-box1 style-1 ani3 \" data-wow-delay=\"ms\">\r\n    <div class=\"pxl-item--inner\">\r\n        \r\n                            <div class=\"pxl-item--icon\">\r\n                                    <svg xmlns=\"http:\/\/www.w3.org\/2000\/svg\" width=\"32\" height=\"32\" fill=\"#000000\" viewBox=\"0 0 256 256\"><path d=\"M128,64a40,40,0,1,0,40,40A40,40,0,0,0,128,64Zm0,64a24,24,0,1,1,24-24A24,24,0,0,1,128,128Zm0-112a88.1,88.1,0,0,0-88,88c0,31.4,14.51,64.68,42,96.25a254.19,254.19,0,0,0,41.45,38.3,8,8,0,0,0,9.18,0A254.19,254.19,0,0,0,174,200.25c27.45-31.57,42-64.85,42-96.25A88.1,88.1,0,0,0,128,16Zm0,206c-16.53-13-72-60.75-72-118a72,72,0,0,1,144,0C200,161.23,144.53,209,128,222Z\"><\/path><\/svg>                                <\/div>\r\n                        <div class=\"pxl-item--meta\">\r\n            <p class=\"pxl-item--title el-empty\">\r\n                             <a >\r\n                        Adresse                             <\/a>\r\n                        <\/p>\r\n            <div class=\"pxl-item--description el-empty\">Avenue d\u2019Ouchy 41<br>\n1006 Lausanne<\/div>\r\n        <\/div>\r\n    <\/div>\r\n<\/div>\t\t\t\t<\/div>\n\t\t\t\t<\/div>\n\t\t\t\t<div class=\"elementor-element elementor-element-c915315 elementor-widget elementor-widget-pxl_icon_box\" data-id=\"c915315\" data-element_type=\"widget\" data-e-type=\"widget\" data-widget_type=\"pxl_icon_box.default\">\n\t\t\t\t<div class=\"elementor-widget-container\">\n\t\t\t\t\t<div class=\"pxl-icon-box pxl-icon-box1 style-1 ani3 \" data-wow-delay=\"ms\">\r\n    <div class=\"pxl-item--inner\">\r\n        \r\n                            <div class=\"pxl-item--icon\">\r\n                                    <svg xmlns=\"http:\/\/www.w3.org\/2000\/svg\" width=\"32\" height=\"32\" fill=\"#000000\" viewBox=\"0 0 256 256\"><path d=\"M168,112a8,8,0,0,1-8,8H96a8,8,0,0,1,0-16h64A8,8,0,0,1,168,112Zm-8,24H96a8,8,0,0,0,0,16h64a8,8,0,0,0,0-16Zm72-12A100.11,100.11,0,0,1,132,224H47.67A15.69,15.69,0,0,1,32,208.33V124a100,100,0,0,1,200,0Zm-16,0a84,84,0,0,0-168,0v84h84A84.09,84.09,0,0,0,216,124Z\"><\/path><\/svg>                                <\/div>\r\n                        <div class=\"pxl-item--meta\">\r\n            <p class=\"pxl-item--title el-empty\">\r\n                             <a >\r\n                        Contact                             <\/a>\r\n                        <\/p>\r\n            <div class=\"pxl-item--description el-empty\"><a href=\"mailto:centre@medicol.ch\">centre@medicol.ch<\/a><br>\n+41 21 510 33 48<\/div>\r\n        <\/div>\r\n    <\/div>\r\n<\/div>\t\t\t\t<\/div>\n\t\t\t\t<\/div>\n\t\t\t\t<div class=\"elementor-element elementor-element-8ba6f6e ft-gt elementor-widget elementor-widget-pxl_button\" data-id=\"8ba6f6e\" data-element_type=\"widget\" data-e-type=\"widget\" data-widget_type=\"pxl_button.default\">\n\t\t\t\t<div class=\"elementor-widget-container\">\n\t\t\t\t\t<div id=\"pxl-pxl_button-8ba6f6e-3754\" class=\"pxl-button pxl-atc-link \" data-wow-delay=\"ms\">\r\n    <a href=\"https:\/\/www.centre-ortho.ch\/consultation\/\" class=\"btn  btn-glossy btn-default  full pxl-icon--right\" data-wow-delay=\"ms\" data-target=\".pxl-page-popup-template-0\" target=\"_blank\" rel=\"noopener\">\r\n                    <svg xmlns=\"http:\/\/www.w3.org\/2000\/svg\" viewBox=\"0 0 24 24\" width=\"512\" style=\"transform:scalex(-1);height:auto;\" data-name=\"Layer 2\"><path d=\"m22 11h-17.586l5.293-5.293a1 1 0 1 0 -1.414-1.414l-7 7a1 1 0 0 0 0 1.414l7 7a1 1 0 0 0 1.414-1.414l-5.293-5.293h17.586a1 1 0 0 0 0-2z\"><\/path><\/svg>                        <span class=\"pxl--btn-text\" data-text=\"Prendre rendez-vous\">\r\n                        Prendre rendez-vous        <\/span>\r\n    <\/a>\r\n<\/div>\t\t\t\t<\/div>\n\t\t\t\t<\/div>\n\t\t            <\/div>\r\n        <\/div>\r\n        \t\t\t<\/div>\n\t\t<\/section>\n\t\t\t\t<\/div>\n\t\t<\/div>\n\t\t\t\t\t\t<\/div>\n\t\t            <\/div>\r\n        <\/div>\r\n        \t\t\t<\/div>\n\t\t<\/section>\n\t\t        <section class=\"elementor-section elementor-top-section elementor-element elementor-element-78941614 elementor-section-boxed elementor-section-height-default elementor-section-height-default pxl-row-scroll-none pxl-zoom-point-false pxl-section-overflow-visible pxl-section-fix-none pxl-bg-color-none pxl-section-overlay-none\" data-id=\"78941614\" data-element_type=\"section\" data-e-type=\"section\" data-settings=\"{&quot;background_background&quot;:&quot;classic&quot;}\">\n\n                \n                <div class=\"elementor-container elementor-column-gap-default \">\n                <div class=\"elementor-column elementor-col-100 elementor-top-column elementor-element elementor-element-5bc40f6e pxl-column-none pxl-column-overflow-hidden-no\" data-id=\"5bc40f6e\" data-element_type=\"column\" data-e-type=\"column\">\r\n        <div class=\"elementor-widget-wrap elementor-element-populated\">\r\n                     \r\n        \t\t<div class=\"elementor-element elementor-element-515195b0 Section_3_Titre elementor-widget elementor-widget-heading\" data-id=\"515195b0\" data-element_type=\"widget\" data-e-type=\"widget\" data-settings=\"{&quot;_animation&quot;:&quot;none&quot;}\" data-widget_type=\"heading.default\">\n\t\t\t\t\t<h3 class=\"elementor-heading-title elementor-size-default\">En savoir plus en vid\u00e9os <\/h3>\t\t\t\t<\/div>\n\t\t\t\t<div class=\"elementor-element elementor-element-5e9f60e Video_Associee_PAT e-tabs-view-vertical elementor-layout-end elementor-widget elementor-widget-video-playlist\" data-id=\"5e9f60e\" data-element_type=\"widget\" data-e-type=\"widget\" data-settings=\"{&quot;playlist_title&quot;:&quot;Vid\\u00e9os Medicol&quot;,&quot;tabs&quot;:[{&quot;_id&quot;:&quot;193b07d&quot;,&quot;youtube_url&quot;:&quot;https:\\\/\\\/www.youtube.com\\\/watch?v=HbuyS91l_9g&quot;,&quot;vimeo_url&quot;:null,&quot;title&quot;:&quot;Les douleurs de genou en consultation - Dr Hadrien Stolz - Lunch Meeting 5 d\\u00e9cembre 2024&quot;,&quot;duration&quot;:&quot;17:46&quot;,&quot;thumbnail&quot;:{&quot;url&quot;:&quot;https:\\\/\\\/img.youtube.com\\\/vi\\\/HbuyS91l_9g\\\/maxresdefault.jpg&quot;,&quot;id&quot;:&quot;&quot;,&quot;size&quot;:&quot;&quot;},&quot;type&quot;:&quot;youtube&quot;,&quot;is_external_url&quot;:null,&quot;hosted_url&quot;:null,&quot;external_url&quot;:null,&quot;section_html_tag&quot;:null,&quot;video_html_tag&quot;:&quot;h4&quot;,&quot;inner_tab_is_content_visible&quot;:&quot;&quot;,&quot;inner_tab_content_1&quot;:null,&quot;inner_tab_content_2&quot;:null},{&quot;youtube_url&quot;:&quot;https:\\\/\\\/www.youtube.com\\\/watch?v=MaEc0XHZl-Q&quot;,&quot;vimeo_url&quot;:null,&quot;title&quot;:&quot;Update en anesth\\u00e9sie - Dr Arnaud Poti\\u00e9 - Lunch Meeting 5 d\\u00e9cembre 2024&quot;,&quot;duration&quot;:&quot;16:25&quot;,&quot;thumbnail&quot;:{&quot;url&quot;:&quot;https:\\\/\\\/img.youtube.com\\\/vi\\\/MaEc0XHZl-Q\\\/maxresdefault.jpg&quot;,&quot;id&quot;:&quot;&quot;,&quot;size&quot;:&quot;&quot;},&quot;_id&quot;:&quot;6c667ba&quot;,&quot;type&quot;:&quot;youtube&quot;,&quot;is_external_url&quot;:null,&quot;hosted_url&quot;:null,&quot;external_url&quot;:null,&quot;section_html_tag&quot;:null,&quot;video_html_tag&quot;:&quot;h4&quot;,&quot;inner_tab_is_content_visible&quot;:&quot;&quot;,&quot;inner_tab_content_1&quot;:null,&quot;inner_tab_content_2&quot;:null},{&quot;youtube_url&quot;:&quot;https:\\\/\\\/www.youtube.com\\\/watch?v=N5ykdJlux3Q&quot;,&quot;vimeo_url&quot;:null,&quot;title&quot;:&quot;L\\u2019antalgie du genou en radiologie interventionnelle - Prof. Theumann - Lunch Meeting 5 d\\u00e9cembre 2024&quot;,&quot;duration&quot;:&quot;26:04&quot;,&quot;thumbnail&quot;:{&quot;url&quot;:&quot;https:\\\/\\\/img.youtube.com\\\/vi\\\/N5ykdJlux3Q\\\/maxresdefault.jpg&quot;,&quot;id&quot;:&quot;&quot;,&quot;size&quot;:&quot;&quot;},&quot;_id&quot;:&quot;77fd5bc&quot;,&quot;type&quot;:&quot;youtube&quot;,&quot;is_external_url&quot;:null,&quot;hosted_url&quot;:null,&quot;external_url&quot;:null,&quot;section_html_tag&quot;:null,&quot;video_html_tag&quot;:&quot;h4&quot;,&quot;inner_tab_is_content_visible&quot;:&quot;&quot;,&quot;inner_tab_content_1&quot;:null,&quot;inner_tab_content_2&quot;:null},{&quot;youtube_url&quot;:&quot;https:\\\/\\\/www.youtube.com\\\/watch?v=jjPhAKiFOoM&quot;,&quot;vimeo_url&quot;:null,&quot;title&quot;:&quot;Dr J\\u00e9r\\u00e9mie Gozzo - Lunch Meeting 13 septembre 2024&quot;,&quot;duration&quot;:&quot;17:44&quot;,&quot;thumbnail&quot;:{&quot;url&quot;:&quot;https:\\\/\\\/img.youtube.com\\\/vi\\\/jjPhAKiFOoM\\\/maxresdefault.jpg&quot;,&quot;id&quot;:&quot;&quot;,&quot;size&quot;:&quot;&quot;},&quot;_id&quot;:&quot;c53081f&quot;,&quot;type&quot;:&quot;youtube&quot;,&quot;is_external_url&quot;:null,&quot;hosted_url&quot;:null,&quot;external_url&quot;:null,&quot;section_html_tag&quot;:null,&quot;video_html_tag&quot;:&quot;h4&quot;,&quot;inner_tab_is_content_visible&quot;:&quot;&quot;,&quot;inner_tab_content_1&quot;:null,&quot;inner_tab_content_2&quot;:null},{&quot;youtube_url&quot;:&quot;https:\\\/\\\/www.youtube.com\\\/watch?v=NxngrMF2ps4&quot;,&quot;vimeo_url&quot;:null,&quot;title&quot;:&quot;Chirurgie du genou et r\\u00e9\\u00e9ducation post-op\\u00e9ratoire: les nouveaux d\\u00e9fis&quot;,&quot;duration&quot;:&quot;1:19:31&quot;,&quot;thumbnail&quot;:{&quot;url&quot;:&quot;https:\\\/\\\/img.youtube.com\\\/vi\\\/NxngrMF2ps4\\\/maxresdefault.jpg&quot;,&quot;id&quot;:&quot;&quot;,&quot;size&quot;:&quot;&quot;},&quot;_id&quot;:&quot;ad0170d&quot;,&quot;type&quot;:&quot;youtube&quot;,&quot;is_external_url&quot;:null,&quot;hosted_url&quot;:null,&quot;external_url&quot;:null,&quot;section_html_tag&quot;:null,&quot;video_html_tag&quot;:&quot;h4&quot;,&quot;inner_tab_is_content_visible&quot;:&quot;&quot;,&quot;inner_tab_content_1&quot;:null,&quot;inner_tab_content_2&quot;:null},{&quot;youtube_url&quot;:&quot;https:\\\/\\\/www.youtube.com\\\/watch?v=E_bR_bELAfs&quot;,&quot;vimeo_url&quot;:null,&quot;title&quot;:&quot;Notre exp\\u00e9rience avec OMNIBOTICS - Prof. Jos\\u00e9 Romero&quot;,&quot;duration&quot;:&quot;18:01&quot;,&quot;thumbnail&quot;:{&quot;url&quot;:&quot;https:\\\/\\\/img.youtube.com\\\/vi\\\/E_bR_bELAfs\\\/maxresdefault.jpg&quot;,&quot;id&quot;:&quot;&quot;,&quot;size&quot;:&quot;&quot;},&quot;_id&quot;:&quot;1ae04a0&quot;,&quot;type&quot;:&quot;youtube&quot;,&quot;is_external_url&quot;:null,&quot;hosted_url&quot;:null,&quot;external_url&quot;:null,&quot;section_html_tag&quot;:null,&quot;video_html_tag&quot;:&quot;h4&quot;,&quot;inner_tab_is_content_visible&quot;:&quot;&quot;,&quot;inner_tab_content_1&quot;:null,&quot;inner_tab_content_2&quot;:null},{&quot;youtube_url&quot;:&quot;https:\\\/\\\/www.youtube.com\\\/watch?v=iTYQCb6B3ck&quot;,&quot;vimeo_url&quot;:null,&quot;title&quot;:&quot;La planification 3D pr\\u00e9-op\\u00e9ratoire est-elle encore d&#039;actualit\\u00e9? - Prof. Brigitte Jolles-Haeberli&quot;,&quot;duration&quot;:&quot;14:30&quot;,&quot;thumbnail&quot;:{&quot;url&quot;:&quot;https:\\\/\\\/img.youtube.com\\\/vi\\\/iTYQCb6B3ck\\\/maxresdefault.jpg&quot;,&quot;id&quot;:&quot;&quot;,&quot;size&quot;:&quot;&quot;},&quot;_id&quot;:&quot;4d69448&quot;,&quot;type&quot;:&quot;youtube&quot;,&quot;is_external_url&quot;:null,&quot;hosted_url&quot;:null,&quot;external_url&quot;:null,&quot;section_html_tag&quot;:null,&quot;video_html_tag&quot;:&quot;h4&quot;,&quot;inner_tab_is_content_visible&quot;:&quot;&quot;,&quot;inner_tab_content_1&quot;:null,&quot;inner_tab_content_2&quot;:null},{&quot;youtube_url&quot;:&quot;https:\\\/\\\/www.youtube.com\\\/watch?v=kNgZgAAyLD8&quot;,&quot;vimeo_url&quot;:null,&quot;title&quot;:&quot;Alignement cin\\u00e9matique: concept et exp\\u00e9rience - Dr Jean-Philippe Corsat&quot;,&quot;duration&quot;:&quot;26:26&quot;,&quot;thumbnail&quot;:{&quot;url&quot;:&quot;https:\\\/\\\/img.youtube.com\\\/vi\\\/kNgZgAAyLD8\\\/maxresdefault.jpg&quot;,&quot;id&quot;:&quot;&quot;,&quot;size&quot;:&quot;&quot;},&quot;_id&quot;:&quot;0771f9d&quot;,&quot;type&quot;:&quot;youtube&quot;,&quot;is_external_url&quot;:null,&quot;hosted_url&quot;:null,&quot;external_url&quot;:null,&quot;section_html_tag&quot;:null,&quot;video_html_tag&quot;:&quot;h4&quot;,&quot;inner_tab_is_content_visible&quot;:&quot;&quot;,&quot;inner_tab_content_1&quot;:null,&quot;inner_tab_content_2&quot;:null},{&quot;youtube_url&quot;:&quot;http:\\\/\\\/www.youtube.com\\\/watch?v=Ewi_SLeDMFE&quot;,&quot;vimeo_url&quot;:null,&quot;title&quot;:&quot;&quot;,&quot;duration&quot;:&quot;0:00&quot;,&quot;thumbnail&quot;:{&quot;url&quot;:&quot;https:\\\/\\\/img.youtube.com\\\/vi\\\/Ewi_SLeDMFE\\\/maxresdefault.jpg&quot;,&quot;id&quot;:&quot;&quot;,&quot;size&quot;:&quot;&quot;},&quot;_id&quot;:&quot;cbd9d62&quot;,&quot;type&quot;:&quot;youtube&quot;,&quot;is_external_url&quot;:null,&quot;hosted_url&quot;:null,&quot;external_url&quot;:null,&quot;section_html_tag&quot;:null,&quot;video_html_tag&quot;:&quot;h4&quot;,&quot;inner_tab_is_content_visible&quot;:&quot;&quot;,&quot;inner_tab_content_1&quot;:null,&quot;inner_tab_content_2&quot;:null},{&quot;youtube_url&quot;:&quot;https:\\\/\\\/www.youtube.com\\\/watch?v=Up0uYfMHUqo&quot;,&quot;vimeo_url&quot;:null,&quot;title&quot;:&quot;Mon exp\\u00e9rience avec le robot MAKO - Dr Bernhard Christen&quot;,&quot;duration&quot;:&quot;28:57&quot;,&quot;thumbnail&quot;:{&quot;url&quot;:&quot;https:\\\/\\\/img.youtube.com\\\/vi\\\/Up0uYfMHUqo\\\/maxresdefault.jpg&quot;,&quot;id&quot;:&quot;&quot;,&quot;size&quot;:&quot;&quot;},&quot;_id&quot;:&quot;2cc2dae&quot;,&quot;type&quot;:&quot;youtube&quot;,&quot;is_external_url&quot;:null,&quot;hosted_url&quot;:null,&quot;external_url&quot;:null,&quot;section_html_tag&quot;:null,&quot;video_html_tag&quot;:&quot;h4&quot;,&quot;inner_tab_is_content_visible&quot;:&quot;&quot;,&quot;inner_tab_content_1&quot;:null,&quot;inner_tab_content_2&quot;:null},{&quot;_id&quot;:&quot;69ff810&quot;,&quot;youtube_url&quot;:&quot;https:\\\/\\\/www.youtube.com\\\/watch?v=NI2k8jF6CbQ&quot;,&quot;vimeo_url&quot;:null,&quot;title&quot;:&quot;Patient Education: un \\u00e9l\\u00e9ment cl\\u00e9 pour le succ\\u00e8s de l&#039;op\\u00e9ration - Dr Lukas Schatzmann&quot;,&quot;duration&quot;:&quot;19:43&quot;,&quot;thumbnail&quot;:{&quot;url&quot;:&quot;https:\\\/\\\/img.youtube.com\\\/vi\\\/NI2k8jF6CbQ\\\/maxresdefault.jpg&quot;,&quot;id&quot;:&quot;&quot;,&quot;size&quot;:&quot;&quot;},&quot;type&quot;:&quot;youtube&quot;,&quot;is_external_url&quot;:null,&quot;hosted_url&quot;:null,&quot;external_url&quot;:null,&quot;section_html_tag&quot;:null,&quot;video_html_tag&quot;:&quot;h4&quot;,&quot;inner_tab_is_content_visible&quot;:&quot;&quot;,&quot;inner_tab_content_1&quot;:null,&quot;inner_tab_content_2&quot;:null},{&quot;youtube_url&quot;:&quot;https:\\\/\\\/www.youtube.com\\\/watch?v=MbJadqkDMUU&quot;,&quot;vimeo_url&quot;:null,&quot;title&quot;:&quot;\\u00c9pid\\u00e9miologie et facteurs de risques - Prof. Jacques Menetrey&quot;,&quot;duration&quot;:&quot;18:16&quot;,&quot;thumbnail&quot;:{&quot;url&quot;:&quot;https:\\\/\\\/img.youtube.com\\\/vi\\\/MbJadqkDMUU\\\/maxresdefault.jpg&quot;,&quot;id&quot;:&quot;&quot;,&quot;size&quot;:&quot;&quot;},&quot;_id&quot;:&quot;fad456b&quot;,&quot;type&quot;:&quot;youtube&quot;,&quot;is_external_url&quot;:null,&quot;hosted_url&quot;:null,&quot;external_url&quot;:null,&quot;section_html_tag&quot;:null,&quot;video_html_tag&quot;:&quot;h4&quot;,&quot;inner_tab_is_content_visible&quot;:&quot;&quot;,&quot;inner_tab_content_1&quot;:null,&quot;inner_tab_content_2&quot;:null},{&quot;youtube_url&quot;:&quot;https:\\\/\\\/www.youtube.com\\\/watch?v=ZyeS7iNvg8A&quot;,&quot;vimeo_url&quot;:null,&quot;title&quot;:&quot;La dysplasie trochl\\u00e9enne - Dr Victoria Duthon&quot;,&quot;duration&quot;:&quot;15:54&quot;,&quot;thumbnail&quot;:{&quot;url&quot;:&quot;https:\\\/\\\/img.youtube.com\\\/vi\\\/ZyeS7iNvg8A\\\/maxresdefault.jpg&quot;,&quot;id&quot;:&quot;&quot;,&quot;size&quot;:&quot;&quot;},&quot;_id&quot;:&quot;7380771&quot;,&quot;type&quot;:&quot;youtube&quot;,&quot;is_external_url&quot;:null,&quot;hosted_url&quot;:null,&quot;external_url&quot;:null,&quot;section_html_tag&quot;:null,&quot;video_html_tag&quot;:&quot;h4&quot;,&quot;inner_tab_is_content_visible&quot;:&quot;&quot;,&quot;inner_tab_content_1&quot;:null,&quot;inner_tab_content_2&quot;:null},{&quot;youtube_url&quot;:&quot;https:\\\/\\\/www.youtube.com\\\/watch?v=9Eld1CeSL88&quot;,&quot;vimeo_url&quot;:null,&quot;title&quot;:&quot;\\u00c9clairage - R\\u00e9vision de proth\\u00e8se de genou: privil\\u00e9gier le r\\u00e9sultat fonctionnel par le Dr Vallotton&quot;,&quot;duration&quot;:&quot;8:43&quot;,&quot;thumbnail&quot;:{&quot;url&quot;:&quot;https:\\\/\\\/img.youtube.com\\\/vi\\\/9Eld1CeSL88\\\/maxresdefault.jpg&quot;,&quot;id&quot;:&quot;&quot;,&quot;size&quot;:&quot;&quot;},&quot;_id&quot;:&quot;89d65af&quot;,&quot;type&quot;:&quot;youtube&quot;,&quot;is_external_url&quot;:null,&quot;hosted_url&quot;:null,&quot;external_url&quot;:null,&quot;section_html_tag&quot;:null,&quot;video_html_tag&quot;:&quot;h4&quot;,&quot;inner_tab_is_content_visible&quot;:&quot;&quot;,&quot;inner_tab_content_1&quot;:null,&quot;inner_tab_content_2&quot;:null},{&quot;youtube_url&quot;:&quot;https:\\\/\\\/www.youtube.com\\\/watch?v=VlyEGx7TO9M&quot;,&quot;vimeo_url&quot;:null,&quot;title&quot;:&quot;Dr Jacques Vallotton - Place de l\\u2019ost\\u00e9otomie correctrice dans l\\u2019arthrose du genou&quot;,&quot;duration&quot;:&quot;16:59&quot;,&quot;thumbnail&quot;:{&quot;url&quot;:&quot;https:\\\/\\\/img.youtube.com\\\/vi\\\/VlyEGx7TO9M\\\/maxresdefault.jpg&quot;,&quot;id&quot;:&quot;&quot;,&quot;size&quot;:&quot;&quot;},&quot;_id&quot;:&quot;c25a080&quot;,&quot;type&quot;:&quot;youtube&quot;,&quot;is_external_url&quot;:null,&quot;hosted_url&quot;:null,&quot;external_url&quot;:null,&quot;section_html_tag&quot;:null,&quot;video_html_tag&quot;:&quot;h4&quot;,&quot;inner_tab_is_content_visible&quot;:&quot;&quot;,&quot;inner_tab_content_1&quot;:null,&quot;inner_tab_content_2&quot;:null},{&quot;youtube_url&quot;:&quot;https:\\\/\\\/www.youtube.com\\\/watch?v=kFmKCgDrsXU&quot;,&quot;vimeo_url&quot;:null,&quot;title&quot;:&quot;Conf\\u00e9rence - La proth\\u00e8se du genou dans tous ses \\u00e9tats&quot;,&quot;duration&quot;:&quot;48:00&quot;,&quot;thumbnail&quot;:{&quot;url&quot;:&quot;https:\\\/\\\/img.youtube.com\\\/vi\\\/kFmKCgDrsXU\\\/maxresdefault.jpg&quot;,&quot;id&quot;:&quot;&quot;,&quot;size&quot;:&quot;&quot;},&quot;_id&quot;:&quot;abe08d9&quot;,&quot;type&quot;:&quot;youtube&quot;,&quot;is_external_url&quot;:null,&quot;hosted_url&quot;:null,&quot;external_url&quot;:null,&quot;section_html_tag&quot;:null,&quot;video_html_tag&quot;:&quot;h4&quot;,&quot;inner_tab_is_content_visible&quot;:&quot;&quot;,&quot;inner_tab_content_1&quot;:null,&quot;inner_tab_content_2&quot;:null},{&quot;_id&quot;:&quot;e69a314&quot;,&quot;youtube_url&quot;:&quot;https:\\\/\\\/www.youtube.com\\\/watch?v=OYJyYE2gtEI&quot;,&quot;vimeo_url&quot;:null,&quot;title&quot;:&quot;Proth\\u00e8se uni-compartimentale Dr Philippe Cartier&quot;,&quot;duration&quot;:&quot;1:56:33&quot;,&quot;thumbnail&quot;:{&quot;url&quot;:&quot;https:\\\/\\\/img.youtube.com\\\/vi\\\/OYJyYE2gtEI\\\/maxresdefault.jpg&quot;,&quot;id&quot;:&quot;&quot;,&quot;size&quot;:&quot;&quot;},&quot;type&quot;:&quot;youtube&quot;,&quot;is_external_url&quot;:null,&quot;hosted_url&quot;:null,&quot;external_url&quot;:null,&quot;section_html_tag&quot;:null,&quot;video_html_tag&quot;:&quot;h4&quot;,&quot;inner_tab_is_content_visible&quot;:&quot;&quot;,&quot;inner_tab_content_1&quot;:null,&quot;inner_tab_content_2&quot;:null}],&quot;inner_tab_title_1&quot;:&quot;R\\u00e9sum\\u00e9&quot;,&quot;inner_tab_title_2&quot;:&quot;M\\u00e9decins &quot;,&quot;inner_tab_is_content_collapsible&quot;:&quot;collapsible&quot;,&quot;inner_tab_collapsible_height&quot;:{&quot;unit&quot;:&quot;px&quot;,&quot;size&quot;:&quot;&quot;,&quot;sizes&quot;:[]},&quot;inner_tab_collapsible_height_tablet&quot;:{&quot;unit&quot;:&quot;px&quot;,&quot;size&quot;:&quot;&quot;,&quot;sizes&quot;:[]},&quot;inner_tab_collapsible_height_mobile&quot;:{&quot;unit&quot;:&quot;px&quot;,&quot;size&quot;:&quot;&quot;,&quot;sizes&quot;:[]}}\" data-widget_type=\"video-playlist.default\">\n\t\t\t\t\t\n\t\t<div class=\"e-tabs\" role=\"region\" aria-labelledby=\"e-playlist-5e9f60e\">\n\t\t\t<div class=\"e-tabs-main-area\">\n\t\t\t\t<div class=\"e-tabs-wrapper\">\n\t\t\t\t\t<div class=\"e-tabs-header\">\n\t\t\t\t\t\t<h4 class=\"e-tabs-title\" id=\"e-playlist-5e9f60e\">Vid\u00e9os Medicol<\/h4>\n\t\t\t\t\t\t<div class=\"e-tabs-header-right-side\">\n\t\t\t\t\t\t\t\t\t\t\t\t\t\t\t<span class=\"e-tabs-videos-count\">17 Videos<\/span>\n\t\t\t\t\t\t\t\t\t\t\t\t\t\t<i aria-hidden=\"true\" class=\"e-tabs-toggle-videos-display-button rotate-down eicon-caret-down\"><\/i>\t\t\t\t\t\t<\/div>\n\t\t\t\t\t<\/div>\n\t\t\t\t\t<div class=\"e-tabs-items-wrapper\">\n\t\t\t\t\t\t<div class=\"e-tabs-items\" role=\"tablist\">\n\t\t\t\t\t\t\t\t\t\t\t\t\t\t\t\t\t\t\t\t\t\t\t\t<div id=\"e-tab-title-9921\" class=\"e-tab-title e-tab-desktop-title\" aria-selected=\"true\" data-tab=\"1\" role=\"tab\" tabindex=\"0\" aria-controls=\"e-tab-content-9921\">\n\t\t\t\t\t\t\t\t\t\t\t\t\t\t\t\t\t\t\t\t\t<div class=\"e-tab-thumbnail\">\n\t\t\t\t\t\t\t\t\t\t\t\t\t\t\t\t\t\t\t\t\t\t\t\t\t<img decoding=\"async\" src=\"https:\/\/img.youtube.com\/vi\/HbuyS91l_9g\/maxresdefault.jpg\" alt=\"Les douleurs de genou en consultation - Dr Hadrien Stolz - Lunch Meeting 5 d\u00e9cembre 2024\" loading=\"lazy\" \/>\n\t\t\t\t\t\t\t\t\t\t\t\t\t\t\t\t\t\t\t\t\t\t\t\t<span class=\"icon-play\"><i aria-hidden=\"true\" class=\"fas fa-play-circle\"><\/i><\/span>\n\t\t\t\t\t\t\t\t\t\t\t\t<span class=\"icon-watched\"><i aria-hidden=\"true\" class=\"fas fa-check-circle\"><\/i><\/span>\n\t\t\t\t\t\t\t\t\t\t\t<\/div>\n\t\t\t\t\t\t\t\t\t\t\t\t\t\t\t\t\t\t\t\t<h4 class=\"e-tab-title-text\">\n\t\t\t\t\t\t\t\t\t\t\t<button type=\"button\">Les douleurs de genou en consultation - Dr Hadrien Stolz - Lunch Meeting 5 d\u00e9cembre 2024<\/button>\n\t\t\t\t\t\t\t\t\t\t<\/h4>\n\t\t\t\t\t\t\t\t\t\t\t\t\t\t\t\t\t\t\t\t\t<span class=\"e-tab-duration\">17:46<\/span>\n\t\t\t\t\t\t\t\t\t\t\t\t\t\t\t\t\t\t\t<\/div>\n\t\t\t\t\t\t\t\t\t\t\t\t\t\t\t\t\t\t\t\t\t\t\t\t\t\t\t\t\t\t\t\t<div id=\"e-tab-title-9922\" class=\"e-tab-title e-tab-desktop-title\" aria-selected=\"false\" data-tab=\"2\" role=\"tab\" tabindex=\"-1\" aria-controls=\"e-tab-content-9922\">\n\t\t\t\t\t\t\t\t\t\t\t\t\t\t\t\t\t\t\t\t\t<div class=\"e-tab-thumbnail\">\n\t\t\t\t\t\t\t\t\t\t\t\t\t\t\t\t\t\t\t\t\t\t\t\t\t<img decoding=\"async\" src=\"https:\/\/img.youtube.com\/vi\/MaEc0XHZl-Q\/maxresdefault.jpg\" alt=\"Update en anesth\u00e9sie - Dr Arnaud Poti\u00e9 - Lunch Meeting 5 d\u00e9cembre 2024\" loading=\"lazy\" \/>\n\t\t\t\t\t\t\t\t\t\t\t\t\t\t\t\t\t\t\t\t\t\t\t\t<span class=\"icon-play\"><i aria-hidden=\"true\" class=\"fas fa-play-circle\"><\/i><\/span>\n\t\t\t\t\t\t\t\t\t\t\t\t<span class=\"icon-watched\"><i aria-hidden=\"true\" class=\"fas fa-check-circle\"><\/i><\/span>\n\t\t\t\t\t\t\t\t\t\t\t<\/div>\n\t\t\t\t\t\t\t\t\t\t\t\t\t\t\t\t\t\t\t\t<h4 class=\"e-tab-title-text\">\n\t\t\t\t\t\t\t\t\t\t\t<button type=\"button\">Update en anesth\u00e9sie - Dr Arnaud Poti\u00e9 - Lunch Meeting 5 d\u00e9cembre 2024<\/button>\n\t\t\t\t\t\t\t\t\t\t<\/h4>\n\t\t\t\t\t\t\t\t\t\t\t\t\t\t\t\t\t\t\t\t\t<span class=\"e-tab-duration\">16:25<\/span>\n\t\t\t\t\t\t\t\t\t\t\t\t\t\t\t\t\t\t\t<\/div>\n\t\t\t\t\t\t\t\t\t\t\t\t\t\t\t\t\t\t\t\t\t\t\t\t\t\t\t\t\t\t\t\t<div id=\"e-tab-title-9923\" class=\"e-tab-title e-tab-desktop-title\" aria-selected=\"false\" data-tab=\"3\" role=\"tab\" tabindex=\"-1\" aria-controls=\"e-tab-content-9923\">\n\t\t\t\t\t\t\t\t\t\t\t\t\t\t\t\t\t\t\t\t\t<div class=\"e-tab-thumbnail\">\n\t\t\t\t\t\t\t\t\t\t\t\t\t\t\t\t\t\t\t\t\t\t\t\t\t<img decoding=\"async\" src=\"https:\/\/img.youtube.com\/vi\/N5ykdJlux3Q\/maxresdefault.jpg\" alt=\"L\u2019antalgie du genou en radiologie interventionnelle - Prof. Theumann - Lunch Meeting 5 d\u00e9cembre 2024\" loading=\"lazy\" \/>\n\t\t\t\t\t\t\t\t\t\t\t\t\t\t\t\t\t\t\t\t\t\t\t\t<span class=\"icon-play\"><i aria-hidden=\"true\" class=\"fas fa-play-circle\"><\/i><\/span>\n\t\t\t\t\t\t\t\t\t\t\t\t<span class=\"icon-watched\"><i aria-hidden=\"true\" class=\"fas fa-check-circle\"><\/i><\/span>\n\t\t\t\t\t\t\t\t\t\t\t<\/div>\n\t\t\t\t\t\t\t\t\t\t\t\t\t\t\t\t\t\t\t\t<h4 class=\"e-tab-title-text\">\n\t\t\t\t\t\t\t\t\t\t\t<button type=\"button\">L\u2019antalgie du genou en radiologie interventionnelle - Prof. Theumann - Lunch Meeting 5 d\u00e9cembre 2024<\/button>\n\t\t\t\t\t\t\t\t\t\t<\/h4>\n\t\t\t\t\t\t\t\t\t\t\t\t\t\t\t\t\t\t\t\t\t<span class=\"e-tab-duration\">26:04<\/span>\n\t\t\t\t\t\t\t\t\t\t\t\t\t\t\t\t\t\t\t<\/div>\n\t\t\t\t\t\t\t\t\t\t\t\t\t\t\t\t\t\t\t\t\t\t\t\t\t\t\t\t\t\t\t\t<div id=\"e-tab-title-9924\" class=\"e-tab-title e-tab-desktop-title\" aria-selected=\"false\" data-tab=\"4\" role=\"tab\" tabindex=\"-1\" aria-controls=\"e-tab-content-9924\">\n\t\t\t\t\t\t\t\t\t\t\t\t\t\t\t\t\t\t\t\t\t<div class=\"e-tab-thumbnail\">\n\t\t\t\t\t\t\t\t\t\t\t\t\t\t\t\t\t\t\t\t\t\t\t\t\t<img decoding=\"async\" src=\"https:\/\/img.youtube.com\/vi\/jjPhAKiFOoM\/maxresdefault.jpg\" alt=\"Dr J\u00e9r\u00e9mie Gozzo - Lunch Meeting 13 septembre 2024\" loading=\"lazy\" \/>\n\t\t\t\t\t\t\t\t\t\t\t\t\t\t\t\t\t\t\t\t\t\t\t\t<span class=\"icon-play\"><i aria-hidden=\"true\" class=\"fas fa-play-circle\"><\/i><\/span>\n\t\t\t\t\t\t\t\t\t\t\t\t<span class=\"icon-watched\"><i aria-hidden=\"true\" class=\"fas fa-check-circle\"><\/i><\/span>\n\t\t\t\t\t\t\t\t\t\t\t<\/div>\n\t\t\t\t\t\t\t\t\t\t\t\t\t\t\t\t\t\t\t\t<h4 class=\"e-tab-title-text\">\n\t\t\t\t\t\t\t\t\t\t\t<button type=\"button\">Dr J\u00e9r\u00e9mie Gozzo - Lunch Meeting 13 septembre 2024<\/button>\n\t\t\t\t\t\t\t\t\t\t<\/h4>\n\t\t\t\t\t\t\t\t\t\t\t\t\t\t\t\t\t\t\t\t\t<span class=\"e-tab-duration\">17:44<\/span>\n\t\t\t\t\t\t\t\t\t\t\t\t\t\t\t\t\t\t\t<\/div>\n\t\t\t\t\t\t\t\t\t\t\t\t\t\t\t\t\t\t\t\t\t\t\t\t\t\t\t\t\t\t\t\t<div id=\"e-tab-title-9925\" class=\"e-tab-title e-tab-desktop-title\" aria-selected=\"false\" data-tab=\"5\" role=\"tab\" tabindex=\"-1\" aria-controls=\"e-tab-content-9925\">\n\t\t\t\t\t\t\t\t\t\t\t\t\t\t\t\t\t\t\t\t\t<div class=\"e-tab-thumbnail\">\n\t\t\t\t\t\t\t\t\t\t\t\t\t\t\t\t\t\t\t\t\t\t\t\t\t<img decoding=\"async\" src=\"https:\/\/img.youtube.com\/vi\/NxngrMF2ps4\/maxresdefault.jpg\" alt=\"Chirurgie du genou et r\u00e9\u00e9ducation post-op\u00e9ratoire: les nouveaux d\u00e9fis\" loading=\"lazy\" \/>\n\t\t\t\t\t\t\t\t\t\t\t\t\t\t\t\t\t\t\t\t\t\t\t\t<span class=\"icon-play\"><i aria-hidden=\"true\" class=\"fas fa-play-circle\"><\/i><\/span>\n\t\t\t\t\t\t\t\t\t\t\t\t<span class=\"icon-watched\"><i aria-hidden=\"true\" class=\"fas fa-check-circle\"><\/i><\/span>\n\t\t\t\t\t\t\t\t\t\t\t<\/div>\n\t\t\t\t\t\t\t\t\t\t\t\t\t\t\t\t\t\t\t\t<h4 class=\"e-tab-title-text\">\n\t\t\t\t\t\t\t\t\t\t\t<button type=\"button\">Chirurgie du genou et r\u00e9\u00e9ducation post-op\u00e9ratoire: les nouveaux d\u00e9fis<\/button>\n\t\t\t\t\t\t\t\t\t\t<\/h4>\n\t\t\t\t\t\t\t\t\t\t\t\t\t\t\t\t\t\t\t\t\t<span class=\"e-tab-duration\">1:19:31<\/span>\n\t\t\t\t\t\t\t\t\t\t\t\t\t\t\t\t\t\t\t<\/div>\n\t\t\t\t\t\t\t\t\t\t\t\t\t\t\t\t\t\t\t\t\t\t\t\t\t\t\t\t\t\t\t\t<div id=\"e-tab-title-9926\" class=\"e-tab-title e-tab-desktop-title\" aria-selected=\"false\" data-tab=\"6\" role=\"tab\" tabindex=\"-1\" aria-controls=\"e-tab-content-9926\">\n\t\t\t\t\t\t\t\t\t\t\t\t\t\t\t\t\t\t\t\t\t<div class=\"e-tab-thumbnail\">\n\t\t\t\t\t\t\t\t\t\t\t\t\t\t\t\t\t\t\t\t\t\t\t\t\t<img decoding=\"async\" src=\"https:\/\/img.youtube.com\/vi\/E_bR_bELAfs\/maxresdefault.jpg\" alt=\"Notre exp\u00e9rience avec OMNIBOTICS - Prof. Jos\u00e9 Romero\" loading=\"lazy\" \/>\n\t\t\t\t\t\t\t\t\t\t\t\t\t\t\t\t\t\t\t\t\t\t\t\t<span class=\"icon-play\"><i aria-hidden=\"true\" class=\"fas fa-play-circle\"><\/i><\/span>\n\t\t\t\t\t\t\t\t\t\t\t\t<span class=\"icon-watched\"><i aria-hidden=\"true\" class=\"fas fa-check-circle\"><\/i><\/span>\n\t\t\t\t\t\t\t\t\t\t\t<\/div>\n\t\t\t\t\t\t\t\t\t\t\t\t\t\t\t\t\t\t\t\t<h4 class=\"e-tab-title-text\">\n\t\t\t\t\t\t\t\t\t\t\t<button type=\"button\">Notre exp\u00e9rience avec OMNIBOTICS - Prof. Jos\u00e9 Romero<\/button>\n\t\t\t\t\t\t\t\t\t\t<\/h4>\n\t\t\t\t\t\t\t\t\t\t\t\t\t\t\t\t\t\t\t\t\t<span class=\"e-tab-duration\">18:01<\/span>\n\t\t\t\t\t\t\t\t\t\t\t\t\t\t\t\t\t\t\t<\/div>\n\t\t\t\t\t\t\t\t\t\t\t\t\t\t\t\t\t\t\t\t\t\t\t\t\t\t\t\t\t\t\t\t<div id=\"e-tab-title-9927\" class=\"e-tab-title e-tab-desktop-title\" aria-selected=\"false\" data-tab=\"7\" role=\"tab\" tabindex=\"-1\" aria-controls=\"e-tab-content-9927\">\n\t\t\t\t\t\t\t\t\t\t\t\t\t\t\t\t\t\t\t\t\t<div class=\"e-tab-thumbnail\">\n\t\t\t\t\t\t\t\t\t\t\t\t\t\t\t\t\t\t\t\t\t\t\t\t\t<img decoding=\"async\" src=\"https:\/\/img.youtube.com\/vi\/iTYQCb6B3ck\/maxresdefault.jpg\" alt=\"La planification 3D pr\u00e9-op\u00e9ratoire est-elle encore d&#039;actualit\u00e9? - Prof. Brigitte Jolles-Haeberli\" loading=\"lazy\" \/>\n\t\t\t\t\t\t\t\t\t\t\t\t\t\t\t\t\t\t\t\t\t\t\t\t<span class=\"icon-play\"><i aria-hidden=\"true\" class=\"fas fa-play-circle\"><\/i><\/span>\n\t\t\t\t\t\t\t\t\t\t\t\t<span class=\"icon-watched\"><i aria-hidden=\"true\" class=\"fas fa-check-circle\"><\/i><\/span>\n\t\t\t\t\t\t\t\t\t\t\t<\/div>\n\t\t\t\t\t\t\t\t\t\t\t\t\t\t\t\t\t\t\t\t<h4 class=\"e-tab-title-text\">\n\t\t\t\t\t\t\t\t\t\t\t<button type=\"button\">La planification 3D pr\u00e9-op\u00e9ratoire est-elle encore d'actualit\u00e9? - Prof. Brigitte Jolles-Haeberli<\/button>\n\t\t\t\t\t\t\t\t\t\t<\/h4>\n\t\t\t\t\t\t\t\t\t\t\t\t\t\t\t\t\t\t\t\t\t<span class=\"e-tab-duration\">14:30<\/span>\n\t\t\t\t\t\t\t\t\t\t\t\t\t\t\t\t\t\t\t<\/div>\n\t\t\t\t\t\t\t\t\t\t\t\t\t\t\t\t\t\t\t\t\t\t\t\t\t\t\t\t\t\t\t\t<div id=\"e-tab-title-9928\" class=\"e-tab-title e-tab-desktop-title\" aria-selected=\"false\" data-tab=\"8\" role=\"tab\" tabindex=\"-1\" aria-controls=\"e-tab-content-9928\">\n\t\t\t\t\t\t\t\t\t\t\t\t\t\t\t\t\t\t\t\t\t<div class=\"e-tab-thumbnail\">\n\t\t\t\t\t\t\t\t\t\t\t\t\t\t\t\t\t\t\t\t\t\t\t\t\t<img decoding=\"async\" src=\"https:\/\/img.youtube.com\/vi\/kNgZgAAyLD8\/maxresdefault.jpg\" alt=\"Alignement cin\u00e9matique: concept et exp\u00e9rience - Dr Jean-Philippe Corsat\" loading=\"lazy\" \/>\n\t\t\t\t\t\t\t\t\t\t\t\t\t\t\t\t\t\t\t\t\t\t\t\t<span class=\"icon-play\"><i aria-hidden=\"true\" class=\"fas fa-play-circle\"><\/i><\/span>\n\t\t\t\t\t\t\t\t\t\t\t\t<span class=\"icon-watched\"><i aria-hidden=\"true\" class=\"fas fa-check-circle\"><\/i><\/span>\n\t\t\t\t\t\t\t\t\t\t\t<\/div>\n\t\t\t\t\t\t\t\t\t\t\t\t\t\t\t\t\t\t\t\t<h4 class=\"e-tab-title-text\">\n\t\t\t\t\t\t\t\t\t\t\t<button type=\"button\">Alignement cin\u00e9matique: concept et exp\u00e9rience - Dr Jean-Philippe Corsat<\/button>\n\t\t\t\t\t\t\t\t\t\t<\/h4>\n\t\t\t\t\t\t\t\t\t\t\t\t\t\t\t\t\t\t\t\t\t<span class=\"e-tab-duration\">26:26<\/span>\n\t\t\t\t\t\t\t\t\t\t\t\t\t\t\t\t\t\t\t<\/div>\n\t\t\t\t\t\t\t\t\t\t\t\t\t\t\t\t\t\t\t\t\t\t\t\t\t\t\t\t\t\t\t\t<div id=\"e-tab-title-9929\" class=\"e-tab-title e-tab-desktop-title\" aria-selected=\"false\" data-tab=\"9\" role=\"tab\" tabindex=\"-1\" aria-controls=\"e-tab-content-9929\">\n\t\t\t\t\t\t\t\t\t\t\t\t\t\t\t\t\t\t\t\t\t<div class=\"e-tab-thumbnail\">\n\t\t\t\t\t\t\t\t\t\t\t\t\t\t\t\t\t\t\t\t\t\t\t\t\t<img decoding=\"async\" src=\"https:\/\/img.youtube.com\/vi\/Ewi_SLeDMFE\/maxresdefault.jpg\" alt=\"\" loading=\"lazy\" \/>\n\t\t\t\t\t\t\t\t\t\t\t\t\t\t\t\t\t\t\t\t\t\t\t\t<span class=\"icon-play\"><i aria-hidden=\"true\" class=\"fas fa-play-circle\"><\/i><\/span>\n\t\t\t\t\t\t\t\t\t\t\t\t<span class=\"icon-watched\"><i aria-hidden=\"true\" class=\"fas fa-check-circle\"><\/i><\/span>\n\t\t\t\t\t\t\t\t\t\t\t<\/div>\n\t\t\t\t\t\t\t\t\t\t\t\t\t\t\t\t\t\t\t\t<h4 class=\"e-tab-title-text\">\n\t\t\t\t\t\t\t\t\t\t\t<button type=\"button\"><\/button>\n\t\t\t\t\t\t\t\t\t\t<\/h4>\n\t\t\t\t\t\t\t\t\t\t\t\t\t\t\t\t\t\t\t\t\t<span class=\"e-tab-duration\">0:00<\/span>\n\t\t\t\t\t\t\t\t\t\t\t\t\t\t\t\t\t\t\t<\/div>\n\t\t\t\t\t\t\t\t\t\t\t\t\t\t\t\t\t\t\t\t\t\t\t\t\t\t\t\t\t\t\t\t<div id=\"e-tab-title-99210\" class=\"e-tab-title e-tab-desktop-title\" aria-selected=\"false\" data-tab=\"10\" role=\"tab\" tabindex=\"-1\" aria-controls=\"e-tab-content-99210\">\n\t\t\t\t\t\t\t\t\t\t\t\t\t\t\t\t\t\t\t\t\t<div class=\"e-tab-thumbnail\">\n\t\t\t\t\t\t\t\t\t\t\t\t\t\t\t\t\t\t\t\t\t\t\t\t\t<img decoding=\"async\" src=\"https:\/\/img.youtube.com\/vi\/Up0uYfMHUqo\/maxresdefault.jpg\" alt=\"Mon exp\u00e9rience avec le robot MAKO - Dr Bernhard Christen\" loading=\"lazy\" \/>\n\t\t\t\t\t\t\t\t\t\t\t\t\t\t\t\t\t\t\t\t\t\t\t\t<span class=\"icon-play\"><i aria-hidden=\"true\" class=\"fas fa-play-circle\"><\/i><\/span>\n\t\t\t\t\t\t\t\t\t\t\t\t<span class=\"icon-watched\"><i aria-hidden=\"true\" class=\"fas fa-check-circle\"><\/i><\/span>\n\t\t\t\t\t\t\t\t\t\t\t<\/div>\n\t\t\t\t\t\t\t\t\t\t\t\t\t\t\t\t\t\t\t\t<h4 class=\"e-tab-title-text\">\n\t\t\t\t\t\t\t\t\t\t\t<button type=\"button\">Mon exp\u00e9rience avec le robot MAKO - Dr Bernhard Christen<\/button>\n\t\t\t\t\t\t\t\t\t\t<\/h4>\n\t\t\t\t\t\t\t\t\t\t\t\t\t\t\t\t\t\t\t\t\t<span class=\"e-tab-duration\">28:57<\/span>\n\t\t\t\t\t\t\t\t\t\t\t\t\t\t\t\t\t\t\t<\/div>\n\t\t\t\t\t\t\t\t\t\t\t\t\t\t\t\t\t\t\t\t\t\t\t\t\t\t\t\t\t\t\t\t<div id=\"e-tab-title-99211\" class=\"e-tab-title e-tab-desktop-title\" aria-selected=\"false\" data-tab=\"11\" role=\"tab\" tabindex=\"-1\" aria-controls=\"e-tab-content-99211\">\n\t\t\t\t\t\t\t\t\t\t\t\t\t\t\t\t\t\t\t\t\t<div class=\"e-tab-thumbnail\">\n\t\t\t\t\t\t\t\t\t\t\t\t\t\t\t\t\t\t\t\t\t\t\t\t\t<img decoding=\"async\" src=\"https:\/\/img.youtube.com\/vi\/NI2k8jF6CbQ\/maxresdefault.jpg\" alt=\"Patient Education: un \u00e9l\u00e9ment cl\u00e9 pour le succ\u00e8s de l&#039;op\u00e9ration - Dr Lukas Schatzmann\" loading=\"lazy\" \/>\n\t\t\t\t\t\t\t\t\t\t\t\t\t\t\t\t\t\t\t\t\t\t\t\t<span class=\"icon-play\"><i aria-hidden=\"true\" class=\"fas fa-play-circle\"><\/i><\/span>\n\t\t\t\t\t\t\t\t\t\t\t\t<span class=\"icon-watched\"><i aria-hidden=\"true\" class=\"fas fa-check-circle\"><\/i><\/span>\n\t\t\t\t\t\t\t\t\t\t\t<\/div>\n\t\t\t\t\t\t\t\t\t\t\t\t\t\t\t\t\t\t\t\t<h4 class=\"e-tab-title-text\">\n\t\t\t\t\t\t\t\t\t\t\t<button type=\"button\">Patient Education: un \u00e9l\u00e9ment cl\u00e9 pour le succ\u00e8s de l'op\u00e9ration - Dr Lukas Schatzmann<\/button>\n\t\t\t\t\t\t\t\t\t\t<\/h4>\n\t\t\t\t\t\t\t\t\t\t\t\t\t\t\t\t\t\t\t\t\t<span class=\"e-tab-duration\">19:43<\/span>\n\t\t\t\t\t\t\t\t\t\t\t\t\t\t\t\t\t\t\t<\/div>\n\t\t\t\t\t\t\t\t\t\t\t\t\t\t\t\t\t\t\t\t\t\t\t\t\t\t\t\t\t\t\t\t<div id=\"e-tab-title-99212\" class=\"e-tab-title e-tab-desktop-title\" aria-selected=\"false\" data-tab=\"12\" role=\"tab\" tabindex=\"-1\" aria-controls=\"e-tab-content-99212\">\n\t\t\t\t\t\t\t\t\t\t\t\t\t\t\t\t\t\t\t\t\t<div class=\"e-tab-thumbnail\">\n\t\t\t\t\t\t\t\t\t\t\t\t\t\t\t\t\t\t\t\t\t\t\t\t\t<img decoding=\"async\" src=\"https:\/\/img.youtube.com\/vi\/MbJadqkDMUU\/maxresdefault.jpg\" alt=\"\u00c9pid\u00e9miologie et facteurs de risques - Prof. Jacques Menetrey\" loading=\"lazy\" \/>\n\t\t\t\t\t\t\t\t\t\t\t\t\t\t\t\t\t\t\t\t\t\t\t\t<span class=\"icon-play\"><i aria-hidden=\"true\" class=\"fas fa-play-circle\"><\/i><\/span>\n\t\t\t\t\t\t\t\t\t\t\t\t<span class=\"icon-watched\"><i aria-hidden=\"true\" class=\"fas fa-check-circle\"><\/i><\/span>\n\t\t\t\t\t\t\t\t\t\t\t<\/div>\n\t\t\t\t\t\t\t\t\t\t\t\t\t\t\t\t\t\t\t\t<h4 class=\"e-tab-title-text\">\n\t\t\t\t\t\t\t\t\t\t\t<button type=\"button\">\u00c9pid\u00e9miologie et facteurs de risques - Prof. Jacques Menetrey<\/button>\n\t\t\t\t\t\t\t\t\t\t<\/h4>\n\t\t\t\t\t\t\t\t\t\t\t\t\t\t\t\t\t\t\t\t\t<span class=\"e-tab-duration\">18:16<\/span>\n\t\t\t\t\t\t\t\t\t\t\t\t\t\t\t\t\t\t\t<\/div>\n\t\t\t\t\t\t\t\t\t\t\t\t\t\t\t\t\t\t\t\t\t\t\t\t\t\t\t\t\t\t\t\t<div id=\"e-tab-title-99213\" class=\"e-tab-title e-tab-desktop-title\" aria-selected=\"false\" data-tab=\"13\" role=\"tab\" tabindex=\"-1\" aria-controls=\"e-tab-content-99213\">\n\t\t\t\t\t\t\t\t\t\t\t\t\t\t\t\t\t\t\t\t\t<div class=\"e-tab-thumbnail\">\n\t\t\t\t\t\t\t\t\t\t\t\t\t\t\t\t\t\t\t\t\t\t\t\t\t<img decoding=\"async\" src=\"https:\/\/img.youtube.com\/vi\/ZyeS7iNvg8A\/maxresdefault.jpg\" alt=\"La dysplasie trochl\u00e9enne - Dr Victoria Duthon\" loading=\"lazy\" \/>\n\t\t\t\t\t\t\t\t\t\t\t\t\t\t\t\t\t\t\t\t\t\t\t\t<span class=\"icon-play\"><i aria-hidden=\"true\" class=\"fas fa-play-circle\"><\/i><\/span>\n\t\t\t\t\t\t\t\t\t\t\t\t<span class=\"icon-watched\"><i aria-hidden=\"true\" class=\"fas fa-check-circle\"><\/i><\/span>\n\t\t\t\t\t\t\t\t\t\t\t<\/div>\n\t\t\t\t\t\t\t\t\t\t\t\t\t\t\t\t\t\t\t\t<h4 class=\"e-tab-title-text\">\n\t\t\t\t\t\t\t\t\t\t\t<button type=\"button\">La dysplasie trochl\u00e9enne - Dr Victoria Duthon<\/button>\n\t\t\t\t\t\t\t\t\t\t<\/h4>\n\t\t\t\t\t\t\t\t\t\t\t\t\t\t\t\t\t\t\t\t\t<span class=\"e-tab-duration\">15:54<\/span>\n\t\t\t\t\t\t\t\t\t\t\t\t\t\t\t\t\t\t\t<\/div>\n\t\t\t\t\t\t\t\t\t\t\t\t\t\t\t\t\t\t\t\t\t\t\t\t\t\t\t\t\t\t\t\t<div id=\"e-tab-title-99214\" class=\"e-tab-title e-tab-desktop-title\" aria-selected=\"false\" data-tab=\"14\" role=\"tab\" tabindex=\"-1\" aria-controls=\"e-tab-content-99214\">\n\t\t\t\t\t\t\t\t\t\t\t\t\t\t\t\t\t\t\t\t\t<div class=\"e-tab-thumbnail\">\n\t\t\t\t\t\t\t\t\t\t\t\t\t\t\t\t\t\t\t\t\t\t\t\t\t<img decoding=\"async\" src=\"https:\/\/img.youtube.com\/vi\/9Eld1CeSL88\/maxresdefault.jpg\" alt=\"\u00c9clairage - R\u00e9vision de proth\u00e8se de genou: privil\u00e9gier le r\u00e9sultat fonctionnel par le Dr Vallotton\" loading=\"lazy\" \/>\n\t\t\t\t\t\t\t\t\t\t\t\t\t\t\t\t\t\t\t\t\t\t\t\t<span class=\"icon-play\"><i aria-hidden=\"true\" class=\"fas fa-play-circle\"><\/i><\/span>\n\t\t\t\t\t\t\t\t\t\t\t\t<span class=\"icon-watched\"><i aria-hidden=\"true\" class=\"fas fa-check-circle\"><\/i><\/span>\n\t\t\t\t\t\t\t\t\t\t\t<\/div>\n\t\t\t\t\t\t\t\t\t\t\t\t\t\t\t\t\t\t\t\t<h4 class=\"e-tab-title-text\">\n\t\t\t\t\t\t\t\t\t\t\t<button type=\"button\">\u00c9clairage - R\u00e9vision de proth\u00e8se de genou: privil\u00e9gier le r\u00e9sultat fonctionnel par le Dr Vallotton<\/button>\n\t\t\t\t\t\t\t\t\t\t<\/h4>\n\t\t\t\t\t\t\t\t\t\t\t\t\t\t\t\t\t\t\t\t\t<span class=\"e-tab-duration\">8:43<\/span>\n\t\t\t\t\t\t\t\t\t\t\t\t\t\t\t\t\t\t\t<\/div>\n\t\t\t\t\t\t\t\t\t\t\t\t\t\t\t\t\t\t\t\t\t\t\t\t\t\t\t\t\t\t\t\t<div id=\"e-tab-title-99215\" class=\"e-tab-title e-tab-desktop-title\" aria-selected=\"false\" data-tab=\"15\" role=\"tab\" tabindex=\"-1\" aria-controls=\"e-tab-content-99215\">\n\t\t\t\t\t\t\t\t\t\t\t\t\t\t\t\t\t\t\t\t\t<div class=\"e-tab-thumbnail\">\n\t\t\t\t\t\t\t\t\t\t\t\t\t\t\t\t\t\t\t\t\t\t\t\t\t<img decoding=\"async\" src=\"https:\/\/img.youtube.com\/vi\/VlyEGx7TO9M\/maxresdefault.jpg\" alt=\"Dr Jacques Vallotton - Place de l\u2019ost\u00e9otomie correctrice dans l\u2019arthrose du genou\" loading=\"lazy\" \/>\n\t\t\t\t\t\t\t\t\t\t\t\t\t\t\t\t\t\t\t\t\t\t\t\t<span class=\"icon-play\"><i aria-hidden=\"true\" class=\"fas fa-play-circle\"><\/i><\/span>\n\t\t\t\t\t\t\t\t\t\t\t\t<span class=\"icon-watched\"><i aria-hidden=\"true\" class=\"fas fa-check-circle\"><\/i><\/span>\n\t\t\t\t\t\t\t\t\t\t\t<\/div>\n\t\t\t\t\t\t\t\t\t\t\t\t\t\t\t\t\t\t\t\t<h4 class=\"e-tab-title-text\">\n\t\t\t\t\t\t\t\t\t\t\t<button type=\"button\">Dr Jacques Vallotton - Place de l\u2019ost\u00e9otomie correctrice dans l\u2019arthrose du genou<\/button>\n\t\t\t\t\t\t\t\t\t\t<\/h4>\n\t\t\t\t\t\t\t\t\t\t\t\t\t\t\t\t\t\t\t\t\t<span class=\"e-tab-duration\">16:59<\/span>\n\t\t\t\t\t\t\t\t\t\t\t\t\t\t\t\t\t\t\t<\/div>\n\t\t\t\t\t\t\t\t\t\t\t\t\t\t\t\t\t\t\t\t\t\t\t\t\t\t\t\t\t\t\t\t<div id=\"e-tab-title-99216\" class=\"e-tab-title e-tab-desktop-title\" aria-selected=\"false\" data-tab=\"16\" role=\"tab\" tabindex=\"-1\" aria-controls=\"e-tab-content-99216\">\n\t\t\t\t\t\t\t\t\t\t\t\t\t\t\t\t\t\t\t\t\t<div class=\"e-tab-thumbnail\">\n\t\t\t\t\t\t\t\t\t\t\t\t\t\t\t\t\t\t\t\t\t\t\t\t\t<img decoding=\"async\" src=\"https:\/\/img.youtube.com\/vi\/kFmKCgDrsXU\/maxresdefault.jpg\" alt=\"Conf\u00e9rence - La proth\u00e8se du genou dans tous ses \u00e9tats\" loading=\"lazy\" \/>\n\t\t\t\t\t\t\t\t\t\t\t\t\t\t\t\t\t\t\t\t\t\t\t\t<span class=\"icon-play\"><i aria-hidden=\"true\" class=\"fas fa-play-circle\"><\/i><\/span>\n\t\t\t\t\t\t\t\t\t\t\t\t<span class=\"icon-watched\"><i aria-hidden=\"true\" class=\"fas fa-check-circle\"><\/i><\/span>\n\t\t\t\t\t\t\t\t\t\t\t<\/div>\n\t\t\t\t\t\t\t\t\t\t\t\t\t\t\t\t\t\t\t\t<h4 class=\"e-tab-title-text\">\n\t\t\t\t\t\t\t\t\t\t\t<button type=\"button\">Conf\u00e9rence - La proth\u00e8se du genou dans tous ses \u00e9tats<\/button>\n\t\t\t\t\t\t\t\t\t\t<\/h4>\n\t\t\t\t\t\t\t\t\t\t\t\t\t\t\t\t\t\t\t\t\t<span class=\"e-tab-duration\">48:00<\/span>\n\t\t\t\t\t\t\t\t\t\t\t\t\t\t\t\t\t\t\t<\/div>\n\t\t\t\t\t\t\t\t\t\t\t\t\t\t\t\t\t\t\t\t\t\t\t\t\t\t\t\t\t\t\t\t<div id=\"e-tab-title-99217\" class=\"e-tab-title e-tab-desktop-title\" aria-selected=\"false\" data-tab=\"17\" role=\"tab\" tabindex=\"-1\" aria-controls=\"e-tab-content-99217\">\n\t\t\t\t\t\t\t\t\t\t\t\t\t\t\t\t\t\t\t\t\t<div class=\"e-tab-thumbnail\">\n\t\t\t\t\t\t\t\t\t\t\t\t\t\t\t\t\t\t\t\t\t\t\t\t\t<img decoding=\"async\" src=\"https:\/\/img.youtube.com\/vi\/OYJyYE2gtEI\/maxresdefault.jpg\" alt=\"Proth\u00e8se uni-compartimentale Dr Philippe Cartier\" loading=\"lazy\" \/>\n\t\t\t\t\t\t\t\t\t\t\t\t\t\t\t\t\t\t\t\t\t\t\t\t<span class=\"icon-play\"><i aria-hidden=\"true\" class=\"fas fa-play-circle\"><\/i><\/span>\n\t\t\t\t\t\t\t\t\t\t\t\t<span class=\"icon-watched\"><i aria-hidden=\"true\" class=\"fas fa-check-circle\"><\/i><\/span>\n\t\t\t\t\t\t\t\t\t\t\t<\/div>\n\t\t\t\t\t\t\t\t\t\t\t\t\t\t\t\t\t\t\t\t<h4 class=\"e-tab-title-text\">\n\t\t\t\t\t\t\t\t\t\t\t<button type=\"button\">Proth\u00e8se uni-compartimentale Dr Philippe Cartier<\/button>\n\t\t\t\t\t\t\t\t\t\t<\/h4>\n\t\t\t\t\t\t\t\t\t\t\t\t\t\t\t\t\t\t\t\t\t<span class=\"e-tab-duration\">1:56:33<\/span>\n\t\t\t\t\t\t\t\t\t\t\t\t\t\t\t\t\t\t\t<\/div>\n\t\t\t\t\t\t\t\t\t\t\t\t\t\t\t\t\t\t\t\t\t<\/div>\n\t\t\t\t\t\t<div class=\"shadow shadow-top\" aria-hidden=\"true\"><\/div>\n\t\t\t\t\t\t<div class=\"shadow shadow-bottom\" aria-hidden=\"true\"><\/div>\n\t\t\t\t\t<\/div>\n\t\t\t\t<\/div>\n\n\t\t\t\t<div class=\"e-tabs-content-wrapper\" role=\"tablist\" aria-orientation=\"vertical\">\n\t\t\t\t\t\t\t\t\t\t\t<div id=\"e-tab-content-9921\" class=\"e-tab-content elementor-clearfix\" data-tab=\"1\" role=\"tabpanel\" aria-labelledby=\"e-tab-title-9921\" tabindex=\"0\" data-video-url=\"https:\/\/www.youtube.com\/watch?v=HbuyS91l_9g\" data-video-type=\"youtube\" data-video-title=\"Les douleurs de genou en consultation - Dr Hadrien Stolz - Lunch Meeting 5 d\u00e9cembre 2024\" data-video-duration=\"17:46\">\n\t\t\t\t\t\t\t<div><\/div>\n\t\t\t\t\t\t\t\t\t\t\t\t\t<\/div>\n\t\t\t\t\t\t\t\t\t\t\t<div id=\"e-tab-content-9922\" class=\"e-tab-content elementor-clearfix\" data-tab=\"2\" role=\"tabpanel\" aria-labelledby=\"e-tab-title-9922\" tabindex=\"0\" data-video-url=\"https:\/\/www.youtube.com\/watch?v=MaEc0XHZl-Q\" data-video-type=\"youtube\" data-video-title=\"Update en anesth\u00e9sie - Dr Arnaud Poti\u00e9 - Lunch Meeting 5 d\u00e9cembre 2024\" data-video-duration=\"16:25\" hidden=\"hidden\">\n\t\t\t\t\t\t\t<div><\/div>\n\t\t\t\t\t\t\t\t\t\t\t\t\t<\/div>\n\t\t\t\t\t\t\t\t\t\t\t<div id=\"e-tab-content-9923\" class=\"e-tab-content elementor-clearfix\" data-tab=\"3\" role=\"tabpanel\" aria-labelledby=\"e-tab-title-9923\" tabindex=\"0\" data-video-url=\"https:\/\/www.youtube.com\/watch?v=N5ykdJlux3Q\" data-video-type=\"youtube\" data-video-title=\"L\u2019antalgie du genou en radiologie interventionnelle - Prof. Theumann - Lunch Meeting 5 d\u00e9cembre 2024\" data-video-duration=\"26:04\" hidden=\"hidden\">\n\t\t\t\t\t\t\t<div><\/div>\n\t\t\t\t\t\t\t\t\t\t\t\t\t<\/div>\n\t\t\t\t\t\t\t\t\t\t\t<div id=\"e-tab-content-9924\" class=\"e-tab-content elementor-clearfix\" data-tab=\"4\" role=\"tabpanel\" aria-labelledby=\"e-tab-title-9924\" tabindex=\"0\" data-video-url=\"https:\/\/www.youtube.com\/watch?v=jjPhAKiFOoM\" data-video-type=\"youtube\" data-video-title=\"Dr J\u00e9r\u00e9mie Gozzo - Lunch Meeting 13 septembre 2024\" data-video-duration=\"17:44\" hidden=\"hidden\">\n\t\t\t\t\t\t\t<div><\/div>\n\t\t\t\t\t\t\t\t\t\t\t\t\t<\/div>\n\t\t\t\t\t\t\t\t\t\t\t<div id=\"e-tab-content-9925\" class=\"e-tab-content elementor-clearfix\" data-tab=\"5\" role=\"tabpanel\" aria-labelledby=\"e-tab-title-9925\" tabindex=\"0\" data-video-url=\"https:\/\/www.youtube.com\/watch?v=NxngrMF2ps4\" data-video-type=\"youtube\" data-video-title=\"Chirurgie du genou et r\u00e9\u00e9ducation post-op\u00e9ratoire: les nouveaux d\u00e9fis\" data-video-duration=\"1:19:31\" hidden=\"hidden\">\n\t\t\t\t\t\t\t<div><\/div>\n\t\t\t\t\t\t\t\t\t\t\t\t\t<\/div>\n\t\t\t\t\t\t\t\t\t\t\t<div id=\"e-tab-content-9926\" class=\"e-tab-content elementor-clearfix\" data-tab=\"6\" role=\"tabpanel\" aria-labelledby=\"e-tab-title-9926\" tabindex=\"0\" data-video-url=\"https:\/\/www.youtube.com\/watch?v=E_bR_bELAfs\" data-video-type=\"youtube\" data-video-title=\"Notre exp\u00e9rience avec OMNIBOTICS - Prof. Jos\u00e9 Romero\" data-video-duration=\"18:01\" hidden=\"hidden\">\n\t\t\t\t\t\t\t<div><\/div>\n\t\t\t\t\t\t\t\t\t\t\t\t\t<\/div>\n\t\t\t\t\t\t\t\t\t\t\t<div id=\"e-tab-content-9927\" class=\"e-tab-content elementor-clearfix\" data-tab=\"7\" role=\"tabpanel\" aria-labelledby=\"e-tab-title-9927\" tabindex=\"0\" data-video-url=\"https:\/\/www.youtube.com\/watch?v=iTYQCb6B3ck\" data-video-type=\"youtube\" data-video-title=\"La planification 3D pr\u00e9-op\u00e9ratoire est-elle encore d&#039;actualit\u00e9? - Prof. Brigitte Jolles-Haeberli\" data-video-duration=\"14:30\" hidden=\"hidden\">\n\t\t\t\t\t\t\t<div><\/div>\n\t\t\t\t\t\t\t\t\t\t\t\t\t<\/div>\n\t\t\t\t\t\t\t\t\t\t\t<div id=\"e-tab-content-9928\" class=\"e-tab-content elementor-clearfix\" data-tab=\"8\" role=\"tabpanel\" aria-labelledby=\"e-tab-title-9928\" tabindex=\"0\" data-video-url=\"https:\/\/www.youtube.com\/watch?v=kNgZgAAyLD8\" data-video-type=\"youtube\" data-video-title=\"Alignement cin\u00e9matique: concept et exp\u00e9rience - Dr Jean-Philippe Corsat\" data-video-duration=\"26:26\" hidden=\"hidden\">\n\t\t\t\t\t\t\t<div><\/div>\n\t\t\t\t\t\t\t\t\t\t\t\t\t<\/div>\n\t\t\t\t\t\t\t\t\t\t\t<div id=\"e-tab-content-9929\" class=\"e-tab-content elementor-clearfix\" data-tab=\"9\" role=\"tabpanel\" aria-labelledby=\"e-tab-title-9929\" tabindex=\"0\" data-video-url=\"http:\/\/www.youtube.com\/watch?v=Ewi_SLeDMFE\" data-video-type=\"youtube\" data-video-title=\"\" data-video-duration=\"0:00\" hidden=\"hidden\">\n\t\t\t\t\t\t\t<div><\/div>\n\t\t\t\t\t\t\t\t\t\t\t\t\t<\/div>\n\t\t\t\t\t\t\t\t\t\t\t<div id=\"e-tab-content-99210\" class=\"e-tab-content elementor-clearfix\" data-tab=\"10\" role=\"tabpanel\" aria-labelledby=\"e-tab-title-99210\" tabindex=\"0\" data-video-url=\"https:\/\/www.youtube.com\/watch?v=Up0uYfMHUqo\" data-video-type=\"youtube\" data-video-title=\"Mon exp\u00e9rience avec le robot MAKO - Dr Bernhard Christen\" data-video-duration=\"28:57\" hidden=\"hidden\">\n\t\t\t\t\t\t\t<div><\/div>\n\t\t\t\t\t\t\t\t\t\t\t\t\t<\/div>\n\t\t\t\t\t\t\t\t\t\t\t<div id=\"e-tab-content-99211\" class=\"e-tab-content elementor-clearfix\" data-tab=\"11\" role=\"tabpanel\" aria-labelledby=\"e-tab-title-99211\" tabindex=\"0\" data-video-url=\"https:\/\/www.youtube.com\/watch?v=NI2k8jF6CbQ\" data-video-type=\"youtube\" data-video-title=\"Patient Education: un \u00e9l\u00e9ment cl\u00e9 pour le succ\u00e8s de l&#039;op\u00e9ration - Dr Lukas Schatzmann\" data-video-duration=\"19:43\" hidden=\"hidden\">\n\t\t\t\t\t\t\t<div><\/div>\n\t\t\t\t\t\t\t\t\t\t\t\t\t<\/div>\n\t\t\t\t\t\t\t\t\t\t\t<div id=\"e-tab-content-99212\" class=\"e-tab-content elementor-clearfix\" data-tab=\"12\" role=\"tabpanel\" aria-labelledby=\"e-tab-title-99212\" tabindex=\"0\" data-video-url=\"https:\/\/www.youtube.com\/watch?v=MbJadqkDMUU\" data-video-type=\"youtube\" data-video-title=\"\u00c9pid\u00e9miologie et facteurs de risques - Prof. Jacques Menetrey\" data-video-duration=\"18:16\" hidden=\"hidden\">\n\t\t\t\t\t\t\t<div><\/div>\n\t\t\t\t\t\t\t\t\t\t\t\t\t<\/div>\n\t\t\t\t\t\t\t\t\t\t\t<div id=\"e-tab-content-99213\" class=\"e-tab-content elementor-clearfix\" data-tab=\"13\" role=\"tabpanel\" aria-labelledby=\"e-tab-title-99213\" tabindex=\"0\" data-video-url=\"https:\/\/www.youtube.com\/watch?v=ZyeS7iNvg8A\" data-video-type=\"youtube\" data-video-title=\"La dysplasie trochl\u00e9enne - Dr Victoria Duthon\" data-video-duration=\"15:54\" hidden=\"hidden\">\n\t\t\t\t\t\t\t<div><\/div>\n\t\t\t\t\t\t\t\t\t\t\t\t\t<\/div>\n\t\t\t\t\t\t\t\t\t\t\t<div id=\"e-tab-content-99214\" class=\"e-tab-content elementor-clearfix\" data-tab=\"14\" role=\"tabpanel\" aria-labelledby=\"e-tab-title-99214\" tabindex=\"0\" data-video-url=\"https:\/\/www.youtube.com\/watch?v=9Eld1CeSL88\" data-video-type=\"youtube\" data-video-title=\"\u00c9clairage - R\u00e9vision de proth\u00e8se de genou: privil\u00e9gier le r\u00e9sultat fonctionnel par le Dr Vallotton\" data-video-duration=\"8:43\" hidden=\"hidden\">\n\t\t\t\t\t\t\t<div><\/div>\n\t\t\t\t\t\t\t\t\t\t\t\t\t<\/div>\n\t\t\t\t\t\t\t\t\t\t\t<div id=\"e-tab-content-99215\" class=\"e-tab-content elementor-clearfix\" data-tab=\"15\" role=\"tabpanel\" aria-labelledby=\"e-tab-title-99215\" tabindex=\"0\" data-video-url=\"https:\/\/www.youtube.com\/watch?v=VlyEGx7TO9M\" data-video-type=\"youtube\" data-video-title=\"Dr Jacques Vallotton - Place de l\u2019ost\u00e9otomie correctrice dans l\u2019arthrose du genou\" data-video-duration=\"16:59\" hidden=\"hidden\">\n\t\t\t\t\t\t\t<div><\/div>\n\t\t\t\t\t\t\t\t\t\t\t\t\t<\/div>\n\t\t\t\t\t\t\t\t\t\t\t<div id=\"e-tab-content-99216\" class=\"e-tab-content elementor-clearfix\" data-tab=\"16\" role=\"tabpanel\" aria-labelledby=\"e-tab-title-99216\" tabindex=\"0\" data-video-url=\"https:\/\/www.youtube.com\/watch?v=kFmKCgDrsXU\" data-video-type=\"youtube\" data-video-title=\"Conf\u00e9rence - La proth\u00e8se du genou dans tous ses \u00e9tats\" data-video-duration=\"48:00\" hidden=\"hidden\">\n\t\t\t\t\t\t\t<div><\/div>\n\t\t\t\t\t\t\t\t\t\t\t\t\t<\/div>\n\t\t\t\t\t\t\t\t\t\t\t<div id=\"e-tab-content-99217\" class=\"e-tab-content elementor-clearfix\" data-tab=\"17\" role=\"tabpanel\" aria-labelledby=\"e-tab-title-99217\" tabindex=\"0\" data-video-url=\"https:\/\/www.youtube.com\/watch?v=OYJyYE2gtEI\" data-video-type=\"youtube\" data-video-title=\"Proth\u00e8se uni-compartimentale Dr Philippe Cartier\" data-video-duration=\"1:56:33\" hidden=\"hidden\">\n\t\t\t\t\t\t\t<div><\/div>\n\t\t\t\t\t\t\t\t\t\t\t\t\t<\/div>\n\t\t\t\t\t\t\t\t\t<\/div>\n\t\t\t<\/div>\n\n\t\t\t<div class=\"e-tabs-inner-tabs\" >\n\t\t\t\t\t\t\t\t\t\t\t\t\t\t\t\t\t\t\t\t\t\t\t\t\t\t\t\t\t\t\t\t\t\t\t\t\t\t\t\t\t\t\t\t\t\t\t\t\t\t\t\t\t\t\t\t\t\t\t\t\t\t\t\t\t\t\t\t\t\t\t\t\t\t\t\t\t\t\t\t\t\t\t\t\t\t\t\t\t\t\t\t\t\t\t\t\t\t\t\t\t\t\t\t\t\t\t\t\t\t\t\t\t\t\t\t\t\t\t\t\t\t\t\t\t\t\t\t\t\t\t\t\t\t\t\t\t\t\t\t\t\t\t\t\t\t\t\t\t\t\t\t\t\t\t\t\t\t\t\t<\/div>\n\t\t<\/div>\n\t\t\t\t\t\t<\/div>\n\t\t            <\/div>\r\n        <\/div>\r\n        \t\t\t<\/div>\n\t\t<\/section>\n\t\t        <section class=\"elementor-section elementor-top-section elementor-element elementor-element-dae0978 elementor-section-boxed elementor-section-height-default elementor-section-height-default pxl-row-scroll-none pxl-zoom-point-false pxl-section-overflow-visible pxl-section-fix-none pxl-bg-color-none pxl-section-overlay-none\" data-id=\"dae0978\" data-element_type=\"section\" data-e-type=\"section\" data-settings=\"{&quot;background_background&quot;:&quot;classic&quot;}\">\n\n                \n                <div class=\"elementor-container elementor-column-gap-default \">\n                <div class=\"elementor-column elementor-col-100 elementor-top-column elementor-element elementor-element-c5363ed pxl-column-none pxl-column-overflow-hidden-no\" data-id=\"c5363ed\" data-element_type=\"column\" data-e-type=\"column\">\r\n        <div class=\"elementor-widget-wrap elementor-element-populated\">\r\n                     \r\n        \t\t<div class=\"elementor-element elementor-element-abb3dee Section_3_Titre elementor-widget elementor-widget-heading\" data-id=\"abb3dee\" data-element_type=\"widget\" data-e-type=\"widget\" data-settings=\"{&quot;_animation&quot;:&quot;none&quot;}\" data-widget_type=\"heading.default\">\n\t\t\t\t\t<h3 class=\"elementor-heading-title elementor-size-default\">Contacter un de nos sp\u00e9cialistes sur le sujet<\/h3>\t\t\t\t<\/div>\n\t\t\t\t<div class=\"elementor-element elementor-element-70dd1d3 elementor-widget elementor-widget-shortcode\" data-id=\"70dd1d3\" data-element_type=\"widget\" data-e-type=\"widget\" data-widget_type=\"shortcode.default\">\n\t\t\t\t\t\t\t<div class=\"elementor-shortcode\">\t\t<div data-elementor-type=\"section\" data-elementor-id=\"27830\" class=\"elementor elementor-27830\" data-elementor-post-type=\"elementor_library\">\n\t\t\t        <section class=\"elementor-section elementor-inner-section elementor-element elementor-element-40d3f010 elementor-section-boxed elementor-section-height-default elementor-section-height-default pxl-row-scroll-none pxl-zoom-point-false pxl-section-overflow-visible pxl-section-fix-none pxl-bg-color-none pxl-section-overlay-none\" data-id=\"40d3f010\" data-element_type=\"section\" data-e-type=\"section\" data-settings=\"{&quot;background_background&quot;:&quot;classic&quot;}\" style=\"padding-left: calc( (100% - 1310px)\/2);\">\n\n                \n                <div class=\"elementor-container elementor-column-gap-default \">\n                <div class=\"elementor-column elementor-col-50 elementor-inner-column elementor-element elementor-element-bc1b4d4 pxl-column-none pxl-column-overflow-hidden-no\" data-id=\"bc1b4d4\" data-element_type=\"column\" data-e-type=\"column\" data-settings=\"{&quot;background_background&quot;:&quot;classic&quot;}\">\r\n        <div class=\"elementor-widget-wrap elementor-element-populated\">\r\n                     \r\n        \t\t<div class=\"elementor-element elementor-element-7dbd93ba elementor-widget elementor-widget-pxl_heading\" data-id=\"7dbd93ba\" data-element_type=\"widget\" data-e-type=\"widget\" data-widget_type=\"pxl_heading.default\">\n\t\t\t\t<div class=\"elementor-widget-container\">\n\t\t\t\t\t\n<div id=\"pxl-pxl_heading-7dbd93ba-6661\" class=\"pxl-heading px-sub-title-default-style \">\n\t<div class=\"pxl-heading--inner\">\n\t\t\n\t\t<h3 class=\"pxl-item--title style-default  highlight-default \" data-wow-delay=\"ms\">\n\t\t\t\t\tCentre Orthop\u00e9dique d&#8217;Ouchy\t\n\t\t\t\n\t\t<\/h3>\n\t\t\n\t<\/div>\n<\/div>\t\t\t\t<\/div>\n\t\t\t\t<\/div>\n\t\t\t\t<div class=\"elementor-element elementor-element-5cc4b9e1 elementor-widget elementor-widget-pxl_text_editor\" data-id=\"5cc4b9e1\" data-element_type=\"widget\" data-e-type=\"widget\" data-widget_type=\"pxl_text_editor.default\">\n\t\t\t\t<div class=\"elementor-widget-container\">\n\t\t\t\t\t<div class=\"pxl-text-editor default\">\n\t<div class=\"pxl-item--inner  \" data-wow-delay=\"ms\">\n\t\t<p>Consultations m\u00e9dicales sp\u00e9cialis\u00e9es en orthop\u00e9die et traumatologie au coeur de Lausanne<\/p>\t\t\n\t<\/div>\n<\/div>\t\t\t\t<\/div>\n\t\t\t\t<\/div>\n\t\t<div class=\"elementor-element elementor-element-68d8235b e-flex e-con-boxed e-con e-parent \" data-id=\"68d8235b\" data-element_type=\"container\" data-e-type=\"container\">\t\t\t<div class=\"e-con-inner\">\r\n\t\t\t\t<div class=\"elementor-element elementor-element-659288b4 elementor-align-left ft-gt  elementor-widget__width-auto elementor-widget elementor-widget-pxl_button\" data-id=\"659288b4\" data-element_type=\"widget\" data-e-type=\"widget\" data-widget_type=\"pxl_button.default\">\n\t\t\t\t<div class=\"elementor-widget-container\">\n\t\t\t\t\t<div id=\"pxl-pxl_button-659288b4-1497\" class=\"pxl-button pxl-atc-link \" data-wow-delay=\"ms\">\r\n    <a href=\"tel:+41215103348\" class=\"btn  btn-glossy btn-default  inline pxl-icon--left\" data-wow-delay=\"ms\" data-target=\".pxl-page-popup-template-0\">\r\n                    <i aria-hidden=\"true\" class=\"fas fa-phone-alt\"><\/i>                        <span class=\"pxl--btn-text\" data-text=\"+41 21 510 33 48\">\r\n                        +41 21 510 33 48        <\/span>\r\n    <\/a>\r\n<\/div>\t\t\t\t<\/div>\n\t\t\t\t<\/div>\n\t\t\t\t<div class=\"elementor-element elementor-element-29264382 elementor-align-left ft-gt  elementor-widget__width-auto elementor-widget elementor-widget-pxl_button\" data-id=\"29264382\" data-element_type=\"widget\" data-e-type=\"widget\" data-widget_type=\"pxl_button.default\">\n\t\t\t\t<div class=\"elementor-widget-container\">\n\t\t\t\t\t<div id=\"pxl-pxl_button-29264382-9741\" class=\"pxl-button pxl-atc-link \" data-wow-delay=\"ms\">\r\n    <a href=\"\/service\/centre-de-formation\/\" class=\"btn  btn-glossy btn-default  inline pxl-icon--right\" data-wow-delay=\"ms\" data-target=\".pxl-page-popup-template-0\">\r\n                    <i aria-hidden=\"true\" class=\"flaticon flaticon-next\"><\/i>                        <span class=\"pxl--btn-text\" data-text=\"En savoir plus\">\r\n                        En savoir plus        <\/span>\r\n    <\/a>\r\n<\/div>\t\t\t\t<\/div>\n\t\t\t\t<\/div>\n\t\t\t\t\t<\/div>\r\n\t\t\t\t<\/div>\r\n\t\t            <\/div>\r\n        <\/div>\r\n                <div class=\"elementor-column elementor-col-50 elementor-inner-column elementor-element elementor-element-ee3b29c pxl-column-none pxl-column-overflow-hidden-no\" data-id=\"ee3b29c\" data-element_type=\"column\" data-e-type=\"column\">\r\n        <div class=\"elementor-widget-wrap\">\r\n                     \r\n                    <\/div>\r\n        <\/div>\r\n        \t\t\t<\/div>\n\t\t<\/section>\n\t\t\t\t<\/div>\n\t\t<\/div>\n\t\t\t\t\t\t<\/div>\n\t\t            <\/div>\r\n        <\/div>\r\n        \t\t\t<\/div>\n\t\t<\/section>\n\t\t\t\t<\/div>\n\t\t","protected":false},"excerpt":{"rendered":"<p>Accueil Arthrose du genou Genou Introduction Le genou englobe deux articulations distinctes: une articulation condylienne \u00abportante\u00bb constitu\u00e9e par le f\u00e9mur et le tibia divis\u00e9e en deux compartiments interne et externe et une articulation trochl\u00e9enne constitu\u00e9e par la rotule et le f\u00e9mur, la rotule \u00e9tant ce qu\u2019on appelle un os s\u00e9samo\u00efde soit un os inclus dans [&hellip;]<\/p>\n","protected":false},"author":1,"featured_media":0,"parent":0,"menu_order":0,"comment_status":"closed","ping_status":"closed","template":"","meta":{"_acf_changed":false,"inline_featured_image":false,"footnotes":""},"categories":[1],"tags":[],"class_list":["post-15198","page","type-page","status-publish","hentry","category-genou"],"acf":[],"_links":{"self":[{"href":"https:\/\/template2.orthopediste-lausanne.ch\/en\/wp-json\/wp\/v2\/pages\/15198","targetHints":{"allow":["GET"]}}],"collection":[{"href":"https:\/\/template2.orthopediste-lausanne.ch\/en\/wp-json\/wp\/v2\/pages"}],"about":[{"href":"https:\/\/template2.orthopediste-lausanne.ch\/en\/wp-json\/wp\/v2\/types\/page"}],"author":[{"embeddable":true,"href":"https:\/\/template2.orthopediste-lausanne.ch\/en\/wp-json\/wp\/v2\/users\/1"}],"replies":[{"embeddable":true,"href":"https:\/\/template2.orthopediste-lausanne.ch\/en\/wp-json\/wp\/v2\/comments?post=15198"}],"version-history":[{"count":0,"href":"https:\/\/template2.orthopediste-lausanne.ch\/en\/wp-json\/wp\/v2\/pages\/15198\/revisions"}],"wp:attachment":[{"href":"https:\/\/template2.orthopediste-lausanne.ch\/en\/wp-json\/wp\/v2\/media?parent=15198"}],"wp:term":[{"taxonomy":"category","embeddable":true,"href":"https:\/\/template2.orthopediste-lausanne.ch\/en\/wp-json\/wp\/v2\/categories?post=15198"},{"taxonomy":"post_tag","embeddable":true,"href":"https:\/\/template2.orthopediste-lausanne.ch\/en\/wp-json\/wp\/v2\/tags?post=15198"}],"curies":[{"name":"wp","href":"https:\/\/api.w.org\/{rel}","templated":true}]}}