{"id":19887,"date":"2026-01-21T11:16:19","date_gmt":"2026-01-21T11:16:19","guid":{"rendered":"https:\/\/template2.orthopediste-lausanne.ch\/?page_id=19887"},"modified":"2026-03-18T08:00:38","modified_gmt":"2026-03-18T08:00:38","slug":"shoulder-osteoarthritis-2","status":"publish","type":"page","link":"https:\/\/template2.orthopediste-lausanne.ch\/en\/shoulder-osteoarthritis-2\/","title":{"rendered":"Shoulder osteoarthritis"},"content":{"rendered":"\t\t<div data-elementor-type=\"wp-page\" data-elementor-id=\"19887\" class=\"elementor elementor-19887\" data-elementor-post-type=\"page\">\n\t\t\t\t        <section class=\"elementor-section elementor-top-section elementor-element elementor-element-a783505 elementor-section-stretched elementor-section-boxed elementor-section-height-default elementor-section-height-default pxl-row-scroll-none pxl-zoom-point-false pxl-section-overflow-visible pxl-section-fix-none pxl-bg-color-none pxl-section-overlay-none\" data-id=\"a783505\" data-element_type=\"section\" data-e-type=\"section\" data-settings=\"{&quot;stretch_section&quot;:&quot;section-stretched&quot;}\">\n\n                \n                <div class=\"elementor-container elementor-column-gap-extended \">\n                <div class=\"elementor-column elementor-col-100 elementor-top-column elementor-element elementor-element-704e5a2 pxl-column-none\" data-id=\"704e5a2\" data-element_type=\"column\" data-e-type=\"column\" data-settings=\"{&quot;background_background&quot;:&quot;classic&quot;}\">\r\n        <div class=\"elementor-widget-wrap elementor-element-populated\">\r\n                                <div class=\"elementor-background-overlay\"><\/div>\r\n         \r\n                <section class=\"elementor-section elementor-inner-section elementor-element elementor-element-fbee1f8 elementor-section-content-bottom elementor-section-boxed elementor-section-height-default elementor-section-height-default pxl-row-scroll-none pxl-zoom-point-false pxl-section-overflow-visible pxl-section-fix-none pxl-bg-color-none pxl-section-overlay-none\" data-id=\"fbee1f8\" data-element_type=\"section\" data-e-type=\"section\">\n\n                \n                <div class=\"elementor-container elementor-column-gap-extended \">\n                <div class=\"elementor-column elementor-col-50 elementor-inner-column elementor-element elementor-element-7b28f79 pxl-column-none pxl-column-overflow-hidden-no\" data-id=\"7b28f79\" data-element_type=\"column\" data-e-type=\"column\">\r\n        <div class=\"elementor-widget-wrap elementor-element-populated\">\r\n                     \r\n        \t\t<div class=\"elementor-element elementor-element-be750ea elementor-widget__width-auto elementor-widget elementor-widget-pxl_breadcrumb\" data-id=\"be750ea\" data-element_type=\"widget\" data-e-type=\"widget\" data-widget_type=\"pxl_breadcrumb.default\">\n\t\t\t\t<div class=\"elementor-widget-container\">\n\t\t\t\t\t<div class=\"pxl-breadcrumb-wrap\">\n\t<ul class=\"pxl-breadcrumb\"><li><span class=\"breadcrumb-entry\">Accueil<\/span><\/li><\/ul><\/div>\t\t\t\t<\/div>\n\t\t\t\t<\/div>\n\t\t            <\/div>\r\n        <\/div>\r\n                <div class=\"elementor-column elementor-col-50 elementor-inner-column elementor-element elementor-element-fb64195 elementor-hidden-desktop elementor-hidden-tablet elementor-hidden-mobile pxl-column-none pxl-column-overflow-hidden-no\" data-id=\"fb64195\" data-element_type=\"column\" data-e-type=\"column\">\r\n        <div class=\"elementor-widget-wrap\">\r\n                     \r\n                    <\/div>\r\n        <\/div>\r\n        \t\t\t<\/div>\n\t\t<\/section>\n\t\t            <\/div>\r\n        <\/div>\r\n        \t\t\t<\/div>\n\t\t<\/section>\n\t\t        <section class=\"elementor-section elementor-top-section elementor-element elementor-element-7e8d6aea elementor-section-stretched section_1 elementor-section-boxed elementor-section-height-default elementor-section-height-default pxl-row-scroll-none pxl-zoom-point-false pxl-section-overflow-visible pxl-section-fix-none pxl-bg-color-none pxl-section-overlay-none\" data-id=\"7e8d6aea\" data-element_type=\"section\" data-e-type=\"section\" data-settings=\"{&quot;stretch_section&quot;:&quot;section-stretched&quot;,&quot;background_background&quot;:&quot;classic&quot;}\">\n\n                \n                <div class=\"elementor-container elementor-column-gap-extended \">\n                <div class=\"elementor-column elementor-col-100 elementor-top-column elementor-element elementor-element-55dfd481 pxl-column-none\" data-id=\"55dfd481\" data-element_type=\"column\" data-e-type=\"column\" data-settings=\"{&quot;background_background&quot;:&quot;gradient&quot;}\">\r\n        <div class=\"elementor-widget-wrap elementor-element-populated\">\r\n                                <div class=\"elementor-background-overlay\"><\/div>\r\n         \r\n                <section class=\"elementor-section elementor-inner-section elementor-element elementor-element-25f6e068 elementor-section-content-bottom section_2 elementor-section-boxed elementor-section-height-default elementor-section-height-default pxl-row-scroll-none pxl-zoom-point-false pxl-section-overflow-visible pxl-section-fix-none pxl-bg-color-none pxl-section-overlay-none\" data-id=\"25f6e068\" data-element_type=\"section\" data-e-type=\"section\">\n\n                \n                <div class=\"elementor-container elementor-column-gap-extended \">\n                <div class=\"elementor-column elementor-col-50 elementor-inner-column elementor-element elementor-element-34ece7e7 pxl-column-none pxl-column-overflow-hidden-no\" data-id=\"34ece7e7\" data-element_type=\"column\" data-e-type=\"column\">\r\n        <div class=\"elementor-widget-wrap elementor-element-populated\">\r\n                     \r\n        \t\t<div class=\"elementor-element elementor-element-4060f59b elementor-widget__width-auto elementor-widget elementor-widget-pxl_heading\" data-id=\"4060f59b\" data-element_type=\"widget\" data-e-type=\"widget\" data-widget_type=\"pxl_heading.default\">\n\t\t\t\t<div class=\"elementor-widget-container\">\n\t\t\t\t\t\n<div id=\"pxl-pxl_heading-4060f59b-6783\" class=\"pxl-heading px-sub-title-default-style \">\n\t<div class=\"pxl-heading--inner\">\n\t\t\n\t\t<h1 class=\"pxl-item--title style-default  highlight-default \" data-wow-delay=\"ms\">\n\t\t\t\t\tArthrose de l&#8217;\u00e9paule\t\n\t\t\t\n\t\t<\/h1>\n\t\t\n\t<\/div>\n<\/div>\t\t\t\t<\/div>\n\t\t\t\t<\/div>\n\t\t            <\/div>\r\n        <\/div>\r\n                <div class=\"elementor-column elementor-col-50 elementor-inner-column elementor-element elementor-element-3b35e9e4 pxl-column-none pxl-column-overflow-hidden-no\" data-id=\"3b35e9e4\" data-element_type=\"column\" data-e-type=\"column\">\r\n        <div class=\"elementor-widget-wrap elementor-element-populated\">\r\n                     \r\n        \t\t<div class=\"elementor-element elementor-element-73f3637f Zone_anatomique elementor-hidden-desktop elementor-hidden-tablet elementor-hidden-mobile elementor-widget elementor-widget-pxl_text_editor\" data-id=\"73f3637f\" data-element_type=\"widget\" data-e-type=\"widget\" data-widget_type=\"pxl_text_editor.default\">\n\t\t\t\t<div class=\"elementor-widget-container\">\n\t\t\t\t\t<div class=\"pxl-text-editor default\">\n\t<div class=\"pxl-item--inner  ft-gt\" data-wow-delay=\"ms\">\n\t\t<p>\u00c9paule<\/p>\t\t\n\t<\/div>\n<\/div>\t\t\t\t<\/div>\n\t\t\t\t<\/div>\n\t\t            <\/div>\r\n        <\/div>\r\n        \t\t\t<\/div>\n\t\t<\/section>\n\t\t            <\/div>\r\n        <\/div>\r\n        \t\t\t<\/div>\n\t\t<\/section>\n\t\t        <section class=\"elementor-section elementor-top-section elementor-element elementor-element-7835e190 elementor-section-stretched pxl-row-scroll-fixed section_4 elementor-section-boxed elementor-section-height-default elementor-section-height-default pxl-zoom-point-false pxl-section-overflow-visible pxl-section-fix-none pxl-bg-color-none pxl-section-overlay-none\" data-id=\"7835e190\" data-element_type=\"section\" data-e-type=\"section\" data-settings=\"{&quot;stretch_section&quot;:&quot;section-stretched&quot;,&quot;background_background&quot;:&quot;classic&quot;}\">\n\n                \n                <div class=\"elementor-container elementor-column-gap-extended \">\n                <div class=\"elementor-column elementor-col-50 elementor-top-column elementor-element elementor-element-56ef7bc6 pxl-column-none pxl-column-overflow-hidden-no\" data-id=\"56ef7bc6\" data-element_type=\"column\" data-e-type=\"column\">\r\n        <div class=\"elementor-widget-wrap elementor-element-populated\">\r\n                     \r\n                <section class=\"elementor-section elementor-inner-section elementor-element elementor-element-a9151bb elementor-section-boxed elementor-section-height-default elementor-section-height-default pxl-row-scroll-none pxl-zoom-point-false pxl-section-overflow-visible pxl-section-fix-none pxl-bg-color-none pxl-section-overlay-none\" data-id=\"a9151bb\" data-element_type=\"section\" data-e-type=\"section\" data-settings=\"{&quot;background_background&quot;:&quot;classic&quot;}\">\n\n                \n                <div class=\"elementor-container elementor-column-gap-extended \">\n                <div class=\"elementor-column elementor-col-100 elementor-inner-column elementor-element elementor-element-721156f pxl-column-none pxl-column-overflow-hidden-no\" data-id=\"721156f\" data-element_type=\"column\" data-e-type=\"column\">\r\n        <div class=\"elementor-widget-wrap elementor-element-populated\">\r\n                     \r\n        \t\t<div class=\"elementor-element elementor-element-d02db75 ft-gt elementor-widget elementor-widget-pxl_heading\" data-id=\"d02db75\" data-element_type=\"widget\" data-e-type=\"widget\" data-widget_type=\"pxl_heading.default\">\n\t\t\t\t<div class=\"elementor-widget-container\">\n\t\t\t\t\t\n<div id=\"pxl-pxl_heading-d02db75-7306\" class=\"pxl-heading px-sub-title-default-style \">\n\t<div class=\"pxl-heading--inner\">\n\t\t\n\t\t<h3 class=\"pxl-item--title style-default  highlight-default pxl-split-text split-in-fade\" data-wow-delay=\"ms\">\n\t\t\t\t\tIntroduction\t\n\t\t\t\n\t\t<\/h3>\n\t\t\n\t<\/div>\n<\/div>\t\t\t\t<\/div>\n\t\t\t\t<\/div>\n\t\t\t\t<div class=\"elementor-element elementor-element-c40a7e8 elementor-widget elementor-widget-pxl_text_editor\" data-id=\"c40a7e8\" data-element_type=\"widget\" data-e-type=\"widget\" data-widget_type=\"pxl_text_editor.default\">\n\t\t\t\t<div class=\"elementor-widget-container\">\n\t\t\t\t\t<div class=\"pxl-text-editor default\">\n\t<div class=\"pxl-item--inner  ft-gt\" data-wow-delay=\"ms\">\n\t\tL\u2019articulation gl\u00e9no-hum\u00e9rale est une articulation suspendue qui met en contact une sph\u00e8re (la t\u00eate de l\u2019hum\u00e9rus) dans une assiette (la gl\u00e8ne de l\u2019omoplate). Le cartilage qui recouvre la gl\u00e8ne est entour\u00e9 par un anneau de fibro-cartilage appel\u00e9 \u00abbourrelet ou labrum\u00bb qui contribue efficacement au centrage de la t\u00eate de l\u2019hum\u00e9rus au milieu de la gl\u00e8ne. Une capsule articulaire fibreuse comparable \u00e0 un hamac par sa forme, compl\u00e8te la stabilisation ligamentaire de cette articulation gl\u00e9no\u00efdienne appel\u00e9e en anglais \u00abball in the socket joint\u00bb.\t\t\n\t<\/div>\n<\/div>\t\t\t\t<\/div>\n\t\t\t\t<\/div>\n\t\t            <\/div>\r\n        <\/div>\r\n        \t\t\t<\/div>\n\t\t<\/section>\n\t\t\t\t<div class=\"elementor-element elementor-element-cde8007 Video_principale elementor-widget elementor-widget-video\" data-id=\"cde8007\" data-element_type=\"widget\" data-e-type=\"widget\" data-settings=\"{&quot;youtube_url&quot;:&quot;https:\\\/\\\/www.youtube.com\\\/embed\\\/B6JbPwUIM7U?rel=0&amp;showinfo=0&quot;,&quot;lazy_load&quot;:&quot;yes&quot;,&quot;video_type&quot;:&quot;youtube&quot;,&quot;controls&quot;:&quot;yes&quot;}\" data-widget_type=\"video.default\">\n\t\t\t\t\t\t\t<div class=\"elementor-wrapper elementor-open-inline\">\n\t\t\t<div class=\"elementor-video\"><\/div>\t\t<\/div>\n\t\t\t\t\t\t<\/div>\n\t\t\t\t<div class=\"elementor-element elementor-element-49a685d Section_3_Titre elementor-widget elementor-widget-heading\" data-id=\"49a685d\" data-element_type=\"widget\" data-e-type=\"widget\" data-settings=\"{&quot;_animation&quot;:&quot;none&quot;}\" data-widget_type=\"heading.default\">\n\t\t\t\t\t<h2 class=\"elementor-heading-title elementor-size-default\">Anatomie<\/h2>\t\t\t\t<\/div>\n\t\t\t\t<div class=\"elementor-element elementor-element-4df332d1 elementor-widget elementor-widget-image\" data-id=\"4df332d1\" data-element_type=\"widget\" data-e-type=\"widget\" data-widget_type=\"image.default\">\n\t\t\t\t\t\t\t\t\t\t\t\t\t\t\t\t<a href=\"https:\/\/www.medicol.ch\/med\/images\/maladies\/arthrose_de_l_epaule\/arthrose_de_l_epaule_1.jpg\" data-elementor-open-lightbox=\"yes\" data-e-action-hash=\"#elementor-action%3Aaction%3Dlightbox%26settings%3DW10%3D\" target=\"_blank\" rel=\"noopener\">\n\t\t\t\t\t\t\t<img decoding=\"async\" src=\"https:\/\/www.medicol.ch\/med\/images\/maladies\/arthrose_de_l_epaule\/arthrose_de_l_epaule_1.jpg\" title=\"\" alt=\"Arthrose de l&apos;\u00e9paule\" loading=\"lazy\" \/>\t\t\t\t\t\t\t\t<\/a>\n\t\t\t\t\t\t\t\t\t\t\t\t\t\t\t<\/div>\n\t\t\t\t<div class=\"elementor-element elementor-element-7cf0e348 Section_2_Contenu elementor-widget elementor-widget-text-editor\" data-id=\"7cf0e348\" data-element_type=\"widget\" data-e-type=\"widget\" data-widget_type=\"text-editor.default\">\n\t\t\t\t\t\t\t\t\t<p>(1)Clavicule, (2)Acromion, (3)Supraspinatus (Sus-\u00e9pineux) (4) Capsule (5)Subscapularis (Sous-scapulaire)<\/p><p>L\u2019\u00e9paule est remarquable par son amplitude de mouvements dans toutes les directions gr\u00e2ce aux articulations qui la composent :<\/p><ul><li>Articulation sterno-claviculaire<\/li><li>Articulation acromio-claviculaire<\/li><li>Articulation gl\u00e9no-hum\u00e9rale<\/li><li>Articulation scapulo-thoracique (glissement de l\u2019omoplate sur le thorax).<\/li><\/ul><p>Pour animer l\u2019\u00e9paule et en m\u00eame temps la stabiliser en mettant en appui les surfaces articulaires l\u2019une contre l\u2019autre, il existe un ensemble de petits muscles tr\u00e8s efficaces regroup\u00e9s sous le terme de \u00ab coiffe des rotateurs \u00bb en raison de leur disposition anatomique au dessus de la t\u00eate de l\u2019hum\u00e9rus.<\/p>\t\t\t\t\t\t\t\t<\/div>\n\t\t\t\t<div class=\"elementor-element elementor-element-5ed58cca elementor-widget elementor-widget-image\" data-id=\"5ed58cca\" data-element_type=\"widget\" data-e-type=\"widget\" data-widget_type=\"image.default\">\n\t\t\t\t\t\t\t\t\t\t\t\t\t\t\t\t<a href=\"https:\/\/www.medicol.ch\/med\/images\/maladies\/arthrose_de_l_epaule\/arthrose_de_l_epaule_3.jpg\" data-elementor-open-lightbox=\"yes\" data-e-action-hash=\"#elementor-action%3Aaction%3Dlightbox%26settings%3DW10%3D\" target=\"_blank\" rel=\"noopener\">\n\t\t\t\t\t\t\t<img decoding=\"async\" src=\"https:\/\/www.medicol.ch\/med\/images\/maladies\/arthrose_de_l_epaule\/arthrose_de_l_epaule_3.jpg\" title=\"\" alt=\"Arthrose de l&apos;\u00e9paule\" loading=\"lazy\" \/>\t\t\t\t\t\t\t\t<\/a>\n\t\t\t\t\t\t\t\t\t\t\t\t\t\t\t<\/div>\n\t\t\t\t<div class=\"elementor-element elementor-element-5965e98 Section_2_Contenu elementor-widget elementor-widget-text-editor\" data-id=\"5965e98\" data-element_type=\"widget\" data-e-type=\"widget\" data-widget_type=\"text-editor.default\">\n\t\t\t\t\t\t\t\t\t<p>Ces muscles rotateurs de l\u2019\u00e9paule sont :<\/p><ul><li>le sus-\u00e9pineux (Supraspinatus)<\/li><li>le sous-\u00e9pineux (Infraspinatus)<\/li><li>le sous-scapulaire (Subscapularis)<\/li><li>le petit rond (Teres Minor).<\/li><\/ul><p>Le sus-\u00e9pineux a \u00e9galement un r\u00f4le cl\u00e9 dans l\u2019\u00e9l\u00e9vation du bras et permet le glissement de la t\u00eate de l\u2019hum\u00e9rus sous le toit osseux de l\u2019\u00e9paule appel\u00e9 \u00ab acromion \u00bb qui fait partie de l\u2019omoplate.<\/p>\t\t\t\t\t\t\t\t<\/div>\n\t\t\t\t<div class=\"elementor-element elementor-element-63abc646 Section_3_Titre elementor-widget elementor-widget-heading\" data-id=\"63abc646\" data-element_type=\"widget\" data-e-type=\"widget\" data-settings=\"{&quot;_animation&quot;:&quot;none&quot;}\" data-widget_type=\"heading.default\">\n\t\t\t\t\t<h2 class=\"elementor-heading-title elementor-size-default\">Signes &amp; sympt\u00f4mes<\/h2>\t\t\t\t<\/div>\n\t\t\t\t<div class=\"elementor-element elementor-element-4164bca1 Section_2_Contenu elementor-widget elementor-widget-text-editor\" data-id=\"4164bca1\" data-element_type=\"widget\" data-e-type=\"widget\" data-widget_type=\"text-editor.default\">\n\t\t\t\t\t\t\t\t\t<p>Le sympt\u00f4me principal en cas d\u2019arthrose de l\u2019\u00e9paule est la douleur, associ\u00e9e \u00e0 une raideur articulaire. La douleur est pr\u00e9sente \u00e0 la mobilisation de l\u2019\u00e9paule et r\u00e9veille fr\u00e9quemment le patient la nuit. En cas de l\u00e9sion associ\u00e9e de la coiffe des rotateurs, cette symptomatologie peut \u00eatre accompagn\u00e9e d\u2019une faiblesse musculaire. L\u2019arthrose \u00e9tant une maladie \u00e9volutive, on observe fr\u00e9quemment une augmentation des douleurs et une d\u00e9gradation progressive de la fonction de l\u2019\u00e9paule avec le temps.<\/p>\t\t\t\t\t\t\t\t<\/div>\n\t\t\t\t<div class=\"elementor-element elementor-element-4cec420c elementor-widget elementor-widget-image\" data-id=\"4cec420c\" data-element_type=\"widget\" data-e-type=\"widget\" data-widget_type=\"image.default\">\n\t\t\t\t\t\t\t\t\t\t\t\t\t\t\t\t<a href=\"https:\/\/www.medicol.ch\/med\/images\/maladies\/arthrose_de_l_epaule\/arthrose_de_l_epaule_2.jpg\" data-elementor-open-lightbox=\"yes\" data-e-action-hash=\"#elementor-action%3Aaction%3Dlightbox%26settings%3DW10%3D\" target=\"_blank\" rel=\"noopener\">\n\t\t\t\t\t\t\t<img decoding=\"async\" src=\"https:\/\/www.medicol.ch\/med\/images\/maladies\/arthrose_de_l_epaule\/arthrose_de_l_epaule_2.jpg\" title=\"\" alt=\"Arthrose de l&apos;\u00e9paule\" loading=\"lazy\" \/>\t\t\t\t\t\t\t\t<\/a>\n\t\t\t\t\t\t\t\t\t\t\t\t\t\t\t<\/div>\n\t\t\t\t<div class=\"elementor-element elementor-element-740762b3 Section_3_Titre elementor-widget elementor-widget-heading\" data-id=\"740762b3\" data-element_type=\"widget\" data-e-type=\"widget\" data-settings=\"{&quot;_animation&quot;:&quot;none&quot;}\" data-widget_type=\"heading.default\">\n\t\t\t\t\t<h2 class=\"elementor-heading-title elementor-size-default\">Qu'est-ce que c'est?<\/h2>\t\t\t\t<\/div>\n\t\t\t\t<div class=\"elementor-element elementor-element-164de23e Section_2_Contenu elementor-widget elementor-widget-text-editor\" data-id=\"164de23e\" data-element_type=\"widget\" data-e-type=\"widget\" data-widget_type=\"text-editor.default\">\n\t\t\t\t\t\t\t\t\t<p>L\u2019objectif de la prise en charge proth\u00e9tique de l\u2019\u00e9paule est de soulager les douleurs et d\u2019am\u00e9liorer la fonction de l\u2019\u00e9paule.<br \/>Une op\u00e9ration au niveau de l\u2019\u00e9paule peut \u00eatre rendue n\u00e9cessaire par diff\u00e9rentes affections l\u00e9sant le cartilage, et\/ou les tendons de la coiffe des rotateurs. Cette alt\u00e9ration peut \u00eatre la cons\u00e9quence de diff\u00e9rentes pathologies :<\/p><ul><li>Le rhumatisme articulaire (arthrose gl\u00e9no-hum\u00e9rale ou arthrite rhumato\u00efde)<\/li><li>La n\u00e9crose avasculaire de la t\u00eate hum\u00e9rale<\/li><li>La rupture chronique et irr\u00e9parable (atrophie musculaire massive) de la coiffe des rotateurs<\/li><li>La fracture ou les s\u00e9quelles de fractures de la t\u00eate hum\u00e9rale<\/li><\/ul><p>Le principe de la chirurgie consiste \u00e0 remplacer les surfaces articulaires l\u00e9s\u00e9es par des implants proth\u00e9tiques.<\/p><p>Une proth\u00e8se totale d\u2019\u00e9paule est utilis\u00e9e lorsque la l\u00e9sion int\u00e9resse la t\u00eate hum\u00e9rale et la gl\u00e8ne. Le remplacement sera r\u00e9alis\u00e9 par une pi\u00e8ce hum\u00e9rale et une cupule gl\u00e9no\u00efdienne.<\/p><ol><li>Une h\u00e9miproth\u00e8se d\u2019\u00e9paule est utilis\u00e9e lorsque la l\u00e9sion n\u2019int\u00e9resse que la t\u00eate hum\u00e9rale. Le remplacement ne sera r\u00e9alis\u00e9 que par la pi\u00e8ce hum\u00e9rale seule.<\/li><li>Une proth\u00e8se totale d\u2019\u00e9paule de type inverse est utilis\u00e9e lors de l\u00e9sions associ\u00e9es de la coiffe des rotateurs. La configuration de cette proth\u00e8se permet de compenser l\u2019insuffisance tendineuse.<\/li><\/ol>\t\t\t\t\t\t\t\t<\/div>\n\t\t\t\t<div class=\"elementor-element elementor-element-34a0db35 Section_3_Titre elementor-widget elementor-widget-heading\" data-id=\"34a0db35\" data-element_type=\"widget\" data-e-type=\"widget\" data-settings=\"{&quot;_animation&quot;:&quot;none&quot;}\" data-widget_type=\"heading.default\">\n\t\t\t\t\t<h2 class=\"elementor-heading-title elementor-size-default\">Facteurs de risques<\/h2>\t\t\t\t<\/div>\n\t\t\t\t<div class=\"elementor-element elementor-element-1898ef01 Section_2_Contenu elementor-widget elementor-widget-text-editor\" data-id=\"1898ef01\" data-element_type=\"widget\" data-e-type=\"widget\" data-widget_type=\"text-editor.default\">\n\t\t\t\t\t\t\t\t\t<ul><li>Les micro-traumatismes r\u00e9p\u00e9t\u00e9s (activit\u00e9s qui sollicitent l\u2019\u00e9paule de mani\u00e8re r\u00e9p\u00e9titive)<\/li><li>Les traumatismes articulaires (fractures, l\u00e9sions chroniques de la coiffe des rotateurs)<\/li><li>Les maladies microcristallines, rhumatismales (polyarthrite rhumato\u00efde, chondrocalcinose\u2026)<\/li><li>L\u2019h\u00e9r\u00e9dit\u00e9<\/li><li>Les instabilit\u00e9s chroniques de l\u2019\u00e9paule<\/li><\/ul>\t\t\t\t\t\t\t\t<\/div>\n\t\t\t\t<div class=\"elementor-element elementor-element-fa12d5f Section_3_Titre elementor-widget elementor-widget-heading\" data-id=\"fa12d5f\" data-element_type=\"widget\" data-e-type=\"widget\" data-settings=\"{&quot;_animation&quot;:&quot;none&quot;}\" data-widget_type=\"heading.default\">\n\t\t\t\t\t<h2 class=\"elementor-heading-title elementor-size-default\">Depistage &amp; Diagnostic\n<\/h2>\t\t\t\t<\/div>\n\t\t\t\t<div class=\"elementor-element elementor-element-2d29ea40 Section_2_Contenu elementor-widget elementor-widget-text-editor\" data-id=\"2d29ea40\" data-element_type=\"widget\" data-e-type=\"widget\" data-widget_type=\"text-editor.default\">\n\t\t\t\t\t\t\t\t\t<p>L\u2019examen clinique est primordial : mobilisation de l\u2019\u00e9paule et tests sp\u00e9cifiques permettant d\u2019\u00e9valuer la fonctionnalit\u00e9 de la coiffe des rotateurs.<br><br>Le bilan radiologique standard de l\u2019\u00e9paule permet d\u2019objectiver l\u2019arthrose. Une imagerie compl\u00e9mentaire par IRM et CT scanner associ\u00e9 \u00e0 une arthrographie permet d\u2019\u00e9valuer l\u2019\u00e9tat de la coiffe des rotateurs, ainsi que le stock osseux en pr\u00e9vision de l\u2019implantation de la proth\u00e8se.<\/p>\t\t\t\t\t\t\t\t<\/div>\n\t\t\t\t<div class=\"elementor-element elementor-element-39b2d4b elementor-widget elementor-widget-image\" data-id=\"39b2d4b\" data-element_type=\"widget\" data-e-type=\"widget\" data-widget_type=\"image.default\">\n\t\t\t\t\t\t\t\t\t\t\t\t\t\t\t\t<a href=\"https:\/\/www.medicol.ch\/med\/images\/maladies\/traitement_epaule.jpg\" data-elementor-open-lightbox=\"yes\" data-e-action-hash=\"#elementor-action%3Aaction%3Dlightbox%26settings%3DW10%3D\" target=\"_blank\" rel=\"noopener\">\n\t\t\t\t\t\t\t<img decoding=\"async\" src=\"https:\/\/www.medicol.ch\/med\/images\/maladies\/traitement_epaule.jpg\" title=\"\" alt=\"\" loading=\"lazy\" \/>\t\t\t\t\t\t\t\t<\/a>\n\t\t\t\t\t\t\t\t\t\t\t\t\t\t\t<\/div>\n\t\t\t\t<div class=\"elementor-element elementor-element-2d76d43c Section_3_Titre elementor-widget elementor-widget-heading\" data-id=\"2d76d43c\" data-element_type=\"widget\" data-e-type=\"widget\" data-settings=\"{&quot;_animation&quot;:&quot;none&quot;}\" data-widget_type=\"heading.default\">\n\t\t\t\t\t<h2 class=\"elementor-heading-title elementor-size-default\">Traitements\n<\/h2>\t\t\t\t<\/div>\n\t\t\t\t<div class=\"elementor-element elementor-element-53fcec29 Section_3_Titre elementor-widget elementor-widget-heading\" data-id=\"53fcec29\" data-element_type=\"widget\" data-e-type=\"widget\" data-settings=\"{&quot;_animation&quot;:&quot;none&quot;}\" data-widget_type=\"heading.default\">\n\t\t\t\t\t<h3 class=\"elementor-heading-title elementor-size-default\">Auto traitement\n<\/h3>\t\t\t\t<\/div>\n\t\t\t\t<div class=\"elementor-element elementor-element-7cda22de Section_2_Contenu elementor-widget elementor-widget-text-editor\" data-id=\"7cda22de\" data-element_type=\"widget\" data-e-type=\"widget\" data-widget_type=\"text-editor.default\">\n\t\t\t\t\t\t\t\t\t<p>La mise au repos de l\u2019articulation, et la prise d\u2019anti-inflammatoires peut soulager les douleurs. Lors d\u2019arthrose d\u00e9butante, une infiltration cortisonn\u00e9e et un programme de physioth\u00e9rapie bien conduit permet de baisser la symptomatologie.<br><br>L\u2019arthrose \u00e9tant une maladie \u00e9volutive, on observe fr\u00e9quemment une augmentation des douleurs et une d\u00e9gradation progressive de la fonction de l\u2019\u00e9paule avec le temps. Si la douleur persiste, il est pr\u00e9f\u00e9rable de consulter.<br><br><\/p>\t\t\t\t\t\t\t\t<\/div>\n\t\t\t\t<div class=\"elementor-element elementor-element-38043bd5 Section_3_Titre elementor-widget elementor-widget-heading\" data-id=\"38043bd5\" data-element_type=\"widget\" data-e-type=\"widget\" data-settings=\"{&quot;_animation&quot;:&quot;none&quot;}\" data-widget_type=\"heading.default\">\n\t\t\t\t\t<h3 class=\"elementor-heading-title elementor-size-default\">Traitements m\u00e9dicaux\n<\/h3>\t\t\t\t<\/div>\n\t\t\t\t<div class=\"elementor-element elementor-element-741bd8e0 Section_2_Contenu elementor-widget elementor-widget-text-editor\" data-id=\"741bd8e0\" data-element_type=\"widget\" data-e-type=\"widget\" data-widget_type=\"text-editor.default\">\n\t\t\t\t\t\t\t\t\t<p>Le type de traitement est adapt\u00e9 \u00e0 la s\u00e9v\u00e9rit\u00e9 de l\u2019arthrose, de son retentissement fonctionnel et de la douleur.<br><br>Le traitement de physioth\u00e9rapie est \u00e0 but anti-inflammatoire et antalgique. Elle repose essentiellement sur l\u2019assouplissement des haubans capsulaires, la d\u00e9tente puis le renforcement musculaire.<br><br>L\u2019effet du traitement conservateur \u00e9tant limit\u00e9 lors d\u2019arthrose avanc\u00e9e, la prise en charge chirurgicale repr\u00e9sente la solution th\u00e9rapeutique la plus adapt\u00e9e.<br><br><\/p>\t\t\t\t\t\t\t\t<\/div>\n\t\t\t\t<div class=\"elementor-element elementor-element-7267f6b6 Section_3_Titre elementor-widget elementor-widget-heading\" data-id=\"7267f6b6\" data-element_type=\"widget\" data-e-type=\"widget\" data-settings=\"{&quot;_animation&quot;:&quot;none&quot;}\" data-widget_type=\"heading.default\">\n\t\t\t\t\t<h3 class=\"elementor-heading-title elementor-size-default\">Nos m\u00e9thodes pr\u00e9f\u00e9r\u00e9es\n<\/h3>\t\t\t\t<\/div>\n\t\t\t\t<div class=\"elementor-element elementor-element-43fc4fce Section_2_Contenu elementor-widget elementor-widget-text-editor\" data-id=\"43fc4fce\" data-element_type=\"widget\" data-e-type=\"widget\" data-widget_type=\"text-editor.default\">\n\t\t\t\t\t\t\t\t\t<p>L\u2019intervention est effectu\u00e9e en anesth\u00e9sie g\u00e9n\u00e9rale combin\u00e9e \u00e0 un bloc neurologique \u00e0 but antalgique. Le cath\u00e9ter sera retir\u00e9 apr\u00e8s 2-3 jours, apr\u00e8s r\u00e9gression des douleurs.<br><br>L\u2019intervention n\u00e9cessite une incision cutan\u00e9e sur la partie ant\u00e9rieure de l\u2019\u00e9paule d\u2019environ 10 cm. L\u2019op\u00e9ration se pratique dans une enceinte st\u00e9rile avec flux laminaire, et sous une protection antibiotique prophylactique.<br><br>Le choix de la proth\u00e8se se fait selon l\u2019int\u00e9grit\u00e9 de la coiffe des rotateurs, le stock osseux et la demande fonctionnelle. La dur\u00e9e de l\u2019intervention moyenne est d\u2019environ 1h30 heures. Le bras est ensuite immobilis\u00e9 dans un gilet orthop\u00e9dique pour une dur\u00e9e de 4 \u00e0 6 semaines.<br><br>En postop\u00e9ratoire, la r\u00e9habilitation est protocol\u00e9e. La dur\u00e9e d\u2019hospitalisation est d\u2019environ 1 semaine. Une aide du centre m\u00e9dico-social (CMS) pour les repas, la toilette et le m\u00e9nage peut \u00eatre organis\u00e9e \u00e0 la demande lors la sortie d\u2019h\u00f4pital.<br><br><\/p>\t\t\t\t\t\t\t\t<\/div>\n\t\t\t\t<div class=\"elementor-element elementor-element-22e7b5e1 elementor-widget elementor-widget-image\" data-id=\"22e7b5e1\" data-element_type=\"widget\" data-e-type=\"widget\" data-widget_type=\"image.default\">\n\t\t\t\t\t\t\t\t\t\t\t\t\t\t\t\t<a href=\"https:\/\/www.medicol.ch\/med\/images\/maladies\/chirurgie.jpg\" data-elementor-open-lightbox=\"yes\" data-e-action-hash=\"#elementor-action%3Aaction%3Dlightbox%26settings%3DW10%3D\" target=\"_blank\" rel=\"noopener\">\n\t\t\t\t\t\t\t<img decoding=\"async\" src=\"https:\/\/www.medicol.ch\/med\/images\/maladies\/chirurgie.jpg\" title=\"\" alt=\"\" loading=\"lazy\" \/>\t\t\t\t\t\t\t\t<\/a>\n\t\t\t\t\t\t\t\t\t\t\t\t\t\t\t<\/div>\n\t\t\t\t<div class=\"elementor-element elementor-element-57e7e2b6 Section_3_Titre elementor-widget elementor-widget-heading\" data-id=\"57e7e2b6\" data-element_type=\"widget\" data-e-type=\"widget\" data-settings=\"{&quot;_animation&quot;:&quot;none&quot;}\" data-widget_type=\"heading.default\">\n\t\t\t\t\t<h2 class=\"elementor-heading-title elementor-size-default\">Chirurgie\n<\/h2>\t\t\t\t<\/div>\n\t\t\t\t<div class=\"elementor-element elementor-element-6bf0fa5a Section_3_Titre elementor-widget elementor-widget-heading\" data-id=\"6bf0fa5a\" data-element_type=\"widget\" data-e-type=\"widget\" data-settings=\"{&quot;_animation&quot;:&quot;none&quot;}\" data-widget_type=\"heading.default\">\n\t\t\t\t\t<h3 class=\"elementor-heading-title elementor-size-default\">Pr\u00e9paration \u00e0 la chirurgie \n\n<\/h3>\t\t\t\t<\/div>\n\t\t\t\t<div class=\"elementor-element elementor-element-113a675f Section_2_Contenu elementor-widget elementor-widget-text-editor\" data-id=\"113a675f\" data-element_type=\"widget\" data-e-type=\"widget\" data-widget_type=\"text-editor.default\">\n\t\t\t\t\t\t\t\t\t<p>Nous nous tenons \u00e0 disposition de votre m\u00e9decin traitant pour l\u2019informer sur la nature du traitement propos\u00e9 afin de pouvoir vous prendre en charge le mieux possible et pr\u00e9venir les facteurs de risques, et vous assurer le meilleur suivi postop\u00e9ratoire. Le traitement chirurgical une fois planifi\u00e9, le m\u00e9decin traitant peut \u00eatre sollicit\u00e9 pour remplir les rubriques d\u2019un formulaire qui sera transmis au m\u00e9decin anesth\u00e9siste. Cette demande est faite syst\u00e9matiquement pour des interventions majeures.<\/p><p>Un rendez-vous avec le m\u00e9decin anesth\u00e9siste peut \u00eatre jug\u00e9 utile ou indispensable en fonction du type d\u2019intervention et des facteurs de risques existants. La visite a lieu avant ou au moment de votre entr\u00e9e en clinique voire le jour m\u00eame de l\u2019op\u00e9ration par exemple. Cette consultation a pour but de vous donner les informations utiles relatives au mode d\u2019anesth\u00e9sie qui sera d\u00e9cid\u00e9 d\u2019un commun accord avec vous. La discussion aura non seulement trait \u00e0 l\u2019anesth\u00e9sie elle-m\u00eame mais \u00e9galement aux moyens de contr\u00f4ler la douleur durant la p\u00e9riode postop\u00e9ratoire.<\/p><p>En fonction du programme op\u00e9ratoire, vous entrerez la veille de votre intervention ou le jour m\u00eame 3 heures avant l\u2019op\u00e9ration \u00e0 jeun.<\/p>\t\t\t\t\t\t\t\t<\/div>\n\t\t\t\t<div class=\"elementor-element elementor-element-c9002cc Section_3_Titre elementor-widget elementor-widget-heading\" data-id=\"c9002cc\" data-element_type=\"widget\" data-e-type=\"widget\" data-settings=\"{&quot;_animation&quot;:&quot;none&quot;}\" data-widget_type=\"heading.default\">\n\t\t\t\t\t<h3 class=\"elementor-heading-title elementor-size-default\">R\u00e9cup\u00e9ration \n\n<\/h3>\t\t\t\t<\/div>\n\t\t\t\t<div class=\"elementor-element elementor-element-4cec119a Section_2_Contenu elementor-widget elementor-widget-text-editor\" data-id=\"4cec119a\" data-element_type=\"widget\" data-e-type=\"widget\" data-widget_type=\"text-editor.default\">\n\t\t\t\t\t\t\t\t\t<p>D\u00e8s le premier jour suivant l\u2019op\u00e9ration, un programme de r\u00e9\u00e9ducation est d\u00e9but\u00e9. Les physioth\u00e9rapeutes mobiliseront le bras op\u00e9r\u00e9 et enseigneront les exercices \u00e0 r\u00e9aliser de mani\u00e8re autonome. La physioth\u00e9rapie devra \u00eatre imp\u00e9rativement poursuivi en ambulatoire.<\/p><p>La main et le coude pourront \u00eatre mobilis\u00e9s au niveau de la ceinture, sous protection d\u2019un gilet orthop\u00e9dique pour 6 semaines. Le gilet orthop\u00e9dique pourra \u00eatre quotidiennement enlev\u00e9 la journ\u00e9e, pour la toilette et l\u2019habillage. L\u2019\u00e9paule ne pouvant \u00eatre mobilis\u00e9 au-dessus du buste, la conduite de la voiture n\u2019est pas autoris\u00e9e durant ces 6 semaines.<\/p>\t\t\t\t\t\t\t\t<\/div>\n\t\t\t\t<div class=\"elementor-element elementor-element-1c7f3c30 Section_3_Titre elementor-widget elementor-widget-heading\" data-id=\"1c7f3c30\" data-element_type=\"widget\" data-e-type=\"widget\" data-settings=\"{&quot;_animation&quot;:&quot;none&quot;}\" data-widget_type=\"heading.default\">\n\t\t\t\t\t<h3 class=\"elementor-heading-title elementor-size-default\">Risques possibles \n\n<\/h3>\t\t\t\t<\/div>\n\t\t\t\t<div class=\"elementor-element elementor-element-529ff1f9 Section_2_Contenu elementor-widget elementor-widget-text-editor\" data-id=\"529ff1f9\" data-element_type=\"widget\" data-e-type=\"widget\" data-widget_type=\"text-editor.default\">\n\t\t\t\t\t\t\t\t\t<p>Les complications apr\u00e8s mise en place d\u2019une proth\u00e8se d\u2019\u00e9paule sont rares. Voici celles qui sont le plus couramment rencontr\u00e9es et pour lesquelles nous r\u00e9alisons une pr\u00e9vention active.<\/p><p>La raideur de l\u2019\u00e9paule. Un programme de r\u00e9\u00e9ducation permet en g\u00e9n\u00e9ral de la traiter.<\/p><p>L\u2019infection. Elle est trait\u00e9e par antibiotique et peut parfois n\u00e9cessiter l\u2019ablation de la proth\u00e8se et son remplacement dans un second temps.<\/p><p>La luxation. Elle est trait\u00e9e par une r\u00e9vision chirurgicale lorsqu\u2019elle est r\u00e9cidivante.<\/p><p>Les l\u00e9sions neurologiques et vasculaires sont rarissimes, mais sont une complication toujours possible quel que soit le type de chirurgie r\u00e9alis\u00e9e.<\/p><p>L\u2019usure (descellement) de la proth\u00e8se survient en g\u00e9n\u00e9ral tardivement \u00e0 plus de 10 ans. Il est parfois n\u00e9cessaire de remplacer les implants.<\/p>\t\t\t\t\t\t\t\t<\/div>\n\t\t\t\t<div class=\"elementor-element elementor-element-648bd7f1 Section_3_Titre elementor-widget elementor-widget-heading\" data-id=\"648bd7f1\" data-element_type=\"widget\" data-e-type=\"widget\" data-settings=\"{&quot;_animation&quot;:&quot;none&quot;}\" data-widget_type=\"heading.default\">\n\t\t\t\t\t<h2 class=\"elementor-heading-title elementor-size-default\">Questions fr\u00e9quentes \n<\/h2>\t\t\t\t<\/div>\n\t\t\t\t<div class=\"elementor-element elementor-element-656ab558 faq_pathologie elementor-widget-mobile__width-inherit elementor-widget elementor-widget-pxl_accordion\" data-id=\"656ab558\" data-element_type=\"widget\" data-e-type=\"widget\" data-widget_type=\"pxl_accordion.default\">\n\t\t\t\t<div class=\"elementor-widget-container\">\n\t\t\t\t\t    <div class=\"pxl-accordion pxl-accordion1 style1 \" data-wow-delay=\"ms\">\r\n                    <div class=\"pxl--item  active \">\r\n                                \r\n                <h5 class=\"pxl-accordion--title\" data-target=\"#pxl_accordion-656ab558-6215-98960d6\">\r\n                                <span class=\"pxl-title--text pxl-pr-20\">Quel type d\u2019anesth\u00e9sie est propos\u00e9 pour ce type de chirurgie ?<\/span>\r\n\r\n                <i class=\"pxl-icon--plus pxl-r-9\"><\/i> \r\n\r\n                \r\n                <\/h5>\r\n                <div id=\"pxl_accordion-656ab558-6215-98960d6\" class=\"pxl-accordion--content\" style=\"display: block;\">\r\n                    Habituellement, il s\u2019agit d\u2019une anesth\u00e9sie g\u00e9n\u00e9rale combin\u00e9e avec une anesth\u00e9sie loco-r\u00e9gionale. L\u2019anesth\u00e9sie plexuelle r\u00e9gionale est maintenue apr\u00e8s l\u2019intervention pour g\u00e9rer les douleurs postop\u00e9ratoires.<br \/>\n                <\/div>\r\n                                            <\/div>\r\n                    <div class=\"pxl--item   \">\r\n                                \r\n                <h5 class=\"pxl-accordion--title\" data-target=\"#pxl_accordion-656ab558-6215-f2a4821\">\r\n                                <span class=\"pxl-title--text pxl-pr-20\">Combien de temps devrais-je porter une \u00e9charpe ou un gilet ?<\/span>\r\n\r\n                <i class=\"pxl-icon--plus pxl-r-9\"><\/i> \r\n\r\n                \r\n                <\/h5>\r\n                <div id=\"pxl_accordion-656ab558-6215-f2a4821\" class=\"pxl-accordion--content\" >\r\n                    Habituellement, une protection par gilet ou repose-bras est propos\u00e9e pour un mois mais durant la journ\u00e9e le coude et l\u2019\u00e9paule peuvent \u00eatre mobilis\u00e9s assez librement au fur et \u00e0 mesure de la r\u00e9cup\u00e9ration du contr\u00f4le actif du mouvement.                <\/div>\r\n                                            <\/div>\r\n                    <div class=\"pxl--item   \">\r\n                                \r\n                <h5 class=\"pxl-accordion--title\" data-target=\"#pxl_accordion-656ab558-6215-fa334b5\">\r\n                                <span class=\"pxl-title--text pxl-pr-20\">Le traitement chirurgical est-il souvent synonyme de r\u00e9ussite ?<\/span>\r\n\r\n                <i class=\"pxl-icon--plus pxl-r-9\"><\/i> \r\n\r\n                \r\n                <\/h5>\r\n                <div id=\"pxl_accordion-656ab558-6215-fa334b5\" class=\"pxl-accordion--content\" >\r\n                    Lorsque l\u2019indication est bien pos\u00e9e, le traitement donne de bons r\u00e9sultats. S\u2019il s\u2019agit de l\u00e9sions d\u2019origine accidentelle o\u00f9 le tendon et le muscle sont de bonne qualit\u00e9, le pronostic est excellent. Dans les l\u00e9sions chroniques, diff\u00e9rents param\u00e8tres entrent en ligne de compte et le pronostic varie de cas en cas.                <\/div>\r\n                                            <\/div>\r\n                    <div class=\"pxl--item   \">\r\n                                \r\n                <h5 class=\"pxl-accordion--title\" data-target=\"#pxl_accordion-656ab558-6215-f374126\">\r\n                                <span class=\"pxl-title--text pxl-pr-20\">Quand pourrais-je recommencer \u00e0 conduire ?<\/span>\r\n\r\n                <i class=\"pxl-icon--plus pxl-r-9\"><\/i> \r\n\r\n                \r\n                <\/h5>\r\n                <div id=\"pxl_accordion-656ab558-6215-f374126\" class=\"pxl-accordion--content\" >\r\n                    Il faut compter au minimum 4 \u00e0 6 semaines apr\u00e8s l\u2019intervention et cela d\u00e9pend \u00e9galement du c\u00f4t\u00e9 op\u00e9r\u00e9.                <\/div>\r\n                                            <\/div>\r\n            <\/div>\r\n    \t\t\t\t<\/div>\n\t\t\t\t<\/div>\n\t\t            <\/div>\r\n        <\/div>\r\n                <div class=\"elementor-column elementor-col-50 elementor-top-column elementor-element elementor-element-4651c4c3 pxl-column-sticky pxl-column-overflow-hidden-no\" data-id=\"4651c4c3\" data-element_type=\"column\" data-e-type=\"column\">\r\n        <div class=\"elementor-widget-wrap elementor-element-populated\">\r\n                     \r\n                <section class=\"elementor-section elementor-inner-section elementor-element elementor-element-23fd4522 section_4_colonne_d_bloc_1 elementor-section-boxed elementor-section-height-default elementor-section-height-default pxl-row-scroll-none pxl-zoom-point-false pxl-section-overflow-visible pxl-section-fix-none pxl-bg-color-none pxl-section-overlay-none\" data-id=\"23fd4522\" data-element_type=\"section\" data-e-type=\"section\" data-settings=\"{&quot;background_background&quot;:&quot;classic&quot;}\">\n\n                \n                <div class=\"elementor-container elementor-column-gap-default \">\n                <div class=\"elementor-column elementor-col-100 elementor-inner-column elementor-element elementor-element-2c661264 section_4_colonne_d_bloc_1 pxl-column-none pxl-column-overflow-hidden-no\" data-id=\"2c661264\" data-element_type=\"column\" data-e-type=\"column\" data-settings=\"{&quot;background_background&quot;:&quot;classic&quot;}\">\r\n        <div class=\"elementor-widget-wrap elementor-element-populated\">\r\n                     \r\n        \t\t<div class=\"elementor-element elementor-element-4446ff87 elementor-toc--content-ellipsis elementor-widget__width-inherit section_4_colonne_d_bloc_1_TOC elementor-toc--minimized-on-tablet elementor-widget elementor-widget-table-of-contents\" data-id=\"4446ff87\" data-element_type=\"widget\" data-e-type=\"widget\" data-settings=\"{&quot;headings_by_tags&quot;:[&quot;h2&quot;],&quot;exclude_headings_by_selector&quot;:[],&quot;marker_view&quot;:&quot;bullets&quot;,&quot;no_headings_message&quot;:&quot;No headings were found on this page.&quot;,&quot;collapse_subitems&quot;:&quot;yes&quot;,&quot;icon&quot;:{&quot;value&quot;:&quot;&quot;,&quot;library&quot;:&quot;&quot;},&quot;minimize_box&quot;:&quot;yes&quot;,&quot;minimized_on&quot;:&quot;tablet&quot;,&quot;hierarchical_view&quot;:&quot;yes&quot;,&quot;min_height&quot;:{&quot;unit&quot;:&quot;px&quot;,&quot;size&quot;:&quot;&quot;,&quot;sizes&quot;:[]},&quot;min_height_tablet&quot;:{&quot;unit&quot;:&quot;px&quot;,&quot;size&quot;:&quot;&quot;,&quot;sizes&quot;:[]},&quot;min_height_mobile&quot;:{&quot;unit&quot;:&quot;px&quot;,&quot;size&quot;:&quot;&quot;,&quot;sizes&quot;:[]}}\" data-widget_type=\"table-of-contents.default\">\n\t\t\t\t\t\t\t\t\t<div class=\"elementor-toc__header\">\n\t\t\t\t\t\t<h4 class=\"elementor-toc__header-title\">\n\t\t\t\tSommaire\t\t\t<\/h4>\n\t\t\t\t\t\t\t\t\t\t<div class=\"elementor-toc__toggle-button elementor-toc__toggle-button--expand\" role=\"button\" tabindex=\"0\" aria-controls=\"elementor-toc__4446ff87\" aria-expanded=\"true\" aria-label=\"Open table of contents\"><i aria-hidden=\"true\" class=\"fas fa-chevron-down\"><\/i><\/div>\n\t\t\t\t<div class=\"elementor-toc__toggle-button elementor-toc__toggle-button--collapse\" role=\"button\" tabindex=\"0\" aria-controls=\"elementor-toc__4446ff87\" aria-expanded=\"true\" aria-label=\"Close table of contents\"><i aria-hidden=\"true\" class=\"fas fa-chevron-up\"><\/i><\/div>\n\t\t\t\t\t<\/div>\n\t\t\t\t<div id=\"elementor-toc__4446ff87\" class=\"elementor-toc__body elementor-toc__list-items--collapsible\">\n\t\t\t<div class=\"elementor-toc__spinner-container\">\n\t\t\t\t<i class=\"elementor-toc__spinner eicon-animation-spin eicon-loading\" aria-hidden=\"true\"><\/i>\t\t\t<\/div>\n\t\t<\/div>\n\t\t\t\t\t\t<\/div>\n\t\t            <\/div>\r\n        <\/div>\r\n        \t\t\t<\/div>\n\t\t<\/section>\n\t\t\t\t<div class=\"elementor-element elementor-element-33b6341 elementor-widget elementor-widget-shortcode\" data-id=\"33b6341\" data-element_type=\"widget\" data-e-type=\"widget\" data-widget_type=\"shortcode.default\">\n\t\t\t\t\t\t\t<div class=\"elementor-shortcode\">\t\t<div data-elementor-type=\"section\" data-elementor-id=\"18317\" class=\"elementor elementor-18317\" data-elementor-post-type=\"elementor_library\">\n\t\t\t        <section class=\"elementor-section elementor-inner-section elementor-element elementor-element-129a4856 section_4_colonne_d_bloc_2 elementor-section-boxed elementor-section-height-default elementor-section-height-default pxl-row-scroll-none pxl-zoom-point-false pxl-section-overflow-visible pxl-section-fix-none pxl-bg-color-none pxl-section-overlay-none\" data-id=\"129a4856\" data-element_type=\"section\" data-e-type=\"section\" data-settings=\"{&quot;background_background&quot;:&quot;classic&quot;}\">\n\n                \n                <div class=\"elementor-container elementor-column-gap-default \">\n                <div class=\"elementor-column elementor-col-100 elementor-inner-column elementor-element elementor-element-211c6366 section_4_colonne_d_bloc_2 pxl-column-none pxl-column-overflow-hidden-no\" data-id=\"211c6366\" data-element_type=\"column\" data-e-type=\"column\" data-settings=\"{&quot;background_background&quot;:&quot;classic&quot;}\">\r\n        <div class=\"elementor-widget-wrap elementor-element-populated\">\r\n                     \r\n        \t\t<div class=\"elementor-element elementor-element-2fd71dc1 elementor-hidden-desktop elementor-hidden-tablet elementor-hidden-mobile elementor-widget elementor-widget-image\" data-id=\"2fd71dc1\" data-element_type=\"widget\" data-e-type=\"widget\" data-widget_type=\"image.default\">\n\t\t\t\t\t\t\t\t\t\t\t\t\t\t\t<img decoding=\"async\" width=\"400\" height=\"52\" src=\"https:\/\/template2.orthopediste-lausanne.ch\/wp-content\/uploads\/2024\/10\/logo_coo_v2.png\" class=\"attachment-large size-large wp-image-23936\" alt=\"Centre Orthop\u00e9dique d&apos;Ouchy \u00e0 Lausanne\" srcset=\"https:\/\/template2.orthopediste-lausanne.ch\/wp-content\/uploads\/2024\/10\/logo_coo_v2.png 400w, https:\/\/template2.orthopediste-lausanne.ch\/wp-content\/uploads\/2024\/10\/logo_coo_v2-300x39.png 300w, https:\/\/template2.orthopediste-lausanne.ch\/wp-content\/uploads\/2024\/10\/logo_coo_v2-18x2.png 18w\" sizes=\"(max-width: 400px) 100vw, 400px\" \/>\t\t\t\t\t\t\t\t\t\t\t\t\t\t\t<\/div>\n\t\t\t\t<div class=\"elementor-element elementor-element-908bdf9 elementor-widget elementor-widget-heading\" data-id=\"908bdf9\" data-element_type=\"widget\" data-e-type=\"widget\" data-widget_type=\"heading.default\">\n\t\t\t\t\t<h2 class=\"elementor-heading-title elementor-size-default\">Besoin d'un avis m\u00e9dical?<\/h2>\t\t\t\t<\/div>\n\t\t\t\t<div class=\"elementor-element elementor-element-40a030e elementor-widget elementor-widget-heading\" data-id=\"40a030e\" data-element_type=\"widget\" data-e-type=\"widget\" data-widget_type=\"heading.default\">\n\t\t\t\t\t<h2 class=\"elementor-heading-title elementor-size-default\">Les m\u00e9decins du Centre Orthop\u00e9dique d'Ouchy sont \u00e0 votre disposition<\/h2>\t\t\t\t<\/div>\n\t\t\t\t<div class=\"elementor-element elementor-element-56bff6d8 elementor-widget elementor-widget-pxl_icon_box\" data-id=\"56bff6d8\" data-element_type=\"widget\" data-e-type=\"widget\" data-widget_type=\"pxl_icon_box.default\">\n\t\t\t\t<div class=\"elementor-widget-container\">\n\t\t\t\t\t<div class=\"pxl-icon-box pxl-icon-box1 style-1 ani3 \" data-wow-delay=\"ms\">\r\n    <div class=\"pxl-item--inner\">\r\n        \r\n                            <div class=\"pxl-item--icon\">\r\n                                    <svg xmlns=\"http:\/\/www.w3.org\/2000\/svg\" width=\"32\" height=\"32\" fill=\"#000000\" viewBox=\"0 0 256 256\"><path d=\"M128,64a40,40,0,1,0,40,40A40,40,0,0,0,128,64Zm0,64a24,24,0,1,1,24-24A24,24,0,0,1,128,128Zm0-112a88.1,88.1,0,0,0-88,88c0,31.4,14.51,64.68,42,96.25a254.19,254.19,0,0,0,41.45,38.3,8,8,0,0,0,9.18,0A254.19,254.19,0,0,0,174,200.25c27.45-31.57,42-64.85,42-96.25A88.1,88.1,0,0,0,128,16Zm0,206c-16.53-13-72-60.75-72-118a72,72,0,0,1,144,0C200,161.23,144.53,209,128,222Z\"><\/path><\/svg>                                <\/div>\r\n                        <div class=\"pxl-item--meta\">\r\n            <p class=\"pxl-item--title el-empty\">\r\n                             <a >\r\n                        Adresse                             <\/a>\r\n                        <\/p>\r\n            <div class=\"pxl-item--description el-empty\">Avenue d\u2019Ouchy 41<br>\n1006 Lausanne<\/div>\r\n        <\/div>\r\n    <\/div>\r\n<\/div>\t\t\t\t<\/div>\n\t\t\t\t<\/div>\n\t\t\t\t<div class=\"elementor-element elementor-element-c915315 elementor-widget elementor-widget-pxl_icon_box\" data-id=\"c915315\" data-element_type=\"widget\" data-e-type=\"widget\" data-widget_type=\"pxl_icon_box.default\">\n\t\t\t\t<div class=\"elementor-widget-container\">\n\t\t\t\t\t<div class=\"pxl-icon-box pxl-icon-box1 style-1 ani3 \" data-wow-delay=\"ms\">\r\n    <div class=\"pxl-item--inner\">\r\n        \r\n                            <div class=\"pxl-item--icon\">\r\n                                    <svg xmlns=\"http:\/\/www.w3.org\/2000\/svg\" width=\"32\" height=\"32\" fill=\"#000000\" viewBox=\"0 0 256 256\"><path d=\"M168,112a8,8,0,0,1-8,8H96a8,8,0,0,1,0-16h64A8,8,0,0,1,168,112Zm-8,24H96a8,8,0,0,0,0,16h64a8,8,0,0,0,0-16Zm72-12A100.11,100.11,0,0,1,132,224H47.67A15.69,15.69,0,0,1,32,208.33V124a100,100,0,0,1,200,0Zm-16,0a84,84,0,0,0-168,0v84h84A84.09,84.09,0,0,0,216,124Z\"><\/path><\/svg>                                <\/div>\r\n                        <div class=\"pxl-item--meta\">\r\n            <p class=\"pxl-item--title el-empty\">\r\n                             <a >\r\n                        Contact                             <\/a>\r\n                        <\/p>\r\n            <div class=\"pxl-item--description el-empty\"><a href=\"mailto:centre@medicol.ch\">centre@medicol.ch<\/a><br>\n+41 21 510 33 48<\/div>\r\n        <\/div>\r\n    <\/div>\r\n<\/div>\t\t\t\t<\/div>\n\t\t\t\t<\/div>\n\t\t\t\t<div class=\"elementor-element elementor-element-8ba6f6e ft-gt elementor-widget elementor-widget-pxl_button\" data-id=\"8ba6f6e\" data-element_type=\"widget\" data-e-type=\"widget\" data-widget_type=\"pxl_button.default\">\n\t\t\t\t<div class=\"elementor-widget-container\">\n\t\t\t\t\t<div id=\"pxl-pxl_button-8ba6f6e-6806\" class=\"pxl-button pxl-atc-link \" data-wow-delay=\"ms\">\r\n    <a href=\"https:\/\/www.centre-ortho.ch\/consultation\/\" class=\"btn  btn-glossy btn-default  full pxl-icon--right\" data-wow-delay=\"ms\" data-target=\".pxl-page-popup-template-0\" target=\"_blank\" rel=\"noopener\">\r\n                    <svg xmlns=\"http:\/\/www.w3.org\/2000\/svg\" viewBox=\"0 0 24 24\" width=\"512\" style=\"transform:scalex(-1);height:auto;\" data-name=\"Layer 2\"><path d=\"m22 11h-17.586l5.293-5.293a1 1 0 1 0 -1.414-1.414l-7 7a1 1 0 0 0 0 1.414l7 7a1 1 0 0 0 1.414-1.414l-5.293-5.293h17.586a1 1 0 0 0 0-2z\"><\/path><\/svg>                        <span class=\"pxl--btn-text\" data-text=\"Prendre rendez-vous\">\r\n                        Prendre rendez-vous        <\/span>\r\n    <\/a>\r\n<\/div>\t\t\t\t<\/div>\n\t\t\t\t<\/div>\n\t\t            <\/div>\r\n        <\/div>\r\n        \t\t\t<\/div>\n\t\t<\/section>\n\t\t\t\t<\/div>\n\t\t<\/div>\n\t\t\t\t\t\t<\/div>\n\t\t            <\/div>\r\n        <\/div>\r\n        \t\t\t<\/div>\n\t\t<\/section>\n\t\t        <section class=\"elementor-section elementor-top-section elementor-element elementor-element-1ebaac11 elementor-section-boxed elementor-section-height-default elementor-section-height-default pxl-row-scroll-none pxl-zoom-point-false pxl-section-overflow-visible pxl-section-fix-none pxl-bg-color-none pxl-section-overlay-none\" data-id=\"1ebaac11\" data-element_type=\"section\" data-e-type=\"section\" data-settings=\"{&quot;background_background&quot;:&quot;classic&quot;}\">\n\n                \n                <div class=\"elementor-container elementor-column-gap-default \">\n                <div class=\"elementor-column elementor-col-100 elementor-top-column elementor-element elementor-element-192ffb1f pxl-column-none pxl-column-overflow-hidden-no\" data-id=\"192ffb1f\" data-element_type=\"column\" data-e-type=\"column\">\r\n        <div class=\"elementor-widget-wrap elementor-element-populated\">\r\n                     \r\n        \t\t<div class=\"elementor-element elementor-element-7f5a0e2 Section_3_Titre elementor-widget elementor-widget-heading\" data-id=\"7f5a0e2\" data-element_type=\"widget\" data-e-type=\"widget\" data-settings=\"{&quot;_animation&quot;:&quot;none&quot;}\" data-widget_type=\"heading.default\">\n\t\t\t\t\t<h3 class=\"elementor-heading-title elementor-size-default\">En savoir plus en vid\u00e9os <\/h3>\t\t\t\t<\/div>\n\t\t\t\t<div class=\"elementor-element elementor-element-2bae8708 Video_Associee_PAT e-tabs-view-vertical elementor-layout-end elementor-widget elementor-widget-video-playlist\" data-id=\"2bae8708\" data-element_type=\"widget\" data-e-type=\"widget\" data-settings=\"{&quot;playlist_title&quot;:&quot;Vid\\u00e9os Medicol&quot;,&quot;tabs&quot;:[{&quot;_id&quot;:&quot;90f54d1&quot;,&quot;youtube_url&quot;:&quot;https:\\\/\\\/www.youtube.com\\\/watch?v=nU0zYpECb_g&quot;,&quot;vimeo_url&quot;:null,&quot;title&quot;:&quot;R\\u00e9\\u00e9ducation: pourquoi? comment? - PD Dr Alexandre L\\u00e4dermann&quot;,&quot;duration&quot;:&quot;20:36&quot;,&quot;thumbnail&quot;:{&quot;url&quot;:&quot;https:\\\/\\\/img.youtube.com\\\/vi\\\/nU0zYpECb_g\\\/maxresdefault.jpg&quot;,&quot;id&quot;:&quot;&quot;,&quot;size&quot;:&quot;&quot;},&quot;type&quot;:&quot;youtube&quot;,&quot;is_external_url&quot;:null,&quot;hosted_url&quot;:null,&quot;external_url&quot;:null,&quot;section_html_tag&quot;:null,&quot;video_html_tag&quot;:&quot;h4&quot;,&quot;inner_tab_is_content_visible&quot;:&quot;&quot;,&quot;inner_tab_content_1&quot;:null,&quot;inner_tab_content_2&quot;:null},{&quot;_id&quot;:&quot;0f71df5&quot;,&quot;youtube_url&quot;:&quot;https:\\\/\\\/www.youtube.com\\\/watch?v=uiNh8h2MhN0&quot;,&quot;vimeo_url&quot;:null,&quot;title&quot;:&quot;Dr Amine Ferchichi - Lunch Meeting 13 septembre 2024&quot;,&quot;duration&quot;:&quot;15:29&quot;,&quot;thumbnail&quot;:{&quot;url&quot;:&quot;https:\\\/\\\/img.youtube.com\\\/vi\\\/uiNh8h2MhN0\\\/maxresdefault.jpg&quot;,&quot;id&quot;:&quot;&quot;,&quot;size&quot;:&quot;&quot;},&quot;type&quot;:&quot;youtube&quot;,&quot;is_external_url&quot;:null,&quot;hosted_url&quot;:null,&quot;external_url&quot;:null,&quot;section_html_tag&quot;:null,&quot;video_html_tag&quot;:&quot;h4&quot;,&quot;inner_tab_is_content_visible&quot;:&quot;&quot;,&quot;inner_tab_content_1&quot;:null,&quot;inner_tab_content_2&quot;:null}],&quot;inner_tab_title_1&quot;:&quot;R\\u00e9sum\\u00e9&quot;,&quot;inner_tab_title_2&quot;:&quot;M\\u00e9decins &quot;,&quot;inner_tab_is_content_collapsible&quot;:&quot;collapsible&quot;,&quot;inner_tab_collapsible_height&quot;:{&quot;unit&quot;:&quot;px&quot;,&quot;size&quot;:&quot;&quot;,&quot;sizes&quot;:[]},&quot;inner_tab_collapsible_height_tablet&quot;:{&quot;unit&quot;:&quot;px&quot;,&quot;size&quot;:&quot;&quot;,&quot;sizes&quot;:[]},&quot;inner_tab_collapsible_height_mobile&quot;:{&quot;unit&quot;:&quot;px&quot;,&quot;size&quot;:&quot;&quot;,&quot;sizes&quot;:[]}}\" data-widget_type=\"video-playlist.default\">\n\t\t\t\t\t\n\t\t<div class=\"e-tabs\" role=\"region\" aria-labelledby=\"e-playlist-2bae8708\">\n\t\t\t<div class=\"e-tabs-main-area\">\n\t\t\t\t<div class=\"e-tabs-wrapper\">\n\t\t\t\t\t<div class=\"e-tabs-header\">\n\t\t\t\t\t\t<h4 class=\"e-tabs-title\" id=\"e-playlist-2bae8708\">Vid\u00e9os Medicol<\/h4>\n\t\t\t\t\t\t<div class=\"e-tabs-header-right-side\">\n\t\t\t\t\t\t\t\t\t\t\t\t\t\t\t<span class=\"e-tabs-videos-count\">2 Videos<\/span>\n\t\t\t\t\t\t\t\t\t\t\t\t\t\t<i aria-hidden=\"true\" class=\"e-tabs-toggle-videos-display-button rotate-down eicon-caret-down\"><\/i>\t\t\t\t\t\t<\/div>\n\t\t\t\t\t<\/div>\n\t\t\t\t\t<div class=\"e-tabs-items-wrapper\">\n\t\t\t\t\t\t<div class=\"e-tabs-items\" role=\"tablist\">\n\t\t\t\t\t\t\t\t\t\t\t\t\t\t\t\t\t\t\t\t\t\t\t\t<div id=\"e-tab-title-7321\" class=\"e-tab-title e-tab-desktop-title\" aria-selected=\"true\" data-tab=\"1\" role=\"tab\" tabindex=\"0\" aria-controls=\"e-tab-content-7321\">\n\t\t\t\t\t\t\t\t\t\t\t\t\t\t\t\t\t\t\t\t\t<div class=\"e-tab-thumbnail\">\n\t\t\t\t\t\t\t\t\t\t\t\t\t\t\t\t\t\t\t\t\t\t\t\t\t<img decoding=\"async\" src=\"https:\/\/img.youtube.com\/vi\/nU0zYpECb_g\/maxresdefault.jpg\" alt=\"R\u00e9\u00e9ducation: pourquoi? comment? - PD Dr Alexandre L\u00e4dermann\" loading=\"lazy\" \/>\n\t\t\t\t\t\t\t\t\t\t\t\t\t\t\t\t\t\t\t\t\t\t\t\t<span class=\"icon-play\"><i aria-hidden=\"true\" class=\"fas fa-play-circle\"><\/i><\/span>\n\t\t\t\t\t\t\t\t\t\t\t\t<span class=\"icon-watched\"><i aria-hidden=\"true\" class=\"fas fa-check-circle\"><\/i><\/span>\n\t\t\t\t\t\t\t\t\t\t\t<\/div>\n\t\t\t\t\t\t\t\t\t\t\t\t\t\t\t\t\t\t\t\t<h4 class=\"e-tab-title-text\">\n\t\t\t\t\t\t\t\t\t\t\t<button type=\"button\">R\u00e9\u00e9ducation: pourquoi? comment? - PD Dr Alexandre L\u00e4dermann<\/button>\n\t\t\t\t\t\t\t\t\t\t<\/h4>\n\t\t\t\t\t\t\t\t\t\t\t\t\t\t\t\t\t\t\t\t\t<span class=\"e-tab-duration\">20:36<\/span>\n\t\t\t\t\t\t\t\t\t\t\t\t\t\t\t\t\t\t\t<\/div>\n\t\t\t\t\t\t\t\t\t\t\t\t\t\t\t\t\t\t\t\t\t\t\t\t\t\t\t\t\t\t\t\t<div id=\"e-tab-title-7322\" class=\"e-tab-title e-tab-desktop-title\" aria-selected=\"false\" data-tab=\"2\" role=\"tab\" tabindex=\"-1\" aria-controls=\"e-tab-content-7322\">\n\t\t\t\t\t\t\t\t\t\t\t\t\t\t\t\t\t\t\t\t\t<div class=\"e-tab-thumbnail\">\n\t\t\t\t\t\t\t\t\t\t\t\t\t\t\t\t\t\t\t\t\t\t\t\t\t<img decoding=\"async\" src=\"https:\/\/img.youtube.com\/vi\/uiNh8h2MhN0\/maxresdefault.jpg\" alt=\"Dr Amine Ferchichi - Lunch Meeting 13 septembre 2024\" loading=\"lazy\" \/>\n\t\t\t\t\t\t\t\t\t\t\t\t\t\t\t\t\t\t\t\t\t\t\t\t<span class=\"icon-play\"><i aria-hidden=\"true\" class=\"fas fa-play-circle\"><\/i><\/span>\n\t\t\t\t\t\t\t\t\t\t\t\t<span class=\"icon-watched\"><i aria-hidden=\"true\" class=\"fas fa-check-circle\"><\/i><\/span>\n\t\t\t\t\t\t\t\t\t\t\t<\/div>\n\t\t\t\t\t\t\t\t\t\t\t\t\t\t\t\t\t\t\t\t<h4 class=\"e-tab-title-text\">\n\t\t\t\t\t\t\t\t\t\t\t<button type=\"button\">Dr Amine Ferchichi - Lunch Meeting 13 septembre 2024<\/button>\n\t\t\t\t\t\t\t\t\t\t<\/h4>\n\t\t\t\t\t\t\t\t\t\t\t\t\t\t\t\t\t\t\t\t\t<span class=\"e-tab-duration\">15:29<\/span>\n\t\t\t\t\t\t\t\t\t\t\t\t\t\t\t\t\t\t\t<\/div>\n\t\t\t\t\t\t\t\t\t\t\t\t\t\t\t\t\t\t\t\t\t<\/div>\n\t\t\t\t\t\t<div class=\"shadow shadow-top\" aria-hidden=\"true\"><\/div>\n\t\t\t\t\t\t<div class=\"shadow shadow-bottom\" aria-hidden=\"true\"><\/div>\n\t\t\t\t\t<\/div>\n\t\t\t\t<\/div>\n\n\t\t\t\t<div class=\"e-tabs-content-wrapper\" role=\"tablist\" aria-orientation=\"vertical\">\n\t\t\t\t\t\t\t\t\t\t\t<div id=\"e-tab-content-7321\" class=\"e-tab-content elementor-clearfix\" data-tab=\"1\" role=\"tabpanel\" aria-labelledby=\"e-tab-title-7321\" tabindex=\"0\" data-video-url=\"https:\/\/www.youtube.com\/watch?v=nU0zYpECb_g\" data-video-type=\"youtube\" data-video-title=\"R\u00e9\u00e9ducation: pourquoi? comment? - PD Dr Alexandre L\u00e4dermann\" data-video-duration=\"20:36\">\n\t\t\t\t\t\t\t<div><\/div>\n\t\t\t\t\t\t\t\t\t\t\t\t\t<\/div>\n\t\t\t\t\t\t\t\t\t\t\t<div id=\"e-tab-content-7322\" class=\"e-tab-content elementor-clearfix\" data-tab=\"2\" role=\"tabpanel\" aria-labelledby=\"e-tab-title-7322\" tabindex=\"0\" data-video-url=\"https:\/\/www.youtube.com\/watch?v=uiNh8h2MhN0\" data-video-type=\"youtube\" data-video-title=\"Dr Amine Ferchichi - Lunch Meeting 13 septembre 2024\" data-video-duration=\"15:29\" hidden=\"hidden\">\n\t\t\t\t\t\t\t<div><\/div>\n\t\t\t\t\t\t\t\t\t\t\t\t\t<\/div>\n\t\t\t\t\t\t\t\t\t<\/div>\n\t\t\t<\/div>\n\n\t\t\t<div class=\"e-tabs-inner-tabs\" >\n\t\t\t\t\t\t\t\t\t\t\t\t\t\t\t\t\t\t\t\t\t\t\t\t\t<\/div>\n\t\t<\/div>\n\t\t\t\t\t\t<\/div>\n\t\t            <\/div>\r\n        <\/div>\r\n        \t\t\t<\/div>\n\t\t<\/section>\n\t\t        <section class=\"elementor-section elementor-top-section elementor-element elementor-element-056b02c elementor-section-boxed elementor-section-height-default elementor-section-height-default pxl-row-scroll-none pxl-zoom-point-false pxl-section-overflow-visible pxl-section-fix-none pxl-bg-color-none pxl-section-overlay-none\" data-id=\"056b02c\" data-element_type=\"section\" data-e-type=\"section\" data-settings=\"{&quot;background_background&quot;:&quot;classic&quot;}\">\n\n                \n                <div class=\"elementor-container elementor-column-gap-default \">\n                <div class=\"elementor-column elementor-col-100 elementor-top-column elementor-element elementor-element-6e1ad00 pxl-column-none pxl-column-overflow-hidden-no\" data-id=\"6e1ad00\" data-element_type=\"column\" data-e-type=\"column\">\r\n        <div class=\"elementor-widget-wrap elementor-element-populated\">\r\n                     \r\n        \t\t<div class=\"elementor-element elementor-element-0dc8189 Section_3_Titre elementor-widget elementor-widget-heading\" data-id=\"0dc8189\" data-element_type=\"widget\" data-e-type=\"widget\" data-settings=\"{&quot;_animation&quot;:&quot;none&quot;}\" data-widget_type=\"heading.default\">\n\t\t\t\t\t<h3 class=\"elementor-heading-title elementor-size-default\">Contacter un de nos sp\u00e9cialistes sur le sujet<\/h3>\t\t\t\t<\/div>\n\t\t\t\t<div class=\"elementor-element elementor-element-a64505f elementor-widget elementor-widget-shortcode\" data-id=\"a64505f\" data-element_type=\"widget\" data-e-type=\"widget\" data-widget_type=\"shortcode.default\">\n\t\t\t\t\t\t\t<div class=\"elementor-shortcode\">\t\t<div data-elementor-type=\"section\" data-elementor-id=\"27830\" class=\"elementor elementor-27830\" data-elementor-post-type=\"elementor_library\">\n\t\t\t        <section class=\"elementor-section elementor-inner-section elementor-element elementor-element-40d3f010 elementor-section-boxed elementor-section-height-default elementor-section-height-default pxl-row-scroll-none pxl-zoom-point-false pxl-section-overflow-visible pxl-section-fix-none pxl-bg-color-none pxl-section-overlay-none\" data-id=\"40d3f010\" data-element_type=\"section\" data-e-type=\"section\" data-settings=\"{&quot;background_background&quot;:&quot;classic&quot;}\" style=\"padding-left: calc( (100% - 1310px)\/2);\">\n\n                \n                <div class=\"elementor-container elementor-column-gap-default \">\n                <div class=\"elementor-column elementor-col-50 elementor-inner-column elementor-element elementor-element-bc1b4d4 pxl-column-none pxl-column-overflow-hidden-no\" data-id=\"bc1b4d4\" data-element_type=\"column\" data-e-type=\"column\" data-settings=\"{&quot;background_background&quot;:&quot;classic&quot;}\">\r\n        <div class=\"elementor-widget-wrap elementor-element-populated\">\r\n                     \r\n        \t\t<div class=\"elementor-element elementor-element-7dbd93ba elementor-widget elementor-widget-pxl_heading\" data-id=\"7dbd93ba\" data-element_type=\"widget\" data-e-type=\"widget\" data-widget_type=\"pxl_heading.default\">\n\t\t\t\t<div class=\"elementor-widget-container\">\n\t\t\t\t\t\n<div id=\"pxl-pxl_heading-7dbd93ba-1195\" class=\"pxl-heading px-sub-title-default-style \">\n\t<div class=\"pxl-heading--inner\">\n\t\t\n\t\t<h3 class=\"pxl-item--title style-default  highlight-default \" data-wow-delay=\"ms\">\n\t\t\t\t\tCentre Orthop\u00e9dique d&#8217;Ouchy\t\n\t\t\t\n\t\t<\/h3>\n\t\t\n\t<\/div>\n<\/div>\t\t\t\t<\/div>\n\t\t\t\t<\/div>\n\t\t\t\t<div class=\"elementor-element elementor-element-5cc4b9e1 elementor-widget elementor-widget-pxl_text_editor\" data-id=\"5cc4b9e1\" data-element_type=\"widget\" data-e-type=\"widget\" data-widget_type=\"pxl_text_editor.default\">\n\t\t\t\t<div class=\"elementor-widget-container\">\n\t\t\t\t\t<div class=\"pxl-text-editor default\">\n\t<div class=\"pxl-item--inner  \" data-wow-delay=\"ms\">\n\t\t<p>Consultations m\u00e9dicales sp\u00e9cialis\u00e9es en orthop\u00e9die et traumatologie au coeur de Lausanne<\/p>\t\t\n\t<\/div>\n<\/div>\t\t\t\t<\/div>\n\t\t\t\t<\/div>\n\t\t<div class=\"elementor-element elementor-element-68d8235b e-flex e-con-boxed e-con e-parent \" data-id=\"68d8235b\" data-element_type=\"container\" data-e-type=\"container\">\t\t\t<div class=\"e-con-inner\">\r\n\t\t\t\t<div class=\"elementor-element elementor-element-659288b4 elementor-align-left ft-gt  elementor-widget__width-auto elementor-widget elementor-widget-pxl_button\" data-id=\"659288b4\" data-element_type=\"widget\" data-e-type=\"widget\" data-widget_type=\"pxl_button.default\">\n\t\t\t\t<div class=\"elementor-widget-container\">\n\t\t\t\t\t<div id=\"pxl-pxl_button-659288b4-1562\" class=\"pxl-button pxl-atc-link \" data-wow-delay=\"ms\">\r\n    <a href=\"tel:+41215103348\" class=\"btn  btn-glossy btn-default  inline pxl-icon--left\" data-wow-delay=\"ms\" data-target=\".pxl-page-popup-template-0\">\r\n                    <i aria-hidden=\"true\" class=\"fas fa-phone-alt\"><\/i>                        <span class=\"pxl--btn-text\" data-text=\"+41 21 510 33 48\">\r\n                        +41 21 510 33 48        <\/span>\r\n    <\/a>\r\n<\/div>\t\t\t\t<\/div>\n\t\t\t\t<\/div>\n\t\t\t\t<div class=\"elementor-element elementor-element-29264382 elementor-align-left ft-gt  elementor-widget__width-auto elementor-widget elementor-widget-pxl_button\" data-id=\"29264382\" data-element_type=\"widget\" data-e-type=\"widget\" data-widget_type=\"pxl_button.default\">\n\t\t\t\t<div class=\"elementor-widget-container\">\n\t\t\t\t\t<div id=\"pxl-pxl_button-29264382-2417\" class=\"pxl-button pxl-atc-link \" data-wow-delay=\"ms\">\r\n    <a href=\"\/service\/centre-de-formation\/\" class=\"btn  btn-glossy btn-default  inline pxl-icon--right\" data-wow-delay=\"ms\" data-target=\".pxl-page-popup-template-0\">\r\n                    <i aria-hidden=\"true\" class=\"flaticon flaticon-next\"><\/i>                        <span class=\"pxl--btn-text\" data-text=\"En savoir plus\">\r\n                        En savoir plus        <\/span>\r\n    <\/a>\r\n<\/div>\t\t\t\t<\/div>\n\t\t\t\t<\/div>\n\t\t\t\t\t<\/div>\r\n\t\t\t\t<\/div>\r\n\t\t            <\/div>\r\n        <\/div>\r\n                <div class=\"elementor-column elementor-col-50 elementor-inner-column elementor-element elementor-element-ee3b29c pxl-column-none pxl-column-overflow-hidden-no\" data-id=\"ee3b29c\" data-element_type=\"column\" data-e-type=\"column\">\r\n        <div class=\"elementor-widget-wrap\">\r\n                     \r\n                    <\/div>\r\n        <\/div>\r\n        \t\t\t<\/div>\n\t\t<\/section>\n\t\t\t\t<\/div>\n\t\t<\/div>\n\t\t\t\t\t\t<\/div>\n\t\t            <\/div>\r\n        <\/div>\r\n        \t\t\t<\/div>\n\t\t<\/section>\n\t\t\t\t<\/div>\n\t\t","protected":false},"excerpt":{"rendered":"<p>Accueil Arthrose de l&#8217;\u00e9paule \u00c9paule Introduction L\u2019articulation gl\u00e9no-hum\u00e9rale est une articulation suspendue qui met en contact une sph\u00e8re (la t\u00eate de l\u2019hum\u00e9rus) dans une assiette (la gl\u00e8ne de l\u2019omoplate). Le cartilage qui recouvre la gl\u00e8ne est entour\u00e9 par un anneau de fibro-cartilage appel\u00e9 \u00abbourrelet ou labrum\u00bb qui contribue efficacement au centrage de la t\u00eate de [&hellip;]<\/p>\n","protected":false},"author":1,"featured_media":12606,"parent":0,"menu_order":0,"comment_status":"closed","ping_status":"closed","template":"","meta":{"_acf_changed":false,"inline_featured_image":false,"footnotes":""},"categories":[83],"tags":[],"class_list":["post-19887","page","type-page","status-publish","has-post-thumbnail","hentry","category-epaule"],"acf":[],"_links":{"self":[{"href":"https:\/\/template2.orthopediste-lausanne.ch\/en\/wp-json\/wp\/v2\/pages\/19887","targetHints":{"allow":["GET"]}}],"collection":[{"href":"https:\/\/template2.orthopediste-lausanne.ch\/en\/wp-json\/wp\/v2\/pages"}],"about":[{"href":"https:\/\/template2.orthopediste-lausanne.ch\/en\/wp-json\/wp\/v2\/types\/page"}],"author":[{"embeddable":true,"href":"https:\/\/template2.orthopediste-lausanne.ch\/en\/wp-json\/wp\/v2\/users\/1"}],"replies":[{"embeddable":true,"href":"https:\/\/template2.orthopediste-lausanne.ch\/en\/wp-json\/wp\/v2\/comments?post=19887"}],"version-history":[{"count":0,"href":"https:\/\/template2.orthopediste-lausanne.ch\/en\/wp-json\/wp\/v2\/pages\/19887\/revisions"}],"wp:featuredmedia":[{"embeddable":true,"href":"https:\/\/template2.orthopediste-lausanne.ch\/en\/wp-json\/wp\/v2\/media\/12606"}],"wp:attachment":[{"href":"https:\/\/template2.orthopediste-lausanne.ch\/en\/wp-json\/wp\/v2\/media?parent=19887"}],"wp:term":[{"taxonomy":"category","embeddable":true,"href":"https:\/\/template2.orthopediste-lausanne.ch\/en\/wp-json\/wp\/v2\/categories?post=19887"},{"taxonomy":"post_tag","embeddable":true,"href":"https:\/\/template2.orthopediste-lausanne.ch\/en\/wp-json\/wp\/v2\/tags?post=19887"}],"curies":[{"name":"wp","href":"https:\/\/api.w.org\/{rel}","templated":true}]}}