{"id":21,"date":"2024-07-18T08:11:58","date_gmt":"2024-07-18T08:11:58","guid":{"rendered":"https:\/\/demo.casethemes.net\/medicross\/?page_id=21"},"modified":"2026-02-10T14:49:16","modified_gmt":"2026-02-10T14:49:16","slug":"home-2","status":"publish","type":"page","link":"https:\/\/template2.orthopediste-lausanne.ch\/en\/home-2\/","title":{"rendered":"Welcome"},"content":{"rendered":"\t\t<div data-elementor-type=\"wp-page\" data-elementor-id=\"21\" class=\"elementor elementor-21\" data-elementor-post-type=\"page\">\n\t\t\t\t        <section class=\"elementor-section elementor-top-section elementor-element elementor-element-435db77 elementor-section-boxed elementor-section-height-default elementor-section-height-default pxl-row-scroll-none pxl-zoom-point-false pxl-section-overflow-visible pxl-section-fix-none pxl-bg-color-none pxl-section-overlay-none\" data-id=\"435db77\" data-element_type=\"section\" data-e-type=\"section\">\n\n                \n                <div class=\"elementor-container elementor-column-gap-no \">\n                <div class=\"elementor-column elementor-col-100 elementor-top-column elementor-element elementor-element-74e9aa6 pxl-column-overflow-hidden-yes pxl-column-none\" data-id=\"74e9aa6\" data-element_type=\"column\" data-e-type=\"column\">\r\n        <div class=\"elementor-widget-wrap elementor-element-populated\">\r\n                     \r\n        \t\t<div class=\"elementor-element elementor-element-26a4a02 elementor-widget elementor-widget-slider_revolution\" data-id=\"26a4a02\" data-element_type=\"widget\" data-e-type=\"widget\" data-widget_type=\"slider_revolution.default\">\n\t\t\t\t\t\n\t\t<div class=\"wp-block-themepunch-revslider\">\n\t\t\t\t<p class=\"rs-p-wp-fix\"><\/p>\n\t\t\t\t<sr7-module data-alias=\"slider-home-1-1\" data-id=\"3\" id=\"SR7_3_1\" class=\"rs-ov-hidden\" data-version=\"6.7.37\">\n\t\t\t\t\t<sr7-adjuster><\/sr7-adjuster>\n\t\t\t\t\t<sr7-content>\n\t\t\t\t\t\t<sr7-slide id=\"SR7_3_1-16\" data-key=\"16\">\n\t\t\t\t\t\t\t<sr7-bg id=\"SR7_3_1-16-6\" class=\"sr7-layer\"><noscript><img decoding=\"async\" src=\"https:\/\/template2.orthopediste-lausanne.ch\/wp-content\/uploads\/2025\/11\/Congres-Jacques-Vallotton_v1.jpg\" alt=\"\" title=\"Congr\u00e8s Jacques Vallotton_v1\"><\/noscript><\/sr7-bg>\n\t\t\t\t\t\t\t<sr7-txt id=\"SR7_3_1-16-1\" class=\"sr7-layer\">Medicol Events<\/sr7-txt>\n\t\t\t\t\t\t\t<sr7-txt id=\"SR7_3_1-16-2\" class=\"sr7-layer\">\u00c9v\u00e9nements & Actualit\u00e9s<br \/>\nRestez connect\u00e9s \u00e0 l'innovation m\u00e9dicale<\/sr7-txt>\n\t\t\t\t\t\t\t<sr7-txt id=\"SR7_3_1-16-3\" class=\"sr7-layer\">D\u00e9couvrez nos prochains \u00e9v\u00e9nements, conf\u00e9rences et formations continues.<br \/>\nRejoignez notre communaut\u00e9 m\u00e9dicale pour \u00e9changer, apprendre et partager les derni\u00e8res avanc\u00e9es dans le domaine de la sant\u00e9. Ne manquez aucune opportunit\u00e9 de d\u00e9velopper vos comp\u00e9tences et d'\u00e9largir votre r\u00e9seau professionnel.<\/sr7-txt>\n\t\t\t\t\t\t\t<a id=\"SR7_3_1-16-4\" class=\"sr7-layer\" href=\"\/evenements-congres-medicol\/#\" target=\"_self\">\u00c0 venir chez Medicol <i class=\"flaticon flaticon-next\"><\/i><\/a>\n\t\t\t\t\t\t<\/sr7-slide>\n\t\t\t\t\t\t<sr7-slide id=\"SR7_3_1-9\" data-key=\"9\">\n\t\t\t\t\t\t\t<sr7-bg id=\"SR7_3_1-9-6\" class=\"sr7-layer\"><noscript><img decoding=\"async\" src=\"https:\/\/template2.orthopediste-lausanne.ch\/wp-content\/uploads\/2026\/02\/recherche_formation_slider_v4.jpg\" alt=\"Centre de formation orthop\u00e9dique - Lausanne\" title=\"Centre de formation orthop\u00e9dique &#8211; Lausanne\"><\/noscript><\/sr7-bg>\n\t\t\t\t\t\t\t<sr7-txt id=\"SR7_3_1-9-1\" class=\"sr7-layer\">MEDICOL<\/sr7-txt>\n\t\t\t\t\t\t\t<sr7-txt id=\"SR7_3_1-9-2\" class=\"sr7-layer\">L'excellence en orthop\u00e9die<br \/>\net m\u00e9decine du sport<\/sr7-txt>\n\t\t\t\t\t\t\t<sr7-txt id=\"SR7_3_1-9-3\" class=\"sr7-layer\">Medicol est un centre de comp\u00e9tence et de formation qui rassemble plus de 40 m\u00e9decins sp\u00e9cialistes pour la prise en charge des affections de l\u2019appareil locomoteur<\/sr7-txt>\n\t\t\t\t\t\t\t<a id=\"SR7_3_1-9-4\" class=\"sr7-layer\" href=\"\/service\/centre-de-formation\/\" target=\"_self\">En savoir plus <i class=\"flaticon flaticon-next\"><\/i><\/a>\n\t\t\t\t\t\t<\/sr7-slide>\n\t\t\t\t\t\t<sr7-slide id=\"SR7_3_1-15\" data-key=\"15\">\n\t\t\t\t\t\t\t<sr7-bg id=\"SR7_3_1-15-6\" class=\"sr7-layer\"><noscript><img decoding=\"async\" src=\"https:\/\/template2.orthopediste-lausanne.ch\/wp-content\/uploads\/2025\/11\/Bilan-de-mobilite-Medicol.jpg\" alt=\"Bilan de mobilit\u00e9 - Medicol\" title=\"Bilan de mobilit\u00e9 &#8211; Medicol\"><\/noscript><\/sr7-bg>\n\t\t\t\t\t\t\t<sr7-txt id=\"SR7_3_1-15-1\" class=\"sr7-layer\">Medicol labs<\/sr7-txt>\n\t\t\t\t\t\t\t<sr7-txt id=\"SR7_3_1-15-2\" class=\"sr7-layer\">Bilan de mobilit\u00e9<br \/>\nLe pourquoi de votre douleur<\/sr7-txt>\n\t\t\t\t\t\t\t<sr7-txt id=\"SR7_3_1-15-3\" class=\"sr7-layer\">Le bilan de mobilit\u00e9 permet de comprendre comment un d\u00e9s\u00e9quilibre articulaire ou postural peut d\u00e9clencher ou entretenir la douleur. En analysant la marche, les appuis ou la posture, nous identifions les maillons faibles de la cha\u00eene, et orientons un traitement cibl\u00e9, adapt\u00e9 \u00e0 la m\u00e9canique r\u00e9elle du patient.<\/sr7-txt>\n\t\t\t\t\t\t\t<a id=\"SR7_3_1-15-4\" class=\"sr7-layer\" href=\"https:\/\/www.centre-ortho.ch\/bilan-de-mobilite-en-savoir-plus\/#\" target=\"_self\" rel=\"noopener\">En savoir plus <i class=\"flaticon flaticon-next\"><\/i><\/a>\n\t\t\t\t\t\t<\/sr7-slide>\n\t\t\t\t\t\t<sr7-slide id=\"SR7_3_1-8\" data-key=\"8\">\n\t\t\t\t\t\t\t<sr7-bg id=\"SR7_3_1-8-6\" class=\"sr7-layer\"><noscript><img decoding=\"async\" src=\"https:\/\/template2.orthopediste-lausanne.ch\/wp-content\/uploads\/2026\/02\/tapis_epfl_v2.jpg\" alt=\"\" title=\"tapis_epfl_v2\"><\/noscript><\/sr7-bg>\n\t\t\t\t\t\t\t<sr7-txt id=\"SR7_3_1-8-1\" class=\"sr7-layer\">Medicol labs<\/sr7-txt>\n\t\t\t\t\t\t\t<sr7-txt id=\"SR7_3_1-8-2\" class=\"sr7-layer\">Recherche et Innovation<br \/>\nPartenariats EPFL& Universit\u00e9s<\/sr7-txt>\n\t\t\t\t\t\t\t<sr7-txt id=\"SR7_3_1-8-3\" class=\"sr7-layer\">Medicol r\u00e9volutionne l'orthop\u00e9die par son approche globale : analyses approfondies, traitements sur-mesure et accompagnement patient. Notre \u00e9cosyst\u00e8me int\u00e8gre formation d'excellence, recherche innovante et expertise collective.<\/sr7-txt>\n\t\t\t\t\t\t\t<a id=\"SR7_3_1-8-4\" class=\"sr7-layer\" href=\"\/service\/recherche-et-innovation\/\" target=\"_self\">En savoir plus <i class=\"flaticon flaticon-next\"><\/i><\/a>\n\t\t\t\t\t\t<\/sr7-slide>\n\t\t\t\t\t\t<sr7-slide id=\"SR7_3_1-13\" data-key=\"13\">\n\t\t\t\t\t\t<\/sr7-slide>\n\t\t\t\t\t<\/sr7-content>\n\t\t\t\t\t<image_lists style=\"display:none\">\n\t\t\t\t\t\t<img data-src=\"\/\/template2.orthopediste-lausanne.ch\/wp-content\/uploads\/2026\/02\/tapis_epfl_v2.jpg\" data-libid=\"24237\" data-lib=\"medialibrary\" title=\"tapis_epfl_v2\" width=\"0\" height=\"0\" data-dbsrc=\"Ly90ZW1wbGF0ZTIub3J0aG9wZWRpc3RlLWxhdXNhbm5lLmNoL3dwLWNvbnRlbnQvdXBsb2Fkcy8yMDI2LzAyL3RhcGlzX2VwZmxfdjIuanBn\"\/>\n\t\t\t\t\t\t<img data-src=\"\/\/template2.orthopediste-lausanne.ch\/wp-content\/uploads\/2026\/02\/recherche_formation_slider_v4.jpg\" data-libid=\"24234\" data-lib=\"medialibrary\" alt=\"Centre de formation orthop\u00e9dique - Lausanne\" title=\"Centre de formation orthop\u00e9dique &#8211; Lausanne\" width=\"0\" height=\"0\" data-dbsrc=\"Ly90ZW1wbGF0ZTIub3J0aG9wZWRpc3RlLWxhdXNhbm5lLmNoL3dwLWNvbnRlbnQvdXBsb2Fkcy8yMDI2LzAyL3JlY2hlcmNoZV9mb3JtYXRpb25fc2xpZGVyX3Y0LmpwZw==\"\/>\n\t\t\t\t\t\t<img data-src=\"\/\/template2.orthopediste-lausanne.ch\/wp-content\/uploads\/2025\/11\/Bilan-de-mobilite-Medicol.jpg\" data-libid=\"11932\" data-lib=\"medialibrary\" alt=\"Bilan de mobilit\u00e9 - Medicol\" title=\"Bilan de mobilit\u00e9 &#8211; Medicol\" width=\"0\" height=\"0\" data-dbsrc=\"Ly90ZW1wbGF0ZTIub3J0aG9wZWRpc3RlLWxhdXNhbm5lLmNoL3dwLWNvbnRlbnQvdXBsb2Fkcy8yMDI1LzExL0JpbGFuLWRlLW1vYmlsaXRlLU1lZGljb2wuanBn\"\/>\n\t\t\t\t\t\t<img loading=\"lazy\" data-src=\"\/\/template2.orthopediste-lausanne.ch\/wp-content\/uploads\/2025\/11\/Congres-Jacques-Vallotton_v1.jpg\" data-libid=\"11931\" data-lib=\"medialibrary\" title=\"Congr\u00e8s Jacques Vallotton_v1\" width=\"0\" height=\"0\" data-dbsrc=\"Ly90ZW1wbGF0ZTIub3J0aG9wZWRpc3RlLWxhdXNhbm5lLmNoL3dwLWNvbnRlbnQvdXBsb2Fkcy8yMDI1LzExL0NvbmdyZXMtSmFjcXVlcy1WYWxsb3R0b25fdjEuanBn\"\/>\n\t\t\t\t\t<\/image_lists>\n\t\t\t\t<\/sr7-module>\n\t\t\t\t<script>\n\t\t\t\t\tSR7.PMH ??={}; SR7.PMH[\"SR7_3_1\"] = {cn:100,state:false,fn: function() { if (_tpt!==undefined && _tpt.prepareModuleHeight !== undefined) {  _tpt.prepareModuleHeight({id:\"SR7_3_1\",el:[597,597,597,597,700],type:'standard',shdw:'0',gh:[597,597,597,597,700],gw:[1240,1240,1024,778,480],vpt:['-100px&#039;,&#039;-100px&#039;,&#039;-100px&#039;,&#039;-100px&#039;,&#039;-100px'],size:{fullWidth:false, fullHeight:false},mh:'0',onh:0,onw:0,bg:{color:'{\"orig\":\"transparent\",\"type\":\"solid\",\"string\":\"transparent\"}'}});   SR7.PMH[\"SR7_3_1\"].state=true;} else if(SR7.PMH[\"SR7_3_1\"].cn-->0)\tsetTimeout( SR7.PMH[\"SR7_3_1\"].fn,19);}};SR7.PMH[\"SR7_3_1\" ].fn();\n\t\t\t\t<\/script>\n<\/div>\n\n\t\t\t\t\t\t<\/div>\n\t\t            <\/div>\r\n        <\/div>\r\n        \t\t\t<\/div>\n\t\t<\/section>\n\t\t        <section class=\"elementor-section elementor-top-section elementor-element elementor-element-5c98bc6 elementor-section-stretched elementor-section-boxed elementor-section-height-default elementor-section-height-default pxl-row-scroll-none pxl-zoom-point-false pxl-section-overflow-visible pxl-section-fix-none pxl-bg-color-none pxl-section-overlay-none\" data-id=\"5c98bc6\" data-element_type=\"section\" data-e-type=\"section\" data-settings=\"{&quot;stretch_section&quot;:&quot;section-stretched&quot;}\">\n\n                \n                <div class=\"elementor-container elementor-column-gap-extended \">\n                <div class=\"elementor-column elementor-col-100 elementor-top-column elementor-element elementor-element-d467826 pxl-column-none pxl-column-overflow-hidden-no\" data-id=\"d467826\" data-element_type=\"column\" data-e-type=\"column\">\r\n        <div class=\"elementor-widget-wrap elementor-element-populated\">\r\n                     \r\n        \t\t<div class=\"elementor-element elementor-element-cc579d9 elementor-widget__width-auto elementor-absolute elementor-hidden-mobile elementor-invisible elementor-widget elementor-widget-pxl_image\" data-id=\"cc579d9\" data-element_type=\"widget\" data-e-type=\"widget\" data-settings=\"{&quot;_position&quot;:&quot;absolute&quot;,&quot;_animation&quot;:&quot;fadeInUp&quot;,&quot;_animation_delay&quot;:400}\" data-widget_type=\"pxl_image.default\">\n\t\t\t\t<div class=\"elementor-widget-container\">\n\t\t\t\t\t<div id=\"pxl_image-cc579d9-7075\" class=\"pxl-image-single  pxl-disable-parallax-sm pxl-hide-sr-lg  \" data-wow-delay=\"ms\"  >\r\n    <div class=\"pxl-item--inner\" data-wow-delay=\"120ms\">\r\n        \r\n                    <div class=\"pxl-item--image \" data-parallax-value=\"\">\r\n                                <img loading=\"lazy\" decoding=\"async\" width=\"57\" height=\"53\" src=\"https:\/\/template2.orthopediste-lausanne.ch\/wp-content\/uploads\/2024\/09\/cc.png\" class=\"no-lazyload attachment-full\" alt=\"\" \/>                            <\/div>\r\n                \r\n    <\/div>\r\n<\/div>\t\t\t\t<\/div>\n\t\t\t\t<\/div>\n\t\t\t\t<div class=\"elementor-element elementor-element-ad4d8eb elementor-widget__width-auto elementor-absolute elementor-hidden-mobile elementor-invisible elementor-widget elementor-widget-pxl_image\" data-id=\"ad4d8eb\" data-element_type=\"widget\" data-e-type=\"widget\" data-settings=\"{&quot;_position&quot;:&quot;absolute&quot;,&quot;_animation&quot;:&quot;fadeInUp&quot;,&quot;_animation_delay&quot;:400}\" data-widget_type=\"pxl_image.default\">\n\t\t\t\t<div class=\"elementor-widget-container\">\n\t\t\t\t\t<div id=\"pxl_image-ad4d8eb-3765\" class=\"pxl-image-single  pxl-disable-parallax-sm pxl-hide-sr-lg  \" data-wow-delay=\"ms\"  >\r\n    <div class=\"pxl-item--inner\" data-wow-delay=\"120ms\">\r\n        \r\n                    <div class=\"pxl-item--image \" data-parallax-value=\"\">\r\n                                <img loading=\"lazy\" decoding=\"async\" width=\"57\" height=\"53\" src=\"https:\/\/template2.orthopediste-lausanne.ch\/wp-content\/uploads\/2024\/09\/cc.png\" class=\"no-lazyload attachment-full\" alt=\"\" \/>                            <\/div>\r\n                \r\n    <\/div>\r\n<\/div>\t\t\t\t<\/div>\n\t\t\t\t<\/div>\n\t\t\t\t<div class=\"elementor-element elementor-element-8848776 elementor-widget__width-auto ft-gt elementor-widget-mobile__width-inherit elementor-invisible elementor-widget elementor-widget-pxl_icon_box\" data-id=\"8848776\" data-element_type=\"widget\" data-e-type=\"widget\" data-settings=\"{&quot;_animation&quot;:&quot;fadeInUp&quot;,&quot;_animation_delay&quot;:400}\" data-widget_type=\"pxl_icon_box.default\">\n\t\t\t\t<div class=\"elementor-widget-container\">\n\t\t\t\t\t<div class=\"pxl-icon-box pxl-icon-box1 style-2 ani3 \" data-wow-delay=\"ms\">\r\n    <div class=\"pxl-item--inner\">\r\n        \r\n                            <div class=\"pxl-item--icon\">\r\n                                    <svg xmlns=\"http:\/\/www.w3.org\/2000\/svg\" width=\"32\" height=\"32\" fill=\"#000000\" viewBox=\"0 0 256 256\"><path d=\"M152,96V56a8,8,0,0,1,16,0V76.69l34.34-34.35a8,8,0,0,1,11.32,11.32L179.32,88H200a8,8,0,0,1,0,16H160A8,8,0,0,1,152,96Zm79.88,79.08A56.26,56.26,0,0,1,176,224C96.6,224,32,159.4,32,80A56.24,56.24,0,0,1,80.92,24.13a16,16,0,0,1,16.62,9.51l21.12,47.15,0,.12A16,16,0,0,1,117.39,96c-.18.27-.37.52-.57.77L96,121.45c7.49,15.22,23.41,31,38.83,38.51l24.34-20.71a8.12,8.12,0,0,1,.75-.56,16,16,0,0,1,15.17-1.4l.13.06,47.11,21.11A16,16,0,0,1,231.88,175.08Zm-15.88-2s-.07,0-.11,0h0l-47-21.05-24.35,20.71a6.84,6.84,0,0,1-.74.56,16,16,0,0,1-15.75,1.14c-18.73-9.05-37.4-27.58-46.46-46.11a16,16,0,0,1,1-15.7,6.13,6.13,0,0,1,.57-.77L104,87.15l-21-47a.61.61,0,0,1,0-.12A40.2,40.2,0,0,0,48,80,128.14,128.14,0,0,0,176,208,40.21,40.21,0,0,0,216,173.07Z\"><\/path><\/svg>                                <\/div>\r\n                        <div class=\"pxl-item--meta\">\r\n            <h5 class=\"pxl-item--title el-empty\">\r\n                        Appeler pour une consultation                        <\/h5>\r\n            <div class=\"pxl-item--description el-empty\">+41 21 510 33 48<\/div>\r\n        <\/div>\r\n    <\/div>\r\n<\/div>\t\t\t\t<\/div>\n\t\t\t\t<\/div>\n\t\t            <\/div>\r\n        <\/div>\r\n        \t\t\t<\/div>\n\t\t<\/section>\n\t\t        <section class=\"elementor-section elementor-top-section elementor-element elementor-element-9ba8800 elementor-section-stretched elementor-section-boxed elementor-section-height-default elementor-section-height-default pxl-row-scroll-none pxl-zoom-point-false pxl-section-overflow-visible pxl-section-fix-none pxl-bg-color-none pxl-section-overlay-none\" data-id=\"9ba8800\" data-element_type=\"section\" data-e-type=\"section\" data-settings=\"{&quot;stretch_section&quot;:&quot;section-stretched&quot;}\">\n\n                \n                <div class=\"elementor-container elementor-column-gap-extended \">\n                <div class=\"elementor-column elementor-col-33 elementor-top-column elementor-element elementor-element-8ccedc2 pxl-column-none pxl-column-overflow-hidden-no\" data-id=\"8ccedc2\" data-element_type=\"column\" data-e-type=\"column\">\r\n        <div class=\"elementor-widget-wrap elementor-element-populated\">\r\n                     \r\n                <section class=\"elementor-section elementor-inner-section elementor-element elementor-element-4e123f3 elementor-section-boxed elementor-section-height-default elementor-section-height-default pxl-row-scroll-none pxl-zoom-point-false pxl-section-overflow-visible pxl-section-fix-none pxl-bg-color-none pxl-section-overlay-none\" data-id=\"4e123f3\" data-element_type=\"section\" data-e-type=\"section\" data-settings=\"{&quot;background_background&quot;:&quot;gradient&quot;}\">\n\n                            <div class=\"elementor-background-overlay\"><\/div>\n            \n                <div class=\"elementor-container elementor-column-gap-default \">\n                <div class=\"elementor-column elementor-col-100 elementor-inner-column elementor-element elementor-element-26ab5eb pxl-column-none pxl-column-overflow-hidden-no\" data-id=\"26ab5eb\" data-element_type=\"column\" data-e-type=\"column\" data-settings=\"{&quot;background_background&quot;:&quot;classic&quot;}\">\r\n        <div class=\"elementor-widget-wrap elementor-element-populated\">\r\n                     \r\n        \t\t<div class=\"elementor-element elementor-element-06e0d84 ft-gt elementor-widget elementor-widget-pxl_heading\" data-id=\"06e0d84\" data-element_type=\"widget\" data-e-type=\"widget\" data-widget_type=\"pxl_heading.default\">\n\t\t\t\t<div class=\"elementor-widget-container\">\n\t\t\t\t\t\n<div id=\"pxl-pxl_heading-06e0d84-2813\" class=\"pxl-heading px-sub-title-default-style \">\n\t<div class=\"pxl-heading--inner\">\n\t\t\n\t\t<h3 class=\"pxl-item--title style-default  highlight-default pxl-split-text split-in-fade\" data-wow-delay=\"ms\">\n\t\t\t\t\tCentre reconnu pour la formation m\u00e9dicale\t\n\t\t\t\n\t\t<\/h3>\n\t\t\n\t<\/div>\n<\/div>\t\t\t\t<\/div>\n\t\t\t\t<\/div>\n\t\t\t\t<div class=\"elementor-element elementor-element-0d9c0a7 elementor-widget elementor-widget-pxl_text_editor\" data-id=\"0d9c0a7\" data-element_type=\"widget\" data-e-type=\"widget\" data-widget_type=\"pxl_text_editor.default\">\n\t\t\t\t<div class=\"elementor-widget-container\">\n\t\t\t\t\t<div class=\"pxl-text-editor default\">\n\t<div class=\"pxl-item--inner  \" data-wow-delay=\"ms\">\n\t\t<p>Medicol forme les m\u00e9decins sp\u00e9cialistes de demain et accompagne le perfectionnement continu des praticiens. Notre engagement acad\u00e9mique garantit la transmission des standards d&#8217;excellence en orthop\u00e9die moderne.<\/p>\t\t\n\t<\/div>\n<\/div>\t\t\t\t<\/div>\n\t\t\t\t<\/div>\n\t\t\t\t<div class=\"elementor-element elementor-element-853b74d ft-gt elementor-widget elementor-widget-pxl_list\" data-id=\"853b74d\" data-element_type=\"widget\" data-e-type=\"widget\" data-widget_type=\"pxl_list.default\">\n\t\t\t\t<div class=\"elementor-widget-container\">\n\t\t\t\t\t    <div class=\"pxl-list pxl-list1  default\" data-wow-delay=\"ms\">\r\n                    <div class=\"pxl--item\">\r\n                                    <div class=\"pxl-item--icon\">\r\n                        <svg xmlns=\"http:\/\/www.w3.org\/2000\/svg\" height=\"434pt\" viewBox=\"0 -65 434.67733 434\" width=\"434pt\"><path d=\"m152.003906 304.34375c-5.460937 0-10.921875-2.089844-15.082031-6.25l-130.664063-130.667969c-8.34375-8.339843-8.34375-21.824219 0-30.164062 8.339844-8.339844 21.820313-8.339844 30.164063 0l115.582031 115.582031 246.253906-246.25c8.339844-8.339844 21.820313-8.339844 30.164063 0 8.339844 8.34375 8.339844 21.824219 0 30.167969l-261.332031 261.332031c-4.160156 4.160156-9.625 6.25-15.085938 6.25zm0 0\"><\/path><\/svg>                    <\/div>\r\n                                                    <div class=\"pxl-item-content\">\r\n                        <label class=\"pxl-empty\"><\/label>\r\n                        Formation FMH en chirurgie orthop\u00e9dique                    <\/div>\r\n                            <\/div>\r\n                    <div class=\"pxl--item\">\r\n                                    <div class=\"pxl-item--icon\">\r\n                        <svg xmlns=\"http:\/\/www.w3.org\/2000\/svg\" height=\"434pt\" viewBox=\"0 -65 434.67733 434\" width=\"434pt\"><path d=\"m152.003906 304.34375c-5.460937 0-10.921875-2.089844-15.082031-6.25l-130.664063-130.667969c-8.34375-8.339843-8.34375-21.824219 0-30.164062 8.339844-8.339844 21.820313-8.339844 30.164063 0l115.582031 115.582031 246.253906-246.25c8.339844-8.339844 21.820313-8.339844 30.164063 0 8.339844 8.34375 8.339844 21.824219 0 30.167969l-261.332031 261.332031c-4.160156 4.160156-9.625 6.25-15.085938 6.25zm0 0\"><\/path><\/svg>                    <\/div>\r\n                                                    <div class=\"pxl-item-content\">\r\n                        <label class=\"pxl-empty\"><\/label>\r\n                        Perfectionnement continu des sp\u00e9cialistes titulaires                    <\/div>\r\n                            <\/div>\r\n                    <div class=\"pxl--item\">\r\n                                    <div class=\"pxl-item--icon\">\r\n                        <svg xmlns=\"http:\/\/www.w3.org\/2000\/svg\" height=\"434pt\" viewBox=\"0 -65 434.67733 434\" width=\"434pt\"><path d=\"m152.003906 304.34375c-5.460937 0-10.921875-2.089844-15.082031-6.25l-130.664063-130.667969c-8.34375-8.339843-8.34375-21.824219 0-30.164062 8.339844-8.339844 21.820313-8.339844 30.164063 0l115.582031 115.582031 246.253906-246.25c8.339844-8.339844 21.820313-8.339844 30.164063 0 8.339844 8.34375 8.339844 21.824219 0 30.167969l-261.332031 261.332031c-4.160156 4.160156-9.625 6.25-15.085938 6.25zm0 0\"><\/path><\/svg>                    <\/div>\r\n                                                    <div class=\"pxl-item-content\">\r\n                        <label class=\"pxl-empty\"><\/label>\r\n                        Enseignement pluridisciplinaire en m\u00e9decine du sport                    <\/div>\r\n                            <\/div>\r\n                    <div class=\"pxl--item\">\r\n                                    <div class=\"pxl-item--icon\">\r\n                        <svg xmlns=\"http:\/\/www.w3.org\/2000\/svg\" height=\"434pt\" viewBox=\"0 -65 434.67733 434\" width=\"434pt\"><path d=\"m152.003906 304.34375c-5.460937 0-10.921875-2.089844-15.082031-6.25l-130.664063-130.667969c-8.34375-8.339843-8.34375-21.824219 0-30.164062 8.339844-8.339844 21.820313-8.339844 30.164063 0l115.582031 115.582031 246.253906-246.25c8.339844-8.339844 21.820313-8.339844 30.164063 0 8.339844 8.34375 8.339844 21.824219 0 30.167969l-261.332031 261.332031c-4.160156 4.160156-9.625 6.25-15.085938 6.25zm0 0\"><\/path><\/svg>                    <\/div>\r\n                                                    <div class=\"pxl-item-content\">\r\n                        <label class=\"pxl-empty\"><\/label>\r\n                        Transmission aux \u00e9quipes param\u00e9dicales partenaires                    <\/div>\r\n                            <\/div>\r\n            <\/div>\r\n\t\t\t\t<\/div>\n\t\t\t\t<\/div>\n\t\t\t\t<div class=\"elementor-element elementor-element-5a010a2 elementor-widget__width-initial animated-slow elementor-invisible elementor-widget elementor-widget-image\" data-id=\"5a010a2\" data-element_type=\"widget\" data-e-type=\"widget\" data-settings=\"{&quot;_animation&quot;:&quot;fadeIn&quot;,&quot;_animation_delay&quot;:200}\" data-widget_type=\"image.default\">\n\t\t\t\t\t\t\t\t\t\t\t\t\t\t\t<img loading=\"lazy\" decoding=\"async\" width=\"306\" height=\"128\" src=\"https:\/\/template2.orthopediste-lausanne.ch\/wp-content\/uploads\/2025\/11\/ISFM_trans.png\" class=\"attachment-large size-large wp-image-12174\" alt=\"\" srcset=\"https:\/\/template2.orthopediste-lausanne.ch\/wp-content\/uploads\/2025\/11\/ISFM_trans.png 306w, https:\/\/template2.orthopediste-lausanne.ch\/wp-content\/uploads\/2025\/11\/ISFM_trans-300x125.png 300w\" sizes=\"(max-width: 306px) 100vw, 306px\" \/>\t\t\t\t\t\t\t\t\t\t\t\t\t\t\t<\/div>\n\t\t\t\t<div class=\"elementor-element elementor-element-c5eaf43 elementor-align-right ft-gt pxl-icon-list  elementor-widget__width-initial elementor-widget elementor-widget-pxl_button\" data-id=\"c5eaf43\" data-element_type=\"widget\" data-e-type=\"widget\" data-widget_type=\"pxl_button.default\">\n\t\t\t\t<div class=\"elementor-widget-container\">\n\t\t\t\t\t<div id=\"pxl-pxl_button-c5eaf43-9794\" class=\"pxl-button pxl-atc-link \" data-wow-delay=\"ms\">\r\n    <a href=\"\/service\/centre-de-formation\/\" class=\"btn  btn-glossy btn-default  inline pxl-icon--right\" data-wow-delay=\"ms\" data-target=\".pxl-page-popup-template-0\">\r\n                    <i aria-hidden=\"true\" class=\"flaticon flaticon-next\"><\/i>                        <span class=\"pxl--btn-text\" data-text=\"En savoir plus\">\r\n                        En savoir plus        <\/span>\r\n    <\/a>\r\n<\/div>\t\t\t\t<\/div>\n\t\t\t\t<\/div>\n\t\t            <\/div>\r\n        <\/div>\r\n        \t\t\t<\/div>\n\t\t<\/section>\n\t\t            <\/div>\r\n        <\/div>\r\n                <div class=\"elementor-column elementor-col-33 elementor-top-column elementor-element elementor-element-3a920bb pxl-column-none pxl-column-overflow-hidden-no\" data-id=\"3a920bb\" data-element_type=\"column\" data-e-type=\"column\">\r\n        <div class=\"elementor-widget-wrap elementor-element-populated\">\r\n                     \r\n                <section class=\"elementor-section elementor-inner-section elementor-element elementor-element-3b671a7 elementor-hidden-desktop elementor-hidden-tablet elementor-hidden-mobile elementor-section-boxed elementor-section-height-default elementor-section-height-default pxl-row-scroll-none pxl-zoom-point-false pxl-section-overflow-visible pxl-section-fix-none pxl-bg-color-none pxl-section-overlay-none\" data-id=\"3b671a7\" data-element_type=\"section\" data-e-type=\"section\" data-settings=\"{&quot;background_background&quot;:&quot;classic&quot;}\">\n\n                \n                <div class=\"elementor-container elementor-column-gap-default \">\n                <div class=\"elementor-column elementor-col-100 elementor-inner-column elementor-element elementor-element-a80804f pxl-column-none pxl-column-overflow-hidden-no\" data-id=\"a80804f\" data-element_type=\"column\" data-e-type=\"column\" data-settings=\"{&quot;background_background&quot;:&quot;classic&quot;}\">\r\n        <div class=\"elementor-widget-wrap elementor-element-populated\">\r\n                     \r\n        \t\t<div class=\"elementor-element elementor-element-dc60be1 elementor-widget__width-initial elementor-widget elementor-widget-image\" data-id=\"dc60be1\" data-element_type=\"widget\" data-e-type=\"widget\" data-widget_type=\"image.default\">\n\t\t\t\t\t\t\t\t\t\t\t\t\t\t\t<img loading=\"lazy\" decoding=\"async\" width=\"400\" height=\"52\" src=\"https:\/\/template2.orthopediste-lausanne.ch\/wp-content\/uploads\/2024\/10\/logo_coo_v2.png\" class=\"attachment-large size-large wp-image-23936\" alt=\"Centre Orthop\u00e9dique d&apos;Ouchy \u00e0 Lausanne\" srcset=\"https:\/\/template2.orthopediste-lausanne.ch\/wp-content\/uploads\/2024\/10\/logo_coo_v2.png 400w, https:\/\/template2.orthopediste-lausanne.ch\/wp-content\/uploads\/2024\/10\/logo_coo_v2-300x39.png 300w, https:\/\/template2.orthopediste-lausanne.ch\/wp-content\/uploads\/2024\/10\/logo_coo_v2-18x2.png 18w\" sizes=\"(max-width: 400px) 100vw, 400px\" \/>\t\t\t\t\t\t\t\t\t\t\t\t\t\t\t<\/div>\n\t\t\t\t<div class=\"elementor-element elementor-element-8c1455d elementor-widget elementor-widget-pxl_icon_box\" data-id=\"8c1455d\" data-element_type=\"widget\" data-e-type=\"widget\" data-widget_type=\"pxl_icon_box.default\">\n\t\t\t\t<div class=\"elementor-widget-container\">\n\t\t\t\t\t<div class=\"pxl-icon-box pxl-icon-box1 style-2 ani3 \" data-wow-delay=\"ms\">\r\n    <div class=\"pxl-item--inner\">\r\n        \r\n                            <div class=\"pxl-item--icon\">\r\n                                    <svg xmlns=\"http:\/\/www.w3.org\/2000\/svg\" id=\"Layer_1\" height=\"512\" viewBox=\"0 0 48 48\" width=\"512\"><g><path d=\"m24 0c-5.747 0-10.421 4.676-10.421 10.424 0 5.75 4.675 10.427 10.421 10.427s10.422-4.677 10.422-10.427c0-5.748-4.676-10.424-10.422-10.424z\"><\/path><path d=\"m32.053 23.793c.371 1.605.957 4.523.762 6.215 1.533 1.359 5.555 5.365 4.68 9.318-.006.047-.42 2.32-3.24 3.285-.107.037-.217.055-.324.055-.416 0-.803-.262-.945-.678-.18-.523.1-1.092.623-1.27 1.678-.574 1.922-1.764 1.926-1.775.598-2.711-2.402-6.002-4.07-7.465-1.996.969-5.77 3.346-5.916 6.068-.006.084-.068 1.289 1.375 2.271.457.311.576.934.264 1.391-.193.283-.508.438-.826.438-.195 0-.391-.057-.563-.174-2.467-1.678-2.254-3.986-2.245-4.084.227-4.225 5.749-7.104 7.29-7.828.092-1.5-.531-4.598-.99-6.348-.014-.055-.004-.108-.01-.163-1.455-.396-2.98-.626-4.561-.626h-2.567c-1.77 0-3.478.27-5.089.763-.017.071-.021.145-.056.214-.022.045-2.187 4.539-3.222 11.412 1.739.48 3.027 2.059 3.027 3.947 0 2.266-1.844 4.109-4.109 4.109-2.267 0-4.111-1.844-4.111-4.109 0-1.943 1.361-3.568 3.178-3.992.703-4.842 1.929-8.529 2.713-10.541-5.768 2.844-9.756 8.771-9.756 15.627v7.147c0 .553.447 1 1 1h35.422c.553 0 1-.461 1-1.014v-7.133c-.002-7.21-4.402-13.412-10.66-16.06z\"><\/path><\/g><\/svg>                                <\/div>\r\n                        <div class=\"pxl-item--meta\">\r\n            <h5 class=\"pxl-item--title el-empty\">\r\n                                                <\/h5>\r\n            <div class=\"pxl-item--description el-empty\">Le Centre int\u00e8gre l'expertise clinique et les avanc\u00e9es en recherche orthop\u00e9dique port\u00e9es par Medicol pour une prise en charge optimale.<\/div>\r\n        <\/div>\r\n    <\/div>\r\n<\/div>\t\t\t\t<\/div>\n\t\t\t\t<\/div>\n\t\t\t\t<div class=\"elementor-element elementor-element-6d20d39 elementor-align-left ft-gt pxl-icon-list  elementor-widget__width-initial elementor-widget elementor-widget-pxl_button\" data-id=\"6d20d39\" data-element_type=\"widget\" data-e-type=\"widget\" data-widget_type=\"pxl_button.default\">\n\t\t\t\t<div class=\"elementor-widget-container\">\n\t\t\t\t\t<div id=\"pxl-pxl_button-6d20d39-6887\" class=\"pxl-button pxl-atc-link \" data-wow-delay=\"ms\">\r\n    <a href=\"https:\/\/www.centre-ortho.ch\/consultation\/\" class=\"btn  btn-glossy btn-default  inline pxl-icon--right\" data-wow-delay=\"ms\" data-target=\".pxl-page-popup-template-0\" target=\"_blank\" rel=\"noopener\">\r\n                    <i aria-hidden=\"true\" class=\"flaticon flaticon-next\"><\/i>                        <span class=\"pxl--btn-text\" data-text=\"Prendre-rendez-vous\">\r\n                        Prendre-rendez-vous        <\/span>\r\n    <\/a>\r\n<\/div>\t\t\t\t<\/div>\n\t\t\t\t<\/div>\n\t\t            <\/div>\r\n        <\/div>\r\n        \t\t\t<\/div>\n\t\t<\/section>\n\t\t        <section class=\"elementor-section elementor-inner-section elementor-element elementor-element-9746a3a elementor-section-boxed elementor-section-height-default elementor-section-height-default pxl-row-scroll-none pxl-zoom-point-false pxl-section-overflow-visible pxl-section-fix-none pxl-bg-color-none pxl-section-overlay-none\" data-id=\"9746a3a\" data-element_type=\"section\" data-e-type=\"section\" data-settings=\"{&quot;background_background&quot;:&quot;gradient&quot;}\">\n\n                \n                <div class=\"elementor-container elementor-column-gap-default \">\n                <div class=\"elementor-column elementor-col-100 elementor-inner-column elementor-element elementor-element-112f908 pxl-column-none pxl-column-overflow-hidden-no\" data-id=\"112f908\" data-element_type=\"column\" data-e-type=\"column\">\r\n        <div class=\"elementor-widget-wrap elementor-element-populated\">\r\n                     \r\n        \t\t<div class=\"elementor-element elementor-element-69e13fb elementor-widget__width-initial elementor-widget elementor-widget-image\" data-id=\"69e13fb\" data-element_type=\"widget\" data-e-type=\"widget\" data-widget_type=\"image.default\">\n\t\t\t\t\t\t\t\t\t\t\t\t\t\t\t<img loading=\"lazy\" decoding=\"async\" width=\"591\" height=\"72\" src=\"https:\/\/template2.orthopediste-lausanne.ch\/wp-content\/uploads\/2025\/11\/logo_coo_w.png\" class=\"attachment-large size-large wp-image-11776\" alt=\"\" srcset=\"https:\/\/template2.orthopediste-lausanne.ch\/wp-content\/uploads\/2025\/11\/logo_coo_w.png 591w, https:\/\/template2.orthopediste-lausanne.ch\/wp-content\/uploads\/2025\/11\/logo_coo_w-300x37.png 300w\" sizes=\"(max-width: 591px) 100vw, 591px\" \/>\t\t\t\t\t\t\t\t\t\t\t\t\t\t\t<\/div>\n\t\t\t\t<div class=\"elementor-element elementor-element-3529fd6 elementor-widget elementor-widget-pxl_icon_box\" data-id=\"3529fd6\" data-element_type=\"widget\" data-e-type=\"widget\" data-widget_type=\"pxl_icon_box.default\">\n\t\t\t\t<div class=\"elementor-widget-container\">\n\t\t\t\t\t<div class=\"pxl-icon-box pxl-icon-box1 style-2 ani3 \" data-wow-delay=\"ms\">\r\n    <div class=\"pxl-item--inner\">\r\n        \r\n                            <div class=\"pxl-item--icon\">\r\n                                    <i aria-hidden=\"true\" class=\"fas fa-comment-medical\"><\/i>                                <\/div>\r\n                        <div class=\"pxl-item--meta\">\r\n            <h5 class=\"pxl-item--title el-empty\">\r\n                                                <\/h5>\r\n            <div class=\"pxl-item--description el-empty\">Le Centre int\u00e8gre l'expertise clinique et les avanc\u00e9es en recherche orthop\u00e9dique port\u00e9es par Medicol pour une prise en charge optimale.<\/div>\r\n        <\/div>\r\n    <\/div>\r\n<\/div>\t\t\t\t<\/div>\n\t\t\t\t<\/div>\n\t\t\t\t<div class=\"elementor-element elementor-element-fff873b elementor-widget elementor-widget-pxl_button\" data-id=\"fff873b\" data-element_type=\"widget\" data-e-type=\"widget\" data-widget_type=\"pxl_button.default\">\n\t\t\t\t<div class=\"elementor-widget-container\">\n\t\t\t\t\t<div id=\"pxl-pxl_button-fff873b-1243\" class=\"pxl-button pxl-atc-link \" data-wow-delay=\"ms\">\r\n    <a href=\"https:\/\/template2.orthopediste-lausanne.ch\/make-appointment\/\" class=\"btn   btn-default  inline pxl-icon--right\" data-wow-delay=\"ms\" data-target=\".pxl-page-popup-template-0\">\r\n                    <i aria-hidden=\"true\" class=\"flaticon flaticon-right-arrow\"><\/i>                        <span class=\"pxl--btn-text\" data-text=\"Prendre rendez-vous\">\r\n                        Prendre rendez-vous        <\/span>\r\n    <\/a>\r\n<\/div>\t\t\t\t<\/div>\n\t\t\t\t<\/div>\n\t\t            <\/div>\r\n        <\/div>\r\n        \t\t\t<\/div>\n\t\t<\/section>\n\t\t        <section class=\"elementor-section elementor-inner-section elementor-element elementor-element-d6b2e83 elementor-section-boxed elementor-section-height-default elementor-section-height-default pxl-row-scroll-none pxl-zoom-point-false pxl-section-overflow-visible pxl-section-fix-none pxl-bg-color-none pxl-section-overlay-none\" data-id=\"d6b2e83\" data-element_type=\"section\" data-e-type=\"section\" data-settings=\"{&quot;background_background&quot;:&quot;classic&quot;}\">\n\n                \n                <div class=\"elementor-container elementor-column-gap-default \">\n                <div class=\"elementor-column elementor-col-100 elementor-inner-column elementor-element elementor-element-f6617ea pxl-column-none pxl-column-overflow-hidden-no\" data-id=\"f6617ea\" data-element_type=\"column\" data-e-type=\"column\" data-settings=\"{&quot;background_background&quot;:&quot;classic&quot;}\">\r\n        <div class=\"elementor-widget-wrap elementor-element-populated\">\r\n                     \r\n        \t\t<div class=\"elementor-element elementor-element-f2845ce elementor-widget elementor-widget-pxl_icon_box\" data-id=\"f2845ce\" data-element_type=\"widget\" data-e-type=\"widget\" data-widget_type=\"pxl_icon_box.default\">\n\t\t\t\t<div class=\"elementor-widget-container\">\n\t\t\t\t\t<div class=\"pxl-icon-box pxl-icon-box1 style-2 ani3 \" data-wow-delay=\"ms\">\r\n    <div class=\"pxl-item--inner\">\r\n        \r\n                            <div class=\"pxl-item--icon\">\r\n                                    <i aria-hidden=\"true\" class=\"fas fa-clinic-medical\"><\/i>                                <\/div>\r\n                        <div class=\"pxl-item--meta\">\r\n            <h5 class=\"pxl-item--title el-empty\">\r\n                        Communaut\u00e9 m\u00e9dicale active                        <\/h5>\r\n            <div class=\"pxl-item--description el-empty\">M\u00e9decins r\u00e9f\u00e9rents, soci\u00e9t\u00e9 m\u00e9dicale internationale, clubs sportifs<\/div>\r\n        <\/div>\r\n    <\/div>\r\n<\/div>\t\t\t\t<\/div>\n\t\t\t\t<\/div>\n\t\t\t\t<div class=\"elementor-element elementor-element-6ec3ce2 elementor-widget elementor-widget-pxl_button\" data-id=\"6ec3ce2\" data-element_type=\"widget\" data-e-type=\"widget\" data-widget_type=\"pxl_button.default\">\n\t\t\t\t<div class=\"elementor-widget-container\">\n\t\t\t\t\t<div id=\"pxl-pxl_button-6ec3ce2-7058\" class=\"pxl-button pxl-atc-link \" data-wow-delay=\"ms\">\r\n    <a href=\"https:\/\/www.centre-ortho.ch\/medecins-referents\/\" target=\"_blank\" class=\"btn   btn-default  inline pxl-icon--right\" data-wow-delay=\"ms\" data-target=\".pxl-page-popup-template-0\" rel=\"noopener\">\r\n                    <i aria-hidden=\"true\" class=\"flaticon flaticon-right-arrow\"><\/i>                        <span class=\"pxl--btn-text\" data-text=\"Voir les M\u00e9decins\">\r\n                        Voir les M\u00e9decins        <\/span>\r\n    <\/a>\r\n<\/div>\t\t\t\t<\/div>\n\t\t\t\t<\/div>\n\t\t            <\/div>\r\n        <\/div>\r\n        \t\t\t<\/div>\n\t\t<\/section>\n\t\t            <\/div>\r\n        <\/div>\r\n                <div class=\"elementor-column elementor-col-33 elementor-top-column elementor-element elementor-element-5431bd4 pxl-column-none pxl-column-overflow-hidden-no\" data-id=\"5431bd4\" data-element_type=\"column\" data-e-type=\"column\">\r\n        <div class=\"elementor-widget-wrap elementor-element-populated\">\r\n                     \r\n                <section class=\"elementor-section elementor-inner-section elementor-element elementor-element-1e9379d elementor-section-boxed elementor-section-height-default elementor-section-height-default pxl-row-scroll-none pxl-zoom-point-false pxl-section-overflow-visible pxl-section-fix-none pxl-bg-color-none pxl-section-overlay-none\" data-id=\"1e9379d\" data-element_type=\"section\" data-e-type=\"section\" data-settings=\"{&quot;background_background&quot;:&quot;classic&quot;}\">\n\n                \n                <div class=\"elementor-container elementor-column-gap-default \">\n                <div class=\"elementor-column elementor-col-100 elementor-inner-column elementor-element elementor-element-8330833 pxl-column-none pxl-column-overflow-hidden-no\" data-id=\"8330833\" data-element_type=\"column\" data-e-type=\"column\" data-settings=\"{&quot;background_background&quot;:&quot;classic&quot;}\">\r\n        <div class=\"elementor-widget-wrap elementor-element-populated\">\r\n                     \r\n        \t\t<div class=\"elementor-element elementor-element-afa1747 elementor-widget elementor-widget-heading\" data-id=\"afa1747\" data-element_type=\"widget\" data-e-type=\"widget\" data-widget_type=\"heading.default\">\n\t\t\t\t\t<h2 class=\"elementor-heading-title elementor-size-default\">Partenariats<\/h2>\t\t\t\t<\/div>\n\t\t\t\t<div class=\"elementor-element elementor-element-35583cf elementor-widget elementor-widget-pxl_text_editor\" data-id=\"35583cf\" data-element_type=\"widget\" data-e-type=\"widget\" data-widget_type=\"pxl_text_editor.default\">\n\t\t\t\t<div class=\"elementor-widget-container\">\n\t\t\t\t\t<div class=\"pxl-text-editor default\">\n\t<div class=\"pxl-item--inner  \" data-wow-delay=\"ms\">\n\t\t<p>Partenaire de l&#8217;EPFL pour la recherche appliqu\u00e9e en biom\u00e9canique et innovation orthop\u00e9dique, nous int\u00e9grons les avanc\u00e9es scientifiques.<\/p>\t\t\n\t<\/div>\n<\/div>\t\t\t\t<\/div>\n\t\t\t\t<\/div>\n\t\t\t\t<div class=\"elementor-element elementor-element-61a71ae elementor-widget__width-initial elementor-widget elementor-widget-image\" data-id=\"61a71ae\" data-element_type=\"widget\" data-e-type=\"widget\" data-widget_type=\"image.default\">\n\t\t\t\t\t\t\t\t\t\t\t\t\t\t\t<img loading=\"lazy\" decoding=\"async\" width=\"600\" height=\"445\" src=\"https:\/\/template2.orthopediste-lausanne.ch\/wp-content\/uploads\/2026\/02\/photo_marche_gros_plan2_carre_v1.jpg\" class=\"attachment-medicross-portfolio size-medicross-portfolio wp-image-24329\" alt=\"\" srcset=\"https:\/\/template2.orthopediste-lausanne.ch\/wp-content\/uploads\/2026\/02\/photo_marche_gros_plan2_carre_v1.jpg 600w, https:\/\/template2.orthopediste-lausanne.ch\/wp-content\/uploads\/2026\/02\/photo_marche_gros_plan2_carre_v1-300x223.jpg 300w, https:\/\/template2.orthopediste-lausanne.ch\/wp-content\/uploads\/2026\/02\/photo_marche_gros_plan2_carre_v1-16x12.jpg 16w\" sizes=\"(max-width: 600px) 100vw, 600px\" \/>\t\t\t\t\t\t\t\t\t\t\t\t\t\t\t<\/div>\n\t\t\t\t<div class=\"elementor-element elementor-element-3c25f39 elementor-widget__width-initial elementor-widget elementor-widget-image\" data-id=\"3c25f39\" data-element_type=\"widget\" data-e-type=\"widget\" data-widget_type=\"image.default\">\n\t\t\t\t\t\t\t\t\t\t\t\t\t\t\t<img loading=\"lazy\" decoding=\"async\" width=\"104\" height=\"30\" src=\"https:\/\/template2.orthopediste-lausanne.ch\/wp-content\/uploads\/2025\/11\/EPFL-Lausanne-Medicol-e1764060475177.png\" class=\"attachment-large size-large wp-image-11882\" alt=\"\" \/>\t\t\t\t\t\t\t\t\t\t\t\t\t\t\t<\/div>\n\t\t            <\/div>\r\n        <\/div>\r\n        \t\t\t<\/div>\n\t\t<\/section>\n\t\t            <\/div>\r\n        <\/div>\r\n        \t\t\t<\/div>\n\t\t<\/section>\n\t\t        <section class=\"elementor-section elementor-top-section elementor-element elementor-element-2ef45bf elementor-section-stretched pxl-section-overflow-hidden elementor-section-boxed elementor-section-height-default elementor-section-height-default pxl-row-scroll-none pxl-zoom-point-false pxl-section-fix-none pxl-bg-color-none pxl-section-overlay-none\" data-id=\"2ef45bf\" data-element_type=\"section\" data-e-type=\"section\" data-settings=\"{&quot;stretch_section&quot;:&quot;section-stretched&quot;}\">\n\n                \n                <div class=\"elementor-container elementor-column-gap-extended \">\n                <div class=\"elementor-column elementor-col-100 elementor-top-column elementor-element elementor-element-ed247fa pxl-column-none pxl-column-overflow-hidden-no\" data-id=\"ed247fa\" data-element_type=\"column\" data-e-type=\"column\">\r\n        <div class=\"elementor-widget-wrap elementor-element-populated\">\r\n                     \r\n        \t\t<div class=\"elementor-element elementor-element-95bff0a elementor-hidden-desktop elementor-hidden-tablet elementor-hidden-mobile elementor-widget elementor-widget-pxl_image\" data-id=\"95bff0a\" data-element_type=\"widget\" data-e-type=\"widget\" data-widget_type=\"pxl_image.default\">\n\t\t\t\t<div class=\"elementor-widget-container\">\n\t\t\t\t\t<div id=\"pxl_image-95bff0a-7231\" class=\"pxl-image-single  pxl-disable-parallax-sm pxl-hide-sr-lg  \" data-wow-delay=\"ms\"  >\r\n    <div class=\"pxl-item--inner\" data-wow-delay=\"120ms\">\r\n        \r\n                    <div class=\"pxl-item--image \" data-parallax-value=\"\">\r\n                                <img loading=\"lazy\" decoding=\"async\" class=\"no-lazyload \" src=\"https:\/\/template2.orthopediste-lausanne.ch\/wp-content\/uploads\/2025\/11\/logo_medicol_rouge.png\" width=\"171\" height=\"69\" alt=\"logo_medicol_rouge\" title=\"logo_medicol_rouge\" \/>                            <\/div>\r\n                \r\n    <\/div>\r\n<\/div>\t\t\t\t<\/div>\n\t\t\t\t<\/div>\n\t\t\t\t<div class=\"elementor-element elementor-element-f568cb1 ft-gt elementor-widget elementor-widget-pxl_heading\" data-id=\"f568cb1\" data-element_type=\"widget\" data-e-type=\"widget\" data-widget_type=\"pxl_heading.default\">\n\t\t\t\t<div class=\"elementor-widget-container\">\n\t\t\t\t\t\n<div id=\"pxl-pxl_heading-f568cb1-9468\" class=\"pxl-heading px-sub-title-default-style \">\n\t<div class=\"pxl-heading--inner\">\n\t\t\n\t\t<h3 class=\"pxl-item--title style-default  highlight-default pxl-split-text split-in-fade\" data-wow-delay=\"ms\">\n\t\t\t\t\tL&#8217;excellence orthop\u00e9dique selon Medicol\t\n\t\t\t\n\t\t<\/h3>\n\t\t\n\t<\/div>\n<\/div>\t\t\t\t<\/div>\n\t\t\t\t<\/div>\n\t\t\t\t<div class=\"elementor-element elementor-element-b0aa27a elementor-widget elementor-widget-pxl_text_editor\" data-id=\"b0aa27a\" data-element_type=\"widget\" data-e-type=\"widget\" data-widget_type=\"pxl_text_editor.default\">\n\t\t\t\t<div class=\"elementor-widget-container\">\n\t\t\t\t\t<div class=\"pxl-text-editor default\">\n\t<div class=\"pxl-item--inner  \" data-wow-delay=\"ms\">\n\t\tMedicol r\u00e9volutionne l&#8217;orthop\u00e9die par son approche globale : analyses approfondies, traitements sur-mesure et accompagnement patient. Notre \u00e9cosyst\u00e8me int\u00e8gre formation d&#8217;excellence, recherche innovante et expertise collective.\t\t\n\t<\/div>\n<\/div>\t\t\t\t<\/div>\n\t\t\t\t<\/div>\n\t\t\t\t<div class=\"elementor-element elementor-element-0989ef7 pxl-post-layout-service-2 elementor-widget elementor-widget-pxl_post_grid\" data-id=\"0989ef7\" data-element_type=\"widget\" data-e-type=\"widget\" data-widget_type=\"pxl_post_grid.default\">\n\t\t\t\t<div class=\"elementor-widget-container\">\n\t\t\t\t\t\n<div id=\"pxl_post_grid-0989ef7-8597\" class=\"pxl-grid pxl-service-grid pxl-service-grid-layout2 pxl-service-style1\" data-start-page=\"1\" data-max-pages=\"2\" data-total=\"10\" data-perpage=\"5\" data-next-link=\"https:\/\/template2.orthopediste-lausanne.ch\/wp-json\/wp\/v2\/pages\/21\/page\/2\/\" data-layout=\"masonry\">\n    \n    <div class=\"pxl-grid-inner pxl-grid-masonry row\" data-gutter=\"15\">\n                    <div class=\"pxl-grid-item col-xl-4 col-lg-4 col-md-6 col-sm-12 col-12 \">\n                <div class=\"pxl-post--inner wow PXLfadeInUp\" data-wow-duration=\"1.2s\">\n                    <span class=\"count-post\">\n                        01.                    <\/span>\n                                                            <h3 class=\"pxl-post--title\">\n                        <a href=\"https:\/\/template2.orthopediste-lausanne.ch\/en\/service\/research-and-innovation\/\">Recherche et Innovation<\/a>\n                    <\/h3>\n                                            <div class=\"pxl-post--content\">\n                                                            Collaboration avec l'EPFL et centres de recherche pour d\u00e9velopper les traitements orthop\u00e9diques de demain.                                                    <\/div>\n                    \n                                            <div class=\"pxl-post--readmore\">\n                            <a class=\"btn-readmore\" href=\"https:\/\/template2.orthopediste-lausanne.ch\/en\/service\/research-and-innovation\/\">\n                                <span>En savoir plus<\/span>\n                                <i class=\"flaticon flaticon-next\"><\/i>\n                            <\/a>\n                        <\/div>\n                                    <\/div>\n            <\/div>\n                    <div class=\"pxl-grid-item col-xl-4 col-lg-4 col-md-6 col-sm-12 col-12 \">\n                <div class=\"pxl-post--inner wow PXLfadeInUp\" data-wow-duration=\"1.2s\">\n                    <span class=\"count-post\">\n                        02.                    <\/span>\n                                                            <h3 class=\"pxl-post--title\">\n                        <a href=\"https:\/\/template2.orthopediste-lausanne.ch\/en\/service\/training-center\/\">Centre de formation<\/a>\n                    <\/h3>\n                                            <div class=\"pxl-post--content\">\n                                                            Accr\u00e9ditation FMH et formation continue : nous transmettons notre expertise aux professionnels de sant\u00e9 orthop\u00e9dique.                                                    <\/div>\n                    \n                                            <div class=\"pxl-post--readmore\">\n                            <a class=\"btn-readmore\" href=\"https:\/\/template2.orthopediste-lausanne.ch\/en\/service\/training-center\/\">\n                                <span>En savoir plus<\/span>\n                                <i class=\"flaticon flaticon-next\"><\/i>\n                            <\/a>\n                        <\/div>\n                                    <\/div>\n            <\/div>\n                    <div class=\"pxl-grid-item col-xl-4 col-lg-4 col-md-6 col-sm-12 col-12 \">\n                <div class=\"pxl-post--inner wow PXLfadeInUp\" data-wow-duration=\"1.2s\">\n                    <span class=\"count-post\">\n                        03.                    <\/span>\n                                                            <h3 class=\"pxl-post--title\">\n                        <a href=\"https:\/\/template2.orthopediste-lausanne.ch\/en\/service\/patient-support\/\">Accompagnement patient<\/a>\n                    <\/h3>\n                                            <div class=\"pxl-post--content\">\n                                                            Bilans approfondis, scores m\u00e9dicaux et imagerie 3D pour comprendre pr\u00e9cis\u00e9ment votre pathologie et d\u00e9finir la meilleure strat\u00e9gie.                                                    <\/div>\n                    \n                                            <div class=\"pxl-post--readmore\">\n                            <a class=\"btn-readmore\" href=\"https:\/\/template2.orthopediste-lausanne.ch\/en\/service\/patient-support\/\">\n                                <span>En savoir plus<\/span>\n                                <i class=\"flaticon flaticon-next\"><\/i>\n                            <\/a>\n                        <\/div>\n                                    <\/div>\n            <\/div>\n                    <div class=\"pxl-grid-item col-xl-4 col-lg-4 col-md-6 col-sm-12 col-12 \">\n                <div class=\"pxl-post--inner wow PXLfadeInUp\" data-wow-duration=\"1.2s\">\n                    <span class=\"count-post\">\n                        04.                    <\/span>\n                                                            <h3 class=\"pxl-post--title\">\n                        <a href=\"https:\/\/template2.orthopediste-lausanne.ch\/en\/service\/personalized-treatments\/\">Traitements personnalis\u00e9s<\/a>\n                    <\/h3>\n                                            <div class=\"pxl-post--content\">\n                                                            Protocoles adapt\u00e9s \u00e0 votre cas : proth\u00e8ses sur-mesure, bilans de mobilit\u00e9 et solutions th\u00e9rapeutiques individualis\u00e9es pour chaque patient.                                                    <\/div>\n                    \n                                            <div class=\"pxl-post--readmore\">\n                            <a class=\"btn-readmore\" href=\"https:\/\/template2.orthopediste-lausanne.ch\/en\/service\/personalized-treatments\/\">\n                                <span>En savoir plus<\/span>\n                                <i class=\"flaticon flaticon-next\"><\/i>\n                            <\/a>\n                        <\/div>\n                                    <\/div>\n            <\/div>\n                    <div class=\"pxl-grid-item col-xl-4 col-lg-4 col-md-6 col-sm-12 col-12 \">\n                <div class=\"pxl-post--inner wow PXLfadeInUp\" data-wow-duration=\"1.2s\">\n                    <span class=\"count-post\">\n                        05.                    <\/span>\n                                                            <h3 class=\"pxl-post--title\">\n                        <a href=\"https:\/\/template2.orthopediste-lausanne.ch\/en\/service\/analysis-and-diagnosis\/\">Analyse et Diagnostic<\/a>\n                    <\/h3>\n                                            <div class=\"pxl-post--content\">\n                                                            Bilans approfondis, scores m\u00e9dicaux et imagerie 3D pour comprendre pr\u00e9cis\u00e9ment votre pathologie et d\u00e9finir la meilleure strat\u00e9gie.                                                    <\/div>\n                    \n                                            <div class=\"pxl-post--readmore\">\n                            <a class=\"btn-readmore\" href=\"https:\/\/template2.orthopediste-lausanne.ch\/en\/service\/analysis-and-diagnosis\/\">\n                                <span>En savoir plus<\/span>\n                                <i class=\"flaticon flaticon-next\"><\/i>\n                            <\/a>\n                        <\/div>\n                                    <\/div>\n            <\/div>\n                            <div class=\"custom-box pxl-grid-item col-xl-4 col-lg-4 col-md-6 col-sm-12 col-12 \" >\n                <div class=\"pxl-post--inner wow PXLfadeInUp\" data-wow-duration=\"1.2s\" style=\"background-image: url(https:\/\/template2.orthopediste-lausanne.ch\/wp-content\/uploads\/2026\/02\/ressources_medicol.jpg);\">\n                    <div class=\"wrap-content\">\n                        <h4 class=\"title-box\">\n                            Vous souhaitez comprendre votre pathologie ?                        <\/h4>\n                                                    <a class=\"button-box btn btn-glossy\" href=\"\/pathologies-du-genou\/\">\n                                Voir les ressources                                <i class=\"flaticon flaticon-next\"><\/i>\n                            <\/a>\n                                            <\/div>\n                <\/div>\n            <\/div>\n                    <div class=\"grid-sizer col-xl-4 col-lg-4 col-md-6 col-sm-12 col-12\"><\/div>\n    <\/div>\n        <\/div>\t\t\t\t<\/div>\n\t\t\t\t<\/div>\n\t\t            <\/div>\r\n        <\/div>\r\n        \t\t\t<\/div>\n\t\t<\/section>\n\t\t        <section class=\"elementor-section elementor-top-section elementor-element elementor-element-8ed996f elementor-section-stretched elementor-section-boxed elementor-section-height-default elementor-section-height-default pxl-row-scroll-none pxl-zoom-point-false pxl-section-overflow-visible pxl-section-fix-none pxl-bg-color-none pxl-section-overlay-none\" data-id=\"8ed996f\" data-element_type=\"section\" data-e-type=\"section\" data-settings=\"{&quot;stretch_section&quot;:&quot;section-stretched&quot;}\">\n\n                \n                <div class=\"elementor-container elementor-column-gap-extended \">\n                <div class=\"elementor-column elementor-col-100 elementor-top-column elementor-element elementor-element-40ac2af pxl-column-none pxl-column-overflow-hidden-no\" data-id=\"40ac2af\" data-element_type=\"column\" data-e-type=\"column\">\r\n        <div class=\"elementor-widget-wrap elementor-element-populated\">\r\n                     \r\n        \t\t<div class=\"elementor-element elementor-element-cc6e6a6 elementor-widget elementor-widget-heading\" data-id=\"cc6e6a6\" data-element_type=\"widget\" data-e-type=\"widget\" data-widget_type=\"heading.default\">\n\t\t\t\t\t<div class=\"elementor-heading-title elementor-size-default\">Depuis<\/div>\t\t\t\t<\/div>\n\t\t        <section class=\"elementor-section elementor-inner-section elementor-element elementor-element-4a6da30 elementor-section-full_width pxl-full-content-with-space-start elementor-section-height-default elementor-section-height-default pxl-row-scroll-none pxl-zoom-point-false pxl-section-overflow-visible pxl-section-fix-none pxl-bg-color-none pxl-section-overlay-none\" data-id=\"4a6da30\" data-element_type=\"section\" data-e-type=\"section\" data-settings=\"{&quot;background_background&quot;:&quot;classic&quot;}\" style=\"padding-left: calc( (100% - 1310px)\/2);\">\n\n                \n                <div class=\"elementor-container elementor-column-gap-extended \">\n                <div class=\"elementor-column elementor-col-50 elementor-inner-column elementor-element elementor-element-fdad39e pxl-column-none pxl-column-overflow-hidden-no\" data-id=\"fdad39e\" data-element_type=\"column\" data-e-type=\"column\">\r\n        <div class=\"elementor-widget-wrap elementor-element-populated\">\r\n                     \r\n        \t\t<div class=\"elementor-element elementor-element-2a02767 elementor-widget elementor-widget-heading\" data-id=\"2a02767\" data-element_type=\"widget\" data-e-type=\"widget\" data-widget_type=\"heading.default\">\n\t\t\t\t\t<div class=\"elementor-heading-title elementor-size-default\">Depuis<\/div>\t\t\t\t<\/div>\n\t\t\t\t<div class=\"elementor-element elementor-element-5dfcc54 elementor-widget__width-initial elementor-widget elementor-widget-pxl_counter\" data-id=\"5dfcc54\" data-element_type=\"widget\" data-e-type=\"widget\" data-widget_type=\"pxl_counter.default\">\n\t\t\t\t<div class=\"elementor-widget-container\">\n\t\t\t\t\t<div class=\"pxl-counter pxl-counter1 \" data-wow-delay=\"ms\">\r\n    <div class=\"pxl-counter--inner\">\r\n        <div class=\"pxl-counter--holder \">\r\n                                    <div class=\"pxl-counter--number \">\r\n                <span class=\"pxl-counter--prefix el-empty\"><\/span>\r\n                <span class=\"pxl-counter--value effect-default\" data-duration=\"2000\" data-startnumber=\"2019\" data-endnumber=\"2019\" data-to-value=\"2019\" data-delimiter=\"\">2019<\/span>\r\n                            <\/div>\r\n        <\/div>\r\n            <\/div>\r\n<\/div>\t\t\t\t<\/div>\n\t\t\t\t<\/div>\n\t\t\t\t<div class=\"elementor-element elementor-element-bc5274c elementor-widget__width-initial elementor-widget elementor-widget-image\" data-id=\"bc5274c\" data-element_type=\"widget\" data-e-type=\"widget\" data-widget_type=\"image.default\">\n\t\t\t\t\t\t\t\t\t\t\t\t\t\t\t<img loading=\"lazy\" decoding=\"async\" width=\"781\" height=\"521\" src=\"https:\/\/template2.orthopediste-lausanne.ch\/wp-content\/uploads\/2025\/11\/Formation-des-medecins-en-orthopedie-ISFM-SIWF-FMH.jpg\" class=\"attachment-large size-large wp-image-11784\" alt=\"\" srcset=\"https:\/\/template2.orthopediste-lausanne.ch\/wp-content\/uploads\/2025\/11\/Formation-des-medecins-en-orthopedie-ISFM-SIWF-FMH.jpg 781w, https:\/\/template2.orthopediste-lausanne.ch\/wp-content\/uploads\/2025\/11\/Formation-des-medecins-en-orthopedie-ISFM-SIWF-FMH-300x200.jpg 300w, https:\/\/template2.orthopediste-lausanne.ch\/wp-content\/uploads\/2025\/11\/Formation-des-medecins-en-orthopedie-ISFM-SIWF-FMH-768x512.jpg 768w\" sizes=\"(max-width: 781px) 100vw, 781px\" \/>\t\t\t\t\t\t\t\t\t\t\t\t\t\t\t<\/div>\n\t\t\t\t<div class=\"elementor-element elementor-element-f38fd01 elementor-widget-divider--view-line elementor-widget elementor-widget-divider\" data-id=\"f38fd01\" data-element_type=\"widget\" data-e-type=\"widget\" data-widget_type=\"divider.default\">\n\t\t\t\t\t\t\t<div class=\"elementor-divider\">\n\t\t\t<span class=\"elementor-divider-separator\">\n\t\t\t\t\t\t<\/span>\n\t\t<\/div>\n\t\t\t\t\t\t<\/div>\n\t\t\t\t<div class=\"elementor-element elementor-element-3d1d670 elementor-widget elementor-widget-pxl_heading\" data-id=\"3d1d670\" data-element_type=\"widget\" data-e-type=\"widget\" data-widget_type=\"pxl_heading.default\">\n\t\t\t\t<div class=\"elementor-widget-container\">\n\t\t\t\t\t\n<div id=\"pxl-pxl_heading-3d1d670-1746\" class=\"pxl-heading px-sub-title-default-style \">\n\t<div class=\"pxl-heading--inner\">\n\t\t\n\t\t<h3 class=\"pxl-item--title style-default  highlight-default \" data-wow-delay=\"ms\">\n\t\t\t\t\tCentre de formation\n\t\n\t\t\t\n\t\t<\/h3>\n\t\t\n\t<\/div>\n<\/div>\t\t\t\t<\/div>\n\t\t\t\t<\/div>\n\t\t\t\t<div class=\"elementor-element elementor-element-052faf5 elementor-widget elementor-widget-pxl_text_editor\" data-id=\"052faf5\" data-element_type=\"widget\" data-e-type=\"widget\" data-widget_type=\"pxl_text_editor.default\">\n\t\t\t\t<div class=\"elementor-widget-container\">\n\t\t\t\t\t<div class=\"pxl-text-editor default\">\n\t<div class=\"pxl-item--inner  \" data-wow-delay=\"ms\">\n\t\t<p>En 2018, Medicol re\u00e7oit l\u2019autorisation provisoire de la FMH (ISFM) \u00e0 former de jeunes m\u00e9decins en chirurgie orthop\u00e9dique, autorisation qui sera acquise d\u00e9finitivement en mai 2022. Cette volont\u00e9 de s\u2019engager pour la formation se traduit par l\u2019engagement de nouveaux m\u00e9decins et un soutien plus efficient aux m\u00e9decins membres dans le cadre de leur activit\u00e9 chirurgicale et scientifique.<\/p>\t\t\n\t<\/div>\n<\/div>\t\t\t\t<\/div>\n\t\t\t\t<\/div>\n\t\t<div class=\"elementor-element elementor-element-62e111f e-flex e-con-boxed e-con e-parent \" data-id=\"62e111f\" data-element_type=\"container\" data-e-type=\"container\">\t\t\t<div class=\"e-con-inner\">\r\n\t\t\t\t<div class=\"elementor-element elementor-element-f2f5db3 elementor-align-left ft-gt  elementor-widget__width-auto elementor-widget elementor-widget-pxl_button\" data-id=\"f2f5db3\" data-element_type=\"widget\" data-e-type=\"widget\" data-widget_type=\"pxl_button.default\">\n\t\t\t\t<div class=\"elementor-widget-container\">\n\t\t\t\t\t<div id=\"pxl-pxl_button-f2f5db3-9983\" class=\"pxl-button pxl-atc-link \" data-wow-delay=\"ms\">\r\n    <a href=\"\/service\/centre-de-formation\/\" class=\"btn  btn-glossy btn-default  inline pxl-icon--right\" data-wow-delay=\"ms\" data-target=\".pxl-page-popup-template-0\">\r\n                    <i aria-hidden=\"true\" class=\"flaticon flaticon-next\"><\/i>                        <span class=\"pxl--btn-text\" data-text=\"En savoir plus\">\r\n                        En savoir plus        <\/span>\r\n    <\/a>\r\n<\/div>\t\t\t\t<\/div>\n\t\t\t\t<\/div>\n\t\t\t\t\t<\/div>\r\n\t\t\t\t<\/div>\r\n\t\t            <\/div>\r\n        <\/div>\r\n                <div class=\"elementor-column elementor-col-50 elementor-inner-column elementor-element elementor-element-b9dc1e8 pxl-column-none pxl-column-overflow-hidden-no\" data-id=\"b9dc1e8\" data-element_type=\"column\" data-e-type=\"column\">\r\n        <div class=\"elementor-widget-wrap elementor-element-populated\">\r\n                     \r\n        \t\t<div class=\"elementor-element elementor-element-33fff51 elementor-widget__width-initial elementor-widget elementor-widget-pxl_image\" data-id=\"33fff51\" data-element_type=\"widget\" data-e-type=\"widget\" data-widget_type=\"pxl_image.default\">\n\t\t\t\t<div class=\"elementor-widget-container\">\n\t\t\t\t\t<div id=\"pxl_image-33fff51-6278\" class=\"pxl-image-single  pxl-disable-parallax-sm pxl-hide-sr-lg  wow skewInRight\" data-wow-delay=\"200ms\"  >\r\n    <div class=\"pxl-item--inner\" data-wow-delay=\"120ms\">\r\n        \r\n                    <div class=\"pxl-item--image \" data-parallax-value=\"\">\r\n                                <img loading=\"lazy\" decoding=\"async\" width=\"1618\" height=\"906\" src=\"https:\/\/template2.orthopediste-lausanne.ch\/wp-content\/uploads\/2025\/11\/Former_nouveaux_medecins_orthopediques_v4.jpg\" class=\"no-lazyload attachment-full\" alt=\"\" \/>                            <\/div>\r\n                \r\n    <\/div>\r\n<\/div>\t\t\t\t<\/div>\n\t\t\t\t<\/div>\n\t\t            <\/div>\r\n        <\/div>\r\n        \t\t\t<\/div>\n\t\t<\/section>\n\t\t            <\/div>\r\n        <\/div>\r\n        \t\t\t<\/div>\n\t\t<\/section>\n\t\t        <section class=\"elementor-section elementor-top-section elementor-element elementor-element-052ea06 elementor-section-stretched pxl-section-overflow-hidden elementor-section-boxed elementor-section-height-default elementor-section-height-default pxl-row-scroll-none pxl-zoom-point-false pxl-section-fix-none pxl-bg-color-none pxl-section-overlay-none\" data-id=\"052ea06\" data-element_type=\"section\" data-e-type=\"section\" data-settings=\"{&quot;stretch_section&quot;:&quot;section-stretched&quot;}\">\n\n                \n                <div class=\"elementor-container elementor-column-gap-extended \">\n                <div class=\"elementor-column elementor-col-100 elementor-top-column elementor-element elementor-element-d738f9a pxl-column-none pxl-column-overflow-hidden-no\" data-id=\"d738f9a\" data-element_type=\"column\" data-e-type=\"column\">\r\n        <div class=\"elementor-widget-wrap elementor-element-populated\">\r\n                     \r\n        \t\t<div class=\"elementor-element elementor-element-1324114 ft-gt elementor-widget elementor-widget-pxl_heading\" data-id=\"1324114\" data-element_type=\"widget\" data-e-type=\"widget\" data-widget_type=\"pxl_heading.default\">\n\t\t\t\t<div class=\"elementor-widget-container\">\n\t\t\t\t\t\n<div id=\"pxl-pxl_heading-1324114-2808\" class=\"pxl-heading px-sub-title-default-style \">\n\t<div class=\"pxl-heading--inner\">\n\t\t\t\t\t<div class=\"pxl-item--subtitle px-sub-title-default \" data-wow-delay=\"ms\">\n\t\t\t\t<span class=\"pxl-item--subtext\">\n\t\t\t\t\t\t\t\t\t\tNotre \u00e9quipe de sp\u00e9cialistes et formateurs\t\t\t\t<\/span>\n\t\t\t<\/div>\n\t\t\n\t\t<h3 class=\"pxl-item--title style-default  highlight-default pxl-split-text split-in-fade\" data-wow-delay=\"ms\">\n\t\t\t\t\tTransmission, excellence et innovation orthop\u00e9dique\t\n\t\t\t\n\t\t<\/h3>\n\t\t\n\t<\/div>\n<\/div>\t\t\t\t<\/div>\n\t\t\t\t<\/div>\n\t\t\t\t<div class=\"elementor-element elementor-element-6721e06 elementor-widget elementor-widget-pxl_team_carousel\" data-id=\"6721e06\" data-element_type=\"widget\" data-e-type=\"widget\" data-widget_type=\"pxl_team_carousel.default\">\n\t\t\t\t<div class=\"elementor-widget-container\">\n\t\t\t\t\t<div class=\"pxl-swiper-slider pxl-team pxl-team-carousel1 \" >\n    <div class=\"pxl-carousel-inner\">\n        <div class=\"pxl-swiper-container\" dir=\"ltr\" data-settings=\"{&quot;slide_direction&quot;:&quot;horizontal&quot;,&quot;slide_percolumn&quot;:1,&quot;slide_mode&quot;:&quot;slide&quot;,&quot;slides_to_show&quot;:3,&quot;slides_to_show_xxl&quot;:3,&quot;slides_to_show_lg&quot;:3,&quot;slides_to_show_md&quot;:2,&quot;slides_to_show_sm&quot;:2,&quot;slides_to_show_xs&quot;:1,&quot;slides_to_scroll&quot;:1,&quot;arrow&quot;:true,&quot;pagination&quot;:false,&quot;pagination_type&quot;:&quot;bullets&quot;,&quot;autoplay&quot;:false,&quot;pause_on_hover&quot;:true,&quot;pause_on_interaction&quot;:true,&quot;delay&quot;:5000,&quot;loop&quot;:false,&quot;speed&quot;:700}\">\n            <div class=\"pxl-swiper-wrapper\">\n                                        <div class=\"pxl-swiper-slide\">\n                            <div class=\"pxl-item--inner \" data-wow-delay=\"ms\">\n                                                                    <div class=\"pxl-item--image\" style=\"background-image:url(https:\/\/template2.orthopediste-lausanne.ch\/wp-content\/uploads\/2025\/11\/Photo-Profil-Docteur-Jacques-Vallotton.jpg);\">\n                                        <a href=\"\/jacques-vallotton\/\">\n                                        <\/a>\n                                                                                    <div class=\"pxl-social--wrap\">\n                                                <div class=\"pxl-social\">\n                                                                                                                                                                <a href=\"\/jacques-vallotton\/\" target=\"_blank\"><i class=\"flaticon flaticon-user\"><\/i><\/a>\n                                                                                                        <a ><i class=\"fas fa-share-alt\"><\/i><\/a>\n                                                <\/div>\n                                            <\/div>\n                                                                            <\/div>\n                                                                <div class=\"pxl-item--holder \">\n                                    <div class=\"pxl-item--meta pxl-flex-grow \">\n                                        <h3 class=\"pxl-item--title\">    \n                                            <a href=\"\/jacques-vallotton\/\">Dr Jacques Vallotton<\/a>\n                                        <\/h3>\n                                        <div class=\"pxl-item--position\"><\/div>\n                                        <div class=\"pxl-item--desc\">M\u00e9decin sp\u00e9cialiste en chirurgie <br>orthop\u00e9dique et traumatologie. <br>M\u00e9decin du sport SEMS<\/div>\n                                    <\/div>\n\n                                <\/div>\n                            <\/div>\n                        <\/div>\n                                                            <div class=\"pxl-swiper-slide\">\n                            <div class=\"pxl-item--inner \" data-wow-delay=\"ms\">\n                                                                    <div class=\"pxl-item--image\" style=\"background-image:url(https:\/\/template2.orthopediste-lausanne.ch\/wp-content\/uploads\/2025\/11\/Photo-Steve-Brenn-Chirurgien-Orthopedique-Epaule-Lausanne.jpg);\">\n                                        <a href=\"\/steve-brenn\/\">\n                                        <\/a>\n                                                                                    <div class=\"pxl-social--wrap\">\n                                                <div class=\"pxl-social\">\n                                                                                                                                                                <a href=\"\/steve-brenn\/\" target=\"_blank\"><i class=\"flaticon flaticon-user\"><\/i><\/a>\n                                                                                                        <a ><i class=\"fas fa-share-alt\"><\/i><\/a>\n                                                <\/div>\n                                            <\/div>\n                                                                            <\/div>\n                                                                <div class=\"pxl-item--holder \">\n                                    <div class=\"pxl-item--meta pxl-flex-grow \">\n                                        <h3 class=\"pxl-item--title\">    \n                                            <a href=\"\/steve-brenn\/\">Dr Steve Brenn<\/a>\n                                        <\/h3>\n                                        <div class=\"pxl-item--position\"><\/div>\n                                        <div class=\"pxl-item--desc\">M\u00e9decin sp\u00e9cialiste en chirurgie <br>orthop\u00e9dique et traumatologie. <br>Chirurgie de l'\u00e9paule<\/div>\n                                    <\/div>\n\n                                <\/div>\n                            <\/div>\n                        <\/div>\n                                                            <div class=\"pxl-swiper-slide\">\n                            <div class=\"pxl-item--inner \" data-wow-delay=\"ms\">\n                                                                    <div class=\"pxl-item--image\" style=\"background-image:url(https:\/\/template2.orthopediste-lausanne.ch\/wp-content\/uploads\/2025\/11\/Photo-Dr-Patrick-Vienne.jpg);\">\n                                        <a href=\"\/patrick-vienne\/\">\n                                        <\/a>\n                                                                                    <div class=\"pxl-social--wrap\">\n                                                <div class=\"pxl-social\">\n                                                                                                                                                                <a href=\"\/patrick-vienne\/\" target=\"_blank\"><i class=\"flaticon flaticon-user\"><\/i><\/a>\n                                                                                                        <a ><i class=\"fas fa-share-alt\"><\/i><\/a>\n                                                <\/div>\n                                            <\/div>\n                                                                            <\/div>\n                                                                <div class=\"pxl-item--holder \">\n                                    <div class=\"pxl-item--meta pxl-flex-grow \">\n                                        <h3 class=\"pxl-item--title\">    \n                                            <a href=\"\/patrick-vienne\/\">Dr Patrick Vienne<\/a>\n                                        <\/h3>\n                                        <div class=\"pxl-item--position\"><\/div>\n                                        <div class=\"pxl-item--desc\">M\u00e9decin sp\u00e9cialiste en chirurgie <br>orthop\u00e9dique et traumatologie. <br>Chirugie du pied et de la cheville<\/div>\n                                    <\/div>\n\n                                <\/div>\n                            <\/div>\n                        <\/div>\n                                                            <div class=\"pxl-swiper-slide\">\n                            <div class=\"pxl-item--inner \" data-wow-delay=\"ms\">\n                                                                    <div class=\"pxl-item--image\" style=\"background-image:url(https:\/\/template2.orthopediste-lausanne.ch\/wp-content\/uploads\/2018\/08\/chollet_profil.jpg);\">\n                                        <a href=\"\/vincent-chollet\/\">\n                                        <\/a>\n                                                                                    <div class=\"pxl-social--wrap\">\n                                                <div class=\"pxl-social\">\n                                                                                                                                                                <a href=\"\/vincent-chollet\/\" target=\"_blank\"><i class=\"flaticon flaticon-user\"><\/i><\/a>\n                                                                                                        <a ><i class=\"fas fa-share-alt\"><\/i><\/a>\n                                                <\/div>\n                                            <\/div>\n                                                                            <\/div>\n                                                                <div class=\"pxl-item--holder \">\n                                    <div class=\"pxl-item--meta pxl-flex-grow \">\n                                        <h3 class=\"pxl-item--title\">    \n                                            <a href=\"\/vincent-chollet\/\">Dr Vincent Chollet<\/a>\n                                        <\/h3>\n                                        <div class=\"pxl-item--position\"><\/div>\n                                        <div class=\"pxl-item--desc\">M\u00e9decin sp\u00e9cialiste en m\u00e9decine<br>physique, r\u00e9adaptation. <br>\nM\u00e9decin du sport SEMS <\/div>\n                                    <\/div>\n\n                                <\/div>\n                            <\/div>\n                        <\/div>\n                                                            <div class=\"pxl-swiper-slide\">\n                            <div class=\"pxl-item--inner \" data-wow-delay=\"ms\">\n                                                                    <div class=\"pxl-item--image\" style=\"background-image:url(https:\/\/template2.orthopediste-lausanne.ch\/wp-content\/uploads\/2018\/08\/borloz_profil.jpg);\">\n                                        <a href=\"\/stephane-borloz\/\">\n                                        <\/a>\n                                                                                    <div class=\"pxl-social--wrap\">\n                                                <div class=\"pxl-social\">\n                                                                                                                                                                <a href=\"\/stephane-borloz\/\" target=\"_blank\"><i class=\"flaticon flaticon-user\"><\/i><\/a>\n                                                                                                        <a ><i class=\"fas fa-share-alt\"><\/i><\/a>\n                                                <\/div>\n                                            <\/div>\n                                                                            <\/div>\n                                                                <div class=\"pxl-item--holder \">\n                                    <div class=\"pxl-item--meta pxl-flex-grow \">\n                                        <h3 class=\"pxl-item--title\">    \n                                            <a href=\"\/stephane-borloz\/\">Dr St\u00e9phane Borloz<\/a>\n                                        <\/h3>\n                                        <div class=\"pxl-item--position\"><\/div>\n                                        <div class=\"pxl-item--desc\">M\u00e9decin sp\u00e9cialiste en m\u00e9decine <br>physique et r\u00e9adaptation. <br>M\u00e9decin du sport SEMS <\/div>\n                                    <\/div>\n\n                                <\/div>\n                            <\/div>\n                        <\/div>\n                                                            <div class=\"pxl-swiper-slide\">\n                            <div class=\"pxl-item--inner \" data-wow-delay=\"ms\">\n                                                                    <div class=\"pxl-item--image\" style=\"background-image:url(https:\/\/template2.orthopediste-lausanne.ch\/wp-content\/uploads\/2026\/01\/saglini_profil.png);\">\n                                        <a href=\"\/marco-saglini\/\">\n                                        <\/a>\n                                                                                    <div class=\"pxl-social--wrap\">\n                                                <div class=\"pxl-social\">\n                                                                                                                                                                <a href=\"\/marco-saglini\/\" target=\"_blank\"><i class=\"flaticon flaticon-user\"><\/i><\/a>\n                                                                                                        <a ><i class=\"fas fa-share-alt\"><\/i><\/a>\n                                                <\/div>\n                                            <\/div>\n                                                                            <\/div>\n                                                                <div class=\"pxl-item--holder \">\n                                    <div class=\"pxl-item--meta pxl-flex-grow \">\n                                        <h3 class=\"pxl-item--title\">    \n                                            <a href=\"\/marco-saglini\/\">Dr Marco Saglini<\/a>\n                                        <\/h3>\n                                        <div class=\"pxl-item--position\"><\/div>\n                                        <div class=\"pxl-item--desc\">M\u00e9decin sp\u00e9cialiste en chirurgie <br>orthop\u00e9dique et traumatologie <\/div>\n                                    <\/div>\n\n                                <\/div>\n                            <\/div>\n                        <\/div>\n                                                            <div class=\"pxl-swiper-slide\">\n                            <div class=\"pxl-item--inner \" data-wow-delay=\"ms\">\n                                                                    <div class=\"pxl-item--image\" style=\"background-image:url(https:\/\/template2.orthopediste-lausanne.ch\/wp-content\/uploads\/2026\/01\/sadowski_profil.png);\">\n                                        <a href=\"\/christophe-sadowski\/\">\n                                        <\/a>\n                                                                                    <div class=\"pxl-social--wrap\">\n                                                <div class=\"pxl-social\">\n                                                                                                                                                                <a href=\"\/christophe-sadowski\/\" target=\"_blank\"><i class=\"flaticon flaticon-user\"><\/i><\/a>\n                                                                                                        <a ><i class=\"fas fa-share-alt\"><\/i><\/a>\n                                                <\/div>\n                                            <\/div>\n                                                                            <\/div>\n                                                                <div class=\"pxl-item--holder \">\n                                    <div class=\"pxl-item--meta pxl-flex-grow \">\n                                        <h3 class=\"pxl-item--title\">    \n                                            <a href=\"\/christophe-sadowski\/\">Dr Christophe Sadowski<\/a>\n                                        <\/h3>\n                                        <div class=\"pxl-item--position\"><\/div>\n                                        <div class=\"pxl-item--desc\">M\u00e9decin sp\u00e9cialiste en chirurgie <br>orthop\u00e9dique et traumatologie <\/div>\n                                    <\/div>\n\n                                <\/div>\n                            <\/div>\n                        <\/div>\n                                                            <div class=\"pxl-swiper-slide\">\n                            <div class=\"pxl-item--inner \" data-wow-delay=\"ms\">\n                                                                    <div class=\"pxl-item--image\" style=\"background-image:url(https:\/\/template2.orthopediste-lausanne.ch\/wp-content\/uploads\/2026\/01\/villa_profil.jpg);\">\n                                        <a href=\"\/vincent-villa\/\">\n                                        <\/a>\n                                                                                    <div class=\"pxl-social--wrap\">\n                                                <div class=\"pxl-social\">\n                                                                                                                                                                <a href=\"\/vincent-villa\/\" target=\"_blank\"><i class=\"flaticon flaticon-user\"><\/i><\/a>\n                                                                                                        <a ><i class=\"fas fa-share-alt\"><\/i><\/a>\n                                                <\/div>\n                                            <\/div>\n                                                                            <\/div>\n                                                                <div class=\"pxl-item--holder \">\n                                    <div class=\"pxl-item--meta pxl-flex-grow \">\n                                        <h3 class=\"pxl-item--title\">    \n                                            <a href=\"\/vincent-villa\/\">Dr Vincent Villa<\/a>\n                                        <\/h3>\n                                        <div class=\"pxl-item--position\"><\/div>\n                                        <div class=\"pxl-item--desc\">M\u00e9decin sp\u00e9cialiste en chirurgie <br>orthop\u00e9dique et traumatologie <\/div>\n                                    <\/div>\n\n                                <\/div>\n                            <\/div>\n                        <\/div>\n                                                            <div class=\"pxl-swiper-slide\">\n                            <div class=\"pxl-item--inner \" data-wow-delay=\"ms\">\n                                                                    <div class=\"pxl-item--image\" style=\"background-image:url(https:\/\/template2.orthopediste-lausanne.ch\/wp-content\/uploads\/2026\/01\/muff_profil.jpg);\">\n                                        <a href=\"\/guillaume-muff\/\">\n                                        <\/a>\n                                                                                    <div class=\"pxl-social--wrap\">\n                                                <div class=\"pxl-social\">\n                                                                                                                                                                <a href=\"\/guillaume-muff\/\" target=\"_blank\"><i class=\"flaticon flaticon-user\"><\/i><\/a>\n                                                                                                        <a ><i class=\"fas fa-share-alt\"><\/i><\/a>\n                                                <\/div>\n                                            <\/div>\n                                                                            <\/div>\n                                                                <div class=\"pxl-item--holder \">\n                                    <div class=\"pxl-item--meta pxl-flex-grow \">\n                                        <h3 class=\"pxl-item--title\">    \n                                            <a href=\"\/guillaume-muff\/\">Dr Guillaume Muff<\/a>\n                                        <\/h3>\n                                        <div class=\"pxl-item--position\"><\/div>\n                                        <div class=\"pxl-item--desc\">M\u00e9decin sp\u00e9cialiste en m\u00e9decine<br> physique et r\u00e9adaptation. <br> M\u00e9decin du sport SEMS <\/div>\n                                    <\/div>\n\n                                <\/div>\n                            <\/div>\n                        <\/div>\n                                                <\/div>\n        <\/div>\n\n        \n                    <div class=\"pxl-swiper-arrow-wrap style-1\">\n                <div class=\"pxl-swiper-arrow pxl-swiper-arrow-prev\" tabindex=\"0\" role=\"button\" aria-label=\"previous slide\" aria-controls=\"swiper-wrapper-5f10c24cfcd53105d\">\n                    <i class=\"flaticon flaticon-next\"><\/i>\n                <\/div>\n                <div class=\"pxl-swiper-arrow pxl-swiper-arrow-next\" tabindex=\"0\" role=\"button\" aria-label=\"next slide\" aria-controls=\"swiper-wrapper-5f10c24cfcd53105d\">\n                    <i class=\"flaticon flaticon-next\" style=\"transform:scaleX(-1);\"><\/i>\n                <\/div>\n            <\/div>\n            <\/div>\n<\/div>\n\t\t\t\t<\/div>\n\t\t\t\t<\/div>\n\t\t            <\/div>\r\n        <\/div>\r\n        \t\t\t<\/div>\n\t\t<\/section>\n\t\t        <section class=\"elementor-section elementor-top-section elementor-element elementor-element-88079fd elementor-section-stretched elementor-section-content-bottom elementor-section-boxed elementor-section-height-default elementor-section-height-default pxl-row-scroll-none pxl-zoom-point-false pxl-section-overflow-visible pxl-section-fix-none pxl-bg-color-none pxl-section-overlay-none\" data-id=\"88079fd\" data-element_type=\"section\" data-e-type=\"section\" data-settings=\"{&quot;stretch_section&quot;:&quot;section-stretched&quot;}\">\n\n                \n                <div class=\"elementor-container elementor-column-gap-narrow \">\n                <div class=\"elementor-column elementor-col-100 elementor-top-column elementor-element elementor-element-ce500c4 pxl-column-none pxl-column-overflow-hidden-no\" data-id=\"ce500c4\" data-element_type=\"column\" data-e-type=\"column\">\r\n        <div class=\"elementor-widget-wrap elementor-element-populated\">\r\n                     \r\n        \t\t<div class=\"elementor-element elementor-element-58ee8e3 elementor-widget elementor-widget-pxl_client_carousel\" data-id=\"58ee8e3\" data-element_type=\"widget\" data-e-type=\"widget\" data-widget_type=\"pxl_client_carousel.default\">\n\t\t\t\t<div class=\"elementor-widget-container\">\n\t\t\t\t\t    <div class=\"pxl-swiper-slider pxl-client-carousel pxl-client-carousel1 pxl-swiper-arrow-show style-1\" data-arrow=\"\">\n        <div class=\"pxl-carousel-inner\">\n            <div class=\"pxl-swiper-container\" dir=\"ltr\" data-settings=\"{&quot;slide_direction&quot;:&quot;horizontal&quot;,&quot;slide_percolumn&quot;:1,&quot;slide_mode&quot;:&quot;slide&quot;,&quot;slides_to_show&quot;:5,&quot;slides_to_show_xxl&quot;:6,&quot;slides_to_show_lg&quot;:4,&quot;slides_to_show_md&quot;:3,&quot;slides_to_show_sm&quot;:2,&quot;slides_to_show_xs&quot;:1,&quot;slides_to_scroll&quot;:1,&quot;arrow&quot;:false,&quot;pagination&quot;:true,&quot;pagination_type&quot;:&quot;bullets&quot;,&quot;autoplay&quot;:false,&quot;pause_on_hover&quot;:false,&quot;pause_on_interaction&quot;:true,&quot;delay&quot;:5000,&quot;loop&quot;:false,&quot;speed&quot;:500}\">\n                <div class=\"pxl-swiper-wrapper\">\n                                            <div class=\"pxl-swiper-slide\">\n                            <div class=\"pxl-item--inner \" data-wow-delay=\"ms\">\n                                <a >\n                                    <img loading=\"lazy\" decoding=\"async\" width=\"719\" height=\"140\" src=\"https:\/\/template2.orthopediste-lausanne.ch\/wp-content\/uploads\/2025\/11\/Logo_partiel_Congres_Medicol_gris.png\" class=\"no-lazyload attachment-full\" alt=\"\" \/>                                                                        \n                                                                    <\/a>\n                            <\/div>\n                        <\/div>\n                                            <div class=\"pxl-swiper-slide\">\n                            <div class=\"pxl-item--inner \" data-wow-delay=\"ms\">\n                                <a >\n                                    <img loading=\"lazy\" decoding=\"async\" width=\"300\" height=\"224\" src=\"https:\/\/template2.orthopediste-lausanne.ch\/wp-content\/uploads\/2025\/11\/lunch_meeting_logo.png\" class=\"no-lazyload attachment-full\" alt=\"\" \/>                                                                        \n                                                                    <\/a>\n                            <\/div>\n                        <\/div>\n                                            <div class=\"pxl-swiper-slide\">\n                            <div class=\"pxl-item--inner \" data-wow-delay=\"ms\">\n                                <a >\n                                    <img loading=\"lazy\" decoding=\"async\" width=\"103\" height=\"30\" src=\"https:\/\/template2.orthopediste-lausanne.ch\/wp-content\/uploads\/2025\/11\/epfl_2.png\" class=\"no-lazyload attachment-full\" alt=\"\" \/>                                                                        \n                                                                    <\/a>\n                            <\/div>\n                        <\/div>\n                                            <div class=\"pxl-swiper-slide\">\n                            <div class=\"pxl-item--inner \" data-wow-delay=\"ms\">\n                                <a >\n                                    <img loading=\"lazy\" decoding=\"async\" width=\"562\" height=\"92\" src=\"https:\/\/template2.orthopediste-lausanne.ch\/wp-content\/uploads\/2025\/11\/logo_hirslanden-gris.png\" class=\"no-lazyload attachment-full\" alt=\"\" \/>                                                                        \n                                                                    <\/a>\n                            <\/div>\n                        <\/div>\n                                            <div class=\"pxl-swiper-slide\">\n                            <div class=\"pxl-item--inner \" data-wow-delay=\"ms\">\n                                <a >\n                                    <img loading=\"lazy\" decoding=\"async\" width=\"268\" height=\"128\" src=\"https:\/\/template2.orthopediste-lausanne.ch\/wp-content\/uploads\/2025\/11\/FMH-logo-gris.png\" class=\"no-lazyload attachment-full\" alt=\"\" \/>                                                                        \n                                                                    <\/a>\n                            <\/div>\n                        <\/div>\n                                            <div class=\"pxl-swiper-slide\">\n                            <div class=\"pxl-item--inner \" data-wow-delay=\"ms\">\n                                <a >\n                                    <img loading=\"lazy\" decoding=\"async\" width=\"167\" height=\"70\" src=\"https:\/\/template2.orthopediste-lausanne.ch\/wp-content\/uploads\/2025\/11\/ISFM-gris.png\" class=\"no-lazyload attachment-full\" alt=\"\" \/>                                                                        \n                                                                    <\/a>\n                            <\/div>\n                        <\/div>\n                                    <\/div>\n            <\/div>\n\n                    <\/div>\n    <\/div>\n\t\t\t\t<\/div>\n\t\t\t\t<\/div>\n\t\t            <\/div>\r\n        <\/div>\r\n        \t\t\t<\/div>\n\t\t<\/section>\n\t\t        <section class=\"elementor-section elementor-top-section elementor-element elementor-element-0139157 elementor-section-stretched elementor-section-content-bottom elementor-hidden-desktop elementor-hidden-tablet elementor-hidden-mobile elementor-section-boxed elementor-section-height-default elementor-section-height-default pxl-row-scroll-none pxl-zoom-point-false pxl-section-overflow-visible pxl-section-fix-none pxl-bg-color-none pxl-section-overlay-none\" data-id=\"0139157\" data-element_type=\"section\" data-e-type=\"section\" data-settings=\"{&quot;stretch_section&quot;:&quot;section-stretched&quot;}\">\n\n                \n                <div class=\"elementor-container elementor-column-gap-narrow \">\n                <div class=\"elementor-column elementor-col-100 elementor-top-column elementor-element elementor-element-c4d26a3 pxl-column-none pxl-column-overflow-hidden-no\" data-id=\"c4d26a3\" data-element_type=\"column\" data-e-type=\"column\">\r\n        <div class=\"elementor-widget-wrap elementor-element-populated\">\r\n                     \r\n        \t\t<div class=\"elementor-element elementor-element-7c2b731 elementor-widget elementor-widget-pxl_client_carousel\" data-id=\"7c2b731\" data-element_type=\"widget\" data-e-type=\"widget\" data-widget_type=\"pxl_client_carousel.default\">\n\t\t\t\t<div class=\"elementor-widget-container\">\n\t\t\t\t\t    <div class=\"pxl-swiper-slider pxl-client-carousel pxl-client-carousel1 pxl-swiper-arrow-show style-1\" data-arrow=\"\">\n        <div class=\"pxl-carousel-inner\">\n            <div class=\"pxl-swiper-container\" dir=\"ltr\" data-settings=\"{&quot;slide_direction&quot;:&quot;horizontal&quot;,&quot;slide_percolumn&quot;:1,&quot;slide_mode&quot;:&quot;slide&quot;,&quot;slides_to_show&quot;:5,&quot;slides_to_show_xxl&quot;:6,&quot;slides_to_show_lg&quot;:4,&quot;slides_to_show_md&quot;:3,&quot;slides_to_show_sm&quot;:2,&quot;slides_to_show_xs&quot;:1,&quot;slides_to_scroll&quot;:1,&quot;arrow&quot;:false,&quot;pagination&quot;:true,&quot;pagination_type&quot;:&quot;bullets&quot;,&quot;autoplay&quot;:false,&quot;pause_on_hover&quot;:false,&quot;pause_on_interaction&quot;:true,&quot;delay&quot;:5000,&quot;loop&quot;:false,&quot;speed&quot;:500}\">\n                <div class=\"pxl-swiper-wrapper\">\n                                            <div class=\"pxl-swiper-slide\">\n                            <div class=\"pxl-item--inner \" data-wow-delay=\"ms\">\n                                <a >\n                                    <img loading=\"lazy\" decoding=\"async\" width=\"719\" height=\"140\" src=\"https:\/\/template2.orthopediste-lausanne.ch\/wp-content\/uploads\/2025\/11\/Logo_partiel_Congres_Medicol_gris.png\" class=\"no-lazyload attachment-full\" alt=\"\" \/>                                                                        \n                                    <img loading=\"lazy\" decoding=\"async\" width=\"719\" height=\"140\" src=\"https:\/\/template2.orthopediste-lausanne.ch\/wp-content\/uploads\/2025\/11\/Logo_partiel_Congres_Medicol.png\" class=\"no-lazyload attachment-full\" alt=\"\" \/>                                                                    <\/a>\n                            <\/div>\n                        <\/div>\n                                            <div class=\"pxl-swiper-slide\">\n                            <div class=\"pxl-item--inner \" data-wow-delay=\"ms\">\n                                <a >\n                                    <img loading=\"lazy\" decoding=\"async\" width=\"300\" height=\"224\" src=\"https:\/\/template2.orthopediste-lausanne.ch\/wp-content\/uploads\/2025\/11\/lunch_meeting_logo.png\" class=\"no-lazyload attachment-full\" alt=\"\" \/>                                                                        \n                                    <img loading=\"lazy\" decoding=\"async\" width=\"300\" height=\"224\" src=\"https:\/\/template2.orthopediste-lausanne.ch\/wp-content\/uploads\/2025\/11\/lunch_meeting_logo.png\" class=\"no-lazyload attachment-full\" alt=\"\" \/>                                                                    <\/a>\n                            <\/div>\n                        <\/div>\n                                            <div class=\"pxl-swiper-slide\">\n                            <div class=\"pxl-item--inner \" data-wow-delay=\"ms\">\n                                <a >\n                                    <img loading=\"lazy\" decoding=\"async\" width=\"103\" height=\"30\" src=\"https:\/\/template2.orthopediste-lausanne.ch\/wp-content\/uploads\/2025\/11\/epfl_2.png\" class=\"no-lazyload attachment-full\" alt=\"\" \/>                                                                        \n                                    <img loading=\"lazy\" decoding=\"async\" width=\"104\" height=\"30\" src=\"https:\/\/template2.orthopediste-lausanne.ch\/wp-content\/uploads\/2025\/11\/EPFL-Lausanne-Medicol-e1764060475177.png\" class=\"no-lazyload attachment-full\" alt=\"\" \/>                                                                    <\/a>\n                            <\/div>\n                        <\/div>\n                                            <div class=\"pxl-swiper-slide\">\n                            <div class=\"pxl-item--inner \" data-wow-delay=\"ms\">\n                                <a >\n                                    <img loading=\"lazy\" decoding=\"async\" width=\"562\" height=\"92\" src=\"https:\/\/template2.orthopediste-lausanne.ch\/wp-content\/uploads\/2025\/11\/logo_hirslanden-gris.png\" class=\"no-lazyload attachment-full\" alt=\"\" \/>                                                                        \n                                    <img loading=\"lazy\" decoding=\"async\" width=\"562\" height=\"92\" src=\"https:\/\/template2.orthopediste-lausanne.ch\/wp-content\/uploads\/2025\/11\/logo_hirslanden.png\" class=\"no-lazyload attachment-full\" alt=\"\" \/>                                                                    <\/a>\n                            <\/div>\n                        <\/div>\n                                            <div class=\"pxl-swiper-slide\">\n                            <div class=\"pxl-item--inner \" data-wow-delay=\"ms\">\n                                <a >\n                                    <img loading=\"lazy\" decoding=\"async\" width=\"268\" height=\"128\" src=\"https:\/\/template2.orthopediste-lausanne.ch\/wp-content\/uploads\/2025\/11\/FMH-logo-gris.png\" class=\"no-lazyload attachment-full\" alt=\"\" \/>                                                                        \n                                    <img loading=\"lazy\" decoding=\"async\" width=\"268\" height=\"128\" src=\"https:\/\/template2.orthopediste-lausanne.ch\/wp-content\/uploads\/2025\/11\/FMH-logo.png\" class=\"no-lazyload attachment-full\" alt=\"\" \/>                                                                    <\/a>\n                            <\/div>\n                        <\/div>\n                                            <div class=\"pxl-swiper-slide\">\n                            <div class=\"pxl-item--inner \" data-wow-delay=\"ms\">\n                                <a >\n                                    <img loading=\"lazy\" decoding=\"async\" width=\"167\" height=\"70\" src=\"https:\/\/template2.orthopediste-lausanne.ch\/wp-content\/uploads\/2025\/11\/ISFM-gris.png\" class=\"no-lazyload attachment-full\" alt=\"\" \/>                                                                        \n                                    <img loading=\"lazy\" decoding=\"async\" width=\"167\" height=\"70\" src=\"https:\/\/template2.orthopediste-lausanne.ch\/wp-content\/uploads\/2025\/11\/ISFM.png\" class=\"no-lazyload attachment-full\" alt=\"\" \/>                                                                    <\/a>\n                            <\/div>\n                        <\/div>\n                                    <\/div>\n            <\/div>\n\n                    <\/div>\n    <\/div>\n\t\t\t\t<\/div>\n\t\t\t\t<\/div>\n\t\t            <\/div>\r\n        <\/div>\r\n        \t\t\t<\/div>\n\t\t<\/section>\n\t\t        <section class=\"elementor-section elementor-top-section elementor-element elementor-element-d40dc50 elementor-section-stretched elementor-section-boxed elementor-section-height-default elementor-section-height-default pxl-row-scroll-none pxl-zoom-point-false pxl-section-overflow-visible pxl-section-fix-none pxl-bg-color-none pxl-section-overlay-none\" data-id=\"d40dc50\" data-element_type=\"section\" data-e-type=\"section\" data-settings=\"{&quot;stretch_section&quot;:&quot;section-stretched&quot;}\">\n\n                \n                <div class=\"elementor-container elementor-column-gap-extended \">\n                <div class=\"elementor-column elementor-col-50 elementor-top-column elementor-element elementor-element-3c272aa pxl-column-none pxl-column-overflow-hidden-no\" data-id=\"3c272aa\" data-element_type=\"column\" data-e-type=\"column\" data-settings=\"{&quot;background_background&quot;:&quot;classic&quot;}\">\r\n        <div class=\"elementor-widget-wrap elementor-element-populated\">\r\n                     \r\n                <section class=\"elementor-section elementor-inner-section elementor-element elementor-element-6140d5a elementor-section-boxed elementor-section-height-default elementor-section-height-default pxl-row-scroll-none pxl-zoom-point-false pxl-section-overflow-visible pxl-section-fix-none pxl-bg-color-none pxl-section-overlay-none\" data-id=\"6140d5a\" data-element_type=\"section\" data-e-type=\"section\">\n\n                \n                <div class=\"elementor-container elementor-column-gap-extended \">\n                <div class=\"elementor-column elementor-col-100 elementor-inner-column elementor-element elementor-element-92dd0f2 pxl-column-none pxl-column-overflow-hidden-no\" data-id=\"92dd0f2\" data-element_type=\"column\" data-e-type=\"column\">\r\n        <div class=\"elementor-widget-wrap elementor-element-populated\">\r\n                     \r\n        \t\t<div class=\"elementor-element elementor-element-404e1e2 elementor-widget__width-initial elementor-widget elementor-widget-pxl_image\" data-id=\"404e1e2\" data-element_type=\"widget\" data-e-type=\"widget\" data-widget_type=\"pxl_image.default\">\n\t\t\t\t<div class=\"elementor-widget-container\">\n\t\t\t\t\t<div id=\"pxl_image-404e1e2-7306\" class=\"pxl-image-single  pxl-disable-parallax-sm pxl-hide-sr-lg  \" data-wow-delay=\"ms\"  >\r\n    <div class=\"pxl-item--inner\" data-wow-delay=\"120ms\">\r\n        \r\n                    <div class=\"pxl-item--image \" data-parallax-value=\"\">\r\n                                <img loading=\"lazy\" decoding=\"async\" width=\"171\" height=\"69\" src=\"https:\/\/template2.orthopediste-lausanne.ch\/wp-content\/uploads\/2025\/11\/logo_medicol_rouge.png\" class=\"no-lazyload attachment-full\" alt=\"\" \/>                            <\/div>\r\n                \r\n    <\/div>\r\n<\/div>\t\t\t\t<\/div>\n\t\t\t\t<\/div>\n\t\t\t\t<div class=\"elementor-element elementor-element-a19f1d3 elementor-widget__width-auto elementor-widget elementor-widget-pxl_text_editor\" data-id=\"a19f1d3\" data-element_type=\"widget\" data-e-type=\"widget\" data-widget_type=\"pxl_text_editor.default\">\n\t\t\t\t<div class=\"elementor-widget-container\">\n\t\t\t\t\t<div class=\"pxl-text-editor default\">\n\t<div class=\"pxl-item--inner  ft-gt\" data-wow-delay=\"ms\">\n\t\t<p>Centre de formation en orthop\u00e9die<\/p>\t\t\n\t<\/div>\n<\/div>\t\t\t\t<\/div>\n\t\t\t\t<\/div>\n\t\t\t\t<div class=\"elementor-element elementor-element-1017201 ft-gt elementor-widget elementor-widget-pxl_heading\" data-id=\"1017201\" data-element_type=\"widget\" data-e-type=\"widget\" data-widget_type=\"pxl_heading.default\">\n\t\t\t\t<div class=\"elementor-widget-container\">\n\t\t\t\t\t\n<div id=\"pxl-pxl_heading-1017201-4694\" class=\"pxl-heading px-sub-title-default-style \">\n\t<div class=\"pxl-heading--inner\">\n\t\t\n\t\t<h3 class=\"pxl-item--title style-default  highlight-default pxl-split-text split-in-fade\" data-wow-delay=\"ms\">\n\t\t\t\t\tCultiver l&#8217;excellence au sein de notre communaut\u00e9\t\n\t\t\t\n\t\t<\/h3>\n\t\t\n\t<\/div>\n<\/div>\t\t\t\t<\/div>\n\t\t\t\t<\/div>\n\t\t\t\t<div class=\"elementor-element elementor-element-cd78946 elementor-widget elementor-widget-pxl_text_editor\" data-id=\"cd78946\" data-element_type=\"widget\" data-e-type=\"widget\" data-widget_type=\"pxl_text_editor.default\">\n\t\t\t\t<div class=\"elementor-widget-container\">\n\t\t\t\t\t<div class=\"pxl-text-editor default\">\n\t<div class=\"pxl-item--inner  \" data-wow-delay=\"ms\">\n\t\t<p>Le Centre Orthop\u00e9dique d&#8217;Ouchy est un lieu de formation reconnu o\u00f9 l&#8217;expertise se transmet aux m\u00e9decins sp\u00e9cialistes. Nous cultivons l&#8217;excellence clinique et favorisons l&#8217;innovation th\u00e9rapeutique au service des patients.<\/p>\t\t\n\t<\/div>\n<\/div>\t\t\t\t<\/div>\n\t\t\t\t<\/div>\n\t\t\t\t<div class=\"elementor-element elementor-element-bacb999 ft-gt elementor-widget elementor-widget-pxl_list\" data-id=\"bacb999\" data-element_type=\"widget\" data-e-type=\"widget\" data-widget_type=\"pxl_list.default\">\n\t\t\t\t<div class=\"elementor-widget-container\">\n\t\t\t\t\t    <div class=\"pxl-list pxl-list1  default\" data-wow-delay=\"ms\">\r\n                    <div class=\"pxl--item\">\r\n                                    <div class=\"pxl-item--icon\">\r\n                        <svg xmlns=\"http:\/\/www.w3.org\/2000\/svg\" height=\"434pt\" viewBox=\"0 -65 434.67733 434\" width=\"434pt\"><path d=\"m152.003906 304.34375c-5.460937 0-10.921875-2.089844-15.082031-6.25l-130.664063-130.667969c-8.34375-8.339843-8.34375-21.824219 0-30.164062 8.339844-8.339844 21.820313-8.339844 30.164063 0l115.582031 115.582031 246.253906-246.25c8.339844-8.339844 21.820313-8.339844 30.164063 0 8.339844 8.34375 8.339844 21.824219 0 30.167969l-261.332031 261.332031c-4.160156 4.160156-9.625 6.25-15.085938 6.25zm0 0\"><\/path><\/svg>                    <\/div>\r\n                                                    <div class=\"pxl-item-content\">\r\n                        <label class=\"pxl-empty\"><\/label>\r\n                        Accr\u00e9ditation FMH compl\u00e8te pour la formation des futurs sp\u00e9cialistes en chirurgie orthop\u00e9dique et traumatologie de l'appareil locomoteur                    <\/div>\r\n                            <\/div>\r\n                    <div class=\"pxl--item\">\r\n                                    <div class=\"pxl-item--icon\">\r\n                        <svg xmlns=\"http:\/\/www.w3.org\/2000\/svg\" height=\"434pt\" viewBox=\"0 -65 434.67733 434\" width=\"434pt\"><path d=\"m152.003906 304.34375c-5.460937 0-10.921875-2.089844-15.082031-6.25l-130.664063-130.667969c-8.34375-8.339843-8.34375-21.824219 0-30.164062 8.339844-8.339844 21.820313-8.339844 30.164063 0l115.582031 115.582031 246.253906-246.25c8.339844-8.339844 21.820313-8.339844 30.164063 0 8.339844 8.34375 8.339844 21.824219 0 30.167969l-261.332031 261.332031c-4.160156 4.160156-9.625 6.25-15.085938 6.25zm0 0\"><\/path><\/svg>                    <\/div>\r\n                                                    <div class=\"pxl-item-content\">\r\n                        <label class=\"pxl-empty\"><\/label>\r\n                        Programme de formation continue destin\u00e9 aux m\u00e9decins titulaires, physioth\u00e9rapeutes et professionnels de sant\u00e9 partenaires                    <\/div>\r\n                            <\/div>\r\n                    <div class=\"pxl--item\">\r\n                                    <div class=\"pxl-item--icon\">\r\n                        <svg xmlns=\"http:\/\/www.w3.org\/2000\/svg\" height=\"434pt\" viewBox=\"0 -65 434.67733 434\" width=\"434pt\"><path d=\"m152.003906 304.34375c-5.460937 0-10.921875-2.089844-15.082031-6.25l-130.664063-130.667969c-8.34375-8.339843-8.34375-21.824219 0-30.164062 8.339844-8.339844 21.820313-8.339844 30.164063 0l115.582031 115.582031 246.253906-246.25c8.339844-8.339844 21.820313-8.339844 30.164063 0 8.339844 8.34375 8.339844 21.824219 0 30.167969l-261.332031 261.332031c-4.160156 4.160156-9.625 6.25-15.085938 6.25zm0 0\"><\/path><\/svg>                    <\/div>\r\n                                                    <div class=\"pxl-item-content\">\r\n                        <label class=\"pxl-empty\"><\/label>\r\n                        Transmission pluridisciplinaire incluant m\u00e9decine du sport, m\u00e9decine physique et r\u00e9adaptation par une \u00e9quipe de praticiens exp\u00e9riment\u00e9s                    <\/div>\r\n                            <\/div>\r\n            <\/div>\r\n\t\t\t\t<\/div>\n\t\t\t\t<\/div>\n\t\t\t\t<div class=\"elementor-element elementor-element-3eb0a0a elementor-align-center ft-gt pxl-icon-list  elementor-widget__width-auto elementor-widget elementor-widget-pxl_button\" data-id=\"3eb0a0a\" data-element_type=\"widget\" data-e-type=\"widget\" data-widget_type=\"pxl_button.default\">\n\t\t\t\t<div class=\"elementor-widget-container\">\n\t\t\t\t\t<div id=\"pxl-pxl_button-3eb0a0a-9432\" class=\"pxl-button pxl-atc-link \" data-wow-delay=\"ms\">\r\n    <a href=\"https:\/\/www.centre-ortho.ch\/medecins-orthopedistes\/\" target=\"_blank\" class=\"btn  btn-glossy btn-default  inline pxl-icon--right\" data-wow-delay=\"ms\" data-target=\".pxl-page-popup-template-0\" rel=\"noopener\">\r\n                    <i aria-hidden=\"true\" class=\"flaticon flaticon-next\"><\/i>                        <span class=\"pxl--btn-text\" data-text=\"Les m\u00e9decins\">\r\n                        Les m\u00e9decins        <\/span>\r\n    <\/a>\r\n<\/div>\t\t\t\t<\/div>\n\t\t\t\t<\/div>\n\t\t            <\/div>\r\n        <\/div>\r\n        \t\t\t<\/div>\n\t\t<\/section>\n\t\t            <\/div>\r\n        <\/div>\r\n                <div class=\"elementor-column elementor-col-50 elementor-top-column elementor-element elementor-element-b4bf45c pxl-column-none pxl-column-overflow-hidden-no\" data-id=\"b4bf45c\" data-element_type=\"column\" data-e-type=\"column\" data-settings=\"{&quot;background_background&quot;:&quot;classic&quot;}\">\r\n        <div class=\"elementor-widget-wrap elementor-element-populated\">\r\n                     \r\n                <section class=\"elementor-section elementor-inner-section elementor-element elementor-element-cc36d8d m-rl-0 elementor-section-boxed elementor-section-height-default elementor-section-height-default pxl-row-scroll-none pxl-zoom-point-false pxl-section-overflow-visible pxl-section-fix-none pxl-bg-color-none pxl-section-overlay-none elementor-invisible\" data-id=\"cc36d8d\" data-element_type=\"section\" data-e-type=\"section\" data-settings=\"{&quot;animation&quot;:&quot;fadeInRight&quot;}\">\n\n                \n                <div class=\"elementor-container elementor-column-gap-default \">\n                <div class=\"elementor-column elementor-col-100 elementor-inner-column elementor-element elementor-element-3cd615c pxl-column-none pxl-column-overflow-hidden-no\" data-id=\"3cd615c\" data-element_type=\"column\" data-e-type=\"column\" data-settings=\"{&quot;background_background&quot;:&quot;classic&quot;}\">\r\n        <div class=\"elementor-widget-wrap elementor-element-populated\">\r\n                     \r\n        \t\t<div class=\"elementor-element elementor-element-1aa37e6 elementor-widget__width-initial elementor-widget elementor-widget-pxl_image\" data-id=\"1aa37e6\" data-element_type=\"widget\" data-e-type=\"widget\" data-widget_type=\"pxl_image.default\">\n\t\t\t\t<div class=\"elementor-widget-container\">\n\t\t\t\t\t<div id=\"pxl_image-1aa37e6-4756\" class=\"pxl-image-single  pxl-disable-parallax-sm pxl-hide-sr-lg  \" data-wow-delay=\"ms\"  >\r\n    <div class=\"pxl-item--inner\" data-wow-delay=\"120ms\">\r\n        \r\n                    <div class=\"pxl-item--image \" data-parallax-value=\"\">\r\n                                <img loading=\"lazy\" decoding=\"async\" width=\"32\" height=\"32\" src=\"https:\/\/template2.orthopediste-lausanne.ch\/wp-content\/uploads\/2025\/11\/favicon.png\" class=\"no-lazyload attachment-full\" alt=\"\" \/>                            <\/div>\r\n                \r\n    <\/div>\r\n<\/div>\t\t\t\t<\/div>\n\t\t\t\t<\/div>\n\t\t\t\t<div class=\"elementor-element elementor-element-c01c7ab elementor-widget__width-auto elementor-widget elementor-widget-pxl_text_editor\" data-id=\"c01c7ab\" data-element_type=\"widget\" data-e-type=\"widget\" data-widget_type=\"pxl_text_editor.default\">\n\t\t\t\t<div class=\"elementor-widget-container\">\n\t\t\t\t\t<div class=\"pxl-text-editor default\">\n\t<div class=\"pxl-item--inner  ft-gt\" data-wow-delay=\"ms\">\n\t\t<p>Notre Mission<\/p>\t\t\n\t<\/div>\n<\/div>\t\t\t\t<\/div>\n\t\t\t\t<\/div>\n\t\t\t\t<div class=\"elementor-element elementor-element-f4bb91d elementor-widget elementor-widget-pxl_text_editor\" data-id=\"f4bb91d\" data-element_type=\"widget\" data-e-type=\"widget\" data-widget_type=\"pxl_text_editor.default\">\n\t\t\t\t<div class=\"elementor-widget-container\">\n\t\t\t\t\t<div class=\"pxl-text-editor default\">\n\t<div class=\"pxl-item--inner  ft-gt\" data-wow-delay=\"ms\">\n\t\tGarantir l&#8217;excellence orthop\u00e9dique par une approche globale et personnalis\u00e9e, de l&#8217;analyse diagnostique jusqu&#8217;\u00e0 la r\u00e9cup\u00e9ration compl\u00e8te de votre autonomie fonctionnelle.\t\t\n\t<\/div>\n<\/div>\t\t\t\t<\/div>\n\t\t\t\t<\/div>\n\t\t            <\/div>\r\n        <\/div>\r\n        \t\t\t<\/div>\n\t\t<\/section>\n\t\t            <\/div>\r\n        <\/div>\r\n        \t\t\t<\/div>\n\t\t<\/section>\n\t\t        <section class=\"elementor-section elementor-top-section elementor-element elementor-element-5aea298 elementor-section-stretched pxl-section-overflow-hidden elementor-section-boxed elementor-section-height-default elementor-section-height-default pxl-row-scroll-none pxl-zoom-point-false pxl-section-fix-none pxl-bg-color-none pxl-section-overlay-none\" data-id=\"5aea298\" data-element_type=\"section\" data-e-type=\"section\" data-settings=\"{&quot;stretch_section&quot;:&quot;section-stretched&quot;}\">\n\n                \n                <div class=\"elementor-container elementor-column-gap-extended \">\n                <div class=\"elementor-column elementor-col-100 elementor-top-column elementor-element elementor-element-16f5dc2 pxl-column-none pxl-column-overflow-hidden-no\" data-id=\"16f5dc2\" data-element_type=\"column\" data-e-type=\"column\">\r\n        <div class=\"elementor-widget-wrap elementor-element-populated\">\r\n                     \r\n        \t\t<div class=\"elementor-element elementor-element-178db02 ft-gt elementor-widget elementor-widget-pxl_heading\" data-id=\"178db02\" data-element_type=\"widget\" data-e-type=\"widget\" data-widget_type=\"pxl_heading.default\">\n\t\t\t\t<div class=\"elementor-widget-container\">\n\t\t\t\t\t\n<div id=\"pxl-pxl_heading-178db02-8474\" class=\"pxl-heading px-sub-title-default-style \">\n\t<div class=\"pxl-heading--inner\">\n\t\t\n\t\t<h3 class=\"pxl-item--title style-default  highlight-default pxl-split-text split-in-fade\" data-wow-delay=\"ms\">\n\t\t\t\t\tActualit\u00e9 des m\u00e9decins\t\n\t\t\t\n\t\t<\/h3>\n\t\t\n\t<\/div>\n<\/div>\t\t\t\t<\/div>\n\t\t\t\t<\/div>\n\t\t\t\t<div class=\"elementor-element elementor-element-f6cd2be elementor-widget elementor-widget-pxl_text_editor\" data-id=\"f6cd2be\" data-element_type=\"widget\" data-e-type=\"widget\" data-widget_type=\"pxl_text_editor.default\">\n\t\t\t\t<div class=\"elementor-widget-container\">\n\t\t\t\t\t<div class=\"pxl-text-editor default\">\n\t<div class=\"pxl-item--inner  \" data-wow-delay=\"ms\">\n\t\t<p>Read the latest news about medicross as well as medical news around the world. Nam porttitor ullamcorper.<\/p>\t\t\n\t<\/div>\n<\/div>\t\t\t\t<\/div>\n\t\t\t\t<\/div>\n\t\t\t\t<div class=\"elementor-element elementor-element-fce42e3 post-layout-post-1 elementor-widget elementor-widget-pxl_post_carousel\" data-id=\"fce42e3\" data-element_type=\"widget\" data-e-type=\"widget\" data-widget_type=\"pxl_post_carousel.default\">\n\t\t\t\t<div class=\"elementor-widget-container\">\n\t\t\t\t\t\r\n    <div class=\"pxl-swiper-slider pxl-post-carousel pxl-post-carousel1 pxl-post-style1\" >\r\n        <div class=\"pxl-carousel-inner\">\r\n            <div class=\"pxl-swiper-container\" dir=\"ltr\" data-settings=\"{&quot;slide_direction&quot;:&quot;horizontal&quot;,&quot;slide_percolumn&quot;:1,&quot;slide_percolumnfill&quot;:1,&quot;slide_mode&quot;:&quot;slide&quot;,&quot;slides_to_show&quot;:3,&quot;slides_to_show_xxl&quot;:3,&quot;slides_to_show_lg&quot;:3,&quot;slides_to_show_md&quot;:2,&quot;slides_to_show_sm&quot;:2,&quot;slides_to_show_xs&quot;:1,&quot;slides_to_scroll&quot;:1,&quot;slides_gutter&quot;:30,&quot;arrow&quot;:true,&quot;pagination&quot;:false,&quot;pagination_type&quot;:&quot;bullets&quot;,&quot;autoplay&quot;:false,&quot;pause_on_hover&quot;:true,&quot;pause_on_interaction&quot;:true,&quot;delay&quot;:5000,&quot;loop&quot;:true,&quot;speed&quot;:500,&quot;center&quot;:false}\">\r\n                <div class=\"pxl-swiper-wrapper\">\r\n                                            <div class=\"pxl-swiper-slide\">\r\n                            <div class=\"pxl-post--inner wow fadeIn wow\" data-wow-duration=\"1.2s\">\r\n                                                                <div class=\"pxl-post--featured hover-imge-effect2\">\r\n                                    <a href=\"https:\/\/template2.orthopediste-lausanne.ch\/en\/new-doctor-dr-adrien-dambrosio-2\/\">\r\n                                        <img loading=\"lazy\" decoding=\"async\" class=\"\" src=\"https:\/\/template2.orthopediste-lausanne.ch\/wp-content\/uploads\/2025\/05\/adrien_dambrosio-744x634.jpg\" width=\"744\" height=\"634\" alt=\"Nouveau m\u00e9decin: le Dr Adrien D&apos;Ambrosio\" title=\"Nouveau m\u00e9decin: le Dr Adrien D&apos;Ambrosio\" \/>                                    <\/a>\r\n                                    <div class=\"post-date\">\r\n                                        <div class=\"date-day\">23<\/div>\r\n                                        <div class=\"year-month\">\r\n                                            <span class=\"date-month\">May<\/span>\r\n                                        <\/div>\r\n                                    <\/div>\r\n                                    <div class=\"pxl-post--meta pxl-flex-middle\">\r\n                                        <div class=\"pxl-item--author\"><span>by<\/span> <a href=\"https:\/\/template2.orthopediste-lausanne.ch\/en\/author\/medicol\/\" rel=\"author\">Medicol<\/a><\/div>\r\n                                        <div class=\"pxl-post--category\">\r\n                                            &nbsp\/&nbsp<a href=\"https:\/\/template2.orthopediste-lausanne.ch\/en\/orthopedics\/actualites-des-medecins\/\" rel=\"tag\">Actualit\u00e9s des m\u00e9decins<\/a>                                        <\/div>\r\n                                    <\/div>\r\n                                <\/div>\r\n                                                        \r\n\r\n                            <div class=\"pxl-inner-content\">\r\n                                <h3 class=\"pxl-post--title \">\r\n                                    <a href=\"https:\/\/template2.orthopediste-lausanne.ch\/en\/new-doctor-dr-adrien-dambrosio-2\/\">\r\n                                        Nouveau m\u00e9decin: le Dr Adrien D&#8217;Ambrosio                                    <\/a>\r\n                                <\/h3>\r\n                                <div class=\"pxl-post--content\">\r\n                                    Nous accueillons un nouveau m\u00e9decin au Centre Orthop\u00e9dique d'Ouchy, le Dr Stefano Tripiciano.                                <\/div>\r\n                                                                    <div class=\"pxl-post--button\">\r\n                                        <a class=\"btn--readmore\" href=\"https:\/\/template2.orthopediste-lausanne.ch\/en\/new-doctor-dr-adrien-dambrosio-2\/\">\r\n                                            <span class=\"btn--text\">\r\n                                                Lire la suite                                            <\/span>\r\n                                                <i class=\"flaticon flaticon-next\"><\/i>\r\n                                            <\/a>\r\n                                        <\/div>\r\n                                                                    <\/div>\r\n                            <\/div>\r\n                        <\/div>\r\n                                            <div class=\"pxl-swiper-slide\">\r\n                            <div class=\"pxl-post--inner wow fadeIn wow\" data-wow-duration=\"1.2s\">\r\n                                                                <div class=\"pxl-post--featured hover-imge-effect2\">\r\n                                    <a href=\"https:\/\/template2.orthopediste-lausanne.ch\/en\/rhizarthrosis\/\">\r\n                                        <img loading=\"lazy\" decoding=\"async\" class=\"\" src=\"https:\/\/template2.orthopediste-lausanne.ch\/wp-content\/uploads\/2024\/07\/6d7087f4961cab56979df573bedb8ec5_XL-744x634.jpg\" width=\"744\" height=\"634\" alt=\"La rhizarthrose\" title=\"La rhizarthrose\" \/>                                    <\/a>\r\n                                    <div class=\"post-date\">\r\n                                        <div class=\"date-day\">09<\/div>\r\n                                        <div class=\"year-month\">\r\n                                            <span class=\"date-month\">Dec<\/span>\r\n                                        <\/div>\r\n                                    <\/div>\r\n                                    <div class=\"pxl-post--meta pxl-flex-middle\">\r\n                                        <div class=\"pxl-item--author\"><span>by<\/span> <a href=\"https:\/\/template2.orthopediste-lausanne.ch\/en\/author\/medicol\/\" rel=\"author\">Medicol<\/a><\/div>\r\n                                        <div class=\"pxl-post--category\">\r\n                                            &nbsp\/&nbsp<a href=\"https:\/\/template2.orthopediste-lausanne.ch\/en\/orthopedics\/research\/\" rel=\"tag\">Recherche<\/a>                                        <\/div>\r\n                                    <\/div>\r\n                                <\/div>\r\n                                                        \r\n\r\n                            <div class=\"pxl-inner-content\">\r\n                                <h3 class=\"pxl-post--title \">\r\n                                    <a href=\"https:\/\/template2.orthopediste-lausanne.ch\/en\/rhizarthrosis\/\">\r\n                                        La rhizarthrose &#8211; Dre Val\u00e9rie Decrouy-Duruz, m\u00e9decin sp\u00e9cialiste en chirurgie de la main                                    <\/a>\r\n                                <\/h3>\r\n                                <div class=\"pxl-post--content\">\r\n                                    La Dre Val\u00e9rie Decrouy-Duruz, m\u00e9decin sp\u00e9cialiste en chirurgie de la main nous parle de la rhizarthrose.                                <\/div>\r\n                                                                    <div class=\"pxl-post--button\">\r\n                                        <a class=\"btn--readmore\" href=\"https:\/\/template2.orthopediste-lausanne.ch\/en\/rhizarthrosis\/\">\r\n                                            <span class=\"btn--text\">\r\n                                                Lire la suite                                            <\/span>\r\n                                                <i class=\"flaticon flaticon-next\"><\/i>\r\n                                            <\/a>\r\n                                        <\/div>\r\n                                                                    <\/div>\r\n                            <\/div>\r\n                        <\/div>\r\n                                            <div class=\"pxl-swiper-slide\">\r\n                            <div class=\"pxl-post--inner wow fadeIn wow\" data-wow-duration=\"1.2s\">\r\n                                                                <div class=\"pxl-post--featured hover-imge-effect2\">\r\n                                    <a href=\"https:\/\/template2.orthopediste-lausanne.ch\/en\/fitness-trends-related-to-weight-status-an-analysis-of-over-412000-young-people\/\">\r\n                                        <img loading=\"lazy\" decoding=\"async\" class=\"\" src=\"https:\/\/template2.orthopediste-lausanne.ch\/wp-content\/uploads\/2024\/07\/78afaacbba3bca41a1ce9f675afbba4f_XL-744x634.jpg\" width=\"744\" height=\"634\" alt=\"Tendances de la condition physique li\u00e9es au statut pond\u00e9ral: une analyse portant sur plus de 412\u2019000 jeunes conscrits masculins suisses de 2007 \u00e0 2022\" title=\"Tendances de la condition physique li\u00e9es au statut pond\u00e9ral: une analyse portant sur plus de 412\u2019000 jeunes conscrits masculins suisses de 2007 \u00e0 2022\" \/>                                    <\/a>\r\n                                    <div class=\"post-date\">\r\n                                        <div class=\"date-day\">23<\/div>\r\n                                        <div class=\"year-month\">\r\n                                            <span class=\"date-month\">Sep<\/span>\r\n                                        <\/div>\r\n                                    <\/div>\r\n                                    <div class=\"pxl-post--meta pxl-flex-middle\">\r\n                                        <div class=\"pxl-item--author\"><span>by<\/span> <a href=\"https:\/\/template2.orthopediste-lausanne.ch\/en\/author\/medicol\/\" rel=\"author\">Medicol<\/a><\/div>\r\n                                        <div class=\"pxl-post--category\">\r\n                                            &nbsp\/&nbsp<a href=\"https:\/\/template2.orthopediste-lausanne.ch\/en\/orthopedics\/actualites-des-medecins\/\" rel=\"tag\">Actualit\u00e9s des m\u00e9decins<\/a>                                        <\/div>\r\n                                    <\/div>\r\n                                <\/div>\r\n                                                        \r\n\r\n                            <div class=\"pxl-inner-content\">\r\n                                <h3 class=\"pxl-post--title \">\r\n                                    <a href=\"https:\/\/template2.orthopediste-lausanne.ch\/en\/fitness-trends-related-to-weight-status-an-analysis-of-over-412000-young-people\/\">\r\n                                        Tendances de la condition physique li\u00e9es au statut pond\u00e9ral: une analyse portant sur plus de 412\u2019000 jeunes                                    <\/a>\r\n                                <\/h3>\r\n                                <div class=\"pxl-post--content\">\r\n                                    Nos m\u00e9decins membres et leurs assistants publient r\u00e9guli\u00e8rement leurs travaux de recherches.                                <\/div>\r\n                                                                    <div class=\"pxl-post--button\">\r\n                                        <a class=\"btn--readmore\" href=\"https:\/\/template2.orthopediste-lausanne.ch\/en\/fitness-trends-related-to-weight-status-an-analysis-of-over-412000-young-people\/\">\r\n                                            <span class=\"btn--text\">\r\n                                                Lire la suite                                            <\/span>\r\n                                                <i class=\"flaticon flaticon-next\"><\/i>\r\n                                            <\/a>\r\n                                        <\/div>\r\n                                                                    <\/div>\r\n                            <\/div>\r\n                        <\/div>\r\n                                            <div class=\"pxl-swiper-slide\">\r\n                            <div class=\"pxl-post--inner wow fadeIn wow\" data-wow-duration=\"1.2s\">\r\n                                                                <div class=\"pxl-post--featured hover-imge-effect2\">\r\n                                    <a href=\"https:\/\/template2.orthopediste-lausanne.ch\/en\/new-doctor-dr-coraline-zhiti\/\">\r\n                                        <img loading=\"lazy\" decoding=\"async\" class=\"\" src=\"https:\/\/template2.orthopediste-lausanne.ch\/wp-content\/uploads\/2024\/07\/dfa7f6322712614e6e049fc346875c0a_XL-744x634.jpg\" width=\"744\" height=\"634\" alt=\"Nouveau m\u00e9decin: la Dre Coraline Zhiti\" title=\"Nouveau m\u00e9decin: la Dre Coraline Zhiti\" \/>                                    <\/a>\r\n                                    <div class=\"post-date\">\r\n                                        <div class=\"date-day\">20<\/div>\r\n                                        <div class=\"year-month\">\r\n                                            <span class=\"date-month\">Jul<\/span>\r\n                                        <\/div>\r\n                                    <\/div>\r\n                                    <div class=\"pxl-post--meta pxl-flex-middle\">\r\n                                        <div class=\"pxl-item--author\"><span>by<\/span> <a href=\"https:\/\/template2.orthopediste-lausanne.ch\/en\/author\/medicol\/\" rel=\"author\">Medicol<\/a><\/div>\r\n                                        <div class=\"pxl-post--category\">\r\n                                            &nbsp\/&nbsp<a href=\"https:\/\/template2.orthopediste-lausanne.ch\/en\/orthopedics\/nouveaux-medecins\/\" rel=\"tag\">Nouveaux m\u00e9decins<\/a>                                        <\/div>\r\n                                    <\/div>\r\n                                <\/div>\r\n                                                        \r\n\r\n                            <div class=\"pxl-inner-content\">\r\n                                <h3 class=\"pxl-post--title \">\r\n                                    <a href=\"https:\/\/template2.orthopediste-lausanne.ch\/en\/new-doctor-dr-coraline-zhiti\/\">\r\n                                        Nouveau m\u00e9decin: la Dre Coraline Zhiti                                    <\/a>\r\n                                <\/h3>\r\n                                <div class=\"pxl-post--content\">\r\n                                    La Dre Coraline Zhiti effectue ses \u00e9tudes de m\u00e9decine \u00e0 l\u2019Universit\u00e9 de Besan\u00e7on, o\u00f9 elle obtient son dipl\u00f4me en 2014. Elle d\u00e9bute sa carri\u00e8re hospitali\u00e8re en France, au sein du&hellip;                                <\/div>\r\n                                                                    <div class=\"pxl-post--button\">\r\n                                        <a class=\"btn--readmore\" href=\"https:\/\/template2.orthopediste-lausanne.ch\/en\/new-doctor-dr-coraline-zhiti\/\">\r\n                                            <span class=\"btn--text\">\r\n                                                Lire la suite                                            <\/span>\r\n                                                <i class=\"flaticon flaticon-next\"><\/i>\r\n                                            <\/a>\r\n                                        <\/div>\r\n                                                                    <\/div>\r\n                            <\/div>\r\n                        <\/div>\r\n                                            <div class=\"pxl-swiper-slide\">\r\n                            <div class=\"pxl-post--inner wow fadeIn wow\" data-wow-duration=\"1.2s\">\r\n                                                                <div class=\"pxl-post--featured hover-imge-effect2\">\r\n                                    <a href=\"https:\/\/template2.orthopediste-lausanne.ch\/en\/functional-hallux-limitus-the-foot-that-tires-and-wears-out\/\">\r\n                                        <img loading=\"lazy\" decoding=\"async\" class=\"\" src=\"https:\/\/template2.orthopediste-lausanne.ch\/wp-content\/uploads\/2024\/09\/photo_marche_gros_plan-scaled-744x634.jpg\" width=\"744\" height=\"634\" alt=\"photo_marche_gros_plan\" title=\"photo_marche_gros_plan\" \/>                                    <\/a>\r\n                                    <div class=\"post-date\">\r\n                                        <div class=\"date-day\">20<\/div>\r\n                                        <div class=\"year-month\">\r\n                                            <span class=\"date-month\">Jul<\/span>\r\n                                        <\/div>\r\n                                    <\/div>\r\n                                    <div class=\"pxl-post--meta pxl-flex-middle\">\r\n                                        <div class=\"pxl-item--author\"><span>by<\/span> <a href=\"https:\/\/template2.orthopediste-lausanne.ch\/en\/author\/medicol\/\" rel=\"author\">Medicol<\/a><\/div>\r\n                                        <div class=\"pxl-post--category\">\r\n                                            &nbsp\/&nbsp<a href=\"https:\/\/template2.orthopediste-lausanne.ch\/en\/orthopedics\/foot\/functional-hallux-limitus\/\" rel=\"tag\">Hallux limitus fonctionnel<\/a> <a href=\"https:\/\/template2.orthopediste-lausanne.ch\/en\/orthopedics\/foot\/\" rel=\"tag\">Pied<\/a>                                        <\/div>\r\n                                    <\/div>\r\n                                <\/div>\r\n                                                        \r\n\r\n                            <div class=\"pxl-inner-content\">\r\n                                <h3 class=\"pxl-post--title \">\r\n                                    <a href=\"https:\/\/template2.orthopediste-lausanne.ch\/en\/functional-hallux-limitus-the-foot-that-tires-and-wears-out\/\">\r\n                                        Hallux Limitus Fonctionnel : le pied qui fatigue et qui use                                    <\/a>\r\n                                <\/h3>\r\n                                <div class=\"pxl-post--content\">\r\n                                    L\u2019Hallux Limitus Fonctionnel (HLF) est une entit\u00e9 clinique mal connue qui peut \u00eatre diagnostiqu\u00e9e \u00e0 l\u2019examen clinique ou lors d\u2019un bilan podologique. En pr\u00e9sence d\u2019un HLF, le patient, sans le&hellip;                                <\/div>\r\n                                                                    <div class=\"pxl-post--button\">\r\n                                        <a class=\"btn--readmore\" href=\"https:\/\/template2.orthopediste-lausanne.ch\/en\/functional-hallux-limitus-the-foot-that-tires-and-wears-out\/\">\r\n                                            <span class=\"btn--text\">\r\n                                                Lire la suite                                            <\/span>\r\n                                                <i class=\"flaticon flaticon-next\"><\/i>\r\n                                            <\/a>\r\n                                        <\/div>\r\n                                                                    <\/div>\r\n                            <\/div>\r\n                        <\/div>\r\n                                            <div class=\"pxl-swiper-slide\">\r\n                            <div class=\"pxl-post--inner wow fadeIn wow\" data-wow-duration=\"1.2s\">\r\n                                                                <div class=\"pxl-post--featured hover-imge-effect2\">\r\n                                    <a href=\"https:\/\/template2.orthopediste-lausanne.ch\/en\/knee-osteoarthritis\/\">\r\n                                        <img loading=\"lazy\" decoding=\"async\" class=\"\" src=\"https:\/\/template2.orthopediste-lausanne.ch\/wp-content\/uploads\/2024\/07\/arthrose_du_genou_1-744x634.jpg\" width=\"744\" height=\"634\" alt=\"arthrose_du_genou_1\" title=\"arthrose_du_genou_1\" \/>                                    <\/a>\r\n                                    <div class=\"post-date\">\r\n                                        <div class=\"date-day\">20<\/div>\r\n                                        <div class=\"year-month\">\r\n                                            <span class=\"date-month\">Jul<\/span>\r\n                                        <\/div>\r\n                                    <\/div>\r\n                                    <div class=\"pxl-post--meta pxl-flex-middle\">\r\n                                        <div class=\"pxl-item--author\"><span>by<\/span> <a href=\"https:\/\/template2.orthopediste-lausanne.ch\/en\/author\/medicol\/\" rel=\"author\">Medicol<\/a><\/div>\r\n                                        <div class=\"pxl-post--category\">\r\n                                            &nbsp\/&nbsp<a href=\"https:\/\/template2.orthopediste-lausanne.ch\/en\/orthopedics\/knee\/\" rel=\"tag\">Genou<\/a>                                        <\/div>\r\n                                    <\/div>\r\n                                <\/div>\r\n                                                        \r\n\r\n                            <div class=\"pxl-inner-content\">\r\n                                <h3 class=\"pxl-post--title \">\r\n                                    <a href=\"https:\/\/template2.orthopediste-lausanne.ch\/en\/knee-osteoarthritis\/\">\r\n                                        Arthrose du genou                                    <\/a>\r\n                                <\/h3>\r\n                                <div class=\"pxl-post--content\">\r\n                                    La douleur est le principal sympt\u00f4me de l\u2019arthrose. La disparition du cartilage entra\u00eene graduellement un contact os sur os qui est \u00e0 l\u2019origine des douleurs. Celles-ci peuvent \u00eatre localis\u00e9es \u00e0&hellip;                                <\/div>\r\n                                                                    <div class=\"pxl-post--button\">\r\n                                        <a class=\"btn--readmore\" href=\"https:\/\/template2.orthopediste-lausanne.ch\/en\/knee-osteoarthritis\/\">\r\n                                            <span class=\"btn--text\">\r\n                                                Lire la suite                                            <\/span>\r\n                                                <i class=\"flaticon flaticon-next\"><\/i>\r\n                                            <\/a>\r\n                                        <\/div>\r\n                                                                    <\/div>\r\n                            <\/div>\r\n                        <\/div>\r\n                                    <\/div> \r\n            <\/div>\r\n\r\n        <\/div>\r\n        \r\n                    <div class=\"pxl-swiper-arrow-wrap style-1\">\r\n                <div class=\"pxl-swiper-arrow pxl-swiper-arrow-prev\" tabindex=\"0\" role=\"button\" aria-label=\"previous slide\" aria-controls=\"swiper-wrapper-5f10c24cfcd53105d\">\r\n                    <i class=\"flaticon flaticon-next\"><\/i>\r\n                <\/div>\r\n                <div class=\"pxl-swiper-arrow pxl-swiper-arrow-next\" tabindex=\"0\" role=\"button\" aria-label=\"next slide\" aria-controls=\"swiper-wrapper-5f10c24cfcd53105d\">\r\n                    <i class=\"flaticon flaticon-next\" style=\"transform:scaleX(-1);\"><\/i>\r\n            <\/div>\r\n        <\/div>\r\n    <\/div>\r\n\t\t\t\t<\/div>\n\t\t\t\t<\/div>\n\t\t            <\/div>\r\n        <\/div>\r\n        \t\t\t<\/div>\n\t\t<\/section>\n\t\t\t\t<\/div>\n\t\t","protected":false},"excerpt":{"rendered":"<p>Appeler pour une consultation +41 21 510 33 48 Centre reconnu pour la formation m\u00e9dicale Medicol forme les m\u00e9decins sp\u00e9cialistes de demain et accompagne le perfectionnement continu des praticiens. Notre engagement acad\u00e9mique garantit la transmission des standards d&#8217;excellence en orthop\u00e9die moderne. Formation FMH en chirurgie orthop\u00e9dique Perfectionnement continu des sp\u00e9cialistes titulaires Enseignement pluridisciplinaire en m\u00e9decine [&hellip;]<\/p>\n","protected":false},"author":1,"featured_media":0,"parent":0,"menu_order":0,"comment_status":"closed","ping_status":"closed","template":"","meta":{"_acf_changed":false,"inline_featured_image":false,"footnotes":""},"categories":[],"tags":[],"class_list":["post-21","page","type-page","status-publish","hentry"],"acf":[],"_links":{"self":[{"href":"https:\/\/template2.orthopediste-lausanne.ch\/en\/wp-json\/wp\/v2\/pages\/21","targetHints":{"allow":["GET"]}}],"collection":[{"href":"https:\/\/template2.orthopediste-lausanne.ch\/en\/wp-json\/wp\/v2\/pages"}],"about":[{"href":"https:\/\/template2.orthopediste-lausanne.ch\/en\/wp-json\/wp\/v2\/types\/page"}],"author":[{"embeddable":true,"href":"https:\/\/template2.orthopediste-lausanne.ch\/en\/wp-json\/wp\/v2\/users\/1"}],"replies":[{"embeddable":true,"href":"https:\/\/template2.orthopediste-lausanne.ch\/en\/wp-json\/wp\/v2\/comments?post=21"}],"version-history":[{"count":0,"href":"https:\/\/template2.orthopediste-lausanne.ch\/en\/wp-json\/wp\/v2\/pages\/21\/revisions"}],"wp:attachment":[{"href":"https:\/\/template2.orthopediste-lausanne.ch\/en\/wp-json\/wp\/v2\/media?parent=21"}],"wp:term":[{"taxonomy":"category","embeddable":true,"href":"https:\/\/template2.orthopediste-lausanne.ch\/en\/wp-json\/wp\/v2\/categories?post=21"},{"taxonomy":"post_tag","embeddable":true,"href":"https:\/\/template2.orthopediste-lausanne.ch\/en\/wp-json\/wp\/v2\/tags?post=21"}],"curies":[{"name":"wp","href":"https:\/\/api.w.org\/{rel}","templated":true}]}}