{"id":25762,"date":"2026-03-05T08:00:13","date_gmt":"2026-03-05T08:00:13","guid":{"rendered":"https:\/\/template2.orthopediste-lausanne.ch\/?page_id=25762"},"modified":"2026-05-01T12:49:51","modified_gmt":"2026-05-01T12:49:51","slug":"ligament-injuries","status":"publish","type":"page","link":"https:\/\/template2.orthopediste-lausanne.ch\/en\/ligament-injuries\/","title":{"rendered":"Ligament injuries"},"content":{"rendered":"\t\t<div data-elementor-type=\"wp-page\" data-elementor-id=\"25762\" class=\"elementor elementor-25762\" data-elementor-post-type=\"page\">\n\t\t\t\t        <section class=\"elementor-section elementor-top-section elementor-element elementor-element-941f3ae elementor-section-stretched elementor-section-boxed elementor-section-height-default elementor-section-height-default pxl-row-scroll-none pxl-zoom-point-false pxl-section-overflow-visible pxl-section-fix-none pxl-bg-color-none pxl-section-overlay-none\" data-id=\"941f3ae\" data-element_type=\"section\" data-e-type=\"section\" data-settings=\"{&quot;stretch_section&quot;:&quot;section-stretched&quot;}\">\n\n                \n                <div class=\"elementor-container elementor-column-gap-extended \">\n                <div class=\"elementor-column elementor-col-100 elementor-top-column elementor-element elementor-element-54c6799 pxl-column-none\" data-id=\"54c6799\" data-element_type=\"column\" data-e-type=\"column\" data-settings=\"{&quot;background_background&quot;:&quot;classic&quot;}\">\r\n        <div class=\"elementor-widget-wrap elementor-element-populated\">\r\n                                <div class=\"elementor-background-overlay\"><\/div>\r\n         \r\n                <section class=\"elementor-section elementor-inner-section elementor-element elementor-element-4541a0e elementor-section-content-bottom elementor-section-boxed elementor-section-height-default elementor-section-height-default pxl-row-scroll-none pxl-zoom-point-false pxl-section-overflow-visible pxl-section-fix-none pxl-bg-color-none pxl-section-overlay-none\" data-id=\"4541a0e\" data-element_type=\"section\" data-e-type=\"section\">\n\n                \n                <div class=\"elementor-container elementor-column-gap-extended \">\n                <div class=\"elementor-column elementor-col-50 elementor-inner-column elementor-element elementor-element-a132f1e pxl-column-none pxl-column-overflow-hidden-no\" data-id=\"a132f1e\" data-element_type=\"column\" data-e-type=\"column\">\r\n        <div class=\"elementor-widget-wrap elementor-element-populated\">\r\n                     \r\n        \t\t<div class=\"elementor-element elementor-element-ec6adbe elementor-widget__width-auto elementor-widget elementor-widget-pxl_breadcrumb\" data-id=\"ec6adbe\" data-element_type=\"widget\" data-e-type=\"widget\" data-widget_type=\"pxl_breadcrumb.default\">\n\t\t\t\t<div class=\"elementor-widget-container\">\n\t\t\t\t\t<div class=\"pxl-breadcrumb-wrap\">\n\t<ul class=\"pxl-breadcrumb\"><li><span class=\"breadcrumb-entry\">Accueil<\/span><\/li><\/ul><\/div>\t\t\t\t<\/div>\n\t\t\t\t<\/div>\n\t\t            <\/div>\r\n        <\/div>\r\n                <div class=\"elementor-column elementor-col-50 elementor-inner-column elementor-element elementor-element-4eb9ca9 elementor-hidden-desktop elementor-hidden-tablet elementor-hidden-mobile pxl-column-none pxl-column-overflow-hidden-no\" data-id=\"4eb9ca9\" data-element_type=\"column\" data-e-type=\"column\">\r\n        <div class=\"elementor-widget-wrap\">\r\n                     \r\n                    <\/div>\r\n        <\/div>\r\n        \t\t\t<\/div>\n\t\t<\/section>\n\t\t            <\/div>\r\n        <\/div>\r\n        \t\t\t<\/div>\n\t\t<\/section>\n\t\t        <section class=\"elementor-section elementor-top-section elementor-element elementor-element-51c4b5a4 elementor-section-stretched section_1 elementor-section-boxed elementor-section-height-default elementor-section-height-default pxl-row-scroll-none pxl-zoom-point-false pxl-section-overflow-visible pxl-section-fix-none pxl-bg-color-none pxl-section-overlay-none\" data-id=\"51c4b5a4\" data-element_type=\"section\" data-e-type=\"section\" data-settings=\"{&quot;stretch_section&quot;:&quot;section-stretched&quot;,&quot;background_background&quot;:&quot;classic&quot;}\">\n\n                \n                <div class=\"elementor-container elementor-column-gap-extended \">\n                <div class=\"elementor-column elementor-col-100 elementor-top-column elementor-element elementor-element-3a100bec pxl-column-none\" data-id=\"3a100bec\" data-element_type=\"column\" data-e-type=\"column\" data-settings=\"{&quot;background_background&quot;:&quot;gradient&quot;}\">\r\n        <div class=\"elementor-widget-wrap elementor-element-populated\">\r\n                                <div class=\"elementor-background-overlay\"><\/div>\r\n         \r\n                <section class=\"elementor-section elementor-inner-section elementor-element elementor-element-685c7eec elementor-section-content-bottom section_2 elementor-section-boxed elementor-section-height-default elementor-section-height-default pxl-row-scroll-none pxl-zoom-point-false pxl-section-overflow-visible pxl-section-fix-none pxl-bg-color-none pxl-section-overlay-none\" data-id=\"685c7eec\" data-element_type=\"section\" data-e-type=\"section\">\n\n                \n                <div class=\"elementor-container elementor-column-gap-extended \">\n                <div class=\"elementor-column elementor-col-50 elementor-inner-column elementor-element elementor-element-1d701b3e pxl-column-none pxl-column-overflow-hidden-no\" data-id=\"1d701b3e\" data-element_type=\"column\" data-e-type=\"column\">\r\n        <div class=\"elementor-widget-wrap elementor-element-populated\">\r\n                     \r\n        \t\t<div class=\"elementor-element elementor-element-26efcb9e elementor-widget__width-auto elementor-widget elementor-widget-pxl_heading\" data-id=\"26efcb9e\" data-element_type=\"widget\" data-e-type=\"widget\" data-widget_type=\"pxl_heading.default\">\n\t\t\t\t<div class=\"elementor-widget-container\">\n\t\t\t\t\t\n<div id=\"pxl-pxl_heading-26efcb9e-9546\" class=\"pxl-heading px-sub-title-default-style \">\n\t<div class=\"pxl-heading--inner\">\n\t\t\n\t\t<h1 class=\"pxl-item--title style-default  highlight-default \" data-wow-delay=\"ms\">\n\t\t\t\t\tL\u00e9sions des ligaments\t\n\t\t\t\n\t\t<\/h1>\n\t\t\n\t<\/div>\n<\/div>\t\t\t\t<\/div>\n\t\t\t\t<\/div>\n\t\t            <\/div>\r\n        <\/div>\r\n                <div class=\"elementor-column elementor-col-50 elementor-inner-column elementor-element elementor-element-2ae42503 pxl-column-none pxl-column-overflow-hidden-no\" data-id=\"2ae42503\" data-element_type=\"column\" data-e-type=\"column\">\r\n        <div class=\"elementor-widget-wrap elementor-element-populated\">\r\n                     \r\n        \t\t<div class=\"elementor-element elementor-element-2fdcfce6 Zone_anatomique elementor-hidden-desktop elementor-hidden-tablet elementor-hidden-mobile elementor-widget elementor-widget-pxl_text_editor\" data-id=\"2fdcfce6\" data-element_type=\"widget\" data-e-type=\"widget\" data-widget_type=\"pxl_text_editor.default\">\n\t\t\t\t<div class=\"elementor-widget-container\">\n\t\t\t\t\t<div class=\"pxl-text-editor default\">\n\t<div class=\"pxl-item--inner  ft-gt\" data-wow-delay=\"ms\">\n\t\t<p>##Zone_anatomique##<\/p>\t\t\n\t<\/div>\n<\/div>\t\t\t\t<\/div>\n\t\t\t\t<\/div>\n\t\t            <\/div>\r\n        <\/div>\r\n        \t\t\t<\/div>\n\t\t<\/section>\n\t\t            <\/div>\r\n        <\/div>\r\n        \t\t\t<\/div>\n\t\t<\/section>\n\t\t        <section class=\"elementor-section elementor-top-section elementor-element elementor-element-6fdcc832 elementor-section-stretched pxl-row-scroll-fixed section_4 elementor-section-boxed elementor-section-height-default elementor-section-height-default pxl-zoom-point-false pxl-section-overflow-visible pxl-section-fix-none pxl-bg-color-none pxl-section-overlay-none\" data-id=\"6fdcc832\" data-element_type=\"section\" data-e-type=\"section\" data-settings=\"{&quot;stretch_section&quot;:&quot;section-stretched&quot;,&quot;background_background&quot;:&quot;classic&quot;}\">\n\n                \n                <div class=\"elementor-container elementor-column-gap-extended \">\n                <div class=\"elementor-column elementor-col-50 elementor-top-column elementor-element elementor-element-1517e5c6 pxl-column-none pxl-column-overflow-hidden-no\" data-id=\"1517e5c6\" data-element_type=\"column\" data-e-type=\"column\">\r\n        <div class=\"elementor-widget-wrap elementor-element-populated\">\r\n                     \r\n                <section class=\"elementor-section elementor-inner-section elementor-element elementor-element-38e6f5d elementor-section-boxed elementor-section-height-default elementor-section-height-default pxl-row-scroll-none pxl-zoom-point-false pxl-section-overflow-visible pxl-section-fix-none pxl-bg-color-none pxl-section-overlay-none\" data-id=\"38e6f5d\" data-element_type=\"section\" data-e-type=\"section\" data-settings=\"{&quot;background_background&quot;:&quot;classic&quot;}\">\n\n                \n                <div class=\"elementor-container elementor-column-gap-extended \">\n                <div class=\"elementor-column elementor-col-100 elementor-inner-column elementor-element elementor-element-42700d7 pxl-column-none pxl-column-overflow-hidden-no\" data-id=\"42700d7\" data-element_type=\"column\" data-e-type=\"column\">\r\n        <div class=\"elementor-widget-wrap elementor-element-populated\">\r\n                     \r\n        \t\t<div class=\"elementor-element elementor-element-21d4636 ft-gt elementor-widget elementor-widget-pxl_heading\" data-id=\"21d4636\" data-element_type=\"widget\" data-e-type=\"widget\" data-widget_type=\"pxl_heading.default\">\n\t\t\t\t<div class=\"elementor-widget-container\">\n\t\t\t\t\t\n<div id=\"pxl-pxl_heading-21d4636-7929\" class=\"pxl-heading px-sub-title-default-style \">\n\t<div class=\"pxl-heading--inner\">\n\t\t\n\t\t<h3 class=\"pxl-item--title style-default  highlight-default pxl-split-text split-in-fade\" data-wow-delay=\"ms\">\n\t\t\t\t\tIntroduction\t\n\t\t\t\n\t\t<\/h3>\n\t\t\n\t<\/div>\n<\/div>\t\t\t\t<\/div>\n\t\t\t\t<\/div>\n\t\t\t\t<div class=\"elementor-element elementor-element-27e176a elementor-widget elementor-widget-pxl_text_editor\" data-id=\"27e176a\" data-element_type=\"widget\" data-e-type=\"widget\" data-widget_type=\"pxl_text_editor.default\">\n\t\t\t\t<div class=\"elementor-widget-container\">\n\t\t\t\t\t<div class=\"pxl-text-editor default\">\n\t<div class=\"pxl-item--inner  \" data-wow-delay=\"ms\">\n\t\t<p>Le genou englobe deux articulations distinctes: une articulation condylienne \u00abportante\u00bb constitu\u00e9e par le f\u00e9mur et le tibia divis\u00e9e en deux compartiments interne et externe et une articulation trochl\u00e9enne constitu\u00e9e par la rotule et le f\u00e9mur, la rotule \u00e9tant ce qu\u2019on appelle un os s\u00e9samo\u00efde soit un os inclus dans un tendon (ici le tendon du quadriceps). Cette articulation sert de guide \u00e0 l\u2019appareil extenseur du genou et potentialise la force du muscle quadriceps situ\u00e9 \u00e0 la face ant\u00e9rieure de la cuisse.<\/p>\t\t\n\t<\/div>\n<\/div>\t\t\t\t<\/div>\n\t\t\t\t<\/div>\n\t\t            <\/div>\r\n        <\/div>\r\n        \t\t\t<\/div>\n\t\t<\/section>\n\t\t\t\t<div class=\"elementor-element elementor-element-7c270f42 Video_principale elementor-widget elementor-widget-video\" data-id=\"7c270f42\" data-element_type=\"widget\" data-e-type=\"widget\" data-settings=\"{&quot;youtube_url&quot;:&quot;https:\\\/\\\/www.youtube.com\\\/watch?v=xGWF1dJ0sFY&quot;,&quot;lazy_load&quot;:&quot;yes&quot;,&quot;image_overlay&quot;:{&quot;url&quot;:&quot;https:\\\/\\\/template2.orthopediste-lausanne.ch\\\/wp-content\\\/uploads\\\/2026\\\/03\\\/lesion_ligament_video.jpg&quot;,&quot;id&quot;:26160,&quot;size&quot;:&quot;&quot;,&quot;alt&quot;:&quot;L\\u00e9sion des ligaments&quot;,&quot;source&quot;:&quot;library&quot;},&quot;lightbox&quot;:&quot;yes&quot;,&quot;show_image_overlay&quot;:&quot;yes&quot;,&quot;lightbox_content_animation&quot;:&quot;none&quot;,&quot;video_type&quot;:&quot;youtube&quot;,&quot;controls&quot;:&quot;yes&quot;}\" data-widget_type=\"video.default\">\n\t\t\t\t\t\t\t<div class=\"elementor-wrapper elementor-open-lightbox\">\n\t\t\t\t\t\t\t<div class=\"elementor-custom-embed-image-overlay\" data-elementor-open-lightbox=\"yes\" data-elementor-lightbox=\"{&quot;type&quot;:&quot;video&quot;,&quot;videoType&quot;:&quot;youtube&quot;,&quot;url&quot;:&quot;https:\\\/\\\/www.youtube.com\\\/embed\\\/xGWF1dJ0sFY?feature=oembed&amp;start&amp;end&amp;wmode=opaque&amp;loop=0&amp;controls=1&amp;mute=0&amp;rel=0&amp;cc_load_policy=0&quot;,&quot;autoplay&quot;:&quot;&quot;,&quot;modalOptions&quot;:{&quot;id&quot;:&quot;elementor-lightbox-7c270f42&quot;,&quot;entranceAnimation&quot;:&quot;none&quot;,&quot;entranceAnimation_tablet&quot;:&quot;&quot;,&quot;entranceAnimation_mobile&quot;:&quot;&quot;,&quot;videoAspectRatio&quot;:&quot;169&quot;}}\" data-e-action-hash=\"#elementor-action%3Aaction%3Dlightbox%26settings%3DeyJ0eXBlIjoidmlkZW8iLCJ2aWRlb1R5cGUiOiJ5b3V0dWJlIiwidXJsIjoiaHR0cHM6XC9cL3d3dy55b3V0dWJlLmNvbVwvZW1iZWRcL3hHV0YxZEowc0ZZP2ZlYXR1cmU9b2VtYmVkJnN0YXJ0JmVuZCZ3bW9kZT1vcGFxdWUmbG9vcD0wJmNvbnRyb2xzPTEmbXV0ZT0wJnJlbD0wJmNjX2xvYWRfcG9saWN5PTAiLCJhdXRvcGxheSI6IiIsIm1vZGFsT3B0aW9ucyI6eyJpZCI6ImVsZW1lbnRvci1saWdodGJveC03YzI3MGY0MiIsImVudHJhbmNlQW5pbWF0aW9uIjoibm9uZSIsImVudHJhbmNlQW5pbWF0aW9uX3RhYmxldCI6IiIsImVudHJhbmNlQW5pbWF0aW9uX21vYmlsZSI6IiIsInZpZGVvQXNwZWN0UmF0aW8iOiIxNjkifX0%3D\">\n\t\t\t\t\t\t\t\t\t\t\t<img fetchpriority=\"high\" decoding=\"async\" width=\"1920\" height=\"1080\" src=\"https:\/\/template2.orthopediste-lausanne.ch\/wp-content\/uploads\/2026\/03\/lesion_ligament_video.jpg\" class=\"attachment-full size-full wp-image-26160\" alt=\"L\u00e9sion des ligaments\" srcset=\"https:\/\/template2.orthopediste-lausanne.ch\/wp-content\/uploads\/2026\/03\/lesion_ligament_video.jpg 1920w, https:\/\/template2.orthopediste-lausanne.ch\/wp-content\/uploads\/2026\/03\/lesion_ligament_video-300x169.jpg 300w, https:\/\/template2.orthopediste-lausanne.ch\/wp-content\/uploads\/2026\/03\/lesion_ligament_video-1024x576.jpg 1024w, https:\/\/template2.orthopediste-lausanne.ch\/wp-content\/uploads\/2026\/03\/lesion_ligament_video-768x432.jpg 768w, https:\/\/template2.orthopediste-lausanne.ch\/wp-content\/uploads\/2026\/03\/lesion_ligament_video-1536x864.jpg 1536w, https:\/\/template2.orthopediste-lausanne.ch\/wp-content\/uploads\/2026\/03\/lesion_ligament_video-18x10.jpg 18w, https:\/\/template2.orthopediste-lausanne.ch\/wp-content\/uploads\/2026\/03\/lesion_ligament_video-1170x658.jpg 1170w\" sizes=\"(max-width: 1920px) 100vw, 1920px\" \/>\t\t\t\t\t\t\t\t\t\t\t\t\t\t\t\t<div class=\"elementor-custom-embed-play\" role=\"button\" aria-label=\"Play Video about L\u00e9sion des ligaments\" tabindex=\"0\">\n\t\t\t\t\t\t\t<i aria-hidden=\"true\" class=\"far fa-play-circle\"><\/i>\t\t\t\t\t\t<\/div>\n\t\t\t\t\t\t\t\t\t<\/div>\n\t\t\t\t\t<\/div>\n\t\t\t\t\t\t<\/div>\n\t\t<div class=\"elementor-element elementor-element-23e62e2f e-con-full section_4_bro elementor-hidden-desktop elementor-hidden-tablet elementor-hidden-mobile e-flex e-con e-child \" data-id=\"23e62e2f\" data-element_type=\"container\" data-e-type=\"container\" data-settings=\"{&quot;background_background&quot;:&quot;classic&quot;}\"><div class=\"elementor-element elementor-element-6f77312c e-con-full e-flex e-con e-child \" data-id=\"6f77312c\" data-element_type=\"container\" data-e-type=\"container\">\t\t<div class=\"elementor-element elementor-element-31037087 Section_1_Sous_1_Titre elementor-widget elementor-widget-heading\" data-id=\"31037087\" data-element_type=\"widget\" data-e-type=\"widget\" data-settings=\"{&quot;_animation&quot;:&quot;none&quot;}\" data-widget_type=\"heading.default\">\n\t\t\t\t\t<h4 class=\"elementor-heading-title elementor-size-default\">Vous avez besoin de l'avis d'un sp\u00e9cialiste?\n<\/h4>\t\t\t\t<\/div>\n\t\t\t\t<div class=\"elementor-element elementor-element-4d8cdd2d Section_1_Contenu elementor-widget elementor-widget-text-editor\" data-id=\"4d8cdd2d\" data-element_type=\"widget\" data-e-type=\"widget\" data-widget_type=\"text-editor.default\">\n\t\t\t\t\t\t\t\t\t<p>Consultez un m\u00e9decin du Centre Orthop\u00e9dique d&#8217;Ouchy.<\/p>\t\t\t\t\t\t\t\t<\/div>\n\t\t\t\t<div class=\"elementor-element elementor-element-4bc65695 elementor-align-left ft-gt pxl-icon-list  elementor-widget__width-initial elementor-widget elementor-widget-pxl_button\" data-id=\"4bc65695\" data-element_type=\"widget\" data-e-type=\"widget\" data-widget_type=\"pxl_button.default\">\n\t\t\t\t<div class=\"elementor-widget-container\">\n\t\t\t\t\t<div id=\"pxl-pxl_button-4bc65695-2057\" class=\"pxl-button pxl-atc-link \" data-wow-delay=\"ms\">\r\n    <a href=\"##Brochure_PDF##\" class=\"btn  btn-glossy btn-default  inline pxl-icon--right\" data-wow-delay=\"ms\" data-target=\".pxl-page-popup-template-0\">\r\n                    <i aria-hidden=\"true\" class=\"flaticon flaticon-next\"><\/i>                        <span class=\"pxl--btn-text\" data-text=\"Voir la brochure\">\r\n                        Voir la brochure        <\/span>\r\n    <\/a>\r\n<\/div>\t\t\t\t<\/div>\n\t\t\t\t<\/div>\n\t\t\t\t<\/div>\r\n\t\t<div class=\"elementor-element elementor-element-4533ee1b e-con-full e-flex e-con e-child \" data-id=\"4533ee1b\" data-element_type=\"container\" data-e-type=\"container\">\t\t<div class=\"elementor-element elementor-element-4d07485f section_4_image_bro elementor-widget elementor-widget-image\" data-id=\"4d07485f\" data-element_type=\"widget\" data-e-type=\"widget\" data-widget_type=\"image.default\">\n\t\t\t\t\t\t\t\t\t\t\t\t\t\t\t<img decoding=\"async\" width=\"728\" height=\"1024\" src=\"https:\/\/template2.orthopediste-lausanne.ch\/wp-content\/uploads\/2025\/12\/L_arthrose_de_la_hanche_brochure-13-1-728x1024.jpg\" class=\"attachment-large size-large wp-image-15297\" alt=\"\" srcset=\"https:\/\/template2.orthopediste-lausanne.ch\/wp-content\/uploads\/2025\/12\/L_arthrose_de_la_hanche_brochure-13-1-728x1024.jpg 728w, https:\/\/template2.orthopediste-lausanne.ch\/wp-content\/uploads\/2025\/12\/L_arthrose_de_la_hanche_brochure-13-1-213x300.jpg 213w, https:\/\/template2.orthopediste-lausanne.ch\/wp-content\/uploads\/2025\/12\/L_arthrose_de_la_hanche_brochure-13-1-768x1080.jpg 768w, https:\/\/template2.orthopediste-lausanne.ch\/wp-content\/uploads\/2025\/12\/L_arthrose_de_la_hanche_brochure-13-1-505x710.jpg 505w, https:\/\/template2.orthopediste-lausanne.ch\/wp-content\/uploads\/2025\/12\/L_arthrose_de_la_hanche_brochure-13-1.jpg 834w\" sizes=\"(max-width: 728px) 100vw, 728px\" \/>\t\t\t\t\t\t\t\t\t\t\t\t\t\t\t<\/div>\n\t\t\t\t<\/div>\r\n\t\t\t\t<\/div>\r\n\t\t\t\t<div class=\"elementor-element elementor-element-fe3f435 Section_3_Titre elementor-widget elementor-widget-heading\" data-id=\"fe3f435\" data-element_type=\"widget\" data-e-type=\"widget\" data-settings=\"{&quot;_animation&quot;:&quot;none&quot;}\" data-widget_type=\"heading.default\">\n\t\t\t\t\t<h2 class=\"elementor-heading-title elementor-size-default\">Rupture du LCA<\/h2>\t\t\t\t<\/div>\n\t\t\t\t<div class=\"elementor-element elementor-element-de794ca Section_3_Titre elementor-widget elementor-widget-heading\" data-id=\"de794ca\" data-element_type=\"widget\" data-e-type=\"widget\" data-settings=\"{&quot;_animation&quot;:&quot;none&quot;}\" data-widget_type=\"heading.default\">\n\t\t\t\t\t<h3 class=\"elementor-heading-title elementor-size-default\">Introduction \u2013 \u00c9pid\u00e9miologie<\/h3>\t\t\t\t<\/div>\n\t\t\t\t<div class=\"elementor-element elementor-element-44afdda0 Section_2_Contenu elementor-widget elementor-widget-text-editor\" data-id=\"44afdda0\" data-element_type=\"widget\" data-e-type=\"widget\" data-widget_type=\"text-editor.default\">\n\t\t\t\t\t\t\t\t\t<p class=\"p1\">La d\u00e9chirure du ligament crois\u00e9 ant\u00e9rieur (LCA) est une l\u00e9sion fr\u00e9quente, en pratique sportive. On compte aujourd\u2019hui plus de 3&#8217;000 cas par an en Suisse (plus de 200&#8217;000 aux USA) et ce nombre ne cesse de cro\u00eetre chaque ann\u00e9e. L\u2019incidence est plus \u00e9lev\u00e9e chez la femme. Cette l\u00e9sion survient fr\u00e9quemment lors d\u2019un changement brusque de direction \u00e0 la course ou \u00e0 la r\u00e9ception d\u2019un saut. Les sports les plus concern\u00e9s sont les sports de balle et le ski.<\/p><p class=\"p2\">Chaque cas m\u00e9rite une \u00e9valuation personnalis\u00e9e, un bilan clinique complet et IRM pour d\u00e9terminer le choix du traitement qui n\u2019est pas toujours chirurgical.<\/p>\t\t\t\t\t\t\t\t<\/div>\n\t\t\t\t<div class=\"elementor-element elementor-element-daf6407 Section_3_Titre elementor-widget elementor-widget-heading\" data-id=\"daf6407\" data-element_type=\"widget\" data-e-type=\"widget\" data-settings=\"{&quot;_animation&quot;:&quot;none&quot;}\" data-widget_type=\"heading.default\">\n\t\t\t\t\t<h3 class=\"elementor-heading-title elementor-size-default\">Anatomie<\/h3>\t\t\t\t<\/div>\n\t\t\t\t<div class=\"elementor-element elementor-element-1cf76909 elementor-widget elementor-widget-image\" data-id=\"1cf76909\" data-element_type=\"widget\" data-e-type=\"widget\" data-widget_type=\"image.default\">\n\t\t\t\t\t\t\t\t\t\t\t\t\t\t\t\t<a href=\"https:\/\/template2.orthopediste-lausanne.ch\/wp-content\/uploads\/2026\/05\/Genou-acl-tear.jpg\" data-elementor-open-lightbox=\"yes\" data-elementor-lightbox-title=\"Genou - acl-tear\" data-e-action-hash=\"#elementor-action%3Aaction%3Dlightbox%26settings%3DeyJpZCI6Mjg2MjcsInVybCI6Imh0dHBzOlwvXC90ZW1wbGF0ZTIub3J0aG9wZWRpc3RlLWxhdXNhbm5lLmNoXC93cC1jb250ZW50XC91cGxvYWRzXC8yMDI2XC8wNVwvR2Vub3UtYWNsLXRlYXIuanBnIn0%3D\">\n\t\t\t\t\t\t\t<img decoding=\"async\" src=\"https:\/\/template2.orthopediste-lausanne.ch\/wp-content\/uploads\/elementor\/thumbs\/Genou-acl-tear-rmtfs669ct006cmf1gs5qh6njjonw21skiia0z88hs.jpg\" title=\"Genou \u2013 acl-tear\" alt=\"Genou - acl-tear\" loading=\"lazy\" \/>\t\t\t\t\t\t\t\t<\/a>\n\t\t\t\t\t\t\t\t\t\t\t\t\t\t\t<\/div>\n\t\t\t\t<div class=\"elementor-element elementor-element-4649d6fa Section_2_Contenu elementor-widget elementor-widget-text-editor\" data-id=\"4649d6fa\" data-element_type=\"widget\" data-e-type=\"widget\" data-widget_type=\"text-editor.default\">\n\t\t\t\t\t\t\t\t\t<p class=\"p1\">Les ligaments crois\u00e9s constituent le \u00ab pivot central \u00bb du genou qui contr\u00f4le le centrage de l\u2019articulation dans le mouvement. Les ligaments lat\u00e9raux et les m\u00e9nisques contribuent \u00e0 la stabilisation du genou. Ces structures peuvent aussi \u00eatre l\u00e9s\u00e9es en cas de d\u00e9chirure du LCA et doivent \u00eatre r\u00e9par\u00e9es pour restaurer la pleine fonction du genou.<\/p>\t\t\t\t\t\t\t\t<\/div>\n\t\t\t\t<div class=\"elementor-element elementor-element-03d4e1a Section_3_Titre elementor-widget elementor-widget-heading\" data-id=\"03d4e1a\" data-element_type=\"widget\" data-e-type=\"widget\" data-settings=\"{&quot;_animation&quot;:&quot;none&quot;}\" data-widget_type=\"heading.default\">\n\t\t\t\t\t<h3 class=\"elementor-heading-title elementor-size-default\">Les facteurs de risque<\/h3>\t\t\t\t<\/div>\n\t\t\t\t<div class=\"elementor-element elementor-element-11f7fc2 elementor-widget elementor-widget-image\" data-id=\"11f7fc2\" data-element_type=\"widget\" data-e-type=\"widget\" data-widget_type=\"image.default\">\n\t\t\t\t\t\t\t\t\t\t\t\t\t\t\t\t<a href=\"https:\/\/template2.orthopediste-lausanne.ch\/wp-content\/uploads\/2026\/05\/LCA_02.jpg\" data-elementor-open-lightbox=\"yes\" data-elementor-lightbox-title=\"LCA_02\" data-e-action-hash=\"#elementor-action%3Aaction%3Dlightbox%26settings%3DeyJpZCI6Mjg2MzgsInVybCI6Imh0dHBzOlwvXC90ZW1wbGF0ZTIub3J0aG9wZWRpc3RlLWxhdXNhbm5lLmNoXC93cC1jb250ZW50XC91cGxvYWRzXC8yMDI2XC8wNVwvTENBXzAyLmpwZyJ9\">\n\t\t\t\t\t\t\t<img decoding=\"async\" src=\"https:\/\/template2.orthopediste-lausanne.ch\/wp-content\/uploads\/elementor\/thumbs\/LCA_02-rmtfz9uczqpzwab1kjaokoo14coi1q8s7nyck8p5hc.jpg\" title=\"LCA_02\" alt=\"LCA_02\" loading=\"lazy\" \/>\t\t\t\t\t\t\t\t<\/a>\n\t\t\t\t\t\t\t\t\t\t\t\t\t\t\t<\/div>\n\t\t\t\t<div class=\"elementor-element elementor-element-7e975ff9 Section_2_Contenu elementor-widget elementor-widget-text-editor\" data-id=\"7e975ff9\" data-element_type=\"widget\" data-e-type=\"widget\" data-widget_type=\"text-editor.default\">\n\t\t\t\t\t\t\t\t\t<p class=\"p1\">Les facteurs de risques sont multiples et parfois peu connus comme l&#8217;Hallux Limitus Fonctionnel (www.fhl.science) qui, par une bascule brutale du pied en pronation lors d\u2019un changement de direction, fait pivoter le tibia en rotation interne et expose le LCA \u00e0 la rupture. L&#8217;activit\u00e9 exerc\u00e9e joue \u00e9galement un r\u00f4le important, comme les sports de balle o\u00f9 le LCA est plus expos\u00e9. \u00c0 ski, le pied et la cheville sont immobilis\u00e9s et le genou doit assumer un surplus de contraintes qui se reportent sur le LCA.<\/p><p class=\"p2\">Le manque de condition physique, la fatigue musculaire, l&#8217;absence d&#8217;\u00e9quilibre sont \u00e9galement des facteurs de risque qui exposent le genou ou la cheville \u00e0 des entorses. Un mouvement impr\u00e9visible en fin de partie ou en fin de journ\u00e9e peut provoquer une perte de contr\u00f4le du genou et aboutir \u00e0 une l\u00e9sion du LCA.<\/p>\t\t\t\t\t\t\t\t<\/div>\n\t\t\t\t<div class=\"elementor-element elementor-element-e6e838c Section_3_Titre elementor-widget elementor-widget-heading\" data-id=\"e6e838c\" data-element_type=\"widget\" data-e-type=\"widget\" data-settings=\"{&quot;_animation&quot;:&quot;none&quot;}\" data-widget_type=\"heading.default\">\n\t\t\t\t\t<h3 class=\"elementor-heading-title elementor-size-default\">M\u00e9canisme de la l\u00e9sion<\/h3>\t\t\t\t<\/div>\n\t\t\t\t<div class=\"elementor-element elementor-element-7091f05e Section_2_Contenu elementor-widget elementor-widget-text-editor\" data-id=\"7091f05e\" data-element_type=\"widget\" data-e-type=\"widget\" data-widget_type=\"text-editor.default\">\n\t\t\t\t\t\t\t\t\t<p class=\"p1\">75 % des entorses surviennent lors de traumatismes sans contact. La l\u00e9sion survient principalement lors d&#8217;un changement brusque de direction ou d&#8217;une r\u00e9ception de saut en d\u00e9s\u00e9quilibre. Le pronostic est diff\u00e9rent selon qu&#8217;il s&#8217;agit d&#8217;un traumatisme \u00e0 faible ou haute v\u00e9locit\u00e9 (plus fr\u00e9quent). L&#8217;entorse survient lors d&#8217;une d\u00e9c\u00e9l\u00e9ration brutale associ\u00e9e \u00e0 un changement de direction qui d\u00e9s\u00e9quilibre le genou et provoque une dislocation du tibia en avant du f\u00e9mur qui d\u00e9chire le LCA. Ce mouvement brutal est d\u00fb \u00e0 une bascule du pied en pronation qui entra\u00eene le genou dans une spirale infernale en valgus-rotation tibiale interne, le \u00ab medial collapse \u00bb du genou.<\/p><p class=\"p2\">D&#8217;autres m\u00e9canismes existent, notamment les chocs directs, mais ils sont beaucoup moins fr\u00e9quents. Les l\u00e9sions associ\u00e9es, surtout m\u00e9niscales, sont pr\u00e9sentes une fois sur deux et sont trait\u00e9es simultan\u00e9ment en cas d&#8217;intervention.<\/p>\t\t\t\t\t\t\t\t<\/div>\n\t\t\t\t<div class=\"elementor-element elementor-element-737af3e1 Section_3_Titre elementor-widget elementor-widget-heading\" data-id=\"737af3e1\" data-element_type=\"widget\" data-e-type=\"widget\" data-settings=\"{&quot;_animation&quot;:&quot;none&quot;}\" data-widget_type=\"heading.default\">\n\t\t\t\t\t<h2 class=\"elementor-heading-title elementor-size-default\">Diagnostic<\/h2>\t\t\t\t<\/div>\n\t\t\t\t<div class=\"elementor-element elementor-element-f9edc2e Section_3_Titre elementor-widget elementor-widget-heading\" data-id=\"f9edc2e\" data-element_type=\"widget\" data-e-type=\"widget\" data-settings=\"{&quot;_animation&quot;:&quot;none&quot;}\" data-widget_type=\"heading.default\">\n\t\t\t\t\t<h3 class=\"elementor-heading-title elementor-size-default\">Sympt\u00f4mes<\/h3>\t\t\t\t<\/div>\n\t\t\t\t<div class=\"elementor-element elementor-element-79d2b99f Section_2_Contenu elementor-widget elementor-widget-text-editor\" data-id=\"79d2b99f\" data-element_type=\"widget\" data-e-type=\"widget\" data-widget_type=\"text-editor.default\">\n\t\t\t\t\t\t\t\t\t<p class=\"p1\">La pr\u00e9sence d\u2019un \u00e9panchement important, un craquement au moment de l&#8217;accident ou un sentiment d&#8217;instabilit\u00e9 avec d\u00e9bo\u00eetement de l&#8217;articulation doivent faire suspecter une d\u00e9chirure du LCA. Les autres sympt\u00f4mes sont : l&#8217;obligation d&#8217;interrompre l&#8217;activit\u00e9 en raison des douleurs, l&#8217;impossibilit\u00e9 de plier ou d&#8217;\u00e9tendre compl\u00e8tement le genou, une appr\u00e9hension d\u2019instabilit\u00e9 \u00e0 la marche. Dans les heures qui suivent l\u2019accident, une enflure du genou appara\u00eet fr\u00e9quemment, en raison d&#8217;un saignement \u00e0 l&#8217;int\u00e9rieur de l&#8217;articulation.<\/p>\t\t\t\t\t\t\t\t<\/div>\n\t\t\t\t<div class=\"elementor-element elementor-element-5a42d48 Section_3_Titre elementor-widget elementor-widget-heading\" data-id=\"5a42d48\" data-element_type=\"widget\" data-e-type=\"widget\" data-settings=\"{&quot;_animation&quot;:&quot;none&quot;}\" data-widget_type=\"heading.default\">\n\t\t\t\t\t<h3 class=\"elementor-heading-title elementor-size-default\">Diagnostic clinique<\/h3>\t\t\t\t<\/div>\n\t\t\t\t<div class=\"elementor-element elementor-element-5f83ffa6 Section_2_Contenu elementor-widget elementor-widget-text-editor\" data-id=\"5f83ffa6\" data-element_type=\"widget\" data-e-type=\"widget\" data-widget_type=\"text-editor.default\">\n\t\t\t\t\t\t\t\t\t<p class=\"p1\">L&#8217;examen clinique suffit dans la presque totalit\u00e9 des cas \u00e0 poser le diagnostic d&#8217;une l\u00e9sion du LCA. Cet examen est rendu parfois difficile en urgence en raison de la douleur et de la crispation de la musculature autour du genou. La pr\u00e9sence de sang dans l&#8217;articulation apr\u00e8s une entorse du genou est synonyme de d\u00e9chirure du ligament crois\u00e9 ant\u00e9rieur dans plus de 70 % des cas.<\/p><p class=\"p2\">Des tests sp\u00e9cifiques fiables peuvent confirmer la rupture du LCA. Deux manoeuvres cliniques sont sp\u00e9cifiques : le tiroir ant\u00e9rieur \u00e0 20\u00b0 de flexion appel\u00e9 Lachman test, la manoeuvre du ressaut tibial en avant du f\u00e9mur appel\u00e9e pivot shift ou Losee test.<\/p>\t\t\t\t\t\t\t\t<\/div>\n\t\t\t\t<div class=\"elementor-element elementor-element-66b00ab Section_3_Titre elementor-widget elementor-widget-heading\" data-id=\"66b00ab\" data-element_type=\"widget\" data-e-type=\"widget\" data-settings=\"{&quot;_animation&quot;:&quot;none&quot;}\" data-widget_type=\"heading.default\">\n\t\t\t\t\t<h3 class=\"elementor-heading-title elementor-size-default\">Diagnostic radiologique et IRM<\/h3>\t\t\t\t<\/div>\n\t\t\t\t<div class=\"elementor-element elementor-element-17d9c4e2 Section_2_Contenu elementor-widget elementor-widget-text-editor\" data-id=\"17d9c4e2\" data-element_type=\"widget\" data-e-type=\"widget\" data-widget_type=\"text-editor.default\">\n\t\t\t\t\t\t\t\t\t<p class=\"p1\">Les radiographies du genou sont le plus souvent normales et il faut recourir \u00e0 l\u2019IRM pour voir la l\u00e9sion du LCA. Cet examen permet aussi le diagnostic des l\u00e9sions m\u00e9niscales, ligamentaires ou cartilagineuses associ\u00e9es. Les l\u00e9sions m\u00e9niscales sont pr\u00e9sentes dans plus de la moiti\u00e9 des cas de d\u00e9chirures du ligament crois\u00e9 ant\u00e9rieur.<\/p>\t\t\t\t\t\t\t\t<\/div>\n\t\t\t\t<div class=\"elementor-element elementor-element-1ff68cc9 Section_3_Titre elementor-widget elementor-widget-heading\" data-id=\"1ff68cc9\" data-element_type=\"widget\" data-e-type=\"widget\" data-settings=\"{&quot;_animation&quot;:&quot;none&quot;}\" data-widget_type=\"heading.default\">\n\t\t\t\t\t<h3 class=\"elementor-heading-title elementor-size-default\">Contexte m\u00e9dico-sportif<\/h3>\t\t\t\t<\/div>\n\t\t\t\t<div class=\"elementor-element elementor-element-4dfa0d5d Section_2_Contenu elementor-widget elementor-widget-text-editor\" data-id=\"4dfa0d5d\" data-element_type=\"widget\" data-e-type=\"widget\" data-widget_type=\"text-editor.default\">\n\t\t\t\t\t\t\t\t\t<p class=\"p1\">L&#8217;\u00e9valuation des capacit\u00e9s fonctionnelles individuelles est essentielle pour orienter la prise en charge. Elle comprend un questionnaire type, un bilan de mobilit\u00e9 et de stabilit\u00e9, l&#8217;\u00e9valuation de l\u2019\u00e9tat de sant\u00e9 et des sports pratiqu\u00e9s. Cette \u00e9valuation permet d&#8217;adapter le traitement aux besoins sp\u00e9cifiques de chaque patient et de d\u00e9finir des objectifs de r\u00e9cup\u00e9ration r\u00e9alistes en fonction des attentes et des capacit\u00e9s.<\/p>\t\t\t\t\t\t\t\t<\/div>\n\t\t\t\t<div class=\"elementor-element elementor-element-2e176d46 elementor-widget elementor-widget-image\" data-id=\"2e176d46\" data-element_type=\"widget\" data-e-type=\"widget\" data-widget_type=\"image.default\">\n\t\t\t\t\t\t\t\t\t\t\t\t\t\t\t\t<a href=\"https:\/\/template2.orthopediste-lausanne.ch\/wp-content\/uploads\/2026\/05\/LCA_03.jpg\" data-elementor-open-lightbox=\"yes\" data-elementor-lightbox-title=\"LCA_03\" data-e-action-hash=\"#elementor-action%3Aaction%3Dlightbox%26settings%3DeyJpZCI6Mjg2NDMsInVybCI6Imh0dHBzOlwvXC90ZW1wbGF0ZTIub3J0aG9wZWRpc3RlLWxhdXNhbm5lLmNoXC93cC1jb250ZW50XC91cGxvYWRzXC8yMDI2XC8wNVwvTENBXzAzLmpwZyJ9\">\n\t\t\t\t\t\t\t<img decoding=\"async\" width=\"1024\" height=\"719\" src=\"https:\/\/template2.orthopediste-lausanne.ch\/wp-content\/uploads\/2026\/05\/LCA_03-1024x719.jpg\" class=\"attachment-large size-large wp-image-28643\" alt=\"\" srcset=\"https:\/\/template2.orthopediste-lausanne.ch\/wp-content\/uploads\/2026\/05\/LCA_03-1024x719.jpg 1024w, https:\/\/template2.orthopediste-lausanne.ch\/wp-content\/uploads\/2026\/05\/LCA_03-300x211.jpg 300w, https:\/\/template2.orthopediste-lausanne.ch\/wp-content\/uploads\/2026\/05\/LCA_03-768x539.jpg 768w, https:\/\/template2.orthopediste-lausanne.ch\/wp-content\/uploads\/2026\/05\/LCA_03-18x12.jpg 18w, https:\/\/template2.orthopediste-lausanne.ch\/wp-content\/uploads\/2026\/05\/LCA_03-1011x710.jpg 1011w, https:\/\/template2.orthopediste-lausanne.ch\/wp-content\/uploads\/2026\/05\/LCA_03.jpg 1337w\" sizes=\"(max-width: 1024px) 100vw, 1024px\" \/>\t\t\t\t\t\t\t\t<\/a>\n\t\t\t\t\t\t\t\t\t\t\t\t\t\t\t<\/div>\n\t\t\t\t<div class=\"elementor-element elementor-element-1c6b7dec Section_3_Titre elementor-widget elementor-widget-heading\" data-id=\"1c6b7dec\" data-element_type=\"widget\" data-e-type=\"widget\" data-settings=\"{&quot;_animation&quot;:&quot;none&quot;}\" data-widget_type=\"heading.default\">\n\t\t\t\t\t<h2 class=\"elementor-heading-title elementor-size-default\">Pr\u00e9paration \u00e0 la chirurgie\n<\/h2>\t\t\t\t<\/div>\n\t\t\t\t<div class=\"elementor-element elementor-element-63557a9b Section_3_Titre elementor-widget elementor-widget-heading\" data-id=\"63557a9b\" data-element_type=\"widget\" data-e-type=\"widget\" data-settings=\"{&quot;_animation&quot;:&quot;none&quot;}\" data-widget_type=\"heading.default\">\n\t\t\t\t\t<h3 class=\"elementor-heading-title elementor-size-default\">Pourquoi faut-il op\u00e9rer?<\/h3>\t\t\t\t<\/div>\n\t\t\t\t<div class=\"elementor-element elementor-element-180f9665 Section_2_Contenu elementor-widget elementor-widget-text-editor\" data-id=\"180f9665\" data-element_type=\"widget\" data-e-type=\"widget\" data-widget_type=\"text-editor.default\">\n\t\t\t\t\t\t\t\t\t<p class=\"p1\">Le LCA est un \u00e9l\u00e9ment-cl\u00e9 de la stabilit\u00e9 rotatoire du genou. En cas de l\u00e9sion, un sentiment d&#8217;ins\u00e9curit\u00e9 peut \u00eatre ressenti comme une impression de d\u00e9bo\u00eetement dans certains mouvements ou une appr\u00e9hension \u00e0 la marche (terrain in\u00e9gal, descente des escaliers). Il faut alors reconstruire le ligament crois\u00e9 ant\u00e9rieur pour lever cette instabilit\u00e9 et retrouver confiance dans son genou. Le type d&#8217;activit\u00e9s que le patient souhaite pouvoir poursuivre apr\u00e8s sa d\u00e9chirure ligamentaire doit aussi \u00eatre pris en compte.<\/p><p class=\"p2\">En cas de l\u00e9sions m\u00e9niscales associ\u00e9es, la reconstruction du LCA est n\u00e9cessaire pour assurer la cicatrisation de ces structures apr\u00e8s r\u00e9paration. La chirurgie des m\u00e9nisques est une chirurgie de pr\u00e9servation et non plus de r\u00e9section et doit \u00eatre pratiqu\u00e9e assez vite apr\u00e8s l\u2019accident pour donner de bons r\u00e9sultats.<\/p>\t\t\t\t\t\t\t\t<\/div>\n\t\t\t\t<div class=\"elementor-element elementor-element-4d135f8 Section_3_Titre elementor-widget elementor-widget-heading\" data-id=\"4d135f8\" data-element_type=\"widget\" data-e-type=\"widget\" data-settings=\"{&quot;_animation&quot;:&quot;none&quot;}\" data-widget_type=\"heading.default\">\n\t\t\t\t\t<h3 class=\"elementor-heading-title elementor-size-default\">Inflammation et douleurs du genou<\/h3>\t\t\t\t<\/div>\n\t\t\t\t<div class=\"elementor-element elementor-element-6b3fbbf5 Section_2_Contenu elementor-widget elementor-widget-text-editor\" data-id=\"6b3fbbf5\" data-element_type=\"widget\" data-e-type=\"widget\" data-widget_type=\"text-editor.default\">\n\t\t\t\t\t\t\t\t\t<p class=\"p1\">Les douleurs sont le plus souvent soulag\u00e9es par la prise de m\u00e9dicaments, mais si le genou est tr\u00e8s enfl\u00e9 les douleurs peuvent \u00eatre insupportables. Il faut alors ponctionner le genou pour \u00e9vacuer l\u2019\u00e9panchement sous tension et le soulagement est imm\u00e9diat.<\/p><p class=\"p1\">Plus que la l\u00e9sion du LCA, ce sont souvent les l\u00e9sions associ\u00e9es qui sont douloureuses. La d\u00e9chirure du plan ligamentaire interne notamment peut retarder de plusieurs semaines la reconstruction du LCA car la douleur peut entraver la r\u00e9\u00e9ducation. Il ne faut donc pas se pr\u00e9cipiter et attendre que le genou ait r\u00e9cup\u00e9r\u00e9.<\/p><p class=\"p2\">La marche avec des cannes anglaises est une chose importante car elle permet d\u2019une part de soulager les douleurs et d\u2019autre part de remarcher sans boiterie. Une attelle de genou peut parfois \u00eatre prescrite en cas de l\u00e9sions p\u00e9riph\u00e9riques mais son inconv\u00e9nient est de perturber la r\u00e9cup\u00e9ration du contr\u00f4le musculaire du genou.<\/p>\t\t\t\t\t\t\t\t<\/div>\n\t\t\t\t<div class=\"elementor-element elementor-element-9b78214 Section_3_Titre elementor-widget elementor-widget-heading\" data-id=\"9b78214\" data-element_type=\"widget\" data-e-type=\"widget\" data-settings=\"{&quot;_animation&quot;:&quot;none&quot;}\" data-widget_type=\"heading.default\">\n\t\t\t\t\t<h3 class=\"elementor-heading-title elementor-size-default\">Contr\u00f4le actif du genou<\/h3>\t\t\t\t<\/div>\n\t\t\t\t<div class=\"elementor-element elementor-element-015ca97 elementor-widget elementor-widget-image\" data-id=\"015ca97\" data-element_type=\"widget\" data-e-type=\"widget\" data-widget_type=\"image.default\">\n\t\t\t\t\t\t\t\t\t\t\t\t\t\t\t\t<a href=\"https:\/\/template2.orthopediste-lausanne.ch\/wp-content\/uploads\/2026\/05\/LCA_04.jpg\" data-elementor-open-lightbox=\"yes\" data-elementor-lightbox-title=\"LCA_04\" data-e-action-hash=\"#elementor-action%3Aaction%3Dlightbox%26settings%3DeyJpZCI6Mjg2NDcsInVybCI6Imh0dHBzOlwvXC90ZW1wbGF0ZTIub3J0aG9wZWRpc3RlLWxhdXNhbm5lLmNoXC93cC1jb250ZW50XC91cGxvYWRzXC8yMDI2XC8wNVwvTENBXzA0LmpwZyJ9\">\n\t\t\t\t\t\t\t<img loading=\"lazy\" decoding=\"async\" width=\"790\" height=\"535\" src=\"https:\/\/template2.orthopediste-lausanne.ch\/wp-content\/uploads\/2026\/05\/LCA_04.jpg\" class=\"attachment-large size-large wp-image-28647\" alt=\"\" srcset=\"https:\/\/template2.orthopediste-lausanne.ch\/wp-content\/uploads\/2026\/05\/LCA_04.jpg 790w, https:\/\/template2.orthopediste-lausanne.ch\/wp-content\/uploads\/2026\/05\/LCA_04-300x203.jpg 300w, https:\/\/template2.orthopediste-lausanne.ch\/wp-content\/uploads\/2026\/05\/LCA_04-768x520.jpg 768w, https:\/\/template2.orthopediste-lausanne.ch\/wp-content\/uploads\/2026\/05\/LCA_04-18x12.jpg 18w\" sizes=\"(max-width: 790px) 100vw, 790px\" \/>\t\t\t\t\t\t\t\t<\/a>\n\t\t\t\t\t\t\t\t\t\t\t\t\t\t\t<\/div>\n\t\t\t\t<div class=\"elementor-element elementor-element-6221822d Section_2_Contenu elementor-widget elementor-widget-text-editor\" data-id=\"6221822d\" data-element_type=\"widget\" data-e-type=\"widget\" data-widget_type=\"text-editor.default\">\n\t\t\t\t\t\t\t\t\t<p class=\"p1\">Avant une op\u00e9ration du genou, il est imp\u00e9ratif d&#8217;avoir r\u00e9cup\u00e9r\u00e9 une d\u00e9marche normale et contr\u00f4l\u00e9e par la musculature m\u00eame s&#8217;il persiste un petit d\u00e9ficit d&#8217;extension. L&#8217;op\u00e9ration consiste \u00e0 reconstruire le ligament et non \u00e0 le r\u00e9parer. D\u00e8s lors, comme il s&#8217;agit d&#8217;un geste \u00e9lectif, il ne faut pas pr\u00e9cipiter les choses sauf si des l\u00e9sions graves m\u00e9niscales ou osseuses l&#8217;exigent.<\/p><p class=\"p2\">Le patient ne doit pas \u00eatre livr\u00e9 \u00e0 lui-m\u00eame et une physioth\u00e9rapie est rapidement institu\u00e9e dans le but de garder le contr\u00f4le du genou et la force musculaire. Le programme comprend un traitement local par massage drainant, la r\u00e9\u00e9ducation \u00e0 la marche ainsi que des exercices de stabilisation active du genou et de renforcement musculaire.<\/p><p class=\"p1\">Une attention particuli\u00e8re est donn\u00e9e \u00e0 la musculature et notamment l\u2019inhibition motrice du muscle quadriceps. Cette variable a r\u00e9cemment trouv\u00e9 une place majeure dans la d\u00e9cision op\u00e9ratoire. Si vous pr\u00e9sentez une inhibition motrice, nous pouvons vous proposer un traitement sp\u00e9cial notamment par \u00e9lectrostimulation.<\/p><p class=\"p2\">La qualit\u00e9 de votre pr\u00e9paration et la motivation sont les meilleurs atouts pour une r\u00e9\u00e9ducation facilit\u00e9e et un retour dans les meilleurs d\u00e9lais \u00e0 vos activit\u00e9s.<\/p>\t\t\t\t\t\t\t\t<\/div>\n\t\t\t\t<div class=\"elementor-element elementor-element-1c66b37 Section_3_Titre elementor-widget elementor-widget-heading\" data-id=\"1c66b37\" data-element_type=\"widget\" data-e-type=\"widget\" data-settings=\"{&quot;_animation&quot;:&quot;none&quot;}\" data-widget_type=\"heading.default\">\n\t\t\t\t\t<h2 class=\"elementor-heading-title elementor-size-default\">Op\u00e9ration<\/h2>\t\t\t\t<\/div>\n\t\t\t\t<div class=\"elementor-element elementor-element-9032675 Section_3_Titre elementor-widget elementor-widget-heading\" data-id=\"9032675\" data-element_type=\"widget\" data-e-type=\"widget\" data-settings=\"{&quot;_animation&quot;:&quot;none&quot;}\" data-widget_type=\"heading.default\">\n\t\t\t\t\t<h3 class=\"elementor-heading-title elementor-size-default\">Reconstruction du ligament<\/h3>\t\t\t\t<\/div>\n\t\t\t\t<div class=\"elementor-element elementor-element-4a2f65c Section_2_Contenu elementor-widget elementor-widget-text-editor\" data-id=\"4a2f65c\" data-element_type=\"widget\" data-e-type=\"widget\" data-widget_type=\"text-editor.default\">\n\t\t\t\t\t\t\t\t\t<p class=\"p1\">La r\u00e9paration d&#8217;un ligament crois\u00e9 par suture ou refixation osseuse n&#8217;est malheureusement possible que dans un tr\u00e8s faible pourcentage de cas. Le plus souvent la l\u00e9sion si\u00e8ge en plein coeur du ligament et une suture simple ne suffit pas \u00e0 garantir la stabilit\u00e9 du genou. Une reconstruction ligamentaire est d\u00e8s lors n\u00e9cessaire et plusieurs techniques existent avec des greffons et des modes de fixation diff\u00e9rents, propres \u00e0 chaque chirurgien.<\/p><p class=\"p1\">Le principe de la plastie chirurgicale du LCA consiste \u00e0 reconstruire le ligament crois\u00e9 ant\u00e9rieur par un greffon tendineux (auto ou allogreffe) qui reproduit fid\u00e8lement la tension et la position naturelle du ligament crois\u00e9 ant\u00e9rieur. L&#8217;op\u00e9ration est r\u00e9alis\u00e9e sous contr\u00f4le arthroscopique pour permettre le placement ad\u00e9quat du n\u00e9o-ligament.<\/p><p class=\"p2\">L&#8217;intervention est r\u00e9alis\u00e9e sous anesth\u00e9sie g\u00e9n\u00e9rale ou loco-r\u00e9gionale (rachi-anesth\u00e9sie) avec une antalgie post-op\u00e9ratoire combin\u00e9e (bloc nerveux et m\u00e9dicaments).<\/p>\t\t\t\t\t\t\t\t<\/div>\n\t\t\t\t<div class=\"elementor-element elementor-element-320499f Section_3_Titre elementor-widget elementor-widget-heading\" data-id=\"320499f\" data-element_type=\"widget\" data-e-type=\"widget\" data-settings=\"{&quot;_animation&quot;:&quot;none&quot;}\" data-widget_type=\"heading.default\">\n\t\t\t\t\t<h3 class=\"elementor-heading-title elementor-size-default\">Traitement des l\u00e9sions m\u00e9niscales<\/h3>\t\t\t\t<\/div>\n\t\t\t\t<div class=\"elementor-element elementor-element-5439ad1 elementor-widget elementor-widget-image\" data-id=\"5439ad1\" data-element_type=\"widget\" data-e-type=\"widget\" data-widget_type=\"image.default\">\n\t\t\t\t\t\t\t\t\t\t\t\t\t\t\t\t<a href=\"https:\/\/template2.orthopediste-lausanne.ch\/wp-content\/uploads\/2026\/05\/LCA_05.jpg\" data-elementor-open-lightbox=\"yes\" data-elementor-lightbox-title=\"LCA_05\" data-e-action-hash=\"#elementor-action%3Aaction%3Dlightbox%26settings%3DeyJpZCI6Mjg2NTEsInVybCI6Imh0dHBzOlwvXC90ZW1wbGF0ZTIub3J0aG9wZWRpc3RlLWxhdXNhbm5lLmNoXC93cC1jb250ZW50XC91cGxvYWRzXC8yMDI2XC8wNVwvTENBXzA1LmpwZyJ9\">\n\t\t\t\t\t\t\t<img loading=\"lazy\" decoding=\"async\" width=\"1024\" height=\"719\" src=\"https:\/\/template2.orthopediste-lausanne.ch\/wp-content\/uploads\/2026\/05\/LCA_05-1024x719.jpg\" class=\"attachment-large size-large wp-image-28651\" alt=\"\" srcset=\"https:\/\/template2.orthopediste-lausanne.ch\/wp-content\/uploads\/2026\/05\/LCA_05-1024x719.jpg 1024w, https:\/\/template2.orthopediste-lausanne.ch\/wp-content\/uploads\/2026\/05\/LCA_05-300x211.jpg 300w, https:\/\/template2.orthopediste-lausanne.ch\/wp-content\/uploads\/2026\/05\/LCA_05-768x539.jpg 768w, https:\/\/template2.orthopediste-lausanne.ch\/wp-content\/uploads\/2026\/05\/LCA_05-18x12.jpg 18w, https:\/\/template2.orthopediste-lausanne.ch\/wp-content\/uploads\/2026\/05\/LCA_05-1011x710.jpg 1011w, https:\/\/template2.orthopediste-lausanne.ch\/wp-content\/uploads\/2026\/05\/LCA_05.jpg 1337w\" sizes=\"(max-width: 1024px) 100vw, 1024px\" \/>\t\t\t\t\t\t\t\t<\/a>\n\t\t\t\t\t\t\t\t\t\t\t\t\t\t\t<\/div>\n\t\t\t\t<div class=\"elementor-element elementor-element-c5904db Section_2_Contenu elementor-widget elementor-widget-text-editor\" data-id=\"c5904db\" data-element_type=\"widget\" data-e-type=\"widget\" data-widget_type=\"text-editor.default\">\n\t\t\t\t\t\t\t\t\t<p class=\"p1\">Les m\u00e9nisques sont essentiels pour la stabilit\u00e9 de l&#8217;articulation et la r\u00e9partition des charges \u00e0 la marche. Ils sont donc r\u00e9par\u00e9s en cas de d\u00e9chirure et le pronostic de cicatrisation est favorable en cas de reconstruction simultan\u00e9e du LCA.<\/p>\t\t\t\t\t\t\t\t<\/div>\n\t\t\t\t<div class=\"elementor-element elementor-element-9d679eb Section_3_Titre elementor-widget elementor-widget-heading\" data-id=\"9d679eb\" data-element_type=\"widget\" data-e-type=\"widget\" data-settings=\"{&quot;_animation&quot;:&quot;none&quot;}\" data-widget_type=\"heading.default\">\n\t\t\t\t\t<h3 class=\"elementor-heading-title elementor-size-default\">Gestes compl\u00e9mentaires<\/h3>\t\t\t\t<\/div>\n\t\t\t\t<div class=\"elementor-element elementor-element-8693a88 Section_2_Contenu elementor-widget elementor-widget-text-editor\" data-id=\"8693a88\" data-element_type=\"widget\" data-e-type=\"widget\" data-widget_type=\"text-editor.default\">\n\t\t\t\t\t\t\t\t\t<p class=\"p1\">Certains gestes associ\u00e9s peuvent \u00eatre ajout\u00e9s comme une plastie extra-articulaire compl\u00e9mentaire, une ost\u00e9otomie de r\u00e9alignement ou une correction \u00e0 distance d&#8217;une dysfonction (Hallux Limitus Fonctionnel par exemple). Chaque situation doit \u00eatre \u00e9valu\u00e9e de mani\u00e8re personnalis\u00e9e pour am\u00e9liorer le pronostic.<\/p>\t\t\t\t\t\t\t\t<\/div>\n\t\t\t\t<div class=\"elementor-element elementor-element-eed51d2 Section_3_Titre elementor-widget elementor-widget-heading\" data-id=\"eed51d2\" data-element_type=\"widget\" data-e-type=\"widget\" data-settings=\"{&quot;_animation&quot;:&quot;none&quot;}\" data-widget_type=\"heading.default\">\n\t\t\t\t\t<h3 class=\"elementor-heading-title elementor-size-default\">Visite chez le m\u00e9decin anesth\u00e9siste<\/h3>\t\t\t\t<\/div>\n\t\t\t\t<div class=\"elementor-element elementor-element-13299d7 Section_2_Contenu elementor-widget elementor-widget-text-editor\" data-id=\"13299d7\" data-element_type=\"widget\" data-e-type=\"widget\" data-widget_type=\"text-editor.default\">\n\t\t\t\t\t\t\t\t\t<p class=\"p1\">Avant votre intervention, vous rencontrerez l\u2019un de nos m\u00e9decins anesth\u00e9sistes.<\/p><p class=\"p1\">Lors de cette consultation, il vous posera des questions sur votre \u00e9tat de sant\u00e9 et r\u00e9alisera un examen clinique.<\/p><p class=\"p1\">Vous pourrez \u00e9galement discuter avec lui du type d\u2019anesth\u00e9sie recommand\u00e9 et des mesures mises en place pour vous assurer le meilleur confort possible apr\u00e8s l\u2019op\u00e9ration.<\/p><p class=\"p2\">Plusieurs solutions existent, toutes efficaces et adapt\u00e9es \u00e0 votre situation.<\/p>\t\t\t\t\t\t\t\t<\/div>\n\t\t\t\t<div class=\"elementor-element elementor-element-46279a5 Section_3_Titre elementor-widget elementor-widget-heading\" data-id=\"46279a5\" data-element_type=\"widget\" data-e-type=\"widget\" data-settings=\"{&quot;_animation&quot;:&quot;none&quot;}\" data-widget_type=\"heading.default\">\n\t\t\t\t\t<h2 class=\"elementor-heading-title elementor-size-default\">R\u00e9habilitation et risques<\/h2>\t\t\t\t<\/div>\n\t\t\t\t<div class=\"elementor-element elementor-element-c671199 Section_3_Titre elementor-widget elementor-widget-heading\" data-id=\"c671199\" data-element_type=\"widget\" data-e-type=\"widget\" data-settings=\"{&quot;_animation&quot;:&quot;none&quot;}\" data-widget_type=\"heading.default\">\n\t\t\t\t\t<h3 class=\"elementor-heading-title elementor-size-default\">Principes de r\u00e9habilitation<\/h3>\t\t\t\t<\/div>\n\t\t\t\t<div class=\"elementor-element elementor-element-a949e3c Section_2_Contenu elementor-widget elementor-widget-text-editor\" data-id=\"a949e3c\" data-element_type=\"widget\" data-e-type=\"widget\" data-widget_type=\"text-editor.default\">\n\t\t\t\t\t\t\t\t\t<p class=\"p1\">La r\u00e9habilitation apr\u00e8s une plastie du ligament crois\u00e9 ant\u00e9rieur tient compte des principes biologiques de cicatrisation du transplant tendineux et de la gu\u00e9rison des l\u00e9sions associ\u00e9es. La r\u00e9\u00e9ducation \u00e0 la marche d\u00e9bute le jour m\u00eame de l&#8217;op\u00e9ration, d&#8217;abord en appui partiel puis graduellement en charge compl\u00e8te. La marge de progression de chacun est personnelle et doit \u00eatre respect\u00e9e dans la mesure du possible.<\/p>\t\t\t\t\t\t\t\t<\/div>\n\t\t\t\t<div class=\"elementor-element elementor-element-9e1e25e Section_3_Titre elementor-widget elementor-widget-heading\" data-id=\"9e1e25e\" data-element_type=\"widget\" data-e-type=\"widget\" data-settings=\"{&quot;_animation&quot;:&quot;none&quot;}\" data-widget_type=\"heading.default\">\n\t\t\t\t\t<h3 class=\"elementor-heading-title elementor-size-default\">Premiers jours apr\u00e8s l'op\u00e9ration<\/h3>\t\t\t\t<\/div>\n\t\t\t\t<div class=\"elementor-element elementor-element-47325db Section_2_Contenu elementor-widget elementor-widget-text-editor\" data-id=\"47325db\" data-element_type=\"widget\" data-e-type=\"widget\" data-widget_type=\"text-editor.default\">\n\t\t\t\t\t\t\t\t\t<p class=\"p1\">Glace, drainage, r\u00e9veil musculaire et r\u00e9\u00e9ducation \u00e0 la marche sont au programme. Chacun progresse \u00e0 son rythme en fonction de ses possibilit\u00e9s et du traitement entrepris. Une fois la marche ma\u00eetris\u00e9e dans les escaliers, l\u2019autonomie retrouv\u00e9e et les douleurs contr\u00f4l\u00e9es un retour \u00e0 domicile est envisag\u00e9.<\/p>\t\t\t\t\t\t\t\t<\/div>\n\t\t\t\t<div class=\"elementor-element elementor-element-14e7779 Section_3_Titre elementor-widget elementor-widget-heading\" data-id=\"14e7779\" data-element_type=\"widget\" data-e-type=\"widget\" data-settings=\"{&quot;_animation&quot;:&quot;none&quot;}\" data-widget_type=\"heading.default\">\n\t\t\t\t\t<h3 class=\"elementor-heading-title elementor-size-default\">Retour \u00e0 domicile<\/h3>\t\t\t\t<\/div>\n\t\t\t\t<div class=\"elementor-element elementor-element-3cde7e4 Section_2_Contenu elementor-widget elementor-widget-text-editor\" data-id=\"3cde7e4\" data-element_type=\"widget\" data-e-type=\"widget\" data-widget_type=\"text-editor.default\">\n\t\t\t\t\t\t\t\t\t<p class=\"p1\">\u00c0 votre retour, vous serez en mesure de poursuivre les exercices montr\u00e9s et pratiqu\u00e9s lors de votre s\u00e9jour en clinique et vous irez marcher deux fois par jour au moins 20 minutes en ext\u00e9rieur. Vous aurez \u00e0 disposition une m\u00e9dication anti-inflammatoire, anti-douleur et anti-thrombotique, une ordonnance de physioth\u00e9rapie (les s\u00e9ances devant \u00eatre prises au rythme de deux \u00e0 trois fois par semaine) et un rendez-vous chez votre chirurgien pour r\u00e9fection du pansement, ablation des fils et contr\u00f4le clinique ainsi que le programme d\u00e9taill\u00e9 de votre r\u00e9habilitation.<\/p><p class=\"p2\">\u00c0 domicile, les exercices doivent \u00eatre pratiqu\u00e9s au minimum deux fois par jour dans le cadre d&#8217;une s\u00e9ance qui dure approximativement une heure et dans laquelle tous les exercices sont group\u00e9s. L&#8217;intensit\u00e9 des exercices doit \u00eatre adapt\u00e9e \u00e0 l&#8217;enflure du genou et aux douleurs. Il est imp\u00e9ratif de marcher en \u00e9vitant de boiter en utilisant les cannes \u00e0 cet effet.<\/p>\t\t\t\t\t\t\t\t<\/div>\n\t\t\t\t<div class=\"elementor-element elementor-element-c566b86 Section_3_Titre elementor-widget elementor-widget-heading\" data-id=\"c566b86\" data-element_type=\"widget\" data-e-type=\"widget\" data-settings=\"{&quot;_animation&quot;:&quot;none&quot;}\" data-widget_type=\"heading.default\">\n\t\t\t\t\t<h3 class=\"elementor-heading-title elementor-size-default\">Les \u00e9tapes de votre programme<\/h3>\t\t\t\t<\/div>\n\t\t\t\t<div class=\"elementor-element elementor-element-4bd3492 Section_2_Contenu elementor-widget elementor-widget-text-editor\" data-id=\"4bd3492\" data-element_type=\"widget\" data-e-type=\"widget\" data-widget_type=\"text-editor.default\">\n\t\t\t\t\t\t\t\t\t<p class=\"p1\">Le programme d\u00e9taill\u00e9 des exercices \u00e0 faire et des tests visant \u00e0 assurer la reprise de vos activit\u00e9s dans les meilleures conditions vous sera transmis de semaine en semaine durant votre parcours de r\u00e9\u00e9ducation. Des exercices vous parviendront par mail pour vous permettre de vous entra\u00eener quotidiennement et toute suggestion ou remarque de votre part est bienvenue.<\/p>\t\t\t\t\t\t\t\t<\/div>\n\t\t\t\t<div class=\"elementor-element elementor-element-0df4709 Section_3_Titre elementor-widget elementor-widget-heading\" data-id=\"0df4709\" data-element_type=\"widget\" data-e-type=\"widget\" data-settings=\"{&quot;_animation&quot;:&quot;none&quot;}\" data-widget_type=\"heading.default\">\n\t\t\t\t\t<h3 class=\"elementor-heading-title elementor-size-default\">Infection<\/h3>\t\t\t\t<\/div>\n\t\t\t\t<div class=\"elementor-element elementor-element-81445df Section_2_Contenu elementor-widget elementor-widget-text-editor\" data-id=\"81445df\" data-element_type=\"widget\" data-e-type=\"widget\" data-widget_type=\"text-editor.default\">\n\t\t\t\t\t\t\t\t\t<p class=\"p1\">L&#8217;infection est toujours une complication redoutable en chirurgie orthop\u00e9dique mais heureusement tr\u00e8s rare (inf\u00e9rieure \u00e0 0.5 %). Des mesures particuli\u00e8res sont prises pour limiter au maximum ces risques : l&#8217;antibioth\u00e9rapie syst\u00e9matique pr\u00e9 et postop\u00e9ratoire imm\u00e9diate, des salles d&#8217;op\u00e9rations munies d&#8217;un flux laminaire \u00e0 haut d\u00e9bit, une \u00e9quipe chirurgicale entra\u00een\u00e9e et routini\u00e8re de l&#8217;orthop\u00e9die, une pr\u00e9paration optimale de la peau et une \u00e9valuation soigneuse de votre \u00e9tat de sant\u00e9. En cas de fi\u00e8vre ou de rougeurs locales apparaissant au d\u00e9cours de votre intervention une fois que vous serez rentr\u00e9 \u00e0 domicile, vous devez appeler votre chirurgien sans d\u00e9lai.<\/p>\t\t\t\t\t\t\t\t<\/div>\n\t\t\t\t<div class=\"elementor-element elementor-element-d20ab2f Section_3_Titre elementor-widget elementor-widget-heading\" data-id=\"d20ab2f\" data-element_type=\"widget\" data-e-type=\"widget\" data-settings=\"{&quot;_animation&quot;:&quot;none&quot;}\" data-widget_type=\"heading.default\">\n\t\t\t\t\t<h3 class=\"elementor-heading-title elementor-size-default\">Thrombose veineuse et embolie pulmonaire<\/h3>\t\t\t\t<\/div>\n\t\t\t\t<div class=\"elementor-element elementor-element-cff96fe Section_2_Contenu elementor-widget elementor-widget-text-editor\" data-id=\"cff96fe\" data-element_type=\"widget\" data-e-type=\"widget\" data-widget_type=\"text-editor.default\">\n\t\t\t\t\t\t\t\t\t<p class=\"p1\">La thrombose veineuse est caract\u00e9ris\u00e9e par l&#8217;occlusion d&#8217;une veine par un caillot (thrombus) qui va emp\u00eacher le retour du sang par le coeur. Si le caillot migre, il peut obstruer \u00e0 son tour les vaisseaux pulmonaires, synonyme d&#8217;embolie pulmonaire. Pour minimiser ces risques, le garrot n&#8217;est pas utilis\u00e9 durant votre intervention, une pr\u00e9vention par injections sous-cutan\u00e9es d&#8217;h\u00e9parine \u00e0 bas poids mol\u00e9culaire est utilis\u00e9e et la r\u00e9\u00e9ducation \u00e0 la marche intervient le plus t\u00f4t possible. Une prophylaxie anti-thromboembolique sera prescrite pendant cinq \u00e0 dix jours \u00e0 dater de votre intervention. Si vous pr\u00e9sentez des douleurs au mollet ou un aspect tendu de celui-ci durant la phase postop\u00e9ratoire \u00e0 domicile, vous devez appeler votre chirurgien sans d\u00e9lai.<\/p>\t\t\t\t\t\t\t\t<\/div>\n\t\t\t\t<div class=\"elementor-element elementor-element-4391a20 Section_3_Titre elementor-widget elementor-widget-heading\" data-id=\"4391a20\" data-element_type=\"widget\" data-e-type=\"widget\" data-settings=\"{&quot;_animation&quot;:&quot;none&quot;}\" data-widget_type=\"heading.default\">\n\t\t\t\t\t<h3 class=\"elementor-heading-title elementor-size-default\">L\u00e9sions nerveuses<\/h3>\t\t\t\t<\/div>\n\t\t\t\t<div class=\"elementor-element elementor-element-e25028e Section_2_Contenu elementor-widget elementor-widget-text-editor\" data-id=\"e25028e\" data-element_type=\"widget\" data-e-type=\"widget\" data-widget_type=\"text-editor.default\">\n\t\t\t\t\t\t\t\t\t<p class=\"p1\">Il est possible en postop\u00e9ratoire que vous constatiez une diminution de la sensibilit\u00e9 sur la partie sup\u00e9rieure du tibia (proximal) en relation avec un \u00e9tirement d&#8217;une branche nerveuse superficielle. L&#8217;incision est en effet pratiqu\u00e9e au voisinage d&#8217;une branche sensitive qui peut \u00eatre \u00e9tir\u00e9e au moment de l&#8217;intervention. Habituellement, la sensibilit\u00e9 revient apr\u00e8s plusieurs semaines. Plus rarement, un n\u00e9vrome peut \u00eatre source de douleurs persistantes.<\/p>\t\t\t\t\t\t\t\t<\/div>\n\t\t\t\t<div class=\"elementor-element elementor-element-7a1c0de Section_3_Titre elementor-widget elementor-widget-heading\" data-id=\"7a1c0de\" data-element_type=\"widget\" data-e-type=\"widget\" data-settings=\"{&quot;_animation&quot;:&quot;none&quot;}\" data-widget_type=\"heading.default\">\n\t\t\t\t\t<h3 class=\"elementor-heading-title elementor-size-default\">Limitation fonctionnelle<\/h3>\t\t\t\t<\/div>\n\t\t\t\t<div class=\"elementor-element elementor-element-5cb283f Section_2_Contenu elementor-widget elementor-widget-text-editor\" data-id=\"5cb283f\" data-element_type=\"widget\" data-e-type=\"widget\" data-widget_type=\"text-editor.default\">\n\t\t\t\t\t\t\t\t\t<p class=\"p1\">Le genou peut garder une certaine raideur apr\u00e8s l\u2019op\u00e9ration et ne pas r\u00e9cup\u00e9rer toute son amplitude articulaire. Cela peut \u00eatre d\u00fb \u00e0 une sid\u00e9ration musculaire, \u00e0 l&#8217;apparition de tissu cicatriciel ou \u00e0 des adh\u00e9rences dans le genou. Le traitement doit \u00eatre pr\u00e9ventif et est aujourd&#8217;hui bien codifi\u00e9.<\/p>\t\t\t\t\t\t\t\t<\/div>\n\t\t\t\t<div class=\"elementor-element elementor-element-fcf28e3 Section_3_Titre elementor-widget elementor-widget-heading\" data-id=\"fcf28e3\" data-element_type=\"widget\" data-e-type=\"widget\" data-settings=\"{&quot;_animation&quot;:&quot;none&quot;}\" data-widget_type=\"heading.default\">\n\t\t\t\t\t<h2 class=\"elementor-heading-title elementor-size-default\">Sp\u00e9cificit\u00e9s Medicol<\/h2>\t\t\t\t<\/div>\n\t\t\t\t<div class=\"elementor-element elementor-element-307dfab Section_3_Titre elementor-widget elementor-widget-heading\" data-id=\"307dfab\" data-element_type=\"widget\" data-e-type=\"widget\" data-settings=\"{&quot;_animation&quot;:&quot;none&quot;}\" data-widget_type=\"heading.default\">\n\t\t\t\t\t<h3 class=\"elementor-heading-title elementor-size-default\">R\u00e9\u00e9ducation active<\/h3>\t\t\t\t<\/div>\n\t\t\t\t<div class=\"elementor-element elementor-element-541e749 Section_2_Contenu elementor-widget elementor-widget-text-editor\" data-id=\"541e749\" data-element_type=\"widget\" data-e-type=\"widget\" data-widget_type=\"text-editor.default\">\n\t\t\t\t\t\t\t\t\t<p class=\"p1\">Le programme de r\u00e9\u00e9ducation sp\u00e9cifique \u00e0 Medicol a pour but de vous informer et de vous donner les moyens de participer avec l&#8217;\u00e9quipe soignante au succ\u00e8s de votre intervention. Ce programme repose sur un accompagnement rapproch\u00e9 durant la phase qui pr\u00e9c\u00e8de votre hospitalisation, pendant votre s\u00e9jour \u00e0 la clinique et \u00e0 votre retour \u00e0 domicile.<\/p><p class=\"p2\">Le but essentiel de ce programme est que vous vous sentiez en confiance durant le parcours de r\u00e9habilitation et que les \u00e9tapes fix\u00e9es pour votre progression paraissent accessibles en toute s\u00e9curit\u00e9. Trouvez votre allure de croisi\u00e8re et progressez \u00e0 votre rythme et sans douleurs avec l\u2019aide de votre th\u00e9rapeute.<\/p>\t\t\t\t\t\t\t\t<\/div>\n\t\t\t\t<div class=\"elementor-element elementor-element-5327930 Section_3_Titre elementor-widget elementor-widget-heading\" data-id=\"5327930\" data-element_type=\"widget\" data-e-type=\"widget\" data-settings=\"{&quot;_animation&quot;:&quot;none&quot;}\" data-widget_type=\"heading.default\">\n\t\t\t\t\t<h3 class=\"elementor-heading-title elementor-size-default\">Votre parcours<\/h3>\t\t\t\t<\/div>\n\t\t\t\t<div class=\"elementor-element elementor-element-5eab3b5 Section_2_Contenu elementor-widget elementor-widget-text-editor\" data-id=\"5eab3b5\" data-element_type=\"widget\" data-e-type=\"widget\" data-widget_type=\"text-editor.default\">\n\t\t\t\t\t\t\t\t\t<p class=\"p1\">Apr\u00e8s la consultation du chirurgien au cours de laquelle l\u2019op\u00e9ration est agend\u00e9e, une consultation par un m\u00e9decin-assistant est pr\u00e9vue pour discuter des informations re\u00e7ues, v\u00e9rifier que tout est bien compris et organis\u00e9. Vous pourrez alors poser toutes les questions encore en attente de r\u00e9ponse. Lors de cet entretien, un questionnaire est consign\u00e9 dans votre dossier avec les donn\u00e9es sp\u00e9cifiques de l\u2019examen clinique. Le recueil de ces donn\u00e9es a pour but d&#8217;\u00e9valuer vos attentes et de les corr\u00e9ler avec vos capacit\u00e9s pour assurer une prise en charge optimis\u00e9e et personnalis\u00e9e.<\/p>\t\t\t\t\t\t\t\t<\/div>\n\t\t\t\t<div class=\"elementor-element elementor-element-723da01 Section_3_Titre elementor-widget elementor-widget-heading\" data-id=\"723da01\" data-element_type=\"widget\" data-e-type=\"widget\" data-settings=\"{&quot;_animation&quot;:&quot;none&quot;}\" data-widget_type=\"heading.default\">\n\t\t\t\t\t<h3 class=\"elementor-heading-title elementor-size-default\">Retour au sport<\/h3>\t\t\t\t<\/div>\n\t\t\t\t<div class=\"elementor-element elementor-element-0c542ad Section_2_Contenu elementor-widget elementor-widget-text-editor\" data-id=\"0c542ad\" data-element_type=\"widget\" data-e-type=\"widget\" data-widget_type=\"text-editor.default\">\n\t\t\t\t\t\t\t\t\t<p class=\"p1\">La reprise du sport s\u2019effectue par palier en fin et en cours de r\u00e9habilitation. Au pr\u00e9alable, il faut reprendre le contr\u00f4le du genou dans des activit\u00e9s de plus en plus sollicitantes et retrouver une bonne force musculaire. Durant votre parcours en physioth\u00e9rapie, plusieurs tests de passage seront effectu\u00e9s pour constater vos progr\u00e8s et vous faire progresser \u00e0 votre rythme.<\/p><p class=\"p1\">Les activit\u00e9s dans lesquelles vous vous sentez \u00e0 l&#8217;aise sont privil\u00e9gi\u00e9es. Le but essentiel est de r\u00e9cup\u00e9rer une d\u00e9marche harmonieuse, \u00e9quilibr\u00e9e et sans boiterie. Gardez les cannes suffisamment longtemps pour arriver \u00e0 marcher sans boiter au moment o\u00f9 vous les abandonnerez. L\u00e2cher les cannes n&#8217;est pas un d\u00e9fi, ce sont vos amies qui vous aident \u00e0 retrouver vos marques et \u00e0 marcher juste.<\/p><p class=\"p2\">La reprise sportive s&#8217;effectue par \u00e9tapes : elle d\u00e9bute par la reprise du v\u00e9lo, du ski de fond et du nordic walking apr\u00e8s six semaines. Deux mois et demi apr\u00e8s l&#8217;intervention, un programme d&#8217;entra\u00eenement sp\u00e9cifique peut d\u00e9j\u00e0 \u00eatre propos\u00e9 selon le sport pratiqu\u00e9. Avant de reprendre des sports de pivot-contact (d\u00e9marrages, freinages brusques, contacts et changements de direction) tels que le badminton, le squash, le tennis, le football, le basket-ball, le hockey sur glace, le ski etc., nous vous conseillons une phase de retour progressif au sport par des exercices de mime : retour au bord du terrain, pour r\u00e9p\u00e9ter des s\u00e9quences de votre pratique sportive, sans contact, \u00e0 vitesse progressivement croissante.<\/p>\t\t\t\t\t\t\t\t<\/div>\n\t\t\t\t<div class=\"elementor-element elementor-element-2b78fed8 Section_3_Titre elementor-widget elementor-widget-heading\" data-id=\"2b78fed8\" data-element_type=\"widget\" data-e-type=\"widget\" data-settings=\"{&quot;_animation&quot;:&quot;none&quot;}\" data-widget_type=\"heading.default\">\n\t\t\t\t\t<h2 class=\"elementor-heading-title elementor-size-default\">Questions fr\u00e9quentes<\/h2>\t\t\t\t<\/div>\n\t\t\t\t<div class=\"elementor-element elementor-element-524276f5 faq_pathologie elementor-widget-mobile__width-inherit elementor-widget elementor-widget-pxl_accordion\" data-id=\"524276f5\" data-element_type=\"widget\" data-e-type=\"widget\" data-widget_type=\"pxl_accordion.default\">\n\t\t\t\t<div class=\"elementor-widget-container\">\n\t\t\t\t\t    <div class=\"pxl-accordion pxl-accordion1 style1 \" data-wow-delay=\"ms\">\r\n                    <div class=\"pxl--item  active \">\r\n                                \r\n                <h5 class=\"pxl-accordion--title\" data-target=\"#pxl_accordion-524276f5-8205-98960d6\">\r\n                                <span class=\"pxl-title--text pxl-pr-20\">Quelle cicatrice je vais avoir?<\/span>\r\n\r\n                <i class=\"pxl-icon--plus pxl-r-9\"><\/i> \r\n\r\n                \r\n                <\/h5>\r\n                <div id=\"pxl_accordion-524276f5-8205-98960d6\" class=\"pxl-accordion--content\" style=\"display: block;\">\r\n                    3 incisions sont n\u00e9cessaires pour l\u2019arthroscopie, une incision de 3cm pour le pr\u00e9l\u00e8vement du greffon et son placement \u00e0 l\u2019int\u00e9rieur du genou.<br \/>\n                <\/div>\r\n                                            <\/div>\r\n                    <div class=\"pxl--item   \">\r\n                                \r\n                <h5 class=\"pxl-accordion--title\" data-target=\"#pxl_accordion-524276f5-8205-f5ba80f\">\r\n                                <span class=\"pxl-title--text pxl-pr-20\">Quels sports pourrai-je pratiquer apr\u00e8s mon intervention?<\/span>\r\n\r\n                <i class=\"pxl-icon--plus pxl-r-9\"><\/i> \r\n\r\n                \r\n                <\/h5>\r\n                <div id=\"pxl_accordion-524276f5-8205-f5ba80f\" class=\"pxl-accordion--content\" >\r\n                    La reprise sportive s\u2019effectue par \u00e9tapes: elle d\u00e9bute par la reprise du v\u00e9lo, du ski de fond et du nordic walking apr\u00e8s 6 semaines. Deux mois et demi apr\u00e8s l\u2019intervention, un programme d\u2019entra\u00eenement sp\u00e9cifique peut d\u00e9j\u00e0 \u00eatre propos\u00e9 selon le sport pratiqu\u00e9. Le retour \u00e0 la comp\u00e9tition s\u2019effectue entre le 4\u00e8me et le 6\u00e8me mois postop\u00e9ratoire selon le sport et la condition physique du patient.<br \/>\n                <\/div>\r\n                                            <\/div>\r\n                    <div class=\"pxl--item   \">\r\n                                \r\n                <h5 class=\"pxl-accordion--title\" data-target=\"#pxl_accordion-524276f5-8205-e1b7c4f\">\r\n                                <span class=\"pxl-title--text pxl-pr-20\">Combien de temps devrai-je porter une attelle?<\/span>\r\n\r\n                <i class=\"pxl-icon--plus pxl-r-9\"><\/i> \r\n\r\n                \r\n                <\/h5>\r\n                <div id=\"pxl_accordion-524276f5-8205-e1b7c4f\" class=\"pxl-accordion--content\" >\r\n                    En cas de l\u00e9sion isol\u00e9e du ligament crois\u00e9 ant\u00e9rieur une attelle n\u2019est g\u00e9n\u00e9ralement pas n\u00e9cessaire.<br \/>\n                <\/div>\r\n                                            <\/div>\r\n                    <div class=\"pxl--item   \">\r\n                                \r\n                <h5 class=\"pxl-accordion--title\" data-target=\"#pxl_accordion-524276f5-8205-69cbd4e\">\r\n                                <span class=\"pxl-title--text pxl-pr-20\">Combien de temps devrai-je utiliser des cannes anglaises?<\/span>\r\n\r\n                <i class=\"pxl-icon--plus pxl-r-9\"><\/i> \r\n\r\n                \r\n                <\/h5>\r\n                <div id=\"pxl_accordion-524276f5-8205-69cbd4e\" class=\"pxl-accordion--content\" >\r\n                    Le port des cannes anglaises est n\u00e9cessaire jusqu\u2019\u00e0 r\u00e9cup\u00e9ration de l'extension compl\u00e8te du genou et d\u2019une d\u00e9marche sym\u00e9trique sans boiterie. La d\u00e9marche doit \u00eatre harmonieuse au moment o\u00f9 on l\u00e2che les cannes anglaises et il ne faut en aucun cas passer au port d\u2019une seule canne anglaise.<br \/>\n                <\/div>\r\n                                            <\/div>\r\n                    <div class=\"pxl--item   \">\r\n                                \r\n                <h5 class=\"pxl-accordion--title\" data-target=\"#pxl_accordion-524276f5-8205-3e685f7\">\r\n                                <span class=\"pxl-title--text pxl-pr-20\">Combien de temps met le processus de gu\u00e9rison pour int\u00e9grer le nouveau ligament?<\/span>\r\n\r\n                <i class=\"pxl-icon--plus pxl-r-9\"><\/i> \r\n\r\n                \r\n                <\/h5>\r\n                <div id=\"pxl_accordion-524276f5-8205-3e685f7\" class=\"pxl-accordion--content\" >\r\n                    L\u2019int\u00e9gration de la greffe tendineuse dans les tunnels osseux prend environ 4 semaines. A ce moment-l\u00e0, le point de faiblesse ne se situe plus \u00e0 la jonction tendon-os mais au milieu de la greffe elle-m\u00eame. La r\u00e9habilitation tient compte de ces param\u00e8tres biologiques de cicatrisation et de gu\u00e9rison et il convient de respecter les \u00e9tapes.<br \/>\n                <\/div>\r\n                                            <\/div>\r\n                    <div class=\"pxl--item   \">\r\n                                \r\n                <h5 class=\"pxl-accordion--title\" data-target=\"#pxl_accordion-524276f5-8205-5fa2efb\">\r\n                                <span class=\"pxl-title--text pxl-pr-20\">Quand pourrai-je prendre une douche?<\/span>\r\n\r\n                <i class=\"pxl-icon--plus pxl-r-9\"><\/i> \r\n\r\n                \r\n                <\/h5>\r\n                <div id=\"pxl_accordion-524276f5-8205-5fa2efb\" class=\"pxl-accordion--content\" >\r\n                    Les pansements appliqu\u00e9s sont des pansements plastifi\u00e9s imperm\u00e9ables qui vous permettent de prendre une douche d\u00e8s votre retour \u00e0 la maison.<br \/>\n                <\/div>\r\n                                            <\/div>\r\n                    <div class=\"pxl--item   \">\r\n                                \r\n                <h5 class=\"pxl-accordion--title\" data-target=\"#pxl_accordion-524276f5-8205-e495c59\">\r\n                                <span class=\"pxl-title--text pxl-pr-20\">Quand pourrai-je conduire?<\/span>\r\n\r\n                <i class=\"pxl-icon--plus pxl-r-9\"><\/i> \r\n\r\n                \r\n                <\/h5>\r\n                <div id=\"pxl_accordion-524276f5-8205-e495c59\" class=\"pxl-accordion--content\" >\r\n                    S\u2019il s\u2019agit du genou gauche, vous pourrez imm\u00e9diatement conduire une voiture automatique et apr\u00e8s 3 semaines conduire une voiture normale.<br \/>\n                <\/div>\r\n                                            <\/div>\r\n            <\/div>\r\n    \t\t\t\t<\/div>\n\t\t\t\t<\/div>\n\t\t            <\/div>\r\n        <\/div>\r\n                <div class=\"elementor-column elementor-col-50 elementor-top-column elementor-element elementor-element-2faa960d pxl-column-sticky pxl-column-overflow-hidden-no\" data-id=\"2faa960d\" data-element_type=\"column\" data-e-type=\"column\">\r\n        <div class=\"elementor-widget-wrap elementor-element-populated\">\r\n                     \r\n                <section class=\"elementor-section elementor-inner-section elementor-element elementor-element-5188ebd4 section_4_colonne_d_bloc_1 elementor-section-boxed elementor-section-height-default elementor-section-height-default pxl-row-scroll-none pxl-zoom-point-false pxl-section-overflow-visible pxl-section-fix-none pxl-bg-color-none pxl-section-overlay-none\" data-id=\"5188ebd4\" data-element_type=\"section\" data-e-type=\"section\" data-settings=\"{&quot;background_background&quot;:&quot;classic&quot;}\">\n\n                \n                <div class=\"elementor-container elementor-column-gap-default \">\n                <div class=\"elementor-column elementor-col-100 elementor-inner-column elementor-element elementor-element-39d22fcb section_4_colonne_d_bloc_1 pxl-column-none pxl-column-overflow-hidden-no\" data-id=\"39d22fcb\" data-element_type=\"column\" data-e-type=\"column\" data-settings=\"{&quot;background_background&quot;:&quot;classic&quot;}\">\r\n        <div class=\"elementor-widget-wrap elementor-element-populated\">\r\n                     \r\n        \t\t<div class=\"elementor-element elementor-element-4be7425b elementor-toc--content-ellipsis elementor-widget__width-inherit section_4_colonne_d_bloc_1_TOC elementor-toc--minimized-on-tablet elementor-widget elementor-widget-table-of-contents\" data-id=\"4be7425b\" data-element_type=\"widget\" data-e-type=\"widget\" data-settings=\"{&quot;headings_by_tags&quot;:[&quot;h2&quot;],&quot;exclude_headings_by_selector&quot;:[],&quot;marker_view&quot;:&quot;bullets&quot;,&quot;no_headings_message&quot;:&quot;No headings were found on this page.&quot;,&quot;collapse_subitems&quot;:&quot;yes&quot;,&quot;icon&quot;:{&quot;value&quot;:&quot;&quot;,&quot;library&quot;:&quot;&quot;},&quot;minimize_box&quot;:&quot;yes&quot;,&quot;minimized_on&quot;:&quot;tablet&quot;,&quot;hierarchical_view&quot;:&quot;yes&quot;,&quot;min_height&quot;:{&quot;unit&quot;:&quot;px&quot;,&quot;size&quot;:&quot;&quot;,&quot;sizes&quot;:[]},&quot;min_height_tablet&quot;:{&quot;unit&quot;:&quot;px&quot;,&quot;size&quot;:&quot;&quot;,&quot;sizes&quot;:[]},&quot;min_height_mobile&quot;:{&quot;unit&quot;:&quot;px&quot;,&quot;size&quot;:&quot;&quot;,&quot;sizes&quot;:[]}}\" data-widget_type=\"table-of-contents.default\">\n\t\t\t\t\t\t\t\t\t<div class=\"elementor-toc__header\">\n\t\t\t\t\t\t<h4 class=\"elementor-toc__header-title\">\n\t\t\t\tSommaire\t\t\t<\/h4>\n\t\t\t\t\t\t\t\t\t\t<div class=\"elementor-toc__toggle-button elementor-toc__toggle-button--expand\" role=\"button\" tabindex=\"0\" aria-controls=\"elementor-toc__4be7425b\" aria-expanded=\"true\" aria-label=\"Open table of contents\"><i aria-hidden=\"true\" class=\"fas fa-chevron-down\"><\/i><\/div>\n\t\t\t\t<div class=\"elementor-toc__toggle-button elementor-toc__toggle-button--collapse\" role=\"button\" tabindex=\"0\" aria-controls=\"elementor-toc__4be7425b\" aria-expanded=\"true\" aria-label=\"Close table of contents\"><i aria-hidden=\"true\" class=\"fas fa-chevron-up\"><\/i><\/div>\n\t\t\t\t\t<\/div>\n\t\t\t\t<div id=\"elementor-toc__4be7425b\" class=\"elementor-toc__body elementor-toc__list-items--collapsible\">\n\t\t\t<div class=\"elementor-toc__spinner-container\">\n\t\t\t\t<i class=\"elementor-toc__spinner eicon-animation-spin eicon-loading\" aria-hidden=\"true\"><\/i>\t\t\t<\/div>\n\t\t<\/div>\n\t\t\t\t\t\t<\/div>\n\t\t            <\/div>\r\n        <\/div>\r\n        \t\t\t<\/div>\n\t\t<\/section>\n\t\t\t\t<div class=\"elementor-element elementor-element-59504ff elementor-widget elementor-widget-shortcode\" data-id=\"59504ff\" data-element_type=\"widget\" data-e-type=\"widget\" data-widget_type=\"shortcode.default\">\n\t\t\t\t\t\t\t<div class=\"elementor-shortcode\">\t\t<div data-elementor-type=\"section\" data-elementor-id=\"18317\" class=\"elementor elementor-18317\" data-elementor-post-type=\"elementor_library\">\n\t\t\t        <section class=\"elementor-section elementor-inner-section elementor-element elementor-element-129a4856 section_4_colonne_d_bloc_2 elementor-section-boxed elementor-section-height-default elementor-section-height-default pxl-row-scroll-none pxl-zoom-point-false pxl-section-overflow-visible pxl-section-fix-none pxl-bg-color-none pxl-section-overlay-none\" data-id=\"129a4856\" data-element_type=\"section\" data-e-type=\"section\" data-settings=\"{&quot;background_background&quot;:&quot;classic&quot;}\">\n\n                \n                <div class=\"elementor-container elementor-column-gap-default \">\n                <div class=\"elementor-column elementor-col-100 elementor-inner-column elementor-element elementor-element-211c6366 section_4_colonne_d_bloc_2 pxl-column-none pxl-column-overflow-hidden-no\" data-id=\"211c6366\" data-element_type=\"column\" data-e-type=\"column\" data-settings=\"{&quot;background_background&quot;:&quot;classic&quot;}\">\r\n        <div class=\"elementor-widget-wrap elementor-element-populated\">\r\n                     \r\n        \t\t<div class=\"elementor-element elementor-element-2fd71dc1 elementor-hidden-desktop elementor-hidden-tablet elementor-hidden-mobile elementor-widget elementor-widget-image\" data-id=\"2fd71dc1\" data-element_type=\"widget\" data-e-type=\"widget\" data-widget_type=\"image.default\">\n\t\t\t\t\t\t\t\t\t\t\t\t\t\t\t<img loading=\"lazy\" decoding=\"async\" width=\"400\" height=\"52\" src=\"https:\/\/template2.orthopediste-lausanne.ch\/wp-content\/uploads\/2024\/10\/logo_coo_v2.png\" class=\"attachment-large size-large wp-image-23936\" alt=\"Centre Orthop\u00e9dique d&apos;Ouchy \u00e0 Lausanne\" srcset=\"https:\/\/template2.orthopediste-lausanne.ch\/wp-content\/uploads\/2024\/10\/logo_coo_v2.png 400w, https:\/\/template2.orthopediste-lausanne.ch\/wp-content\/uploads\/2024\/10\/logo_coo_v2-300x39.png 300w, https:\/\/template2.orthopediste-lausanne.ch\/wp-content\/uploads\/2024\/10\/logo_coo_v2-18x2.png 18w\" sizes=\"(max-width: 400px) 100vw, 400px\" \/>\t\t\t\t\t\t\t\t\t\t\t\t\t\t\t<\/div>\n\t\t\t\t<div class=\"elementor-element elementor-element-908bdf9 elementor-widget elementor-widget-heading\" data-id=\"908bdf9\" data-element_type=\"widget\" data-e-type=\"widget\" data-widget_type=\"heading.default\">\n\t\t\t\t\t<h2 class=\"elementor-heading-title elementor-size-default\">Besoin d'un avis m\u00e9dical?<\/h2>\t\t\t\t<\/div>\n\t\t\t\t<div class=\"elementor-element elementor-element-40a030e elementor-widget elementor-widget-heading\" data-id=\"40a030e\" data-element_type=\"widget\" data-e-type=\"widget\" data-widget_type=\"heading.default\">\n\t\t\t\t\t<h2 class=\"elementor-heading-title elementor-size-default\">Les m\u00e9decins du Centre Orthop\u00e9dique d'Ouchy sont \u00e0 votre disposition<\/h2>\t\t\t\t<\/div>\n\t\t\t\t<div class=\"elementor-element elementor-element-56bff6d8 elementor-widget elementor-widget-pxl_icon_box\" data-id=\"56bff6d8\" data-element_type=\"widget\" data-e-type=\"widget\" data-widget_type=\"pxl_icon_box.default\">\n\t\t\t\t<div class=\"elementor-widget-container\">\n\t\t\t\t\t<div class=\"pxl-icon-box pxl-icon-box1 style-1 ani3 \" data-wow-delay=\"ms\">\r\n    <div class=\"pxl-item--inner\">\r\n        \r\n                            <div class=\"pxl-item--icon\">\r\n                                    <svg xmlns=\"http:\/\/www.w3.org\/2000\/svg\" width=\"32\" height=\"32\" fill=\"#000000\" viewBox=\"0 0 256 256\"><path d=\"M128,64a40,40,0,1,0,40,40A40,40,0,0,0,128,64Zm0,64a24,24,0,1,1,24-24A24,24,0,0,1,128,128Zm0-112a88.1,88.1,0,0,0-88,88c0,31.4,14.51,64.68,42,96.25a254.19,254.19,0,0,0,41.45,38.3,8,8,0,0,0,9.18,0A254.19,254.19,0,0,0,174,200.25c27.45-31.57,42-64.85,42-96.25A88.1,88.1,0,0,0,128,16Zm0,206c-16.53-13-72-60.75-72-118a72,72,0,0,1,144,0C200,161.23,144.53,209,128,222Z\"><\/path><\/svg>                                <\/div>\r\n                        <div class=\"pxl-item--meta\">\r\n            <p class=\"pxl-item--title el-empty\">\r\n                             <a >\r\n                        Adresse                             <\/a>\r\n                        <\/p>\r\n            <div class=\"pxl-item--description el-empty\">Avenue d\u2019Ouchy 41<br>\n1006 Lausanne<\/div>\r\n        <\/div>\r\n    <\/div>\r\n<\/div>\t\t\t\t<\/div>\n\t\t\t\t<\/div>\n\t\t\t\t<div class=\"elementor-element elementor-element-c915315 elementor-widget elementor-widget-pxl_icon_box\" data-id=\"c915315\" data-element_type=\"widget\" data-e-type=\"widget\" data-widget_type=\"pxl_icon_box.default\">\n\t\t\t\t<div class=\"elementor-widget-container\">\n\t\t\t\t\t<div class=\"pxl-icon-box pxl-icon-box1 style-1 ani3 \" data-wow-delay=\"ms\">\r\n    <div class=\"pxl-item--inner\">\r\n        \r\n                            <div class=\"pxl-item--icon\">\r\n                                    <svg xmlns=\"http:\/\/www.w3.org\/2000\/svg\" width=\"32\" height=\"32\" fill=\"#000000\" viewBox=\"0 0 256 256\"><path d=\"M168,112a8,8,0,0,1-8,8H96a8,8,0,0,1,0-16h64A8,8,0,0,1,168,112Zm-8,24H96a8,8,0,0,0,0,16h64a8,8,0,0,0,0-16Zm72-12A100.11,100.11,0,0,1,132,224H47.67A15.69,15.69,0,0,1,32,208.33V124a100,100,0,0,1,200,0Zm-16,0a84,84,0,0,0-168,0v84h84A84.09,84.09,0,0,0,216,124Z\"><\/path><\/svg>                                <\/div>\r\n                        <div class=\"pxl-item--meta\">\r\n            <p class=\"pxl-item--title el-empty\">\r\n                             <a >\r\n                        Contact                             <\/a>\r\n                        <\/p>\r\n            <div class=\"pxl-item--description el-empty\"><a href=\"mailto:centre@medicol.ch\">centre@medicol.ch<\/a><br>\n+41 21 510 33 48<\/div>\r\n        <\/div>\r\n    <\/div>\r\n<\/div>\t\t\t\t<\/div>\n\t\t\t\t<\/div>\n\t\t\t\t<div class=\"elementor-element elementor-element-8ba6f6e ft-gt elementor-widget elementor-widget-pxl_button\" data-id=\"8ba6f6e\" data-element_type=\"widget\" data-e-type=\"widget\" data-widget_type=\"pxl_button.default\">\n\t\t\t\t<div class=\"elementor-widget-container\">\n\t\t\t\t\t<div id=\"pxl-pxl_button-8ba6f6e-9066\" class=\"pxl-button pxl-atc-link \" data-wow-delay=\"ms\">\r\n    <a href=\"https:\/\/www.centre-ortho.ch\/consultation\/\" class=\"btn  btn-glossy btn-default  full pxl-icon--right\" data-wow-delay=\"ms\" data-target=\".pxl-page-popup-template-0\" target=\"_blank\" rel=\"noopener\">\r\n                    <svg xmlns=\"http:\/\/www.w3.org\/2000\/svg\" viewBox=\"0 0 24 24\" width=\"512\" style=\"transform:scalex(-1);height:auto;\" data-name=\"Layer 2\"><path d=\"m22 11h-17.586l5.293-5.293a1 1 0 1 0 -1.414-1.414l-7 7a1 1 0 0 0 0 1.414l7 7a1 1 0 0 0 1.414-1.414l-5.293-5.293h17.586a1 1 0 0 0 0-2z\"><\/path><\/svg>                        <span class=\"pxl--btn-text\" data-text=\"Prendre rendez-vous\">\r\n                        Prendre rendez-vous        <\/span>\r\n    <\/a>\r\n<\/div>\t\t\t\t<\/div>\n\t\t\t\t<\/div>\n\t\t            <\/div>\r\n        <\/div>\r\n        \t\t\t<\/div>\n\t\t<\/section>\n\t\t\t\t<\/div>\n\t\t<\/div>\n\t\t\t\t\t\t<\/div>\n\t\t            <\/div>\r\n        <\/div>\r\n        \t\t\t<\/div>\n\t\t<\/section>\n\t\t        <section class=\"elementor-section elementor-top-section elementor-element elementor-element-2b229e32 elementor-section-boxed elementor-section-height-default elementor-section-height-default pxl-row-scroll-none pxl-zoom-point-false pxl-section-overflow-visible pxl-section-fix-none pxl-bg-color-none pxl-section-overlay-none\" data-id=\"2b229e32\" data-element_type=\"section\" data-e-type=\"section\" data-settings=\"{&quot;background_background&quot;:&quot;classic&quot;}\">\n\n                \n                <div class=\"elementor-container elementor-column-gap-default \">\n                <div class=\"elementor-column elementor-col-100 elementor-top-column elementor-element elementor-element-4ed706aa pxl-column-none pxl-column-overflow-hidden-no\" data-id=\"4ed706aa\" data-element_type=\"column\" data-e-type=\"column\">\r\n        <div class=\"elementor-widget-wrap elementor-element-populated\">\r\n                     \r\n        \t\t<div class=\"elementor-element elementor-element-7ab3a91b Section_3_Titre elementor-widget elementor-widget-heading\" data-id=\"7ab3a91b\" data-element_type=\"widget\" data-e-type=\"widget\" data-settings=\"{&quot;_animation&quot;:&quot;none&quot;}\" data-widget_type=\"heading.default\">\n\t\t\t\t\t<h3 class=\"elementor-heading-title elementor-size-default\">En savoir plus en vid\u00e9os <\/h3>\t\t\t\t<\/div>\n\t\t\t\t<div class=\"elementor-element elementor-element-1e4170f Video_Associee_PAT e-tabs-view-vertical elementor-layout-end elementor-widget elementor-widget-video-playlist\" data-id=\"1e4170f\" data-element_type=\"widget\" data-e-type=\"widget\" data-settings=\"{&quot;playlist_title&quot;:&quot;Vid\\u00e9os Medicol&quot;,&quot;tabs&quot;:[{&quot;_id&quot;:&quot;b04e357&quot;,&quot;youtube_url&quot;:&quot;https:\\\/\\\/www.youtube.com\\\/watch?v=HbuyS91l_9g&quot;,&quot;vimeo_url&quot;:null,&quot;title&quot;:&quot;Les douleurs de genou en consultation - Dr Hadrien Stolz - Lunch Meeting 5 d\\u00e9cembre 2024&quot;,&quot;duration&quot;:&quot;17:46&quot;,&quot;thumbnail&quot;:{&quot;url&quot;:&quot;https:\\\/\\\/img.youtube.com\\\/vi\\\/HbuyS91l_9g\\\/maxresdefault.jpg&quot;,&quot;id&quot;:&quot;&quot;,&quot;size&quot;:&quot;&quot;},&quot;type&quot;:&quot;youtube&quot;,&quot;is_external_url&quot;:null,&quot;hosted_url&quot;:null,&quot;external_url&quot;:null,&quot;section_html_tag&quot;:null,&quot;video_html_tag&quot;:&quot;h4&quot;,&quot;inner_tab_is_content_visible&quot;:&quot;&quot;,&quot;inner_tab_content_1&quot;:null,&quot;inner_tab_content_2&quot;:null},{&quot;_id&quot;:&quot;6045ab8&quot;,&quot;youtube_url&quot;:&quot;https:\\\/\\\/www.youtube.com\\\/watch?v=MaEc0XHZl-Q&quot;,&quot;vimeo_url&quot;:null,&quot;title&quot;:&quot;Update en anesth\\u00e9sie - Dr Arnaud Poti\\u00e9 - Lunch Meeting 5 d\\u00e9cembre 2024&quot;,&quot;duration&quot;:&quot;16:25&quot;,&quot;thumbnail&quot;:{&quot;url&quot;:&quot;https:\\\/\\\/img.youtube.com\\\/vi\\\/MaEc0XHZl-Q\\\/maxresdefault.jpg&quot;,&quot;id&quot;:&quot;&quot;,&quot;size&quot;:&quot;&quot;},&quot;type&quot;:&quot;youtube&quot;,&quot;is_external_url&quot;:null,&quot;hosted_url&quot;:null,&quot;external_url&quot;:null,&quot;section_html_tag&quot;:null,&quot;video_html_tag&quot;:&quot;h4&quot;,&quot;inner_tab_is_content_visible&quot;:&quot;&quot;,&quot;inner_tab_content_1&quot;:null,&quot;inner_tab_content_2&quot;:null},{&quot;_id&quot;:&quot;adfb0d0&quot;,&quot;youtube_url&quot;:&quot;https:\\\/\\\/www.youtube.com\\\/watch?v=N5ykdJlux3Q&quot;,&quot;vimeo_url&quot;:null,&quot;title&quot;:&quot;L\\u2019antalgie du genou en radiologie interventionnelle - Prof. Theumann - Lunch Meeting 5 d\\u00e9cembre 2024&quot;,&quot;duration&quot;:&quot;26:04&quot;,&quot;thumbnail&quot;:{&quot;url&quot;:&quot;https:\\\/\\\/img.youtube.com\\\/vi\\\/N5ykdJlux3Q\\\/maxresdefault.jpg&quot;,&quot;id&quot;:&quot;&quot;,&quot;size&quot;:&quot;&quot;},&quot;type&quot;:&quot;youtube&quot;,&quot;is_external_url&quot;:null,&quot;hosted_url&quot;:null,&quot;external_url&quot;:null,&quot;section_html_tag&quot;:null,&quot;video_html_tag&quot;:&quot;h4&quot;,&quot;inner_tab_is_content_visible&quot;:&quot;&quot;,&quot;inner_tab_content_1&quot;:null,&quot;inner_tab_content_2&quot;:null},{&quot;_id&quot;:&quot;2c43ad3&quot;,&quot;youtube_url&quot;:&quot;https:\\\/\\\/www.youtube.com\\\/watch?v=GXdzPEPYRnA&quot;,&quot;vimeo_url&quot;:null,&quot;title&quot;:&quot;Emission Correlation - Le genou - Medicol&quot;,&quot;duration&quot;:&quot;12:00&quot;,&quot;thumbnail&quot;:{&quot;url&quot;:&quot;https:\\\/\\\/img.youtube.com\\\/vi\\\/GXdzPEPYRnA\\\/maxresdefault.jpg&quot;,&quot;id&quot;:&quot;&quot;,&quot;size&quot;:&quot;&quot;},&quot;type&quot;:&quot;youtube&quot;,&quot;is_external_url&quot;:null,&quot;hosted_url&quot;:null,&quot;external_url&quot;:null,&quot;section_html_tag&quot;:null,&quot;video_html_tag&quot;:&quot;h4&quot;,&quot;inner_tab_is_content_visible&quot;:&quot;&quot;,&quot;inner_tab_content_1&quot;:null,&quot;inner_tab_content_2&quot;:null},{&quot;_id&quot;:&quot;192a734&quot;,&quot;youtube_url&quot;:&quot;https:\\\/\\\/www.youtube.com\\\/watch?v=t8kjzs6USU0&quot;,&quot;vimeo_url&quot;:null,&quot;title&quot;:&quot;IRM des l\\u00e9sions m\\u00e9niscales dans les ruptures du LCA - Dr Henri Gu\\u00e9rini&quot;,&quot;duration&quot;:&quot;15:00&quot;,&quot;thumbnail&quot;:{&quot;url&quot;:&quot;https:\\\/\\\/img.youtube.com\\\/vi\\\/t8kjzs6USU0\\\/maxresdefault.jpg&quot;,&quot;id&quot;:&quot;&quot;,&quot;size&quot;:&quot;&quot;},&quot;type&quot;:&quot;youtube&quot;,&quot;is_external_url&quot;:null,&quot;hosted_url&quot;:null,&quot;external_url&quot;:null,&quot;section_html_tag&quot;:null,&quot;video_html_tag&quot;:&quot;h4&quot;,&quot;inner_tab_is_content_visible&quot;:&quot;&quot;,&quot;inner_tab_content_1&quot;:null,&quot;inner_tab_content_2&quot;:null},{&quot;_id&quot;:&quot;6d6a1f6&quot;,&quot;youtube_url&quot;:&quot;https:\\\/\\\/www.youtube.com\\\/watch?v=XWhREKSPs3o&quot;,&quot;vimeo_url&quot;:null,&quot;title&quot;:&quot;M\\u00e9nisques et ligaments crois\\u00e9s chez les sportifs de haut niveau - Dr Guillaume Demey&quot;,&quot;duration&quot;:&quot;17:07&quot;,&quot;thumbnail&quot;:{&quot;url&quot;:&quot;https:\\\/\\\/img.youtube.com\\\/vi\\\/XWhREKSPs3o\\\/maxresdefault.jpg&quot;,&quot;id&quot;:&quot;&quot;,&quot;size&quot;:&quot;&quot;},&quot;type&quot;:&quot;youtube&quot;,&quot;is_external_url&quot;:null,&quot;hosted_url&quot;:null,&quot;external_url&quot;:null,&quot;section_html_tag&quot;:null,&quot;video_html_tag&quot;:&quot;h4&quot;,&quot;inner_tab_is_content_visible&quot;:&quot;&quot;,&quot;inner_tab_content_1&quot;:null,&quot;inner_tab_content_2&quot;:null},{&quot;_id&quot;:&quot;10222e1&quot;,&quot;youtube_url&quot;:&quot;https:\\\/\\\/www.youtube.com\\\/watch?v=MvnY3U6GXRE&quot;,&quot;vimeo_url&quot;:null,&quot;title&quot;:&quot;Rupture du ligament crois\\u00e9 ant\\u00e9rieur chez l\\u2019enfant et l\\u2019adolescent - Symposium m\\u00e9dico-sportif 2024&quot;,&quot;duration&quot;:&quot;16:28&quot;,&quot;thumbnail&quot;:{&quot;url&quot;:&quot;https:\\\/\\\/img.youtube.com\\\/vi\\\/MvnY3U6GXRE\\\/maxresdefault.jpg&quot;,&quot;id&quot;:&quot;&quot;,&quot;size&quot;:&quot;&quot;},&quot;type&quot;:&quot;youtube&quot;,&quot;is_external_url&quot;:null,&quot;hosted_url&quot;:null,&quot;external_url&quot;:null,&quot;section_html_tag&quot;:null,&quot;video_html_tag&quot;:&quot;h4&quot;,&quot;inner_tab_is_content_visible&quot;:&quot;&quot;,&quot;inner_tab_content_1&quot;:null,&quot;inner_tab_content_2&quot;:null},{&quot;_id&quot;:&quot;7796a66&quot;,&quot;youtube_url&quot;:&quot;https:\\\/\\\/www.youtube.com\\\/watch?v=NxngrMF2ps4&quot;,&quot;vimeo_url&quot;:null,&quot;title&quot;:&quot;Chirurgie du genou et r\\u00e9\\u00e9ducation post-op\\u00e9ratoire: les nouveaux d\\u00e9fis&quot;,&quot;duration&quot;:&quot;1:19:31&quot;,&quot;thumbnail&quot;:{&quot;url&quot;:&quot;https:\\\/\\\/img.youtube.com\\\/vi\\\/NxngrMF2ps4\\\/maxresdefault.jpg&quot;,&quot;id&quot;:&quot;&quot;,&quot;size&quot;:&quot;&quot;},&quot;type&quot;:&quot;youtube&quot;,&quot;is_external_url&quot;:null,&quot;hosted_url&quot;:null,&quot;external_url&quot;:null,&quot;section_html_tag&quot;:null,&quot;video_html_tag&quot;:&quot;h4&quot;,&quot;inner_tab_is_content_visible&quot;:&quot;&quot;,&quot;inner_tab_content_1&quot;:null,&quot;inner_tab_content_2&quot;:null}],&quot;inner_tab_title_1&quot;:&quot;R\\u00e9sum\\u00e9&quot;,&quot;inner_tab_title_2&quot;:&quot;M\\u00e9decins &quot;,&quot;inner_tab_is_content_collapsible&quot;:&quot;collapsible&quot;,&quot;inner_tab_collapsible_height&quot;:{&quot;unit&quot;:&quot;px&quot;,&quot;size&quot;:&quot;&quot;,&quot;sizes&quot;:[]},&quot;inner_tab_collapsible_height_tablet&quot;:{&quot;unit&quot;:&quot;px&quot;,&quot;size&quot;:&quot;&quot;,&quot;sizes&quot;:[]},&quot;inner_tab_collapsible_height_mobile&quot;:{&quot;unit&quot;:&quot;px&quot;,&quot;size&quot;:&quot;&quot;,&quot;sizes&quot;:[]}}\" data-widget_type=\"video-playlist.default\">\n\t\t\t\t\t\n\t\t<div class=\"e-tabs\" role=\"region\" aria-labelledby=\"e-playlist-1e4170f\">\n\t\t\t<div class=\"e-tabs-main-area\">\n\t\t\t\t<div class=\"e-tabs-wrapper\">\n\t\t\t\t\t<div class=\"e-tabs-header\">\n\t\t\t\t\t\t<h4 class=\"e-tabs-title\" id=\"e-playlist-1e4170f\">Vid\u00e9os Medicol<\/h4>\n\t\t\t\t\t\t<div class=\"e-tabs-header-right-side\">\n\t\t\t\t\t\t\t\t\t\t\t\t\t\t\t<span class=\"e-tabs-videos-count\">8 Videos<\/span>\n\t\t\t\t\t\t\t\t\t\t\t\t\t\t<i aria-hidden=\"true\" class=\"e-tabs-toggle-videos-display-button rotate-down eicon-caret-down\"><\/i>\t\t\t\t\t\t<\/div>\n\t\t\t\t\t<\/div>\n\t\t\t\t\t<div class=\"e-tabs-items-wrapper\">\n\t\t\t\t\t\t<div class=\"e-tabs-items\" role=\"tablist\">\n\t\t\t\t\t\t\t\t\t\t\t\t\t\t\t\t\t\t\t\t\t\t\t\t<div id=\"e-tab-title-3171\" class=\"e-tab-title e-tab-desktop-title\" aria-selected=\"true\" data-tab=\"1\" role=\"tab\" tabindex=\"0\" aria-controls=\"e-tab-content-3171\">\n\t\t\t\t\t\t\t\t\t\t\t\t\t\t\t\t\t\t\t\t\t<div class=\"e-tab-thumbnail\">\n\t\t\t\t\t\t\t\t\t\t\t\t\t\t\t\t\t\t\t\t\t\t\t\t\t<img decoding=\"async\" src=\"https:\/\/img.youtube.com\/vi\/HbuyS91l_9g\/maxresdefault.jpg\" alt=\"Les douleurs de genou en consultation - Dr Hadrien Stolz - Lunch Meeting 5 d\u00e9cembre 2024\" loading=\"lazy\" \/>\n\t\t\t\t\t\t\t\t\t\t\t\t\t\t\t\t\t\t\t\t\t\t\t\t<span class=\"icon-play\"><i aria-hidden=\"true\" class=\"fas fa-play-circle\"><\/i><\/span>\n\t\t\t\t\t\t\t\t\t\t\t\t<span class=\"icon-watched\"><i aria-hidden=\"true\" class=\"fas fa-check-circle\"><\/i><\/span>\n\t\t\t\t\t\t\t\t\t\t\t<\/div>\n\t\t\t\t\t\t\t\t\t\t\t\t\t\t\t\t\t\t\t\t<h4 class=\"e-tab-title-text\">\n\t\t\t\t\t\t\t\t\t\t\t<button type=\"button\">Les douleurs de genou en consultation - Dr Hadrien Stolz - Lunch Meeting 5 d\u00e9cembre 2024<\/button>\n\t\t\t\t\t\t\t\t\t\t<\/h4>\n\t\t\t\t\t\t\t\t\t\t\t\t\t\t\t\t\t\t\t\t\t<span class=\"e-tab-duration\">17:46<\/span>\n\t\t\t\t\t\t\t\t\t\t\t\t\t\t\t\t\t\t\t<\/div>\n\t\t\t\t\t\t\t\t\t\t\t\t\t\t\t\t\t\t\t\t\t\t\t\t\t\t\t\t\t\t\t\t<div id=\"e-tab-title-3172\" class=\"e-tab-title e-tab-desktop-title\" aria-selected=\"false\" data-tab=\"2\" role=\"tab\" tabindex=\"-1\" aria-controls=\"e-tab-content-3172\">\n\t\t\t\t\t\t\t\t\t\t\t\t\t\t\t\t\t\t\t\t\t<div class=\"e-tab-thumbnail\">\n\t\t\t\t\t\t\t\t\t\t\t\t\t\t\t\t\t\t\t\t\t\t\t\t\t<img decoding=\"async\" src=\"https:\/\/img.youtube.com\/vi\/MaEc0XHZl-Q\/maxresdefault.jpg\" alt=\"Update en anesth\u00e9sie - Dr Arnaud Poti\u00e9 - Lunch Meeting 5 d\u00e9cembre 2024\" loading=\"lazy\" \/>\n\t\t\t\t\t\t\t\t\t\t\t\t\t\t\t\t\t\t\t\t\t\t\t\t<span class=\"icon-play\"><i aria-hidden=\"true\" class=\"fas fa-play-circle\"><\/i><\/span>\n\t\t\t\t\t\t\t\t\t\t\t\t<span class=\"icon-watched\"><i aria-hidden=\"true\" class=\"fas fa-check-circle\"><\/i><\/span>\n\t\t\t\t\t\t\t\t\t\t\t<\/div>\n\t\t\t\t\t\t\t\t\t\t\t\t\t\t\t\t\t\t\t\t<h4 class=\"e-tab-title-text\">\n\t\t\t\t\t\t\t\t\t\t\t<button type=\"button\">Update en anesth\u00e9sie - Dr Arnaud Poti\u00e9 - Lunch Meeting 5 d\u00e9cembre 2024<\/button>\n\t\t\t\t\t\t\t\t\t\t<\/h4>\n\t\t\t\t\t\t\t\t\t\t\t\t\t\t\t\t\t\t\t\t\t<span class=\"e-tab-duration\">16:25<\/span>\n\t\t\t\t\t\t\t\t\t\t\t\t\t\t\t\t\t\t\t<\/div>\n\t\t\t\t\t\t\t\t\t\t\t\t\t\t\t\t\t\t\t\t\t\t\t\t\t\t\t\t\t\t\t\t<div id=\"e-tab-title-3173\" class=\"e-tab-title e-tab-desktop-title\" aria-selected=\"false\" data-tab=\"3\" role=\"tab\" tabindex=\"-1\" aria-controls=\"e-tab-content-3173\">\n\t\t\t\t\t\t\t\t\t\t\t\t\t\t\t\t\t\t\t\t\t<div class=\"e-tab-thumbnail\">\n\t\t\t\t\t\t\t\t\t\t\t\t\t\t\t\t\t\t\t\t\t\t\t\t\t<img decoding=\"async\" src=\"https:\/\/img.youtube.com\/vi\/N5ykdJlux3Q\/maxresdefault.jpg\" alt=\"L\u2019antalgie du genou en radiologie interventionnelle - Prof. Theumann - Lunch Meeting 5 d\u00e9cembre 2024\" loading=\"lazy\" \/>\n\t\t\t\t\t\t\t\t\t\t\t\t\t\t\t\t\t\t\t\t\t\t\t\t<span class=\"icon-play\"><i aria-hidden=\"true\" class=\"fas fa-play-circle\"><\/i><\/span>\n\t\t\t\t\t\t\t\t\t\t\t\t<span class=\"icon-watched\"><i aria-hidden=\"true\" class=\"fas fa-check-circle\"><\/i><\/span>\n\t\t\t\t\t\t\t\t\t\t\t<\/div>\n\t\t\t\t\t\t\t\t\t\t\t\t\t\t\t\t\t\t\t\t<h4 class=\"e-tab-title-text\">\n\t\t\t\t\t\t\t\t\t\t\t<button type=\"button\">L\u2019antalgie du genou en radiologie interventionnelle - Prof. Theumann - Lunch Meeting 5 d\u00e9cembre 2024<\/button>\n\t\t\t\t\t\t\t\t\t\t<\/h4>\n\t\t\t\t\t\t\t\t\t\t\t\t\t\t\t\t\t\t\t\t\t<span class=\"e-tab-duration\">26:04<\/span>\n\t\t\t\t\t\t\t\t\t\t\t\t\t\t\t\t\t\t\t<\/div>\n\t\t\t\t\t\t\t\t\t\t\t\t\t\t\t\t\t\t\t\t\t\t\t\t\t\t\t\t\t\t\t\t<div id=\"e-tab-title-3174\" class=\"e-tab-title e-tab-desktop-title\" aria-selected=\"false\" data-tab=\"4\" role=\"tab\" tabindex=\"-1\" aria-controls=\"e-tab-content-3174\">\n\t\t\t\t\t\t\t\t\t\t\t\t\t\t\t\t\t\t\t\t\t<div class=\"e-tab-thumbnail\">\n\t\t\t\t\t\t\t\t\t\t\t\t\t\t\t\t\t\t\t\t\t\t\t\t\t<img decoding=\"async\" src=\"https:\/\/img.youtube.com\/vi\/GXdzPEPYRnA\/maxresdefault.jpg\" alt=\"Emission Correlation - Le genou - Medicol\" loading=\"lazy\" \/>\n\t\t\t\t\t\t\t\t\t\t\t\t\t\t\t\t\t\t\t\t\t\t\t\t<span class=\"icon-play\"><i aria-hidden=\"true\" class=\"fas fa-play-circle\"><\/i><\/span>\n\t\t\t\t\t\t\t\t\t\t\t\t<span class=\"icon-watched\"><i aria-hidden=\"true\" class=\"fas fa-check-circle\"><\/i><\/span>\n\t\t\t\t\t\t\t\t\t\t\t<\/div>\n\t\t\t\t\t\t\t\t\t\t\t\t\t\t\t\t\t\t\t\t<h4 class=\"e-tab-title-text\">\n\t\t\t\t\t\t\t\t\t\t\t<button type=\"button\">Emission Correlation - Le genou - Medicol<\/button>\n\t\t\t\t\t\t\t\t\t\t<\/h4>\n\t\t\t\t\t\t\t\t\t\t\t\t\t\t\t\t\t\t\t\t\t<span class=\"e-tab-duration\">12:00<\/span>\n\t\t\t\t\t\t\t\t\t\t\t\t\t\t\t\t\t\t\t<\/div>\n\t\t\t\t\t\t\t\t\t\t\t\t\t\t\t\t\t\t\t\t\t\t\t\t\t\t\t\t\t\t\t\t<div id=\"e-tab-title-3175\" class=\"e-tab-title e-tab-desktop-title\" aria-selected=\"false\" data-tab=\"5\" role=\"tab\" tabindex=\"-1\" aria-controls=\"e-tab-content-3175\">\n\t\t\t\t\t\t\t\t\t\t\t\t\t\t\t\t\t\t\t\t\t<div class=\"e-tab-thumbnail\">\n\t\t\t\t\t\t\t\t\t\t\t\t\t\t\t\t\t\t\t\t\t\t\t\t\t<img decoding=\"async\" src=\"https:\/\/img.youtube.com\/vi\/t8kjzs6USU0\/maxresdefault.jpg\" alt=\"IRM des l\u00e9sions m\u00e9niscales dans les ruptures du LCA - Dr Henri Gu\u00e9rini\" loading=\"lazy\" \/>\n\t\t\t\t\t\t\t\t\t\t\t\t\t\t\t\t\t\t\t\t\t\t\t\t<span class=\"icon-play\"><i aria-hidden=\"true\" class=\"fas fa-play-circle\"><\/i><\/span>\n\t\t\t\t\t\t\t\t\t\t\t\t<span class=\"icon-watched\"><i aria-hidden=\"true\" class=\"fas fa-check-circle\"><\/i><\/span>\n\t\t\t\t\t\t\t\t\t\t\t<\/div>\n\t\t\t\t\t\t\t\t\t\t\t\t\t\t\t\t\t\t\t\t<h4 class=\"e-tab-title-text\">\n\t\t\t\t\t\t\t\t\t\t\t<button type=\"button\">IRM des l\u00e9sions m\u00e9niscales dans les ruptures du LCA - Dr Henri Gu\u00e9rini<\/button>\n\t\t\t\t\t\t\t\t\t\t<\/h4>\n\t\t\t\t\t\t\t\t\t\t\t\t\t\t\t\t\t\t\t\t\t<span class=\"e-tab-duration\">15:00<\/span>\n\t\t\t\t\t\t\t\t\t\t\t\t\t\t\t\t\t\t\t<\/div>\n\t\t\t\t\t\t\t\t\t\t\t\t\t\t\t\t\t\t\t\t\t\t\t\t\t\t\t\t\t\t\t\t<div id=\"e-tab-title-3176\" class=\"e-tab-title e-tab-desktop-title\" aria-selected=\"false\" data-tab=\"6\" role=\"tab\" tabindex=\"-1\" aria-controls=\"e-tab-content-3176\">\n\t\t\t\t\t\t\t\t\t\t\t\t\t\t\t\t\t\t\t\t\t<div class=\"e-tab-thumbnail\">\n\t\t\t\t\t\t\t\t\t\t\t\t\t\t\t\t\t\t\t\t\t\t\t\t\t<img decoding=\"async\" src=\"https:\/\/img.youtube.com\/vi\/XWhREKSPs3o\/maxresdefault.jpg\" alt=\"M\u00e9nisques et ligaments crois\u00e9s chez les sportifs de haut niveau - Dr Guillaume Demey\" loading=\"lazy\" \/>\n\t\t\t\t\t\t\t\t\t\t\t\t\t\t\t\t\t\t\t\t\t\t\t\t<span class=\"icon-play\"><i aria-hidden=\"true\" class=\"fas fa-play-circle\"><\/i><\/span>\n\t\t\t\t\t\t\t\t\t\t\t\t<span class=\"icon-watched\"><i aria-hidden=\"true\" class=\"fas fa-check-circle\"><\/i><\/span>\n\t\t\t\t\t\t\t\t\t\t\t<\/div>\n\t\t\t\t\t\t\t\t\t\t\t\t\t\t\t\t\t\t\t\t<h4 class=\"e-tab-title-text\">\n\t\t\t\t\t\t\t\t\t\t\t<button type=\"button\">M\u00e9nisques et ligaments crois\u00e9s chez les sportifs de haut niveau - Dr Guillaume Demey<\/button>\n\t\t\t\t\t\t\t\t\t\t<\/h4>\n\t\t\t\t\t\t\t\t\t\t\t\t\t\t\t\t\t\t\t\t\t<span class=\"e-tab-duration\">17:07<\/span>\n\t\t\t\t\t\t\t\t\t\t\t\t\t\t\t\t\t\t\t<\/div>\n\t\t\t\t\t\t\t\t\t\t\t\t\t\t\t\t\t\t\t\t\t\t\t\t\t\t\t\t\t\t\t\t<div id=\"e-tab-title-3177\" class=\"e-tab-title e-tab-desktop-title\" aria-selected=\"false\" data-tab=\"7\" role=\"tab\" tabindex=\"-1\" aria-controls=\"e-tab-content-3177\">\n\t\t\t\t\t\t\t\t\t\t\t\t\t\t\t\t\t\t\t\t\t<div class=\"e-tab-thumbnail\">\n\t\t\t\t\t\t\t\t\t\t\t\t\t\t\t\t\t\t\t\t\t\t\t\t\t<img decoding=\"async\" src=\"https:\/\/img.youtube.com\/vi\/MvnY3U6GXRE\/maxresdefault.jpg\" alt=\"Rupture du ligament crois\u00e9 ant\u00e9rieur chez l\u2019enfant et l\u2019adolescent - Symposium m\u00e9dico-sportif 2024\" loading=\"lazy\" \/>\n\t\t\t\t\t\t\t\t\t\t\t\t\t\t\t\t\t\t\t\t\t\t\t\t<span class=\"icon-play\"><i aria-hidden=\"true\" class=\"fas fa-play-circle\"><\/i><\/span>\n\t\t\t\t\t\t\t\t\t\t\t\t<span class=\"icon-watched\"><i aria-hidden=\"true\" class=\"fas fa-check-circle\"><\/i><\/span>\n\t\t\t\t\t\t\t\t\t\t\t<\/div>\n\t\t\t\t\t\t\t\t\t\t\t\t\t\t\t\t\t\t\t\t<h4 class=\"e-tab-title-text\">\n\t\t\t\t\t\t\t\t\t\t\t<button type=\"button\">Rupture du ligament crois\u00e9 ant\u00e9rieur chez l\u2019enfant et l\u2019adolescent - Symposium m\u00e9dico-sportif 2024<\/button>\n\t\t\t\t\t\t\t\t\t\t<\/h4>\n\t\t\t\t\t\t\t\t\t\t\t\t\t\t\t\t\t\t\t\t\t<span class=\"e-tab-duration\">16:28<\/span>\n\t\t\t\t\t\t\t\t\t\t\t\t\t\t\t\t\t\t\t<\/div>\n\t\t\t\t\t\t\t\t\t\t\t\t\t\t\t\t\t\t\t\t\t\t\t\t\t\t\t\t\t\t\t\t<div id=\"e-tab-title-3178\" class=\"e-tab-title e-tab-desktop-title\" aria-selected=\"false\" data-tab=\"8\" role=\"tab\" tabindex=\"-1\" aria-controls=\"e-tab-content-3178\">\n\t\t\t\t\t\t\t\t\t\t\t\t\t\t\t\t\t\t\t\t\t<div class=\"e-tab-thumbnail\">\n\t\t\t\t\t\t\t\t\t\t\t\t\t\t\t\t\t\t\t\t\t\t\t\t\t<img decoding=\"async\" src=\"https:\/\/img.youtube.com\/vi\/NxngrMF2ps4\/maxresdefault.jpg\" alt=\"Chirurgie du genou et r\u00e9\u00e9ducation post-op\u00e9ratoire: les nouveaux d\u00e9fis\" loading=\"lazy\" \/>\n\t\t\t\t\t\t\t\t\t\t\t\t\t\t\t\t\t\t\t\t\t\t\t\t<span class=\"icon-play\"><i aria-hidden=\"true\" class=\"fas fa-play-circle\"><\/i><\/span>\n\t\t\t\t\t\t\t\t\t\t\t\t<span class=\"icon-watched\"><i aria-hidden=\"true\" class=\"fas fa-check-circle\"><\/i><\/span>\n\t\t\t\t\t\t\t\t\t\t\t<\/div>\n\t\t\t\t\t\t\t\t\t\t\t\t\t\t\t\t\t\t\t\t<h4 class=\"e-tab-title-text\">\n\t\t\t\t\t\t\t\t\t\t\t<button type=\"button\">Chirurgie du genou et r\u00e9\u00e9ducation post-op\u00e9ratoire: les nouveaux d\u00e9fis<\/button>\n\t\t\t\t\t\t\t\t\t\t<\/h4>\n\t\t\t\t\t\t\t\t\t\t\t\t\t\t\t\t\t\t\t\t\t<span class=\"e-tab-duration\">1:19:31<\/span>\n\t\t\t\t\t\t\t\t\t\t\t\t\t\t\t\t\t\t\t<\/div>\n\t\t\t\t\t\t\t\t\t\t\t\t\t\t\t\t\t\t\t\t\t<\/div>\n\t\t\t\t\t\t<div class=\"shadow shadow-top\" aria-hidden=\"true\"><\/div>\n\t\t\t\t\t\t<div class=\"shadow shadow-bottom\" aria-hidden=\"true\"><\/div>\n\t\t\t\t\t<\/div>\n\t\t\t\t<\/div>\n\n\t\t\t\t<div class=\"e-tabs-content-wrapper\" role=\"tablist\" aria-orientation=\"vertical\">\n\t\t\t\t\t\t\t\t\t\t\t<div id=\"e-tab-content-3171\" class=\"e-tab-content elementor-clearfix\" data-tab=\"1\" role=\"tabpanel\" aria-labelledby=\"e-tab-title-3171\" tabindex=\"0\" data-video-url=\"https:\/\/www.youtube.com\/watch?v=HbuyS91l_9g\" data-video-type=\"youtube\" data-video-title=\"Les douleurs de genou en consultation - Dr Hadrien Stolz - Lunch Meeting 5 d\u00e9cembre 2024\" data-video-duration=\"17:46\">\n\t\t\t\t\t\t\t<div><\/div>\n\t\t\t\t\t\t\t\t\t\t\t\t\t<\/div>\n\t\t\t\t\t\t\t\t\t\t\t<div id=\"e-tab-content-3172\" class=\"e-tab-content elementor-clearfix\" data-tab=\"2\" role=\"tabpanel\" aria-labelledby=\"e-tab-title-3172\" tabindex=\"0\" data-video-url=\"https:\/\/www.youtube.com\/watch?v=MaEc0XHZl-Q\" data-video-type=\"youtube\" data-video-title=\"Update en anesth\u00e9sie - Dr Arnaud Poti\u00e9 - Lunch Meeting 5 d\u00e9cembre 2024\" data-video-duration=\"16:25\" hidden=\"hidden\">\n\t\t\t\t\t\t\t<div><\/div>\n\t\t\t\t\t\t\t\t\t\t\t\t\t<\/div>\n\t\t\t\t\t\t\t\t\t\t\t<div id=\"e-tab-content-3173\" class=\"e-tab-content elementor-clearfix\" data-tab=\"3\" role=\"tabpanel\" aria-labelledby=\"e-tab-title-3173\" tabindex=\"0\" data-video-url=\"https:\/\/www.youtube.com\/watch?v=N5ykdJlux3Q\" data-video-type=\"youtube\" data-video-title=\"L\u2019antalgie du genou en radiologie interventionnelle - Prof. Theumann - Lunch Meeting 5 d\u00e9cembre 2024\" data-video-duration=\"26:04\" hidden=\"hidden\">\n\t\t\t\t\t\t\t<div><\/div>\n\t\t\t\t\t\t\t\t\t\t\t\t\t<\/div>\n\t\t\t\t\t\t\t\t\t\t\t<div id=\"e-tab-content-3174\" class=\"e-tab-content elementor-clearfix\" data-tab=\"4\" role=\"tabpanel\" aria-labelledby=\"e-tab-title-3174\" tabindex=\"0\" data-video-url=\"https:\/\/www.youtube.com\/watch?v=GXdzPEPYRnA\" data-video-type=\"youtube\" data-video-title=\"Emission Correlation - Le genou - Medicol\" data-video-duration=\"12:00\" hidden=\"hidden\">\n\t\t\t\t\t\t\t<div><\/div>\n\t\t\t\t\t\t\t\t\t\t\t\t\t<\/div>\n\t\t\t\t\t\t\t\t\t\t\t<div id=\"e-tab-content-3175\" class=\"e-tab-content elementor-clearfix\" data-tab=\"5\" role=\"tabpanel\" aria-labelledby=\"e-tab-title-3175\" tabindex=\"0\" data-video-url=\"https:\/\/www.youtube.com\/watch?v=t8kjzs6USU0\" data-video-type=\"youtube\" data-video-title=\"IRM des l\u00e9sions m\u00e9niscales dans les ruptures du LCA - Dr Henri Gu\u00e9rini\" data-video-duration=\"15:00\" hidden=\"hidden\">\n\t\t\t\t\t\t\t<div><\/div>\n\t\t\t\t\t\t\t\t\t\t\t\t\t<\/div>\n\t\t\t\t\t\t\t\t\t\t\t<div id=\"e-tab-content-3176\" class=\"e-tab-content elementor-clearfix\" data-tab=\"6\" role=\"tabpanel\" aria-labelledby=\"e-tab-title-3176\" tabindex=\"0\" data-video-url=\"https:\/\/www.youtube.com\/watch?v=XWhREKSPs3o\" data-video-type=\"youtube\" data-video-title=\"M\u00e9nisques et ligaments crois\u00e9s chez les sportifs de haut niveau - Dr Guillaume Demey\" data-video-duration=\"17:07\" hidden=\"hidden\">\n\t\t\t\t\t\t\t<div><\/div>\n\t\t\t\t\t\t\t\t\t\t\t\t\t<\/div>\n\t\t\t\t\t\t\t\t\t\t\t<div id=\"e-tab-content-3177\" class=\"e-tab-content elementor-clearfix\" data-tab=\"7\" role=\"tabpanel\" aria-labelledby=\"e-tab-title-3177\" tabindex=\"0\" data-video-url=\"https:\/\/www.youtube.com\/watch?v=MvnY3U6GXRE\" data-video-type=\"youtube\" data-video-title=\"Rupture du ligament crois\u00e9 ant\u00e9rieur chez l\u2019enfant et l\u2019adolescent - Symposium m\u00e9dico-sportif 2024\" data-video-duration=\"16:28\" hidden=\"hidden\">\n\t\t\t\t\t\t\t<div><\/div>\n\t\t\t\t\t\t\t\t\t\t\t\t\t<\/div>\n\t\t\t\t\t\t\t\t\t\t\t<div id=\"e-tab-content-3178\" class=\"e-tab-content elementor-clearfix\" data-tab=\"8\" role=\"tabpanel\" aria-labelledby=\"e-tab-title-3178\" tabindex=\"0\" data-video-url=\"https:\/\/www.youtube.com\/watch?v=NxngrMF2ps4\" data-video-type=\"youtube\" data-video-title=\"Chirurgie du genou et r\u00e9\u00e9ducation post-op\u00e9ratoire: les nouveaux d\u00e9fis\" data-video-duration=\"1:19:31\" hidden=\"hidden\">\n\t\t\t\t\t\t\t<div><\/div>\n\t\t\t\t\t\t\t\t\t\t\t\t\t<\/div>\n\t\t\t\t\t\t\t\t\t<\/div>\n\t\t\t<\/div>\n\n\t\t\t<div class=\"e-tabs-inner-tabs\" >\n\t\t\t\t\t\t\t\t\t\t\t\t\t\t\t\t\t\t\t\t\t\t\t\t\t\t\t\t\t\t\t\t\t\t\t\t\t\t\t\t\t\t\t\t\t\t\t\t\t\t\t\t\t\t\t\t\t\t\t\t\t\t\t\t\t\t\t\t\t\t\t\t\t\t\t\t\t\t\t<\/div>\n\t\t<\/div>\n\t\t\t\t\t\t<\/div>\n\t\t            <\/div>\r\n        <\/div>\r\n        \t\t\t<\/div>\n\t\t<\/section>\n\t\t        <section class=\"elementor-section elementor-top-section elementor-element elementor-element-359dc76e elementor-section-boxed elementor-section-height-default elementor-section-height-default pxl-row-scroll-none pxl-zoom-point-false pxl-section-overflow-visible pxl-section-fix-none pxl-bg-color-none pxl-section-overlay-none\" data-id=\"359dc76e\" data-element_type=\"section\" data-e-type=\"section\" data-settings=\"{&quot;background_background&quot;:&quot;classic&quot;}\">\n\n                \n                <div class=\"elementor-container elementor-column-gap-default \">\n                <div class=\"elementor-column elementor-col-100 elementor-top-column elementor-element elementor-element-75b9cd74 pxl-column-none pxl-column-overflow-hidden-no\" data-id=\"75b9cd74\" data-element_type=\"column\" data-e-type=\"column\">\r\n        <div class=\"elementor-widget-wrap elementor-element-populated\">\r\n                     \r\n        \t\t<div class=\"elementor-element elementor-element-4ae613dd Section_3_Titre elementor-widget elementor-widget-heading\" data-id=\"4ae613dd\" data-element_type=\"widget\" data-e-type=\"widget\" data-settings=\"{&quot;_animation&quot;:&quot;none&quot;}\" data-widget_type=\"heading.default\">\n\t\t\t\t\t<h3 class=\"elementor-heading-title elementor-size-default\">Contacter un de nos sp\u00e9cialistes sur le sujet<\/h3>\t\t\t\t<\/div>\n\t\t\t\t<div class=\"elementor-element elementor-element-490b161 elementor-widget elementor-widget-shortcode\" data-id=\"490b161\" data-element_type=\"widget\" data-e-type=\"widget\" data-widget_type=\"shortcode.default\">\n\t\t\t\t\t\t\t<div class=\"elementor-shortcode\">\t\t<div data-elementor-type=\"section\" data-elementor-id=\"27830\" class=\"elementor elementor-27830\" data-elementor-post-type=\"elementor_library\">\n\t\t\t        <section class=\"elementor-section elementor-inner-section elementor-element elementor-element-40d3f010 elementor-section-boxed elementor-section-height-default elementor-section-height-default pxl-row-scroll-none pxl-zoom-point-false pxl-section-overflow-visible pxl-section-fix-none pxl-bg-color-none pxl-section-overlay-none\" data-id=\"40d3f010\" data-element_type=\"section\" data-e-type=\"section\" data-settings=\"{&quot;background_background&quot;:&quot;classic&quot;}\" style=\"padding-left: calc( (100% - 1310px)\/2);\">\n\n                \n                <div class=\"elementor-container elementor-column-gap-default \">\n                <div class=\"elementor-column elementor-col-50 elementor-inner-column elementor-element elementor-element-bc1b4d4 pxl-column-none pxl-column-overflow-hidden-no\" data-id=\"bc1b4d4\" data-element_type=\"column\" data-e-type=\"column\" data-settings=\"{&quot;background_background&quot;:&quot;classic&quot;}\">\r\n        <div class=\"elementor-widget-wrap elementor-element-populated\">\r\n                     \r\n        \t\t<div class=\"elementor-element elementor-element-7dbd93ba elementor-widget elementor-widget-pxl_heading\" data-id=\"7dbd93ba\" data-element_type=\"widget\" data-e-type=\"widget\" data-widget_type=\"pxl_heading.default\">\n\t\t\t\t<div class=\"elementor-widget-container\">\n\t\t\t\t\t\n<div id=\"pxl-pxl_heading-7dbd93ba-7906\" class=\"pxl-heading px-sub-title-default-style \">\n\t<div class=\"pxl-heading--inner\">\n\t\t\n\t\t<h3 class=\"pxl-item--title style-default  highlight-default \" data-wow-delay=\"ms\">\n\t\t\t\t\tCentre Orthop\u00e9dique d&#8217;Ouchy\t\n\t\t\t\n\t\t<\/h3>\n\t\t\n\t<\/div>\n<\/div>\t\t\t\t<\/div>\n\t\t\t\t<\/div>\n\t\t\t\t<div class=\"elementor-element elementor-element-5cc4b9e1 elementor-widget elementor-widget-pxl_text_editor\" data-id=\"5cc4b9e1\" data-element_type=\"widget\" data-e-type=\"widget\" data-widget_type=\"pxl_text_editor.default\">\n\t\t\t\t<div class=\"elementor-widget-container\">\n\t\t\t\t\t<div class=\"pxl-text-editor default\">\n\t<div class=\"pxl-item--inner  \" data-wow-delay=\"ms\">\n\t\t<p>Consultations m\u00e9dicales sp\u00e9cialis\u00e9es en orthop\u00e9die et traumatologie au coeur de Lausanne<\/p>\t\t\n\t<\/div>\n<\/div>\t\t\t\t<\/div>\n\t\t\t\t<\/div>\n\t\t<div class=\"elementor-element elementor-element-68d8235b e-flex e-con-boxed e-con e-parent \" data-id=\"68d8235b\" data-element_type=\"container\" data-e-type=\"container\">\t\t\t<div class=\"e-con-inner\">\r\n\t\t\t\t<div class=\"elementor-element elementor-element-659288b4 elementor-align-left ft-gt  elementor-widget__width-auto elementor-widget elementor-widget-pxl_button\" data-id=\"659288b4\" data-element_type=\"widget\" data-e-type=\"widget\" data-widget_type=\"pxl_button.default\">\n\t\t\t\t<div class=\"elementor-widget-container\">\n\t\t\t\t\t<div id=\"pxl-pxl_button-659288b4-4144\" class=\"pxl-button pxl-atc-link \" data-wow-delay=\"ms\">\r\n    <a href=\"tel:+41215103348\" class=\"btn  btn-glossy btn-default  inline pxl-icon--left\" data-wow-delay=\"ms\" data-target=\".pxl-page-popup-template-0\">\r\n                    <i aria-hidden=\"true\" class=\"fas fa-phone-alt\"><\/i>                        <span class=\"pxl--btn-text\" data-text=\"+41 21 510 33 48\">\r\n                        +41 21 510 33 48        <\/span>\r\n    <\/a>\r\n<\/div>\t\t\t\t<\/div>\n\t\t\t\t<\/div>\n\t\t\t\t<div class=\"elementor-element elementor-element-29264382 elementor-align-left ft-gt  elementor-widget__width-auto elementor-widget elementor-widget-pxl_button\" data-id=\"29264382\" data-element_type=\"widget\" data-e-type=\"widget\" data-widget_type=\"pxl_button.default\">\n\t\t\t\t<div class=\"elementor-widget-container\">\n\t\t\t\t\t<div id=\"pxl-pxl_button-29264382-9833\" class=\"pxl-button pxl-atc-link \" data-wow-delay=\"ms\">\r\n    <a href=\"\/service\/centre-de-formation\/\" class=\"btn  btn-glossy btn-default  inline pxl-icon--right\" data-wow-delay=\"ms\" data-target=\".pxl-page-popup-template-0\">\r\n                    <i aria-hidden=\"true\" class=\"flaticon flaticon-next\"><\/i>                        <span class=\"pxl--btn-text\" data-text=\"En savoir plus\">\r\n                        En savoir plus        <\/span>\r\n    <\/a>\r\n<\/div>\t\t\t\t<\/div>\n\t\t\t\t<\/div>\n\t\t\t\t\t<\/div>\r\n\t\t\t\t<\/div>\r\n\t\t            <\/div>\r\n        <\/div>\r\n                <div class=\"elementor-column elementor-col-50 elementor-inner-column elementor-element elementor-element-ee3b29c pxl-column-none pxl-column-overflow-hidden-no\" data-id=\"ee3b29c\" data-element_type=\"column\" data-e-type=\"column\">\r\n        <div class=\"elementor-widget-wrap\">\r\n                     \r\n                    <\/div>\r\n        <\/div>\r\n        \t\t\t<\/div>\n\t\t<\/section>\n\t\t\t\t<\/div>\n\t\t<\/div>\n\t\t\t\t\t\t<\/div>\n\t\t            <\/div>\r\n        <\/div>\r\n        \t\t\t<\/div>\n\t\t<\/section>\n\t\t\t\t<\/div>\n\t\t","protected":false},"excerpt":{"rendered":"<p>Accueil L\u00e9sions des ligaments ##Zone_anatomique## Introduction Le genou englobe deux articulations distinctes: une articulation condylienne \u00abportante\u00bb constitu\u00e9e par le f\u00e9mur et le tibia divis\u00e9e en deux compartiments interne et externe et une articulation trochl\u00e9enne constitu\u00e9e par la rotule et le f\u00e9mur, la rotule \u00e9tant ce qu\u2019on appelle un os s\u00e9samo\u00efde soit un os inclus dans [&hellip;]<\/p>\n","protected":false},"author":1,"featured_media":12633,"parent":0,"menu_order":11,"comment_status":"closed","ping_status":"closed","template":"","meta":{"_acf_changed":false,"inline_featured_image":false,"footnotes":""},"categories":[1,88],"tags":[],"class_list":["post-25762","page","type-page","status-publish","has-post-thumbnail","hentry","category-genou","category-lesions-des-ligaments"],"acf":[],"_links":{"self":[{"href":"https:\/\/template2.orthopediste-lausanne.ch\/en\/wp-json\/wp\/v2\/pages\/25762","targetHints":{"allow":["GET"]}}],"collection":[{"href":"https:\/\/template2.orthopediste-lausanne.ch\/en\/wp-json\/wp\/v2\/pages"}],"about":[{"href":"https:\/\/template2.orthopediste-lausanne.ch\/en\/wp-json\/wp\/v2\/types\/page"}],"author":[{"embeddable":true,"href":"https:\/\/template2.orthopediste-lausanne.ch\/en\/wp-json\/wp\/v2\/users\/1"}],"replies":[{"embeddable":true,"href":"https:\/\/template2.orthopediste-lausanne.ch\/en\/wp-json\/wp\/v2\/comments?post=25762"}],"version-history":[{"count":0,"href":"https:\/\/template2.orthopediste-lausanne.ch\/en\/wp-json\/wp\/v2\/pages\/25762\/revisions"}],"wp:featuredmedia":[{"embeddable":true,"href":"https:\/\/template2.orthopediste-lausanne.ch\/en\/wp-json\/wp\/v2\/media\/12633"}],"wp:attachment":[{"href":"https:\/\/template2.orthopediste-lausanne.ch\/en\/wp-json\/wp\/v2\/media?parent=25762"}],"wp:term":[{"taxonomy":"category","embeddable":true,"href":"https:\/\/template2.orthopediste-lausanne.ch\/en\/wp-json\/wp\/v2\/categories?post=25762"},{"taxonomy":"post_tag","embeddable":true,"href":"https:\/\/template2.orthopediste-lausanne.ch\/en\/wp-json\/wp\/v2\/tags?post=25762"}],"curies":[{"name":"wp","href":"https:\/\/api.w.org\/{rel}","templated":true}]}}